{"id":142144,"date":"2022-04-20T15:15:28","date_gmt":"2022-04-20T18:15:28","guid":{"rendered":"https:\/\/sme.goiania.go.gov.br\/conexaoescola\/?post_type=ensino_fundamental&#038;p=142144"},"modified":"2024-03-11T10:29:25","modified_gmt":"2024-03-11T13:29:25","slug":"lingua-portuguesa-o-genero-artigo-de-opiniao","status":"publish","type":"ensino_fundamental","link":"https:\/\/sme.goiania.go.gov.br\/conexaoescola\/ensino_fundamental\/lingua-portuguesa-o-genero-artigo-de-opiniao\/","title":{"rendered":"L\u00edngua Portuguesa &#8211; O g\u00eanero artigo de opini\u00e3o"},"content":{"rendered":"\n<p class=\"has-black-color has-text-color has-background has-medium-font-size\" style=\"background-color:#fcb481\">Esta atividade de<strong>\u00a0L\u00edngua Portuguesa<\/strong>\u00a0tem como base as sequ\u00eancias did\u00e1ticas propostas pelo\u00a0<strong>Programa Aprender Sempre<\/strong>, da SME-Goi\u00e2nia, com base no DC\/GO \u2013 Ampliado e est\u00e1 destinada a estudantes do\u00a0<strong>9\u00ba ano\u00a0do Ensino Fundamental<\/strong>. <\/p>\n\n\n\n<div class=\"wp-block-buttons is-content-justification-center is-layout-flex wp-container-core-buttons-is-layout-16018d1d wp-block-buttons-is-layout-flex\">\n<div class=\"wp-block-button\"><a class=\"wp-block-button__link wp-element-button\" href=\"https:\/\/drive.google.com\/uc?export=download&amp;id=1xe-Lj3lk487y4YaqltZhbnGGIG4nh2wp\" target=\"_blank\" rel=\"noreferrer noopener\">BAIXE A ATIVIDADE<\/a><\/div>\n\n\n\n<div class=\"wp-block-button\"><a class=\"wp-block-button__link wp-element-button\" href=\"https:\/\/drive.google.com\/uc?export=download&amp;id=1QFesg-gKL3cuyKKbA0Y2PIoHcPCucXh5\" target=\"_blank\" rel=\"noreferrer noopener\">BAIXE OS SLIDES<\/a><\/div>\n\n\n\n<div class=\"wp-block-button\"><a class=\"wp-block-button__link wp-element-button\" href=\"https:\/\/drive.google.com\/uc?export=download&amp;id=1rBpPrB8DcGZhKLIQx8K91FvkwJTpPpvL\" target=\"_blank\" rel=\"noreferrer noopener\">BAIXE O TEXTO<\/a><\/div>\n<\/div>\n\n\n\n<p><\/p>\n\n\n\n<figure class=\"wp-block-image size-large\"><img fetchpriority=\"high\" decoding=\"async\" width=\"1024\" height=\"683\" src=\"https:\/\/sme.goiania.go.gov.br\/conexaoescola\/wp-content\/uploads\/2022\/04\/newspapers-g418eca270_1920-e1650478092676-1024x683.jpg\" alt=\"\" class=\"wp-image-142145\" srcset=\"https:\/\/sme.goiania.go.gov.br\/conexaoescola\/wp-content\/uploads\/2022\/04\/newspapers-g418eca270_1920-e1650478092676-1024x683.jpg 1024w, https:\/\/sme.goiania.go.gov.br\/conexaoescola\/wp-content\/uploads\/2022\/04\/newspapers-g418eca270_1920-e1650478092676-300x200.jpg 300w, https:\/\/sme.goiania.go.gov.br\/conexaoescola\/wp-content\/uploads\/2022\/04\/newspapers-g418eca270_1920-e1650478092676-768x512.jpg 768w, https:\/\/sme.goiania.go.gov.br\/conexaoescola\/wp-content\/uploads\/2022\/04\/newspapers-g418eca270_1920-e1650478092676-1536x1024.jpg 1536w, https:\/\/sme.goiania.go.gov.br\/conexaoescola\/wp-content\/uploads\/2022\/04\/newspapers-g418eca270_1920-e1650478092676.jpg 1920w\" sizes=\"(max-width: 1024px) 100vw, 1024px\" \/><figcaption class=\"wp-element-caption\">Dispon\u00edvel em: &lt;<a href=\"https:\/\/pixabay.com\/images\/id-4565916\/\">https:\/\/pixabay.com\/images\/id-4565916\/<\/a>&gt; Acesso em: 04, abr. 22<br><\/figcaption><\/figure>\n\n\n\n<p class=\"has-black-color has-text-color has-medium-font-size\">O <strong>artigo de opini\u00e3o<\/strong> \u00e9 um dos g\u00eaneros argumentativos mais comuns na esfera social. Geralmente, \u00e9 publicado em jornais, revistas e blogs. Sua fun\u00e7\u00e3o consiste em apresentar e defender um ponto de vista sobre algum assunto relevante para a sociedade. Com uma estrutura relativamente simples, nesse g\u00eanero textual, o autor apresenta um ponto de vista (que pode ser dissertado na primeira pessoa) a respeito de um assunto relevante na sociedade, que chamamos de tese, e argumentos que a sustentam.<\/p>\n\n\n\n<p class=\"has-text-align-center has-black-color has-text-color has-background has-medium-font-size\" style=\"background-color:#fcb481\"><strong>Estrutura composicional do artigo de opini\u00e3o<\/strong><\/p>\n\n\n\n<p class=\"has-black-color has-text-color has-medium-font-size\"><strong>Introdu\u00e7\u00e3o:<\/strong> o autor apresenta o tema abordado e expressa um ponto de vista sobre ele; geralmente, \u00e9 uma quest\u00e3o pol\u00eamica ou discut\u00edvel na qual os argumentos mobilizados a ela se associam. O ponto de vista \u00e9 um posicionamento pr\u00f3prio do autor sobre o tema abordado, \u00e9 a ideia que ele defende. Esse ponto de vista \u00e9 tamb\u00e9m chamado de tese. Nem sempre a tese ou o ponto de vista est\u00e3o expl\u00edcitos, muitas vezes faz-se necess\u00e1rio recuper\u00e1-los no texto.&nbsp;<\/p>\n\n\n\n<p class=\"has-black-color has-text-color has-medium-font-size\"><strong>Desenvolvimento:<\/strong><strong> <\/strong>&nbsp;o autor apresenta argumentos (dados estat\u00edsticos, relatos, descri\u00e7\u00e3o de cenas do cotidiano, discurso de especialistas, contra-argumentos &#8211; a partir de concess\u00f5es ou ideias contr\u00e1rias, entre outros) para sustentar o ponto de vista defendido na introdu\u00e7\u00e3o. \u00c9 comum encontrar tamb\u00e9m pontos de vista do autor em rela\u00e7\u00e3o aos argumentos mobilizados. A ideia \u00e9 que em cada par\u00e1grafo um argumento seja desenvolvido.<\/p>\n\n\n\n<p class=\"has-black-color has-text-color has-medium-font-size\"><strong>Conclus\u00e3o:<\/strong><strong> <\/strong>o autor<strong> <\/strong>conclui as ideias, o racioc\u00ednio. Geralmente, nesta parte, apresenta-se uma s\u00edntese geral do assunto ou sugest\u00f5es para resolver alguns problemas discutidos ao longo do texto, respondendo \u00e0s quest\u00f5es: O que fazer? Quem vai fazer? Como fazer? Para que fazer?<\/p>\n\n\n\n<p class=\"has-black-color has-text-color has-medium-font-size\">Depois de ler essas caracter\u00edsticas sobre o artigo de opini\u00e3o, que tal come\u00e7ar a produzir um, para refletir sobre sua estrutura composicional e sua import\u00e2ncia na sociedade?<\/p>\n\n\n\n<p class=\"has-text-align-center has-black-color has-text-color has-background has-medium-font-size\" style=\"background-color:#fcb481\">Assista \u00e0 videoaula do professor Marlon Santos com essa tem\u00e1tica.<\/p>\n\n\n\n<figure class=\"wp-block-embed is-type-video is-provider-youtube wp-block-embed-youtube wp-embed-aspect-16-9 wp-has-aspect-ratio\"><div class=\"wp-block-embed__wrapper\">\n<p class=\"responsive-video-wrap clr\"><iframe title=\"Aprender Sempre - L\u00edngua Portuguesa - 9\u00ba Ano - 2\u00ba Bim - Videoaula 2 - O g\u00eanero artigo de opini\u00e3o\" width=\"1200\" height=\"675\" src=\"https:\/\/www.youtube.com\/embed\/ShN1YYIdF2Q?feature=oembed\" frameborder=\"0\" allow=\"accelerometer; autoplay; clipboard-write; encrypted-media; gyroscope; picture-in-picture; web-share\" allowfullscreen><\/iframe><\/p>\n<\/div><figcaption class=\"wp-element-caption\">Canal Portal Conex\u00e3o Escola &#8211; 9\u00ba ano &#8211; L\u00edngua Portuguesa &#8211; Aprender Sempre &#8211; 2\u00ba Bi Videoaula 2 &#8211; O G\u00caNERO ARTIGO DE OPINI\u00c3O &#8211; Dispon\u00edvel em: &lt;https:\/\/www.youtube.com\/watch?v=ShN1YYIdF2Q&gt; Acesso em: 02, mai. 2022<\/figcaption><\/figure>\n\n\n\n<p class=\"has-text-align-center has-black-color has-text-color has-background has-medium-font-size\" style=\"background-color:#e0e0e0\"><strong>Vamos responder algumas quest\u00f5es?<\/strong><\/p>\n\n\n\n<p class=\"has-text-align-center has-black-color has-text-color has-background has-medium-font-size\" style=\"background-color:#fcb481\"><strong>Leia o artigo de opini\u00e3o a seguir para responder \u00e0s quest\u00f5es 1 a 4.<\/strong><\/p>\n\n\n\n<p class=\"has-black-color has-text-color has-medium-font-size\"><strong>T\u00edtulo<\/strong>: Protestos \u201cBlack lives matter\u201d e outras manifesta\u00e7\u00f5es contra o racismo sist\u00eamico e a brutalidade policial<\/p>\n\n\n\n<p class=\"has-black-color has-text-color has-medium-font-size\"><strong>Tema<\/strong>: Racismo e viol\u00eancia policial<\/p>\n\n\n\n<p class=\"has-black-color has-text-color has-medium-font-size\"><em>Como l\u00edderes africanos nas Na\u00e7\u00f5es Unidas, as \u00faltimas semanas de protestos pelo assassinato de George Floyd sob cust\u00f3dia policial deixaram-nos indignados com a injusti\u00e7a da pr\u00e1tica do racismo que continua difundida em nosso pa\u00eds anfitri\u00e3o e em todo o mundo.<\/em><\/p>\n\n\n\n<p class=\"has-black-color has-text-color has-medium-font-size\"><em>Jamais haver\u00e1 palavras para descrever o profundo trauma e o sofrimento intergeracional que resultaram da injusti\u00e7a racial perpetrada ao longo dos s\u00e9culos, particularmente contra pessoas de ascend\u00eancia africana. Apenas condenar express\u00f5es e atos de racismo n\u00e3o \u00e9 suficiente.<\/em><\/p>\n\n\n\n<p class=\"has-black-color has-text-color has-medium-font-size\"><em>O secret\u00e1rio-geral das Na\u00e7\u00f5es Unidas,&nbsp;Ant\u00f3nio&nbsp;Guterres, afirmou que \u201cprecisamos al\u00e7ar a voz contra todas as express\u00f5es de racismo e casos de comportamento racista\u201d. Ap\u00f3s o assassinato do senhor George&nbsp;Floyd, o grito &#8216;Black&nbsp;Lives&nbsp;Matter&#8217; [Vidas de pessoas negras importam] que ecoou nos Estados Unidos e em todo o mundo&nbsp;\u00e9 mais que um&nbsp;slogan. Realmente, eles n\u00e3o s\u00e3o apenas importantes, mas s\u00e3o essenciais para o cumprimento de nossa dignidade humana comum.<\/em><\/p>\n\n\n\n<p class=\"has-black-color has-text-color has-medium-font-size\">Trecho de artigo de opini\u00e3o assinado por v\u00e1rios altos funcion\u00e1rios africanos da Organiza\u00e7\u00e3o das Na\u00e7\u00f5es Unidas (ONU). Publicado em <em>ONU News<\/em>, 15\/06\/2020.<\/p>\n\n\n\n<p class=\"has-text-align-right has-black-color has-text-color has-small-font-size\">Dispon\u00edvel em: &lt;<a href=\"https:\/\/www.significados.com.br\/exemplos-de-artigo-de-opiniao\/\">https:\/\/www.significados.com.br\/exemplos-de-artigo-de-opiniao\/<\/a>&gt; Acesso em: 04, abr. 22<\/p>\n\n\n\n<p class=\"has-black-color has-text-color has-medium-font-size\">O artigo de opini\u00e3o que voc\u00ea acabou de ler aborda o tema <strong>racismo e viol\u00eancia<\/strong> <strong>policial<\/strong>. Partindo deste tema e deste texto, considere os seguintes passos:<\/p>\n\n\n\n<p class=\"has-black-color has-text-color has-background has-medium-font-size\" style=\"background-color:#e0e0e0\"><strong>QUEST\u00c3O 1<\/strong><\/p>\n\n\n\n<p class=\"has-black-color has-text-color has-medium-font-size\">Pesquise outros textos na internet que abordam a mesma tem\u00e1tica e fa\u00e7a a leitura deles. <\/p>\n\n\n\n<p class=\"has-black-color has-text-color has-background has-medium-font-size\" style=\"background-color:#e0e0e0\"><strong>QUEST\u00c3O 2 <\/strong><\/p>\n\n\n\n<p class=\"has-black-color has-text-color has-medium-font-size\">Na sequ\u00eancia, debata sobre o assunto com outros colegas. Ou\u00e7a as opini\u00f5es e os argumentos apresentados. Se poss\u00edvel, anote aquelas que mais chamaram sua aten\u00e7\u00e3o. <\/p>\n\n\n\n<p class=\"has-black-color has-text-color has-background has-medium-font-size\" style=\"background-color:#e0e0e0\"><strong>QUEST\u00c3O 3 <\/strong><\/p>\n\n\n\n<p class=\"has-black-color has-text-color has-medium-font-size\">Agora \u00e9 a hora de organizar a sua opini\u00e3o sobre essa tem\u00e1tica e escrever seu artigo de opini\u00e3o. Qual ser\u00e1 seu ponto de vista central, isto \u00e9, sua tese? Quais argumentos voc\u00ea ir\u00e1 mobilizar para comprov\u00e1-la? <\/p>\n\n\n\n<p class=\"has-black-color has-text-color has-background has-medium-font-size\" style=\"background-color:#e0e0e0\"><strong>QUEST\u00c3O 4<\/strong><\/p>\n\n\n\n<p class=\"has-black-color has-text-color has-medium-font-size\">Depois de organizar as ideias, escreva seu artigo de opini\u00e3o. D\u00ea um t\u00edtulo ao seu texto.\u00a0<\/p>\n\n\n\n<p class=\"has-text-align-center has-black-color has-text-color has-background has-medium-font-size\" style=\"background-color:#fcb481\"><strong>Leia a seguinte proposta de interven\u00e7\u00e3o de um artigo de opini\u00e3o sobre a preserva\u00e7\u00e3o do meio ambiente para responder \u00e0s quest\u00f5es 5 e 6.<\/strong><\/p>\n\n\n\n<p class=\"has-black-color has-text-color has-medium-font-size\"><em>Os governos, em todas as esferas, devem criar ou reformular leis ambientais de modo que elas alcancem todos os tipos de viola\u00e7\u00e3o aos recursos naturais, assim como intensificar a fiscaliza\u00e7\u00e3o para os casos das leis j\u00e1 existentes, para que as pessoas preservem o meio ambiente, se n\u00e3o por consci\u00eancia, por uma for\u00e7a coatora.<\/em><\/p>\n\n\n\n<p class=\"has-text-align-right has-black-color has-text-color has-small-font-size\">GOI\u00c2NIA. SME. <strong>Aprender Sempre<\/strong>. 6\u00b0 ao 9\u00ba ano &#8211; E. Fundamental; L. Portuguesa; 2\u00b0 Bimestre; Goi\u00e2nia, 2022, p. 221.<\/p>\n\n\n\n<p class=\"has-black-color has-text-color has-background has-medium-font-size\" style=\"background-color:#e0e0e0\"><strong>QUEST\u00c3O 5 <\/strong><\/p>\n\n\n\n<p class=\"has-black-color has-text-color has-medium-font-size\">Na proposta de interven\u00e7\u00e3o, o(s) agente(s) indicado(s) para resolver o problema apresentado pelo autor: <\/p>\n\n\n\n<p class=\"has-black-color has-text-color has-medium-font-size\">(A) s\u00e3o as leis ambientais. <\/p>\n\n\n\n<p class=\"has-black-color has-text-color has-medium-font-size\">(B) s\u00e3o os governos. <\/p>\n\n\n\n<p class=\"has-black-color has-text-color has-medium-font-size\">(C) \u00e9 a fiscaliza\u00e7\u00e3o. <\/p>\n\n\n\n<p class=\"has-black-color has-text-color has-medium-font-size\">(D) \u00e9 a for\u00e7a coatora.<\/p>\n\n\n\n<p class=\"has-black-color has-text-color has-background has-medium-font-size\" style=\"background-color:#e0e0e0\"><strong>QUEST\u00c3O 6<\/strong><\/p>\n\n\n\n<p class=\"has-black-color has-text-color has-medium-font-size\">De acordo com a proposta de interven\u00e7\u00e3o apresentada no texto, o que os governos precisam fazer para preservar o meio ambiente? <\/p>\n\n\n\n<p class=\"has-black-color has-text-color has-medium-font-size\">(A) Criar ou reformular leis ambientais e intensificar a fiscaliza\u00e7\u00e3o para casos das leis j\u00e1 existentes. <\/p>\n\n\n\n<p class=\"has-black-color has-text-color has-medium-font-size\">(B)\u00a0Os governos devem alcan\u00e7ar todos os tipos de viola\u00e7\u00e3o aos recursos naturais. <\/p>\n\n\n\n<p class=\"has-black-color has-text-color has-medium-font-size\">(C) Preservar o meio ambiente por for\u00e7a coatora. <\/p>\n\n\n\n<p class=\"has-black-color has-text-color has-medium-font-size\">(D) Preservar o meio ambiente por consci\u00eancia e por uma for\u00e7a coatora.<\/p>\n\n\n\n<hr class=\"wp-block-separator has-css-opacity\"\/>\n\n\n\n<figure class=\"wp-block-table is-style-stripes\"><table><tbody><tr><td><strong>Autoria:<\/strong><\/td><td>Marlon Santos<\/td><\/tr><tr><td><strong>Forma\u00e7\u00e3o:<\/strong><\/td><td>Letras &#8211; Portugu\u00eas<\/td><\/tr><tr><td><strong>Componente curricular:<\/strong><\/td><td>L\u00edngua Portuguesa<\/td><\/tr><tr><td><strong>Habilidades estruturantes:<\/strong><\/td><td>(EF89LP16) Analisar a modaliza\u00e7\u00e3o realizada em textos noticiosos e argumentativos, por meio das modalidades apreciativas, viabilizadas por classes e estruturas gramaticais como adjetivos, locu\u00e7\u00f5es adjetivas, adv\u00e9rbios, locu\u00e7\u00f5es adverbiais, ora\u00e7\u00f5es adjetivas e adverbiais, ora\u00e7\u00f5es relativas restritivas e explicativas etc., de maneira a perceber a aprecia\u00e7\u00e3o ideol\u00f3gica sobre os fatos noticiados ou as posi\u00e7\u00f5es impl\u00edcitas ou assumidas.<br>(EF69LP13) Engajar-se e contribuir com a busca de conclus\u00f5es comuns relativas a problemas, temas ou quest\u00f5es pol\u00eamicas de interesse da turma e\/ou de relev\u00e2ncia social.&nbsp;<\/td><\/tr><tr><td><strong>Refer\u00eancias:<\/strong><\/td><td>GOI\u00c2NIA. Secretaria Municipal de Educa\u00e7\u00e3o. Aprender Sempre. 6\u00b0 ao 9\u00ba ano \u2013 Ensino Fundamental; L\u00edngua Portuguesa; 2\u00b0 Bimestre; Goi\u00e2nia, 2022.<\/td><\/tr><\/tbody><\/table><\/figure>\n","protected":false},"author":42,"featured_media":142145,"template":"","ef_categoria":[16,36],"ef_ano":[92],"ef_componente":[93],"class_list":["post-142144","ensino_fundamental","type-ensino_fundamental","status-publish","has-post-thumbnail","hentry","ef_categoria-ciclo-da-adolescencia-hi","ef_categoria-etica-e-cidadania-ciclo-da-adolescencia-hi","ef_ano-9o-ano","ef_componente-portugues","entry","has-media"],"acf":[],"_links":{"self":[{"href":"https:\/\/sme.goiania.go.gov.br\/conexaoescola\/wp-json\/wp\/v2\/ensino_fundamental\/142144","targetHints":{"allow":["GET"]}}],"collection":[{"href":"https:\/\/sme.goiania.go.gov.br\/conexaoescola\/wp-json\/wp\/v2\/ensino_fundamental"}],"about":[{"href":"https:\/\/sme.goiania.go.gov.br\/conexaoescola\/wp-json\/wp\/v2\/types\/ensino_fundamental"}],"author":[{"embeddable":true,"href":"https:\/\/sme.goiania.go.gov.br\/conexaoescola\/wp-json\/wp\/v2\/users\/42"}],"version-history":[{"count":2,"href":"https:\/\/sme.goiania.go.gov.br\/conexaoescola\/wp-json\/wp\/v2\/ensino_fundamental\/142144\/revisions"}],"predecessor-version":[{"id":178378,"href":"https:\/\/sme.goiania.go.gov.br\/conexaoescola\/wp-json\/wp\/v2\/ensino_fundamental\/142144\/revisions\/178378"}],"wp:featuredmedia":[{"embeddable":true,"href":"https:\/\/sme.goiania.go.gov.br\/conexaoescola\/wp-json\/wp\/v2\/media\/142145"}],"wp:attachment":[{"href":"https:\/\/sme.goiania.go.gov.br\/conexaoescola\/wp-json\/wp\/v2\/media?parent=142144"}],"wp:term":[{"taxonomy":"ef_categoria","embeddable":true,"href":"https:\/\/sme.goiania.go.gov.br\/conexaoescola\/wp-json\/wp\/v2\/ef_categoria?post=142144"},{"taxonomy":"ef_ano","embeddable":true,"href":"https:\/\/sme.goiania.go.gov.br\/conexaoescola\/wp-json\/wp\/v2\/ef_ano?post=142144"},{"taxonomy":"ef_componente","embeddable":true,"href":"https:\/\/sme.goiania.go.gov.br\/conexaoescola\/wp-json\/wp\/v2\/ef_componente?post=142144"}],"curies":[{"name":"wp","href":"https:\/\/api.w.org\/{rel}","templated":true}]}}