{"id":142133,"date":"2022-04-20T15:05:38","date_gmt":"2022-04-20T18:05:38","guid":{"rendered":"https:\/\/sme.goiania.go.gov.br\/conexaoescola\/?post_type=ensino_fundamental&#038;p=142133"},"modified":"2024-03-05T13:52:25","modified_gmt":"2024-03-05T16:52:25","slug":"lingua-portuguesa-o-texto-argumentativo","status":"publish","type":"ensino_fundamental","link":"https:\/\/sme.goiania.go.gov.br\/conexaoescola\/ensino_fundamental\/lingua-portuguesa-o-texto-argumentativo\/","title":{"rendered":"L\u00edngua Portuguesa &#8211; O texto argumentativo"},"content":{"rendered":"\n<p class=\"has-black-color has-text-color has-background has-medium-font-size\" style=\"background-color:#f4d3d3\">Esta atividade de<strong>\u00a0L\u00edngua Portuguesa<\/strong>\u00a0tem como base as sequ\u00eancias did\u00e1ticas propostas pelo\u00a0<strong>Programa Aprender Sempre<\/strong>, da SME-Goi\u00e2nia, com base no DC\/GO \u2013 Ampliado e est\u00e1 destinada a estudantes do\u00a0<strong>8\u00ba ano\u00a0do Ensino Fundamental<\/strong>. <\/p>\n\n\n\n<div class=\"wp-block-buttons is-content-justification-center is-layout-flex wp-container-core-buttons-is-layout-16018d1d wp-block-buttons-is-layout-flex\">\n<div class=\"wp-block-button\"><a class=\"wp-block-button__link wp-element-button\" href=\"https:\/\/drive.google.com\/uc?export=download&amp;id=1wSlhregVhsuKU6hdNB0hioTIlmCEybSZ\" target=\"_blank\" rel=\"noreferrer noopener\">BAIXE A ATIVIDADE<\/a><\/div>\n\n\n\n<div class=\"wp-block-button\"><a class=\"wp-block-button__link wp-element-button\" href=\"https:\/\/drive.google.com\/uc?export=download&amp;id=1OGtIlkgdF7m0ZHwp3IQb97X_omzgXleT\" target=\"_blank\" rel=\"noreferrer noopener\">BAIXE OS SLIDES<\/a><\/div>\n\n\n\n<div class=\"wp-block-button\"><a class=\"wp-block-button__link wp-element-button\" href=\"https:\/\/drive.google.com\/uc?export=download&amp;id=1SqsofosE8HeoTeP7-IboZQDOuO8pI_MP\" target=\"_blank\" rel=\"noreferrer noopener\">BAIXE O TEXTO<\/a><\/div>\n<\/div>\n\n\n\n<p><\/p>\n\n\n<div class=\"wp-block-image\">\n<figure class=\"aligncenter size-large is-resized\"><img fetchpriority=\"high\" decoding=\"async\" src=\"https:\/\/sme.goiania.go.gov.br\/conexaoescola\/wp-content\/uploads\/2022\/04\/feather-ge22944202_1920-e1650476903221-1024x683.jpg\" alt=\"\" class=\"wp-image-142134\" width=\"615\" height=\"410\" srcset=\"https:\/\/sme.goiania.go.gov.br\/conexaoescola\/wp-content\/uploads\/2022\/04\/feather-ge22944202_1920-e1650476903221-1024x683.jpg 1024w, https:\/\/sme.goiania.go.gov.br\/conexaoescola\/wp-content\/uploads\/2022\/04\/feather-ge22944202_1920-e1650476903221-300x200.jpg 300w, https:\/\/sme.goiania.go.gov.br\/conexaoescola\/wp-content\/uploads\/2022\/04\/feather-ge22944202_1920-e1650476903221-768x512.jpg 768w, https:\/\/sme.goiania.go.gov.br\/conexaoescola\/wp-content\/uploads\/2022\/04\/feather-ge22944202_1920-e1650476903221-1536x1024.jpg 1536w, https:\/\/sme.goiania.go.gov.br\/conexaoescola\/wp-content\/uploads\/2022\/04\/feather-ge22944202_1920-e1650476903221.jpg 1920w\" sizes=\"(max-width: 615px) 100vw, 615px\" \/><figcaption class=\"wp-element-caption\">Dispon\u00edvel em: &lt;<a href=\"https:\/\/pixabay.com\/images\/id-3237961\/\">https:\/\/pixabay.com\/images\/id-3237961\/<\/a>&gt; Acesso em: 04, abr. 22<\/figcaption><\/figure><\/div>\n\n\n<p class=\"has-black-color has-text-color has-medium-font-size\">O texto argumentativo \u00e9 aquele em que o produtor disserta sobre algum tema, mobilizando argumentos para comprovar sua tese, ou seja, sua ideia a respeito do tema. <strong>Dissertar<\/strong> significa explanar um tema, isto \u00e9, desenvolver um assunto. Nesse sentido, o texto dissertativo \u00e9 aquele em que o autor se posiciona a respeito de algo, procurando convencer o leitor a respeito dessa tese (ideia principal), utilizando argumentos bem elaborados.&nbsp;<\/p>\n\n\n\n<p class=\"has-black-color has-text-color has-medium-font-size\">H\u00e1 diversos tipos de argumentos que podem ser utilizados nesse processo, como o argumento de autoridade, o de princ\u00edpio e o de causa e consequ\u00eancia, por exemplo. O<strong> texto argumentativo<\/strong> envolve uma pr\u00e1tica discursiva em que o indiv\u00edduo disserta, fala, escreve a partir dos conhecimentos pr\u00e9vios, isto \u00e9, mostra que \u00e9 atento ao diversos temas relevantes da sociedade, tem uma consci\u00eancia cr\u00edtica para expressar suas opini\u00f5es e consegue desenvolver compet\u00eancias de argumenta\u00e7\u00e3o, al\u00e9m de escrita, adequa\u00e7\u00e3o ao tema, coes\u00e3o e proposta de interven\u00e7\u00e3o.<\/p>\n\n\n\n<p class=\"has-black-color has-text-color has-medium-font-size\">O texto argumentativo \u00e9 dividido em tr\u00eas partes: introdu\u00e7\u00e3o, desenvolvimento e conclus\u00e3o.<\/p>\n\n\n\n<p class=\"has-black-color has-text-color has-medium-font-size\">Logo no primeiro par\u00e1grafo, isto \u00e9, na introdu\u00e7\u00e3o, o produtor do texto apresenta o tema e a tese em rela\u00e7\u00e3o a ele. Nos par\u00e1grafos seguintes, exp\u00f5e argumentos que refor\u00e7am o ponto de vista principal.<\/p>\n\n\n\n<p class=\"has-black-color has-text-color has-medium-font-size\">Os argumentos d\u00e3o condi\u00e7\u00f5es para sustentar o ponto de vista expresso no texto. O argumento \u00e9 diferente do ponto de vista. Ele \u00e9 utilizado para refor\u00e7ar um ponto de vista.<\/p>\n\n\n\n<p class=\"has-black-color has-text-color has-medium-font-size\">H\u00e1 certos conhecimentos que geralmente s\u00e3o mobilizados nos textos para sustentar uma ideia defendida pelo autor:&nbsp;<\/p>\n\n\n\n<ul class=\"wp-block-list\">\n<li class=\"has-medium-font-size\">dados hist\u00f3ricos;&nbsp;<\/li>\n\n\n\n<li class=\"has-medium-font-size\">dados de pesquisa, inclusive estat\u00edsticos;&nbsp;<\/li>\n\n\n\n<li class=\"has-medium-font-size\">fala de especialistas (discurso de autoridade);&nbsp;<\/li>\n\n\n\n<li class=\"has-medium-font-size\">exemplifica\u00e7\u00f5es a partir de situa\u00e7\u00f5es, dados da realidade, narrativas ou explica\u00e7\u00f5es;&nbsp;<\/li>\n\n\n\n<li class=\"has-medium-font-size\">princ\u00edpios gerais ou de senso comum (conhecimentos compartilhados universalmente).&nbsp;<\/li>\n<\/ul>\n\n\n\n<p class=\"has-text-align-center has-black-color has-text-color has-background has-medium-font-size\" style=\"background-color:#ffeaaf\"><strong>Tipos de argumento<\/strong><\/p>\n\n\n\n<p class=\"has-black-color has-text-color has-medium-font-size\"><strong>Argumento de autoridade:<\/strong> uma cita\u00e7\u00e3o de fonte confi\u00e1vel sustenta esse argumento como, por exemplo, dados de pesquisas, texto de alguma autoridade ou especialista da \u00e1rea.&nbsp;<\/p>\n\n\n\n<p class=\"has-black-color has-text-color has-medium-font-size\">Exemplo:<\/p>\n\n\n\n<p class=\"has-text-align-center has-black-color has-text-color has-medium-font-size\"><em>Segundo Rousseau, o homem nasce bom, mas a sociedade o corrompe.<\/em><\/p>\n\n\n\n<p class=\"has-black-color has-text-color has-medium-font-size\"><strong>Argumento de princ\u00edpio:<\/strong> uma cren\u00e7a pessoal, com base em alguma constata\u00e7\u00e3o considerada verdade universal sustenta esse argumento.<\/p>\n\n\n\n<p class=\"has-black-color has-text-color has-medium-font-size\">Exemplo:<\/p>\n\n\n\n<p class=\"has-text-align-center has-black-color has-text-color has-medium-font-size\"><em>\u201cUma verdade ineg\u00e1vel \u00e9 que, no Brasil, os casos de homic\u00eddios est\u00e3o atingindo uma dimens\u00e3o grav\u00edssima\u201d.<\/em><\/p>\n\n\n\n<p class=\"has-black-color has-text-color has-medium-font-size\"><strong>Argumento de causa e consequ\u00eancia: <\/strong>rela\u00e7\u00e3o clara estabelecida entre fato ou constata\u00e7\u00e3o que \u00e9 causa de outro fato ou constata\u00e7\u00e3o, ou seja, uma consequ\u00eancia.\u00a0<\/p>\n\n\n\n<p class=\"has-black-color has-text-color has-medium-font-size\">Exemplo:<\/p>\n\n\n\n<p class=\"has-text-align-center has-black-color has-text-color has-medium-font-size\"><em>A viol\u00eancia no Brasil tem crescido porque as pol\u00edticas p\u00fablicas t\u00eam deixado de dar assist\u00eancia aos jovens infratores.<\/em><\/p>\n\n\n\n<p class=\"has-text-align-center has-black-color has-text-color has-background has-medium-font-size\" style=\"background-color:#ffeaaf\"><strong>O que evitar no texto argumentativo<\/strong><\/p>\n\n\n\n<p class=\"has-black-color has-text-color has-medium-font-size\"><strong>Lugar-comum<\/strong><\/p>\n\n\n\n<p class=\"has-text-align-left has-black-color has-text-color has-medium-font-size\"><em>As pesquisas sobre clonagem est\u00e3o indo de vento em popa.<\/em><\/p>\n\n\n\n<p class=\"has-text-align-left has-black-color has-text-color has-medium-font-size\"><strong>Ambiguidade<\/strong><\/p>\n\n\n\n<p class=\"has-text-align-left has-black-color has-text-color has-medium-font-size\"><em>O policial deteve o assaltante em sua casa.\u00a0<\/em><\/p>\n\n\n\n<p class=\"has-text-align-left has-black-color has-text-color has-medium-font-size\"><strong>Repeti\u00e7\u00e3o desnecess\u00e1ria<\/strong><\/p>\n\n\n\n<p class=\"has-text-align-left has-black-color has-text-color has-medium-font-size\"><em>Pagou caro em um livro de fic\u00e7\u00e3o cient\u00edfica e reclamou por causa do pre\u00e7o alto do livro de fic\u00e7\u00e3o cient\u00edfica.<\/em><\/p>\n\n\n\n<p class=\"has-text-align-left has-black-color has-text-color has-medium-font-size\"><strong>Express\u00f5es redundantes, prolixas<\/strong><\/p>\n\n\n\n<p class=\"has-text-align-left has-black-color has-text-color has-medium-font-size\"><em>\u00a0Hoje em dia, a cada dia que passa, cada vez mais no Brasil a viol\u00eancia tem aumentado.<\/em><\/p>\n\n\n\n<p class=\"has-text-align-left has-black-color has-text-color has-medium-font-size\">Depois dessas dicas, certamente, seu texto argumentativo ficar\u00e1 excelente.<\/p>\n\n\n\n<p class=\"has-text-align-center has-black-color has-text-color has-background has-medium-font-size\" style=\"background-color:#f4d3d3\">Assista \u00e0 videoaula do professor Marlon Santos com essa tem\u00e1tica. <\/p>\n\n\n\n<figure class=\"wp-block-embed is-type-video is-provider-youtube wp-block-embed-youtube wp-embed-aspect-16-9 wp-has-aspect-ratio\"><div class=\"wp-block-embed__wrapper\">\n<p class=\"responsive-video-wrap clr\"><iframe title=\"Aprender Sempre - L. Portuguesa - 8\u00ba Ano - 2\u00ba Bim - Videoaula 2 - O Texto Argumentativo\" width=\"1200\" height=\"675\" src=\"https:\/\/www.youtube.com\/embed\/acmVNCxSPto?start=14&#038;feature=oembed\" frameborder=\"0\" allow=\"accelerometer; autoplay; clipboard-write; encrypted-media; gyroscope; picture-in-picture; web-share\" allowfullscreen><\/iframe><\/p>\n<\/div><figcaption class=\"wp-element-caption\">Canal Portal Conex\u00e3o Escola &#8211; Aprender Sempre &#8211; L. Portuguesa &#8211; 8\u00ba Ano &#8211; 2\u00ba Bim &#8211; Videoaula 2 &#8211; O Texto Argumentativo &#8211; &lt;https:\/\/www.youtube.com\/watch?v=acmVNCxSPto&amp;t=14s &gt; Acesso em: 13, mai. 22<\/figcaption><\/figure>\n\n\n\n<p class=\"has-text-align-center has-black-color has-text-color has-background has-medium-font-size\" style=\"background-color:#ffeaaf\"><strong>Vamos responder algumas quest\u00f5es?<\/strong><\/p>\n\n\n\n<p class=\"has-black-color has-text-color has-medium-font-size\"><strong>Leia o texto a seguir para responder \u00e0s quest\u00f5es. Trata-se de uma reda\u00e7\u00e3o nota 1000 do Enem 2018.<\/strong><\/p>\n\n\n\n<p class=\"has-black-color has-text-color has-medium-font-size\"><strong>Reda\u00e7\u00e3o de FERNANDA CAROLINA SANTOS TERRA DE DEUS<\/strong><\/p>\n\n\n\n<p class=\"has-black-color has-text-color has-medium-font-size\"><br>No filme \u201cMatrix\u201c, cl\u00e1ssico do g\u00eanero fic\u00e7\u00e3o cient\u00edfica, o protagonista Neo \u00e9 confrontado pela descoberta de que o mundo em que vive \u00e9, na realidade, uma ilus\u00e3o constru\u00edda a fim de manipular o comportamento dos seres humanos, que, imersos em m\u00e1quinas que mant\u00eam seus corpos sob controle, s\u00e3o explorados por um sistema dist\u00f3pico dominado pela tecnologia. Embora seja uma obra ficcional, o filme apresenta caracter\u00edsticas que se assemelham ao atual contexto brasileiro, pois, assim como na obra, os mecanismos tecnol\u00f3gicos t\u00eam contribu\u00eddo para a aliena\u00e7\u00e3o dos cidad\u00e3os, sujeitando-os aos filtros de<br>informa\u00e7\u00f5es impostos pela m\u00eddia, o que influencia negativamente seus padr\u00f5es de consumo e sua autonomia intelectual.<\/p>\n\n\n\n<p class=\"has-black-color has-text-color has-medium-font-size\"><br>Em princ\u00edpio, cabe analisar o papel da internet no controle do comportamento sob a perspectiva do soci\u00f3logo contempor\u00e2neo Zygmunt Bauman. Segundo o autor, o crescente desenvolvimento tecnol\u00f3gico, aliado ao incentivo ao consumo desenfreado, resulta numa sociedade que anseia constantemente por produtos novos e por informa\u00e7\u00f5es atualizadas. Nesse contexto, possibilita-se a ascens\u00e3o, no meio virtual, de empresas que se utilizam de algoritmos programados para selecionar o conte\u00fado a ser exibido aos internautas com base em seu perfil socioecon\u00f4mico, oferecendo an\u00fancios de produtos e de servi\u00e7os condizentes com suas recentes pesquisas em sites de busca ou de compras. Verifica-se, portanto, o impacto da m\u00eddia virtual na cria\u00e7\u00e3o de necessidades que fomentam o consumo entre os cidad\u00e3os.<\/p>\n\n\n\n<p class=\"has-black-color has-text-color has-medium-font-size\"><br>Ademais, a influ\u00eancia do meio virtual atinge tamb\u00e9m o \u00e2mbito intelectual. Isso ocorre na medida em que, ao ter acesso apenas ao conte\u00fado previamente selecionado de acordo com seu perfil na internet, o indiv\u00edduo perde contato com pontos de vista que divergem do seu, o que compromete significativamente a constru\u00e7\u00e3o de seu senso cr\u00edtico e de sua capacidade de di\u00e1logo. Dessa maneira, surge uma massa de internautas alienados e despreocupados em checar a proced\u00eancia das informa\u00e7\u00f5es que recebem, o que torna ambiente virtual prop\u00edcio \u00e0 dissemina\u00e7\u00e3o das chamadas \u201cfake news\u201d.<\/p>\n\n\n\n<p class=\"has-black-color has-text-color has-medium-font-size\"><br>Assim, faz-se necess\u00e1ria a atua\u00e7\u00e3o do Minist\u00e9rio da Educa\u00e7\u00e3o, em parceria com a m\u00eddia, na educa\u00e7\u00e3o da popula\u00e7\u00e3o \u2014 especialmente dos jovens, p\u00fablico mais atingido pela influ\u00eancia digital \u2014 acerca da necessidade do posicionamento cr\u00edtico quanto ao conte\u00fado exposto e sugerido na internet. Isso deve ocorrer por meio da promo\u00e7\u00e3o de palestras, que, ao serem ministradas em escolas e universidades, orientem os brasileiros no sentido de buscar informa\u00e7\u00e3o em fontes variadas, possibilitando a constru\u00e7\u00e3o de senso cr\u00edtico. Al\u00e9m disso, cabe \u00e0s entidades em governamentais a elabora\u00e7\u00e3o de medidas que minimizem os efeitos das propagandas que visam incentivar o consumismo. Dessa forma, ser\u00e1 poss\u00edvel tornar o meio virtual um ambiente mais seguro e democr\u00e1tico para a popula\u00e7\u00e3o brasileira.<\/p>\n\n\n\n<p class=\"has-text-align-right has-black-color has-text-color has-small-font-size\">REDA\u00c7\u00c3O NOTA 1000. ENEM. MEC. Dispon\u00edvel em: &lt;<a href=\"http:\/\/portal.mec.gov.br\/images\/stories\/noticias\/2019\/outubro\/24.10.2019redacaolink7.pdf\">http:\/\/portal.mec.gov.br\/images\/stories\/noticias\/2019\/outubro\/24.10.2019redacaolink7.pdf<\/a>&gt; Acesso em: 04, abr. 22<\/p>\n\n\n\n<p class=\"has-black-color has-text-color has-background has-medium-font-size\" style=\"background-color:#ffeaaf\"><strong>QUEST\u00c3O 1<\/strong> <\/p>\n\n\n\n<p class=\"has-black-color has-text-color has-medium-font-size\">Localize, no primeiro par\u00e1grafo do texto, a tese defendida pela autora. Na sequ\u00eancia, transcreva-a.<\/p>\n\n\n\n<p class=\"has-black-color has-text-color has-background has-medium-font-size\" style=\"background-color:#ffeaaf\"><strong>QUEST\u00c3O<\/strong> <strong>2<\/strong><\/p>\n\n\n\n<p class=\"has-black-color has-text-color has-medium-font-size\">Leia o seguinte fragmento do texto:<\/p>\n\n\n\n<p class=\"has-black-color has-text-color has-medium-font-size\">&nbsp;&nbsp;&nbsp;&nbsp;<em>Em princ\u00edpio, cabe analisar o papel da internet no controle do comportamento sob a perspectiva do soci\u00f3logo contempor\u00e2neo Zygmunt Bauman. Segundo o autor, o crescente desenvolvimento tecnol\u00f3gico, aliado ao incentivo ao consumo desenfreado, resulta numa sociedade que anseia constantemente por produtos novos e por informa\u00e7\u00f5es atualizadas.<\/em>&nbsp;<\/p>\n\n\n\n<p class=\"has-black-color has-text-color has-medium-font-size\">A men\u00e7\u00e3o ao soci\u00f3logo Zygmunt Bauman introduz que tipo de argumento no texto<\/p>\n\n\n\n<p class=\"has-black-color has-text-color has-medium-font-size\"> (A) Argumento de autoridade <\/p>\n\n\n\n<p class=\"has-black-color has-text-color has-medium-font-size\">(B) Argumento de princ\u00edpio <\/p>\n\n\n\n<p class=\"has-black-color has-text-color has-medium-font-size\">(C) Argumento de causa e consequ\u00eancia <\/p>\n\n\n\n<p class=\"has-black-color has-text-color has-medium-font-size\">(D) Redund\u00e2ncia<\/p>\n\n\n\n<p class=\"has-black-color has-text-color has-background has-medium-font-size\" style=\"background-color:#ffeaaf\"> <strong>QUEST\u00c3O<\/strong> <strong>3<\/strong> <\/p>\n\n\n\n<p class=\"has-black-color has-text-color has-medium-font-size\">No trecho <em>\u201cVerifica-se, <\/em><strong><em>portanto<\/em><\/strong><em>, o impacto da m\u00eddia virtual na cria\u00e7\u00e3o de necessidades que fomentam o consumo entre os cidad\u00e3os\u201d,<\/em> qual \u00e9 a fun\u00e7\u00e3o do termo em destaque?  <\/p>\n\n\n\n<p class=\"has-black-color has-text-color has-medium-font-size\">(A) Apresentar a conclus\u00e3o de uma ideia. <\/p>\n\n\n\n<p class=\"has-black-color has-text-color has-medium-font-size\">(B) Enfatizar uma d\u00favida. <\/p>\n\n\n\n<p class=\"has-black-color has-text-color has-medium-font-size\">(C) Dar \u00eanfase \u00e0s v\u00edrgulas no texto. <\/p>\n\n\n\n<p class=\"has-black-color has-text-color has-medium-font-size\">(D) Apresentar a introdu\u00e7\u00e3o de um argumento.<\/p>\n\n\n\n<p class=\"has-black-color has-text-color has-background has-medium-font-size\" style=\"background-color:#ffeaaf\"> <strong>QUEST\u00c3O<\/strong> <strong>4<\/strong> <\/p>\n\n\n\n<p class=\"has-black-color has-text-color has-medium-font-size\">Qual \u00e9 o argumento desenvolvido no terceiro par\u00e1grafo do texto?<\/p>\n\n\n\n<p class=\"has-black-color has-text-color has-background has-medium-font-size\" style=\"background-color:#ffeaaf\"><strong>QUEST\u00c3O 5<\/strong><\/p>\n\n\n\n<p class=\"has-black-color has-text-color has-medium-font-size\">Na conclus\u00e3o do texto, quais s\u00e3o os agentes apontados pela autora para\u00a0 tornar o meio virtual um ambiente mais seguro e democr\u00e1tico para a popula\u00e7\u00e3o brasileira. Conforme ela, o que esses agentes devem fazer?<\/p>\n\n\n\n<hr class=\"wp-block-separator has-alpha-channel-opacity\"\/>\n\n\n\n<figure class=\"wp-block-table is-style-stripes\"><table><tbody><tr><td><strong>Autoria:<\/strong><\/td><td>Marlon Santos<\/td><\/tr><tr><td><strong>Forma\u00e7\u00e3o:<\/strong><\/td><td>Letras \u2013 Portugu\u00eas<\/td><\/tr><tr><td><strong>Componente curricular:<\/strong><\/td><td>L\u00edngua Portuguesa<\/td><\/tr><tr><td><strong>Habilidades estruturantes:<\/strong><\/td><td>(EF89LP03-A) Analisar textos de opini\u00e3o (artigos de opini\u00e3o, coment\u00e1rios, posts de blogs e de redes sociais, charges, memes, gifs etc.).<br>(EF69LP16-B) Analisar e utilizar as formas de composi\u00e7\u00e3o dos g\u00eaneros jornal\u00edsticos da ordem do argumentar, tais como artigos de opini\u00e3o (contextualiza\u00e7\u00e3o, defesa de tese\/opini\u00e3o e uso de argumentos) e das entrevistas: apresenta\u00e7\u00e3o e contextualiza\u00e7\u00e3o do entrevistado e do tema, estrutura pergunta e resposta etc.<\/td><\/tr><tr><td><strong>Refer\u00eancias:<\/strong><\/td><td>GOI\u00c2NIA. Secretaria Municipal de Educa\u00e7\u00e3o. Aprender Sempre. 6\u00b0 ao 9\u00ba ano &#8211; Ensino Fundamental; L\u00edngua Portuguesa; 2\u00b0 Bimestre; Goi\u00e2nia, 2022.<br>IMAGINE. <a href=\"https:\/\/blog.imaginie.com.br\/tipos-de-argumentos\/\">https:\/\/blog.imaginie.com.br\/tipos-de-argumentos\/<\/a> Acesso em: 21, mar. 22\u00a0<br>REDA\u00c7\u00c3O NOTA 1000. <a href=\"https:\/\/blog.redacaonota1000.com.br\/tipos-de-argumentos\/\">https:\/\/blog.redacaonota1000.com.br\/tipos-de-argumentos\/<\/a>\u00a0 Acesso em: 21, mar. 22\u00a0<br>EDUCA MAIS BRASIL. <a href=\"https:\/\/www.educamaisbrasil.com.br\/enem\/lingua-portuguesa\/cronica-argumentativa\">https:\/\/www.educamaisbrasil.com.br\/enem\/lingua-portuguesa\/cronica-argumentativa<\/a> Acesso em: 21, mar. 22\u00a0<br>TODA MAT\u00c9RIA. <a href=\"https:\/\/www.todamateria.com.br\/carta-do-leitor\/\">https:\/\/www.todamateria.com.br\/carta-do-leitor\/<\/a> Acesso em: 21, mar. 22<\/td><\/tr><\/tbody><\/table><\/figure>\n","protected":false},"author":42,"featured_media":142134,"template":"","ef_categoria":[16,36],"ef_ano":[91],"ef_componente":[93],"class_list":["post-142133","ensino_fundamental","type-ensino_fundamental","status-publish","has-post-thumbnail","hentry","ef_categoria-ciclo-da-adolescencia-hi","ef_categoria-etica-e-cidadania-ciclo-da-adolescencia-hi","ef_ano-8o-ano","ef_componente-portugues","entry","has-media"],"acf":[],"_links":{"self":[{"href":"https:\/\/sme.goiania.go.gov.br\/conexaoescola\/wp-json\/wp\/v2\/ensino_fundamental\/142133","targetHints":{"allow":["GET"]}}],"collection":[{"href":"https:\/\/sme.goiania.go.gov.br\/conexaoescola\/wp-json\/wp\/v2\/ensino_fundamental"}],"about":[{"href":"https:\/\/sme.goiania.go.gov.br\/conexaoescola\/wp-json\/wp\/v2\/types\/ensino_fundamental"}],"author":[{"embeddable":true,"href":"https:\/\/sme.goiania.go.gov.br\/conexaoescola\/wp-json\/wp\/v2\/users\/42"}],"version-history":[{"count":2,"href":"https:\/\/sme.goiania.go.gov.br\/conexaoescola\/wp-json\/wp\/v2\/ensino_fundamental\/142133\/revisions"}],"predecessor-version":[{"id":178031,"href":"https:\/\/sme.goiania.go.gov.br\/conexaoescola\/wp-json\/wp\/v2\/ensino_fundamental\/142133\/revisions\/178031"}],"wp:featuredmedia":[{"embeddable":true,"href":"https:\/\/sme.goiania.go.gov.br\/conexaoescola\/wp-json\/wp\/v2\/media\/142134"}],"wp:attachment":[{"href":"https:\/\/sme.goiania.go.gov.br\/conexaoescola\/wp-json\/wp\/v2\/media?parent=142133"}],"wp:term":[{"taxonomy":"ef_categoria","embeddable":true,"href":"https:\/\/sme.goiania.go.gov.br\/conexaoescola\/wp-json\/wp\/v2\/ef_categoria?post=142133"},{"taxonomy":"ef_ano","embeddable":true,"href":"https:\/\/sme.goiania.go.gov.br\/conexaoescola\/wp-json\/wp\/v2\/ef_ano?post=142133"},{"taxonomy":"ef_componente","embeddable":true,"href":"https:\/\/sme.goiania.go.gov.br\/conexaoescola\/wp-json\/wp\/v2\/ef_componente?post=142133"}],"curies":[{"name":"wp","href":"https:\/\/api.w.org\/{rel}","templated":true}]}}