{"id":141311,"date":"2022-04-08T19:59:33","date_gmt":"2022-04-08T22:59:33","guid":{"rendered":"https:\/\/sme.goiania.go.gov.br\/conexaoescola\/?post_type=ensino_fundamental&#038;p=141311"},"modified":"2023-08-15T14:41:05","modified_gmt":"2023-08-15T17:41:05","slug":"lingua-portuguesa-mensagens-e-os-textos-de-comunicacao","status":"publish","type":"ensino_fundamental","link":"https:\/\/sme.goiania.go.gov.br\/conexaoescola\/ensino_fundamental\/lingua-portuguesa-mensagens-e-os-textos-de-comunicacao\/","title":{"rendered":"L\u00edngua Portuguesa &#8211; Mensagens e os textos de comunica\u00e7\u00e3o"},"content":{"rendered":"\n<p class=\"has-black-color has-text-color has-background has-medium-font-size\" style=\"background-color:#f5e4e8\">Esta atividade tem como base as sequ\u00eancias did\u00e1ticas propostas pelo<strong> Programa Aprender Sempre<\/strong>, da SME-Goi\u00e2nia, com base no DC\/GO &#8211; Ampliado e est\u00e1 destinada a estudantes do <strong>2\u00ba ano do Ensino Fundamental<\/strong>.&nbsp;<\/p>\n\n\n\n<div class=\"wp-block-buttons is-content-justification-center is-layout-flex wp-container-core-buttons-is-layout-16018d1d wp-block-buttons-is-layout-flex\">\n<div class=\"wp-block-button\"><a class=\"wp-block-button__link wp-element-button\" href=\"https:\/\/drive.google.com\/uc?export=download&amp;id=1ESDIpB17md8bOxpbHJjP8sWnPxmmZGV3\" target=\"_blank\" rel=\"noreferrer noopener\">BAIXE A ATIVIDADE<\/a><\/div>\n\n\n\n<div class=\"wp-block-button\"><a class=\"wp-block-button__link wp-element-button\" href=\"https:\/\/drive.google.com\/uc?export=download&amp;id=1x3Juv6E0DCfKHk3OU1lLqAl8fcdo3vE5\" target=\"_blank\" rel=\"noreferrer noopener\">BAIXE OS SLIDES<\/a><\/div>\n\n\n\n<div class=\"wp-block-button\"><a class=\"wp-block-button__link wp-element-button\" href=\"https:\/\/drive.google.com\/uc?export=download&amp;id=1TdVMYekvGk-AC9hIGfARs1fb8Bp9Zigi\" target=\"_blank\" rel=\"noreferrer noopener\">BAIXE O TEXTO<\/a><\/div>\n<\/div>\n\n\n\n<p><\/p>\n\n\n<div class=\"wp-block-image\">\n<figure class=\"aligncenter size-full is-resized\"><img fetchpriority=\"high\" decoding=\"async\" src=\"https:\/\/sme.goiania.go.gov.br\/conexaoescola\/wp-content\/uploads\/2022\/04\/capa-e1649457604778.jpg\" alt=\"\" class=\"wp-image-141312\" width=\"567\" height=\"251\" srcset=\"https:\/\/sme.goiania.go.gov.br\/conexaoescola\/wp-content\/uploads\/2022\/04\/capa-e1649457604778.jpg 574w, https:\/\/sme.goiania.go.gov.br\/conexaoescola\/wp-content\/uploads\/2022\/04\/capa-e1649457604778-300x133.jpg 300w\" sizes=\"(max-width: 567px) 100vw, 567px\" \/><figcaption class=\"wp-element-caption\"><br>Dispon\u00edvel em: &lt;br.freepik.com\/vetores-gratis\/uma-familia-feliz-com-seus-avos_4294812.htm#query=FAMILIA%20DESENHO&amp;position=12&amp;from_view=search&gt; Acesso em: 16, mar\u00e7o 22.<\/figcaption><\/figure><\/div>\n\n\n<p class=\"has-text-align-center has-black-color has-text-color has-background has-medium-font-size\" style=\"background-color:#f5e4e8\"><strong>ASSISTA A VIDEOAULA A SEGUIR<\/strong>:<\/p>\n\n\n\n<p><\/p>\n\n\n\n<figure class=\"wp-block-embed is-type-video is-provider-youtube wp-block-embed-youtube wp-embed-aspect-16-9 wp-has-aspect-ratio\"><div class=\"wp-block-embed__wrapper\">\n<p class=\"responsive-video-wrap clr\"><iframe title=\"Aprender Sempre - L\u00edngua Portuguesa - 2\u00ba ano - 2\u00ba Bim. - Videoaula 1 - Mensagens e os textos de com.\" width=\"1200\" height=\"675\" src=\"https:\/\/www.youtube.com\/embed\/FWEq_Uv946s?feature=oembed\" frameborder=\"0\" allow=\"accelerometer; autoplay; clipboard-write; encrypted-media; gyroscope; picture-in-picture; web-share\" allowfullscreen><\/iframe><\/p>\n<\/div><figcaption class=\"wp-element-caption\"><a href=\"https:\/\/youtu.be\/FWEq_Uv946s\" target=\"_blank\" rel=\"noreferrer noopener\">Aprender Sempre &#8211; L\u00edngua Portuguesa &#8211; 2\u00ba ano &#8211; 2\u00ba Bim. &#8211; Videoaula 1 &#8211; Mensagens e os textos de com.<\/a><\/figcaption><\/figure>\n\n\n\n<p class=\"has-text-align-center has-black-color has-text-color has-background has-medium-font-size\" style=\"background-color:#f5e4e8\"><strong>MENSAGENS E OS TEXTOS DE COMUNICA\u00c7\u00c3O<\/strong><\/p>\n\n\n\n<p class=\"has-medium-font-size\">OL\u00c1 ESTUDANTE!<\/p>\n\n\n\n<p class=\"has-medium-font-size\">O QUE VOC\u00ca SABE SOBRE MENSAGENS E TEXTOS DE COMUNICA\u00c7\u00c3O?<\/p>\n\n\n\n<p class=\"has-medium-font-size\">VEJA OS TEXTOS SEGUINTES:<\/p>\n\n\n<div class=\"wp-block-image\">\n<figure class=\"aligncenter size-full is-resized\"><img decoding=\"async\" src=\"https:\/\/sme.goiania.go.gov.br\/conexaoescola\/wp-content\/uploads\/2022\/04\/1-16-e1686055164515.jpg\" alt=\"\" class=\"wp-image-164413\" width=\"738\" height=\"370\" srcset=\"https:\/\/sme.goiania.go.gov.br\/conexaoescola\/wp-content\/uploads\/2022\/04\/1-16-e1686055164515.jpg 582w, https:\/\/sme.goiania.go.gov.br\/conexaoescola\/wp-content\/uploads\/2022\/04\/1-16-e1686055164515-300x151.jpg 300w\" sizes=\"(max-width: 738px) 100vw, 738px\" \/><\/figure><\/div>\n\n\n<p class=\"has-medium-font-size\">O QUE ESTES TEXTOS T\u00caM EM COMUM? S\u00c3O USADOS COM A MESMA FINALIDADE? TEM A MESMA ESTRUTURA?<\/p>\n\n\n\n<p class=\"has-medium-font-size\">EM DIVERSAS SITUA\u00c7\u00d5ES DO DIA A DIA QUE PRECISAMOS NOS COMUNICAR, PODEMOS UTILIZAR TEXTOS COMUNICATIVOS. CONHE\u00c7A ALGUNS TEXTOS COMUNICATIVOS:<\/p>\n\n\n\n<p class=\"has-medium-font-size\">BILHETE: \u00c9 UM TIPO DE MENSAGEM INFORMAL BASTANTE UTILIZADO NO COTIDIANO. CONSISTE EM MENSAGENS SIMPLES, ESCRITAS EM PEQUENOS PEDA\u00c7OS DE PAPEL E ENVIADAS PARA PESSOAS PR\u00d3XIMAS.<\/p>\n\n\n\n<p class=\"has-medium-font-size\">CARTA: TRATA-SE DE UM TEXTO MAIS ELABORADO, CONTENDO INFORMA\u00c7\u00d5ES MAIS EXTENSAS. PODE SER ENVIADA PARA COMPARTILHAR NOVIDADES, EXPRESSAR AGRADECIMENTOS, RELATAR FATOS IMPORTANTES, ENTRE OUTROS MOTIVOS.<\/p>\n\n\n\n<p class=\"has-medium-font-size\">E-MAIL: \u00c9 UMA FORMA DE COMUNICA\u00c7\u00c3O AMPLAMENTE UTILIZADA NOS DIAS DE HOJE E POSSUI CARACTER\u00cdSTICAS SEMELHANTES AOS BILHETES E CARTAS, DEPENDENDO DA INTEN\u00c7\u00c3O DE QUEM O ENVIA.<\/p>\n\n\n\n<p class=\"has-medium-font-size\">AVISO: \u00c9 UM TEXTO QUE TRAZ INFORMA\u00c7\u00d5ES GERAIS, DE FORMA BREVE E OBJETIVA. GERALMENTE, \u00c9 DIRECIONADO A UM GRUPO DE PESSOAS, COMO ESTUDANTES, CLIENTES, FAM\u00cdLIAS, USU\u00c1RIOS, ETC.<\/p>\n\n\n\n<p class=\"has-text-align-center has-black-color has-text-color has-background has-medium-font-size\" style=\"background-color:#f5e4e8\"><strong>ATIVIDADES<\/strong><\/p>\n\n\n\n<p class=\"has-text-align-left has-black-color has-text-color has-background has-medium-font-size\" style=\"background-color:#dde9f3\"><strong>QUEST\u00c3O 1<\/strong><\/p>\n\n\n\n<p class=\"has-black-color has-text-color has-medium-font-size\">O BILHETE \u00c9 UM TIPO DE TEXTO INFORMAL USADO ENTRE PESSOAS PR\u00d3XIMAS. J\u00c1 A CARTA \u00c9 UM TEXTO COM UM CONTE\u00daDO MAIS ELABORADO. O E-MAIL TEM UM ENDERE\u00c7O ELETR\u00d4NICO PODE SER FORMAL OU INFORMAL, PERMITE ANEXOS.&nbsp; O AVISO \u00c9 UM TEXTO COM UMA INFORMA\u00c7\u00c3O MAIS GERAL, GERALMENTE, DESTINA-SE A UM GRUPO DE PESSOAS. SABENDO DISSO, IDENTIFIQUE O TEXTO AOS SEUS RESPECTIVOS DONOS:<\/p>\n\n\n<div class=\"wp-block-image\">\n<figure class=\"aligncenter size-full is-resized\"><img decoding=\"async\" src=\"https:\/\/sme.goiania.go.gov.br\/conexaoescola\/wp-content\/uploads\/2022\/04\/1-1-e1649458105372.jpg\" alt=\"\" class=\"wp-image-141316\" width=\"512\" height=\"317\" srcset=\"https:\/\/sme.goiania.go.gov.br\/conexaoescola\/wp-content\/uploads\/2022\/04\/1-1-e1649458105372.jpg 463w, https:\/\/sme.goiania.go.gov.br\/conexaoescola\/wp-content\/uploads\/2022\/04\/1-1-e1649458105372-300x186.jpg 300w\" sizes=\"(max-width: 512px) 100vw, 512px\" \/><figcaption class=\"wp-element-caption\">Dispon\u00edvel em: &lt;https:\/\/br.freepik.com\/vetores-gratis\/uma-familia-feliz-com-seus-avos_4294812.htm#query=FAMILIA%20DESENHO&amp;position=12&amp;from_view=search&gt;Acesso em: 16, mar\u00e7o 22.<\/figcaption><\/figure><\/div>\n\n\n<figure class=\"wp-block-image size-full is-resized\"><img loading=\"lazy\" decoding=\"async\" src=\"https:\/\/sme.goiania.go.gov.br\/conexaoescola\/wp-content\/uploads\/2022\/04\/3-1-e1649458157328.jpg\" alt=\"\" class=\"wp-image-141317\" width=\"822\" height=\"464\" srcset=\"https:\/\/sme.goiania.go.gov.br\/conexaoescola\/wp-content\/uploads\/2022\/04\/3-1-e1649458157328.jpg 760w, https:\/\/sme.goiania.go.gov.br\/conexaoescola\/wp-content\/uploads\/2022\/04\/3-1-e1649458157328-300x169.jpg 300w\" sizes=\"(max-width: 822px) 100vw, 822px\" \/><figcaption class=\"wp-element-caption\">Dispon\u00edvel em: &lt;https:\/\/br.freepik.com\/vetores-gratis&gt;Acesso em: 16, mar\u00e7o 22.<\/figcaption><\/figure>\n\n\n<div class=\"wp-block-image\">\n<figure class=\"aligncenter size-full is-resized\"><img loading=\"lazy\" decoding=\"async\" src=\"https:\/\/sme.goiania.go.gov.br\/conexaoescola\/wp-content\/uploads\/2022\/04\/4-2-e1649458237847.jpg\" alt=\"\" class=\"wp-image-141318\" width=\"535\" height=\"567\" srcset=\"https:\/\/sme.goiania.go.gov.br\/conexaoescola\/wp-content\/uploads\/2022\/04\/4-2-e1649458237847.jpg 412w, https:\/\/sme.goiania.go.gov.br\/conexaoescola\/wp-content\/uploads\/2022\/04\/4-2-e1649458237847-282x300.jpg 282w\" sizes=\"(max-width: 535px) 100vw, 535px\" \/><\/figure><\/div>\n\n<div class=\"wp-block-image\">\n<figure class=\"aligncenter size-full is-resized\"><img loading=\"lazy\" decoding=\"async\" src=\"https:\/\/sme.goiania.go.gov.br\/conexaoescola\/wp-content\/uploads\/2022\/04\/5-e1649458298441.jpg\" alt=\"\" class=\"wp-image-141319\" width=\"583\" height=\"651\" srcset=\"https:\/\/sme.goiania.go.gov.br\/conexaoescola\/wp-content\/uploads\/2022\/04\/5-e1649458298441.jpg 421w, https:\/\/sme.goiania.go.gov.br\/conexaoescola\/wp-content\/uploads\/2022\/04\/5-e1649458298441-268x300.jpg 268w\" sizes=\"(max-width: 583px) 100vw, 583px\" \/><\/figure><\/div>\n\n\n<p class=\"has-text-align-left has-black-color has-text-color has-background has-medium-font-size\" style=\"background-color:#dde9f3\"><strong>QUEST\u00c3O 2<\/strong><\/p>\n\n\n\n<p class=\"has-medium-font-size\">EM QUAL SITUA\u00c7\u00c3O UM AVISO SERIA MAIS ADEQUADO DO QUE UM E-MAIL?<\/p>\n\n\n\n<p class=\"has-medium-font-size\">(A) PARA COMPARTILHAR NOVIDADES COM UM GRUPO DE PESSOAS.<\/p>\n\n\n\n<p class=\"has-medium-font-size\">(B) PARA REALIZAR AGRADECIMENTOS DE FORMA BREVE E OBJETIVA.<\/p>\n\n\n\n<p class=\"has-medium-font-size\">(C) PARA RELATAR FATOS IMPORTANTES DE FORMA MAIS ELABORADA.<\/p>\n\n\n\n<p class=\"has-medium-font-size\">(D) PARA ENVIAR UMA MENSAGEM INFORMAL E SIMPLES PARA UMA PESSOA PR\u00d3XIMA.<\/p>\n\n\n\n<p class=\"has-medium-font-size\">(E) NENHUMA DAS ALTERNATIVAS.<\/p>\n\n\n\n<p class=\"has-text-align-left has-black-color has-text-color has-background has-medium-font-size\" style=\"background-color:#dde9f3\"><strong>QUEST\u00c3O 3<\/strong><\/p>\n\n\n\n<p class=\"has-medium-font-size\">QUAL TEXTO COMUNICATIVO \u00c9 MAIS INDICADO QUANDO SE DESEJA TRANSMITIR INFORMA\u00c7\u00d5ES GERAIS DE FORMA BREVE E OBJETIVA PARA UM GRUPO DE PESSOAS?<\/p>\n\n\n\n<p class=\"has-medium-font-size\">(A) BILHETE<\/p>\n\n\n\n<p class=\"has-medium-font-size\">(B) CARTA<\/p>\n\n\n\n<p class=\"has-medium-font-size\">(C) E-MAIL<\/p>\n\n\n\n<p class=\"has-medium-font-size\">(D) AVISO<\/p>\n\n\n\n<p class=\"has-medium-font-size\">(E) PODE ESCOLHER QUALQUER G\u00caNERO TEXTUAL<\/p>\n\n\n\n<p class=\"has-text-align-left has-black-color has-text-color has-background has-medium-font-size\" style=\"background-color:#dde9f3\"><strong>QUEST\u00c3O 4<\/strong><\/p>\n\n\n\n<p class=\"has-black-color has-text-color has-medium-font-size\">PARA ESCREVER UM TEXTO DE COMUNICA\u00c7\u00c3O (BILHETE, CARTA, E-MAIL OU AVISO), \u00c9 NECESS\u00c1RIO ESCOLHER O TEXTO DE ACORDO COM A FINALIDADE DA ESCRITA; SEGUIR A ESTRUTURA DO TEXTO SELECIONADO; ESCREVER A MENSAGEM E REVISAR. CHEGOU A HORA DE VOC\u00ca PRODUZIR SEU TEXTO. ESCOLHA UM TIPO DE TEXTO, O ASSUNTO, A PESSOA QUE RECEBER\u00c1&nbsp; E CRIE UMA MENSAGEM. SEJA CRIATIVO!<\/p>\n\n\n<div class=\"wp-block-image\">\n<figure class=\"aligncenter size-full is-resized\"><img loading=\"lazy\" decoding=\"async\" src=\"https:\/\/sme.goiania.go.gov.br\/conexaoescola\/wp-content\/uploads\/2022\/04\/6-e1649458395673.jpg\" alt=\"\" class=\"wp-image-141320\" width=\"776\" height=\"660\" srcset=\"https:\/\/sme.goiania.go.gov.br\/conexaoescola\/wp-content\/uploads\/2022\/04\/6-e1649458395673.jpg 448w, https:\/\/sme.goiania.go.gov.br\/conexaoescola\/wp-content\/uploads\/2022\/04\/6-e1649458395673-300x255.jpg 300w\" sizes=\"(max-width: 776px) 100vw, 776px\" \/><figcaption class=\"wp-element-caption\">Dispon\u00edvel em: &lt;https:\/\/br.freepik.com\/vetores-gratis\/menino-com-lapis-grande-na-cor-e-contorno-e-silhueta_9203919.htm#query=CRIAN%C3%87A%20COM%20L%C3%81PIS%20DESENHO&amp;position=8&amp;from_view=search&gt;Acesso em: 16, mar\u00e7o 22.<\/figcaption><\/figure><\/div>\n\n\n<hr class=\"wp-block-separator has-alpha-channel-opacity\"\/>\n\n\n\n<figure class=\"wp-block-table alignfull is-style-stripes\"><table><tbody><tr><td><strong>Autoria:&nbsp;<\/strong><\/td><td>Gabrielle Leandro Dias<\/td><\/tr><tr><td><strong>Forma\u00e7\u00e3o:<\/strong><\/td><td>Prof. Pedagoga, Psic\u00f3loga e mestranda.<\/td><\/tr><tr><td><strong>Componente Curricular:<\/strong><\/td><td>L\u00cdNGUA PORTUGUESA<\/td><\/tr><tr><td><strong>Habilidade:<\/strong><\/td><td>(EF02LP16) Identificar e (re)produzir, em recados, cartas, receitas (modo de fazer), relatos (digitais e impressos), entre outros, a formata\u00e7\u00e3o e diagrama\u00e7\u00e3o espec\u00edfica de cada um desses g\u00eaneros.<br>(EF02LP24-A) Planejar o texto a ser produzido, considerando o tipo de m\u00eddia que ser\u00e1 utilizado para circula\u00e7\u00e3o.<br>(EF02LP24-B) Produzir, em colabora\u00e7\u00e3o com os colegas e com a ajuda do professor, relatos de experimentos, registros de observa\u00e7\u00e3o, entrevistas, entre outros g\u00eaneros do campo investigativo, que possam ser repassados oralmente por meio de ferramentas digitais, em \u00e1udio ou v\u00eddeo, considerando a situa\u00e7\u00e3o comunicativa e o tema\/assunto\/ finalidade do texto.<\/td><\/tr><tr><td><strong>Refer\u00eancias:<\/strong><\/td><td>GOI\u00c2NIA. Secretaria Municipal de Educa\u00e7\u00e3o. Aprender sempre. 2\u00b0. Ano &#8211; Ensino Fundamental; L\u00edngua Portuguesa e Matem\u00e1tica; 2\u00b0. Bimestre; Goi\u00e2nia, 2022.<br>Projeto Buriti. Portugu\u00eas. (Cole\u00e7\u00e3o do 2\u00ba ao 5\u00ba ano). S\u00e3o Paulo: Moderna, 2017.<\/td><\/tr><\/tbody><\/table><\/figure>\n","protected":false},"author":45,"featured_media":141312,"template":"","ef_categoria":[],"ef_ano":[85],"ef_componente":[93],"class_list":["post-141311","ensino_fundamental","type-ensino_fundamental","status-publish","has-post-thumbnail","hentry","ef_ano-2o-ano","ef_componente-portugues","entry","has-media"],"acf":[],"_links":{"self":[{"href":"https:\/\/sme.goiania.go.gov.br\/conexaoescola\/wp-json\/wp\/v2\/ensino_fundamental\/141311","targetHints":{"allow":["GET"]}}],"collection":[{"href":"https:\/\/sme.goiania.go.gov.br\/conexaoescola\/wp-json\/wp\/v2\/ensino_fundamental"}],"about":[{"href":"https:\/\/sme.goiania.go.gov.br\/conexaoescola\/wp-json\/wp\/v2\/types\/ensino_fundamental"}],"author":[{"embeddable":true,"href":"https:\/\/sme.goiania.go.gov.br\/conexaoescola\/wp-json\/wp\/v2\/users\/45"}],"version-history":[{"count":10,"href":"https:\/\/sme.goiania.go.gov.br\/conexaoescola\/wp-json\/wp\/v2\/ensino_fundamental\/141311\/revisions"}],"predecessor-version":[{"id":167715,"href":"https:\/\/sme.goiania.go.gov.br\/conexaoescola\/wp-json\/wp\/v2\/ensino_fundamental\/141311\/revisions\/167715"}],"wp:featuredmedia":[{"embeddable":true,"href":"https:\/\/sme.goiania.go.gov.br\/conexaoescola\/wp-json\/wp\/v2\/media\/141312"}],"wp:attachment":[{"href":"https:\/\/sme.goiania.go.gov.br\/conexaoescola\/wp-json\/wp\/v2\/media?parent=141311"}],"wp:term":[{"taxonomy":"ef_categoria","embeddable":true,"href":"https:\/\/sme.goiania.go.gov.br\/conexaoescola\/wp-json\/wp\/v2\/ef_categoria?post=141311"},{"taxonomy":"ef_ano","embeddable":true,"href":"https:\/\/sme.goiania.go.gov.br\/conexaoescola\/wp-json\/wp\/v2\/ef_ano?post=141311"},{"taxonomy":"ef_componente","embeddable":true,"href":"https:\/\/sme.goiania.go.gov.br\/conexaoescola\/wp-json\/wp\/v2\/ef_componente?post=141311"}],"curies":[{"name":"wp","href":"https:\/\/api.w.org\/{rel}","templated":true}]}}