{"id":141298,"date":"2022-04-08T15:14:57","date_gmt":"2022-04-08T18:14:57","guid":{"rendered":"https:\/\/sme.goiania.go.gov.br\/conexaoescola\/?post_type=ensino_fundamental&#038;p=141298"},"modified":"2023-09-26T11:30:25","modified_gmt":"2023-09-26T14:30:25","slug":"geografia-populacao-brasileira","status":"publish","type":"ensino_fundamental","link":"https:\/\/sme.goiania.go.gov.br\/conexaoescola\/ensino_fundamental\/geografia-populacao-brasileira\/","title":{"rendered":"Geografia &#8211; Popula\u00e7\u00e3o brasileira"},"content":{"rendered":"\n<p class=\"has-black-color has-text-color has-background has-medium-font-size\" style=\"background-color:#fca2a2\">Esta proposta de atividade de <strong>GEOGRAFIA<\/strong> \u00e9 destinada aos estudantes do <strong>7\u00b0 Ano<\/strong> do Ensino Fundamental Anos Finais.<\/p>\n\n\n\n<div class=\"wp-block-buttons is-content-justification-center is-layout-flex wp-container-core-buttons-is-layout-16018d1d wp-block-buttons-is-layout-flex\">\n<div class=\"wp-block-button has-custom-font-size has-medium-font-size\"><a class=\"wp-block-button__link has-white-color has-black-background-color has-text-color has-background wp-element-button\" href=\"https:\/\/drive.google.com\/uc?export=download&amp;id=1QzAT-Qmytkrtdx8DDTT9YWXINmUefku-\" target=\"_blank\" rel=\"noreferrer noopener\">Baixe atividade<\/a><\/div>\n\n\n\n<div class=\"wp-block-button has-custom-font-size has-medium-font-size\"><a class=\"wp-block-button__link has-white-color has-black-background-color has-text-color has-background wp-element-button\" href=\"https:\/\/drive.google.com\/uc?export=download&amp;id=1_9WjTSwdauf8DBVe1nS2VhLs2jWLBOA4\" target=\"_blank\" rel=\"noreferrer noopener\">Baixe os slides<\/a><\/div>\n\n\n\n<div class=\"wp-block-button has-custom-font-size has-medium-font-size\"><a class=\"wp-block-button__link has-white-color has-black-background-color has-text-color has-background wp-element-button\" href=\"https:\/\/drive.google.com\/uc?export=download&amp;id=1isU14AK1XUSRCz9X8mEMWGas3N3TQ4ZN\" target=\"_blank\" rel=\"noreferrer noopener\">Baixe o texto<\/a><\/div>\n<\/div>\n\n\n\n<p><\/p>\n\n\n\n<figure class=\"wp-block-image size-large is-style-rounded\"><img fetchpriority=\"high\" decoding=\"async\" width=\"1024\" height=\"683\" src=\"https:\/\/sme.goiania.go.gov.br\/conexaoescola\/wp-content\/uploads\/2022\/04\/people-g37416f711_1920-e1649441521443-1024x683.jpg\" alt=\"\" class=\"wp-image-141299\" srcset=\"https:\/\/sme.goiania.go.gov.br\/conexaoescola\/wp-content\/uploads\/2022\/04\/people-g37416f711_1920-e1649441521443-1024x683.jpg 1024w, https:\/\/sme.goiania.go.gov.br\/conexaoescola\/wp-content\/uploads\/2022\/04\/people-g37416f711_1920-e1649441521443-300x200.jpg 300w, https:\/\/sme.goiania.go.gov.br\/conexaoescola\/wp-content\/uploads\/2022\/04\/people-g37416f711_1920-e1649441521443-768x512.jpg 768w, https:\/\/sme.goiania.go.gov.br\/conexaoescola\/wp-content\/uploads\/2022\/04\/people-g37416f711_1920-e1649441521443-1536x1024.jpg 1536w, https:\/\/sme.goiania.go.gov.br\/conexaoescola\/wp-content\/uploads\/2022\/04\/people-g37416f711_1920-e1649441521443.jpg 1920w\" sizes=\"(max-width: 1024px) 100vw, 1024px\" \/><figcaption class=\"wp-element-caption\">Popula\u00e7\u00e3o &#8211; Fonte:<a href=\"https:\/\/pixabay.com\/pt\/photos\/cerrado-desmatamento-goi%C3%A1s-goi%C3%A2nia-777763\/\">https:\/\/pixabay.com\/pt\/images\/search\/population%20\/<\/a><\/figcaption><\/figure>\n\n\n\n<hr class=\"wp-block-separator has-css-opacity\"\/>\n\n\n\n<p class=\"has-text-align-center has-white-color has-vivid-red-background-color has-text-color has-background has-medium-font-size\"><strong>Popula\u00e7\u00e3o brasileira <\/strong><\/p>\n\n\n\n<p class=\"has-black-color has-text-color has-medium-font-size\">No Brasil o Instituto Brasileiro de Geografia e Estat\u00edstica (IBGE) \u00e9 o instituto do governo federal respons\u00e1vel pelas pesquisas e divulga\u00e7\u00e3o de dados estat\u00edsticos da popula\u00e7\u00e3o brasileira. N\u00e3o \u00e9 um trabalho f\u00e1cil, com aproximadamente 203 milh\u00f5es de habitantes a popula\u00e7\u00e3o brasileira \u00e9 diversa e apresenta caracter\u00edsticas diferentes a depender da regi\u00e3o analisada.&nbsp;<\/p>\n\n\n\n<p class=\"has-black-color has-text-color has-medium-font-size\">A popula\u00e7\u00e3o brasileira foi formada inicialmente pela tr\u00edade entre os povos nativos, os europeus colonizadores e os africanos que foram for\u00e7ados ao trabalho escravo no territ\u00f3rio brasileiro. Ao longo da nossa hist\u00f3ria v\u00e1rios povos contribu\u00edram para forma\u00e7\u00e3o da popula\u00e7\u00e3o brasileira (\u00e1rabes, asi\u00e1ticos, dentre outros) e por isso somos conhecidos como o pa\u00eds da miscigena\u00e7\u00e3o.<\/p>\n\n\n\n<p class=\"has-black-color has-text-color has-medium-font-size\">O censo demogr\u00e1fico realizado pelo IBGE, ocorre a cada 10 anos, apresenta informa\u00e7\u00f5es importantes sobre a popula\u00e7\u00e3o brasileira. Veja alguns conceitos demogr\u00e1ficos:&nbsp;<\/p>\n\n\n\n<p class=\"has-black-color has-text-color has-medium-font-size\"><strong>Taxa de fecundidade:<\/strong> N\u00famero de filhos por mulher em idade reprodutiva (15 a 49 anos), segundo o IBGE em 2021 a taxa de fecundidade do Brasil foi de 1,76 filhos por mulher.<\/p>\n\n\n\n<p class=\"has-black-color has-text-color has-medium-font-size\"><strong>Expectativa de vida: <\/strong>&nbsp;Tamb\u00e9m pode ser chamada de expectativa de vida, diz respeito ao tempo m\u00e9dio de vida da popula\u00e7\u00e3o que no Brasil s\u00e3o de 76,6 anos (IBGE &#8211; 2019).&nbsp;<\/p>\n\n\n\n<p class=\"has-black-color has-text-color has-medium-font-size\"><strong>Taxa de Natalidade:<\/strong> N\u00famero de nascidos vivos por mil habitantes, segundo IBGE (2015) a taxa \u00e9 de 14,16 \u2030.&nbsp;<\/p>\n\n\n\n<p class=\"has-black-color has-text-color has-medium-font-size\"><strong>Taxa de Mortalidade:<\/strong>&nbsp; 6,8\u2030 de acordo com o IBGE (2015), essa taxa representa &nbsp;o n\u00famero de \u00f3bitos por mil habitantes.&nbsp;<\/p>\n\n\n\n<p class=\"has-black-color has-text-color has-medium-font-size\"><strong>Crescimento vegetativo:<\/strong> Diferen\u00e7a entre natalidade e mortalidade, \u00e9 o crescimento natural da popula\u00e7\u00e3o.&nbsp;<\/p>\n\n\n\n<p class=\"has-black-color has-text-color has-medium-font-size\">Nos \u00faltimos anos \u00e9 poss\u00edvel observar a redu\u00e7\u00e3o da taxa de fecundidade brasileira, que ocorreu em decorr\u00eancia da urbaniza\u00e7\u00e3o, do aumento da &nbsp;participa\u00e7\u00e3o de mulher no mercado de trabalho, eleva\u00e7\u00e3o do custo de vida e devido ao planejamento familiar que foi poss\u00edvel atrav\u00e9s de m\u00e9todos contraceptivos como o DIU (Dispositivo Intrauterino), preservativos e medica\u00e7\u00f5es anticoncepcionais.<\/p>\n\n\n\n<p class=\"has-black-color has-text-color has-medium-font-size\">A melhoria das condi\u00e7\u00f5es sanit\u00e1rias, acesso \u00e0 alimenta\u00e7\u00e3o em quantidade e qualidade necess\u00e1ria, acesso \u00e0 sa\u00fade e a vacina\u00e7\u00e3o foram fatores que possibilitaram amplia\u00e7\u00e3o da longevidade da popula\u00e7\u00e3o brasileira.<\/p>\n\n\n\n<p class=\"has-text-align-center has-white-color has-black-background-color has-text-color has-background has-medium-font-size\"><strong>RESPONDA \u00c0S QUEST\u00d5ES <\/strong><\/p>\n\n\n\n<p class=\"has-black-color has-text-color has-background has-medium-font-size\" style=\"background-color:#ffe08b\"><strong>Quest\u00e3o 01<\/strong><\/p>\n\n\n\n<p class=\"has-black-color has-text-color has-medium-font-size\">Conforme dados da Organiza\u00e7\u00e3o das Na\u00e7\u00f5es Unidas (ONU), em 1950, existiam 250 milh\u00f5es de indiv\u00edduos com mais de 60 anos no planeta. Esse n\u00famero quase triplicou at\u00e9 o ano 2000, somando 606 milh\u00f5es de pessoas e em 2010 alcan\u00e7amos a marca de 841 milh\u00f5es de idosos. Explique quais fatores justificam esse aumento cont\u00ednuo e expressivo do n\u00famero de idosos no mundo.<\/p>\n\n\n\n<p class=\"has-black-color has-text-color has-background has-medium-font-size\" style=\"background-color:#ffe08b\"><strong>Quest\u00e3o 02<\/strong><\/p>\n\n\n\n<hr class=\"wp-block-separator has-css-opacity\"\/>\n\n\n\n<p class=\"has-black-color has-text-color has-medium-font-size\">Observe a pir\u00e2mide et\u00e1ria do Brasil e assinale a alternativa correta.<\/p>\n\n\n<div class=\"wp-block-image\">\n<figure class=\"aligncenter is-resized\"><img decoding=\"async\" src=\"https:\/\/lh4.googleusercontent.com\/ZPoeWtkn2nDfgHXJ-H5Cc826_b-kOoBH3OErH7fwkMHFBCpMJlQXenJ-zIo6GwYhJyC4sScQKOg0o35Sclkl8u05O2Le8kPV4QS0tK2aKt748VSAtlE0QMM0XiWJcnHD7vCWpYAbyueJ3WifnflXrA\" alt=\"\" width=\"803\" height=\"521\"\/><figcaption class=\"wp-element-caption\">IBGE Pir\u00e2mide Et\u00e1ria (Adaptado). <strong>Fonte: <\/strong><a href=\"https:\/\/www.ibge.gov.br\/apps\/populacao\/projecao\/box_piramideplay.php\">https:\/\/www.ibge.gov.br\/apps\/populacao\/projecao\/box_piramideplay.php<\/a><\/figcaption><\/figure><\/div>\n\n\n<p class=\"has-black-color has-text-color has-medium-font-size\">(A) Ainda que sutil ao observar a pir\u00e2mide et\u00e1ria \u00e9 poss\u00edvel perceber o aumento da longevidade e a redu\u00e7\u00e3o da taxa de natalidade da popula\u00e7\u00e3o brasileira.\u00a0\u00a0<\/p>\n\n\n\n<p class=\"has-black-color has-text-color has-medium-font-size\">(B) A imagem n\u00e3o apresenta nenhuma altera\u00e7\u00e3o na estrutura da popula\u00e7\u00e3o brasileira, uma vez que essa \u00e9 imut\u00e1vel.&nbsp;<\/p>\n\n\n\n<p class=\"has-black-color has-text-color has-medium-font-size\">(C) A principal altera\u00e7\u00e3o presente na pir\u00e2mide et\u00e1ria brasileira est\u00e1 relacionada \u00e0 grande quantidade de pessoas que est\u00e3o migrando do Brasil para outros pa\u00edses.&nbsp;<\/p>\n\n\n\n<p class=\"has-black-color has-text-color has-medium-font-size\">(D) Ao observar a base das duas pir\u00e2mides \u00e9 vis\u00edvel o aumento expressivo da taxa de natalidade da popula\u00e7\u00e3o brasileira.<\/p>\n\n\n\n<p class=\"has-black-color has-text-color has-background has-medium-font-size\" style=\"background-color:#ffe08b\"><strong>Quest\u00e3o 03<\/strong><\/p>\n\n\n\n<hr class=\"wp-block-separator has-css-opacity\"\/>\n\n\n\n<p class=\"has-black-color has-text-color has-medium-font-size\">Atualmente o Brasil apresenta Taxa de Fecundidade menor que a m\u00e9dia mundial. No entanto, percebemos uma queda acentuada quando comparamos a m\u00e9dia de 1960 e a proje\u00e7\u00e3o para 2020.<br>Descreva quais fatores contribu\u00edram para a redu\u00e7\u00e3o da Taxa de Fecundidade no Brasil.\u202f <\/p>\n\n\n\n<p class=\"has-text-align-center\"><img decoding=\"async\" src=\"https:\/\/lh3.googleusercontent.com\/eHvLTB7Xr0AgVrNrlrNG36s4d5cwtQisBXv460bST3z6nPi_mtrjDHzPqlhGJKaaDZZoQymcBZ7qYb9epyOwFmnlO-jSqsxHGBuWDSUlSsiORn5tDnZxhfpxBVXGril4330-FO_l\" style=\"width: 650px;\"><\/p>\n\n\n\n<p class=\"has-text-align-center\" style=\"font-size:12px\">Taxa de Fecundidade (Adaptado) &#8211; <strong>Fonte:<\/strong> https:\/\/www2.camara.leg.br\/atividade-legislativa\/comissoes\/comissoes-permanentes\/cssf\/apresentacoes-em-eventos\/eventos-2015\/Marilia.pdf<\/p>\n\n\n\n<p class=\"has-background has-medium-font-size\" style=\"background-color:#ffe08b\"><strong>Quest\u00e3o 04<\/strong><\/p>\n\n\n<div class=\"wp-block-image\">\n<figure class=\"aligncenter is-resized\"><img decoding=\"async\" src=\"https:\/\/lh4.googleusercontent.com\/ygnFP2M-bAsUFFiZXEKLWJHWaaaAM2kD7O-9CSglcoiK8s-O38BiJy6bwD0BoMbpO1ABzfnfRXW2gcmUisG6yp9ypu0aZS1MKgixhtXOs89le0tOGzQrQMK3AU0BDDu2tNJ3zHk3un4H\" alt=\"\" width=\"630\" height=\"339\"\/><figcaption class=\"wp-element-caption\">Charge: Delcio &#8211; <strong>Fonte:<\/strong> <a href=\"https:\/\/blogs.correiobraziliense.com.br\/aricunha\/as-rugas-de-um-pais\/\">https:\/\/blogs.correiobraziliense.com.br\/aricunha\/as-rugas-de-um-pais\/<\/a><\/figcaption><\/figure><\/div>\n\n\n<p class=\"has-black-color has-text-color has-medium-font-size\">Considerando a rela\u00e7\u00e3o da charge com os conceitos demogr\u00e1ficos, assinale a alternativa correta.&nbsp;<\/p>\n\n\n\n<p class=\"has-black-color has-text-color has-medium-font-size\">(A)&nbsp; A charge evidencia a taxa de natalidade, considerando o perfil das pessoas que aparecem na imagem.&nbsp;<\/p>\n\n\n\n<p class=\"has-black-color has-text-color has-medium-font-size\">(B) A charge ressalta a longevidade da popula\u00e7\u00e3o, em decorr\u00eancia do grande n\u00famero de pessoas idosas representadas na imagem.&nbsp;<\/p>\n\n\n\n<p class=\"has-black-color has-text-color has-medium-font-size\">(C) Taxa de fecundidade, a charge representa o n\u00famero de filhos por mulher em idade reprodutiva.&nbsp;<\/p>\n\n\n\n<p class=\"has-black-color has-text-color has-medium-font-size\">(D) Crescimento vegetativo, a imagem representa o crescimento natural da popula\u00e7\u00e3o.<\/p>\n\n\n\n<p class=\"has-black-color has-text-color has-background has-medium-font-size\" style=\"background-color:#ffbaba\"><strong>SAIBA MAIS<\/strong><\/p>\n\n\n\n<p class=\"has-black-color has-text-color has-medium-font-size\">Chega o dedo no play e curte esse v\u00eddeo!<\/p>\n\n\n\n<figure class=\"wp-block-embed is-type-video is-provider-youtube wp-block-embed-youtube wp-embed-aspect-16-9 wp-has-aspect-ratio\"><div class=\"wp-block-embed__wrapper\">\n<p class=\"responsive-video-wrap clr\"><iframe title=\"Atividade 05 - Popula\u00e7\u00e3o Brasileira - 7\u00b0 Ano\" width=\"1200\" height=\"675\" src=\"https:\/\/www.youtube.com\/embed\/Jgj641dyhOo?feature=oembed\" frameborder=\"0\" allow=\"accelerometer; autoplay; clipboard-write; encrypted-media; gyroscope; picture-in-picture; web-share\" allowfullscreen><\/iframe><\/p>\n<\/div><figcaption class=\"wp-element-caption\">Canal Geo Power &#8220;Atividade 05 &#8211; Popula\u00e7\u00e3o brasileira &#8211; 7\u00b0 Ano&#8221;. Dispon\u00edvel em:  &lt;<a rel=\"noreferrer noopener\" href=\"https:\/\/www.youtube.com\/watch?v=Jgj641dyhOo\" target=\"_blank\">https:\/\/www.youtube.com\/watch?v=Jgj641dyhOo<\/a>&gt;. Acesso em: 08, abr.  2022.<\/figcaption><\/figure>\n\n\n\n<p class=\"has-black-color has-text-color has-background has-medium-font-size\" style=\"background-color:#ffe9a5\"><strong>Acesse os materiais referentes a essa atividade clicando aqui:<\/strong> <a href=\"https:\/\/sme.goiania.go.gov.br\/conexaoescola\/propostas_didaticas\/propostas-didaticas-geografia-7o-ano\/\" target=\"_blank\" rel=\"noreferrer noopener\">https:\/\/sme.goiania.go.gov.br\/conexaoescola\/propostas_didaticas\/propostas-didaticas-geografia-7o-ano\/<\/a><\/p>\n\n\n\n<hr class=\"wp-block-separator has-css-opacity\"\/>\n\n\n\n<figure class=\"wp-block-table is-style-stripes\"><table><tbody><tr><td><strong>Habilidade:<\/strong><\/td><td>(EF07GE04-A) Analisar a distribui\u00e7\u00e3o espacial da popula\u00e7\u00e3o brasileira, considerando os indicadores socioecon\u00f4micos, a diversidade \u00e9tnico-cultural e racial, de sexo\/g\u00eanero e de idade nas regi\u00f5es brasileiras.<\/td><\/tr><tr><td><strong>Referencial Te\u00f3rico:&nbsp;<\/strong><\/td><td><br>AADAS, M; ADAS, S. Expedi\u00e7\u00f5es Geogr\u00e1ficas: 7\u00b0 ano. 3\u00b0 Edi\u00e7\u00e3o. S\u00e3o Paulo: Moderna, 2018.&nbsp;<br>_______________. Expedi\u00e7\u00f5es Geogr\u00e1ficas: 8\u00b0 ano. 3\u00b0 Edi\u00e7\u00e3o. S\u00e3o Paulo: Moderna, 2018.<br>IBGE. Cidades. Dispon\u00edvel em: &lt;<a href=\"https:\/\/cidades.ibge.gov.br\/brasil\/panorama\">https:\/\/cidades.ibge.gov.br\/brasil\/panorama<\/a>&gt;. Acesso em: 02, abr. 2022.<br>IBGE. Estimativa da popula\u00e7\u00e3o residente no Brasil e unidades da federa\u00e7\u00e3o com data de refer\u00eancia em 1\u00b0 de julho de 2020. Dispon\u00edvel em: &lt;<a href=\"https:\/\/ftp.ibge.gov.br\/Estimativas_de_Populacao\/Estimativas_2020\/estimativa_dou_2020.pdf\">https:\/\/ftp.ibge.gov.br\/Estimativas_de_Populacao\/Estimativas_2020\/estimativa_dou_2020.pdf<\/a>&gt;. Acesso em: 02, abr. 2022.<br>IBGE. Popula\u00e7\u00e3o. Dispon\u00edvel em: &lt;https:\/\/www.ibge.gov.br\/apps\/populacao\/projecao\/&gt;. Acesso em: 01, abr. 2022.<br>IBGE. Brasil em s\u00edntese. Dispon\u00edvel em:&lt;https:\/\/brasilemsintese.ibge.gov.br\/populacao\/taxas-brutas-de-mortalidade.html&gt;. Acesso em: 02, abr. 2022.<br><br><\/td><\/tr><\/tbody><\/table><\/figure>\n\n\n\n<p><\/p>\n","protected":false},"author":52,"featured_media":141299,"template":"","ef_categoria":[],"ef_ano":[90],"ef_componente":[96],"class_list":["post-141298","ensino_fundamental","type-ensino_fundamental","status-publish","has-post-thumbnail","hentry","ef_ano-7o-ano","ef_componente-geografia","entry","has-media"],"acf":[],"_links":{"self":[{"href":"https:\/\/sme.goiania.go.gov.br\/conexaoescola\/wp-json\/wp\/v2\/ensino_fundamental\/141298","targetHints":{"allow":["GET"]}}],"collection":[{"href":"https:\/\/sme.goiania.go.gov.br\/conexaoescola\/wp-json\/wp\/v2\/ensino_fundamental"}],"about":[{"href":"https:\/\/sme.goiania.go.gov.br\/conexaoescola\/wp-json\/wp\/v2\/types\/ensino_fundamental"}],"author":[{"embeddable":true,"href":"https:\/\/sme.goiania.go.gov.br\/conexaoescola\/wp-json\/wp\/v2\/users\/52"}],"version-history":[{"count":1,"href":"https:\/\/sme.goiania.go.gov.br\/conexaoescola\/wp-json\/wp\/v2\/ensino_fundamental\/141298\/revisions"}],"predecessor-version":[{"id":170417,"href":"https:\/\/sme.goiania.go.gov.br\/conexaoescola\/wp-json\/wp\/v2\/ensino_fundamental\/141298\/revisions\/170417"}],"wp:featuredmedia":[{"embeddable":true,"href":"https:\/\/sme.goiania.go.gov.br\/conexaoescola\/wp-json\/wp\/v2\/media\/141299"}],"wp:attachment":[{"href":"https:\/\/sme.goiania.go.gov.br\/conexaoescola\/wp-json\/wp\/v2\/media?parent=141298"}],"wp:term":[{"taxonomy":"ef_categoria","embeddable":true,"href":"https:\/\/sme.goiania.go.gov.br\/conexaoescola\/wp-json\/wp\/v2\/ef_categoria?post=141298"},{"taxonomy":"ef_ano","embeddable":true,"href":"https:\/\/sme.goiania.go.gov.br\/conexaoescola\/wp-json\/wp\/v2\/ef_ano?post=141298"},{"taxonomy":"ef_componente","embeddable":true,"href":"https:\/\/sme.goiania.go.gov.br\/conexaoescola\/wp-json\/wp\/v2\/ef_componente?post=141298"}],"curies":[{"name":"wp","href":"https:\/\/api.w.org\/{rel}","templated":true}]}}