{"id":141219,"date":"2022-04-08T10:13:14","date_gmt":"2022-04-08T13:13:14","guid":{"rendered":"https:\/\/sme.goiania.go.gov.br\/conexaoescola\/?post_type=ensino_fundamental&#038;p=141219"},"modified":"2023-08-12T09:49:06","modified_gmt":"2023-08-12T12:49:06","slug":"lingua-portuguesa-literatura-e-gramatica","status":"publish","type":"ensino_fundamental","link":"https:\/\/sme.goiania.go.gov.br\/conexaoescola\/ensino_fundamental\/lingua-portuguesa-literatura-e-gramatica\/","title":{"rendered":"L\u00edngua Portuguesa &#8211; Literatura e gram\u00e1tica"},"content":{"rendered":"\n<p class=\"has-text-align-left has-black-color has-light-green-cyan-background-color has-text-color has-background has-medium-font-size\">Esta atividade de<strong>&nbsp;L\u00edngua Portuguesa<\/strong>&nbsp;tem como base as sequ\u00eancias did\u00e1ticas propostas pelo&nbsp;<strong>Programa Aprender Sempre<\/strong>, da SME-Goi\u00e2nia, com base no DC\/GO \u2013 Ampliado e est\u00e1 destinada a estudantes do&nbsp;<strong>7\u00ba ano&nbsp;do Ensino Fundamental<\/strong>.<\/p>\n\n\n\n<div class=\"wp-block-buttons is-content-justification-center is-layout-flex wp-container-core-buttons-is-layout-16018d1d wp-block-buttons-is-layout-flex\">\n<div class=\"wp-block-button\"><a class=\"wp-block-button__link wp-element-button\" href=\"https:\/\/drive.google.com\/uc?export=download&amp;id=1eDk04yVmqv8o54lHVj9gcZS6cu8qH8ly\" target=\"_blank\" rel=\"noreferrer noopener\">BAIXE A ATIVIDADE<\/a><\/div>\n\n\n\n<div class=\"wp-block-button\"><a class=\"wp-block-button__link wp-element-button\" href=\"https:\/\/drive.google.com\/uc?export=download&amp;id=1bXNjHfiZVjSIbJaklzzKaVgSdNL3TL0z\" target=\"_blank\" rel=\"noreferrer noopener\">BAIXE OS SLIDES<\/a><\/div>\n\n\n\n<div class=\"wp-block-button\"><a class=\"wp-block-button__link wp-element-button\" href=\"https:\/\/drive.google.com\/uc?export=download&amp;id=1xAv5Rg23-3-oFkBE7kbN-SJADnWRwmS3\" target=\"_blank\" rel=\"noreferrer noopener\">BAIXE O TEXTO<\/a><\/div>\n<\/div>\n\n\n\n<p><\/p>\n\n\n<div class=\"wp-block-image\">\n<figure class=\"aligncenter size-large is-resized\"><img fetchpriority=\"high\" decoding=\"async\" src=\"https:\/\/sme.goiania.go.gov.br\/conexaoescola\/wp-content\/uploads\/2022\/04\/the-little-prince-g95c0c93dc_1920-e1649423049487-1024x576.jpg\" alt=\"\" class=\"wp-image-141225\" width=\"655\" height=\"368\" srcset=\"https:\/\/sme.goiania.go.gov.br\/conexaoescola\/wp-content\/uploads\/2022\/04\/the-little-prince-g95c0c93dc_1920-e1649423049487-1024x576.jpg 1024w, https:\/\/sme.goiania.go.gov.br\/conexaoescola\/wp-content\/uploads\/2022\/04\/the-little-prince-g95c0c93dc_1920-e1649423049487-300x169.jpg 300w, https:\/\/sme.goiania.go.gov.br\/conexaoescola\/wp-content\/uploads\/2022\/04\/the-little-prince-g95c0c93dc_1920-e1649423049487-768x432.jpg 768w, https:\/\/sme.goiania.go.gov.br\/conexaoescola\/wp-content\/uploads\/2022\/04\/the-little-prince-g95c0c93dc_1920-e1649423049487-1536x864.jpg 1536w, https:\/\/sme.goiania.go.gov.br\/conexaoescola\/wp-content\/uploads\/2022\/04\/the-little-prince-g95c0c93dc_1920-e1649423049487.jpg 1920w\" sizes=\"(max-width: 655px) 100vw, 655px\" \/><figcaption class=\"wp-element-caption\">Dispon\u00edvel em: &lt;<a href=\"https:\/\/pixabay.com\/images\/id-5235474\/\">https:\/\/pixabay.com\/images\/id-5235474\/<\/a>&gt; Acesso em: 03, abr. 22<br><\/figcaption><\/figure><\/div>\n\n\n<p class=\"has-black-color has-text-color has-medium-font-size\">Escrever um texto \u00e9 como costurar um tecido: as ideias s\u00e3o amarradas por n\u00f3s em um tra\u00e7ado que deve ter coes\u00e3o e coer\u00eancia. Al\u00e9m da coes\u00e3o e coer\u00eancia na elabora\u00e7\u00e3o de texto, h\u00e1 v\u00e1rios recursos da l\u00edngua que podem e devem ser utilizados, tais como recursos lexicais e pronominais, discurso direto e indireto e sin\u00f4nimos e ant\u00f4nimos.<\/p>\n\n\n\n<p class=\"has-black-color has-text-color has-medium-font-size\">Em um texto liter\u00e1rio, \u00e9 comum que haja&nbsp; transi\u00e7\u00f5es entre a voz do narrador e das personagens. Nesse caso, \u00e9 poss\u00edvel pensar que o narrador est\u00e1 dentro da cabe\u00e7a da personagem. H\u00e1 formas diferentes de retratar o discurso na voz do narrador e das personagens. Veja duas delas:<\/p>\n\n\n\n<p class=\"has-black-color has-text-color has-background has-medium-font-size\" style=\"background-color:#edff78\"><strong>Discurso direto:<\/strong> \u00e9 a transcri\u00e7\u00e3o exata das falas das personagens, sem a participa\u00e7\u00e3o do narrador. \u00c9 o mais natural e comum dos tipos de discurso. Essa fala das personagens \u00e9 anunciada por um verbo de dizer (dicendi), ou seja, um verbo de elocu\u00e7\u00e3o. Esse verbo pode aparecer antes, no meio ou depois da fala direta.<\/p>\n\n\n\n<p class=\"has-black-color has-text-color has-medium-font-size\">Exemplos:<\/p>\n\n\n\n<ol class=\"wp-block-list\">\n<li class=\"has-medium-font-size\">Alice pensou:<\/li>\n<\/ol>\n\n\n\n<p class=\"has-medium-font-size\">\u2013 Para que serve um livro sem figuras nem di\u00e1logos?<\/p>\n\n\n\n<ol class=\"wp-block-list\" start=\"2\">\n<li class=\"has-medium-font-size\">Alice pensou: \u201dPara que serve um livro sem figuras nem di\u00e1logos?\u201d<\/li>\n\n\n\n<li class=\"has-medium-font-size\">\u201dPara que serve um livro sem figuras nem di\u00e1logos?\u201d \u2013 pensou Alice.<\/li>\n<\/ol>\n\n\n\n<p class=\"has-black-color has-text-color has-background has-medium-font-size\" style=\"background-color:#edff78\"><strong>Discurso indireto:<\/strong> a apresenta\u00e7\u00e3o das falas das personagens \u00e9 feita pelas palavras do narrador. Assim, \u00e9 sempre feito na 3.\u00aa pessoa, nunca na 1.\u00aa pessoa. O discurso indireto \u00e9, tamb\u00e9m, introduzido por verbos de elocu\u00e7\u00e3o que anunciam o discurso. Ap\u00f3s esses verbos aparecem conjun\u00e7\u00f5es (como as conjun\u00e7\u00f5es que e se), que marcam a separa\u00e7\u00e3o da fala do narrador e da fala da personagem transmitida pelo narrador. <\/p>\n\n\n\n<p class=\"has-black-color has-text-color has-medium-font-size\">Exemplos:<\/p>\n\n\n\n<ol class=\"wp-block-list\">\n<li class=\"has-medium-font-size\">Alice pensou sobre para que servia um livro sem figuras nem di\u00e1logos.<\/li>\n\n\n\n<li class=\"has-medium-font-size\">Alice pensou sobre a serventia de um livro sem figuras nem di\u00e1logos.<\/li>\n\n\n\n<li class=\"has-medium-font-size\">Alice pensou se um livro sem figuras nem di\u00e1logos serviria para alguma coisa.<\/li>\n<\/ol>\n\n\n\n<p class=\"has-black-color has-text-color has-medium-font-size\">Outro recurso importante na progress\u00e3o do texto \u00e9 o emprego do <strong>pronome<\/strong>. Ele pode garantir a coes\u00e3o em um texto din\u00e2mico e n\u00e3o repetitivo. Dessa forma, a recep\u00e7\u00e3o do texto por parte do leitor se torna mais acess\u00edvel e agrad\u00e1vel, al\u00e9m de oportunizar a amplia\u00e7\u00e3o de voc\u00e1bulos e habilidades de escrita.\u00a0<\/p>\n\n\n\n<p class=\"has-black-color has-text-color has-medium-font-size\">Mais uma dica para enriquecer um texto liter\u00e1rio \u00e9 utilizar um amplo vocabul\u00e1rio, explorando os sin\u00f4nimos e ant\u00f4nimos.<\/p>\n\n\n\n<p class=\"has-black-color has-text-color has-background has-medium-font-size\" style=\"background-color:#edff78\"><strong>Sin\u00f4nimo:<\/strong> palavra ou express\u00e3o que possui sentido parecido com o de outra palavra, ou express\u00e3o.&nbsp;<\/p>\n\n\n\n<p class=\"has-text-align-center has-black-color has-text-color has-medium-font-size\">fraco\/d\u00e9bil<\/p>\n\n\n\n<p class=\"has-text-align-center has-black-color has-text-color has-medium-font-size\">&nbsp;\u00e0 toa\/ao acaso&nbsp;<\/p>\n\n\n\n<p class=\"has-black-color has-text-color has-background has-medium-font-size\" style=\"background-color:#edff78\"><strong>Ant\u00f4nimo:<\/strong> palavra ou express\u00e3o que tem significado oposto ao de outra.&nbsp;<\/p>\n\n\n\n<p class=\"has-text-align-center has-black-color has-text-color has-medium-font-size\">ir\/vir<\/p>\n\n\n\n<p class=\"has-text-align-center has-black-color has-text-color has-medium-font-size\">&nbsp;fraco\/forte<\/p>\n\n\n\n<p class=\"has-text-align-center has-black-color has-text-color has-medium-font-size\">bonito\/feio<\/p>\n\n\n\n<p class=\"has-black-color has-text-color has-medium-font-size\">Ao ler textos liter\u00e1rios, al\u00e9m de adentrar ao universo m\u00e1gico ou real que ele proporciona, voc\u00ea tem o h\u00e1bito de observar a gram\u00e1tica deles? Esse t\u00f3pico pode te ajudar muito a compreender o texto e, ainda, te auxiliar na produ\u00e7\u00e3o dos seus.<\/p>\n\n\n\n<p class=\"has-text-align-center has-black-color has-light-green-cyan-background-color has-text-color has-background has-medium-font-size\">Assista \u00e0 videoaula do professor Marlon Santos com essa tem\u00e1tica.<\/p>\n\n\n\n<figure class=\"wp-block-embed is-type-video is-provider-youtube wp-block-embed-youtube wp-embed-aspect-16-9 wp-has-aspect-ratio\"><div class=\"wp-block-embed__wrapper\">\n<p class=\"responsive-video-wrap clr\"><iframe title=\"Aprender Sempre - L\u00edngua Portuguesa - 7\u00ba Ano - 2\u00ba Bim - Videoaula 2 - Literatura e Gram\u00e1tica\" width=\"1200\" height=\"675\" src=\"https:\/\/www.youtube.com\/embed\/EO4RM23KnqM?feature=oembed\" frameborder=\"0\" allow=\"accelerometer; autoplay; clipboard-write; encrypted-media; gyroscope; picture-in-picture; web-share\" allowfullscreen><\/iframe><\/p>\n<\/div><figcaption class=\"wp-element-caption\">Canal Portal Conex\u00e3o Escola &#8211; 7\u00ba ano &#8211; L\u00edngua Portuguesa &#8211; Aprender Sempre &#8211; 2\u00ba Bi Videoaula 2 &#8211; Literatura e Gram\u00e1tica &#8211; Dispon\u00edvel em: &lt;https:\/\/www.youtube.com\/watch?v=EO4RM23KnqM&gt; Acesso em: 02, mai. 2022<\/figcaption><\/figure>\n\n\n\n<p class=\"has-text-align-center has-black-color has-text-color has-background has-medium-font-size\" style=\"background-color:#ffedbc\"><strong>Vamos responder algumas quest\u00f5es?<\/strong><\/p>\n\n\n\n<p class=\"has-black-color has-text-color has-medium-font-size\">Leia o trecho de <strong>O Pequeno Pr\u00edncipe<\/strong>, de Antoine de Saint-Exup\u00e9ry, e responda \u00e0s quest\u00f5es.<\/p>\n\n\n\n<p class=\"has-text-align-center has-black-color has-text-color has-medium-font-size\">I<\/p>\n\n\n\n<p class=\"has-black-color has-text-color has-medium-font-size\"><em>Certa vez, quando tinha seis anos, vi num livro sobre a Floresta Virgem, &#8220;Hist\u00f3rias Vividas&#8221;, uma imponente gravura. Representava ela uma jiboia que engolia uma fera. Eis a c\u00f3pia do desenho.&nbsp;<\/em><\/p>\n\n\n\n<p class=\"has-black-color has-text-color has-medium-font-size\"><em>Dizia o livro: &#8220;As jiboias engolem, sem mastigar, a presa inteira. Em seguida, n\u00e3o podem mover-se e dormem os seis meses da digest\u00e3o.&#8221;&nbsp;<\/em><\/p>\n\n\n\n<p class=\"has-black-color has-text-color has-medium-font-size\"><em>Refleti muito ent\u00e3o sobre as aventuras da selva, e fiz, com l\u00e1pis de cor, o meu primeiro desenho. Meu desenho n\u00famero 1 era assim:<\/em><\/p>\n\n\n<div class=\"wp-block-image\">\n<figure class=\"aligncenter size-full\"><img decoding=\"async\" width=\"554\" height=\"414\" src=\"https:\/\/sme.goiania.go.gov.br\/conexaoescola\/wp-content\/uploads\/2022\/04\/apesar-de-parecer-um-chapeu-o-desenho-mostra-uma-jiboia-que-engoliu-um-elefante_.jpg\" alt=\"\" class=\"wp-image-142092\" srcset=\"https:\/\/sme.goiania.go.gov.br\/conexaoescola\/wp-content\/uploads\/2022\/04\/apesar-de-parecer-um-chapeu-o-desenho-mostra-uma-jiboia-que-engoliu-um-elefante_.jpg 554w, https:\/\/sme.goiania.go.gov.br\/conexaoescola\/wp-content\/uploads\/2022\/04\/apesar-de-parecer-um-chapeu-o-desenho-mostra-uma-jiboia-que-engoliu-um-elefante_-300x224.jpg 300w\" sizes=\"(max-width: 554px) 100vw, 554px\" \/><figcaption class=\"wp-element-caption\"> SAINT-EXUP\u00c9RY, A. de. <strong>O Pequeno Pr\u00edncipe<\/strong>. 48\u00aa ed. Rio de Janeiro: Agir, 2009, p. 7-9. <\/figcaption><\/figure><\/div>\n\n\n<p class=\"has-black-color has-text-color has-medium-font-size\"><em>Mostrei minha obra-prima \u00e0s pessoas grandes e perguntei se o meu desenho lhes fazia medo.&nbsp;<\/em><\/p>\n\n\n\n<p class=\"has-black-color has-text-color has-medium-font-size\"><em>Responderam-me: &#8220;Por que \u00e9 que um chap\u00e9u faria medo?&#8221;&nbsp;<\/em><\/p>\n\n\n\n<p class=\"has-black-color has-text-color has-medium-font-size\"><em>Meu desenho n\u00e3o representava um chap\u00e9u. Representava uma jiboia digerindo um elefante. Desenhei ent\u00e3o o interior da jiboia, a fim de que as pessoas grandes pudessem compreender. Elas t\u00eam sempre necessidade de explica\u00e7\u00f5es. Meu desenho n\u00famero 2 era assim:<\/em><\/p>\n\n\n\n<p class=\"has-black-color has-text-color has-medium-font-size\"><em>As pessoas grandes aconselharam-me deixar de lado os desenhos de jiboias abertas ou fechadas, e dedicar-me de prefer\u00eancia \u00e0 geografia, \u00e0 hist\u00f3ria, ao c\u00e1lculo, \u00e0 gram\u00e1tica. Foi assim que abandonei, aos seis anos, uma espl\u00eandida carreira de pintor. Fora desencorajado pelo insucesso do meu desenho n\u00famero 1 e do meu desenho n\u00famero 2. As pessoas grandes n\u00e3o compreendem nada sozinhas, e \u00e9 cansativo, para as crian\u00e7as, estar toda hora explicando&#8230;&nbsp;<\/em><\/p>\n\n\n\n<p class=\"has-black-color has-text-color has-medium-font-size\"><em>Tive ent\u00e3o que escolher outra profiss\u00e3o e aprendi a pilotar avi\u00f5es. Voei por quase todas as regi\u00f5es do mundo. E a geografia, \u00e9 claro, me ajudou muito. Sabia distinguir, num relance, a China e o Arizona. Isso \u00e9 muito \u00fatil, quando se est\u00e1 perdido na noite.&nbsp;<\/em><\/p>\n\n\n\n<p class=\"has-black-color has-text-color has-medium-font-size\"><em>Desta forma, ao longo da vida, tive v\u00e1rios contatos com muita gente s\u00e9ria. Convivi com as pessoas grandes. Vi-as bem de perto. Isso n\u00e3o melhorou a minha antiga opini\u00e3o.&nbsp;<\/em><\/p>\n\n\n\n<p class=\"has-black-color has-text-color has-medium-font-size\"><em>Quando encontrava uma que me parecia um pouco esclarecida, fazia a experi\u00eancia do meu desenho n\u00famero 1, que sempre conservei comigo. Eu queria saber se ela&nbsp;era,&nbsp;na verdade&nbsp;uma pessoa inteligente.&nbsp;Mas&nbsp;a resposta era sempre a mesma:&nbsp;&#8220;\u00c9 um chap\u00e9u&#8221;. Ent\u00e3o eu n\u00e3o falava nem de jiboias, nem de florestas virgens, nem de estrelas. Colocava-me no seu n\u00edvel. Falava de&nbsp;bridge, de golfe, de pol\u00edtica, de gravatas.&nbsp;E&nbsp;a pessoa grande ficava encantada de conhecer um homem t\u00e3o razo\u00e1vel.<\/em><\/p>\n\n\n\n<p class=\"has-text-align-right has-black-color has-text-color has-small-font-size\">SAINT-EXUP\u00c9RY, A. de. <strong>O Pequeno Pr\u00edncipe<\/strong>. 48\u00aa ed. Rio de Janeiro: Agir, 2009, p. 7-9.<\/p>\n\n\n\n<p class=\"has-black-color has-text-color has-background has-medium-font-size\" style=\"background-color:#ffedbc\"><strong>QUEST\u00c3O 1<\/strong><\/p>\n\n\n\n<p class=\"has-black-color has-text-color has-medium-font-size\">Na escrita de um texto, o autor procura utilizar recursos que provocam determinados efeitos de sentido como o humor, a ironia, alguma cr\u00edtica, emo\u00e7\u00f5es diversas no leitor. Leia o trecho a seguir e reflita:<\/p>\n\n\n\n<p class=\"has-black-color has-text-color has-background has-medium-font-size\" style=\"background-color:#dedede\"><em>As pessoas grandes n\u00e3o compreendem nada sozinhas, e \u00e9 cansativo, para as crian\u00e7as, estar toda hora explicando..<\/em>.<\/p>\n\n\n\n<p class=\"has-black-color has-text-color has-medium-font-size\">A) Que recurso pode ser notado no texto para provocar algum efeito no leitor? <\/p>\n\n\n\n<p class=\"has-black-color has-text-color has-medium-font-size\">B) Qual reflex\u00e3o pode ser feita pelo leitor a partir deste trecho? <\/p>\n\n\n\n<p class=\"has-black-color has-text-color has-background has-medium-font-size\" style=\"background-color:#ffedbc\"><strong>QUEST\u00c3O 2<\/strong><\/p>\n\n\n\n<p class=\"has-black-color has-text-color has-medium-font-size\">Releia o seguinte trecho: <\/p>\n\n\n\n<p class=\"has-black-color has-text-color has-background has-medium-font-size\" style=\"background-color:#dedede\"><em>Dizia o livro: &#8220;As jib\u00f3ias engolem, sem mastigar, a presa inteira. Em seguida, n\u00e3o podem mover-se e dormem os seis meses da digest\u00e3o.&#8221;<\/em><\/p>\n\n\n\n<p class=\"has-black-color has-text-color has-medium-font-size\">A) O conte\u00fado do livro, no trecho, \u00e9 expresso no discurso direto. Levante hip\u00f3teses: por que a fala est\u00e1 escrita dessa forma? <\/p>\n\n\n\n<p class=\"has-black-color has-text-color has-medium-font-size\">B) Reescreva o trecho passando-o para o discurso indireto, ou seja, o narrador, com sua pr\u00f3pria voz, dizendo o que est\u00e1 no livro. <\/p>\n\n\n\n<p class=\"has-black-color has-text-color has-medium-font-size\">C) Para passar o trecho do discurso direto para o discurso indireto foram utilizadas por voc\u00ea quais altera\u00e7\u00f5es?&nbsp; <\/p>\n\n\n\n<p class=\"has-black-color has-text-color has-background has-medium-font-size\" style=\"background-color:#ffedbc\"> <strong>QUEST\u00c3O 3<\/strong><\/p>\n\n\n\n<p class=\"has-black-color has-text-color has-medium-font-size\">Leia o seguinte trecho:<\/p>\n\n\n\n<p class=\"has-black-color has-text-color has-background has-medium-font-size\" style=\"background-color:#dedede\"><em>Certa vez, quando tinha seis anos, vi num livro sobre a Floresta Virgem, &#8220;Hist\u00f3rias Vividas&#8221;, uma<\/em><strong><em> imponente gravura<\/em><\/strong><em>.<\/em><\/p>\n\n\n\n<p class=\"has-black-color has-text-color has-medium-font-size\">As palavras destacadas podem ser substitu\u00eddas, sem que altere seu significado, por quais sin\u00f4nimos? <\/p>\n\n\n\n<p class=\"has-black-color has-text-color has-medium-font-size\">(A) Pomposo desenho<\/p>\n\n\n\n<p class=\"has-black-color has-text-color has-medium-font-size\">(B) Importante rascunho <\/p>\n\n\n\n<p class=\"has-black-color has-text-color has-medium-font-size\">(C) Impostora grava\u00e7\u00e3o <\/p>\n\n\n\n<p class=\"has-black-color has-text-color has-medium-font-size\">(D) Insignificante ilustra\u00e7\u00e3o<\/p>\n\n\n\n<p class=\"has-black-color has-text-color has-background has-medium-font-size\" style=\"background-color:#ffedbc\"> <strong>QUEST\u00c3O 4 <\/strong><\/p>\n\n\n\n<p class=\"has-black-color has-text-color has-medium-font-size\">Na sua opini\u00e3o, qual \u00e9 a import\u00e2ncia da sele\u00e7\u00e3o vocabular na hora de criar hist\u00f3rias? Em que o cuidado com os sin\u00f4nimos pode contribuir com a escrita de um texto? <\/p>\n\n\n\n<p><\/p>\n\n\n\n<p class=\"has-text-align-center has-black-color has-text-color has-medium-font-size\"><strong>Leia o trecho a seguir para responder \u00e0s duas pr\u00f3ximas quest\u00f5es: <\/strong><\/p>\n\n\n\n<p class=\"has-black-color has-text-color has-background has-medium-font-size\" style=\"background-color:#dedede\"><em>Sabia distinguir, num relance, a China e o Arizona. <\/em><strong><em>Isso<\/em><\/strong><em> \u00e9 muito \u00fatil, quando se est\u00e1 perdido na noite.<\/em><\/p>\n\n\n\n<p class=\"has-black-color has-text-color has-background has-medium-font-size\" style=\"background-color:#ffedbc\"><strong>QUEST\u00c3O 5<\/strong><\/p>\n\n\n\n<p class=\"has-black-color has-text-color has-medium-font-size\">O termo em destaque est\u00e1 retomando qual ideia expressa na ora\u00e7\u00e3o anterior? <\/p>\n\n\n\n<p class=\"has-black-color has-text-color has-medium-font-size\">(A) Saber distinguir. <\/p>\n\n\n\n<p class=\"has-black-color has-text-color has-medium-font-size\">(B) Saber o que \u00e9 \u00fatil. <\/p>\n\n\n\n<p class=\"has-black-color has-text-color has-medium-font-size\">(C) Saber que est\u00e1 perdido. <\/p>\n\n\n\n<p class=\"has-black-color has-text-color has-medium-font-size\">(D) Voar pela China e pelo Arizona.<\/p>\n\n\n\n<p class=\"has-black-color has-text-color has-background has-medium-font-size\" style=\"background-color:#ffedbc\"><strong>QUEST\u00c3O 6<\/strong>  <\/p>\n\n\n\n<p class=\"has-black-color has-text-color has-medium-font-size\"> Qual \u00e9 o benef\u00edcio de utilizarmos pronomes retomando e substituindo termos expressos anteriormente no texto?<\/p>\n\n\n\n<hr class=\"wp-block-separator has-css-opacity\"\/>\n\n\n\n<figure class=\"wp-block-table is-style-stripes\"><table><tbody><tr><td><strong>Autoria:<\/strong><\/td><td>Marlon Santos<\/td><\/tr><tr><td><strong>Forma\u00e7\u00e3o:<\/strong><\/td><td>Letras &#8211; Portugu\u00eas<\/td><\/tr><tr><td><strong>Componente curricular:<\/strong><\/td><td>L\u00edngua Portuguesa<\/td><\/tr><tr><td><strong>Habilidades estruturantes:<\/strong><\/td><td>(EF06LP12) Utilizar, ao produzir texto, recursos de coes\u00e3o referencial (nome e pronomes), recursos sem\u00e2nticos de sinon\u00edmia, anton\u00edmia e homon\u00edmia e mecanismos de representa\u00e7\u00e3o de diferentes vozes (discurso direto e indireto).<br>(EF69LP47-A) Analisar, em textos narrativos ficcionais, as diferentes formas de composi\u00e7\u00e3o pr\u00f3prias de cada g\u00eanero, os recursos coesivos que constroem a passagem do tempo e articulam suas partes, as escolhas lexicais t\u00edpicas de cada g\u00eanero para a caracteriza\u00e7\u00e3o dos cen\u00e1rios e dos personagens e os efeitos de sentido decorrentes dos tempos verbais, dos tipos de discurso, dos verbos de enuncia\u00e7\u00e3o e das variedades lingu\u00edsticas (no discurso direto, se houver) empregados, identificando o enredo e o foco narrativo.<br>(EF07LP13) Estabelecer rela\u00e7\u00f5es entre partes do texto, identificando substitui\u00e7\u00f5es lexicais (de substantivos por sin\u00f4nimos) ou pronominais (uso de pronomes anaf\u00f3ricos \u2013 pessoais, possessivos, demonstrativos), que contribuem para a continuidade do texto.<br>(EF67LP36) Utilizar, ao produzir texto do campo Art\u00edstico-Liter\u00e1rio, recursos de coes\u00e3o referencial (l\u00e9xica e pronominal) e sequencial e outros recursos expressivos adequados ao g\u00eanero textual.<\/td><\/tr><tr><td><strong>Refer\u00eancias:<\/strong><\/td><td>GOI\u00c2NIA. Secretaria Municipal de Educa\u00e7\u00e3o. Aprender Sempre. 6\u00b0 ao 9\u00ba ano \u2013 Ensino Fundamental; L\u00edngua Portuguesa; 2\u00b0 Bimestre; Goi\u00e2nia, 2022.<\/td><\/tr><\/tbody><\/table><\/figure>\n","protected":false},"author":42,"featured_media":141225,"template":"","ef_categoria":[15,30],"ef_ano":[90],"ef_componente":[93],"class_list":["post-141219","ensino_fundamental","type-ensino_fundamental","status-publish","has-post-thumbnail","hentry","ef_categoria-ciclo-da-adolescencia-fg","ef_categoria-etica-e-cidadania-ciclo-da-adolescencia-fg","ef_ano-7o-ano","ef_componente-portugues","entry","has-media"],"acf":[],"_links":{"self":[{"href":"https:\/\/sme.goiania.go.gov.br\/conexaoescola\/wp-json\/wp\/v2\/ensino_fundamental\/141219","targetHints":{"allow":["GET"]}}],"collection":[{"href":"https:\/\/sme.goiania.go.gov.br\/conexaoescola\/wp-json\/wp\/v2\/ensino_fundamental"}],"about":[{"href":"https:\/\/sme.goiania.go.gov.br\/conexaoescola\/wp-json\/wp\/v2\/types\/ensino_fundamental"}],"author":[{"embeddable":true,"href":"https:\/\/sme.goiania.go.gov.br\/conexaoescola\/wp-json\/wp\/v2\/users\/42"}],"version-history":[{"count":3,"href":"https:\/\/sme.goiania.go.gov.br\/conexaoescola\/wp-json\/wp\/v2\/ensino_fundamental\/141219\/revisions"}],"predecessor-version":[{"id":167263,"href":"https:\/\/sme.goiania.go.gov.br\/conexaoescola\/wp-json\/wp\/v2\/ensino_fundamental\/141219\/revisions\/167263"}],"wp:featuredmedia":[{"embeddable":true,"href":"https:\/\/sme.goiania.go.gov.br\/conexaoescola\/wp-json\/wp\/v2\/media\/141225"}],"wp:attachment":[{"href":"https:\/\/sme.goiania.go.gov.br\/conexaoescola\/wp-json\/wp\/v2\/media?parent=141219"}],"wp:term":[{"taxonomy":"ef_categoria","embeddable":true,"href":"https:\/\/sme.goiania.go.gov.br\/conexaoescola\/wp-json\/wp\/v2\/ef_categoria?post=141219"},{"taxonomy":"ef_ano","embeddable":true,"href":"https:\/\/sme.goiania.go.gov.br\/conexaoescola\/wp-json\/wp\/v2\/ef_ano?post=141219"},{"taxonomy":"ef_componente","embeddable":true,"href":"https:\/\/sme.goiania.go.gov.br\/conexaoescola\/wp-json\/wp\/v2\/ef_componente?post=141219"}],"curies":[{"name":"wp","href":"https:\/\/api.w.org\/{rel}","templated":true}]}}