{"id":140574,"date":"2022-04-04T02:14:05","date_gmt":"2022-04-04T05:14:05","guid":{"rendered":"https:\/\/sme.goiania.go.gov.br\/conexaoescola\/?post_type=ensino_fundamental&#038;p=140574"},"modified":"2024-03-20T14:26:35","modified_gmt":"2024-03-20T17:26:35","slug":"arte-pintando-com-elementos-naturais-arte-rupestre","status":"publish","type":"ensino_fundamental","link":"https:\/\/sme.goiania.go.gov.br\/conexaoescola\/ensino_fundamental\/arte-pintando-com-elementos-naturais-arte-rupestre\/","title":{"rendered":"Arte &#8211; Pintando com elementos naturais: Arte Rupestre"},"content":{"rendered":"\n<p class=\"has-text-align-center has-black-color has-text-color has-background has-medium-font-size\" style=\"background-color:#ffd0ae\">Esta proposta de atividade de <strong>Arte,<\/strong> \u00e9 destinada a estudantes de <strong>1\u00ba ano<\/strong> do <strong>Ensino Fundamental.<\/strong><\/p>\n\n\n\n<div class=\"wp-block-buttons is-content-justification-center is-layout-flex wp-container-core-buttons-is-layout-16018d1d wp-block-buttons-is-layout-flex\">\n<div class=\"wp-block-button has-custom-font-size has-medium-font-size\"><a class=\"wp-block-button__link wp-element-button\" href=\"https:\/\/drive.google.com\/uc?export=download&amp;id=11ESa9BQ8VPowRUQq7eQ-Z39GSo1A50hu\">BAIXE A ATIVIDADE<\/a><\/div>\n\n\n\n<div class=\"wp-block-button has-custom-font-size has-medium-font-size\"><a class=\"wp-block-button__link wp-element-button\" href=\"https:\/\/drive.google.com\/uc?export=download&amp;id=1laSEHE9H7U25gcdjznSYcpGb7f9_Z7T4\">BAIXE OS SLIDES<\/a><\/div>\n\n\n\n<div class=\"wp-block-button has-custom-font-size has-medium-font-size\"><a class=\"wp-block-button__link wp-element-button\" href=\"https:\/\/drive.google.com\/uc?export=download&amp;id=1u6BkdWVEBs6jwcHsPcAFGcNKUFf-vKpj\">BAIXE O TEXTO<\/a><\/div>\n<\/div>\n\n\n\n<div style=\"height:17px\" aria-hidden=\"true\" class=\"wp-block-spacer\"><\/div>\n\n\n<div class=\"wp-block-image is-style-default\">\n<figure class=\"aligncenter size-large is-resized\"><img fetchpriority=\"high\" decoding=\"async\" width=\"1024\" height=\"612\" src=\"https:\/\/sme.goiania.go.gov.br\/conexaoescola\/wp-content\/uploads\/2022\/04\/4-e1649048524973-1024x612.jpg\" alt=\"\" class=\"wp-image-140577\" style=\"width:768px;height:459px\" srcset=\"https:\/\/sme.goiania.go.gov.br\/conexaoescola\/wp-content\/uploads\/2022\/04\/4-e1649048524973-1024x612.jpg 1024w, https:\/\/sme.goiania.go.gov.br\/conexaoescola\/wp-content\/uploads\/2022\/04\/4-e1649048524973-300x179.jpg 300w, https:\/\/sme.goiania.go.gov.br\/conexaoescola\/wp-content\/uploads\/2022\/04\/4-e1649048524973-768x459.jpg 768w, https:\/\/sme.goiania.go.gov.br\/conexaoescola\/wp-content\/uploads\/2022\/04\/4-e1649048524973-1536x918.jpg 1536w, https:\/\/sme.goiania.go.gov.br\/conexaoescola\/wp-content\/uploads\/2022\/04\/4-e1649048524973.jpg 1814w\" sizes=\"(max-width: 1024px) 100vw, 1024px\" \/><figcaption class=\"wp-element-caption\">Imagem de Ariadiny Morais, 2022, Pintura com elementos naturais (Caf\u00e9, Carv\u00e3o, Urucum, Sumo de Beterraba e A\u00e7afr\u00e3o)<\/figcaption><\/figure><\/div>\n\n\n<p class=\"has-medium-font-size\">VOC\u00ca SABIA QUE \u00c9 POSS\u00cdVEL PINTAR E DESENHAR COMO TEMPEROS, FLORES, FOLHAS, CARV\u00c3O\u2026<\/p>\n\n\n\n<p class=\"has-medium-font-size\">USAR ELEMENTOS DA NATUREZA PARA CRIAR E PINTAR \u00c9 ALGO QUE N\u00d3S HUMANOS FAZEMOS H\u00c1 MUITOS S\u00c9CULOS.<\/p>\n\n\n\n<p class=\"has-medium-font-size\">A MILHARES DE ANOS ATR\u00c1S OS HOMENS VIVIAM EM CAVERNAS, ABRIGOS E CA\u00c7AVAM PARA COMER. O NOME QUE SE D\u00c1 PARA ESSA PARTE DA HIST\u00d3RIA \u00c9 PR\u00c9-HIST\u00d3RIA.<\/p>\n\n\n\n<p class=\"has-medium-font-size\">POR MEIO DO DESENHO OS HOMENS SE COMUNICAVAM, DEIXAVAM UMA MENSAGEM OU EXPRESSAVAM UM SENTIMENTO.&nbsp;<\/p>\n\n\n\n<p class=\"has-medium-font-size\">PARA FAZER ESSAS PINTURAS, USAVAM OS DEDOS, PEDRAS, OSSOS, CARV\u00c3O, PLANTAS, ARGILA, SANGUE DE ANIMAIS, CLARA DE OVO\u2026 COMO MATERIAL DE PINTURA OU DESENHO.<\/p>\n\n\n\n<p class=\"has-medium-font-size\">O NOME DESTE TIPO DE DESENHO \u00c9 ARTE RUPESTRE<\/p>\n\n\n\n<p class=\"has-medium-font-size\">O TERMO ARTE RUPESTRE \u00c9 USADO PARA AS REPRESENTA\u00c7\u00d5ES ART\u00cdSTICAS PR\u00c9-HIST\u00d3RICAS REALIZADAS EM PAREDES, TETOS E OUTRAS SUPERF\u00cdCIES DE CAVERNAS E ABRIGOS ROCHOSOS, OU MESMO SOBRE SUPERF\u00cdCIES ROCHOSAS AO AR LIVRE.&nbsp;<\/p>\n\n\n\n<div style=\"height:41px\" aria-hidden=\"true\" class=\"wp-block-spacer\"><\/div>\n\n\n\n<p class=\"has-black-color has-text-color has-background has-medium-font-size\" style=\"background-color:#d9f0ff\"><strong>QUEST\u00c3O 1<\/strong><\/p>\n\n\n\n<p class=\"has-medium-font-size\">OS HOMENS DA PR\u00c9-HIST\u00d3RIA UTILIZAVAM PARA PINTAR E DESENHAR<\/p>\n\n\n\n<div class=\"wp-block-group is-vertical is-layout-flex wp-container-core-group-is-layout-8cf370e7 wp-block-group-is-layout-flex\">\n<div class=\"wp-block-group is-vertical is-layout-flex wp-container-core-group-is-layout-8cf370e7 wp-block-group-is-layout-flex\">\n<p class=\"has-medium-font-size\">A) PINC\u00c9IS E TINTA \u00d3LEO.&nbsp;<\/p>\n\n\n\n<p class=\"has-medium-font-size\">B) OSSOS, PEDRAS E SANGUES&nbsp;<\/p>\n\n\n\n<p class=\"has-medium-font-size\">C) CANETA E PAPEL<\/p>\n\n\n\n<p class=\"has-medium-font-size\">D) CANETA E GIZ<\/p>\n<\/div>\n<\/div>\n\n\n\n<p class=\"has-background has-medium-font-size\" style=\"background-color:#d9f0ff\"><strong>QUEST\u00c3O 2<\/strong><\/p>\n\n\n\n<p class=\"has-medium-font-size\">O NOME DA REPRESENTA\u00c7\u00c3O ART\u00cdSTICA PR\u00c9-HIST\u00d3RICAS FEITA EM PAREDES, TETOS E SUPERF\u00cdCIES ROCHOSAS AO AR LIVRE \u00c9 A<\/p>\n\n\n\n<div class=\"wp-block-group is-vertical is-layout-flex wp-container-core-group-is-layout-8cf370e7 wp-block-group-is-layout-flex\">\n<div class=\"wp-block-group is-vertical is-layout-flex wp-container-core-group-is-layout-8cf370e7 wp-block-group-is-layout-flex\">\n<p class=\"has-medium-font-size\">A) ARTE ANTIGA<\/p>\n\n\n\n<p class=\"has-medium-font-size\">B) ARTE PALEOL\u00cdTICA<\/p>\n\n\n\n<p class=\"has-medium-font-size\">C) ARTE PRIMITIVA<\/p>\n\n\n\n<p class=\"has-medium-font-size\">D) ARTE RUPESTRE<\/p>\n<\/div>\n<\/div>\n\n\n\n<p class=\"has-background has-medium-font-size\" style=\"background-color:#d9f0ff\"><strong>QUEST\u00c3O 3<\/strong><\/p>\n\n\n\n<p class=\"has-medium-font-size\">VOC\u00ca SABE QUAIS S\u00c3O OS DESENHOS MAIS ANTIGOS USANDO ELEMENTOS DA NATUREZA?&nbsp;<\/p>\n\n\n\n<p class=\"has-medium-font-size\">VAMOS VER O V\u00cdDEO ABAIXO: <\/p>\n\n\n\n<figure class=\"wp-block-embed is-type-video is-provider-youtube wp-block-embed-youtube wp-embed-aspect-16-9 wp-has-aspect-ratio\"><div class=\"wp-block-embed__wrapper\">\n<p class=\"responsive-video-wrap clr\"><iframe title=\"Arte Rupestre\" width=\"1200\" height=\"675\" src=\"https:\/\/www.youtube.com\/embed\/GTdpD-l_Ypc?feature=oembed\" frameborder=\"0\" allow=\"accelerometer; autoplay; clipboard-write; encrypted-media; gyroscope; picture-in-picture; web-share\" allowfullscreen><\/iframe><\/p>\n<\/div><figcaption class=\"wp-element-caption\">Canal Ariadiny Candido &#8220;ARTE RUPESTRE&#8221;. Dispon\u00edvel em: &lt;<a href=\"https:\/\/www.youtube.com\/watch?v=GTdpD-l_Ypc\">https:\/\/www.youtube.com\/watch?v=GTdpD-l_Ypc<\/a>&gt;. Acesso em: 4 abr. 2022.<\/figcaption><\/figure>\n\n\n\n<div style=\"height:41px\" aria-hidden=\"true\" class=\"wp-block-spacer\"><\/div>\n\n\n\n<p class=\"has-background has-medium-font-size\" style=\"background-color:#d9f0ff\"><strong>QUEST\u00c3O 4<\/strong><\/p>\n\n\n\n<p class=\"has-medium-font-size\">VAMOS FAZER NOSSAS PR\u00d3PRIAS TINTAS E COM ELAS PINTAR UM BELO DESENHO?&nbsp;<\/p>\n\n\n<div class=\"wp-block-image is-style-rounded\">\n<figure class=\"aligncenter size-large is-resized\"><img decoding=\"async\" width=\"1024\" height=\"384\" src=\"https:\/\/sme.goiania.go.gov.br\/conexaoescola\/wp-content\/uploads\/2022\/04\/Carvao-1-e1649047701177-1024x384.jpg\" alt=\"\" class=\"wp-image-140575\" style=\"width:512px;height:192px\" srcset=\"https:\/\/sme.goiania.go.gov.br\/conexaoescola\/wp-content\/uploads\/2022\/04\/Carvao-1-e1649047701177-1024x384.jpg 1024w, https:\/\/sme.goiania.go.gov.br\/conexaoescola\/wp-content\/uploads\/2022\/04\/Carvao-1-e1649047701177-300x113.jpg 300w, https:\/\/sme.goiania.go.gov.br\/conexaoescola\/wp-content\/uploads\/2022\/04\/Carvao-1-e1649047701177-768x288.jpg 768w, https:\/\/sme.goiania.go.gov.br\/conexaoescola\/wp-content\/uploads\/2022\/04\/Carvao-1-e1649047701177-1536x576.jpg 1536w, https:\/\/sme.goiania.go.gov.br\/conexaoescola\/wp-content\/uploads\/2022\/04\/Carvao-1-e1649047701177.jpg 1920w\" sizes=\"(max-width: 1024px) 100vw, 1024px\" \/><figcaption class=\"wp-element-caption\"> Imagem de Ariadiny Morais, 2022, Elementos naturais <\/figcaption><\/figure><\/div>\n\n\n<p class=\"has-medium-font-size\"><strong>MATERIAL:<\/strong> COLA BRANCA, A\u00c7AFR\u00c3O, CARV\u00c3O, CAF\u00c9, URUCUM, UMA FOLHA DE PAPEL (MAIS GROSSA QUE O CHAMEX) OU UM PEDA\u00c7O DE PAPEL\u00c3O. A BETERRABA TAMB\u00c9M PODE SER USADA COMO PIGMENTO. <\/p>\n\n\n\n<p class=\"has-medium-font-size\">SE QUISEREM TRA\u00c7OS MAIS FINOS PODEM USAR PINC\u00c9IS OU GRAVETOS.<\/p>\n\n\n\n<p class=\"has-medium-font-size\">PARA CADA MEDIDA DE \u00c1GUA UMA MEDIDA DE COLA BRANCA<\/p>\n\n\n<div class=\"wp-block-image is-style-rounded\">\n<figure class=\"aligncenter size-large is-resized\"><img decoding=\"async\" width=\"1024\" height=\"576\" src=\"https:\/\/sme.goiania.go.gov.br\/conexaoescola\/wp-content\/uploads\/2022\/04\/Carvao-1024x576.jpg\" alt=\"\" class=\"wp-image-140576\" style=\"width:512px;height:288px\" srcset=\"https:\/\/sme.goiania.go.gov.br\/conexaoescola\/wp-content\/uploads\/2022\/04\/Carvao-1024x576.jpg 1024w, https:\/\/sme.goiania.go.gov.br\/conexaoescola\/wp-content\/uploads\/2022\/04\/Carvao-300x169.jpg 300w, https:\/\/sme.goiania.go.gov.br\/conexaoescola\/wp-content\/uploads\/2022\/04\/Carvao-768x432.jpg 768w, https:\/\/sme.goiania.go.gov.br\/conexaoescola\/wp-content\/uploads\/2022\/04\/Carvao-1536x864.jpg 1536w, https:\/\/sme.goiania.go.gov.br\/conexaoescola\/wp-content\/uploads\/2022\/04\/Carvao.jpg 1920w\" sizes=\"(max-width: 1024px) 100vw, 1024px\" \/><figcaption class=\"wp-element-caption\">  Imagem de Ariadiny Morais, 2022, Materiais para produ\u00e7\u00e3o de Arte (Cola branca, \u00e1gua, pinceis, Caf\u00e9, Carv\u00e3o, Urucum, Sumo de Beterraba e A\u00e7afr\u00e3o) <\/figcaption><\/figure><\/div>\n\n\n<p class=\"has-medium-font-size\">PARA FINALIZAR EXPONHA AS CRIA\u00c7\u00d5ES E DIALOGUEM SOBRE ELAS!<\/p>\n\n\n\n<hr class=\"wp-block-separator has-css-opacity\"\/>\n\n\n\n<p class=\"has-background has-medium-font-size\" style=\"background-color:#d9f0ff\"><strong>SABER MAIS<\/strong><\/p>\n\n\n\n<p class=\"has-medium-font-size\">A IMPORT\u00c2NCIA DO OVO NA PINTURA E NA FOTOGRAFIA. POR PAULO VARELLA &#8211; 2020. LINK: <a rel=\"noreferrer noopener\" href=\"https:\/\/arteref.com\/arte\/curiosidades\/a-importancia-da-gema-de-ovo-na-pintura-e-na-fotografia\/\" target=\"_blank\">https:\/\/arteref.com\/arte\/curiosidades\/a-importancia-da-gema-de-ovo-na-pintura-e-na-fotografia\/<\/a><br>ARTE RUPESTRE POR: LAURA AIDAR LINK: <a rel=\"noreferrer noopener\" href=\"https:\/\/www.todamateria.com.br\/arte-rupestre\/\" target=\"_blank\">https:\/\/www.todamateria.com.br\/arte-rupestre\/<\/a><\/p>\n\n\n\n<hr class=\"wp-block-separator has-css-opacity\"\/>\n\n\n\n<figure class=\"wp-block-table aligncenter is-style-regular\" style=\"font-size:15px\"><table><tbody><tr><td><strong>Autoria:<\/strong><\/td><td>Ariadiny C\u00e2ndido Morais<\/td><\/tr><tr><td><strong>Forma\u00e7\u00e3o:<\/strong><\/td><td>Pedagoga e Mestre em Educa\u00e7\u00e3o.<\/td><\/tr><tr><td><strong>Componente Curricular<\/strong><\/td><td>Arte<\/td><\/tr><tr><td><strong>Objetivos:<\/strong><br>Contextos e Pr\u00e1ticas: Formas distintas das artes visuais tradicionais e contempor\u00e2neas locais, regionais e nacionais<br><br>Processos de Cria\u00e7\u00e3o: Sentidos plurais<\/td><td><strong>Habilidades:<br><\/strong>(GO-EF01AR01-A) Apontar, relacionar, compreender, explorar, representar e criar criticamente formas distintas das artes visuais tradicionais e contempor\u00e2neas locais, regionais e nacionais, desenvolvendo a percep\u00e7\u00e3o, o imagin\u00e1rio, a capacidade de simbolizar e valorizar o repert\u00f3rio imag\u00e9tico do cotidiano individual e coletivo.<br><br>(GO-EF01AR06) Dialogar sobre a pr\u00f3pria cria\u00e7\u00e3o e sobre a dos colegas, para alcan\u00e7ar sentidos ampliar o universo de possibilidades de se expressar criativamente em seu fazer investigativo.<\/td><\/tr><tr><td><strong>Refer\u00eancia&nbsp;<\/strong><\/td><td>Documento Curricular Para Goi\u00e1s (DC-GO). Goi\u00e2nia\/GO: CONSED\/ UNDIME Goi\u00e1s, 2018. Dispon\u00edvel em: &lt;https:\/\/cee.go.gov.br&gt;. Acesso em: 24, fev, 2022.<br><br>AIDAR, Laura. Arte Rupestre. Dispon\u00edvel em: <a href=\"https:\/\/www.todamateria.com.br\/arte-rupestre\/\">www.todamateria.com.br\/arte-rupestre\/<\/a> Acessado em 31 de mar de 2022.<br><br><a href=\"http:\/\/quasarte.blogspot.com\/\">QUASARTE<\/a>. <strong>A import\u00e2ncia da imagem no ensino da arte:<\/strong> Diferentes metodologias. Dispon\u00edvel em:&nbsp;&lt;<a href=\"http:\/\/quasarte.blogspot.com\/2007\/06\/importncia-da-imagem-no-ensino-da-arte.html#:~:text=Faz%2Dse%20imprescind%C3%ADvel%2C%20discutir%20e,de%20cada%20indiv%C3%ADduo%20em%20classe\">quasarte.blogspot.com\/2007\/06\/importncia-da-imagem-no-ensino-da-arte.html#:~:text=Faz%2Dse%20imprescind%C3%ADvel%2C%20discutir%20e,de%20cada%20indiv%C3%ADduo%20em%20classe<\/a>&gt;. Acessado em: &nbsp;26 de mar de 2022.<br><br>MORAES, Denise.<strong> Arte das cavernas.<\/strong> Dispon\u00edvel em: &lt;<a href=\"http:\/\/www.invivo.fiocruz.br\/cgi\/cgilua.exe\/sys\/start.htm?infoid=974&amp;sid=9\">www.invivo.fiocruz.br\/cgi\/cgilua.exe\/sys\/start.htm?infoid=974&amp;sid=9<\/a>&gt; Acessado em: 26 de mar de 2022.<\/td><\/tr><\/tbody><\/table><\/figure>\n","protected":false},"author":12,"featured_media":140577,"template":"","ef_categoria":[13,17],"ef_ano":[84],"ef_componente":[99],"class_list":["post-140574","ensino_fundamental","type-ensino_fundamental","status-publish","has-post-thumbnail","hentry","ef_categoria-ciclo-da-infancia-abc","ef_categoria-corpo-e-movimento","ef_ano-1o-ano","ef_componente-arte-ef","entry","has-media"],"acf":[],"_links":{"self":[{"href":"https:\/\/sme.goiania.go.gov.br\/conexaoescola\/wp-json\/wp\/v2\/ensino_fundamental\/140574","targetHints":{"allow":["GET"]}}],"collection":[{"href":"https:\/\/sme.goiania.go.gov.br\/conexaoescola\/wp-json\/wp\/v2\/ensino_fundamental"}],"about":[{"href":"https:\/\/sme.goiania.go.gov.br\/conexaoescola\/wp-json\/wp\/v2\/types\/ensino_fundamental"}],"author":[{"embeddable":true,"href":"https:\/\/sme.goiania.go.gov.br\/conexaoescola\/wp-json\/wp\/v2\/users\/12"}],"version-history":[{"count":3,"href":"https:\/\/sme.goiania.go.gov.br\/conexaoescola\/wp-json\/wp\/v2\/ensino_fundamental\/140574\/revisions"}],"predecessor-version":[{"id":179367,"href":"https:\/\/sme.goiania.go.gov.br\/conexaoescola\/wp-json\/wp\/v2\/ensino_fundamental\/140574\/revisions\/179367"}],"wp:featuredmedia":[{"embeddable":true,"href":"https:\/\/sme.goiania.go.gov.br\/conexaoescola\/wp-json\/wp\/v2\/media\/140577"}],"wp:attachment":[{"href":"https:\/\/sme.goiania.go.gov.br\/conexaoescola\/wp-json\/wp\/v2\/media?parent=140574"}],"wp:term":[{"taxonomy":"ef_categoria","embeddable":true,"href":"https:\/\/sme.goiania.go.gov.br\/conexaoescola\/wp-json\/wp\/v2\/ef_categoria?post=140574"},{"taxonomy":"ef_ano","embeddable":true,"href":"https:\/\/sme.goiania.go.gov.br\/conexaoescola\/wp-json\/wp\/v2\/ef_ano?post=140574"},{"taxonomy":"ef_componente","embeddable":true,"href":"https:\/\/sme.goiania.go.gov.br\/conexaoescola\/wp-json\/wp\/v2\/ef_componente?post=140574"}],"curies":[{"name":"wp","href":"https:\/\/api.w.org\/{rel}","templated":true}]}}