{"id":140504,"date":"2022-04-02T18:52:06","date_gmt":"2022-04-02T21:52:06","guid":{"rendered":"https:\/\/sme.goiania.go.gov.br\/conexaoescola\/?post_type=ensino_fundamental&#038;p=140504"},"modified":"2023-06-29T19:38:56","modified_gmt":"2023-06-29T22:38:56","slug":"historia-diversidade-cultural","status":"publish","type":"ensino_fundamental","link":"https:\/\/sme.goiania.go.gov.br\/conexaoescola\/ensino_fundamental\/historia-diversidade-cultural\/","title":{"rendered":"Hist\u00f3ria &#8211; Diversidade cultural"},"content":{"rendered":"\n<p class=\"has-text-align-center has-black-color has-text-color has-background has-medium-font-size\" style=\"background-color:#cad8e4\"><strong>ESTA PROPOSTA DE ATIVIDADE DE HIST\u00d3RIA\u00a0\u00c9 DESTINADA AOS ESTUDANTES<\/strong>\u00a0<strong>DO<\/strong>\u00a0<strong>5\u00ba ANO DO ENSINO FUNDAMENTAL<\/strong>.<\/p>\n\n\n\n<div class=\"wp-block-buttons is-content-justification-center is-layout-flex wp-container-core-buttons-is-layout-16018d1d wp-block-buttons-is-layout-flex\">\n<div class=\"wp-block-button\"><a class=\"wp-block-button__link wp-element-button\" href=\"https:\/\/drive.google.com\/uc?export=download&amp;id=1zqUqk-_gJWBiGVe0rWaYVAL60c5L1_OP\" target=\"_blank\" rel=\"noreferrer noopener\">BAIXE A ATIVIDADE<\/a><\/div>\n\n\n\n<div class=\"wp-block-button\"><a class=\"wp-block-button__link wp-element-button\" href=\"https:\/\/drive.google.com\/uc?export=download&amp;id=1etJRnXCmJKJncDfyeLU2F3VAvRevNeFV\" target=\"_blank\" rel=\"noreferrer noopener\">BAIXE OS SLIDES<\/a><\/div>\n\n\n\n<div class=\"wp-block-button\"><a class=\"wp-block-button__link wp-element-button\" href=\"https:\/\/drive.google.com\/uc?export=download&amp;id=1D9wBQLBrFomKQ8JgiAKkAXm8-OQgBDgE\" target=\"_blank\" rel=\"noreferrer noopener\">BAIXE O TEXTO<\/a><\/div>\n<\/div>\n\n\n\n<p class=\"has-text-align-center has-black-color has-text-color has-medium-font-size\">O Brasil \u00e9 um pa\u00eds com muita diversidade. Somos descendentes de v\u00e1rias etnias, convivendo em um mesmo territ\u00f3rio. A forma\u00e7\u00e3o do povo brasileiro s\u00f3 foi poss\u00edvel com a contribui\u00e7\u00e3o das culturas ind\u00edgena, africana e europeia. Respeitar culturas diferentes \u00e9 fundamental para que a intoler\u00e2ncia n\u00e3o tenha espa\u00e7o e possamos viver em uma sociedade pac\u00edfica.\u00a0<\/p>\n\n\n\n<p class=\"has-text-align-center has-medium-font-size\"><strong>DIVERSIDADE CULTURAL<\/strong><\/p>\n\n\n<div class=\"wp-block-image is-style-rounded\">\n<figure class=\"aligncenter size-large\"><img decoding=\"async\" src=\"https:\/\/sme.goiania.go.gov.br\/conexaoescola\/wp-content\/uploads\/2022\/04\/historia-5-ano-abril-1024x768.jpg\" alt=\"\" class=\"wp-image-140510\"\/><figcaption class=\"wp-element-caption\">Fonte: pixabay.com<\/figcaption><\/figure><\/div>\n\n\n<p class=\"has-black-color has-text-color has-background has-medium-font-size\" style=\"background-color:#d2dbe2\"><strong>QUEST\u00c3O 1<\/strong><\/p>\n\n\n\n<p class=\"has-medium-font-size\">Leia o poema \u201cPessoas s\u00e3o diferentes\u201d da escritora Ruth Rocha:<\/p>\n\n\n\n<p class=\"has-text-align-center has-medium-font-size\">S\u00e3o duas crian\u00e7as lindas<\/p>\n\n\n\n<p class=\"has-text-align-center has-medium-font-size\">Mas s\u00e3o muito diferentes!<\/p>\n\n\n\n<p class=\"has-text-align-center has-medium-font-size\">Uma \u00e9 toda desdentada,<\/p>\n\n\n\n<p class=\"has-text-align-center has-medium-font-size\">A outra \u00e9 cheia de dentes\u2026<\/p>\n\n\n\n<p class=\"has-text-align-center has-medium-font-size\">Uma anda descabelada,<\/p>\n\n\n\n<p class=\"has-text-align-center has-medium-font-size\">A outra \u00e9 cheia de pentes!<\/p>\n\n\n\n<p class=\"has-text-align-center has-medium-font-size\">Uma delas usa \u00f3culos,<\/p>\n\n\n\n<p class=\"has-text-align-center has-medium-font-size\">E a outra s\u00f3 usa lentes.<\/p>\n\n\n\n<p class=\"has-text-align-center has-medium-font-size\">Uma gosta de gelados,<\/p>\n\n\n\n<p class=\"has-text-align-center has-medium-font-size\">A outra gosta de quentes.<\/p>\n\n\n\n<p class=\"has-text-align-center has-medium-font-size\">Uma tem cabelos longos,<\/p>\n\n\n\n<p class=\"has-text-align-center has-medium-font-size\">A outra corta eles rentes.<\/p>\n\n\n\n<p class=\"has-text-align-center has-medium-font-size\">N\u00e3o queira que sejam iguais,<\/p>\n\n\n\n<p class=\"has-text-align-center has-medium-font-size\">Ali\u00e1s, nem mesmo tentes!<\/p>\n\n\n\n<p class=\"has-text-align-center has-medium-font-size\">S\u00e3o duas crian\u00e7as lindas,<\/p>\n\n\n\n<p class=\"has-text-align-center has-medium-font-size\">Mas s\u00e3o muito diferentes.<\/p>\n\n\n\n<p class=\"has-medium-font-size\">Ap\u00f3s a leitura do texto, responda as quest\u00f5es:<\/p>\n\n\n\n<p class=\"has-medium-font-size\">a) Qual a mensagem a escritora quis passar com o poema?<\/p>\n\n\n\n<p class=\"has-medium-font-size\">b) Como seria o mundo se todas as pessoas fossem iguais?<\/p>\n\n\n\n<p class=\"has-black-color has-text-color has-background has-medium-font-size\" style=\"background-color:#d2dbe2\"><strong>QUEST\u00c3O 2<\/strong><\/p>\n\n\n\n<p class=\"has-medium-font-size\">No Brasil, no dia 20 de novembro \u00e9 comemorado o dia da Consci\u00eancia Negra. Veja um cartaz de comemora\u00e7\u00e3o da data.<\/p>\n\n\n\n<p class=\"has-text-align-center\"><img fetchpriority=\"high\" decoding=\"async\" src=\"https:\/\/lh5.googleusercontent.com\/qbFhPabjx-wGUuF35akr9bbcocVvvj14ncs-bCSXOLV1cpvRy5K4HwEMYKgWQ-jG7kDfUMDYVzSr73d7AGxWPKw2hTSnfML_CkYv-H1yyTqYEMhLx6c8wuhQ6RTXOipcLlksFHWt\" width=\"488\" height=\"299\"><\/p>\n\n\n\n<p class=\"has-text-align-center has-small-font-size\">Dispon\u00edvel em http:\/\/ipero.sp.gov.br\/dia-20-de-novembro-dia-da-consciencia-negra\/. Acesso em 01 abr. 2022<\/p>\n\n\n\n<p class=\"has-medium-font-size\">O Dia da Consci\u00eancia Negra foi criado em homenagem a qual figura hist\u00f3rica?<\/p>\n\n\n\n<p class=\"has-medium-font-size\">a) Zumbi dos Palmares.<\/p>\n\n\n\n<p class=\"has-medium-font-size\">b) Pedro \u00c1lvares Cabral.<\/p>\n\n\n\n<p class=\"has-medium-font-size\">c) Pero Vaz de Caminha.<\/p>\n\n\n\n<p class=\"has-medium-font-size\">d) Princesa Isabel.<\/p>\n\n\n\n<p class=\"has-black-color has-text-color has-background has-medium-font-size\" style=\"background-color:#d2dbe2\"><strong>QUEST\u00c3O 3<\/strong><\/p>\n\n\n\n<p class=\"has-medium-font-size\">O racismo \u00e9 um problema muito grave, gerando preconceitos, dor e sofrimento nas v\u00edtimas desse tipo de crime.&nbsp;Quais atitudes podemos tomar quando presenciamos um acontecimento em que algu\u00e9m sofre racismo?<\/p>\n\n\n\n<p class=\"has-black-color has-text-color has-background has-medium-font-size\" style=\"background-color:#d2dbe2\"><strong>QUEST\u00c3O <\/strong>4<\/p>\n\n\n\n<p class=\"has-medium-font-size\">Assinale a alternativa que se refere a express\u00e3o da identidade de um grupo de pessoas que possuem v\u00e1rios elementos ou caracter\u00edsticas em comum, como l\u00edngua,&nbsp; cultura, hist\u00f3ria, valores e semelhan\u00e7as f\u00edsicas:<\/p>\n\n\n\n<p class=\"has-medium-font-size\">a) popula\u00e7\u00e3o.<\/p>\n\n\n\n<p class=\"has-medium-font-size\">b) etnia.<\/p>\n\n\n\n<p class=\"has-medium-font-size\">c) pluralismo.<\/p>\n\n\n\n<p class=\"has-medium-font-size\">d) etarismo.<\/p>\n\n\n\n<p class=\"has-black-color has-text-color has-background has-medium-font-size\" style=\"background-color:#d2dbe2\"><strong>SAIBA MAIS<\/strong><\/p>\n\n\n\n<figure class=\"wp-block-embed is-type-video is-provider-youtube wp-block-embed-youtube wp-embed-aspect-4-3 wp-has-aspect-ratio\"><div class=\"wp-block-embed__wrapper\">\n<p class=\"responsive-video-wrap clr\"><iframe title=\"Racismo\" width=\"1200\" height=\"900\" src=\"https:\/\/www.youtube.com\/embed\/0Yz5xTsI9Jk?feature=oembed\" frameborder=\"0\" allow=\"accelerometer; autoplay; clipboard-write; encrypted-media; gyroscope; picture-in-picture; web-share\" allowfullscreen><\/iframe><\/p>\n<\/div><figcaption class=\"wp-element-caption\">Canal Lorena Guimar\u00e3es de Oliveira \u201cRacismo\u201d. https:\/\/www.youtube.com\/watch?v=0Yz5xTsI9Jk  Acesso em 27 mar 2022<\/figcaption><\/figure>\n\n\n\n<figure class=\"wp-block-table is-style-stripes\"><table><tbody><tr><td><strong>Autoria:<\/strong><\/td><td>Lorena Guimar\u00e3es<\/td><\/tr><tr><td><strong>Forma\u00e7\u00e3o:<\/strong><\/td><td>Formada em Pedagogia e Letras<\/td><\/tr><tr><td><strong>Componente<\/strong>:<\/td><td>Hist\u00f3ria<\/td><\/tr><tr><td><strong>Habilidade<\/strong>:<\/td><td>(GO-EF05HI02-B) Reconhecer e valorizar a diversidade e a pluralidade cultural, \u00e9tnico-racial brasileira, demonstrando a import\u00e2ncia do respeito e a valoriza\u00e7\u00e3o das diferen\u00e7as, na perspectiva\u00a0 de desconstruir e eliminar estere\u00f3tipos e preconceitos.<\/td><\/tr><tr><td><strong>Refer\u00eancias:<\/strong><\/td><td><br>CONTROLADORIA GERAL DA UNI\u00c3O. Turma da M\u00f4nica \u2013 Povo Brasileiro. Dispon\u00edvel em: https:\/\/www.youtube.com\/watch?v=BUsJFsz8GQY . Acesso em 30 mar. 2022.<br><br>GOI\u00c1S. Documento Curricular para Goi\u00e1s \u2013 Ampliado. Volume II. Ensino Fundamental Anos Finais. CONSED; UNDIME, 2018. 433 p. Dispon\u00edvel em &lt;<a href=\"https:\/\/sme.goiania.go.gov.br\/site\/index.php\/institucional\/documentos-oficiais-2\/category\/27-documentos-gerais&amp;gt&amp;gt\">sme.goiania.go.gov.br\/site\/index.php\/institucional\/documentos-oficiais-2\/category\/27-documentos-gerais&amp;gt&amp;gt<\/a>;. Acesso em 23\/03\/2023.<br><br>GOI\u00c1S. Documento Curricular para Goi\u00e1s \u2013 Ampliado. Cortes Temporais. CONSED; UNDIME, 2019. p. 143. Dispon\u00edvel em: &lt;<a href=\"https:\/\/sme.goiania.go.gov.br\/site\/index.php\/institucional\/documentos-oficiais-2\">sme.goiania.go.gov.br\/site\/index.php\/institucional\/documentos-oficiais-2 >\u00a0<\/a>. Acesso em 23\/03\/2023.<br><br>MINIST\u00c9RIO DA EDUCA\u00c7\u00c3O. Pluralidade Cultural. Dispon\u00edvel em http:\/\/portal.mec.gov.br\/seb\/arquivos\/pdf\/pluralidade.pdf. Acesso em 30 mar. 2022.<br><br>MINIST\u00c9RIO DA JUSTI\u00c7A E CIDADANIA. Racismo \u00e9 crime. Dispon\u00edvel em https:\/\/www.gov.br\/mdh\/pt-br\/centrais-de-conteudo\/igualdade-racial\/cartilha-racismo-e-crime-denuncie. Acesso em 30 mar. 2022.<br><br>ORGANIZA\u00c7\u00c3O DAS NA\u00c7\u00d5ES UNIDAS. 21 de maio, Dia Mundial da Diversidade Cultural para o Di\u00e1logo e o Desenvolvimento. Dispon\u00edvel em: https:\/\/brasil.un.org\/pt-br\/127282-21-de-maio-dia-mundial-da-diversidade-cultural-para-o-dialogo-e-o-desenvolvimento#:~:text=Em%2021%20de%20maio%20as,o%20Di%C3%A1logo%20e%20o%20Desenvolvimento.Acesso em 30 mar. 2022.<br><\/td><\/tr><\/tbody><\/table><\/figure>\n","protected":false},"author":59,"featured_media":140510,"template":"","ef_categoria":[13,20],"ef_ano":[88],"ef_componente":[95],"class_list":["post-140504","ensino_fundamental","type-ensino_fundamental","status-publish","has-post-thumbnail","hentry","ef_categoria-ciclo-da-infancia-abc","ef_categoria-etica-e-cidadania","ef_ano-5o-ano","ef_componente-historia","entry","has-media"],"acf":[],"_links":{"self":[{"href":"https:\/\/sme.goiania.go.gov.br\/conexaoescola\/wp-json\/wp\/v2\/ensino_fundamental\/140504","targetHints":{"allow":["GET"]}}],"collection":[{"href":"https:\/\/sme.goiania.go.gov.br\/conexaoescola\/wp-json\/wp\/v2\/ensino_fundamental"}],"about":[{"href":"https:\/\/sme.goiania.go.gov.br\/conexaoescola\/wp-json\/wp\/v2\/types\/ensino_fundamental"}],"author":[{"embeddable":true,"href":"https:\/\/sme.goiania.go.gov.br\/conexaoescola\/wp-json\/wp\/v2\/users\/59"}],"version-history":[{"count":1,"href":"https:\/\/sme.goiania.go.gov.br\/conexaoescola\/wp-json\/wp\/v2\/ensino_fundamental\/140504\/revisions"}],"predecessor-version":[{"id":165903,"href":"https:\/\/sme.goiania.go.gov.br\/conexaoescola\/wp-json\/wp\/v2\/ensino_fundamental\/140504\/revisions\/165903"}],"wp:featuredmedia":[{"embeddable":true,"href":"https:\/\/sme.goiania.go.gov.br\/conexaoescola\/wp-json\/wp\/v2\/media\/140510"}],"wp:attachment":[{"href":"https:\/\/sme.goiania.go.gov.br\/conexaoescola\/wp-json\/wp\/v2\/media?parent=140504"}],"wp:term":[{"taxonomy":"ef_categoria","embeddable":true,"href":"https:\/\/sme.goiania.go.gov.br\/conexaoescola\/wp-json\/wp\/v2\/ef_categoria?post=140504"},{"taxonomy":"ef_ano","embeddable":true,"href":"https:\/\/sme.goiania.go.gov.br\/conexaoescola\/wp-json\/wp\/v2\/ef_ano?post=140504"},{"taxonomy":"ef_componente","embeddable":true,"href":"https:\/\/sme.goiania.go.gov.br\/conexaoescola\/wp-json\/wp\/v2\/ef_componente?post=140504"}],"curies":[{"name":"wp","href":"https:\/\/api.w.org\/{rel}","templated":true}]}}