{"id":140494,"date":"2022-04-02T18:27:11","date_gmt":"2022-04-02T21:27:11","guid":{"rendered":"https:\/\/sme.goiania.go.gov.br\/conexaoescola\/?post_type=ensino_fundamental&#038;p=140494"},"modified":"2023-08-14T13:23:43","modified_gmt":"2023-08-14T16:23:43","slug":"historia-migracao","status":"publish","type":"ensino_fundamental","link":"https:\/\/sme.goiania.go.gov.br\/conexaoescola\/ensino_fundamental\/historia-migracao\/","title":{"rendered":"Hist\u00f3ria &#8211; Migra\u00e7\u00e3o"},"content":{"rendered":"\n<p class=\"has-text-align-center has-black-color has-text-color has-background has-medium-font-size\" style=\"background-color:#cad8e4\"><strong>ESTA PROPOSTA DE ATIVIDADE DE HIST\u00d3RIA&nbsp;\u00c9 DESTINADA AOS ESTUDANTES<\/strong>&nbsp;<strong>DO<\/strong>&nbsp;<strong>4\u00ba  ANO DO ENSINO FUNDAMENTAL<\/strong>.<\/p>\n\n\n\n<div class=\"wp-block-buttons is-content-justification-center is-layout-flex wp-container-core-buttons-is-layout-16018d1d wp-block-buttons-is-layout-flex\">\n<div class=\"wp-block-button\"><a class=\"wp-block-button__link wp-element-button\" href=\"https:\/\/drive.google.com\/uc?export=download&amp;id=1L7o-hs7RsXeauu4bKKcacG1_rS8j9MhW\" target=\"_blank\" rel=\"noreferrer noopener\">BAIXE A ATIVIDADE<\/a><\/div>\n\n\n\n<div class=\"wp-block-button\"><a class=\"wp-block-button__link wp-element-button\" href=\"https:\/\/drive.google.com\/uc?export=download&amp;id=1tpEWqakuVldR3QRjzWAUVkiZMnJyE_LT\" target=\"_blank\" rel=\"noreferrer noopener\">BAIXE OS SLIDES<\/a><\/div>\n\n\n\n<div class=\"wp-block-button\"><a class=\"wp-block-button__link wp-element-button\" href=\"https:\/\/drive.google.com\/uc?export=download&amp;id=1QofRi2VTncR53SRRddAaptSwzcWt3xxk\" target=\"_blank\" rel=\"noreferrer noopener\">BAIXE O TEXTO<\/a><\/div>\n<\/div>\n\n\n\n<p class=\"has-text-align-center has-black-color has-text-color has-medium-font-size\">O ser humano, ao longo de sua hist\u00f3ria realizou movimentos migrat\u00f3rios. O deslocamento das popula\u00e7\u00f5es ocorrem em raz\u00e3o de fen\u00f4menos como altera\u00e7\u00f5es clim\u00e1ticas, conflitos, guerras e busca de melhoria nas condi\u00e7\u00f5es de vida. Os migrantes merecem respeito e atitudes preconceituosas devem ser condenadas.<\/p>\n\n\n\n<p class=\"has-text-align-center has-medium-font-size\"><strong>MIGRA\u00c7\u00c3O<\/strong><\/p>\n\n\n<div class=\"wp-block-image\">\n<figure class=\"aligncenter size-full\"><img decoding=\"async\" src=\"https:\/\/sme.goiania.go.gov.br\/conexaoescola\/wp-content\/uploads\/2022\/04\/migracao-1.jpg\" alt=\"\" class=\"wp-image-140496\"\/><figcaption class=\"wp-element-caption\">Fonte: Dispon\u00edvel em: https:\/\/www.flickr.com\/photos\/casacivilbr\/40996594505.Acesso em 30 mar. 2022<\/figcaption><\/figure><\/div>\n\n\n<p class=\"has-medium-font-size\">O fen\u00f4meno da migra\u00e7\u00e3o ocorre quando h\u00e1 o deslocamento de pessoas com o objetivo de se estabelecerem em outras localidades.<\/p>\n\n\n\n<p class=\"has-medium-font-size\">A migra\u00e7\u00e3o \u00e9 muito comum ao longo da hist\u00f3ria humana e pode ocorrer por diferentes motivos:<\/p>\n\n\n\n<ul class=\"wp-block-list\">\n<li class=\"has-medium-font-size\">fuga de \u00e1reas conflituosas ou em guerras;<\/li>\n\n\n\n<li class=\"has-medium-font-size\">fuga de pessoas por persegui\u00e7\u00e3o pol\u00edtica;<\/li>\n\n\n\n<li class=\"has-medium-font-size\">desastres ambientais e mudan\u00e7as clim\u00e1ticas e<\/li>\n\n\n\n<li class=\"has-medium-font-size\">busca de empregos.&nbsp;<\/li>\n<\/ul>\n\n\n\n<p class=\"has-medium-font-size\">As guerras podem gerar devasta\u00e7\u00e3o nos locais em que ocorrem, impedindo que pessoas habitem a regi\u00e3o. Muitas vezes os habitantes de regi\u00f5es conflituosas s\u00e3o obrigados a sa\u00edrem de suas moradias e fogem para outros pa\u00edses. Ao chegarem no novo destino encontram dificuldades com a l\u00edngua, falta de emprego e diferen\u00e7as culturais. Hoje, infelizmente, h\u00e1 milh\u00f5es de refugiados de guerras espalhados pelo mundo.&nbsp;<\/p>\n\n\n\n<p class=\"has-medium-font-size\">A migra\u00e7\u00e3o de m\u00e3o-de-obra \u00e9 muito comum e \u00e9 caracterizada pelo deslocamento que ocorre na busca de emprego e, assim, conseguir melhores condi\u00e7\u00f5es de vida.&nbsp;<\/p>\n\n\n\n<p class=\"has-medium-font-size\">A intensifica\u00e7\u00e3o das mudan\u00e7as clim\u00e1ticas e dos desastres ambientais t\u00eam elevado consideravelmente os movimentos de migra\u00e7\u00e3o. Algumas regi\u00f5es do planeta, como ilhas existentes no Oceano Pac\u00edfico correm o risco de desaparecer pelo alagamento em raz\u00e3o do aumento dos n\u00edveis do oceano.&nbsp;<\/p>\n\n\n\n<p class=\"has-medium-font-size\">Os migrantes merecem respeito e atitudes de discrimina\u00e7\u00e3o contra pessoas vindas de outro lugar devem ser combatidas e punidas.<\/p>\n\n\n\n<p class=\"has-text-align-center has-medium-font-size\"><strong>AGORA \u00c9 COM VOC\u00caS, VAMOS RESPONDER ALGUMAS QUEST\u00d5ES?<\/strong><\/p>\n\n\n\n<p class=\"has-black-color has-text-color has-background has-medium-font-size\" style=\"background-color:#d2dbe2\"><strong>QUEST\u00c3O 1<\/strong><\/p>\n\n\n\n<p class=\"has-black-color has-text-color has-medium-font-size\">Leia a letra da m\u00fasica \u201cAsa Branca\u201d de Luiz Gonzaga, que mostra os sentimentos de um migrante e sua rela\u00e7\u00e3o com \u00e0 terra de origem:<\/p>\n\n\n\n<p class=\"has-text-align-center\">Quando olhei a terra ardendo<\/p>\n\n\n\n<p class=\"has-text-align-center\">Qual fogueira de S\u00e3o Jo\u00e3o<\/p>\n\n\n\n<p class=\"has-text-align-center\">Eu perguntei a Deus do c\u00e9u, ai<\/p>\n\n\n\n<p class=\"has-text-align-center\">Por que tamanha judia\u00e7\u00e3o<\/p>\n\n\n\n<p class=\"has-text-align-center\">Eu perguntei a Deus do c\u00e9u, ai<\/p>\n\n\n\n<p class=\"has-text-align-center\">Por que tamanha judia\u00e7\u00e3o.<\/p>\n\n\n\n<p><\/p>\n\n\n\n<p class=\"has-text-align-center\">Quando olhei a terra ardendo<\/p>\n\n\n\n<p class=\"has-text-align-center\">Qual fogueira de S\u00e3o Jo\u00e3o<\/p>\n\n\n\n<p class=\"has-text-align-center\">Eu perguntei a Deus do c\u00e9u, ai<\/p>\n\n\n\n<p class=\"has-text-align-center\">Por que tamanha judia\u00e7\u00e3o.<\/p>\n\n\n\n<p class=\"has-text-align-center\">Eu perguntei a Deus do c\u00e9u, ai<\/p>\n\n\n\n<p class=\"has-text-align-center\">Por que tamanha judia\u00e7\u00e3o.<\/p>\n\n\n\n<p><\/p>\n\n\n\n<p class=\"has-text-align-center\">Que braseiro, que fornaia<\/p>\n\n\n\n<p class=\"has-text-align-center\">Nem um p\u00e9 de planta\u00e7\u00e3o<\/p>\n\n\n\n<p class=\"has-text-align-center\">Por falta d&#8217;\u00e1gua perdi meu gado<\/p>\n\n\n\n<p class=\"has-text-align-center\">Morreu de sede meu alaz\u00e3o<\/p>\n\n\n\n<p><\/p>\n\n\n\n<p class=\"has-text-align-center\">Por farta d&#8217;\u00e1gua perdi meu gado<\/p>\n\n\n\n<p class=\"has-text-align-center\">Morreu de sede meu alaz\u00e3o<\/p>\n\n\n\n<p class=\"has-text-align-center\">Int\u00e9 mesmo a asa branca<\/p>\n\n\n\n<p class=\"has-text-align-center\">Bateu asas do sert\u00e3o<\/p>\n\n\n\n<p><\/p>\n\n\n\n<p class=\"has-text-align-center\">Entonce eu disse, adeus Rosinha<\/p>\n\n\n\n<p class=\"has-text-align-center\">Guarda contigo meu cora\u00e7\u00e3o<\/p>\n\n\n\n<p class=\"has-text-align-center\">Entonce eu disse, adeus Rosinha<\/p>\n\n\n\n<p class=\"has-text-align-center\">Guarda contigo meu cora\u00e7\u00e3o<\/p>\n\n\n\n<p><\/p>\n\n\n\n<p class=\"has-text-align-center\">Hoje longe, muitas l\u00e9gua<\/p>\n\n\n\n<p class=\"has-text-align-center\">Numa triste solid\u00e3o<\/p>\n\n\n\n<p class=\"has-text-align-center\">Espero a chuva cair de novo<\/p>\n\n\n\n<p class=\"has-text-align-center\">Pra mim vortar ai pro meu sert\u00e3o<\/p>\n\n\n\n<p class=\"has-text-align-center\">Espero a chuva cair de novo<\/p>\n\n\n\n<p class=\"has-text-align-center\">Pra mim vortar ai pro meu sert\u00e3o.<\/p>\n\n\n\n<p><\/p>\n\n\n\n<p class=\"has-text-align-center\">Quando o verde dos teus olhos<\/p>\n\n\n\n<p class=\"has-text-align-center\">Se espalhar na planta\u00e7\u00e3o<\/p>\n\n\n\n<p class=\"has-text-align-center\">Eu te asseguro n\u00e3o chore n\u00e3o, viu<\/p>\n\n\n\n<p class=\"has-text-align-center\">Que eu voltarei, viu<\/p>\n\n\n\n<p class=\"has-text-align-center\">Meu cora\u00e7\u00e3o<\/p>\n\n\n\n<p class=\"has-text-align-center has-small-font-size\"><\/p>\n\n\n\n<p class=\"has-medium-font-size\">a) Por quais motivos o personagem decidiu migrar?<\/p>\n\n\n\n<p class=\"has-medium-font-size\">b) O personagem principal da letra pretende retornar \u00e0 sua terra de origem? Como voc\u00ea chegou a essa conclus\u00e3o?<\/p>\n\n\n\n<p class=\"has-black-color has-text-color has-background has-medium-font-size\" style=\"background-color:#d2dbe2\"><strong>QUEST\u00c3O 2<\/strong><\/p>\n\n\n\n<p class=\"has-medium-font-size\">Observe imagens de pessoas que tiveram que migrar em raz\u00e3o de conflitos e guerras:<\/p>\n\n\n\n<p class=\"has-text-align-center\"><img fetchpriority=\"high\" decoding=\"async\" src=\"https:\/\/lh5.googleusercontent.com\/xkvA2KzzSla188dYpDn-WDqmjgr92FS1HAR1a3ErokCZJ-tD7HEhiTbX1nn3LLvJEgRnJVERVDEpJX9GHyjHSSoYGHmjrnsD1EcCG3QPa41xmfy13CaMbWX7n3Eumhl5jVba7iq8\" width=\"624\" height=\"416\"><\/p>\n\n\n\n<p class=\"has-text-align-center has-small-font-size\">Dispon\u00edvel em:https:\/\/www.flickr.com\/photos\/acnurlasamericas\/7029634489. Acesso em 30 mar. 2022<\/p>\n\n\n\n<p class=\"has-text-align-center\"><img decoding=\"async\" src=\"https:\/\/lh5.googleusercontent.com\/OxzsIY5nlsJrbmT9Oh5W_Ise8lNAf1n7W6xoFMP3c6map5V0iNQq1rbCeROGpVIAFtL7x7SiM3m6HRLPTHh5hso97CFjxqrer3PwT85mxCVObz26LA0hvwZ2OsPQ-nEJd1VdzLaI\" width=\"636\" height=\"442\"><\/p>\n\n\n\n<p class=\"has-text-align-center has-small-font-size\">Dispon\u00edvel em: https:\/\/pixabay.com\/pt\/photos\/crise-de-refugiados-idomeni-gr%C3%A9cia-4778969\/. Acesso em 30 mar. 2022<\/p>\n\n\n\n<p class=\"has-medium-font-size\">As guerras e conflitos trazem dor e sofrimento para a popula\u00e7\u00e3o que vive nos locais afetados. Assim, a migra\u00e7\u00e3o acaba ocorrendo na inten\u00e7\u00e3o de se fugir da viol\u00eancia.<\/p>\n\n\n\n<p class=\"has-medium-font-size\">Redija uma mensagem para os refugiados de guerra, solidarizando-se com a situa\u00e7\u00e3o em que se encontram.<\/p>\n\n\n\n<p class=\"has-black-color has-text-color has-background has-medium-font-size\" style=\"background-color:#d2dbe2\"><strong>QUEST\u00c3O 3<\/strong><\/p>\n\n\n\n<p class=\"has-medium-font-size\">Os movimentos migrat\u00f3rios possibilitam uma intensa e importante troca cultural entre os povos.&nbsp;<\/p>\n\n\n\n<p class=\"has-medium-font-size\">A migra\u00e7\u00e3o de pessoas que ocorre por busca de trabalho \u00e9 chamada de:<\/p>\n\n\n\n<p class=\"has-medium-font-size\">a) migra\u00e7\u00e3o de m\u00e3o-de-obra.<\/p>\n\n\n\n<p class=\"has-medium-font-size\">b) migra\u00e7\u00e3o de sazonalidade.<\/p>\n\n\n\n<p class=\"has-medium-font-size\">c) migra\u00e7\u00e3o clim\u00e1tica.<\/p>\n\n\n\n<p class=\"has-medium-font-size\">d) migra\u00e7\u00e3o de conflito.<\/p>\n\n\n\n<p class=\"has-black-color has-text-color has-background has-medium-font-size\" style=\"background-color:#d2dbe2\"><strong>QUEST\u00c3O 4<\/strong><\/p>\n\n\n\n<p class=\"has-medium-font-size\">Ao longo da hist\u00f3ria, v\u00e1rios acontecimentos provocaram movimentos migrat\u00f3rios intensos.&nbsp;<\/p>\n\n\n\n<p class=\"has-medium-font-size\">Assinale a alternativa que representa um evento na hist\u00f3ria que trouxe como consequ\u00eancia um grandioso movimento migrat\u00f3rio:<\/p>\n\n\n\n<p class=\"has-medium-font-size\">a) Revolta Constitucionalista.<\/p>\n\n\n\n<p class=\"has-medium-font-size\">b) Segunda Guerra Mundial.&nbsp;<\/p>\n\n\n\n<p class=\"has-medium-font-size\">c) Proclama\u00e7\u00e3o da Rep\u00fablica do Brasil.<\/p>\n\n\n\n<p class=\"has-medium-font-size\">d) Inconfid\u00eancia Mineira.<\/p>\n\n\n\n<p class=\"has-black-color has-text-color has-background has-medium-font-size\" style=\"background-color:#d2dbe2\"><strong>SAIBA MAIS<\/strong><\/p>\n\n\n\n<p class=\"has-medium-font-size\">DEPOIMENTOS<\/p>\n\n\n\n<figure class=\"wp-block-embed is-type-video is-provider-youtube wp-block-embed-youtube wp-embed-aspect-4-3 wp-has-aspect-ratio\"><div class=\"wp-block-embed__wrapper\">\n<p class=\"responsive-video-wrap clr\"><iframe title=\"Migra\u00e7\u00e3o - Depoimento 1\" width=\"1200\" height=\"900\" src=\"https:\/\/www.youtube.com\/embed\/iHXjkJPvUgo?feature=oembed\" frameborder=\"0\" allow=\"accelerometer; autoplay; clipboard-write; encrypted-media; gyroscope; picture-in-picture; web-share\" allowfullscreen><\/iframe><\/p>\n<\/div><figcaption class=\"wp-element-caption\">Canal Lorena Guimar\u00e3es de Oliveira \u201cMigra\u00e7\u00e3o &#8211; Depoimento 1\u201d. https:\/\/www.youtube.com\/watch?v=iHXjkJPvUgo Acesso em 27 mar 2022<\/figcaption><\/figure>\n\n\n\n<figure class=\"wp-block-embed is-type-video is-provider-youtube wp-block-embed-youtube wp-embed-aspect-4-3 wp-has-aspect-ratio\"><div class=\"wp-block-embed__wrapper\">\n<p class=\"responsive-video-wrap clr\"><iframe title=\"Migra\u00e7\u00e3o - Depoimento 2\" width=\"1200\" height=\"900\" src=\"https:\/\/www.youtube.com\/embed\/LcCFQS179gQ?feature=oembed\" frameborder=\"0\" allow=\"accelerometer; autoplay; clipboard-write; encrypted-media; gyroscope; picture-in-picture; web-share\" allowfullscreen><\/iframe><\/p>\n<\/div><figcaption class=\"wp-element-caption\"><br>Canal Lorena Guimar\u00e3es de Oliveira \u201cMigra\u00e7\u00e3o &#8211; Depoimento 2\u201d. https:\/\/youtu.be\/LcCFQS179gQ Acesso em 27 mar 2022<\/figcaption><\/figure>\n\n\n\n<figure class=\"wp-block-embed is-type-video is-provider-youtube wp-block-embed-youtube wp-embed-aspect-4-3 wp-has-aspect-ratio\"><div class=\"wp-block-embed__wrapper\">\n<p class=\"responsive-video-wrap clr\"><iframe title=\"Migra\u00e7\u00e3o - Depoimento 3\" width=\"1200\" height=\"900\" src=\"https:\/\/www.youtube.com\/embed\/oHEjdVW3Qeg?feature=oembed\" frameborder=\"0\" allow=\"accelerometer; autoplay; clipboard-write; encrypted-media; gyroscope; picture-in-picture; web-share\" allowfullscreen><\/iframe><\/p>\n<\/div><figcaption class=\"wp-element-caption\"> Canal Lorena Guimar\u00e3es de Oliveira \u201cMigra\u00e7\u00e3o &#8211; Depoimento 3\u201d. https:\/\/youtu.be\/oHEjdVW3Qeg  Acesso em 27 mar 2022 <\/figcaption><\/figure>\n\n\n\n<figure class=\"wp-block-table is-style-stripes\"><table><tbody><tr><td><strong>Autoria:<\/strong><\/td><td>Lorena Guimar\u00e3es<\/td><\/tr><tr><td><strong>Forma\u00e7\u00e3o:<\/strong><\/td><td>Formada em Pedagogia e Letras<\/td><\/tr><tr><td><strong>Componente<\/strong>:<\/td><td>Hist\u00f3ria<\/td><\/tr><tr><td><strong>Habilidade<\/strong>:<\/td><td>(EF04HI11) Analisar, na sociedade em que vive, a exist\u00eancia ou n\u00e3o de mudan\u00e7as associadas \u00e0 migra\u00e7\u00e3o (interna e internacional).<\/td><\/tr><tr><td><strong>Refer\u00eancias:<\/strong><\/td><td>DI\u00c1RIO DO ESTADO. 10 festas populares e tradicionais goianas. Dispon\u00edvel em: &nbsp;<a href=\"https:\/\/diariodoestadogo.com.br\/10-festas-populares-e-tradicionais-goianas-122375\/\">https:\/\/diariodoestadogo.com.br\/10-festas-populares-e-tradicionais-goianas-122375\/<\/a>. Acesso em 21 jun. 2023.<br><br>GOI\u00c1S. Documento Curricular para Goi\u00e1s \u2013 Ampliado. Volume II. Ensino Fundamental Anos Finais. CONSED; UNDIME, 2018. 433 p. Dispon\u00edvel em &lt;<a href=\"https:\/\/sme.goiania.go.gov.br\/site\/index.php\/institucional\/documentos-oficiais-2\/category\/27-documentos-gerais&amp;gt&amp;gt\">sme.goiania.go.gov.br\/site\/index.php\/institucional\/documentos-oficiais-2\/category\/27-documentos-gerais&amp;gt&amp;gt<\/a>;. Acesso em 23\/03\/2023.<br><br>GOI\u00c1S. Documento Curricular para Goi\u00e1s \u2013 Ampliado. Cortes Temporais. CONSED; UNDIME, 2019. p. 143. Dispon\u00edvel em: &lt;<a href=\"https:\/\/sme.goiania.go.gov.br\/site\/index.php\/institucional\/documentos-oficiais-2\">sme.goiania.go.gov.br\/site\/index.php\/institucional\/documentos-oficiais-2 &gt;&nbsp;<\/a>. Acesso em 23\/03\/2023.<br><br>PIREN\u00d3POLIS. As Cavalhadas de Piren\u00f3polis. Dispon\u00edvel em:&nbsp;<a href=\"https:\/\/pirenopolis.tur.br\/cultura\/folclore\/festa-do-divino\/cavalhadas\">https:\/\/pirenopolis.tur.br\/cultura\/folclore\/festa-do-divino\/cavalhadas<\/a>&nbsp;Acesso em 21 jun. 2023.<br><br>RECORD TV GOI\u00c1S. Cavalhadas re\u00fanem milhares de pessoas. Dispon\u00edvel em:&nbsp;<a href=\"https:\/\/www.youtube.com\/watch?v=SmcjT9y_t3w\">https:\/\/www.youtube.com\/watch?v=SmcjT9y_t3w<\/a>. Acesso em 21 jun. 2023.<br><br>TV BRASIL. Tradi\u00e7\u00e3o de 270 anos, prociss\u00e3o do Fogar\u00e9u re\u00fane 50 mil em Goi\u00e1s.&nbsp; Dispon\u00edvel em:&nbsp;<a href=\"https:\/\/www.youtube.com\/watch?v=nPVizcVd8Ak\">https:\/\/www.youtube.com\/watch?v=nPVizcVd8Ak<\/a>. Acesso em 21 jun. 2023.<\/td><\/tr><\/tbody><\/table><\/figure>\n\n\n\n<p><\/p>\n","protected":false},"author":59,"featured_media":140496,"template":"","ef_categoria":[13,20],"ef_ano":[87],"ef_componente":[95],"class_list":["post-140494","ensino_fundamental","type-ensino_fundamental","status-publish","has-post-thumbnail","hentry","ef_categoria-ciclo-da-infancia-abc","ef_categoria-etica-e-cidadania","ef_ano-4o-ano","ef_componente-historia","entry","has-media"],"acf":[],"_links":{"self":[{"href":"https:\/\/sme.goiania.go.gov.br\/conexaoescola\/wp-json\/wp\/v2\/ensino_fundamental\/140494","targetHints":{"allow":["GET"]}}],"collection":[{"href":"https:\/\/sme.goiania.go.gov.br\/conexaoescola\/wp-json\/wp\/v2\/ensino_fundamental"}],"about":[{"href":"https:\/\/sme.goiania.go.gov.br\/conexaoescola\/wp-json\/wp\/v2\/types\/ensino_fundamental"}],"author":[{"embeddable":true,"href":"https:\/\/sme.goiania.go.gov.br\/conexaoescola\/wp-json\/wp\/v2\/users\/59"}],"version-history":[{"count":3,"href":"https:\/\/sme.goiania.go.gov.br\/conexaoescola\/wp-json\/wp\/v2\/ensino_fundamental\/140494\/revisions"}],"predecessor-version":[{"id":167361,"href":"https:\/\/sme.goiania.go.gov.br\/conexaoescola\/wp-json\/wp\/v2\/ensino_fundamental\/140494\/revisions\/167361"}],"wp:featuredmedia":[{"embeddable":true,"href":"https:\/\/sme.goiania.go.gov.br\/conexaoescola\/wp-json\/wp\/v2\/media\/140496"}],"wp:attachment":[{"href":"https:\/\/sme.goiania.go.gov.br\/conexaoescola\/wp-json\/wp\/v2\/media?parent=140494"}],"wp:term":[{"taxonomy":"ef_categoria","embeddable":true,"href":"https:\/\/sme.goiania.go.gov.br\/conexaoescola\/wp-json\/wp\/v2\/ef_categoria?post=140494"},{"taxonomy":"ef_ano","embeddable":true,"href":"https:\/\/sme.goiania.go.gov.br\/conexaoescola\/wp-json\/wp\/v2\/ef_ano?post=140494"},{"taxonomy":"ef_componente","embeddable":true,"href":"https:\/\/sme.goiania.go.gov.br\/conexaoescola\/wp-json\/wp\/v2\/ef_componente?post=140494"}],"curies":[{"name":"wp","href":"https:\/\/api.w.org\/{rel}","templated":true}]}}