{"id":140392,"date":"2022-04-01T16:41:31","date_gmt":"2022-04-01T19:41:31","guid":{"rendered":"https:\/\/sme.goiania.go.gov.br\/conexaoescola\/?post_type=ensino_fundamental&#038;p=140392"},"modified":"2024-10-29T08:58:36","modified_gmt":"2024-10-29T11:58:36","slug":"gedis-ml-de-al","status":"publish","type":"ensino_fundamental","link":"https:\/\/sme.goiania.go.gov.br\/conexaoescola\/ensino_fundamental\/gedis-ml-de-al\/","title":{"rendered":"Geografia &#8211; Distribui\u00e7\u00e3o Mundial de Alimentos"},"content":{"rendered":"\n<p class=\"has-black-color has-text-color has-background has-medium-font-size\" style=\"background-color:#cdd3d8\">Esta proposta de atividade de <strong>GEOGRAFIA<\/strong> \u00e9 destinada aos estudantes do <strong>9\u00b0 Ano<\/strong> do Ensino Fundamental Anos Finais.<\/p>\n\n\n\n<div class=\"wp-block-buttons is-content-justification-center is-layout-flex wp-container-core-buttons-is-layout-16018d1d wp-block-buttons-is-layout-flex\">\n<div class=\"wp-block-button has-custom-font-size has-medium-font-size\"><a class=\"wp-block-button__link has-white-color has-black-background-color has-text-color has-background has-text-align-center wp-element-button\" href=\"https:\/\/drive.google.com\/uc?export=download&amp;id=1wIOOXLu9O7LhRWztlZJcFnwUHAvRc2oJ\" target=\"_blank\" rel=\"noreferrer noopener\"><strong>BAIXE A ATIVIDADE<\/strong><\/a><\/div>\n\n\n\n<div class=\"wp-block-button has-custom-font-size has-medium-font-size\"><a class=\"wp-block-button__link has-white-color has-black-background-color has-text-color has-background wp-element-button\" href=\"https:\/\/drive.google.com\/uc?export=download&amp;id=1q9GRmTaK1sLI8nDbtEZPoRMVg8-GrsPH\" target=\"_blank\" rel=\"noreferrer noopener\"><strong>BAIXE OS SLIDES<\/strong><\/a><\/div>\n\n\n\n<div class=\"wp-block-button has-custom-font-size has-medium-font-size\"><a class=\"wp-block-button__link has-white-color has-black-background-color has-text-color has-background wp-element-button\" href=\"https:\/\/drive.google.com\/uc?export=download&amp;id=1u_9uJuS4dCs6eUfGXEdBtoS9gyqxCgC-\" target=\"_blank\" rel=\"noreferrer noopener\"><strong>BAIXE O TEXTO<\/strong><\/a><\/div>\n<\/div>\n\n\n\n<p><\/p>\n\n\n\n<figure class=\"wp-block-image size-large is-resized is-style-rounded\"><img fetchpriority=\"high\" decoding=\"async\" width=\"1024\" height=\"683\" src=\"https:\/\/sme.goiania.go.gov.br\/conexaoescola\/wp-content\/uploads\/2022\/04\/grocery-gd75a12d91_1920-e1648841948759-1024x683.jpg\" alt=\"\" class=\"wp-image-140395\" style=\"width:840px;height:560px\" srcset=\"https:\/\/sme.goiania.go.gov.br\/conexaoescola\/wp-content\/uploads\/2022\/04\/grocery-gd75a12d91_1920-e1648841948759-1024x683.jpg 1024w, https:\/\/sme.goiania.go.gov.br\/conexaoescola\/wp-content\/uploads\/2022\/04\/grocery-gd75a12d91_1920-e1648841948759-300x200.jpg 300w, https:\/\/sme.goiania.go.gov.br\/conexaoescola\/wp-content\/uploads\/2022\/04\/grocery-gd75a12d91_1920-e1648841948759-768x512.jpg 768w, https:\/\/sme.goiania.go.gov.br\/conexaoescola\/wp-content\/uploads\/2022\/04\/grocery-gd75a12d91_1920-e1648841948759-1536x1024.jpg 1536w, https:\/\/sme.goiania.go.gov.br\/conexaoescola\/wp-content\/uploads\/2022\/04\/grocery-gd75a12d91_1920-e1648841948759.jpg 1920w\" sizes=\"(max-width: 1024px) 100vw, 1024px\" \/><figcaption class=\"wp-element-caption\">Alimentos no supermercado &#8211; Fonte: <a href=\"https:\/\/pixabay.com\/pt\/photos\/mercado-shopping-supermercado-1232944\/\">https:\/\/pixabay.com\/pt\/photos\/mercado-shopping-supermercado-1232944\/<\/a><\/figcaption><\/figure>\n\n\n\n<p class=\"has-text-align-center has-white-color has-vivid-cyan-blue-background-color has-text-color has-background has-medium-font-size\"><strong>Distribui\u00e7\u00e3o mundial de alimentos<\/strong> <\/p>\n\n\n\n<p class=\"has-black-color has-text-color has-medium-font-size\">Ainda que vivenciamos a expans\u00e3o da capacidade produtiva no campo, a inseguran\u00e7a alimentar continua sendo um desafio para a humanidade. Aproximadamente 12% da popula\u00e7\u00e3o mundial n\u00e3o tem acesso \u00e0 alimenta\u00e7\u00e3o em qualidade e quantidade adequada.<\/p>\n\n\n\n<p class=\"has-black-color has-text-color has-medium-font-size\">O acesso \u00e0 alimenta\u00e7\u00e3o adequada \u00e9 um direito humano, sendo responsabilidade do Estado garantir o acesso ao alimento, \u00e0 terra para produzir ou aos recursos financeiros necess\u00e1rios para aquisi\u00e7\u00e3o dos alimentos. Conforme a Organiza\u00e7\u00e3o das Na\u00e7\u00f5es Unidas para Alimenta\u00e7\u00e3o (FAO), s\u00e3o necess\u00e1rias a ingest\u00e3o de 2.500 kcal di\u00e1rias, sendo que dessas devem haver ao menos 65 gramas de prote\u00ednas.<\/p>\n\n\n\n<p class=\"has-black-color has-text-color has-medium-font-size\">Atualmente, em cen\u00e1rio global, encontramos uma disparidade na disponibilidade de alimentos. Enquanto alguns pa\u00edses possuem excedentes de produ\u00e7\u00e3o agr\u00edcola e s\u00e3o exportadores de alimentos, outros enfrentam altos n\u00edveis de inseguran\u00e7a alimentar e dependem das importa\u00e7\u00f5es para suprir suas necessidades b\u00e1sicas.<\/p>\n\n\n\n<p class=\"has-black-color has-text-color has-medium-font-size\">A inseguran\u00e7a alimentar ocorre devido ao fato da popula\u00e7\u00e3o n\u00e3o ter acesso \u00e0 alimenta\u00e7\u00e3o em quantidade e qualidade adequada. De acordo com a FAO, n\u00f3s temos capacidade de produzir alimentos suficientes para que ningu\u00e9m esteja em situa\u00e7\u00e3o de inseguran\u00e7a alimentar e mesmo assim regi\u00f5es da \u00c1frica e da \u00c1sia chamam aten\u00e7\u00e3o pelo elevado n\u00famero de pessoas em situa\u00e7\u00e3o de inseguran\u00e7a alimentar.&nbsp;&nbsp;<\/p>\n\n\n\n<p class=\"has-black-color has-text-color has-medium-font-size\">Fatores socioecon\u00f4micos como a pobreza, desigualdade de renda, falta de infraestrutura, limita\u00e7\u00e3o do acesso aos recursos produtivos, problemas clim\u00e1ticos, agricultura de exporta\u00e7\u00e3o, desperd\u00edcio de alimentos, guerras e conflitos internos s\u00e3o os principais respons\u00e1veis pela inseguran\u00e7a alimentar.&nbsp;<\/p>\n\n\n\n<p class=\"has-black-color has-text-color has-medium-font-size\">Combater a inseguran\u00e7a alimentar n\u00e3o \u00e9 uma tarefa f\u00e1cil, \u00e9 preciso pensar globalmente com a\u00e7\u00f5es que envolvem diferentes na\u00e7\u00f5es, trabalhando e cooperando pelo bem comum, a redu\u00e7\u00e3o da fome e da inseguran\u00e7a alimentar.<\/p>\n\n\n\n<p class=\"has-black-color has-text-color has-background has-medium-font-size\" style=\"background-color:#74b67e\"><strong>Quest\u00e3o 01<\/strong><\/p>\n\n\n\n<p class=\"has-black-color has-text-color has-link-color has-medium-font-size wp-elements-c24dbaa068ea04594ce7cddc54bcdba8\">A Organiza\u00e7\u00e3o das Na\u00e7\u00f5es Unidas para a Alimenta\u00e7\u00e3o e Agricultura (FAO), aponta que uma das principais causas da inseguran\u00e7a alimentar \u00e9&nbsp;<\/p>\n\n\n\n<p class=\"has-black-color has-text-color has-link-color has-medium-font-size wp-elements-7f992b1ef0b322de20cc22578ff33e2c\">(A) a urbaniza\u00e7\u00e3o e o desenvolvimento tecnol\u00f3gico.<\/p>\n\n\n\n<p class=\"has-black-color has-text-color has-link-color has-medium-font-size wp-elements-ca0645d5e6d8c1963926e27e88ba871c\">(B) a pobreza, a desigualdade de renda e os conflitos internos.<\/p>\n\n\n\n<p class=\"has-black-color has-text-color has-link-color has-medium-font-size wp-elements-1f1593147191ca9987a8927a3dc32151\">(C) o crescimento populacional e a falta de terra f\u00e9rtil.<\/p>\n\n\n\n<p class=\"has-black-color has-text-color has-link-color has-medium-font-size wp-elements-f7067c218f88339141adc0bb63fcc6e5\">(D) o aumento da produ\u00e7\u00e3o agr\u00edcola e a exporta\u00e7\u00e3o de alimentos.<\/p>\n\n\n\n<p class=\"has-black-color has-text-color has-background has-medium-font-size\" style=\"background-color:#74b67e\"><strong>Quest\u00e3o 02<\/strong><\/p>\n\n\n\n<p class=\"has-black-color has-text-color has-medium-font-size\">Voc\u00ea conhece pessoas em situa\u00e7\u00e3o de inseguran\u00e7a alimentar? Quais medidas os governantes de onde voc\u00ea mora tem adotado para solucionar o problema da fome e da inseguran\u00e7a alimentar?<\/p>\n\n\n\n<p class=\"has-black-color has-text-color has-background has-medium-font-size\" style=\"background-color:#74b67e\"><strong>Quest\u00e3o 03<\/strong><\/p>\n\n\n\n<p class=\"has-black-color has-text-color has-medium-font-size\">Para alguns especialistas, a obra de Josu\u00e9 de Castro, \u201cO livro negro da fome\u201d, \u00e9 um manifesto do combate \u00e0 fome. Sendo assim, explique o trecho a seguir retirado do livro.<em>&nbsp;<\/em><\/p>\n\n\n\n<p class=\"has-text-align-left has-black-color has-text-color has-medium-font-size\"><em>\u201c[&#8230;] A fome n\u00e3o \u00e9 um fen\u00f4meno natural e sim um produto artificial de conjunturas econ\u00f4micas defeituosas [&#8230;].\u201d <\/em>&nbsp;<\/p>\n\n\n\n<p class=\"has-text-align-left has-black-color has-text-color has-medium-font-size\">CASTRO, Josu\u00e9. <em>O livro negro da fome. <\/em>S\u00e3o Paulo: Brasiliense, 1960. p. 26.<\/p>\n\n\n\n<p class=\"has-black-color has-text-color has-background has-medium-font-size\" style=\"background-color:#74b67e\"><strong>Quest\u00e3o 04<\/strong><\/p>\n\n\n\n<p class=\"has-black-color has-text-color has-medium-font-size\">A alimenta\u00e7\u00e3o adequada \u00e9 um direito humano, sendo responsabilidade do Estado garantir o acesso ao alimento, \u00e0 terra para produzir ou ao capital econ\u00f4mico para adquirir a comida. Uma parcela expressiva da popula\u00e7\u00e3o mundial ainda n\u00e3o tem acesso \u00e0 alimenta\u00e7\u00e3o em quantidade e qualidade adequada, para erradica\u00e7\u00e3o da fome e redu\u00e7\u00e3o da inseguran\u00e7a alimentar exigem a\u00e7\u00f5es que&nbsp;&nbsp;<\/p>\n\n\n\n<p class=\"has-black-color has-text-color has-medium-font-size\">(A) focam em solu\u00e7\u00f5es individuais e regionais.<\/p>\n\n\n\n<p class=\"has-black-color has-text-color has-medium-font-size\">(B) dependem apenas da produ\u00e7\u00e3o agr\u00edcola interna dos pa\u00edses.<\/p>\n\n\n\n<p class=\"has-black-color has-text-color has-medium-font-size\">(C) demandam coopera\u00e7\u00e3o global entre diferentes na\u00e7\u00f5es.<\/p>\n\n\n\n<p class=\"has-black-color has-text-color has-medium-font-size\">(D) limitam-se \u00e0 redistribui\u00e7\u00e3o de alimentos entre pa\u00edses ricos.<\/p>\n\n\n\n<p class=\"has-black-color has-text-color has-background has-medium-font-size\" style=\"background-color:#bcd6c0\"><strong>SAIBA MAIS<\/strong><\/p>\n\n\n\n<p class=\"has-black-color has-text-color has-medium-font-size\">Aperte o play e curta esse v\u00eddeo sobre a distribui\u00e7\u00e3o mundial de alimentos.<\/p>\n\n\n\n<figure class=\"wp-block-embed is-type-video is-provider-youtube wp-block-embed-youtube wp-embed-aspect-16-9 wp-has-aspect-ratio\"><div class=\"wp-block-embed__wrapper\">\n<p class=\"responsive-video-wrap clr\"><iframe title=\"Atividade 04 - Distribui\u00e7\u00e3o mundial de alimentos - 9\u00ba Ano\" width=\"1200\" height=\"675\" src=\"https:\/\/www.youtube.com\/embed\/BE69aQGgNWI?feature=oembed\" frameborder=\"0\" allow=\"accelerometer; autoplay; clipboard-write; encrypted-media; gyroscope; picture-in-picture; web-share\" allowfullscreen><\/iframe><\/p>\n<\/div><figcaption class=\"wp-element-caption\">Canal Geo Power &#8220;Atividade 04 &#8211; Distribui\u00e7\u00e3o mundial de alimentos &#8211; 9\u00b0 Ano&#8221;. Dispon\u00edvel em &lt;<a href=\"https:\/\/www.youtube.com\/watch?v=DjszcIGt-ok&amp;t=64s\">https:\/\/www.youtube.com\/watch?v=BE69aQGgNWI<\/a>&gt; Acesso em 01 abr. 2022.<\/figcaption><\/figure>\n\n\n\n<figure class=\"wp-block-table is-style-stripes\"><table><tbody><tr><td><strong>Autoria:<\/strong><\/td><td>Ailton Silva<\/td><\/tr><tr><td><strong>Forma\u00e7\u00e3o:<\/strong><\/td><td>Geografia <\/td><\/tr><tr><td><strong>Componente curricular:<\/strong><\/td><td>Geografia <\/td><\/tr><tr><td><strong>Habilidade:<\/strong><\/td><td>(EF09GE13-A) Analisar e problematizar a import\u00e2ncia da produ\u00e7\u00e3o agropecu\u00e1ria na sociedade urbano-industrial e a desigualdade mundial de acesso aos recursos alimentares e \u00e0 mat\u00e9ria-prima.<\/td><\/tr><tr><td><strong>Refer\u00eancias:<\/strong><\/td><td><br>ADAS, M; ADAS, S. Expedi\u00e7\u00f5es Geogr\u00e1ficas: 9\u00b0 ano. 3\u00b0 Edi\u00e7\u00e3o. S\u00e3o Paulo: Moderna, 2018.&nbsp;<br>______________. Expedi\u00e7\u00f5es Geogr\u00e1ficas: 8\u00b0 ano. 3\u00b0 Edi\u00e7\u00e3o. S\u00e3o Paulo: Moderna, 2018.&nbsp;<br>ANDRADES, T.&nbsp; O; GANIMI, R.&nbsp; N. Revolu\u00e7\u00e3o Verde e a apropria\u00e7\u00e3o capitalista. CES Revista, Juiz de Fora, v. 21, p. 43- p. 56, 2007.<br>CASTRO, J. <em>O livro negro da fome<\/em>. S\u00e3o Paulo: Brasiliense, 1960.<br>EDUCA IBGE. <em>Uso de internet, televis\u00e3o e celular no Brasil.<\/em> Dispon\u00edvel em:&lt;<a href=\"https:\/\/educa.ibge.gov.br\/jovens\/materias-especiais\/20787-uso-de-internet-televisao-e-celular-no-brasil.html\">https:\/\/educa.ibge.gov.br\/jovens\/materias-especiais\/20787-uso-de-internet-televisao-e-celular-no-brasil.html<\/a>&gt;. Acesso em 22, fev. 2022.<br>IANDOLI, R. Mundo produz comida suficiente, mas fome ainda \u00e9 uma realidade. Dispon\u00edvel em:&lt;https:\/\/www.nexojornal.com.br\/explicado\/2016\/09\/02\/Mundo-produz-comida-suficiente-mas-fome-ainda-\u00e9-uma-realidade&gt;. Acesso em 22, fev. 2022.&nbsp;<br>LAZZARI, F. M; SOUZA, A. S. Revolu\u00e7\u00e3o Verde: Impactos sobre os conhecimentos tradicionais. Dispon\u00edvel em: &lt;coral.ufsm.br\/congressodireito\/anais\/2017\/4-3.pdf&gt;. Acesso em 15, fev. 2022.<br>ZANIN, T. Alimentos transg\u00eanicos: o que s\u00e3o e porque podem fazer mal. Dispon\u00edvel em: &lt;https:\/\/www.tuasaude.com\/o-que-sao-alimentos-transgenicos\/&gt;. Acesso em 22, fev. 2022.<br><\/td><\/tr><\/tbody><\/table><\/figure>\n","protected":false},"author":52,"featured_media":140395,"template":"","ef_categoria":[],"ef_ano":[92],"ef_componente":[96],"class_list":["post-140392","ensino_fundamental","type-ensino_fundamental","status-publish","has-post-thumbnail","hentry","ef_ano-9o-ano","ef_componente-geografia","entry","has-media"],"acf":[],"_links":{"self":[{"href":"https:\/\/sme.goiania.go.gov.br\/conexaoescola\/wp-json\/wp\/v2\/ensino_fundamental\/140392","targetHints":{"allow":["GET"]}}],"collection":[{"href":"https:\/\/sme.goiania.go.gov.br\/conexaoescola\/wp-json\/wp\/v2\/ensino_fundamental"}],"about":[{"href":"https:\/\/sme.goiania.go.gov.br\/conexaoescola\/wp-json\/wp\/v2\/types\/ensino_fundamental"}],"author":[{"embeddable":true,"href":"https:\/\/sme.goiania.go.gov.br\/conexaoescola\/wp-json\/wp\/v2\/users\/52"}],"version-history":[{"count":3,"href":"https:\/\/sme.goiania.go.gov.br\/conexaoescola\/wp-json\/wp\/v2\/ensino_fundamental\/140392\/revisions"}],"predecessor-version":[{"id":189474,"href":"https:\/\/sme.goiania.go.gov.br\/conexaoescola\/wp-json\/wp\/v2\/ensino_fundamental\/140392\/revisions\/189474"}],"wp:featuredmedia":[{"embeddable":true,"href":"https:\/\/sme.goiania.go.gov.br\/conexaoescola\/wp-json\/wp\/v2\/media\/140395"}],"wp:attachment":[{"href":"https:\/\/sme.goiania.go.gov.br\/conexaoescola\/wp-json\/wp\/v2\/media?parent=140392"}],"wp:term":[{"taxonomy":"ef_categoria","embeddable":true,"href":"https:\/\/sme.goiania.go.gov.br\/conexaoescola\/wp-json\/wp\/v2\/ef_categoria?post=140392"},{"taxonomy":"ef_ano","embeddable":true,"href":"https:\/\/sme.goiania.go.gov.br\/conexaoescola\/wp-json\/wp\/v2\/ef_ano?post=140392"},{"taxonomy":"ef_componente","embeddable":true,"href":"https:\/\/sme.goiania.go.gov.br\/conexaoescola\/wp-json\/wp\/v2\/ef_componente?post=140392"}],"curies":[{"name":"wp","href":"https:\/\/api.w.org\/{rel}","templated":true}]}}