{"id":140376,"date":"2022-04-01T16:29:04","date_gmt":"2022-04-01T19:29:04","guid":{"rendered":"https:\/\/sme.goiania.go.gov.br\/conexaoescola\/?post_type=ensino_fundamental&#038;p=140376"},"modified":"2026-03-05T16:57:07","modified_gmt":"2026-03-05T19:57:07","slug":"gogr-fluxs-migats-aca","status":"publish","type":"ensino_fundamental","link":"https:\/\/sme.goiania.go.gov.br\/conexaoescola\/ensino_fundamental\/gogr-fluxs-migats-aca\/","title":{"rendered":"Geografia &#8211; Fluxos migrat\u00f3rios na Am\u00e9rica Latina"},"content":{"rendered":"\n<p class=\"has-black-color has-text-color has-background has-medium-font-size\" style=\"background-color:#dee0e2\">Esta proposta de atividade de <strong>GEOGRAFIA<\/strong> \u00e9 destinada aos estudantes do <strong>8\u00b0 Ano<\/strong> do Ensino Fundamental Anos Finais.<\/p>\n\n\n\n<div class=\"wp-block-buttons is-content-justification-center is-layout-flex wp-container-core-buttons-is-layout-16018d1d wp-block-buttons-is-layout-flex\">\n<div class=\"wp-block-button\"><a class=\"wp-block-button__link has-white-color has-black-background-color has-text-color has-background has-medium-font-size has-custom-font-size wp-element-button\" href=\"https:\/\/drive.google.com\/uc?export=download&amp;id=11GvUYQZR832YHPw4DXzrbbEonkY-f4Cd\" target=\"_blank\" rel=\"noreferrer noopener\">Baixe a atividade<\/a><\/div>\n\n\n\n<div class=\"wp-block-button\"><a class=\"wp-block-button__link has-white-color has-black-background-color has-text-color has-background has-medium-font-size has-custom-font-size wp-element-button\" href=\"https:\/\/drive.google.com\/uc?export=download&amp;id=1FfN0-WtTSvH-Y6TsDYpOiqtIOHJeb79u\" target=\"_blank\" rel=\"noreferrer noopener\">Baixe os slides<\/a><\/div>\n\n\n\n<div class=\"wp-block-button\"><a class=\"wp-block-button__link has-white-color has-black-background-color has-text-color has-background has-medium-font-size has-custom-font-size wp-element-button\" href=\"https:\/\/drive.google.com\/uc?export=download&amp;id=1meNPuPGqBicMws7Z5O9k_ISQlMfRql0-\" target=\"_blank\" rel=\"noreferrer noopener\">Baixe o texto<\/a><\/div>\n<\/div>\n\n\n\n<p><\/p>\n\n\n\n<figure class=\"wp-block-image size-large is-style-rounded\"><img fetchpriority=\"high\" decoding=\"async\" width=\"1024\" height=\"682\" src=\"https:\/\/sme.goiania.go.gov.br\/conexaoescola\/wp-content\/uploads\/2022\/04\/girls-ga4560620f_1280-e1648841159994-1024x682.jpg\" alt=\"\" class=\"wp-image-140389\" srcset=\"https:\/\/sme.goiania.go.gov.br\/conexaoescola\/wp-content\/uploads\/2022\/04\/girls-ga4560620f_1280-e1648841159994-1024x682.jpg 1024w, https:\/\/sme.goiania.go.gov.br\/conexaoescola\/wp-content\/uploads\/2022\/04\/girls-ga4560620f_1280-e1648841159994-300x200.jpg 300w, https:\/\/sme.goiania.go.gov.br\/conexaoescola\/wp-content\/uploads\/2022\/04\/girls-ga4560620f_1280-e1648841159994-768x512.jpg 768w, https:\/\/sme.goiania.go.gov.br\/conexaoescola\/wp-content\/uploads\/2022\/04\/girls-ga4560620f_1280-e1648841159994.jpg 1280w\" sizes=\"(max-width: 1024px) 100vw, 1024px\" \/><figcaption class=\"wp-element-caption\">Latino americano &#8211; Fonte:<a href=\"https:\/\/pixabay.com\/pt\/photos\/cerrado-desmatamento-goi%C3%A1s-goi%C3%A2nia-777763\/\"> https:\/\/pixabay.com\/pt\/photos\/garotas-wayuu-indiano-cultura-4232029\/<\/a><\/figcaption><\/figure>\n\n\n\n<hr class=\"wp-block-separator has-css-opacity\"\/>\n\n\n\n<p class=\"has-text-align-center has-white-color has-black-background-color has-text-color has-background has-medium-font-size\"><strong>Fluxos migrat\u00f3rios na Am\u00e9rica Latina&nbsp;<\/strong><\/p>\n\n\n\n<p class=\"has-black-color has-text-color has-medium-font-size\">O continente americano apresenta grande extens\u00e3o latitudinal e por isso pode ser regionalizado utilizando diferentes crit\u00e9rios. Quando consideramos caracter\u00edsticas culturais, econ\u00f4micas e aspectos comuns do processo de coloniza\u00e7\u00e3o, o continente americano est\u00e1 regionalizado na Am\u00e9rica Latina e Am\u00e9rica Anglo- Sax\u00f4nica.&nbsp;<\/p>\n\n\n\n<p class=\"has-black-color has-text-color has-medium-font-size\">A Am\u00e9rica Anglo- Sax\u00f4nica \u00e9 formada apenas pelos EUA e o Canad\u00e1, s\u00e3o Pa\u00edses de l\u00edngua inglesa, foram col\u00f4nias de povoamento e atualmente s\u00e3o economias desenvolvidas.&nbsp;<\/p>\n\n\n\n<p class=\"has-black-color has-text-color has-medium-font-size\">J\u00e1 a Am\u00e9rica Latina \u00e9 formada por pa\u00edses de l\u00edngua neolatina (portugu\u00eas, espanhol, franc\u00eas, entre outras), foram col\u00f4nias de explora\u00e7\u00e3o e atualmente s\u00e3o economias emergentes ou em desenvolvimento. Ainda que na Am\u00e9rica Central tenha pa\u00edses que falam ingl\u00eas, o passado colonizat\u00f3rio comum os classificam como Am\u00e9rica Latina.&nbsp;<\/p>\n\n\n\n<p class=\"has-black-color has-text-color has-medium-font-size\">Ao longo da hist\u00f3ria a Am\u00e9rica Latina foi regi\u00e3o de atra\u00e7\u00e3o para diversos migrantes, durante o per\u00edodo das Grandes Navega\u00e7\u00f5es, que ocorreu entre os s\u00e9culos XV e XVII, os povos nativos que habitavam essa regi\u00e3o assistiram a chegada dos europeus.&nbsp;&nbsp;<\/p>\n\n\n\n<p class=\"has-black-color has-text-color has-medium-font-size\">Ao longo do processo de coloniza\u00e7\u00e3o a Am\u00e9rica recebeu portugueses, holandeses, franceses, espanh\u00f3is e dentre outros.&nbsp; Ainda nesse per\u00edodo, milhares de africanos foram escravizados no continente americano e esse foi um dos maiores fluxos de migra\u00e7\u00e3o for\u00e7ada da humanidade.&nbsp;<\/p>\n\n\n\n<p class=\"has-black-color has-text-color has-medium-font-size\">Durante as duas grandes guerras mundiais, na primeira metade do s\u00e9culo XX, a Am\u00e9rica Latina recebeu muitos imigrantes, especialmente europeus, fugindo da guerra. As pessoas buscavam pa\u00edses que estavam iniciando o seu processo de industrializa\u00e7\u00e3o, nesse per\u00edodo o Brasil recebeu italianos, russos, alem\u00e3es, japoneses, dentre outros.&nbsp;<\/p>\n\n\n\n<p class=\"has-black-color has-text-color has-medium-font-size\">Por volta de 1970 a Am\u00e9rica Latina passa a vivenciar fluxos migrat\u00f3rios internos ou pessoas saindo dos pa\u00edses latinos em dire\u00e7\u00e3o \u00e0s na\u00e7\u00f5es desenvolvidas. A pobreza, o narcotr\u00e1fico, a a\u00e7\u00e3o de grupos guerrilheiros e fatores naturais s\u00e3o exemplos de fatores que motivam a migra\u00e7\u00e3o dos latinos.&nbsp;<\/p>\n\n\n\n<p class=\"has-black-color has-text-color has-medium-font-size\">\u00c9 importante destacar que a pobreza \u00e9 um problema que atinge boa parte dos pa\u00edses latinos americanos o que intensifica os fluxos migrat\u00f3rios, pa\u00edses como Brasil, M\u00e9xico e Chile s\u00e3o os que mais recebem migrantes. Venezuela, Haiti, Bol\u00edvia e Peru s\u00e3o as na\u00e7\u00f5es onde encontramos elevados \u00edndices de emigrantes.<\/p>\n\n\n\n<p class=\"has-text-align-center has-white-color has-black-background-color has-text-color has-background has-medium-font-size\"><strong>RESPONDA \u00c0S QUEST\u00d5ES <\/strong><\/p>\n\n\n\n<p class=\"has-black-color has-text-color has-background has-medium-font-size\" style=\"background-color:#fcefaf\"><strong>Quest\u00e3o 01<\/strong><\/p>\n\n\n\n<p class=\"has-text-align-left has-black-color has-text-color has-medium-font-size\">Leia o trecho da can\u00e7\u00e3o Am\u00e9rica Latina do rapper Fabio Brazza e responda o que se pede.&nbsp;<\/p>\n\n\n\n<p class=\"has-text-align-center has-black-color has-text-color has-medium-font-size\">Yo soy americano, latino americano<\/p>\n\n\n\n<p class=\"has-text-align-center has-black-color has-text-color has-medium-font-size\">Filho do fardo escrito por Eduardo Galeano<\/p>\n\n\n\n<p class=\"has-text-align-center has-black-color has-text-color has-medium-font-size\">As veias abertas da Am\u00e9rica Latina<\/p>\n\n\n\n<p class=\"has-text-align-center has-black-color has-text-color has-medium-font-size\">A merc\u00ea dos interesses da Am\u00e9rica de cima<\/p>\n\n\n\n<p class=\"has-text-align-right has-black-color has-text-color has-small-font-size\">&nbsp;Am\u00e9rica Latina &#8211; Fabio Brazza<\/p>\n\n\n\n<p class=\"has-text-align-left has-black-color has-text-color has-medium-font-size\">a) Levando em considera\u00e7\u00e3o os mesmos crit\u00e9rios de regionaliza\u00e7\u00e3o adotados para estabelecer a Am\u00e9rica Latina, qual \u00e9 \u201cAm\u00e9rica de cima\u201d citada na can\u00e7\u00e3o?&nbsp;<\/p>\n\n\n\n<p class=\"has-text-align-left has-black-color has-text-color has-medium-font-size\">b) O trecho da m\u00fasica evidencia que Am\u00e9rica Latina est\u00e1 sujeita aos interesses da Am\u00e9rica de cima, quais motivos podem justificar essa afirmativa?<\/p>\n\n\n\n<p class=\"has-black-color has-text-color has-background has-medium-font-size\" style=\"background-color:#fcefaf\"><strong>Quest\u00e3o 02<\/strong><\/p>\n\n\n\n<hr class=\"wp-block-separator has-css-opacity\"\/>\n\n\n\n<p class=\"has-black-color has-text-color has-medium-font-size\">Leia:<\/p>\n\n\n\n<p class=\"has-black-color has-text-color has-medium-font-size\">Na Argentina, por exemplo, o principal destino dos migrantes na Am\u00e9rica do Sul, o ent\u00e3o presidente Mauricio Macri aprovou um decreto em 2017 para limitar a entrada de imigrantes e facilitar a deporta\u00e7\u00e3o, o que causou duras cr\u00edticas da Organiza\u00e7\u00e3o das Na\u00e7\u00f5es Unidas (ONU). No Chile, o presidente Sebasti\u00e1n Pi\u00f1era tamb\u00e9m endureceu as pol\u00edticas de imigra\u00e7\u00e3o.<\/p>\n\n\n\n<p class=\"has-black-color has-text-color has-medium-font-size\">O tumulto pol\u00edtico tamb\u00e9m aumentou a press\u00e3o. Grandes protestos no Chile e na Col\u00f4mbia, um golpe na Bol\u00edvia, uma crise pol\u00edtica que viu tr\u00eas homens diferentes assumirem a presid\u00eancia do Peru em uma semana e o fortalecimento do regime autorit\u00e1rio da Venezuela levaram milh\u00f5es de latino-americanos a sair em busca de uma vida melhor.<\/p>\n\n\n\n<p class=\"has-black-color has-text-color has-medium-font-size\">\u201cEmbora tradicionalmente existissem pa\u00edses latino-americanos que eram o destino final de muitos migrantes, atualmente todas as na\u00e7\u00f5es da regi\u00e3o t\u00eam tanto migrantes que chegam para se estabelecer como aqueles que est\u00e3o de passagem\u201d, detalhou o especialista Do\u00f1a-Reveco.<\/p>\n\n\n\n<p class=\"has-text-align-right has-black-color has-text-color\" style=\"font-size:10px\">MOHOR, D. Crise migrat\u00f3ria sem precedentes dispara na Am\u00e9rica Latina. Dispon\u00edvel em:&lt;https:\/\/www.cnnbrasil.com.br\/internacional\/crise-migratoria-sem-precedentes-dispara-na-america-latina\/&gt;. Acesso em 10, mar. 2022.<\/p>\n\n\n\n<p class=\"has-black-color has-text-color has-medium-font-size\">a) De acordo com a reportagem da Daniela Mohor, para a CNN Brasil, quais motivos t\u00eam levado os latinos americanos a migrar?<\/p>\n\n\n\n<p class=\"has-black-color has-text-color has-medium-font-size\">b) Am\u00e9rica Latina ao longo da sua hist\u00f3ria j\u00e1 recebeu imigrantes de diversos pa\u00edses, atualmente assistimos a invers\u00e3o migrat\u00f3ria que leva muitas pessoas a deixarem a Am\u00e9rica Latina em dire\u00e7\u00e3o \u00e0s na\u00e7\u00f5es desenvolvidas. Entre 2009 e 2014 64% dos latinos imigrantes deslocaram- se dentro da pr\u00f3pria regi\u00e3o, aponte quais fatores contribuem para que os latinos n\u00e3o procurem outros destinos.<\/p>\n\n\n\n<p class=\"has-black-color has-text-color has-background has-medium-font-size\" style=\"background-color:#fcefaf\"><strong>Quest\u00e3o 03<\/strong><\/p>\n\n\n\n<hr class=\"wp-block-separator has-css-opacity\"\/>\n\n\n<div class=\"wp-block-image\">\n<figure class=\"aligncenter is-resized\"><img decoding=\"async\" src=\"https:\/\/lh5.googleusercontent.com\/ERsusBmZzMi4mGzo0yL7fY5BpKnR5vVIpgQaPHsYhFcoza1jbpXrPzV2nuBMQLOwQKwo4ggywcX9Qni83XE5BDAf2KWjm_NJ0S9xb3Yreqp9j845rA-VKUECYw0fIPeBzb6_IRfi\" alt=\"\" style=\"width:487px;height:312px\"\/><figcaption class=\"wp-element-caption\"> <strong>Fonte: <\/strong><a href=\"https:\/\/www.csmonitor.com\/Commentary\/Monitor-Political-Cartoons\/(photo)\/1097849\">https:\/\/www.csmonitor.com\/Commentary\/Monitor-Political-Cartoons\/(photo)\/1097849<\/a>&nbsp; <\/figcaption><\/figure><\/div>\n\n\n<p class=\"has-black-color has-text-color has-medium-font-size\">Considerando a cr\u00edtica presente na charge e as quest\u00f5es migrat\u00f3rias no continente americano assinale alternativa correta:<\/p>\n\n\n\n<p class=\"has-black-color has-text-color has-medium-font-size\">(A) A charge representa a dificuldade que os americanos encontram quando tentam migrar dentro da Am\u00e9rica Latina, pa\u00edses latinos n\u00e3o recebem migrantes de outras na\u00e7\u00f5es latinas.&nbsp;<\/p>\n\n\n\n<p class=\"has-black-color has-text-color has-medium-font-size\">(B) Nos anos 2000, pa\u00edses desenvolvidos endurecem as medidas para restringir a entrada de migrantes, os EUA constroem muros na sua fronteira com o M\u00e9xico e estabelece leis e regras mais r\u00edgidas para os imigrantes.&nbsp;<\/p>\n\n\n\n<p class=\"has-black-color has-text-color has-medium-font-size\">(C) Durante muitos anos Am\u00e9rica Latina atraiu imigrantes de diferentes regi\u00f5es do planeta, recentemente observamos que a maior parte dos imigrantes que vivem na Am\u00e9rica Latina s\u00e3o oriundos da Am\u00e9rica Anglo- Sax\u00f4nica.&nbsp;<\/p>\n\n\n\n<p class=\"has-black-color has-text-color has-medium-font-size\">(D) Devido ao alto fluxo migrat\u00f3rio no continente americano v\u00e1rios pa\u00edses constru\u00edram muros na tentativa de reduzir a migra\u00e7\u00e3o, a charge evidencia muros mais fr\u00e1geis presentes apenas em pa\u00edses mais pobres.<\/p>\n\n\n\n<p class=\"has-black-color has-text-color has-background has-medium-font-size\" style=\"background-color:#fcefaf\"><strong>Quest\u00e3o 04<\/strong><\/p>\n\n\n<div class=\"wp-block-image\">\n<figure class=\"aligncenter is-resized\"><img decoding=\"async\" src=\"https:\/\/lh5.googleusercontent.com\/aP6k6TCERTyNaCUK6YyZbFpb-1HeQVcA_fKnYKmVTEowqImdFGSRav7U4JpSbuwzhXqsXzGX8j8g7aAQIXlEwGnVqTzZNTpGufaOLzt1GL6WV-nUsddUPtv9JZRdqgL8XEoh4vfp-mmk\" alt=\"\" style=\"width:410px;height:410px\"\/><figcaption class=\"wp-element-caption\">Am\u00e9rica<strong> &#8211; Fonte: <\/strong>https:\/\/pt.wikipedia.org\/wiki\/Am%C3%A9rica_Latina#\/media\/Ficheiro:Latin_America_(orthographic_projection).svg<\/figcaption><\/figure><\/div>\n\n\n<p class=\"has-black-color has-text-color has-medium-font-size\">A&nbsp; regi\u00e3o em destaque na imagem \u00e9:&nbsp;<\/p>\n\n\n\n<p class=\"has-black-color has-text-color has-medium-font-size\">(A) Am\u00e9rica do Sul&nbsp;<\/p>\n\n\n\n<p class=\"has-black-color has-text-color has-medium-font-size\">(B) Am\u00e9rica do Norte<\/p>\n\n\n\n<p class=\"has-black-color has-text-color has-medium-font-size\">(C) Am\u00e9rica Latina&nbsp;<\/p>\n\n\n\n<p class=\"has-black-color has-text-color has-medium-font-size\">(D) Am\u00e9rica Anglo- Sax\u00f4nica<\/p>\n\n\n\n<p class=\"has-black-color has-text-color has-background has-medium-font-size\" style=\"background-color:#fcefaf\"><strong>SAIBA MAIS<\/strong><\/p>\n\n\n\n<p class=\"has-black-color has-text-color has-medium-font-size\">Chega o dedo no play e curte esse v\u00eddeo!<\/p>\n\n\n\n<figure class=\"wp-block-embed is-type-video is-provider-youtube wp-block-embed-youtube wp-embed-aspect-16-9 wp-has-aspect-ratio\"><div class=\"wp-block-embed__wrapper\">\nhttps:\/\/www.youtube.com\/watch?v=7AZRp73h7K0\n<\/div><figcaption class=\"wp-element-caption\">Canal Geo Power &#8220;Atividade 04 &#8211; Grandes deslocamentos na Am\u00e9rica Latina &#8211; 8\u00b0 Ano&#8221;. Dispon\u00edvel em:  &lt;<a rel=\"noreferrer noopener\" href=\"https:\/\/www.youtube.com\/watch?v=64IfJFM_OPU\" target=\"_blank\">https:\/\/www.youtube.com\/watch?v=7AZRp73h7K0<\/a>&gt;. Acesso em: 01, abr.  2022.<\/figcaption><\/figure>\n\n\n\n<hr class=\"wp-block-separator has-css-opacity\"\/>\n\n\n\n<figure class=\"wp-block-table is-style-stripes\"><table><tbody><tr><td><strong>Habilidade:<\/strong><\/td><td>(EF08GE04-A) Identificar e compreender os fluxos de migra\u00e7\u00e3o na Am\u00e9rica Latina, movimentos volunt\u00e1rios e for\u00e7ados, assim como fatores e \u00e1reas de expuls\u00e3o e atra\u00e7\u00e3o, e as principais pol\u00edticas migrat\u00f3rias da regi\u00e3o.<\/td><\/tr><tr><td><strong>Referencial Te\u00f3rico:&nbsp;<\/strong><\/td><td><br>ADAS, M; ADAS, S. Expedi\u00e7\u00f5es Geogr\u00e1ficas: 7\u00b0 ano. 3\u00b0 Edi\u00e7\u00e3o. S\u00e3o Paulo: Moderna, 2018.&nbsp;<br>BRASIL. Constitui\u00e7\u00e3o. Constitui\u00e7\u00e3o da Rep\u00fablica Federativa do Brasil. Bras\u00edlia, DF: Senado Federal: Centro Gr\u00e1fico, 1988.&nbsp;<br>EBC. Povos Ind\u00edgenas: conhe\u00e7a os direitos previstos na Constitui\u00e7\u00e3o. Dispon\u00edvel em:&lt;<a href=\"https:\/\/agenciabrasil.ebc.com.br\/direitos-humanos\/noticia\/2017-04\/povos-indigenas-conheca-os-direitos-previstos-na-constituicao\">https:\/\/agenciabrasil.ebc.com.br\/direitos-humanos\/noticia\/2017-04\/povos-indigenas-conheca-os-direitos-previstos-na-constituicao<\/a>&gt;. Acesso em: 26 de fevereiro de 2021.<br>FUNAI. Terras ind\u00edgenas: o que \u00e9?. Dispon\u00edvel em: &lt;http:\/\/www.funai.gov.br\/index.php\/nossas-acoes\/demarcacao-de-terras-indigenas&gt;. Acesso em: 26 de fevereiro de 2021.<br>\u00cdndio, ou nativo americano. In Britannica Escola. Web, 2021. Dispon\u00edvel em: &lt;<a href=\"https:\/\/escola.britannica.com.br\/artigo\/%C3%ADndio-ou-nativo-americano\/482011\">https:\/\/escola.britannica.com.br\/artigo\/\u00edndio-ou-nativo-americano\/482011<\/a>&gt;. Acesso em: 26 de fevereiro de 2021.<br>INSTITUTO BRASILEIRO DE GEOGRAFIA E ESTAT\u00cdSTICA (IBGE). Censo Brasileiro de 2010. Rio de Janeiro: IBGE, 2012.<br><\/td><\/tr><\/tbody><\/table><\/figure>\n","protected":false},"author":52,"featured_media":140389,"template":"","ef_categoria":[],"ef_ano":[91],"ef_componente":[96],"class_list":["post-140376","ensino_fundamental","type-ensino_fundamental","status-publish","has-post-thumbnail","hentry","ef_ano-8o-ano","ef_componente-geografia","entry","has-media"],"acf":[],"_links":{"self":[{"href":"https:\/\/sme.goiania.go.gov.br\/conexaoescola\/wp-json\/wp\/v2\/ensino_fundamental\/140376","targetHints":{"allow":["GET"]}}],"collection":[{"href":"https:\/\/sme.goiania.go.gov.br\/conexaoescola\/wp-json\/wp\/v2\/ensino_fundamental"}],"about":[{"href":"https:\/\/sme.goiania.go.gov.br\/conexaoescola\/wp-json\/wp\/v2\/types\/ensino_fundamental"}],"author":[{"embeddable":true,"href":"https:\/\/sme.goiania.go.gov.br\/conexaoescola\/wp-json\/wp\/v2\/users\/52"}],"version-history":[{"count":4,"href":"https:\/\/sme.goiania.go.gov.br\/conexaoescola\/wp-json\/wp\/v2\/ensino_fundamental\/140376\/revisions"}],"predecessor-version":[{"id":202908,"href":"https:\/\/sme.goiania.go.gov.br\/conexaoescola\/wp-json\/wp\/v2\/ensino_fundamental\/140376\/revisions\/202908"}],"wp:featuredmedia":[{"embeddable":true,"href":"https:\/\/sme.goiania.go.gov.br\/conexaoescola\/wp-json\/wp\/v2\/media\/140389"}],"wp:attachment":[{"href":"https:\/\/sme.goiania.go.gov.br\/conexaoescola\/wp-json\/wp\/v2\/media?parent=140376"}],"wp:term":[{"taxonomy":"ef_categoria","embeddable":true,"href":"https:\/\/sme.goiania.go.gov.br\/conexaoescola\/wp-json\/wp\/v2\/ef_categoria?post=140376"},{"taxonomy":"ef_ano","embeddable":true,"href":"https:\/\/sme.goiania.go.gov.br\/conexaoescola\/wp-json\/wp\/v2\/ef_ano?post=140376"},{"taxonomy":"ef_componente","embeddable":true,"href":"https:\/\/sme.goiania.go.gov.br\/conexaoescola\/wp-json\/wp\/v2\/ef_componente?post=140376"}],"curies":[{"name":"wp","href":"https:\/\/api.w.org\/{rel}","templated":true}]}}