{"id":139292,"date":"2022-03-25T19:37:35","date_gmt":"2022-03-25T22:37:35","guid":{"rendered":"https:\/\/sme.goiania.go.gov.br\/conexaoescola\/?post_type=ensino_fundamental&#038;p=139292"},"modified":"2023-12-04T13:39:39","modified_gmt":"2023-12-04T16:39:39","slug":"historia-pre-historia","status":"publish","type":"ensino_fundamental","link":"https:\/\/sme.goiania.go.gov.br\/conexaoescola\/ensino_fundamental\/historia-pre-historia\/","title":{"rendered":"Hist\u00f3ria &#8211; Pr\u00e9-Hist\u00f3ria?"},"content":{"rendered":"\n<p class=\"has-black-color has-luminous-vivid-amber-background-color has-text-color has-background has-medium-font-size\">Esta \u00e9 uma proposta de atividade de<strong>&nbsp;Hist\u00f3ria<\/strong>&nbsp;com base no DC\/GO \u2013 Ampliado e&nbsp;\u00e9 destinada aos estudantes do&nbsp;6<strong>\u00ba Ano do Ensino Fundamental<\/strong>&nbsp;<strong>Anos Finais<\/strong>.<\/p>\n\n\n\n<p class=\"has-black-color has-text-color has-medium-font-size\"><\/p>\n\n\n\n<div class=\"wp-block-buttons is-content-justification-center is-layout-flex wp-container-core-buttons-is-layout-16018d1d wp-block-buttons-is-layout-flex\">\n<div class=\"wp-block-button has-custom-font-size has-medium-font-size\"><a class=\"wp-block-button__link has-white-color has-black-background-color has-text-color has-background wp-element-button\" href=\"https:\/\/drive.google.com\/uc?export=download&amp;id=1IXrFNHj2CJca0mZZrk2t9qAn-LevAchl\" target=\"_blank\" rel=\"noreferrer noopener\"><strong>Baixar Atividades<\/strong><\/a><\/div>\n\n\n\n<div class=\"wp-block-button has-custom-font-size has-medium-font-size\"><a class=\"wp-block-button__link has-white-color has-black-background-color has-text-color has-background wp-element-button\" href=\"https:\/\/drive.google.com\/uc?export=download&amp;id=10-thRhaYLOQI1Y7Q1W8nJXFhsn43gi7_\" target=\"_blank\" rel=\"noreferrer noopener\"><strong>Baixar Slides<\/strong><\/a><\/div>\n\n\n\n<div class=\"wp-block-button has-custom-font-size has-medium-font-size\"><a class=\"wp-block-button__link has-white-color has-black-background-color has-text-color has-background wp-element-button\" href=\"https:\/\/drive.google.com\/uc?export=download&amp;id=1pFgnV4UdK0-y3BzKpRZeSa-Ibm2eqG0u\" target=\"_blank\" rel=\"noreferrer noopener\"><strong>Baixar Texto<\/strong><\/a><\/div>\n<\/div>\n\n\n\n<p class=\"has-text-align-center has-medium-font-size\"><\/p>\n\n\n<div class=\"wp-block-image is-style-default\">\n<figure class=\"aligncenter size-full\"><img decoding=\"async\" src=\"https:\/\/sme.goiania.go.gov.br\/conexaoescola\/wp-content\/uploads\/2022\/03\/Stone.jpg\" alt=\"\" class=\"wp-image-139293\"\/><figcaption class=\"wp-element-caption\"><a href=\"https:\/\/pt.wikipedia.org\/wiki\/Stonehenge\">Stonehenge<\/a>. Dispon\u00edvel em: &lt;<a href=\"https:\/\/pt.wikipedia.org\/wiki\/Stonehenge#\/media\/Ficheiro:Stonehenge_(sun).jpg\">https:\/\/pt.wikipedia.org\/wiki\/Stonehenge#\/media\/Ficheiro:Stonehenge_(sun).jpg<\/a>&gt;. Acesso em 03, mar\u00e7o. 2022.<\/figcaption><\/figure><\/div>\n\n\n<p class=\"has-black-color has-text-color has-background has-medium-font-size\" style=\"background-color:#ffe7a4\"><strong>Quest\u00e3o 1<\/strong><\/p>\n\n\n\n<p class=\"has-text-align-center has-black-color has-text-color has-small-font-size\"><strong>Essa ilustra\u00e7\u00e3o era a contracapa do livro de <\/strong><a href=\"https:\/\/pt.wikipedia.org\/wiki\/Thomas_Henry_Huxley\"><strong>Thomas Henry Huxley<\/strong><\/a><strong>, de 1863, <\/strong><a href=\"https:\/\/pt.wikipedia.org\/wiki\/Evidence_as_to_Man%27s_Place_in_Nature\"><strong><em>Evidence as to Man&#8217;s Place in Nature<\/em><\/strong><\/a><strong> (Evid\u00eancias quanto \u00e0 posi\u00e7\u00e3o do homem na natureza)<\/strong>.<\/p>\n\n\n\n<p class=\"has-text-align-center\"><img decoding=\"async\" src=\"https:\/\/lh7-us.googleusercontent.com\/Y_87otQ0K2a1WrHpDJYa7vePxH_Q8raGQLRMXwmhebNNG5G1LyaGv42zo1d9gAWXu9KfT0ZmknEz2tpCSCxO0lpyhAquCYnWOlT3v1EbkKR9cLwMNjhPshjDS0Oh-nkLUvJ9ktAWJ-Hw\" style=\"\"><\/p>\n\n\n\n<p class=\"has-small-font-size\">Dispon\u00edvel em:&lt;<a href=\"https:\/\/pt.wikipedia.org\/wiki\/Hist%C3%B3ria_do_pensamento_evolutivo#\/media\/Ficheiro:Huxley_-_Mans_Place_in_Nature.png\">https:\/\/pt.wikipedia.org\/wiki\/Hist%C3%B3ria_do_pensamento_evolutivo#\/media\/Ficheiro:Huxley_-_Mans_Place_in_Nature.png<\/a>&gt;. Acesso em: 28 nov. 2023.<\/p>\n\n\n\n<p>Pensando sobre a \u201cTeoria Evolucionista\u201d como eles (evolucionistas) explicam a origem do ser humano?&nbsp;&nbsp;<\/p>\n\n\n\n<p class=\"has-black-color has-text-color has-background has-medium-font-size\" style=\"background-color:#ffe7a4\"><strong>Quest\u00e3o 2<\/strong><\/p>\n\n\n\n<p class=\"has-black-color has-text-color has-medium-font-size\">Explore seu livro did\u00e1tico, pesquise e cite algumas das consequ\u00eancias do dom\u00ednio do fogo na vida de nossos ancestrais.<\/p>\n\n\n\n<p class=\"has-black-color has-text-color has-background has-medium-font-size\" style=\"background-color:#ffe7a4\"><strong>Quest\u00e3o 3<\/strong><\/p>\n\n\n\n<p class=\"has-black-color has-text-color has-medium-font-size\">O processo de sedentariza\u00e7\u00e3o marcou um ponto crucial na hist\u00f3ria da humanidade, representando a transi\u00e7\u00e3o de sociedades n\u00f4mades para comunidades agr\u00edcolas permanentes. Esse fen\u00f4meno teve impactos profundos na organiza\u00e7\u00e3o social, econ\u00f4mica e cultural das popula\u00e7\u00f5es antigas. Compreender os motivos e as consequ\u00eancias desse processo \u00e9 fundamental para entender o desenvolvimento das civiliza\u00e7\u00f5es ao longo do tempo.<\/p>\n\n\n\n<p class=\"has-text-align-center has-black-color has-text-color has-small-font-size\"><strong>Sociedades sedent\u00e1rias<\/strong><\/p>\n\n\n\n<p><img decoding=\"async\" src=\"https:\/\/lh7-us.googleusercontent.com\/ZEhDc-zWX_r_xH9Dmg-kvy1FK2Hzll6bPdfxW29UzLaEUw0LFbPmXJ8VRswbOQuEn9MDFl1XkPOr30fU4-3gUtsRxfed2mz4p9YTi3klERvb0Q3X7rB2Q3v8T5H59pzOqewYBESMlph8\" style=\"\"><\/p>\n\n\n\n<p class=\"has-small-font-size\">Dispon\u00edvel em:&lt;<a href=\"https:\/\/regininha-atividadesescolares.blogspot.com\/2020\/11\/sociedades-sedentarias.html\">https:\/\/regininha-atividadesescolares.blogspot.com\/2020\/11\/sociedades-sedentarias.html<\/a>&gt;. Acesso em: 28 nov. 2023.<\/p>\n\n\n\n<p class=\"has-black-color has-text-color has-medium-font-size\">Qual foi um dos principais fatores que impulsionou o processo de sedentariza\u00e7\u00e3o nas sociedades antigas?<\/p>\n\n\n\n<p class=\"has-black-color has-text-color has-medium-font-size\">(A) Avan\u00e7os na tecnologia de ca\u00e7a e coleta.<\/p>\n\n\n\n<p class=\"has-black-color has-text-color has-medium-font-size\">(B) Necessidade de garantir o fornecimento regular de alimentos.<\/p>\n\n\n\n<p class=\"has-black-color has-text-color has-medium-font-size\">(C) Influ\u00eancia de religi\u00f5es n\u00f4mades itinerantes.<\/p>\n\n\n\n<p class=\"has-black-color has-text-color has-medium-font-size\">(D) Prefer\u00eancia cultural por estilos de vida sedent\u00e1rios.<\/p>\n\n\n\n<p><\/p>\n\n\n\n<p class=\"has-black-color has-text-color has-background has-medium-font-size\" style=\"background-color:#ffe7a4\"><strong>Quest\u00e3o 4<\/strong><\/p>\n\n\n\n<p class=\"has-black-color has-text-color has-medium-font-size\">O termo &#8220;pre-hist\u00f3ria&#8221; \u00e9 comumente utilizado para descrever o per\u00edodo anterior ao surgimento da escrita. No entanto, sua aplica\u00e7\u00e3o suscita debates sobre a adequa\u00e7\u00e3o e as implica\u00e7\u00f5es do conceito. Analisar criticamente o uso desse termo \u00e9 fundamental para compreender como ele influencia a compreens\u00e3o da hist\u00f3ria humana e se suas implica\u00e7\u00f5es s\u00e3o apropriadas.<\/p>\n\n\n\n<p class=\"has-text-align-center\"><strong>Cr\u00e2nio de um Homo habilis.<\/strong><\/p>\n\n\n\n<p class=\"has-text-align-center\"><img decoding=\"async\" src=\"https:\/\/lh7-us.googleusercontent.com\/4F_B1zkxrz-uP2VZXr3Inv_lHMbTaLar8Mn7mDbrHspyie62weGNbwD3THCRhkNGAivvc6vD0Q2QJhtsed_nwQmYx1c_Gi3mEF2OOOiC7pz6ME7CeMnpeEDQd8gVXq7I6WdsOlcU0AKd\" style=\"\"><\/p>\n\n\n\n<p class=\"has-text-align-center has-small-font-size\">Dispon\u00edvel em:&lt;<a href=\"https:\/\/pt.wikipedia.org\/wiki\/Pr%C3%A9-hist%C3%B3ria#\/media\/Ficheiro:Homo_habilis.jpg\">https:\/\/pt.wikipedia.org\/wiki\/Pr%C3%A9-hist%C3%B3ria#\/media\/Ficheiro:Homo_habilis.jpg<\/a>&gt;. Acesso em: 28 nov. 2023.<\/p>\n\n\n\n<p class=\"has-black-color has-text-color has-medium-font-size\">Quais s\u00e3o algumas implica\u00e7\u00f5es do uso do conceito de &#8220;pre-hist\u00f3ria&#8221; e como ele afeta nossa compreens\u00e3o da evolu\u00e7\u00e3o humana?<\/p>\n\n\n\n<p class=\"has-black-color has-text-color has-medium-font-size\">(A) Reflete uma divis\u00e3o clara entre a hist\u00f3ria escrita e a n\u00e3o escrita, sugerindo um est\u00e1gio menos evolu\u00eddo da humanidade.<\/p>\n\n\n\n<p class=\"has-black-color has-text-color has-medium-font-size\">(B) Pode perpetuar uma vis\u00e3o euroc\u00eantrica da hist\u00f3ria, desconsiderando as ricas tradi\u00e7\u00f5es e culturas de povos sem escrita.<\/p>\n\n\n\n<p class=\"has-black-color has-text-color has-medium-font-size\">(C) Facilita a categoriza\u00e7\u00e3o simplificada das sociedades, ignorando as complexidades e inova\u00e7\u00f5es ocorridas durante esse per\u00edodo.<\/p>\n\n\n\n<p class=\"has-black-color has-text-color has-medium-font-size\">(D) Todas as alternativas est\u00e3o corretas.<\/p>\n\n\n\n<p class=\"has-text-align-center has-black-color has-text-color has-background has-medium-font-size\" style=\"background-color:#ffe7a4\"><strong>&nbsp;&nbsp;&nbsp;&nbsp;&nbsp; SAIBA MAIS<\/strong><\/p>\n\n\n\n<p class=\"has-medium-font-size\">Aperte o play e se divirta com o conhecimento, descobertas e desafios propostos neste v\u00eddeo.<\/p>\n\n\n\n<figure class=\"wp-block-embed is-type-video is-provider-youtube wp-block-embed-youtube wp-embed-aspect-16-9 wp-has-aspect-ratio\"><div class=\"wp-block-embed__wrapper\">\n<p class=\"responsive-video-wrap clr\"><iframe title=\"Atividade 4 - Data\u00e7\u00e3o Carbono 14 - 6\u00b0 Ano\" width=\"1200\" height=\"675\" src=\"https:\/\/www.youtube.com\/embed\/4vB9IAtUg3I?feature=oembed\" frameborder=\"0\" allow=\"accelerometer; autoplay; clipboard-write; encrypted-media; gyroscope; picture-in-picture; web-share\" allowfullscreen><\/iframe><\/p>\n<\/div><figcaption class=\"wp-element-caption\">Canal Uilson Duarte.  &#8220;Atividade 4 &#8211; Data\u00e7\u00e3o Carbono 14 6\u00b0 Ano&#8221;. Dispon\u00edvel em:&lt;<a href=\"https:\/\/www.youtube.com\/watch?v=4vB9IAtUg3I\" data-type=\"URL\" data-id=\"https:\/\/www.youtube.com\/watch?v=4vB9IAtUg3I\">https:\/\/www.youtube.com\/watch?v=4vB9IAtUg3I<\/a>&gt;. Acesso em: 25, marc. 22.<\/figcaption><\/figure>\n\n\n\n<p class=\"has-black-color has-text-color has-background has-medium-font-size\" style=\"background-color:#ffe7a4\"> <strong>Acesse os materiais referentes a essa atividade clicando aqui:<\/strong>  <a href=\"https:\/\/sme.goiania.go.gov.br\/conexaoescola\/propostas_didaticas\/propostas-didaticas-historia-6-ano\/\" data-type=\"URL\" data-id=\"https:\/\/sme.goiania.go.gov.br\/conexaoescola\/propostas_didaticas\/propostas-didaticas-historia-6-ano\/\" target=\"_blank\" rel=\"noreferrer noopener\">https:\/\/sme.goiania.go.gov.br\/conexaoescola\/propostas_didaticas\/propostas-didaticas-historia-6-ano\/<\/a><\/p>\n\n\n\n<figure class=\"wp-block-table\"><table><tbody><tr><td><strong>Autoria:<\/strong><\/td><td>Prof.: Uilson Silva Duarte<\/td><\/tr><tr><td><strong>Forma\u00e7\u00e3o:<\/strong><\/td><td>Licenciado em Hist\u00f3ria e Pedagogia<\/td><\/tr><tr><td><strong>Componente Curricular:<\/strong><\/td><td>Hist\u00f3ria<\/td><\/tr><tr><td><strong>Habilidade:<\/strong><\/td><td><strong>(GO-EF06HI02-C)<\/strong> Problematizar a neutralidade e objetividade das fontes e das an\u00e1lises historiogr\u00e1ficas, reconhecendo que n\u00e3o s\u00e3o isentas de valores, ou indiferentes a press\u00f5es de seu tempo e que foram produzidas segundo determinados interesses e estrat\u00e9gias.<br><strong>(GO-EF06HI03-A)<\/strong> Conhecer as teorias que subsidiam o aparecimento do ser humano no continente africano, bem como seus processos de evolu\u00e7\u00e3o, deslocamento e povoamento a partir da \u00c1frica.<\/td><\/tr><tr><td><strong>Refer\u00eancias:<\/strong><\/td><td><strong>HARTOG<\/strong>, F. Tempo, hist\u00f3ria e a escrita da hist\u00f3ria: a ordem do tempo . Revista de Hist\u00f3ria, <em>[S. l.]<\/em>, n. 148, p. 9-34, 2003. DOI: 10.11606\/issn.2316-9141.v0i148p9-34. Dispon\u00edvel em: https:\/\/www.revistas.usp.br\/revhistoria\/article\/view\/18952. Acesso em: 16 fev. 2022.<br><strong>SCHMIDT<\/strong>, Maria Auxiliadora. \u201cJ\u00f6rn R\u00fcsen e sua contribui\u00e7\u00e3o para a did\u00e1tica da Hist\u00f3ria\u201d. Intelligere, Revista de Hist\u00f3ria Intelectual, vol. 3, n\u00ba2, p. 60-76. 2017. Dispon\u00edvel em http:\/\/revistas.usp.br\/revistaintelligere&gt;. Acesso em 24\/01\/2022<\/td><\/tr><\/tbody><\/table><\/figure>\n","protected":false},"author":51,"featured_media":139293,"template":"","ef_categoria":[15,30],"ef_ano":[89],"ef_componente":[95],"class_list":["post-139292","ensino_fundamental","type-ensino_fundamental","status-publish","has-post-thumbnail","hentry","ef_categoria-ciclo-da-adolescencia-fg","ef_categoria-etica-e-cidadania-ciclo-da-adolescencia-fg","ef_ano-6o-ano","ef_componente-historia","entry","has-media"],"acf":[],"_links":{"self":[{"href":"https:\/\/sme.goiania.go.gov.br\/conexaoescola\/wp-json\/wp\/v2\/ensino_fundamental\/139292","targetHints":{"allow":["GET"]}}],"collection":[{"href":"https:\/\/sme.goiania.go.gov.br\/conexaoescola\/wp-json\/wp\/v2\/ensino_fundamental"}],"about":[{"href":"https:\/\/sme.goiania.go.gov.br\/conexaoescola\/wp-json\/wp\/v2\/types\/ensino_fundamental"}],"author":[{"embeddable":true,"href":"https:\/\/sme.goiania.go.gov.br\/conexaoescola\/wp-json\/wp\/v2\/users\/51"}],"version-history":[{"count":2,"href":"https:\/\/sme.goiania.go.gov.br\/conexaoescola\/wp-json\/wp\/v2\/ensino_fundamental\/139292\/revisions"}],"predecessor-version":[{"id":173524,"href":"https:\/\/sme.goiania.go.gov.br\/conexaoescola\/wp-json\/wp\/v2\/ensino_fundamental\/139292\/revisions\/173524"}],"wp:featuredmedia":[{"embeddable":true,"href":"https:\/\/sme.goiania.go.gov.br\/conexaoescola\/wp-json\/wp\/v2\/media\/139293"}],"wp:attachment":[{"href":"https:\/\/sme.goiania.go.gov.br\/conexaoescola\/wp-json\/wp\/v2\/media?parent=139292"}],"wp:term":[{"taxonomy":"ef_categoria","embeddable":true,"href":"https:\/\/sme.goiania.go.gov.br\/conexaoescola\/wp-json\/wp\/v2\/ef_categoria?post=139292"},{"taxonomy":"ef_ano","embeddable":true,"href":"https:\/\/sme.goiania.go.gov.br\/conexaoescola\/wp-json\/wp\/v2\/ef_ano?post=139292"},{"taxonomy":"ef_componente","embeddable":true,"href":"https:\/\/sme.goiania.go.gov.br\/conexaoescola\/wp-json\/wp\/v2\/ef_componente?post=139292"}],"curies":[{"name":"wp","href":"https:\/\/api.w.org\/{rel}","templated":true}]}}