{"id":138939,"date":"2022-03-22T16:30:30","date_gmt":"2022-03-22T19:30:30","guid":{"rendered":"https:\/\/sme.goiania.go.gov.br\/conexaoescola\/?post_type=ensino_fundamental&#038;p=138939"},"modified":"2023-06-01T16:41:55","modified_gmt":"2023-06-01T19:41:55","slug":"lingua-portuguesa-campanha-de-conscientizacao-escrever-para-transformar","status":"publish","type":"ensino_fundamental","link":"https:\/\/sme.goiania.go.gov.br\/conexaoescola\/ensino_fundamental\/lingua-portuguesa-campanha-de-conscientizacao-escrever-para-transformar\/","title":{"rendered":"L\u00edngua Portuguesa &#8211; Campanha de conscientiza\u00e7\u00e3o: escrever para transformar."},"content":{"rendered":"\n<p class=\"has-background has-medium-font-size\" style=\"background-color:#f4eeef\">Esta atividade tem como base as sequ\u00eancias did\u00e1ticas propostas pelo <strong>Programa Aprender Sempre<\/strong>, da SME-Goi\u00e2nia, com base no DC\/GO &#8211; Ampliado e est\u00e1 destinada a estudantes do <strong>3\u00ba ano do Ensino Fundamental<\/strong>.\u00a0<\/p>\n\n\n\n<div class=\"wp-block-buttons is-content-justification-center is-layout-flex wp-container-core-buttons-is-layout-16018d1d wp-block-buttons-is-layout-flex\">\n<div class=\"wp-block-button\"><a class=\"wp-block-button__link wp-element-button\" href=\"https:\/\/drive.google.com\/uc?export=download&amp;id=1eX8D5bG95jolShdmjJDXa6MhVyskybtU\" target=\"_blank\" rel=\"noreferrer noopener\">Baixe a atividade<\/a><\/div>\n\n\n\n<div class=\"wp-block-button\"><a class=\"wp-block-button__link wp-element-button\" href=\"https:\/\/drive.google.com\/uc?export=download&amp;id=1QAbB6GryQpOL8z0UhV9tj3ewNEr6j6-x\" target=\"_blank\" rel=\"noreferrer noopener\">Baixe os slides<\/a><\/div>\n\n\n\n<div class=\"wp-block-button\"><a class=\"wp-block-button__link wp-element-button\" href=\"https:\/\/drive.google.com\/uc?export=download&amp;id=1WjMOhFMCZK7n8YM2cozHCT043vu780WB\" target=\"_blank\" rel=\"noreferrer noopener\">Baixe o texto<\/a><\/div>\n<\/div>\n\n\n\n<p><\/p>\n\n\n\n<p class=\"has-medium-font-size\"><\/p>\n\n\n<div class=\"wp-block-image\">\n<figure class=\"aligncenter size-full is-resized\"><img fetchpriority=\"high\" decoding=\"async\" src=\"https:\/\/sme.goiania.go.gov.br\/conexaoescola\/wp-content\/uploads\/2022\/03\/5-3-e1647976343407.jpg\" alt=\"\" class=\"wp-image-138940\" width=\"719\" height=\"571\" srcset=\"https:\/\/sme.goiania.go.gov.br\/conexaoescola\/wp-content\/uploads\/2022\/03\/5-3-e1647976343407.jpg 564w, https:\/\/sme.goiania.go.gov.br\/conexaoescola\/wp-content\/uploads\/2022\/03\/5-3-e1647976343407-300x238.jpg 300w\" sizes=\"(max-width: 719px) 100vw, 719px\" \/><figcaption class=\"wp-element-caption\">Dispon\u00edvel em: &lt;https:\/\/br.freepik.com\/vetores-gratis\/quadro-com-criancas-felizes-em-torno-da-placa-de-madeira_5183451.htm#query=CRIAN%C3%87AS%20DESENHO&amp;position=5&amp;from_view=search&gt; Acesso em 17, fev. 202<\/figcaption><\/figure><\/div>\n\n\n<p class=\"has-text-align-center has-black-color has-text-color has-background has-medium-font-size\" style=\"background-color:#fff5d9\"><strong>ASSISTA A VIDEOAULA A SEGUIR<\/strong>:<\/p>\n\n\n\n<figure class=\"wp-block-embed is-type-video is-provider-youtube wp-block-embed-youtube wp-embed-aspect-16-9 wp-has-aspect-ratio\"><div class=\"wp-block-embed__wrapper\">\n<p class=\"responsive-video-wrap clr\"><iframe title=\"Aprender Sempre - L. Portuguesa - 3\u00ba Ano - 1\u00ba Bim - Videoaula 4 - Campanha de Conscientiza\u00e7\u00e3o: escre\" width=\"1200\" height=\"675\" src=\"https:\/\/www.youtube.com\/embed\/4RTrlcwbo8Y?feature=oembed\" frameborder=\"0\" allow=\"accelerometer; autoplay; clipboard-write; encrypted-media; gyroscope; picture-in-picture; web-share\" allowfullscreen><\/iframe><\/p>\n<\/div><figcaption class=\"wp-element-caption\">Aprender Sempre &#8211; L. Portuguesa &#8211; 3\u00ba Ano &#8211; 1\u00ba Bim &#8211; Videoaula 4 &#8211; Campanha de Conscientiza\u00e7\u00e3o: escre<\/figcaption><\/figure>\n\n\n\n<p class=\"has-text-align-center has-black-color has-text-color has-background has-medium-font-size\" style=\"background-color:#ebf2f8\"><strong>Campanha de conscientiza\u00e7\u00e3o: escrever para transformar.<\/strong><\/p>\n\n\n\n<p class=\"has-medium-font-size\">Ol\u00e1 estudantes!<\/p>\n\n\n\n<p class=\"has-medium-font-size\">Voc\u00eas sabem o que s\u00e3o textos publicit\u00e1rios? O texto publicit\u00e1rio \u00e9 um g\u00eanero apresentado em campanhas publicit\u00e1rias. Podem ser encontrados de forma escrita, oral e visual.<\/p>\n\n\n\n<p class=\"has-medium-font-size\">Geralmente s\u00e3o encontrados em jornal, revista, televis\u00e3o, r\u00e1dio, internet, outdoors, dentre outros.<\/p>\n\n\n\n<p class=\"has-medium-font-size\">Os textos publicit\u00e1rios seguem uma estrutura mais livre, podem ser textos visuais, auditivos ou apenas frases. Tamb\u00e9m, podemos encontrar slogans (uma frase curta e marcante, um lema, uma mensagem resumida que tem o objetivo de chamar a aten\u00e7\u00e3o das pessoas).<\/p>\n\n\n\n<p class=\"has-medium-font-size\">Os textos publicit\u00e1rios de campanha de conscientiza\u00e7\u00e3o s\u00e3o utilizados para mostrar, orientar e explicar\u00a0 os leitores sobre assuntos relevantes\u00a0 para a sociedade. Por exemplo, campanha de combate \u00e0s drogas, campanha sobre a dengue, campanha sobre o tr\u00e1fico de pessoas, campanha sobre a prostitui\u00e7\u00e3o infantil, campanha do agasalho e etc.<\/p>\n\n\n\n<p class=\"has-text-align-center has-black-color has-text-color has-background has-medium-font-size\" style=\"background-color:#ebf2f8\"><strong>Atividades<\/strong><\/p>\n\n\n\n<p class=\"has-black-color has-text-color has-background has-medium-font-size\" style=\"background-color:#fff5d9\"><strong>QUEST\u00c3O 1<\/strong><\/p>\n\n\n\n<p class=\"has-black-color has-text-color has-medium-font-size\">VOC\u00ca SABIA QUE OS TEXTOS PUBLICIT\u00c1RIOS DE CAMPANHA DE CONSCIENTIZA\u00c7\u00c3O S\u00c3O UTILIZADOS PARA MOSTRAR, ORIENTAR E EXPLICAR\u00a0 OS LEITORES SOBRE ASSUNTOS RELEVANTES\u00a0 PARA A SOCIEDADE? SABENDO DISSO, OBSERVE O TEXTO ABAIXO, PENSE E DEPOIS RESPONDA:<\/p>\n\n\n<div class=\"wp-block-image\">\n<figure class=\"aligncenter size-full is-resized\"><img decoding=\"async\" src=\"https:\/\/sme.goiania.go.gov.br\/conexaoescola\/wp-content\/uploads\/2022\/03\/7-2-e1647976830169.jpg\" alt=\"\" class=\"wp-image-138943\" width=\"541\" height=\"262\"\/><figcaption class=\"wp-element-caption\">Dispon\u00edvel em: GOI\u00c2NIA. Secretaria Municipal de Educa\u00e7\u00e3o. Aprender sempre. 3\u00b0. Ano &#8211; Ensino Fundamental; L\u00edngua Portuguesa e Matem\u00e1tica; 1\u00b0. Bimestre; Goi\u00e2nia, 2022.<\/figcaption><\/figure><\/div>\n\n\n<figure class=\"wp-block-image size-full is-resized\"><img decoding=\"async\" src=\"https:\/\/sme.goiania.go.gov.br\/conexaoescola\/wp-content\/uploads\/2022\/03\/8-1-e1647976922984.jpg\" alt=\"\" class=\"wp-image-138944\" width=\"838\" height=\"364\" srcset=\"https:\/\/sme.goiania.go.gov.br\/conexaoescola\/wp-content\/uploads\/2022\/03\/8-1-e1647976922984.jpg 786w, https:\/\/sme.goiania.go.gov.br\/conexaoescola\/wp-content\/uploads\/2022\/03\/8-1-e1647976922984-300x131.jpg 300w, https:\/\/sme.goiania.go.gov.br\/conexaoescola\/wp-content\/uploads\/2022\/03\/8-1-e1647976922984-768x334.jpg 768w\" sizes=\"(max-width: 838px) 100vw, 838px\" \/><figcaption class=\"wp-element-caption\">Dispon\u00edvel em: &lt;https:\/\/br.freepik.com\/vetores-gratis\/modelo-de-adesivo-com-um-menino-escrevendo-na-mesa-isolado_20743395.htm#query=CRIAN%C3%87A%20ESCREVENDO%20DESENHO&amp;position=0&amp;from_view=search&gt; Acesso em 17, fev. 202<\/figcaption><\/figure>\n\n\n\n<p class=\"has-black-color has-text-color has-background has-medium-font-size\" style=\"background-color:#fff5d9\"><strong>QUEST\u00c3O 2<\/strong><\/p>\n\n\n\n<p class=\"has-black-color has-text-color has-medium-font-size\">OBSERVE AGORA O TEXTO SEGUINTE, PENSE E MARQUE A AFIRMATIVA CORRETA:<\/p>\n\n\n<div class=\"wp-block-image\">\n<figure class=\"aligncenter size-full is-resized\"><img loading=\"lazy\" decoding=\"async\" src=\"https:\/\/sme.goiania.go.gov.br\/conexaoescola\/wp-content\/uploads\/2022\/03\/1-8-e1647977028470.jpg\" alt=\"\" class=\"wp-image-138945\" width=\"349\" height=\"340\"\/><figcaption class=\"wp-element-caption\">Dispon\u00edvel em: GOI\u00c2NIA. Secretaria Municipal de Educa\u00e7\u00e3o. Aprender sempre. 3\u00b0. Ano &#8211; Ensino Fundamental; L\u00edngua Portuguesa e Matem\u00e1tica; 1\u00b0. Bimestre; Goi\u00e2nia, 2022.<\/figcaption><\/figure><\/div>\n\n\n<p>(A) O TEMA DO TEXTO \u00c9 SOBRE INF\u00c2NCIA.<\/p>\n\n\n\n<p>(B) EST\u00c1 DESTINADO APENAS PARA PROFESSORES.<\/p>\n\n\n\n<p>(C) O TEXTO EST\u00c1 INFORMANDO SOBRE A IMPORT\u00c2NCIA DA LEITURA.<\/p>\n\n\n\n<p>(D) O SLOGAN \u00c9 \u201cPARA A EDUCA\u00c7\u00c3O MELHORAR, TODOS DEVEM PARTICIPAR\u201d.<\/p>\n\n\n\n<p>(E) O SLOGAN \u00c9 \u201cMOBILIZA\u00c7\u00c3O SOCIAL PELA EDUCA\u00c7\u00c3O.<\/p>\n\n\n\n<p class=\"has-black-color has-text-color has-background has-medium-font-size\" style=\"background-color:#fff5d9\"><strong>QUEST\u00c3O 3<\/strong><\/p>\n\n\n\n<p>OS TEXTOS PUBLICIT\u00c1RIOS SEGUEM UMA ESTRUTURA MAIS LIVRE, PODEM SER TEXTOS VISUAIS, AUDITIVOS OU APENAS FRASES. TAMB\u00c9M, PODEMOS ENCONTRAR SLOGANS (UMA FRASE CURTA E MARCANTE, UM LEMA, UMA MENSAGEM RESUMIDA QUE TEM O OBJETIVO DE CHAMAR A ATEN\u00c7\u00c3O DAS PESSOAS).&nbsp;<\/p>\n\n\n\n<p>AGORA, RETORNE AOS EXERC\u00cdCIOS ANTERIORES, PARA RESPONDER SOBRE O TEXTO DE CAMPANHA DO EXERC\u00cdCIO 1 E O TEXTO DE CAMPANHA DO EXERC\u00cdCIO 2:<\/p>\n\n\n\n<figure class=\"wp-block-image size-full is-resized\"><img loading=\"lazy\" decoding=\"async\" src=\"https:\/\/sme.goiania.go.gov.br\/conexaoescola\/wp-content\/uploads\/2022\/03\/3-7-e1647977291482.jpg\" alt=\"\" class=\"wp-image-138947\" width=\"853\" height=\"443\" srcset=\"https:\/\/sme.goiania.go.gov.br\/conexaoescola\/wp-content\/uploads\/2022\/03\/3-7-e1647977291482.jpg 774w, https:\/\/sme.goiania.go.gov.br\/conexaoescola\/wp-content\/uploads\/2022\/03\/3-7-e1647977291482-300x156.jpg 300w, https:\/\/sme.goiania.go.gov.br\/conexaoescola\/wp-content\/uploads\/2022\/03\/3-7-e1647977291482-768x399.jpg 768w\" sizes=\"(max-width: 853px) 100vw, 853px\" \/><figcaption class=\"wp-element-caption\">Dispon\u00edvel em: &lt;https:\/\/br.freepik.com\/vetores-gratis\/ilustracao-de-leitura-e-escrita-de-menino-e-menina_1169368.htm#query=CRIAN%C3%87A%20DESENHO&amp;position=45&amp;from_view=search> Acesso em 17, fev. 2022.<br><br><\/figcaption><\/figure>\n\n\n\n<p class=\"has-black-color has-text-color has-background has-medium-font-size\" style=\"background-color:#fff5d9\"><strong>QUEST\u00c3O 4<\/strong><\/p>\n\n\n\n<p>N\u00c3O \u00c9 UM EXEMPLO DE TEXTOS PUBLICIT\u00c1RIOS DE CAMPANHA DE CONSCIENTIZA\u00c7\u00c3O:<\/p>\n\n\n\n<p>(A) CAMPANHA DE COMBATE \u00c0S DROGAS.<\/p>\n\n\n\n<p>(B) CONTO FANT\u00c1STICO<\/p>\n\n\n\n<p>(C) CAMPANHA SOBRE A DENGUE.<\/p>\n\n\n\n<p>(D) CAMPANHA SOBRE O TR\u00c1FICO DE PESSOAS.<\/p>\n\n\n\n<p>(E) CAMPANHA DO AGASALHO.<\/p>\n\n\n\n<hr class=\"wp-block-separator has-alpha-channel-opacity\"\/>\n\n\n\n<figure class=\"wp-block-table is-style-stripes\"><table><tbody><tr><td><strong>Componente Curricular:<\/strong><\/td><td>L\u00cdNGUA PORTUGUESA<\/td><\/tr><tr><td><strong>Habilidade:<\/strong><\/td><td>(EF15LP01) Identificar a fun\u00e7\u00e3o social de textos que circulam em campos social dos quais participa cotidianamente (a casa, a rua, a comunidade, a escola nas m\u00eddias impressa, de massa e digital, reconhecendo para que foram produzidos onde circulam, quem os produziu e a quem se destinam.<br>(EF03LP21) Produzir an\u00fancios publicit\u00e1rios e textos de campanhas de conscientiza\u00e7\u00e3o destinados ao p\u00fablico infantil, observando os recursos de persuas\u00e3o utilizados nos textos publicit\u00e1rios e de propaganda (cores, imagens, slogan, escolha de palavras, jogo de palavras, tamanho e tipo de letras, diagrama\u00e7\u00e3o).<\/td><\/tr><tr><td><strong>Refer\u00eancias:&nbsp;<\/strong><\/td><td>GOI\u00c2NIA. Secretaria Municipal de Educa\u00e7\u00e3o. Aprender sempre. 3\u00b0. Ano &#8211; Ensino Fundamental; L\u00edngua Portuguesa e Matem\u00e1tica; 1\u00b0. Bimestre; Goi\u00e2nia, 2022.<br>Projeto Buriti. Portugu\u00eas. (Cole\u00e7\u00e3o do 2\u00ba ao 5\u00ba ano). S\u00e3o Paulo: Moderna, 2017.<\/td><\/tr><\/tbody><\/table><\/figure>\n","protected":false},"author":45,"featured_media":138940,"template":"","ef_categoria":[13,20],"ef_ano":[86],"ef_componente":[93],"class_list":["post-138939","ensino_fundamental","type-ensino_fundamental","status-publish","has-post-thumbnail","hentry","ef_categoria-ciclo-da-infancia-abc","ef_categoria-etica-e-cidadania","ef_ano-3o-ano","ef_componente-portugues","entry","has-media"],"acf":[],"_links":{"self":[{"href":"https:\/\/sme.goiania.go.gov.br\/conexaoescola\/wp-json\/wp\/v2\/ensino_fundamental\/138939","targetHints":{"allow":["GET"]}}],"collection":[{"href":"https:\/\/sme.goiania.go.gov.br\/conexaoescola\/wp-json\/wp\/v2\/ensino_fundamental"}],"about":[{"href":"https:\/\/sme.goiania.go.gov.br\/conexaoescola\/wp-json\/wp\/v2\/types\/ensino_fundamental"}],"author":[{"embeddable":true,"href":"https:\/\/sme.goiania.go.gov.br\/conexaoescola\/wp-json\/wp\/v2\/users\/45"}],"version-history":[{"count":4,"href":"https:\/\/sme.goiania.go.gov.br\/conexaoescola\/wp-json\/wp\/v2\/ensino_fundamental\/138939\/revisions"}],"predecessor-version":[{"id":164150,"href":"https:\/\/sme.goiania.go.gov.br\/conexaoescola\/wp-json\/wp\/v2\/ensino_fundamental\/138939\/revisions\/164150"}],"wp:featuredmedia":[{"embeddable":true,"href":"https:\/\/sme.goiania.go.gov.br\/conexaoescola\/wp-json\/wp\/v2\/media\/138940"}],"wp:attachment":[{"href":"https:\/\/sme.goiania.go.gov.br\/conexaoescola\/wp-json\/wp\/v2\/media?parent=138939"}],"wp:term":[{"taxonomy":"ef_categoria","embeddable":true,"href":"https:\/\/sme.goiania.go.gov.br\/conexaoescola\/wp-json\/wp\/v2\/ef_categoria?post=138939"},{"taxonomy":"ef_ano","embeddable":true,"href":"https:\/\/sme.goiania.go.gov.br\/conexaoescola\/wp-json\/wp\/v2\/ef_ano?post=138939"},{"taxonomy":"ef_componente","embeddable":true,"href":"https:\/\/sme.goiania.go.gov.br\/conexaoescola\/wp-json\/wp\/v2\/ef_componente?post=138939"}],"curies":[{"name":"wp","href":"https:\/\/api.w.org\/{rel}","templated":true}]}}