{"id":138100,"date":"2022-03-13T16:56:33","date_gmt":"2022-03-13T19:56:33","guid":{"rendered":"https:\/\/sme.goiania.go.gov.br\/conexaoescola\/?post_type=ensino_fundamental&#038;p=138100"},"modified":"2023-08-08T19:33:58","modified_gmt":"2023-08-08T22:33:58","slug":"lingua-portuguesa-textos-pessoais-sujeito-e-predicado-e-transitividade-verbal","status":"publish","type":"ensino_fundamental","link":"https:\/\/sme.goiania.go.gov.br\/conexaoescola\/ensino_fundamental\/lingua-portuguesa-textos-pessoais-sujeito-e-predicado-e-transitividade-verbal\/","title":{"rendered":"L\u00edngua Portuguesa &#8211; Textos pessoais, sujeito e predicado e transitividade verbal"},"content":{"rendered":"\n<p class=\"has-black-color has-light-green-cyan-background-color has-text-color has-background has-medium-font-size\">Esta atividade de<strong>&nbsp;L\u00edngua Portuguesa<\/strong>&nbsp;tem como base as sequ\u00eancias did\u00e1ticas propostas pelo <strong>Programa Aprender Sempre<\/strong>, da SME-Goi\u00e2nia, com base no DC\/GO \u2013 Ampliado e est\u00e1 destinada a estudantes do&nbsp;<strong>9\u00ba ano<\/strong>&nbsp;do Ensino Fundamental.<\/p>\n\n\n\n<div class=\"wp-block-buttons is-content-justification-center is-layout-flex wp-container-core-buttons-is-layout-16018d1d wp-block-buttons-is-layout-flex\">\n<div class=\"wp-block-button\"><a class=\"wp-block-button__link wp-element-button\" href=\"https:\/\/drive.google.com\/uc?export=download&amp;id=1NJ1n-MEViJdZFvBO42aty5fU_76Osydx\" target=\"_blank\" rel=\"noreferrer noopener\">BAIXE A ATIVIDADE<\/a><\/div>\n\n\n\n<div class=\"wp-block-button\"><a class=\"wp-block-button__link wp-element-button\" href=\"https:\/\/drive.google.com\/uc?export=download&amp;id=19GTsiOIczv-fhhPjlZA5_KEHwKzh2m-E\" target=\"_blank\" rel=\"noreferrer noopener\">BAIXE OS SLIDES<\/a><\/div>\n\n\n\n<div class=\"wp-block-button\"><a class=\"wp-block-button__link wp-element-button\" href=\"https:\/\/drive.google.com\/uc?export=download&amp;id=12HJFK3bJyOiQc-j8jEFOWS2IW7Sb6KU9\" target=\"_blank\" rel=\"noreferrer noopener\">BAIXE O TEXTO<\/a><\/div>\n<\/div>\n\n\n\n<p><\/p>\n\n\n<div class=\"wp-block-image\">\n<figure class=\"aligncenter size-large is-resized\"><img decoding=\"async\" src=\"https:\/\/sme.goiania.go.gov.br\/conexaoescola\/wp-content\/uploads\/2022\/03\/pexels-photo-5490182-e1647200390582-683x1024.jpeg\" alt=\"\" class=\"wp-image-138101\" width=\"-188\" height=\"-283\" srcset=\"https:\/\/sme.goiania.go.gov.br\/conexaoescola\/wp-content\/uploads\/2022\/03\/pexels-photo-5490182-e1647200390582-683x1024.jpeg 683w, https:\/\/sme.goiania.go.gov.br\/conexaoescola\/wp-content\/uploads\/2022\/03\/pexels-photo-5490182-e1647200390582-200x300.jpeg 200w, https:\/\/sme.goiania.go.gov.br\/conexaoescola\/wp-content\/uploads\/2022\/03\/pexels-photo-5490182-e1647200390582-768x1152.jpeg 768w, https:\/\/sme.goiania.go.gov.br\/conexaoescola\/wp-content\/uploads\/2022\/03\/pexels-photo-5490182-e1647200390582.jpeg 867w\" sizes=\"(max-width: 683px) 100vw, 683px\" \/><figcaption class=\"wp-element-caption\">https:\/\/www.pexels.com\/pt-br\/foto\/abundancia-fartura-riqueza-envelhecido-5490182\/<\/figcaption><\/figure><\/div>\n\n\n<p class=\"has-black-color has-text-color has-medium-font-size\"> Para nos expressarmos, utilizamos diversas modalidades textuais, sejam elas orais ou escritas.&nbsp;<\/p>\n\n\n\n<p class=\"has-black-color has-text-color has-medium-font-size\">O di\u00e1rio, a autobiografia e a narrativa de mem\u00f3rias s\u00e3o g\u00eaneros voltados para a express\u00e3o pessoal de quem os produz. De maneiras mais espec\u00edficas, cada um deles \u00e9 composto por relatos pessoais que colocam em evid\u00eancia o sujeito que vive os fatos narrados.&nbsp;<\/p>\n\n\n\n<p class=\"has-black-color has-text-color has-medium-font-size\">Ao estudar a estrutura e o funcionamento da l\u00edngua, lidamos com v\u00e1rias possibilidades de elabora\u00e7\u00f5es textuais para efetivarmos a comunica\u00e7\u00e3o, que podem ser mais objetivas ou mais subjetivas, mais informativas, explicativas ou liter\u00e1rias, por exemplo. Pensando no desenvolvimento das habilidades de fala e escrita nos mais diversos usos da l\u00edngua, a gram\u00e1tica normativa sistematiza regras para nos auxiliarem nesses processos. Ao pensar na constitui\u00e7\u00e3o dos sujeitos, at\u00e9 mesmo em textos liter\u00e1rios, como o di\u00e1rio e a autobiografia, n\u00e3o podemos desconsiderar as orienta\u00e7\u00f5es da Gram\u00e1tica.<\/p>\n\n\n\n<p class=\"has-black-color has-text-color has-medium-font-size\">Nesta atividade, voc\u00ea estudar\u00e1 alguns aspectos da l\u00edngua portuguesa, como sujeito e predicado e transitividade verbal, por meio de textos pessoais.<\/p>\n\n\n\n<p class=\"has-black-color has-text-color has-medium-font-size\">O <strong>sujeito<\/strong> \u00e9 o termo da ora\u00e7\u00e3o sobre o qual se declara algo. Ele pode ser um substantivo, pronome, numeral ou uma ora\u00e7\u00e3o subordinada substantiva. O <strong>predicado<\/strong>, por sua vez, \u00e9 o que se diz sobre o sujeito. Ele \u00e9 formado pelo verbo e pelos complementos verbais, que podem ser objetos diretos ou indiretos, predicativos do sujeito, adjuntos adnominais, entre outros.<\/p>\n\n\n\n<p class=\"has-black-color has-text-color has-medium-font-size\">Vamos ver um exemplo:<\/p>\n\n\n\n<p class=\"has-text-align-center has-black-color has-text-color has-medium-font-size\">O Jo\u00e3o comeu uma ma\u00e7\u00e3.<\/p>\n\n\n\n<p class=\"has-black-color has-text-color has-medium-font-size\">Nesse exemplo, o sujeito \u00e9 &#8220;o Jo\u00e3o&#8221;, pois algo est\u00e1 sendo declarado a seu respeito, enquanto o predicado \u00e9 &#8220;comeu uma ma\u00e7\u00e3&#8221;, isto \u00e9, aquilo que \u00e9 dito sobre o sujeito Jo\u00e3o. &#8220;Comeu&#8221; \u00e9 o verbo e &#8220;uma ma\u00e7\u00e3&#8221; \u00e9 o objeto direto, que recebe a a\u00e7\u00e3o do verbo.&nbsp;&nbsp;<\/p>\n\n\n\n<p class=\"has-black-color has-text-color has-medium-font-size\">Alguns verbos, quando empregados em determinadas ora\u00e7\u00f5es, em determinados contextos,&nbsp; pedem complemento para fazerem sentido. Outros verbos n\u00e3o t\u00eam essa necessidade. Isso est\u00e1 relacionado \u00e0 transitividade verbal.<\/p>\n\n\n\n<p class=\"has-black-color has-text-color has-medium-font-size\">A <strong>transitividade verbal<\/strong> diz respeito \u00e0 rela\u00e7\u00e3o entre o verbo e o objeto. Quando o verbo expressa sentido completo, n\u00e3o precisa de complemento. Neste caso, ele \u00e9 <strong>intransitivo<\/strong>.<\/p>\n\n\n\n<p class=\"has-black-color has-text-color has-medium-font-size\">Por exemplo:<\/p>\n\n\n\n<p class=\"has-text-align-center has-black-color has-text-color has-medium-font-size\">A Laura <strong>sorriu<\/strong>. (verbo intransitivo)<\/p>\n\n\n\n<p class=\"has-black-color has-text-color has-medium-font-size\">Quando o verbo precisa de complemento para completar o sentido da ora\u00e7\u00e3o, ele \u00e9 <strong>transitivo<\/strong>. Alguns verbos podem ser <strong>transitivos diretos<\/strong>, ou seja, precisam de um objeto direto para completar seu significado (o complemento \u00e9 ligado ao verbo sem preposi\u00e7\u00e3o), e outros podem ser <strong>transitivos indiretos<\/strong>, que precisam de um objeto indireto (o complemento \u00e9 ligado ao verbo por meio de preposi\u00e7\u00e3o).&nbsp;<\/p>\n\n\n\n<p class=\"has-black-color has-text-color has-medium-font-size\">Por exemplo:<\/p>\n\n\n\n<p class=\"has-text-align-center has-black-color has-text-color has-medium-font-size\">A Maria <strong>comprou<\/strong> um livro. (verbo transitivo direto)<\/p>\n\n\n\n<p class=\"has-text-align-center has-black-color has-text-color has-medium-font-size\">O Jo\u00e3o <strong>necessita <\/strong>de um caderno novo para a mat\u00e9ria de Matem\u00e1tica. (verbo transitivo indireto)<\/p>\n\n\n\n<p class=\"has-black-color has-text-color has-medium-font-size\">\u00c9 importante lembrar que alguns verbos podem ser tanto transitivos quanto intransitivos, dependendo do contexto da frase.<\/p>\n\n\n\n<p class=\"has-black-color has-text-color has-medium-font-size\">Espero que tenha ficado mais claro para voc\u00ea o que \u00e9 sujeito, predicado e transitividade verbal. Pratique criando suas pr\u00f3prias frases e identificando seus elementos. Dessa forma, voc\u00ea ficar\u00e1 cada vez mais familiarizado com a gram\u00e1tica da l\u00edngua portuguesa!<\/p>\n\n\n\n<p class=\"has-text-align-center has-black-color has-pale-cyan-blue-background-color has-text-color has-background has-medium-font-size\">Assista \u00e0 videoaula do professor Marlon Santos com essa tem\u00e1tica.<\/p>\n\n\n\n<figure class=\"wp-block-embed is-type-video is-provider-youtube wp-block-embed-youtube wp-embed-aspect-16-9 wp-has-aspect-ratio\"><div class=\"wp-block-embed__wrapper\">\n<p class=\"responsive-video-wrap clr\"><iframe title=\"Aprender Sempre - L. Port. - 9\u00ba Ano - 1\u00ba Bim - Videoaula 2 - Textos Pessoais, Sujeito e Predicado\" width=\"1200\" height=\"675\" src=\"https:\/\/www.youtube.com\/embed\/FPh_R1tqzKM?feature=oembed\" frameborder=\"0\" allow=\"accelerometer; autoplay; clipboard-write; encrypted-media; gyroscope; picture-in-picture; web-share\" allowfullscreen><\/iframe><\/p>\n<\/div><figcaption class=\"wp-element-caption\">Canal Portal Conex\u00e3o Escola &#8220;Aprender Sempre &#8211; L. Portuguesa &#8211; 9\u00ba Ano &#8211; 1\u00baBi &#8211; Videoaula2 &#8211; Textos Pessoais, Sujeito e Predicado&#8221;. Dispon\u00edvel em: &lt;https:\/\/www.youtube.com\/watch?v=3yFz6wXro80&gt; Acesso em 13 mar. 2022.<\/figcaption><\/figure>\n\n\n\n<p class=\"has-text-align-center has-black-color has-cyan-bluish-gray-background-color has-text-color has-background has-medium-font-size\"><strong>VAMOS RESPONDER ALGUMAS QUEST\u00d5ES?<\/strong><\/p>\n\n\n\n<p class=\"has-black-color has-text-color has-medium-font-size\">Leia, a seguir, um trecho de um romance memorial\u00edstico chamado Menino de Engenho, de Jos\u00e9 Lins do Rego.<\/p>\n\n\n\n<p class=\"has-text-align-center has-black-color has-text-color has-medium-font-size\"><strong>O Santa F\u00e9<\/strong><\/p>\n\n\n\n<p class=\"has-black-color has-text-color has-medium-font-size\">Coitado do Santa F\u00e9! J\u00e1 o conheci de fogo morto. E nada \u00e9 mais triste do que engenho de fogo morto. Uma desola\u00e7\u00e3o de fim de vida, de ru\u00edna, que d\u00e1 \u00e0 paisagem rural uma melancolia de cemit\u00e9rio abandonado. Na bagaceira, crescendo, o mata-pasto de cobrir gente, o mel\u00e3o entrando pelas fornalhas, os moradores fugindo para outros engenhos, tudo deixado para um canto, e at\u00e9 os bois de carro vendidos para dar de comer aos seus donos. Ao lado da prosperidade e da riqueza do meu av\u00f4, eu vira ruir, at\u00e9 no prest\u00edgio de sua autoridade, aquele simp\u00e1tico velhinho que era o Coronel Lula de Holanda, com o seu Santa F\u00e9 caindo aos peda\u00e7os. Todo barbado, como aqueles velhos dos \u00e1lbuns de retratos antigos, sempre que sa\u00eda de casa era de cabriol\u00e9 e de casimira preta. A sua vida parecia um mist\u00e9rio. N\u00e3o plantava um p\u00e9 de cana e n\u00e3o pedia um tost\u00e3o emprestado a ningu\u00e9m.<\/p>\n\n\n\n<p class=\"has-text-align-right has-black-color has-text-color\" style=\"font-size:14px\">(REGO, J. L. do. <strong>Menino de Engenho<\/strong>. 33. ed. , Rio de Janeiro, Nova Fronteira, 1984, p.121-3)<\/p>\n\n\n\n<p class=\"has-black-color has-text-color has-medium-font-size\">Agora que voc\u00ea concluiu a leitura do texto, responda \u00e0s quest\u00f5es. <\/p>\n\n\n\n<p class=\"has-black-color has-light-green-cyan-background-color has-text-color has-background has-medium-font-size\"><strong>QUEST\u00c3O 1<\/strong><\/p>\n\n\n\n<p class=\"has-black-color has-text-color has-medium-font-size\">No trecho <strong>J\u00e1 o conheci de fogo morto<\/strong> o termo <strong>o<\/strong> est\u00e1 se referindo a qu\u00ea ou a quem?<\/p>\n\n\n\n<p class=\"has-black-color has-light-green-cyan-background-color has-text-color has-background has-medium-font-size\"><strong>QUEST\u00c3O 2<\/strong><\/p>\n\n\n\n<p class=\"has-black-color has-text-color has-medium-font-size\">De acordo com o texto, Santa F\u00e9 \u00e9 <\/p>\n\n\n\n<p class=\"has-black-color has-text-color has-medium-font-size\">(A) um homem <\/p>\n\n\n\n<p class=\"has-black-color has-text-color has-medium-font-size\">(B) uma cidade <\/p>\n\n\n\n<p class=\"has-black-color has-text-color has-medium-font-size\">(C) um engenho <\/p>\n\n\n\n<p class=\"has-black-color has-text-color has-medium-font-size\">(D) um cemit\u00e9rio abandonado <\/p>\n\n\n\n<p class=\"has-black-color has-light-green-cyan-background-color has-text-color has-background has-medium-font-size\"><strong>QUEST\u00c3O 3<\/strong><\/p>\n\n\n\n<p class=\"has-black-color has-text-color has-medium-font-size\">O trecho <em>\u201cE nada \u00e9 mais triste do que engenho de fogo morto. Uma desola\u00e7\u00e3o de fim de vida, de ru\u00edna, que d\u00e1 \u00e0 paisagem rural uma melancolia de cemit\u00e9rio abandonado\u201d<\/em> revela uma impress\u00e3o pessoal do narrador frente \u00e0 crise dos engenhos no Brasil na primeira metade do s\u00e9culo xx. Fa\u00e7a uma pesquisa sobre esse momento hist\u00f3rico de nosso pa\u00eds e, em seguida, elabore um par\u00e1grafo expondo sua opini\u00e3o sobre como essa crise afetou a vida dos senhores de engenho e de todos os trabalhadores que dependiam desse campo de trabalho para sua sobreviv\u00eancia. <\/p>\n\n\n\n<p class=\"has-black-color has-light-green-cyan-background-color has-text-color has-background has-medium-font-size\"><strong>QUEST\u00c3O 4<\/strong><\/p>\n\n\n\n<p class=\"has-black-color has-text-color has-medium-font-size\">Observe o trecho retirado do texto acima:<\/p>\n\n\n\n<p class=\"has-black-color has-text-color has-medium-font-size\"><strong>&nbsp;&nbsp;&nbsp;&nbsp;&nbsp;&nbsp;&nbsp;&nbsp;&nbsp;&nbsp;&nbsp;&nbsp;&nbsp;&nbsp;&nbsp;&nbsp;&nbsp;&nbsp;&nbsp;&nbsp;&nbsp;&nbsp;&nbsp;&nbsp;&nbsp;&nbsp;&nbsp;&nbsp;&nbsp;&nbsp;&nbsp;&nbsp;&nbsp;A sua vida parecia um mist\u00e9rio<\/strong>. <\/p>\n\n\n\n<p class=\"has-black-color has-text-color has-medium-font-size\">A) Destaque da ora\u00e7\u00e3o acima o sujeito e o predicado. <\/p>\n\n\n\n<p class=\"has-black-color has-text-color has-medium-font-size\">B) A transitividade verbal est\u00e1 relacionada ao verbo e seus complementos. Quando o verbo, por si s\u00f3, tem sentido completo, dizemos que ele \u00e9 intransitivo. Quando ele n\u00e3o tem, dizemos que \u00e9 transitivo. Para que seu sentido seja completo, o verbo precisa de um complemento que pode ou n\u00e3o ser preposicionado. Se esse complemento precisar de uma preposi\u00e7\u00e3o, dizemos que o verbo \u00e9 transitivo indireto. Caso o complemento n\u00e3o seja iniciado por uma preposi\u00e7\u00e3o, o verbo \u00e9 transitivo direto. Na ora\u00e7\u00e3o acima, indique qual \u00e9 a transitividade verbal.\u00a0\u00a0<\/p>\n\n\n\n<p class=\"has-black-color has-text-color has-medium-font-size\">C) Na ora\u00e7\u00e3o, o pronome possessivo <strong>sua <\/strong>est\u00e1 retomando qual sujeito da hist\u00f3ria?<\/p>\n\n\n\n<p class=\"has-black-color has-light-green-cyan-background-color has-text-color has-background has-medium-font-size\"><strong>QUEST\u00c3O 5<\/strong><\/p>\n\n\n\n<p class=\"has-black-color has-text-color has-medium-font-size\">Qual \u00e9 a transitividade verbal do verbo &#8220;pedia&#8221; na seguinte frase: &#8220;N\u00e3o plantava um p\u00e9 de cana e n\u00e3o pedia um tost\u00e3o emprestado a ningu\u00e9m&#8221;?<\/p>\n\n\n\n<p class=\"has-black-color has-text-color has-medium-font-size\">(A) Intransitivo<\/p>\n\n\n\n<p class=\"has-black-color has-text-color has-medium-font-size\">(B) Transitivo direto<\/p>\n\n\n\n<p class=\"has-black-color has-text-color has-medium-font-size\">(C) Transitivo indireto<\/p>\n\n\n\n<p class=\"has-black-color has-text-color has-medium-font-size\">(D) Transitivo direto e indireto<\/p>\n\n\n\n<hr class=\"wp-block-separator has-css-opacity\"\/>\n\n\n\n<figure class=\"wp-block-table is-style-stripes\"><table><tbody><tr><td><strong>Autoria:<\/strong><\/td><td>Marlon Santos<\/td><\/tr><tr><td><strong>Forma\u00e7\u00e3o:<\/strong><\/td><td>Letras &#8211; Portugu\u00eas<\/td><\/tr><tr><td><strong>Componente curricular:<\/strong> <\/td><td>L\u00edngua Portuguesa<\/td><\/tr><tr><td><strong><strong>Habilidades estruturantes:<\/strong><\/strong><\/td><td>(EF08LP06) Identificar, em textos lidos ou de produ\u00e7\u00e3o pr\u00f3pria, os termos constitutivos da ora\u00e7\u00e3o (sujeito e seus modificadores, verbo e seus complementos e modificadores). (EF08LP07) Diferenciar, em textos lidos ou de produ\u00e7\u00e3o pr\u00f3pria, complementos diretos e indiretos de verbos transitivos, apropriando-se da reg\u00eancia de verbos de uso frequente. (EF69LP44-A) Inferir a presen\u00e7a de valores sociais, culturais e humanos e de diferentes vis\u00f5es de mundo, em textos liter\u00e1rios. <br>(EF69LP44-B) Reconhecer, em textos liter\u00e1rios, formas de estabelecer m\u00faltiplos olhares sobre as identidades, sociedades e culturas, considerando a autoria e o contexto social e hist\u00f3rico de sua produ\u00e7\u00e3o.<\/td><\/tr><tr><td><strong>Refer\u00eancias:<\/strong><\/td><td>GOI\u00c2NIA. Secretaria Municipal de Educa\u00e7\u00e3o. Aprender Sempre. 6\u00b0 ao 9\u00ba ano &#8211; Ensino Fundamental; L\u00edngua Portuguesa; 1\u00b0 Bimestre; Goi\u00e2nia, 2022.<\/td><\/tr><\/tbody><\/table><\/figure>\n","protected":false},"author":42,"featured_media":138101,"template":"","ef_categoria":[16],"ef_ano":[92],"ef_componente":[93],"class_list":["post-138100","ensino_fundamental","type-ensino_fundamental","status-publish","has-post-thumbnail","hentry","ef_categoria-ciclo-da-adolescencia-hi","ef_ano-9o-ano","ef_componente-portugues","entry","has-media"],"acf":[],"_links":{"self":[{"href":"https:\/\/sme.goiania.go.gov.br\/conexaoescola\/wp-json\/wp\/v2\/ensino_fundamental\/138100","targetHints":{"allow":["GET"]}}],"collection":[{"href":"https:\/\/sme.goiania.go.gov.br\/conexaoescola\/wp-json\/wp\/v2\/ensino_fundamental"}],"about":[{"href":"https:\/\/sme.goiania.go.gov.br\/conexaoescola\/wp-json\/wp\/v2\/types\/ensino_fundamental"}],"author":[{"embeddable":true,"href":"https:\/\/sme.goiania.go.gov.br\/conexaoescola\/wp-json\/wp\/v2\/users\/42"}],"version-history":[{"count":2,"href":"https:\/\/sme.goiania.go.gov.br\/conexaoescola\/wp-json\/wp\/v2\/ensino_fundamental\/138100\/revisions"}],"predecessor-version":[{"id":166827,"href":"https:\/\/sme.goiania.go.gov.br\/conexaoescola\/wp-json\/wp\/v2\/ensino_fundamental\/138100\/revisions\/166827"}],"wp:featuredmedia":[{"embeddable":true,"href":"https:\/\/sme.goiania.go.gov.br\/conexaoescola\/wp-json\/wp\/v2\/media\/138101"}],"wp:attachment":[{"href":"https:\/\/sme.goiania.go.gov.br\/conexaoescola\/wp-json\/wp\/v2\/media?parent=138100"}],"wp:term":[{"taxonomy":"ef_categoria","embeddable":true,"href":"https:\/\/sme.goiania.go.gov.br\/conexaoescola\/wp-json\/wp\/v2\/ef_categoria?post=138100"},{"taxonomy":"ef_ano","embeddable":true,"href":"https:\/\/sme.goiania.go.gov.br\/conexaoescola\/wp-json\/wp\/v2\/ef_ano?post=138100"},{"taxonomy":"ef_componente","embeddable":true,"href":"https:\/\/sme.goiania.go.gov.br\/conexaoescola\/wp-json\/wp\/v2\/ef_componente?post=138100"}],"curies":[{"name":"wp","href":"https:\/\/api.w.org\/{rel}","templated":true}]}}