{"id":138092,"date":"2022-03-13T15:27:33","date_gmt":"2022-03-13T18:27:33","guid":{"rendered":"https:\/\/sme.goiania.go.gov.br\/conexaoescola\/?post_type=ensino_fundamental&#038;p=138092"},"modified":"2023-08-07T20:56:35","modified_gmt":"2023-08-07T23:56:35","slug":"lingua-portuguesa-o-conto-popular","status":"publish","type":"ensino_fundamental","link":"https:\/\/sme.goiania.go.gov.br\/conexaoescola\/ensino_fundamental\/lingua-portuguesa-o-conto-popular\/","title":{"rendered":"L\u00edngua Portuguesa &#8211; O conto popular"},"content":{"rendered":"\n<p class=\"has-text-align-center has-black-color has-light-green-cyan-background-color has-text-color has-background has-medium-font-size\">Esta atividade de<strong>&nbsp;L\u00edngua Portuguesa<\/strong>&nbsp;tem como base as sequ\u00eancias did\u00e1ticas propostas pelo <strong>Programa Aprender Sempre<\/strong>, da SME-Goi\u00e2nia, com base no DC\/GO \u2013 Ampliado e est\u00e1 destinada a estudantes do&nbsp;<strong>7\u00ba ano<\/strong>&nbsp;<strong>do Ensino Fundamental<\/strong>.  <\/p>\n\n\n\n<div class=\"wp-block-buttons is-content-justification-center is-layout-flex wp-container-core-buttons-is-layout-16018d1d wp-block-buttons-is-layout-flex\">\n<div class=\"wp-block-button\"><a class=\"wp-block-button__link wp-element-button\" href=\"https:\/\/drive.google.com\/uc?export=download&amp;id=1OwPXNwnhtBBgaRQrzf2kMFMpxkuiqpzz\" target=\"_blank\" rel=\"noreferrer noopener\">BAIXE A ATIVIDADE<\/a><\/div>\n\n\n\n<div class=\"wp-block-button\"><a class=\"wp-block-button__link wp-element-button\" href=\"https:\/\/drive.google.com\/uc?export=download&amp;id=1sjqMAkIqCtI4RFczQUdOWGwlYQ29_oH7\" target=\"_blank\" rel=\"noreferrer noopener\">BAIXE OS SLIDES<\/a><\/div>\n\n\n\n<div class=\"wp-block-button\"><a class=\"wp-block-button__link wp-element-button\" href=\"https:\/\/drive.google.com\/uc?export=download&amp;id=1NSn5EOsrUcvnG8dfmPX4xtx0aVi-1Vie\" target=\"_blank\" rel=\"noreferrer noopener\">BAIXE O TEXTO<\/a><\/div>\n<\/div>\n\n\n\n<p><\/p>\n\n\n\n<figure class=\"wp-block-image size-large\"><img fetchpriority=\"high\" decoding=\"async\" width=\"1024\" height=\"681\" src=\"https:\/\/sme.goiania.go.gov.br\/conexaoescola\/wp-content\/uploads\/2022\/03\/boys-gcb988adce_1920-e1647195481990-1024x681.jpg\" alt=\"\" class=\"wp-image-138094\" srcset=\"https:\/\/sme.goiania.go.gov.br\/conexaoescola\/wp-content\/uploads\/2022\/03\/boys-gcb988adce_1920-e1647195481990-1024x681.jpg 1024w, https:\/\/sme.goiania.go.gov.br\/conexaoescola\/wp-content\/uploads\/2022\/03\/boys-gcb988adce_1920-e1647195481990-300x199.jpg 300w, https:\/\/sme.goiania.go.gov.br\/conexaoescola\/wp-content\/uploads\/2022\/03\/boys-gcb988adce_1920-e1647195481990-768x510.jpg 768w, https:\/\/sme.goiania.go.gov.br\/conexaoescola\/wp-content\/uploads\/2022\/03\/boys-gcb988adce_1920-e1647195481990-1536x1021.jpg 1536w, https:\/\/sme.goiania.go.gov.br\/conexaoescola\/wp-content\/uploads\/2022\/03\/boys-gcb988adce_1920-e1647195481990.jpg 1920w\" sizes=\"(max-width: 1024px) 100vw, 1024px\" \/><figcaption class=\"wp-element-caption\">https:\/\/pixabay.com\/images\/id-3396713\/<\/figcaption><\/figure>\n\n\n\n<p class=\"has-black-color has-text-color has-medium-font-size\">O <strong>conto<\/strong> \u00e9 um g\u00eanero que surgiu da tradi\u00e7\u00e3o oral, ou seja, nasceu da conta\u00e7\u00e3o de hist\u00f3rias narradas de gera\u00e7\u00e3o para gera\u00e7\u00e3o at\u00e9 alcan\u00e7ar o n\u00edvel do registro escrito. Cada cultura possui seu acervo particular de hist\u00f3rias que s\u00e3o transmitidas ao longo do tempo. Os contos tamb\u00e9m est\u00e3o propensos a revelar os costumes e os julgamentos morais e as cren\u00e7as de um povo e t\u00eam como caracter\u00edsticas b\u00e1sicas a presen\u00e7a de elementos sobrenaturais, de objetos m\u00e1gicos.<\/p>\n\n\n\n<p class=\"has-black-color has-text-color has-medium-font-size\">Um dos elementos essenciais da estrutura narrativa do conto popular \u00e9 o <strong>enredo<\/strong>. Os contos populares s\u00e3o caracterizados por enredos concisos e diretos, muitas vezes seguindo uma estrutura simples de in\u00edcio, meio e fim. Esses enredos s\u00e3o projetados para capturar a aten\u00e7\u00e3o do ouvinte ou leitor, apresentando situa\u00e7\u00f5es desafiadoras ou m\u00e1gicas que exigem a resolu\u00e7\u00e3o de um problema ou conflito.<\/p>\n\n\n\n<p class=\"has-black-color has-text-color has-medium-font-size\">Os personagens desempenham um papel fundamental nos contos populares. Eles costumam seguir um padr\u00e3o, um tipo, e representam diferentes facetas da condi\u00e7\u00e3o humana. Podemos encontrar her\u00f3is corajosos, princesas indefesas, vil\u00f5es astutos, animais falantes e personagens m\u00e1gicos. Esses personagens t\u00eam caracter\u00edsticas distintas e desempenham pap\u00e9is espec\u00edficos na trama, muitas vezes servindo como s\u00edmbolos de virtudes ou v\u00edcios.<\/p>\n\n\n\n<p class=\"has-black-color has-text-color has-medium-font-size\">O tempo \u00e9 um elemento interessante nesse g\u00eanero, pois as a\u00e7\u00f5es podem ocorrer tanto em um tempo indefinido quanto em um contexto hist\u00f3rico espec\u00edfico. Al\u00e9m disso, o tempo pode ser manipulado de maneira m\u00e1gica, permitindo saltos temporais, ciclos repetidos ou eventos que ocorrem &#8220;uma vez no tempo&#8221;. Essa flexibilidade temporal contribui para a atmosfera de encantamento e fantasia que muitas vezes envolve os contos populares.<\/p>\n\n\n\n<p class=\"has-black-color has-text-color has-medium-font-size\">O espa\u00e7o tamb\u00e9m desempenha um papel crucial nos contos populares. Os contos podem ocorrer em lugares reais ou imagin\u00e1rios, como florestas escuras, castelos encantados, cidades m\u00e1gicas ou aldeias rurais. O espa\u00e7o \u00e9 um elemento-chave para a ambienta\u00e7\u00e3o da hist\u00f3ria e pode influenciar diretamente o enredo e as intera\u00e7\u00f5es dos personagens.<\/p>\n\n\n\n<p class=\"has-black-color has-text-color has-medium-font-size\">Quanto ao narrador, os contos podem ser narrados em primeira ou terceira pessoa, dependendo da tradi\u00e7\u00e3o cultural ou da vers\u00e3o espec\u00edfica do conto. Em alguns casos, o narrador pode ser um personagem dentro da hist\u00f3ria, enquanto em outros casos, ele assume um papel mais distanciado e observador. Independentemente disso, o narrador geralmente possui um estilo de linguagem envolvente e cativante, adaptando-se ao p\u00fablico-alvo e \u00e0 tradi\u00e7\u00e3o oral em que o conto \u00e9 transmitido.<\/p>\n\n\n\n<p class=\"has-text-align-center has-black-color has-pale-cyan-blue-background-color has-text-color has-background has-medium-font-size\"><strong>Planejando um conto popular<\/strong><\/p>\n\n\n\n<p class=\"has-black-color has-text-color has-medium-font-size\">Para planejar um conto popular, atente-se:<\/p>\n\n\n\n<ul class=\"has-black-color has-text-color has-medium-font-size wp-block-list\">\n<li class=\"has-medium-font-size\"><strong>Narrador:<\/strong> pense na melhor forma de narrar a hist\u00f3ria: em 1\u00aa ou 3\u00aa pessoa.<\/li>\n<\/ul>\n\n\n\n<ul class=\"has-black-color has-text-color has-medium-font-size wp-block-list\">\n<li class=\"has-medium-font-size\"><strong>Personagens:<\/strong> escolha os nomes e as caracter\u00edsticas f\u00edsicas e comportamentais das personagens.<\/li>\n<\/ul>\n\n\n\n<ul class=\"has-black-color has-text-color has-medium-font-size wp-block-list\">\n<li class=\"has-medium-font-size\"><strong>Espa\u00e7o:<\/strong> escolha o cen\u00e1rio\/lugar em que acontecer\u00e3o os fatos, use adjetivos para caracteriz\u00e1-lo. O espa\u00e7o pode ser mais de um.<\/li>\n<\/ul>\n\n\n\n<ul class=\"has-black-color has-text-color has-medium-font-size wp-block-list\">\n<li class=\"has-medium-font-size\"><strong>Tempo:<\/strong> especifique em qual tempo a narrativa acontecer\u00e1, se ele \u00e9 preciso ou n\u00e3o, sua dura\u00e7\u00e3o.<\/li>\n<\/ul>\n\n\n\n<ul class=\"has-black-color has-text-color has-medium-font-size wp-block-list\">\n<li class=\"has-medium-font-size\"><strong>Enredo:<\/strong> especifique em qual conflito as personagens ir\u00e3o se envolver, qual ser\u00e1 o ponto m\u00e1ximo da tens\u00e3o e como ele ser\u00e1 resolvido (ou se ter\u00e1 um desfecho sem resolu\u00e7\u00e3o).<\/li>\n<\/ul>\n\n\n\n<p class=\"has-black-color has-text-color has-medium-font-size\">Agora \u00e9 sua vez de continuar a Hist\u00f3ria: transmitindo saberes de gera\u00e7\u00e3o em gera\u00e7\u00e3o por meio dos contos.<\/p>\n\n\n\n<p class=\"has-text-align-center has-black-color has-light-green-cyan-background-color has-text-color has-background has-medium-font-size\">Assista \u00e0 videoaula do professor Marlon Santos com essa tem\u00e1tica.<\/p>\n\n\n\n<figure class=\"wp-block-embed is-type-video is-provider-youtube wp-block-embed-youtube wp-embed-aspect-16-9 wp-has-aspect-ratio\"><div class=\"wp-block-embed__wrapper\">\n<p class=\"responsive-video-wrap clr\"><iframe title=\"Aprender Sempre - L. Portuguesa - 7\u00ba Ano - 1\u00ba Bim - Videoaula 2 - O Conto Popular\" width=\"1200\" height=\"675\" src=\"https:\/\/www.youtube.com\/embed\/9TFayRL3dYM?feature=oembed\" frameborder=\"0\" allow=\"accelerometer; autoplay; clipboard-write; encrypted-media; gyroscope; picture-in-picture; web-share\" allowfullscreen><\/iframe><\/p>\n<\/div><figcaption class=\"wp-element-caption\">Canal <a href=\"https:\/\/www.youtube.com\/channel\/UCtoYS7J0PS_iO3KMA1JsnCA\">Portal Conex\u00e3o Escola<\/a> &#8220;Aprender Sempre &#8211; L. Portuguesa &#8211; 7\u00ba Ano &#8211; 1\u00baBi &#8211; Videoaula2 &#8211; O Conto Popular&#8221;. Dispon\u00edvel em &lt;https:\/\/www.youtube.com\/watch?v=9TFayRL3dYM&gt; acesso em 15 mar 2022.<\/figcaption><\/figure>\n\n\n\n<p class=\"has-text-align-left has-black-color has-pale-cyan-blue-background-color has-text-color has-background has-medium-font-size\"><strong>QUEST\u00c3O 1 <\/strong><\/p>\n\n\n\n<p class=\"has-black-color has-text-color has-medium-font-size\">A respeito do g\u00eanero conto, assinale a alternativa que apresenta uma informa\u00e7\u00e3o correta:<\/p>\n\n\n\n<p class=\"has-black-color has-text-color has-medium-font-size\">(A) O g\u00eanero conto n\u00e3o participa da tradi\u00e7\u00e3o oral. Desde sua funda\u00e7\u00e3o, pertence ao n\u00edvel do registro escrito.<\/p>\n\n\n\n<p class=\"has-black-color has-text-color has-medium-font-size\">(B) Cada cultura possui seu acervo particular de narrativas que s\u00e3o transmitidas ao longo do tempo.<\/p>\n\n\n\n<p class=\"has-black-color has-text-color has-medium-font-size\">(C) Os contos s\u00e3o narrados desconectados de um contexto de produ\u00e7\u00e3o.<\/p>\n\n\n\n<p class=\"has-black-color has-text-color has-medium-font-size\">(D) Os contos desconsideram os costumes e os julgamentos morais e as cren\u00e7as de um povo.<\/p>\n\n\n\n<p class=\"has-black-color has-pale-cyan-blue-background-color has-text-color has-background has-medium-font-size\"><strong>QUEST\u00c3O 2<\/strong><\/p>\n\n\n\n<p class=\"has-black-color has-text-color has-medium-font-size\">Ao planejar a escrita de um conto, o autor deve organizar:<\/p>\n\n\n\n<p class=\"has-black-color has-text-color has-medium-font-size\">(A) narrador, personagens, espa\u00e7o, tempo e enredo.<\/p>\n\n\n\n<p class=\"has-black-color has-text-color has-medium-font-size\">(B) n\u00famero de linhas, margens da folha e tipo de caneta.<\/p>\n\n\n\n<p class=\"has-black-color has-text-color has-medium-font-size\">(C)&nbsp; inspira\u00e7\u00e3o, paci\u00eancia, otimismo e for\u00e7a de vontade.<\/p>\n\n\n\n<p class=\"has-black-color has-text-color has-medium-font-size\">(D) tema, tese, argumentos e contra-argumentos.<\/p>\n\n\n\n<p class=\"has-black-color has-pale-cyan-blue-background-color has-text-color has-background has-medium-font-size\"><strong>QUEST\u00c3O 3 <\/strong><\/p>\n\n\n\n<p class=\"has-black-color has-text-color has-medium-font-size\">Pense em uma hist\u00f3ria que costuma ser contada em sua fam\u00edlia e se prepare para escrev\u00ea-la e compartilhar com a classe. Para organizar suas ideias e seu texto, preencha as informa\u00e7\u00f5es abaixo: <\/p>\n\n\n\n<p class=\"has-black-color has-text-color has-medium-font-size\">A) O narrador do texto ser\u00e1: <\/p>\n\n\n\n<p class=\"has-black-color has-text-color has-medium-font-size\">B) Os personagens da hist\u00f3ria ser\u00e3o:  <\/p>\n\n\n\n<p class=\"has-black-color has-text-color has-medium-font-size\">C) A hist\u00f3ria acontecer\u00e1 em: <\/p>\n\n\n\n<p class=\"has-black-color has-text-color has-medium-font-size\">D) O tempo da hist\u00f3ria ser\u00e1: <\/p>\n\n\n\n<p class=\"has-black-color has-text-color has-medium-font-size\">E) O conflito da hist\u00f3ria ser\u00e1: <\/p>\n\n\n\n<p class=\"has-black-color has-pale-cyan-blue-background-color has-text-color has-background has-medium-font-size\"><strong>QUEST\u00c3O 4 <\/strong><\/p>\n\n\n\n<p class=\"has-black-color has-text-color has-medium-font-size\">Agora que voc\u00ea j\u00e1 planejou seu conto popular, chegou a hora de escrev\u00ea-lo. Lembre-se de descrever os personagens de maneira f\u00edsica e psicol\u00f3gica, descrever os ambientes e apresentar algum elemento surpresa na hist\u00f3ria que prenda a aten\u00e7\u00e3o do leitor. D\u00ea um t\u00edtulo para sua narrativa. Ao terminar de escrever, lembre-se de revisar seu texto.<\/p>\n\n\n\n<hr class=\"wp-block-separator has-css-opacity\"\/>\n\n\n\n<figure class=\"wp-block-table is-style-stripes\"><table><tbody><tr><td><strong>Autoria:<\/strong><\/td><td>Marlon Santos<\/td><\/tr><tr><td><strong>Forma\u00e7\u00e3o:<\/strong><\/td><td>Letras &#8211; Portugu\u00eas<\/td><\/tr><tr><td><strong>Componente curricular:<\/strong><\/td><td>L\u00edngua Portuguesa<\/td><\/tr><tr><td><strong>Habilidades estruturantes:<\/strong><\/td><td>(EF89LP33-A) Ler, de forma aut\u00f4noma, e compreender \u2013 selecionando procedimentos e estrat\u00e9gias de leitura (sele\u00e7\u00e3o, antecipa\u00e7\u00e3o, infer\u00eancia e verifica\u00e7\u00e3o) adequados a diferentes objetivos e levando em conta caracter\u00edsticas dos g\u00eaneros e suportes \u2013 minicontos, f\u00e1bulas contempor\u00e2neas, romances juvenis, biografias romanceadas, cr\u00f4nicas visuais, narrativas de suspense, poemas de forma livre e fixa (como haicai), poemas concretos, entre outros.<br>(EF67LP30-A) Criar narrativas ficcionais, tais como contos brasileiros, africanos de esperteza e de enigmas, contos de mist\u00e9rio, narrativas de enigma, cr\u00f4nicas cr\u00edticas, entre outros, que utilizem os recursos sonoros, cen\u00e1rios e personagens realistas ou de fantasia.&nbsp;<br>(EF67LP30-B) Observar os elementos da estrutura narrativa pr\u00f3prios ao g\u00eanero pretendido, tais como enredo, personagens, tempo, espa\u00e7o e narrador.&nbsp;<br>(EF67LP30-C) Utilizar tempos verbais adequados \u00e0 narra\u00e7\u00e3o de fatos passados, empregando conhecimentos sobre diferentes modos de se iniciar uma hist\u00f3ria e de inserir os discursos direto e indireto.<br>(EF69LP47-B) Perceber como se estrutura a narrativa nos diferentes g\u00eaneros e os efeitos de sentido decorrentes do foco narrativo t\u00edpico de cada g\u00eanero, da caracteriza\u00e7\u00e3o dos espa\u00e7os f\u00edsico e psicol\u00f3gico e dos tempos cronol\u00f3gico e psicol\u00f3gico, das diferentes vozes no texto (do narrador, de personagens em discurso direto, indireto e indireto livre), do uso de pontua\u00e7\u00e3o expressiva, palavras e express\u00f5es conotativas e processos figurativos e do uso de recursos lingu\u00edstico-gramaticais pr\u00f3prios a cada g\u00eanero narrativo.<br>(EF69LP51-A) Engajar-se ativamente nos processos de planejamento, textualiza\u00e7\u00e3o, revis\u00e3o\/edi\u00e7\u00e3o e reescrita, tendo em vista as restri\u00e7\u00f5es tem\u00e1ticas, composicionais e estil\u00edsticas dos textos pretendidos e as configura\u00e7\u00f5es da situa\u00e7\u00e3o de produ\u00e7\u00e3o \u2013 o leitor pretendido, o suporte, o contexto de circula\u00e7\u00e3o do texto, as finalidades etc.<\/td><\/tr><tr><td><strong>Refer\u00eancias:<\/strong><\/td><td>GOI\u00c2NIA. Secretaria Municipal de Educa\u00e7\u00e3o. Aprender Sempre. 6\u00b0 ao 9\u00ba ano &#8211; Ensino Fundamental; L\u00edngua Portuguesa; 1\u00b0 Bimestre; Goi\u00e2nia, 2022.<\/td><\/tr><\/tbody><\/table><\/figure>\n","protected":false},"author":42,"featured_media":138094,"template":"","ef_categoria":[15,30],"ef_ano":[90],"ef_componente":[93],"class_list":["post-138092","ensino_fundamental","type-ensino_fundamental","status-publish","has-post-thumbnail","hentry","ef_categoria-ciclo-da-adolescencia-fg","ef_categoria-etica-e-cidadania-ciclo-da-adolescencia-fg","ef_ano-7o-ano","ef_componente-portugues","entry","has-media"],"acf":[],"_links":{"self":[{"href":"https:\/\/sme.goiania.go.gov.br\/conexaoescola\/wp-json\/wp\/v2\/ensino_fundamental\/138092","targetHints":{"allow":["GET"]}}],"collection":[{"href":"https:\/\/sme.goiania.go.gov.br\/conexaoescola\/wp-json\/wp\/v2\/ensino_fundamental"}],"about":[{"href":"https:\/\/sme.goiania.go.gov.br\/conexaoescola\/wp-json\/wp\/v2\/types\/ensino_fundamental"}],"author":[{"embeddable":true,"href":"https:\/\/sme.goiania.go.gov.br\/conexaoescola\/wp-json\/wp\/v2\/users\/42"}],"version-history":[{"count":2,"href":"https:\/\/sme.goiania.go.gov.br\/conexaoescola\/wp-json\/wp\/v2\/ensino_fundamental\/138092\/revisions"}],"predecessor-version":[{"id":166686,"href":"https:\/\/sme.goiania.go.gov.br\/conexaoescola\/wp-json\/wp\/v2\/ensino_fundamental\/138092\/revisions\/166686"}],"wp:featuredmedia":[{"embeddable":true,"href":"https:\/\/sme.goiania.go.gov.br\/conexaoescola\/wp-json\/wp\/v2\/media\/138094"}],"wp:attachment":[{"href":"https:\/\/sme.goiania.go.gov.br\/conexaoescola\/wp-json\/wp\/v2\/media?parent=138092"}],"wp:term":[{"taxonomy":"ef_categoria","embeddable":true,"href":"https:\/\/sme.goiania.go.gov.br\/conexaoescola\/wp-json\/wp\/v2\/ef_categoria?post=138092"},{"taxonomy":"ef_ano","embeddable":true,"href":"https:\/\/sme.goiania.go.gov.br\/conexaoescola\/wp-json\/wp\/v2\/ef_ano?post=138092"},{"taxonomy":"ef_componente","embeddable":true,"href":"https:\/\/sme.goiania.go.gov.br\/conexaoescola\/wp-json\/wp\/v2\/ef_componente?post=138092"}],"curies":[{"name":"wp","href":"https:\/\/api.w.org\/{rel}","templated":true}]}}