{"id":138003,"date":"2022-03-14T00:00:13","date_gmt":"2022-03-14T03:00:13","guid":{"rendered":"https:\/\/sme.goiania.go.gov.br\/conexaoescola\/?post_type=ensino_fundamental&#038;p=138003"},"modified":"2024-02-22T15:31:44","modified_gmt":"2024-02-22T18:31:44","slug":"arte-a-cultura-goiana-e-cora-coralina-2","status":"publish","type":"ensino_fundamental","link":"https:\/\/sme.goiania.go.gov.br\/conexaoescola\/ensino_fundamental\/arte-a-cultura-goiana-e-cora-coralina-2\/","title":{"rendered":"Arte &#8211; A cultura goiana e Cora Coralina"},"content":{"rendered":"\n<p class=\"has-background has-medium-font-size\" style=\"background-color:#ffeb92\">Esta proposta de atividade de <strong>Arte<\/strong>, \u00e9 destinada a estudantes de <strong>4\u00baano<\/strong> do <strong>Ensino Fundamental.<\/strong><\/p>\n\n\n\n<div class=\"wp-block-buttons is-content-justification-center is-layout-flex wp-container-core-buttons-is-layout-16018d1d wp-block-buttons-is-layout-flex\">\n<div class=\"wp-block-button has-custom-font-size has-medium-font-size\"><a class=\"wp-block-button__link wp-element-button\" href=\"https:\/\/drive.google.com\/uc?export=download&amp;id=1TYWS_TkmEw4OYCD_tpjSN1u9egPQXFd6\">BAIXE A ATIVIDADE<\/a><\/div>\n\n\n\n<div class=\"wp-block-button has-custom-font-size has-medium-font-size\"><a class=\"wp-block-button__link wp-element-button\" href=\"https:\/\/drive.google.com\/uc?export=download&amp;id=1KZ_tUGcpPEmNJgY7nu-kj9nl7biWt9lf\">BAIXE OS SLIDES<\/a><\/div>\n\n\n\n<div class=\"wp-block-button has-custom-font-size has-medium-font-size\"><a class=\"wp-block-button__link wp-element-button\" href=\"https:\/\/drive.google.com\/uc?export=download&amp;id=1O_SU7k-iLs-8-3cMC4EFGm2y0UWxcZkz\">BAIXE O TEXTO<\/a><\/div>\n<\/div>\n\n\n\n<p><\/p>\n\n\n<div class=\"wp-block-image is-style-rounded\">\n<figure class=\"aligncenter size-large is-resized\"><img fetchpriority=\"high\" decoding=\"async\" src=\"https:\/\/sme.goiania.go.gov.br\/conexaoescola\/wp-content\/uploads\/2022\/03\/LOCALIZACAO-APROXIMADA-DE-POVOS-KARAJAS-3-1024x576.png\" alt=\"\" class=\"wp-image-137977\" width=\"768\" height=\"432\"\/><figcaption class=\"wp-element-caption\"><strong>Imagem 1: <\/strong>Montada no Canva com os recursos da mesma ferramenta<\/figcaption><\/figure><\/div>\n\n\n<p class=\"has-medium-font-size\">Anna Lins dos Guimar\u00e3es Peixoto Bretas nasceu em 20 de agosto de 1889 &#8211;&nbsp; faleceu em 10 de abril de 1985.&nbsp;<\/p>\n\n\n\n<p class=\"has-medium-font-size\">Tamb\u00e9m reconhecida pelo pseud\u00f4nimo de Cora Coralina, foi uma not\u00e1vel escritora e poetisa goiana. Sua obra liter\u00e1ria \u00e9 um retrato aut\u00eantico da vida cotidiana no interior do Brasil, especialmente na regi\u00e3o de Goi\u00e1s, onde passou a maior parte de sua exist\u00eancia.<\/p>\n\n\n\n<p class=\"has-medium-font-size\">Entre as obras de Cora Coralina est\u00e3o &#8220;Poemas dos Becos de Goi\u00e1s e Est\u00f3rias Mais&#8221;, &#8220;Meu Livro de Cordel&#8221; e &#8220;Vint\u00e9m de Cobre: \u200b\u200bMeias Confiss\u00f5es de Aninha&#8221;. Al\u00e9m de suas conquistas liter\u00e1rias, Cora Coralina tamb\u00e9m desempenhou o papel de doceira, uma experi\u00eancia que enriqueceu seus poemas e contos sobre culin\u00e1ria. Seu reconhecimento veio <strong>postumamente<\/strong>, com diversos pr\u00eamios e honrarias no Brasil e no exterior.<\/p>\n\n\n\n<p class=\"has-medium-font-size\">A rela\u00e7\u00e3o entre poesia, arte e culin\u00e1ria permeia a vida e a obra de Cora Coralina. Poesia e arte, como express\u00f5es profundas da humanidade, unidas \u00e0 capacidade de transcender barreiras temporais e culturais, permitindo-nos mergulhar em diversas realidades. Essa an\u00e1lise possibilita novas perspectivas e compreens\u00f5es da vida e do mundo ao nosso redor.<\/p>\n\n\n\n<p class=\"has-medium-font-size\">A beleza desempenha um papel crucial tanto na poesia; a est\u00e9tica convida-nos a apreciar as coisas simples com intensidade, revelando a beleza em detalhes que muitas vezes passam despercebidos. Nesse contexto, podemos afirmar com certeza que Cora Coralina foi uma grande artista, eternizada por suas obras que transcendem fronteiras e continua a apreciar inspiradores da poesia, arte e culin\u00e1ria.<\/p>\n\n\n\n<div style=\"height:24px\" aria-hidden=\"true\" class=\"wp-block-spacer\"><\/div>\n\n\n\n<p class=\"has-background has-medium-font-size\" style=\"background-color:#d4c378\"><strong>Quest\u00e3o 1<\/strong><\/p>\n\n\n\n<p class=\"has-medium-font-size\"><strong>Vamos ver o v\u00eddeo a seguir e observar com aten\u00e7\u00e3o!<\/strong><\/p>\n\n\n\n<figure class=\"wp-block-embed is-type-video is-provider-youtube wp-block-embed-youtube wp-embed-aspect-16-9 wp-has-aspect-ratio\"><div class=\"wp-block-embed__wrapper\">\n<p class=\"responsive-video-wrap clr\"><iframe title=\"DVD sobre a vida e obra de Cora Coralina - Portugu\u00eas - LIBRAS - English subtitles\" width=\"1200\" height=\"675\" src=\"https:\/\/www.youtube.com\/embed\/T1sKF7ga9jI?feature=oembed\" frameborder=\"0\" allow=\"accelerometer; autoplay; clipboard-write; encrypted-media; gyroscope; picture-in-picture; web-share\" allowfullscreen><\/iframe><\/p>\n<\/div><\/figure>\n\n\n\n<p class=\"has-medium-font-size\"><strong>Vamos refletir e dialogar:<\/strong><\/p>\n\n\n\n<p class=\"has-medium-font-size\">A &#8211; Sobre quem \u00e9 o v\u00eddeo que acabamos de ver?<\/p>\n\n\n\n<p class=\"has-medium-font-size\">B &#8211; Voc\u00ea conhecia a hist\u00f3ria de Cora? O que chamou mais a aten\u00e7\u00e3o?<\/p>\n\n\n\n<p class=\"has-medium-font-size\">C &#8211; Qual a import\u00e2ncia de Cora para a cultura goiana e para a cidade de Goi\u00e1s?&nbsp;<\/p>\n\n\n\n<div style=\"height:24px\" aria-hidden=\"true\" class=\"wp-block-spacer\"><\/div>\n\n\n\n<p class=\"has-background has-medium-font-size\" style=\"background-color:#d4c378\"><strong>Quest\u00e3o 2<\/strong><\/p>\n\n\n\n<div class=\"wp-block-group alignwide\"><div class=\"wp-block-group__inner-container is-layout-constrained wp-block-group-is-layout-constrained\">\n<h2 class=\"wp-block-heading alignwide has-text-align-center has-medium-font-size\"><strong><em>Quem \u00e9 Voc\u00ea?<\/em><\/strong><\/h2>\n\n\n\n<div class=\"wp-block-media-text is-stacked-on-mobile is-vertically-aligned-center\" style=\"grid-template-columns:43% auto\"><figure class=\"wp-block-media-text__media\"><img decoding=\"async\" width=\"576\" height=\"1024\" src=\"https:\/\/sme.goiania.go.gov.br\/conexaoescola\/wp-content\/uploads\/2022\/03\/LOCALIZACAO-APROXIMADA-DE-POVOS-KARAJAS-5-e1647047658722-576x1024.png\" alt=\"\" class=\"wp-image-138004 size-full\"\/><\/figure><div class=\"wp-block-media-text__content\">\n<p style=\"font-size:19px\"><em>Sou mulher como outra qualquer.<\/em><em><br><\/em><em>Venho do s\u00e9culo passado<\/em><em><br><\/em><em>e trago comigo todas as idades.<\/em><\/p>\n\n\n\n<div class=\"wp-block-group\"><div class=\"wp-block-group__inner-container is-layout-constrained wp-block-group-is-layout-constrained\">\n<div class=\"wp-block-group alignwide\"><div class=\"wp-block-group__inner-container is-layout-constrained wp-block-group-is-layout-constrained\">\n<p style=\"font-size:19px\"><em>Nasci numa rebaixa de serra<\/em><em><br><\/em><em>entre serras e morros.<\/em><em><br><\/em><em>&#8220;Longe de todos os lugares&#8221;.<\/em><em><br><\/em><em>Numa cidade de onde levaram<\/em><em><br><\/em><em>o ouro e deixaram as pedras.<\/em><\/p>\n\n\n\n<p style=\"font-size:19px\"><em>Junto a estas decorreram<\/em><em><br><\/em><em>a minha inf\u00e2ncia e adolesc\u00eancia.<\/em><\/p>\n\n\n\n<p style=\"font-size:19px\"><em>Aos meus anseios respondiam<\/em><em><br><\/em><em>as escarpas agrestes.<\/em><em><br><\/em><em>E eu fechada dentro da imensa serrania<\/em><em><br><\/em><em>que se azulava na dist\u00e2ncia <\/em><em>long\u00ednqua.<\/em><\/p>\n\n\n\n<p style=\"font-size:19px\"><em>Numa \u00e2nsia de vida eu abria<br>o v\u00f4o nas asas imposs\u00edveis do sonho.<\/em><\/p>\n<\/div><\/div>\n<\/div><\/div>\n<\/div><\/div>\n<\/div><\/div>\n\n\n\n<p class=\"has-medium-font-size\"><strong>Agora vamos l\u00e1:<\/strong><\/p>\n\n\n\n<p class=\"has-medium-font-size\"><strong>A &#8211; <\/strong>Se houver palavras no texto desconhecidas vamos pesquisar sobre elas.<\/p>\n\n\n\n<p class=\"has-medium-font-size\"><strong>B<\/strong> &#8211; Depois que lemos, vamos observar quem \u00e9 a autora? Que g\u00eanero textual \u00e9 esse e quais suas caracter\u00edsticas?&nbsp;<\/p>\n\n\n\n<p class=\"has-medium-font-size\"><strong>C &#8211; <\/strong>Vamos dialogar\/refletir um pouco sobre a leitura que fizemos e o que nos chamou mais a aten\u00e7\u00e3o.<\/p>\n\n\n\n<div style=\"height:24px\" aria-hidden=\"true\" class=\"wp-block-spacer\"><\/div>\n\n\n\n<p class=\"has-background has-medium-font-size\" style=\"background-color:#d4c378\"><strong>Quest\u00e3o 3 <\/strong><\/p>\n\n\n\n<p class=\"has-medium-font-size\">Em que regi\u00e3o do Brasil Cora Coralina concentrou sua obra liter\u00e1ria, retratando a vida cotidiana?<\/p>\n\n\n\n<div class=\"wp-block-group is-vertical is-layout-flex wp-container-core-group-is-layout-8cf370e7 wp-block-group-is-layout-flex\">\n<p class=\"has-medium-font-size\">A) Nordeste<\/p>\n\n\n\n<p class=\"has-medium-font-size\">B) Sudeste<\/p>\n\n\n\n<p class=\"has-medium-font-size\">C) Sul<\/p>\n\n\n\n<p class=\"has-medium-font-size\">D) Centro-Oeste<\/p>\n<\/div>\n\n\n\n<div style=\"height:17px\" aria-hidden=\"true\" class=\"wp-block-spacer\"><\/div>\n\n\n\n<p class=\"has-background has-medium-font-size\" style=\"background-color:#d4c378\"><strong>Quest\u00e3o 4<\/strong><\/p>\n\n\n\n<p class=\"has-medium-font-size\">Al\u00e9m de sua carreira liter\u00e1ria, Cora Coralina teve outra atividade profissional significativa. Qual era essa atividade?<\/p>\n\n\n\n<div class=\"wp-block-group is-vertical is-layout-flex wp-container-core-group-is-layout-8cf370e7 wp-block-group-is-layout-flex\">\n<div class=\"wp-block-group is-vertical is-layout-flex wp-container-core-group-is-layout-8cf370e7 wp-block-group-is-layout-flex\">\n<p class=\"has-medium-font-size\">A) Jornalista<\/p>\n\n\n\n<p class=\"has-medium-font-size\">B) Arquiteta<\/p>\n\n\n\n<p class=\"has-medium-font-size\">C) Doceira<\/p>\n\n\n\n<p class=\"has-medium-font-size\">D) M\u00e9dica<\/p>\n<\/div>\n<\/div>\n\n\n\n<div style=\"height:17px\" aria-hidden=\"true\" class=\"wp-block-spacer\"><\/div>\n\n\n\n<p class=\"has-background has-medium-font-size\" style=\"background-color:#d4c378\"><strong>Quest\u00e3o 5 <\/strong><\/p>\n\n\n\n<p class=\"has-medium-font-size\">Agora que conhecemos um pouco sobre Cora e sua import\u00e2ncia para a cultura goiana. Vamos ser os artistas da vez!<\/p>\n\n\n\n<p class=\"has-medium-font-size\">Vamos representar o que aprendemos hoje por meio de uma produ\u00e7\u00e3o art\u00edstica, pode ser um desenho, um poema ou at\u00e9 mesmo uma coreografia para encenar na declama\u00e7\u00e3o do poema.&nbsp;<\/p>\n\n\n\n<p class=\"has-medium-font-size\"><em>Cada um de n\u00f3s tem uma habilidade a ser explorada, ent\u00e3o m\u00e3o \u00e0 obra!<\/em><\/p>\n\n\n\n<div style=\"height:24px\" aria-hidden=\"true\" class=\"wp-block-spacer\"><\/div>\n\n\n\n<p class=\"has-background has-medium-font-size\" style=\"background-color:#ffeb92\"><strong>Saiba mais<\/strong><\/p>\n\n\n\n<figure class=\"wp-block-embed is-type-video is-provider-youtube wp-block-embed-youtube wp-embed-aspect-16-9 wp-has-aspect-ratio\"><div class=\"wp-block-embed__wrapper\">\n<p class=\"responsive-video-wrap clr\"><iframe title=\"Cidade de Goi\u00e1s\" width=\"1200\" height=\"675\" src=\"https:\/\/www.youtube.com\/embed\/5o_K8aAl9Wg?feature=oembed\" frameborder=\"0\" allow=\"accelerometer; autoplay; clipboard-write; encrypted-media; gyroscope; picture-in-picture; web-share\" allowfullscreen><\/iframe><\/p>\n<\/div><\/figure>\n\n\n\n<p class=\"has-medium-font-size\">Para conhecer mais de Cora Coralina e a Cidade de Goi\u00e1s, visite o&nbsp; Museu Casa de Cora Coralina. Dispon\u00edvel em: &lt;<a href=\"https:\/\/www.museucoracoralina.com.br\/site\/\">https:\/\/www.museucoracoralina.com.br\/site\/<\/a>&gt;<\/p>\n\n\n\n<div style=\"height:24px\" aria-hidden=\"true\" class=\"wp-block-spacer\"><\/div>\n\n\n\n<p class=\"has-background has-medium-font-size\" style=\"background-color:#ffeb92\"><strong>Banco de Imagens<\/strong><\/p>\n\n\n\n<p class=\"has-medium-font-size\"><strong>Imagem 1: <\/strong>Cria\u00e7\u00e3o feita no Canva com os recursos educacional.<\/p>\n\n\n\n<p class=\"has-medium-font-size\"><strong>Imagem 2: <\/strong>Cora Coralina, por <a href=\"https:\/\/commons.wikimedia.org\/w\/index.php?title=User:Gabriel_Stein_Barreto&amp;action=edit&amp;redlink=1\">Gabriel Stein Barreto<\/a>. <a href=\"https:\/\/creativecommons.org\/licenses\/by-sa\/4.0\">Creative Commons Attribution-Share Alike 4.0<\/a>. Dispon\u00edvel em: &lt;<a href=\"https:\/\/commons.wikimedia.org\/wiki\/File:Escritora_Cora_Coralina.jpg\">https:\/\/commons.wikimedia.org\/wiki\/File:Escritora_Cora_Coralina.jpg<\/a>&gt;<\/p>\n\n\n\n<div style=\"height:24px\" aria-hidden=\"true\" class=\"wp-block-spacer\"><\/div>\n\n\n\n<p><\/p>\n\n\n\n<figure class=\"wp-block-table is-style-regular\"><table><tbody><tr><td><strong>Autoria:<\/strong><\/td><td>Ariadiny C\u00e2ndido Morais<\/td><\/tr><tr><td><strong>Forma\u00e7\u00e3o:<\/strong><\/td><td>Pedagoga e Mestre em Educa\u00e7\u00e3o.<\/td><\/tr><tr><td><strong>Componente Curricular<\/strong><\/td><td>Arte<\/td><\/tr><tr><td><strong>Objetivos<\/strong>:<br>Matrizes Est\u00e9ticas e Culturais:<br>Matrizes Est\u00e9ticas e Culturais<br><br>Materialidades e Imaterialidades:<br>Patrim\u00f4nio cultural material e imaterial<br><\/td><td><strong>Habilidades:<br><\/strong>(GO-EF04AR03-A) Conhecer, reconhecer, analisar e valorizar a influ\u00eancia das distintas matrizes est\u00e9ticas e culturais das artes visuais nas manifesta\u00e7\u00f5es art\u00edsticas locais, regionais, nacionais e universais, bem como produzir artisticamente, a partir das obras dos artistas estudados, relacionando-os aos contextos pessoais e sociais presentes na vida cotidiana, de forma reflexiva e investigativa.\u00a0<br><br>(GO-EF04AR25) Conhecer e valorizar o patrim\u00f4nio cultural, material e imaterial, de culturas diversas, em especial da brasileira, incluindo suas matrizes ind\u00edgenas, africanas e europeias, de diferentes \u00e9pocas, construir e compreender o vocabul\u00e1rio e repert\u00f3rios relativos \u00e0s diferentes linguagens art\u00edsticas, respeitando seus contextos pessoais e sociais.<\/td><\/tr><tr><td> <strong>Refer\u00eancias <\/strong> <\/td><td>Goi\u00e2nia. Secret\u00e1ria Municipal de Educa\u00e7\u00e3o e Esporte \u2013 GEREJA. Matriz Estruturante EJA. 2022Museu Casa de Cora Coralina. Dispon\u00edvel em: &lt;https:\/\/www.museucoracoralina.com.br\/site\/&gt; Acessado em: 08 de mar de 2022.<br><br>Museu Casa de Cora Coralina. Dispon\u00edvel em: &lt;<a href=\"https:\/\/www.museucoracoralina.com.br\/site\/\">https:\/\/www.museucoracoralina.com.br\/site\/<\/a>&gt; Acessado em: 08 de mar de 2022<br><br>Coralina, Cora.  Poemas dos becos de Goi\u00e1s e est\u00f3rias mais. Todas as Vidas. (1983). S\u00e3o Paulo: Global Editora. <br><\/td><\/tr><\/tbody><\/table><\/figure>\n\n\n\n<p><\/p>\n","protected":false},"author":12,"featured_media":138004,"template":"","ef_categoria":[14,22],"ef_ano":[87],"ef_componente":[99],"class_list":["post-138003","ensino_fundamental","type-ensino_fundamental","status-publish","has-post-thumbnail","hentry","ef_categoria-ciclo-da-infancia-de","ef_categoria-corpo-e-movimento-ciclo-da-infancia-de","ef_ano-4o-ano","ef_componente-arte-ef","entry","has-media"],"acf":[],"_links":{"self":[{"href":"https:\/\/sme.goiania.go.gov.br\/conexaoescola\/wp-json\/wp\/v2\/ensino_fundamental\/138003","targetHints":{"allow":["GET"]}}],"collection":[{"href":"https:\/\/sme.goiania.go.gov.br\/conexaoescola\/wp-json\/wp\/v2\/ensino_fundamental"}],"about":[{"href":"https:\/\/sme.goiania.go.gov.br\/conexaoescola\/wp-json\/wp\/v2\/types\/ensino_fundamental"}],"author":[{"embeddable":true,"href":"https:\/\/sme.goiania.go.gov.br\/conexaoescola\/wp-json\/wp\/v2\/users\/12"}],"version-history":[{"count":3,"href":"https:\/\/sme.goiania.go.gov.br\/conexaoescola\/wp-json\/wp\/v2\/ensino_fundamental\/138003\/revisions"}],"predecessor-version":[{"id":177556,"href":"https:\/\/sme.goiania.go.gov.br\/conexaoescola\/wp-json\/wp\/v2\/ensino_fundamental\/138003\/revisions\/177556"}],"wp:featuredmedia":[{"embeddable":true,"href":"https:\/\/sme.goiania.go.gov.br\/conexaoescola\/wp-json\/wp\/v2\/media\/138004"}],"wp:attachment":[{"href":"https:\/\/sme.goiania.go.gov.br\/conexaoescola\/wp-json\/wp\/v2\/media?parent=138003"}],"wp:term":[{"taxonomy":"ef_categoria","embeddable":true,"href":"https:\/\/sme.goiania.go.gov.br\/conexaoescola\/wp-json\/wp\/v2\/ef_categoria?post=138003"},{"taxonomy":"ef_ano","embeddable":true,"href":"https:\/\/sme.goiania.go.gov.br\/conexaoescola\/wp-json\/wp\/v2\/ef_ano?post=138003"},{"taxonomy":"ef_componente","embeddable":true,"href":"https:\/\/sme.goiania.go.gov.br\/conexaoescola\/wp-json\/wp\/v2\/ef_componente?post=138003"}],"curies":[{"name":"wp","href":"https:\/\/api.w.org\/{rel}","templated":true}]}}