{"id":137980,"date":"2022-03-11T14:50:48","date_gmt":"2022-03-11T17:50:48","guid":{"rendered":"https:\/\/sme.goiania.go.gov.br\/conexaoescola\/?post_type=ensino_fundamental&#038;p=137980"},"modified":"2026-02-13T15:12:01","modified_gmt":"2026-02-13T18:12:01","slug":"educacao-fisica-escalada-artificial-2","status":"publish","type":"ensino_fundamental","link":"https:\/\/sme.goiania.go.gov.br\/conexaoescola\/ensino_fundamental\/educacao-fisica-escalada-artificial-2\/","title":{"rendered":"Educa\u00e7\u00e3o F\u00edsica &#8211; Escalada Esportiva &#8211; Caracter\u00edsticas hist\u00f3ricas &#8211; culturais."},"content":{"rendered":"\n<p class=\"has-text-align-center has-black-color has-luminous-vivid-amber-background-color has-text-color has-background has-medium-font-size\">Esta proposta de atividade de<strong>\u00a0EDUCA\u00c7\u00c3O F\u00cdSICA\u00a0<\/strong>\u00e9 destinada aos estudantes \u00e9 destinada aos estudantes do<strong> 7\u00ba ANO\u00a0<\/strong>do Ensino Fundamental &#8211; Anos Finais.<\/p>\n\n\n\n<div class=\"wp-block-group is-content-justification-center is-nowrap is-layout-flex wp-container-core-group-is-layout-94bc23d7 wp-block-group-is-layout-flex\">\n<div class=\"wp-block-buttons is-layout-flex wp-block-buttons-is-layout-flex\">\n<div class=\"wp-block-button\"><a class=\"wp-block-button__link has-medium-font-size has-custom-font-size wp-element-button\" href=\"https:\/\/drive.google.com\/uc?export=douwnload&amp;id=1J5gjYhnmDbrGaOglccWZ5yr1Kx25IObO\" target=\"_blank\" rel=\"noreferrer noopener\"><strong>BAIXE A ATIVIDADE<\/strong> <\/a><\/div>\n\n\n\n<div class=\"wp-block-button\"><a class=\"wp-block-button__link has-medium-font-size has-custom-font-size wp-element-button\" href=\"https:\/\/drive.google.com\/uc?export=douwnload&amp;id=1vSB6RnJ5eGu4j5ZVU6tgA8yXZsC7JBEu\" target=\"_blank\" rel=\"noreferrer noopener\"><strong>BAIXE OS SLIDES<\/strong><\/a><\/div>\n\n\n\n<div class=\"wp-block-button\"><a class=\"wp-block-button__link has-medium-font-size has-custom-font-size wp-element-button\" href=\"https:\/\/drive.google.com\/uc?export=douwnload&amp;id=1oxR3DINLO1F7IWG2vwMKJ4G_yW_UZGDW\" target=\"_blank\" rel=\"noreferrer noopener\"><strong>BAIXE O TEXTO <\/strong><\/a><\/div>\n<\/div>\n<\/div>\n\n\n\n<p><\/p>\n\n\n\n<figure class=\"wp-block-image size-full is-resized is-style-rounded\"><img fetchpriority=\"high\" decoding=\"async\" width=\"800\" height=\"533\" src=\"https:\/\/sme.goiania.go.gov.br\/conexaoescola\/wp-content\/uploads\/2024\/03\/s.jpg\" alt=\"\" class=\"wp-image-179253\" style=\"width:840px;height:auto\" srcset=\"https:\/\/sme.goiania.go.gov.br\/conexaoescola\/wp-content\/uploads\/2024\/03\/s.jpg 800w, https:\/\/sme.goiania.go.gov.br\/conexaoescola\/wp-content\/uploads\/2024\/03\/s-300x200.jpg 300w, https:\/\/sme.goiania.go.gov.br\/conexaoescola\/wp-content\/uploads\/2024\/03\/s-768x512.jpg 768w\" sizes=\"(max-width: 800px) 100vw, 800px\" \/><figcaption class=\"wp-element-caption\"><strong>Imagem dispon\u00edvel em: https:\/\/media-private.canva.com\/rb2Uc\/MAEJDdrb2Uc\/1\/s.jpg?X-Amz-Algorithm=AWS4-HMAC-SHA256&amp;X-Amz-Credential=AKIAJWF6QO3UH4PAAJ6Q%2F20240319%2Fus-east-1%2Fs3%2Faws4_request&amp;X-Amz-Date=20240319T055311Z&amp;X-Amz-Expires=58380&amp;X-Amz-Signature=689e9c179a2b7d8e36b99b9d57241602656f1fb3ecb350e6e0a46e423d8db3c6&amp;X-Amz-SignedHeaders=host%3Bx-amz-expected-bucket-owner&amp;response-expires=Tue%2C%2019%20Mar%202024%2022%3A06%3A11%20GMT.<br>Acesso: 07 de mar\u00e7o de 2022.<\/strong><\/figcaption><\/figure>\n\n\n\n<p class=\"has-text-align-center has-luminous-vivid-amber-background-color has-background has-medium-font-size\"><strong>ORIGEM<\/strong><\/p>\n\n\n\n<p class=\"has-text-align-center has-white-background-color has-background has-medium-font-size\">Essa pr\u00e1tica corporal de aventura urbana foi concebida por alpinista ucraniano, da d\u00e9cada de 1970, durante o per\u00edodo de  inverno rigoroso. Como n\u00e3o poderia sair para escalar montanhas em virtude condi\u00e7\u00f5es clim\u00e1ticas n\u00e3o favor\u00e1veis, teve uma ideia nada convencional, decidiu prender pedras e agarras artificiais nas paredes de sua casa, para treinar,  surgindo assim a escalada artificial. <\/p>\n\n\n\n<p class=\"has-text-align-center has-luminous-vivid-amber-background-color has-background has-medium-font-size\"><strong>CONCEITO<\/strong> <\/p>\n\n\n\n<p class=\"has-text-align-center has-white-background-color has-background has-medium-font-size\">A escalada artificial tamb\u00e9m conhecida como escalada em gin\u00e1sios, come\u00e7ou a ganhar popularidade no final da d\u00e9cada de 1980 nos Estados Unidos. Na \u00e9poca os montanhistas, come\u00e7aram a usar paredes artificiais utilizando <strong>estribo, cordas, mosquet\u00e3o, freios, grampos, m\u00f3veis, para auxiliar na sua progress\u00e3o<\/strong> em gin\u00e1sios para treinar e se preparar para as montanhas.<\/p>\n\n\n\n<p class=\"has-text-align-center has-luminous-vivid-amber-background-color has-background has-medium-font-size\"><strong>POPULARIDADE<\/strong><\/p>\n\n\n\n<p class=\"has-text-align-center has-white-background-color has-background has-medium-font-size\">Na d\u00e9cada de 80, as paredes de escalada artificial come\u00e7aram a aparecer em locais p\u00fablicos, como parques e escolas, e a serem usadas em competi\u00e7\u00f5es de escalada. A popularidade dessa pr\u00e1tica corporal de aventura cresceu rapidamente e gin\u00e1sios especializados em escalada artificial come\u00e7aram a surgir em todo mundo. <\/p>\n\n\n\n<p class=\"has-text-align-center has-luminous-vivid-amber-background-color has-background has-medium-font-size\"><strong>EVOLU\u00c7\u00c3O <\/strong><\/p>\n\n\n\n<p class=\"has-text-align-center has-medium-font-size\">Durante as ultimas d\u00e9cadas, a escalada artificial evoluiu significamente, com a introdu\u00e7\u00e3o de novas t\u00e9cnicas, de escalada, equipamentos de seguran\u00e7a mais eficientes e designs de paredes cada vez mais complexos e desafiadores. Passou por uma mudan\u00e7a significativa com o advento da escalada esportiva, que se concentra em escalar vias pr\u00e9-estabelecidas, utilizando apenas prote\u00e7\u00f5es naturais ou fixas previamente instaladas. <\/p>\n\n\n\n<p class=\"has-text-align-center has-medium-font-size\">Isso levou ao desenvolvimento de t\u00e9cnicas de escalada mais eficientes e seguras, como o uso de costuras r\u00e1pidas e equipamentos de prote\u00e7\u00e3o m\u00f3veis, como friends e nuts. Al\u00e9m disso, a escalada artificial tamb\u00e9m evoluiu com o surgimento da escalada em gin\u00e1sios indoor. Os gin\u00e1sios de escalada oferecem paredes artificiais com diferentes graus de dificuldade, permitindo que os escaladores pratiquem e aprimorem suas habilidades em um ambiente controlado.<\/p>\n\n\n\n<p class=\"has-text-align-center has-luminous-vivid-amber-background-color has-background has-medium-font-size\"><strong>BENEF\u00cdCIOS<\/strong><\/p>\n\n\n\n<p class=\"has-text-align-center has-medium-font-size\"><strong>A pr\u00e1tica da escalada esportiva oferece uma s\u00e9rie de benef\u00edcios f\u00edsicos, mentais e sociais. Aqui est\u00e3o alguns dos principais benef\u00edcios:<\/strong><\/p>\n\n\n\n<p class=\"has-medium-font-size\"><strong>Desenvolvimento f\u00edsico:<\/strong> A escalada artificial \u00e9 um exerc\u00edcio f\u00edsico completo, que trabalha diversos grupos musculares, como bra\u00e7os, pernas, abd\u00f4men e costas. Ela melhora a for\u00e7a, resist\u00eancia, flexibilidade e equil\u00edbrio.<\/p>\n\n\n\n<p class=\"has-medium-font-size\"><strong>Desafio mental:<\/strong> A escalada artificial requer concentra\u00e7\u00e3o, tomada de decis\u00f5es r\u00e1pidas e resolu\u00e7\u00e3o de problemas. Ela estimula o racioc\u00ednio estrat\u00e9gico e a capacidade de superar obst\u00e1culos, o que pode ajudar a desenvolver habilidades mentais como foco, paci\u00eancia e perseveran\u00e7a.<\/p>\n\n\n\n<p class=\"has-medium-font-size\"><strong>Autoconfian\u00e7a e supera\u00e7\u00e3o de limites:<\/strong> A escalada artificial desafia os limites f\u00edsicos e mentais dos praticantes. Ao superar obst\u00e1culos e alcan\u00e7ar metas, os escaladores desenvolvem autoconfian\u00e7a, autoestima e uma sensa\u00e7\u00e3o de realiza\u00e7\u00e3o pessoal.<\/p>\n\n\n\n<p class=\"has-medium-font-size\"><strong>Comunidade e socializa\u00e7\u00e3o: <\/strong>A escalada artificial \u00e9 frequentemente praticada em grupo, o que promove a socializa\u00e7\u00e3o e o trabalho em equipe. Os escaladores compartilham experi\u00eancias, conhecimentos e dicas, criando la\u00e7os de amizade e pertencimento.<\/p>\n\n\n\n<p class=\"has-medium-font-size\"><strong>Redu\u00e7\u00e3o do estresse e melhoria do bem-estar: <\/strong>A pr\u00e1tica da escalada artificial em ambientes naturais pode ajudar a reduzir o estresse, melhorar o humor e promover o bem-estar geral. A sensa\u00e7\u00e3o de estar em contato com a natureza e a adrenalina da escalada podem proporcionar uma sensa\u00e7\u00e3o de calma e felicidade.<\/p>\n\n\n\n<hr class=\"wp-block-separator has-alpha-channel-opacity\"\/>\n\n\n\n<p class=\"has-text-align-left has-light-green-cyan-background-color has-background has-medium-font-size\"><strong>QUEST\u00c3O 01<\/strong><\/p>\n\n\n\n<p class=\"has-medium-font-size\"><strong>O precursor da escalada esportiva foi<\/strong><\/p>\n\n\n\n<p class=\"has-medium-font-size\">(A) David Belle, na d\u00e9cada de 50.<\/p>\n\n\n\n<p class=\"has-medium-font-size\">(B) Yaroslav Korenyuk<strong>, <\/strong>na d\u00e9cada de 70.<\/p>\n\n\n\n<p class=\"has-medium-font-size\">(C) Adam Grosowsky, na d\u00e9cada de 80.<\/p>\n\n\n\n<p class=\"has-medium-font-size\">(D) Jean Charlet-Straton, na d\u00e9cada de 90.<\/p>\n\n\n\n<p class=\"has-black-color has-light-green-cyan-background-color has-text-color has-background has-medium-font-size\"><strong>QUEST\u00c3O 02<\/strong><\/p>\n\n\n\n<p class=\"has-medium-font-size\"><strong>A pr\u00e1tica da escalada esportiva proporciona benef\u00edcios f\u00edsicos, mentais e sociais, impactando positivamente a vida dos praticantes. Entre os principais benef\u00edcios, destaca-se<\/strong><\/p>\n\n\n\n<p class=\"has-medium-font-size\">(A) o desenvolvimento f\u00edsico.<\/p>\n\n\n\n<p class=\"has-medium-font-size\">(B) a supera\u00e7\u00e3o de limites.<\/p>\n\n\n\n<p class=\"has-medium-font-size\">(C) o desafio mental.<\/p>\n\n\n\n<p class=\"has-medium-font-size\">(D) todas as anteriores.<\/p>\n\n\n\n<p class=\"has-black-color has-light-green-cyan-background-color has-text-color has-background has-medium-font-size\"><strong>QUEST\u00c3O 03<\/strong><\/p>\n\n\n\n<p class=\"has-medium-font-size\"><strong>Responda:<\/strong><\/p>\n\n\n\n<p class=\"has-medium-font-size\">a) Em sua opini\u00e3o, de que maneira a evolu\u00e7\u00e3o da escalada artificial impactou a experi\u00eancia dos escaladores?<\/p>\n\n\n\n<p class=\"has-light-green-cyan-background-color has-background has-medium-font-size\"><strong>QUEST\u00c3O 04<\/strong><\/p>\n\n\n\n<p class=\"has-text-align-left has-medium-font-size\"><strong>Sobre os equipamentos b\u00e1sicos para pr\u00e1tica da Escalada esportiva, marque:<\/strong><\/p>\n\n\n\n<p class=\"has-medium-font-size\"><strong>01 &#8211;  FREIOS<\/strong>.<\/p>\n\n\n\n<p class=\"has-medium-font-size\"><strong>02 &#8211; ARN\u00caS OU BAUDRIER (CADEIRINHA). <\/strong><\/p>\n\n\n\n<p class=\"has-medium-font-size\"><strong>03 &#8211; MOSQUET\u00d5ES. <\/strong><\/p>\n\n\n\n<p class=\"has-medium-font-size\"><strong>04 &#8211; SAPATILHAS. <\/strong><\/p>\n\n\n\n<p class=\"has-medium-font-size\"><strong>05 &#8211; CORDAS. <\/strong><\/p>\n\n\n\n<p class=\"has-medium-font-size\"><strong>06 &#8211; CAPACETE<\/strong>.<\/p>\n\n\n\n<p class=\"has-medium-font-size\"><strong>07 &#8211; LUVAS<\/strong>.<\/p>\n\n\n\n<figure class=\"wp-block-table is-style-regular has-medium-font-size\"><table><tbody><tr><td class=\"has-text-align-center\" data-align=\"center\"><\/td><td class=\"has-text-align-center\" data-align=\"center\">           Sua principal fun\u00e7\u00e3o \u00e9 proporcionar uma excelente tra\u00e7\u00e3o em superf\u00edcies rochosas ou \u00edngremes, permitindo que os praticantes se agarrem a pequenas sali\u00eancias, fendas ou bordas, proporcionando maior seguran\u00e7a e estabilidade durante a escalada.      &nbsp;   <\/td><\/tr><tr><td class=\"has-text-align-center\" data-align=\"center\"><\/td><td class=\"has-text-align-center\" data-align=\"center\">Sua principal fun\u00e7\u00e3o \u00e9 conectar e segurar as cordas, fitas ou outros equipamentos utilizados nessas atividades, garantindo a seguran\u00e7a dos praticantes.<strong> <\/strong>Composto por um corpo em formato de &#8220;D&#8221; ou oval, com uma trava que pode ser de rosca, autom\u00e1tica ou de press\u00e3o. Utilizado para prender as cordas aos pontos de ancoragem, como grampos, chapeletas ou costuras, garantindo que o praticante esteja sempre conectado e seguro durante a atividade.&nbsp;    <\/td><\/tr><tr><td class=\"has-text-align-center\" data-align=\"center\"><\/td><td class=\"has-text-align-center\" data-align=\"center\">&nbsp; Sua principal fun\u00e7\u00e3o \u00e9 proteger a cabe\u00e7a contra impactos e les\u00f5es graves, projetado para absorver o impacto e distribu\u00ed-lo de maneira uniforme, reduzindo assim o risco de les\u00f5es graves como traumatismo craniano. Oferece prote\u00e7\u00e3o contra objetos que possam cair de cima, como pedras soltas em uma escalada ou galhos em uma trilha de mountain bike.<\/td><\/tr><tr><td class=\"has-text-align-center\" data-align=\"center\"><strong>&nbsp;<\/strong><\/td><td class=\"has-text-align-center\" data-align=\"center\">Sua principal fun\u00e7\u00e3o \u00e9 proteger as m\u00e3os dos praticantes contra abras\u00f5es e cortes.  Ajudam a manter as m\u00e3os aquecidas em condi\u00e7\u00f5es frias e protegem contra queimaduras em condi\u00e7\u00f5es quentes.<\/td><\/tr><tr><td class=\"has-text-align-center\" data-align=\"center\"><strong>&nbsp;<\/strong><\/td><td class=\"has-text-align-center\" data-align=\"center\">Sua principal fun\u00e7\u00e3o \u00e9 garantir a seguran\u00e7a do praticante, proporcionando um ponto de ancoragem seguro e confort\u00e1vel. <br>Composta por tiras de nylon ou poli\u00e9ster, que s\u00e3o ajustadas ao redor da cintura e das pernas do usu\u00e1rio. Apresenta pontos de fixa\u00e7\u00e3o, geralmente em forma de argolas met\u00e1licas, onde s\u00e3o conectados os mosquet\u00f5es e cordas de seguran\u00e7a.<\/td><\/tr><tr><td class=\"has-text-align-center\" data-align=\"center\"><\/td><td class=\"has-text-align-center\" data-align=\"center\">Sua principal fun\u00e7\u00e3o \u00e9 garantir a seguran\u00e7a dos praticantes durante a realiza\u00e7\u00e3o de atividades em altura. <br>Elas s\u00e3o usadas para amarrar os praticantes a pontos de ancoragem seguros, como mosquet\u00f5es, chapeletas ou n\u00f3s, evitando quedas e acidentes.&nbsp;<\/td><\/tr><tr><td class=\"has-text-align-center\" data-align=\"center\"><strong> <\/strong><\/td><td class=\"has-text-align-center\" data-align=\"center\">Ele \u00e9 um dispositivo de seguran\u00e7a que apresenta como fun\u00e7\u00e3o permitir e controlar a velocidade de descida do praticante, garantindo sua seguran\u00e7a durante a atividade.&nbsp;Fixado na corda permitindo que o escalador des\u00e7a de forma controlada, ajustando a press\u00e3o exercida sobre a corda para controlar a velocidade.<\/td><\/tr><\/tbody><\/table><\/figure>\n\n\n\n<p class=\"has-text-align-center has-medium-font-size\"><\/p>\n\n\n\n<figure class=\"wp-block-table is-style-stripes has-medium-font-size\"><table><tbody><tr><td><strong>Autoria<\/strong><\/td><td>Elaine Faria de Oliveira <\/td><\/tr><tr><td><strong>Forma\u00e7\u00e3o<\/strong><\/td><td>Educa\u00e7\u00e3o F\u00edsica <\/td><\/tr><tr><td><strong>Componentes Curriculares<\/strong><\/td><td>Educa\u00e7\u00e3o F\u00edsica <\/td><\/tr><tr><td><strong>Habilidade<\/strong><\/td><td>(GO-EF07EF20) Praticar diferentes pr\u00e1ticas corporais de aventura urbanas e na natureza, respeitando o patrim\u00f4nio p\u00fablico e utilizando alternativas para a pr\u00e1tica segura em diversos espa\u00e7os<\/td><\/tr><tr><td><strong>Refer\u00eancias<\/strong><\/td><td>DC-GO Ampliado &#8211; Base&nbsp; Nacional&nbsp; Comum&nbsp; Curricular&nbsp; (BNCC)&nbsp; da Educa\u00e7\u00e3o Infantil e do Ensino Fundamental, 2017. <br><br>Educa\u00e7\u00e3o f\u00edsica a na escola: implica\u00e7\u00f5es para a pr\u00e1tica pedag\u00f3gica \/ coordena\u00e7\u00e3o da s\u00e9rie Suraya Cristina Darido, Irene Concei\u00e7\u00e3o Andrade Rangel. \u2013 2.ed. \u2013 Rio de Janeiro: Guanabara Koogan, 2019. \u2013 (Educa\u00e7\u00e3o f\u00edsica no ensino superior.&nbsp;&nbsp;<br><br>Educa\u00e7\u00e3o f\u00edsica (ensino Fundamental) \u2013 Estudo e ensino. 2. Educa\u00e7\u00e3o f\u00edsica para crian\u00e7as. I. Dario, Suraya Cristina. II Rangel, Irene Concei\u00e7\u00e3o Andrade. III S\u00e9rie.<br><br>FTD sistema de ensino: educa\u00e7\u00e3o f\u00edsica &#8211; ensino fundamental: anos finais 6\u00ba ano &#8211; 1.ed. &#8211; S\u00e3o Paulo: FTD,2020<br><br>Pr\u00e1ticas corporais: educa\u00e7\u00e3o f\u00edsica: 6\u00ba ao 9\u00ba anos: manual do professor\/ Suraya Cristina Darido. et AL 1 ed. &#8211; S\u00e3o Paulo: Moderna, 2018.<\/td><\/tr><\/tbody><\/table><\/figure>\n","protected":false},"author":56,"featured_media":179253,"template":"","ef_categoria":[15,27],"ef_ano":[90],"ef_componente":[97],"class_list":["post-137980","ensino_fundamental","type-ensino_fundamental","status-publish","has-post-thumbnail","hentry","ef_categoria-ciclo-da-adolescencia-fg","ef_categoria-corpo-e-movimento-ciclo-da-adolescencia-fg","ef_ano-7o-ano","ef_componente-educacao-fisica","entry","has-media"],"acf":[],"_links":{"self":[{"href":"https:\/\/sme.goiania.go.gov.br\/conexaoescola\/wp-json\/wp\/v2\/ensino_fundamental\/137980","targetHints":{"allow":["GET"]}}],"collection":[{"href":"https:\/\/sme.goiania.go.gov.br\/conexaoescola\/wp-json\/wp\/v2\/ensino_fundamental"}],"about":[{"href":"https:\/\/sme.goiania.go.gov.br\/conexaoescola\/wp-json\/wp\/v2\/types\/ensino_fundamental"}],"author":[{"embeddable":true,"href":"https:\/\/sme.goiania.go.gov.br\/conexaoescola\/wp-json\/wp\/v2\/users\/56"}],"version-history":[{"count":45,"href":"https:\/\/sme.goiania.go.gov.br\/conexaoescola\/wp-json\/wp\/v2\/ensino_fundamental\/137980\/revisions"}],"predecessor-version":[{"id":202656,"href":"https:\/\/sme.goiania.go.gov.br\/conexaoescola\/wp-json\/wp\/v2\/ensino_fundamental\/137980\/revisions\/202656"}],"wp:featuredmedia":[{"embeddable":true,"href":"https:\/\/sme.goiania.go.gov.br\/conexaoescola\/wp-json\/wp\/v2\/media\/179253"}],"wp:attachment":[{"href":"https:\/\/sme.goiania.go.gov.br\/conexaoescola\/wp-json\/wp\/v2\/media?parent=137980"}],"wp:term":[{"taxonomy":"ef_categoria","embeddable":true,"href":"https:\/\/sme.goiania.go.gov.br\/conexaoescola\/wp-json\/wp\/v2\/ef_categoria?post=137980"},{"taxonomy":"ef_ano","embeddable":true,"href":"https:\/\/sme.goiania.go.gov.br\/conexaoescola\/wp-json\/wp\/v2\/ef_ano?post=137980"},{"taxonomy":"ef_componente","embeddable":true,"href":"https:\/\/sme.goiania.go.gov.br\/conexaoescola\/wp-json\/wp\/v2\/ef_componente?post=137980"}],"curies":[{"name":"wp","href":"https:\/\/api.w.org\/{rel}","templated":true}]}}