{"id":137975,"date":"2022-03-14T00:00:38","date_gmt":"2022-03-14T03:00:38","guid":{"rendered":"https:\/\/sme.goiania.go.gov.br\/conexaoescola\/?post_type=ensino_fundamental&#038;p=137975"},"modified":"2024-02-22T10:07:42","modified_gmt":"2024-02-22T13:07:42","slug":"arte-a-cultura-goiana-e-cora-coralina","status":"publish","type":"ensino_fundamental","link":"https:\/\/sme.goiania.go.gov.br\/conexaoescola\/ensino_fundamental\/arte-a-cultura-goiana-e-cora-coralina\/","title":{"rendered":"Arte &#8211; Cora Coralina, a artista goiana"},"content":{"rendered":"\n<p class=\"has-text-align-center has-black-color has-text-color has-background has-medium-font-size\" style=\"background-color:#ffeb92\">Esta proposta de atividade de <strong>Arte<\/strong>, \u00e9 destinada a estudantes de <strong>3\u00ba ano<\/strong> do <strong>Ensino Fundamental.<\/strong><\/p>\n\n\n\n<div class=\"wp-block-buttons is-content-justification-center is-layout-flex wp-container-core-buttons-is-layout-16018d1d wp-block-buttons-is-layout-flex\">\n<div class=\"wp-block-button\"><a class=\"wp-block-button__link wp-element-button\" href=\"https:\/\/drive.google.com\/uc?export=download&amp;id=1UL0VyqccW2NYoWO2TmeeFDaBmp9fIant\">BAIXE A ATIVIDADE<\/a><\/div>\n\n\n\n<div class=\"wp-block-button\"><a class=\"wp-block-button__link wp-element-button\" href=\"https:\/\/drive.google.com\/uc?export=download&amp;id=1XHy6ksV4rqvdy_X9fTj4My0iltNiSLXY\">BAIXE OS SLIDES<\/a><\/div>\n\n\n\n<div class=\"wp-block-button\"><a class=\"wp-block-button__link has-text-align-center wp-element-button\" href=\"https:\/\/drive.google.com\/uc?export=download&amp;id=1XHy6ksV4rqvdy_X9fTj4My0iltNiSLXY\">BAIXE O TEXTO<\/a><\/div>\n<\/div>\n\n\n\n<div style=\"height:24px\" aria-hidden=\"true\" class=\"wp-block-spacer\"><\/div>\n\n\n\n<p class=\"has-medium-font-size\">Voc\u00ea conhece Anna Lins dos Guimar\u00e3es Peixoto Bretas, uma das mais ilustres doceiras vilaboenses?<\/p>\n\n\n<div class=\"wp-block-image is-style-rounded\">\n<figure class=\"aligncenter size-large is-resized\"><img fetchpriority=\"high\" decoding=\"async\" src=\"https:\/\/sme.goiania.go.gov.br\/conexaoescola\/wp-content\/uploads\/2022\/03\/LOCALIZACAO-APROXIMADA-DE-POVOS-KARAJAS-3-1024x576.png\" alt=\"\" class=\"wp-image-137977\" width=\"768\" height=\"432\"\/><figcaption class=\"wp-element-caption\">Imagem 1: Montada no Canva com os recursos da mesma ferramenta<\/figcaption><\/figure><\/div>\n\n\n<p class=\"has-medium-font-size\">E a poetisa Cora Coralina, da cidade de Goi\u00e1s?<\/p>\n\n\n\n<p class=\"has-medium-font-size\">Acredita que as duas s\u00e3o a mesma pessoa?<\/p>\n\n\n\n<p class=\"has-medium-font-size\">Anna Lins dos Guimar\u00e3es Peixoto Bretas (1889-1985), tamb\u00e9m conhecida pelo pseud\u00f4nimo de Cora Coralina, foi uma escritora e poetisa goiana. Sua obra liter\u00e1ria retrata a vida cotidiana do interior do Brasil, principalmente a regi\u00e3o de Goi\u00e1s, onde passou a maior parte de sua vida.&nbsp;<\/p>\n\n\n\n<p class=\"has-medium-font-size\">Suas obras mais conhecidas incluem &#8220;Poemas dos Becos de Goi\u00e1s e Est\u00f3rias Mais&#8221;, &#8220;Meu Livro de Cordel&#8221; e &#8220;Vint\u00e9m de Cobre: Meias Confiss\u00f5es de Aninha&#8221;. Al\u00e9m de sua carreira liter\u00e1ria, Cora Coralina tamb\u00e9m trabalhou como doceira, o que a levou a escrever sobre culin\u00e1ria em seus poemas e contos. Ela teve sua obra reconhecida postumamente, tendo recebido diversos pr\u00eamios e honrarias no Brasil e no exterior.<\/p>\n\n\n\n<p class=\"has-medium-font-size\">A Poesia e a Arte&nbsp; s\u00e3o amigas que t\u00eam muito em comum, uma rela\u00e7\u00e3o que se estende ao longo da hist\u00f3ria da humanidade. A culin\u00e1ria tamb\u00e9m tem uma boa rela\u00e7\u00e3o com essas duas, mais recente, por\u00e9m muito bonita.<\/p>\n\n\n\n<p class=\"has-medium-font-size\">Tanto a poesia quanto a arte foram e s\u00e3o produ\u00e7\u00f5es culturais que surgem como express\u00f5es profundas do ser humano, dando voz \u00e0s emo\u00e7\u00f5es, \u00e0s sensa\u00e7\u00f5es,&nbsp; aos pensamentos e sentimentos.<\/p>\n\n\n\n<p class=\"has-medium-font-size\">Uma das principais caracter\u00edsticas que aproximam poema e arte \u00e9 a capacidade de atravessar as barreiras do tempo, da cultura e do espa\u00e7o, nos transportando para outros lugares, tempos e realidades. Ambas possuem a capacidade de nos fazer mergulhar em nossa realidade ou de outras pessoas. A partir dessa imers\u00e3o, \u00e9 poss\u00edvel encontrar novas perspectivas e compreens\u00f5es da vida e do mundo que nos rodeia.<\/p>\n\n\n\n<p class=\"has-medium-font-size\">A beleza \u00e9 fundamental nestas duas express\u00f5es art\u00edsticas (Poesia e Arte), a est\u00e9tica nos convida a apreciar as coisas simples com mais intensidade e a enxergar a beleza nas coisas que antes passavam despercebidas.&nbsp;<\/p>\n\n\n\n<p class=\"has-medium-font-size\">Podemos afirmar, com tudo isso, que Cora Coralina foi uma grande artista, imortalizada por suas obras.<\/p>\n\n\n\n<div style=\"height:24px\" aria-hidden=\"true\" class=\"wp-block-spacer\"><\/div>\n\n\n\n<p class=\"has-black-color has-text-color has-background has-medium-font-size\" style=\"background-color:#ffceab\"><strong><strong><strong>Quest\u00e3o <\/strong> 1<\/strong><\/strong><\/p>\n\n\n\n<p class=\"has-medium-font-size\">Qual o significado da palavra &#8220;arte&#8221;?&nbsp;<\/p>\n\n\n\n<p class=\"has-medium-font-size\">A) Uma comida&nbsp;<\/p>\n\n\n\n<p class=\"has-medium-font-size\">B) Um instrumento musical<\/p>\n\n\n\n<p class=\"has-medium-font-size\">C) Uma express\u00e3o do homem<\/p>\n\n\n\n<p class=\"has-medium-font-size\">D) Um jogo de tabuleiro<\/p>\n\n\n\n<div style=\"height:24px\" aria-hidden=\"true\" class=\"wp-block-spacer\"><\/div>\n\n\n\n<p class=\"has-black-color has-text-color has-background has-medium-font-size\" style=\"background-color:#ffceab\"><strong><strong><strong>Quest\u00e3o <\/strong>2 <\/strong><\/strong><\/p>\n\n\n\n<p class=\"has-medium-font-size\">O que a poesia e a arte t\u00eam em comum?&nbsp;<\/p>\n\n\n\n<p class=\"has-medium-font-size\">A) elas convidam para apreci\u00e1-las&nbsp;<\/p>\n\n\n\n<p class=\"has-medium-font-size\">B) elas n\u00e3o se preocupam com a beleza&nbsp;<\/p>\n\n\n\n<p class=\"has-medium-font-size\">C) elas s\u00e3o congeladas em um tempo e lugar<\/p>\n\n\n\n<p class=\"has-medium-font-size\">D) elas fazem obras de argila<\/p>\n\n\n\n<div style=\"height:24px\" aria-hidden=\"true\" class=\"wp-block-spacer\"><\/div>\n\n\n\n<p class=\"has-black-color has-text-color has-background has-medium-font-size\" style=\"background-color:#ffceab\"><strong><strong><strong>Quest\u00e3o <\/strong>3 <\/strong><\/strong><\/p>\n\n\n\n<p class=\"has-medium-font-size\"><strong>Vamos ver o v\u00eddeo a seguir e observar com aten\u00e7\u00e3o!<\/strong><\/p>\n\n\n\n<figure class=\"wp-block-embed is-type-video is-provider-youtube wp-block-embed-youtube wp-embed-aspect-16-9 wp-has-aspect-ratio\"><div class=\"wp-block-embed__wrapper\">\n<p class=\"responsive-video-wrap clr\"><iframe title=\"DVD sobre a vida e obra de Cora Coralina - Portugu\u00eas - LIBRAS - English subtitles\" width=\"1200\" height=\"675\" src=\"https:\/\/www.youtube.com\/embed\/T1sKF7ga9jI?feature=oembed\" frameborder=\"0\" allow=\"accelerometer; autoplay; clipboard-write; encrypted-media; gyroscope; picture-in-picture; web-share\" allowfullscreen><\/iframe><\/p>\n<\/div><figcaption class=\"wp-element-caption\">Canal <a href=\"https:\/\/www.youtube.com\/channel\/UCRQJb8MB43BaGdm88LF0t8A\">Casa de Cora Coralina<\/a> &#8220;DVD sobre a vida e obra de Cora Coralina &#8211; Portugu\u00eas &#8211; LIBRAS &#8211; English subtitles&gt;. Dispon\u00edvel em: &lt;https:\/\/www.youtube.com\/watch?v=T1sKF7ga9jI&gt; Acesso em 23 mar 2022.<\/figcaption><\/figure>\n\n\n\n<p class=\"has-medium-font-size\"><strong>Vamos refletir e dialogar:<\/strong><\/p>\n\n\n\n<p class=\"has-medium-font-size\">A &#8211; Sobre quem \u00e9 o v\u00eddeo que acabamos de ver?<\/p>\n\n\n\n<p class=\"has-medium-font-size\">B &#8211; Qual a import\u00e2ncia de Cora para a cultura goiana e para a cidade de Goi\u00e1s?&nbsp;<\/p>\n\n\n\n<div style=\"height:24px\" aria-hidden=\"true\" class=\"wp-block-spacer\"><\/div>\n\n\n\n<p class=\"has-black-color has-text-color has-background has-medium-font-size\" style=\"background-color:#ffceab\"><strong><strong><strong>Quest\u00e3o <\/strong> <\/strong>4<\/strong><\/p>\n\n\n\n<h2 class=\"wp-block-heading has-black-color has-text-color has-medium-font-size\"><strong>Vamos ler?&nbsp;<\/strong><\/h2>\n\n\n<div class=\"wp-block-image is-style-default\">\n<figure class=\"aligncenter size-large is-resized\"><img decoding=\"async\" src=\"https:\/\/sme.goiania.go.gov.br\/conexaoescola\/wp-content\/uploads\/2022\/03\/LOCALIZACAO-APROXIMADA-DE-POVOS-KARAJAS-4-e1647020875289-576x1024.png\" alt=\"\" class=\"wp-image-137979\" width=\"426\" height=\"757\"\/><figcaption class=\"wp-element-caption\"> <strong>Imagem 2: <\/strong>Cora Coralina, por <a href=\"https:\/\/commons.wikimedia.org\/w\/index.php?title=User:Gabriel_Stein_Barreto&amp;action=edit&amp;redlink=1\">Gabriel Stein Barreto<\/a>. <a href=\"https:\/\/creativecommons.org\/licenses\/by-sa\/4.0\">Creative Commons Attribution-Share Alike 4.0<\/a>. Dispon\u00edvel em: &lt;<a href=\"https:\/\/commons.wikimedia.org\/wiki\/File:Escritora_Cora_Coralina.jpg\">https:\/\/commons.wikimedia.org\/wiki\/File:Escritora_Cora_Coralina.jpg<\/a>&gt; <\/figcaption><\/figure><\/div>\n\n\n<p class=\"has-medium-font-size\"><strong>Vamos dialogar mais um pouco:<\/strong><\/p>\n\n\n\n<p class=\"has-medium-font-size\"><strong>A &#8211; <\/strong>Se houver palavras no texto desconhecidas vamos pesquisar sobre elas.<\/p>\n\n\n\n<p class=\"has-medium-font-size\"><strong>B<\/strong> &#8211; <strong>&nbsp;<\/strong>Vamos dialogar\/refletir um pouco sobre a leitura que fizemos e o que nos chamou mais a aten\u00e7\u00e3o.<\/p>\n\n\n\n<div style=\"height:24px\" aria-hidden=\"true\" class=\"wp-block-spacer\"><\/div>\n\n\n\n<p class=\"has-black-color has-text-color has-background has-medium-font-size\" style=\"background-color:#ffceab\"><strong>Quest\u00e3o 5 <\/strong><\/p>\n\n\n\n<p class=\"has-medium-font-size\">Agora que conhecemos um pouco sobre Cora e sua import\u00e2ncia para a cultura goiana.&nbsp;<\/p>\n\n\n\n<p class=\"has-medium-font-size\">Vamos ser os artistas da vez!<\/p>\n\n\n\n<p class=\"has-medium-font-size\">Vamos representar o que aprendemos hoje por meio de uma produ\u00e7\u00e3o art\u00edstica, pode ser um desenho, a interpreta\u00e7\u00e3o de um poema ou at\u00e9 mesmo uma coreografia para encenar a declama\u00e7\u00e3o de um poema.&nbsp;<\/p>\n\n\n\n<p class=\"has-text-align-center has-medium-font-size\"><em>Cada um de n\u00f3s tem uma habilidade a ser explorada, ent\u00e3o m\u00e3o \u00e0 obra!<\/em><\/p>\n\n\n\n<div style=\"height:24px\" aria-hidden=\"true\" class=\"wp-block-spacer\"><\/div>\n\n\n\n<p class=\"has-black-color has-text-color has-background has-medium-font-size\" style=\"background-color:#ffeb92\"><strong><strong><em>Saiba mais<\/em><\/strong><\/strong><\/p>\n\n\n\n<figure class=\"wp-block-embed is-type-video is-provider-youtube wp-block-embed-youtube wp-embed-aspect-16-9 wp-has-aspect-ratio\"><div class=\"wp-block-embed__wrapper\">\n<p class=\"responsive-video-wrap clr\"><iframe title=\"Cidade de Goi\u00e1s\" width=\"1200\" height=\"675\" src=\"https:\/\/www.youtube.com\/embed\/5o_K8aAl9Wg?feature=oembed\" frameborder=\"0\" allow=\"accelerometer; autoplay; clipboard-write; encrypted-media; gyroscope; picture-in-picture; web-share\" allowfullscreen><\/iframe><\/p>\n<\/div><figcaption class=\"wp-element-caption\">Canal <a href=\"https:\/\/www.youtube.com\/channel\/UC7YiYukLF8nB6QxBMR7Xc4g\">Ariadiny Candido<\/a> &#8220;Cidade de Goi\u00e1s&#8221;. Dispon\u00edvel em: &lt;https:\/\/www.youtube.com\/watch?v=5o_K8aAl9Wg&gt; Acesso em 23 mar 2022.<\/figcaption><\/figure>\n\n\n\n<p class=\"has-black-color has-text-color has-medium-font-size\">Para conhecer mais de Cora Coralina e a Cidade de Goi\u00e1s, visite o&nbsp; Museu Casa de Cora Coralina. Dispon\u00edvel em: &lt;<a href=\"https:\/\/www.museucoracoralina.com.br\/site\/\">https:\/\/www.museucoracoralina.com.br\/site\/<\/a>&gt;<\/p>\n\n\n\n<hr class=\"wp-block-separator has-css-opacity\"\/>\n\n\n\n<div style=\"height:24px\" aria-hidden=\"true\" class=\"wp-block-spacer\"><\/div>\n\n\n\n<figure class=\"wp-block-table is-style-stripes has-small-font-size\"><table><tbody><tr><td><strong>Autoria:&nbsp;<\/strong><\/td><td>Ariadiny C\u00e2ndido Morais<\/td><\/tr><tr><td><strong>Forma\u00e7\u00e3o:<\/strong><\/td><td>Pedagoga e Mestre em Educa\u00e7\u00e3o<\/td><\/tr><tr><td><strong>Componente Curricular<\/strong><\/td><td><strong>Arte<\/strong><\/td><\/tr><tr><td><strong>Objetivos:<\/strong><br>Materialidades e Imaterialidades: Formas de express\u00e3o art\u00edstica<br><br><br>Contextos e Pr\u00e1ticas: Patrim\u00f4nio cultural material e imaterial<br><br><br>Processos de Cria\u00e7\u00e3o: Cria\u00e7\u00e3o e ressignifica\u00e7\u00e3o em artes visuais Sentidos Plurais<\/td><td><strong>Habilidades:<br><\/strong>(GO-EF03AR04-A) Distinguir, experimentar, vivenciar e explorar diferentes formas de express\u00e3o art\u00edstica, tais como: desenhos, croquis, pinturas, gravuras, colagens, HQ, dobraduras, esculturas, modelagens, instala\u00e7\u00f5es, v\u00eddeos, fotografias, performances, usando sustentavelmente materiais, instrumentos, recursos, t\u00e9cnicas convencionais e n\u00e3o convencionais, desenvolvendo o senso cr\u00edtico, investigativo e colaborativo.<br><br>(GO-EF03AR25) Conhecer e valorizar o patrim\u00f4nio cultural, material e imaterial, de culturas diversas, em especial da brasileira, incluindo suas matrizes ind\u00edgenas, africanas e europeias, de diferentes \u00e9pocas, construir e compreender o vocabul\u00e1rio e repert\u00f3rios relativos \u00e0s diferentes linguagens art\u00edsticas, respeitando seus contextos pessoais.<br><br>(GO-EF03AR05) Experimentar o processo de cria\u00e7\u00e3o e ressignifica\u00e7\u00e3o em artes visuais de modo individual, coletivo e colaborativo, explorando diferentes espa\u00e7os da institui\u00e7\u00e3o escolar e da comunidade<\/td><\/tr><tr><td> <strong>Refer\u00eancias <\/strong> <\/td><td>Goi\u00e2nia. Secret\u00e1ria Municipal de Educa\u00e7\u00e3o e Esporte \u2013 GEREJA. Matriz Estruturante EJA. 2022Museu Casa de Cora Coralina. Dispon\u00edvel em: &lt;https:\/\/www.museucoracoralina.com.br\/site\/&gt; acessado em: 08 de mar de 2022.<br><br>Museu Casa de Cora Coralina. Dispon\u00edvel em: &lt;<a href=\"https:\/\/www.museucoracoralina.com.br\/site\/\">https:\/\/www.museucoracoralina.com.br\/site\/<\/a>&gt; Acessado em: 08 de mar de 2022<br><br>Coralina, Cora.  Poemas dos becos de Goi\u00e1s e est\u00f3rias mais. Todas as Vidas. (1983). S\u00e3o Paulo: Global Editora.  <\/td><\/tr><\/tbody><\/table><\/figure>\n\n\n\n<div style=\"height:24px\" aria-hidden=\"true\" class=\"wp-block-spacer\"><\/div>\n\n\n\n<p class=\"has-black-color has-text-color has-background has-medium-font-size\" style=\"background-color:#ffeb92\"><strong>Banco de Imagens<\/strong><\/p>\n\n\n\n<p class=\"has-black-color has-text-color has-medium-font-size\"><strong>Imagem 1: <\/strong>Cria\u00e7\u00e3o feita no Canva com os recursos educacional.<\/p>\n\n\n\n<p class=\"has-black-color has-text-color has-medium-font-size\"><strong>Imagem 2: <\/strong>Cora Coralina, por <a href=\"https:\/\/commons.wikimedia.org\/w\/index.php?title=User:Gabriel_Stein_Barreto&amp;action=edit&amp;redlink=1\">Gabriel Stein Barreto<\/a>. <a href=\"https:\/\/creativecommons.org\/licenses\/by-sa\/4.0\">Creative Commons Attribution-Share Alike 4.0<\/a>. Dispon\u00edvel em: &lt;<a href=\"https:\/\/commons.wikimedia.org\/wiki\/File:Escritora_Cora_Coralina.jpg\">https:\/\/commons.wikimedia.org\/wiki\/File:Escritora_Cora_Coralina.jpg<\/a>&gt;<\/p>\n\n\n\n<p><\/p>\n","protected":false},"author":12,"featured_media":137977,"template":"","ef_categoria":[17],"ef_ano":[86],"ef_componente":[99],"class_list":["post-137975","ensino_fundamental","type-ensino_fundamental","status-publish","has-post-thumbnail","hentry","ef_categoria-corpo-e-movimento","ef_ano-3o-ano","ef_componente-arte-ef","entry","has-media"],"acf":[],"_links":{"self":[{"href":"https:\/\/sme.goiania.go.gov.br\/conexaoescola\/wp-json\/wp\/v2\/ensino_fundamental\/137975","targetHints":{"allow":["GET"]}}],"collection":[{"href":"https:\/\/sme.goiania.go.gov.br\/conexaoescola\/wp-json\/wp\/v2\/ensino_fundamental"}],"about":[{"href":"https:\/\/sme.goiania.go.gov.br\/conexaoescola\/wp-json\/wp\/v2\/types\/ensino_fundamental"}],"author":[{"embeddable":true,"href":"https:\/\/sme.goiania.go.gov.br\/conexaoescola\/wp-json\/wp\/v2\/users\/12"}],"version-history":[{"count":5,"href":"https:\/\/sme.goiania.go.gov.br\/conexaoescola\/wp-json\/wp\/v2\/ensino_fundamental\/137975\/revisions"}],"predecessor-version":[{"id":177519,"href":"https:\/\/sme.goiania.go.gov.br\/conexaoescola\/wp-json\/wp\/v2\/ensino_fundamental\/137975\/revisions\/177519"}],"wp:featuredmedia":[{"embeddable":true,"href":"https:\/\/sme.goiania.go.gov.br\/conexaoescola\/wp-json\/wp\/v2\/media\/137977"}],"wp:attachment":[{"href":"https:\/\/sme.goiania.go.gov.br\/conexaoescola\/wp-json\/wp\/v2\/media?parent=137975"}],"wp:term":[{"taxonomy":"ef_categoria","embeddable":true,"href":"https:\/\/sme.goiania.go.gov.br\/conexaoescola\/wp-json\/wp\/v2\/ef_categoria?post=137975"},{"taxonomy":"ef_ano","embeddable":true,"href":"https:\/\/sme.goiania.go.gov.br\/conexaoescola\/wp-json\/wp\/v2\/ef_ano?post=137975"},{"taxonomy":"ef_componente","embeddable":true,"href":"https:\/\/sme.goiania.go.gov.br\/conexaoescola\/wp-json\/wp\/v2\/ef_componente?post=137975"}],"curies":[{"name":"wp","href":"https:\/\/api.w.org\/{rel}","templated":true}]}}