{"id":137970,"date":"2022-03-11T14:30:59","date_gmt":"2022-03-11T17:30:59","guid":{"rendered":"https:\/\/sme.goiania.go.gov.br\/conexaoescola\/?post_type=ensino_fundamental&#038;p=137970"},"modified":"2026-02-27T17:16:09","modified_gmt":"2026-02-27T20:16:09","slug":"geografia-territorio-x-territorialidade","status":"publish","type":"ensino_fundamental","link":"https:\/\/sme.goiania.go.gov.br\/conexaoescola\/ensino_fundamental\/geografia-territorio-x-territorialidade\/","title":{"rendered":"Geografia &#8211; Territ\u00f3rio x Territorialidade"},"content":{"rendered":"\n<p class=\"has-black-color has-text-color has-background has-medium-font-size\" style=\"background-color:#99c9e5\">Esta proposta de atividade de <strong>GEOGRAFIA<\/strong> \u00e9 destinada aos estudantes do <strong>7\u00b0 Ano<\/strong> do Ensino Fundamental Anos Finais.<\/p>\n\n\n\n<div class=\"wp-block-buttons is-content-justification-center is-layout-flex wp-container-core-buttons-is-layout-16018d1d wp-block-buttons-is-layout-flex\">\n<div class=\"wp-block-button\"><a class=\"wp-block-button__link has-white-color has-black-background-color has-text-color has-background has-medium-font-size has-custom-font-size wp-element-button\" href=\"https:\/\/drive.google.com\/uc?export=download&amp;id=1ICIa4I5bbJafTTj4Vsduauc5sL2jnfCkf7Wq5jSnJas\" target=\"_blank\" rel=\"noreferrer noopener\">Baixe atividade <\/a><\/div>\n\n\n\n<div class=\"wp-block-button\"><a class=\"wp-block-button__link has-white-color has-black-background-color has-text-color has-background has-medium-font-size has-custom-font-size wp-element-button\" href=\"https:\/\/drive.google.com\/uc?export=download&amp;id=16rKGHPQLOYaV2eyssh1kzH0rUyVW7eeM\" target=\"_blank\" rel=\"noreferrer noopener\">Baixe os slides<\/a><\/div>\n\n\n\n<div class=\"wp-block-button\"><a class=\"wp-block-button__link has-white-color has-black-background-color has-text-color has-background has-medium-font-size has-custom-font-size wp-element-button\" href=\"https:\/\/drive.google.com\/uc?export=download&amp;id=1fGop_nUWc-kkpjJxagVLiJEV3sfjKTVDmmoTOkkYJDE\" target=\"_blank\" rel=\"noreferrer noopener\">Baixe o texto<\/a><\/div>\n<\/div>\n\n\n<div class=\"wp-block-image is-style-rounded\">\n<figure class=\"aligncenter size-large\"><img fetchpriority=\"high\" decoding=\"async\" width=\"1024\" height=\"683\" src=\"https:\/\/sme.goiania.go.gov.br\/conexaoescola\/wp-content\/uploads\/2022\/03\/night-g80386652a_1920-e1647019716652-1024x683.jpg\" alt=\"\" class=\"wp-image-137976\" srcset=\"https:\/\/sme.goiania.go.gov.br\/conexaoescola\/wp-content\/uploads\/2022\/03\/night-g80386652a_1920-e1647019716652-1024x683.jpg 1024w, https:\/\/sme.goiania.go.gov.br\/conexaoescola\/wp-content\/uploads\/2022\/03\/night-g80386652a_1920-e1647019716652-300x200.jpg 300w, https:\/\/sme.goiania.go.gov.br\/conexaoescola\/wp-content\/uploads\/2022\/03\/night-g80386652a_1920-e1647019716652-768x512.jpg 768w, https:\/\/sme.goiania.go.gov.br\/conexaoescola\/wp-content\/uploads\/2022\/03\/night-g80386652a_1920-e1647019716652-1536x1024.jpg 1536w, https:\/\/sme.goiania.go.gov.br\/conexaoescola\/wp-content\/uploads\/2022\/03\/night-g80386652a_1920-e1647019716652.jpg 1920w\" sizes=\"(max-width: 1024px) 100vw, 1024px\" \/><figcaption class=\"wp-element-caption\">Mercado noturno &#8211; Fonte: https:\/\/pixabay.com\/pt\/photos\/noite-mercado-mercado-noturno-2345010\/<\/figcaption><\/figure><\/div>\n\n\n<p class=\"has-text-align-center has-white-color has-cyan-bluish-gray-background-color has-text-color has-background has-medium-font-size\"><strong>Territ\u00f3rio x Territorialidade<\/strong><\/p>\n\n\n\n<p class=\"has-black-color has-text-color has-medium-font-size\">O territ\u00f3rio \u00e9 um conceito utilizado por diversas \u00e1reas das Ci\u00eancias Sociais e por isso poliss\u00eamico,&nbsp; compreender o seu significado permite analisar como nos relacionamos com o espa\u00e7o geogr\u00e1fico e como os sujeitos estabelecem rela\u00e7\u00f5es de poder.&nbsp;<\/p>\n\n\n\n<p class=\"has-black-color has-text-color has-medium-font-size\">Para Geografia compreendemos que territ\u00f3rio \u00e9 o espa\u00e7o onde algu\u00e9m ou um grupo exerce poder, sendo respons\u00e1vel e tendo sob seu dom\u00ednio os recursos presentes neste lugar seja na superf\u00edcie, no subsolo, no espa\u00e7o a\u00e9reo e mar\u00edtimo.<\/p>\n\n\n\n<p class=\"has-black-color has-text-color has-medium-font-size\">O processo de apropria\u00e7\u00e3o do espa\u00e7o, seja abstratamente ou de forma concreta, \u00e9 conhecido por <strong>territorializa\u00e7\u00e3o<\/strong>. Fac\u00e7\u00f5es criminosas e grupos milicianos exercem poder sobre territ\u00f3rios que teoricamente pertencem ao Estado, esses grupos v\u00e3o ditar as regras e criar leis pr\u00f3prias para controlar o territ\u00f3rio, em alguns casos existem at\u00e9 relatos da necessidade de pagar pela seguran\u00e7a ou para executar alguma atividade econ\u00f4mica dentro desses territ\u00f3rios.<\/p>\n\n\n\n<p class=\"has-black-color has-text-color has-medium-font-size\">Territorialidade est\u00e1 relacionada a como n\u00f3s utilizamos o territ\u00f3rio, veja:<\/p>\n\n\n\n<p class=\"has-black-color has-text-color has-medium-font-size\"><em>(&#8230;) a territorialidade, al\u00e9m de incorporar uma dimens\u00e3o mais estritamente pol\u00edtica, diz respeito tamb\u00e9m \u00e0s rela\u00e7\u00f5es econ\u00f4micas e culturais, pois est\u00e1 intimamente ligada ao modo como as pessoas utilizam a terra, como elas pr\u00f3prias se organizam no espa\u00e7o e como elas d\u00e3o significado ao lugar.<\/em><\/p>\n\n\n\n<p class=\"has-black-color has-text-color has-medium-font-size\">(HAESBAERT, 2007, p, 22)<\/p>\n\n\n\n<p class=\"has-black-color has-text-color has-medium-font-size\">Nesse sentido o mesmo territ\u00f3rio pode apresentar diversas territorialidades. Por exemplo, na Pra\u00e7a do Jacar\u00e9, no Setor Crimeia Oeste em Goi\u00e2nia- GO, todas as quartas- feiras pela manh\u00e3 ocorre a feira de verduras na \u00e1rea externa da pra\u00e7a que foi planejada para ser estacionamento, durante a tarde lavadores de carro ocupam esse espa\u00e7o e \u00e0 noite adolescentes andam de skate, bicicleta e patins nesse mesmo lugar. &nbsp;<\/p>\n\n\n\n<hr class=\"wp-block-separator has-css-opacity\"\/>\n\n\n\n<p class=\"has-text-align-center has-white-color has-black-background-color has-text-color has-background has-medium-font-size\"><strong>RESPONDA AS QUEST\u00d5ES<\/strong><\/p>\n\n\n\n<p class=\"has-black-color has-text-color has-medium-font-size\">Analise o texto, a charge e responda \u00e0s quest\u00f5es 01 e 02.<\/p>\n\n\n\n<p class=\"has-black-color has-text-color has-medium-font-size\"><em>Mais de mil policiais foram enviados nesta quarta-feira (19) para a comunidade do Jacarezinho para &#8220;recuperar&#8221; o controle do territ\u00f3rio dominado por organiza\u00e7\u00f5es criminosas, o mesmo local em que foi realizada a opera\u00e7\u00e3o policial mais letal da hist\u00f3ria do Rio de Janeiro, em maio de 2021.<\/em><\/p>\n\n\n\n<p class=\"has-text-align-right has-black-color has-text-color has-small-font-size\">POL\u00cdCIA do Rio realiza megaopera\u00e7\u00e3o para \u201crecuperar\u201d controle do Jacarezinho. Dispon\u00edvel em:&lt;<a href=\"https:\/\/www.em.com.br\/app\/noticia\/internacional\/2022\/01\/19\/interna_internacional,1338722\/policia-do-rio-realiza-megaoperacao-para-recuperar-controle-do-jacarezinh.shtml\">https:\/\/www.em.com.br\/app\/noticia\/internacional\/2022\/01\/19\/interna_internacional,1338722\/policia-do-rio-realiza-megaoperacao-para-recuperar-controle-do-jacarezih.shtml<\/a>&gt; . Acesso em 17, fev. 2022.<\/p>\n\n\n<div class=\"wp-block-image\">\n<figure class=\"aligncenter size-full\"><img decoding=\"async\" width=\"550\" height=\"550\" src=\"https:\/\/sme.goiania.go.gov.br\/conexaoescola\/wp-content\/uploads\/2023\/06\/image-36.png\" alt=\"\" class=\"wp-image-164299\" srcset=\"https:\/\/sme.goiania.go.gov.br\/conexaoescola\/wp-content\/uploads\/2023\/06\/image-36.png 550w, https:\/\/sme.goiania.go.gov.br\/conexaoescola\/wp-content\/uploads\/2023\/06\/image-36-300x300.png 300w, https:\/\/sme.goiania.go.gov.br\/conexaoescola\/wp-content\/uploads\/2023\/06\/image-36-150x150.png 150w\" sizes=\"(max-width: 550px) 100vw, 550px\" \/><figcaption class=\"wp-element-caption\">Por Simanca &#8211; UPP. Dispon\u00edvel em: &lt;<a href=\"https:\/\/www.humorpolitico.com.br\/admin\/o-rio-nao-precisa-de-upp\/\">https:\/\/www.humorpolitico.com.br\/admin\/o-rio-nao-precisa-de-upp\/<\/a>&gt;. Acesso em 17, fev. 2022.<\/figcaption><\/figure><\/div>\n\n\n<p class=\"has-black-color has-text-color has-background has-medium-font-size\" style=\"background-color:#ecabab\"><strong>Quest\u00e3o 01 <\/strong><\/p>\n\n\n\n<hr class=\"wp-block-separator has-css-opacity\"\/>\n\n\n\n<p class=\"has-black-color has-text-color has-medium-font-size\">A cr\u00edtica presente na charge, nos permite observar o conceito de: &nbsp;&nbsp;<\/p>\n\n\n\n<p class=\"has-black-color has-text-color has-medium-font-size\">(A) Regi\u00e3o<\/p>\n\n\n\n<p class=\"has-black-color has-text-color has-medium-font-size\">(B) Territorialidade<\/p>\n\n\n\n<p class=\"has-black-color has-text-color has-medium-font-size\">(C) Lugar<\/p>\n\n\n\n<p class=\"has-black-color has-text-color has-medium-font-size\">(D) Territorializa\u00e7\u00e3o<\/p>\n\n\n\n<p class=\"has-black-color has-text-color has-background has-medium-font-size\" style=\"background-color:#ecabab\"><strong>Quest\u00e3o 02<\/strong><\/p>\n\n\n\n<p class=\"has-black-color has-text-color has-medium-font-size\">a) Se a comunidade do Jacarezinho pertence ao Rio de Janeiro, porque foi necess\u00e1rio organizar uma opera\u00e7\u00e3o policial para recuperar o controle do territ\u00f3rio?&nbsp;<\/p>\n\n\n\n<p class=\"has-black-color has-text-color has-medium-font-size\">b) Qual \u00e9 a cr\u00edtica presente na charge em rela\u00e7\u00e3o a ocupa\u00e7\u00e3o do estado pela Unidade de Pol\u00edcia Pacificadora?<\/p>\n\n\n\n<hr class=\"wp-block-separator has-css-opacity\"\/>\n\n\n\n<p class=\"has-black-color has-text-color has-background has-medium-font-size\" style=\"background-color:#ecabab\"><strong>Quest\u00e3o 03<\/strong><\/p>\n\n\n\n<p class=\"has-black-color has-text-color has-medium-font-size\">\u00c9 poss\u00edvel que existam em um territ\u00f3rio v\u00e1rias territorialidades? Se sim, procure exemplos em seu bairro ou na sua cidade e descreva como ocorrem.&nbsp;<\/p>\n\n\n\n<p class=\"has-black-color has-text-color has-background has-medium-font-size\" style=\"background-color:#ecabab\"><strong>Quest\u00e3o 0<\/strong>4<\/p>\n\n\n\n<p class=\"has-black-color has-text-color has-medium-font-size\">O territ\u00f3rio \u00e9 poliss\u00eamico, estudado por diversos componentes das Ci\u00eancias Humanas o esfor\u00e7o em compreender o conceito de territ\u00f3rio tem movimentando o debate acad\u00eamico. Para Geografia territ\u00f3rio \u00e9 umas das categorias de an\u00e1lise para compreens\u00e3o do espa\u00e7o geogr\u00e1fico, nesse sentido assinale a alternativa que melhor aborda o conceito de territ\u00f3rio.&nbsp;&nbsp;&nbsp;<\/p>\n\n\n\n<p class=\"has-black-color has-text-color has-medium-font-size\">(A) Na Geografia, h\u00e1 um consenso exato sobre o que seja o conceito b\u00e1sico de territ\u00f3rio. Esse conceito \u00e9 \u00fanico para todas as an\u00e1lises espaciais, sociais e territoriais.<\/p>\n\n\n\n<p class=\"has-black-color has-text-color has-medium-font-size\">(B) Para Geografia o conceito de territ\u00f3rio n\u00e3o apresenta relev\u00e2ncia na compreens\u00e3o dos fen\u00f4menos que ocorrem no espa\u00e7o geogr\u00e1fico, a ideia de territ\u00f3rio como espa\u00e7o que abriga um grupo social vem das ci\u00eancias biol\u00f3gicas.&nbsp;<\/p>\n\n\n\n<p class=\"has-black-color has-text-color has-medium-font-size\">(C) Territ\u00f3rio pode ser compreendido como a por\u00e7\u00e3o do espa\u00e7o geogr\u00e1fico onde o indiv\u00edduo ou grupo de pessoa apresentam familiaridade e estabelecem sentimento de pertencimento.&nbsp;<\/p>\n\n\n\n<p class=\"has-black-color has-text-color has-medium-font-size\">(D) O territ\u00f3rio \u00e9 um espa\u00e7o onde algu\u00e9m ou um grupo exerce poder, sendo limitado por fronteiras que podem ser f\u00edsicas ou imagin\u00e1rias.<\/p>\n\n\n\n<p class=\"has-black-color has-pale-cyan-blue-background-color has-text-color has-background has-medium-font-size\"><strong>SAIBA MAIS<\/strong><\/p>\n\n\n\n<p><\/p>\n\n\n\n<figure class=\"wp-block-embed is-type-video is-provider-youtube wp-block-embed-youtube wp-embed-aspect-16-9 wp-has-aspect-ratio\"><div class=\"wp-block-embed__wrapper\">\n<p class=\"responsive-video-wrap clr\"><iframe title=\"Territ\u00f3rio - 7\u00b0 Ano - Atividade 03\" width=\"1200\" height=\"675\" src=\"https:\/\/www.youtube.com\/embed\/Ey9SeWLTzcg?feature=oembed\" frameborder=\"0\" allow=\"accelerometer; autoplay; clipboard-write; encrypted-media; gyroscope; picture-in-picture; web-share\" allowfullscreen><\/iframe><\/p>\n<\/div><figcaption class=\"wp-element-caption\">Canal Geo Power &#8220;Atividade 03 &#8211; Territ\u00f3rio &#8211; 7\u00b0 Ano&#8221;. Dispon\u00edvel em: &lt;https:\/\/www.youtube.com\/watch?v=Ey9SeWLTzcg&gt;. Acesso em 11 mar. 2022.<\/figcaption><\/figure>\n\n\n\n<hr class=\"wp-block-separator has-css-opacity\"\/>\n\n\n\n<figure class=\"wp-block-table alignfull is-style-stripes\"><table><tbody><tr><td><strong>Habilidade:<\/strong><\/td><td>(EF07GE03-A) Compreender e problematizar sobre a territorialidade e a sua import\u00e2ncia para os diversos povos.<\/td><\/tr><tr><td><strong>Referencial Te\u00f3rico:&nbsp;<\/strong><\/td><td>ADAS, M; ADAS, S. Expedi\u00e7\u00f5es Geogr\u00e1ficas: 7\u00b0 ano. 3\u00b0 Edi\u00e7\u00e3o. S\u00e3o Paulo: Moderna, 2018.&nbsp;&nbsp;<br><br>ARAUJO, C. C; CALDAS, A. S. TERRIT\u00d3RIO, &nbsp; TERRITORIALIZA\u00c7\u00c3O, &nbsp; TERRITORIALIDADE &nbsp; E &nbsp; A &nbsp; QUEST\u00c3O AGR\u00c1RIA: IMPASSES S\u00d3CIO-ESPACIAIS, POSSIBILIDADES ANAL\u00cdTICAS. Geosul, Florian\u00f3polis, v. 34, n. 70, p. 358-384.Dispon\u00edvel em: &lt;<a href=\"https:\/\/periodicos.ufsc.br\/index.php\/geosul\/article\/view\/2177-5230.2019v34n70p358\/38525\">https:\/\/periodicos.ufsc.br\/index.php\/geosul\/article\/view\/2177-5230.2019v34n70p358\/38525<\/a>&gt;. Acesso em 08, fev. 2022.<br><br>FERNANDES, L. S.&nbsp; GEOGRAFIA DA CRIMINALIDADE: O caso da territorializa\u00e7\u00e3o do tr\u00e1fico de drogas no bairro Divineia em S\u00e3o Lu\u00eds\/MA. REVISTA DE GEOGRAFIA , v. 35, p. 289-307, 2018. Dispon\u00edvel em: &lt;<a href=\"https:\/\/periodicos.ufpe.br\/revistas\/revistageografia\/article\/view\/229380\">https:\/\/periodicos.ufpe.br\/revistas\/revistageografia\/article\/view\/229380<\/a>&gt;. Acesso em 10, fev. 2022.<br><br>FERREIRA, D. S.&nbsp; Territ\u00f3rio e territorialidade: contribui\u00e7\u00f5es ao debate geogr\u00e1fico. Campo &#8211; Territ\u00f3rio , 2013.<br><br>______________. TERRIT\u00d3RIO, TERRITORIALIDADE E SEUS M\u00daLTIPLOS ENFOQUES NA CI\u00caNCIA GEOGR\u00c1FICA. Dispon\u00edvel em: &lt;https:\/\/drive.google.com\/file\/d\/1AL5epFgLNp-NWWnlczioWJr5Uo27YKCW\/view&gt;. Acesso em 08, fev. 2022.<br><br>HAESBAERT, Rog\u00e9rio; LIMONAD, Ester. O territ\u00f3rio em tempos de Globaliza\u00e7\u00e3o. etc&#8230;, espa\u00e7o, tempo e cr\u00edtica, Rio de Janeiro, v. 1, n. 2, ago. 2007.<br><br>NASCIMENTO, D. P. TRANSFORMA\u00c7\u00d5ES TERRITORIAIS EM GOI\u00c2NIA: O CLUSTER DA 44. Dispon\u00edvel em: &lt;tede2.pucgoias.edu.br:8080\/bitstream\/tede\/3907\/2\/DENYA%20PEREIRA%20DO%20NASCIMENTO.pdf&gt;. Acesso em 06, fev. 2022.<br><br>RAFFESTIN, C. Por uma geografia do poder. S\u00e3o Paulo: \u00c1tica, 1993.<br><\/td><\/tr><\/tbody><\/table><\/figure>\n","protected":false},"author":52,"featured_media":137976,"template":"","ef_categoria":[],"ef_ano":[90],"ef_componente":[96],"class_list":["post-137970","ensino_fundamental","type-ensino_fundamental","status-publish","has-post-thumbnail","hentry","ef_ano-7o-ano","ef_componente-geografia","entry","has-media"],"acf":[],"_links":{"self":[{"href":"https:\/\/sme.goiania.go.gov.br\/conexaoescola\/wp-json\/wp\/v2\/ensino_fundamental\/137970","targetHints":{"allow":["GET"]}}],"collection":[{"href":"https:\/\/sme.goiania.go.gov.br\/conexaoescola\/wp-json\/wp\/v2\/ensino_fundamental"}],"about":[{"href":"https:\/\/sme.goiania.go.gov.br\/conexaoescola\/wp-json\/wp\/v2\/types\/ensino_fundamental"}],"author":[{"embeddable":true,"href":"https:\/\/sme.goiania.go.gov.br\/conexaoescola\/wp-json\/wp\/v2\/users\/52"}],"version-history":[{"count":4,"href":"https:\/\/sme.goiania.go.gov.br\/conexaoescola\/wp-json\/wp\/v2\/ensino_fundamental\/137970\/revisions"}],"predecessor-version":[{"id":202891,"href":"https:\/\/sme.goiania.go.gov.br\/conexaoescola\/wp-json\/wp\/v2\/ensino_fundamental\/137970\/revisions\/202891"}],"wp:featuredmedia":[{"embeddable":true,"href":"https:\/\/sme.goiania.go.gov.br\/conexaoescola\/wp-json\/wp\/v2\/media\/137976"}],"wp:attachment":[{"href":"https:\/\/sme.goiania.go.gov.br\/conexaoescola\/wp-json\/wp\/v2\/media?parent=137970"}],"wp:term":[{"taxonomy":"ef_categoria","embeddable":true,"href":"https:\/\/sme.goiania.go.gov.br\/conexaoescola\/wp-json\/wp\/v2\/ef_categoria?post=137970"},{"taxonomy":"ef_ano","embeddable":true,"href":"https:\/\/sme.goiania.go.gov.br\/conexaoescola\/wp-json\/wp\/v2\/ef_ano?post=137970"},{"taxonomy":"ef_componente","embeddable":true,"href":"https:\/\/sme.goiania.go.gov.br\/conexaoescola\/wp-json\/wp\/v2\/ef_componente?post=137970"}],"curies":[{"name":"wp","href":"https:\/\/api.w.org\/{rel}","templated":true}]}}