{"id":137837,"date":"2022-03-09T09:31:29","date_gmt":"2022-03-09T12:31:29","guid":{"rendered":"https:\/\/sme.goiania.go.gov.br\/conexaoescola\/?post_type=ensino_fundamental&#038;p=137837"},"modified":"2023-05-04T10:06:46","modified_gmt":"2023-05-04T13:06:46","slug":"lingua-portuguesa-fabulas","status":"publish","type":"ensino_fundamental","link":"https:\/\/sme.goiania.go.gov.br\/conexaoescola\/ensino_fundamental\/lingua-portuguesa-fabulas\/","title":{"rendered":"L\u00edngua Portuguesa &#8211; F\u00e1bulas"},"content":{"rendered":"\n<p class=\"has-black-color has-text-color has-background has-medium-font-size\" style=\"background-color:#f7e9ed\">Esta atividade tem como base as sequ\u00eancias did\u00e1ticas propostas pelo Programa Aprender Sempre, da SME-Goi\u00e2nia, com base no DC\/GO &#8211; Ampliado e est\u00e1 destinada a estudantes do 3\u00ba ano do Ensino Fundamental.\u00a0<\/p>\n\n\n\n<div class=\"wp-block-buttons is-content-justification-center is-layout-flex wp-container-core-buttons-is-layout-16018d1d wp-block-buttons-is-layout-flex\">\n<div class=\"wp-block-button\"><a class=\"wp-block-button__link wp-element-button\" href=\"https:\/\/docs.google.com\/document\/d\/1tYHV-8ZiiskMjBLBknxUseFKGFMbNBh9XXLMjlyGZWs\/edit?usp=sharing\" target=\"_blank\" rel=\"noreferrer noopener\">Baixe o texto<\/a><\/div>\n\n\n\n<div class=\"wp-block-button\"><a class=\"wp-block-button__link wp-element-button\" href=\"https:\/\/docs.google.com\/document\/d\/1UzLR0toMjLhhbHH8KiUIwcOVD69qC8dEMPyTisK0Zy4\/edit?usp=sharing\" target=\"_blank\" rel=\"noreferrer noopener\">Baixe a atividade<\/a><\/div>\n\n\n\n<div class=\"wp-block-button\"><a class=\"wp-block-button__link wp-element-button\" href=\"https:\/\/docs.google.com\/presentation\/d\/1Xd49RetqgP0jKRJo1dU404d7Ib-QIj-R\/edit?usp=sharing&amp;ouid=102688739607323323114&amp;rtpof=true&amp;sd=true\" target=\"_blank\" rel=\"noreferrer noopener\">Baixe os slides<\/a><\/div>\n<\/div>\n\n\n\n<p><\/p>\n\n\n\n<p class=\"has-black-color has-text-color has-background has-medium-font-size\" style=\"background-color:#e8f1f6\"><strong>A F\u00c1BULA \u00c9 UMA NARRATIVA FIGURADA, NA QUAL AS PERSONAGENS S\u00c3O GERALMENTE ANIMAIS QUE POSSUEM CARACTER\u00cdSTICAS HUMANAS. POR MEIO DESSA CARACTER\u00cdSTICA, AS PERSONAGENS MOVIMENTAM-SE E A HIST\u00d3RIA DESENROLA-SE, LEVANDO \u00c0 CONSTRU\u00c7\u00c3O DE UM ENSINAMENTO.<\/strong><\/p>\n\n\n<div class=\"wp-block-image is-style-default\">\n<figure class=\"aligncenter size-full is-resized\"><img fetchpriority=\"high\" decoding=\"async\" src=\"https:\/\/sme.goiania.go.gov.br\/conexaoescola\/wp-content\/uploads\/2022\/03\/FABULA-e1646828592536.jpg\" alt=\"\" class=\"wp-image-137838\" width=\"320\" height=\"394\" srcset=\"https:\/\/sme.goiania.go.gov.br\/conexaoescola\/wp-content\/uploads\/2022\/03\/FABULA-e1646828592536.jpg 385w, https:\/\/sme.goiania.go.gov.br\/conexaoescola\/wp-content\/uploads\/2022\/03\/FABULA-e1646828592536-243x300.jpg 243w\" sizes=\"(max-width: 320px) 100vw, 320px\" \/><figcaption class=\"wp-element-caption\">Dispon\u00edvel em: &lt;https:\/\/pixabay.com\/pt\/vectors\/esquilo-lendo-quadrinho-%c3%b3culos-306992\/&gt; Acesso em 17, fev. 202<\/figcaption><\/figure><\/div>\n\n\n<p class=\"has-text-align-center has-black-color has-text-color has-background has-medium-font-size\" style=\"background-color:#e8f1f6\"><strong>ASSISTA A VIDEOAULA A SEGUIR:<\/strong><\/p>\n\n\n\n<figure class=\"wp-block-embed is-type-video is-provider-youtube wp-block-embed-youtube wp-embed-aspect-16-9 wp-has-aspect-ratio\"><div class=\"wp-block-embed__wrapper\">\n<p class=\"responsive-video-wrap clr\"><iframe title=\"Aprender Sempre - L\u00edngua Portuguesa - 3\u00ba ano - 1\u00ba Bim - Videoaula 3 - F\u00e1bulas\" width=\"1200\" height=\"675\" src=\"https:\/\/www.youtube.com\/embed\/-pvBQ1Zb2QE?feature=oembed\" frameborder=\"0\" allow=\"accelerometer; autoplay; clipboard-write; encrypted-media; gyroscope; picture-in-picture; web-share\" allowfullscreen><\/iframe><\/p>\n<\/div><figcaption class=\"wp-element-caption\">3\u00ba ano L\u00edngua Portuguesa Aprender Sempre 1\u00baBi Videoaula 3<\/figcaption><\/figure>\n\n\n\n<p class=\"has-text-align-center has-black-color has-text-color has-background has-medium-font-size\" style=\"background-color:#f7e9ed\"><strong>F\u00c1BULAS<\/strong><\/p>\n\n\n\n<p class=\"has-medium-font-size\">Ol\u00e1 estudantes!<\/p>\n\n\n\n<p class=\"has-medium-font-size\">O que s\u00e3o f\u00e1bulas? Voc\u00ea conhece alguma?<\/p>\n\n\n\n<p class=\"has-medium-font-size\">A f\u00e1bula \u00e9 um texto narrativo com uma linguagem simples, em que as personagens s\u00e3o geralmente animais que possuem caracter\u00edsticas humanas. Apresentam hist\u00f3rias divertidas que ensinam li\u00e7\u00f5es importantes.<\/p>\n\n\n\n<p class=\"has-medium-font-size\">Como estrutura a f\u00e1bula precisa ter come\u00e7o, meio e fim. O come\u00e7o ir\u00e1 apresentar as personagens e o enredo. O meio ir\u00e1 abordar o desenvolvimento do texto. E fim, mostrando o desfecho da hist\u00f3ria e o ensinamento, a moral.<\/p>\n\n\n\n<p class=\"has-medium-font-size\">O g\u00eanero f\u00e1bula ensina valores como respeito, humildade, amizade e honestidade. Podemos encontrar um coelho esperto que derrota um le\u00e3o forte usando sua intelig\u00eancia, ou uma tartaruga que vence uma corrida contra uma lebre arrogante porque foi perseverante e determinada.<\/p>\n\n\n\n<p class=\"has-medium-font-size\">Voc\u00ea sabia que um escritor brasileiro muito conhecido chamado monteiro lobato escreveu um livro inteirinho s\u00f3 de f\u00e1bulas?&nbsp;<\/p>\n\n\n\n<p class=\"has-medium-font-size\">Entre as muitas hist\u00f3rias que ele criou, algumas das mais famosas s\u00e3o &#8220;A Coruja e a \u00c1guia&#8221;, &#8220;A Galinha dos Ovos de Ouro&#8221; e &#8220;Raposa e as Uvas&#8221;. Essas f\u00e1bulas s\u00e3o divertidas e nos ensinam importantes li\u00e7\u00f5es sobre a vida.<\/p>\n\n\n\n<p class=\"has-text-align-center has-black-color has-text-color has-background has-medium-font-size\" style=\"background-color:#f7e9ed\"><strong>ATIVIDADES<\/strong><\/p>\n\n\n\n<p class=\"has-text-align-left has-black-color has-text-color has-background has-medium-font-size\" style=\"background-color:#e8f1f6\"><strong>QUEST\u00c3O 1<\/strong><\/p>\n\n\n\n<p class=\"has-black-color has-text-color has-medium-font-size\">VOC\u00ca SABIA QUE NA F\u00c1BULA A LINGUAGEM \u00c9 SIMPLES E PODE HAVER DI\u00c1LOGOS? AGORA, RELEMBRANDO A F\u00c1BULA \u201cO LE\u00c3O E O RATINHO\u201d, ESCREVA OS DI\u00c1LOGOS, CONFORME A F\u00c1BULA:<\/p>\n\n\n\n<figure class=\"wp-block-image size-full is-resized\"><img decoding=\"async\" src=\"https:\/\/sme.goiania.go.gov.br\/conexaoescola\/wp-content\/uploads\/2022\/03\/FABULA-2-e1646828753965.jpg\" alt=\"\" class=\"wp-image-137839\" width=\"955\" height=\"527\" srcset=\"https:\/\/sme.goiania.go.gov.br\/conexaoescola\/wp-content\/uploads\/2022\/03\/FABULA-2-e1646828753965.jpg 848w, https:\/\/sme.goiania.go.gov.br\/conexaoescola\/wp-content\/uploads\/2022\/03\/FABULA-2-e1646828753965-300x166.jpg 300w, https:\/\/sme.goiania.go.gov.br\/conexaoescola\/wp-content\/uploads\/2022\/03\/FABULA-2-e1646828753965-768x424.jpg 768w\" sizes=\"(max-width: 955px) 100vw, 955px\" \/><\/figure>\n\n\n\n<figure class=\"wp-block-image size-full is-resized\"><img decoding=\"async\" src=\"https:\/\/sme.goiania.go.gov.br\/conexaoescola\/wp-content\/uploads\/2022\/03\/FABULA-3-e1646828832819.jpg\" alt=\"\" class=\"wp-image-137840\" width=\"849\" height=\"420\" srcset=\"https:\/\/sme.goiania.go.gov.br\/conexaoescola\/wp-content\/uploads\/2022\/03\/FABULA-3-e1646828832819.jpg 776w, https:\/\/sme.goiania.go.gov.br\/conexaoescola\/wp-content\/uploads\/2022\/03\/FABULA-3-e1646828832819-300x148.jpg 300w, https:\/\/sme.goiania.go.gov.br\/conexaoescola\/wp-content\/uploads\/2022\/03\/FABULA-3-e1646828832819-768x380.jpg 768w\" sizes=\"(max-width: 849px) 100vw, 849px\" \/><figcaption class=\"wp-element-caption\">Dispon\u00edvel em: &lt;https:\/\/www.youtube.com\/watch?v=iHqNO0nFCqQ&amp;ab_channel=Pr%C3%B4Iesa&gt;. Acesso em: 17, fev.. 22.<\/figcaption><\/figure>\n\n\n\n<p class=\"has-black-color has-text-color has-background has-medium-font-size\" style=\"background-color:#e8f1f6\"><strong>QUEST\u00c3O 2<\/strong><\/p>\n\n\n\n<p class=\"has-medium-font-size\">TODA F\u00c1BULA TEM UM ENSINAMENTO, UMA MORAL PARA REFLEX\u00c3O. LEIA A MORAL DE CADA F\u00c1BULA E EXPLIQUE QUE MENSAGEM QUER TRANSMITIR:<\/p>\n\n\n\n<figure class=\"wp-block-image size-full is-resized\"><img loading=\"lazy\" decoding=\"async\" src=\"https:\/\/sme.goiania.go.gov.br\/conexaoescola\/wp-content\/uploads\/2022\/03\/FABULA-4-e1646829038867.jpg\" alt=\"\" class=\"wp-image-137841\" width=\"949\" height=\"986\" srcset=\"https:\/\/sme.goiania.go.gov.br\/conexaoescola\/wp-content\/uploads\/2022\/03\/FABULA-4-e1646829038867.jpg 828w, https:\/\/sme.goiania.go.gov.br\/conexaoescola\/wp-content\/uploads\/2022\/03\/FABULA-4-e1646829038867-289x300.jpg 289w, https:\/\/sme.goiania.go.gov.br\/conexaoescola\/wp-content\/uploads\/2022\/03\/FABULA-4-e1646829038867-768x798.jpg 768w\" sizes=\"(max-width: 949px) 100vw, 949px\" \/><\/figure>\n\n\n\n<p class=\"has-black-color has-text-color has-background has-medium-font-size\" style=\"background-color:#e8f1f6\"><strong>QUEST\u00c3O 3<\/strong><\/p>\n\n\n\n<p class=\"has-medium-font-size\">QUAL \u00c9 A ESTRUTURA B\u00c1SICA DE UMA F\u00c1BULA?<\/p>\n\n\n\n<p class=\"has-medium-font-size\">(A) COME\u00c7O, MEIO E FIM<\/p>\n\n\n\n<p class=\"has-medium-font-size\">(B) APENAS COME\u00c7O E FIM<\/p>\n\n\n\n<p class=\"has-medium-font-size\">(C) COME\u00c7O, MEIO, FIM E EP\u00cdLOGO<\/p>\n\n\n\n<p class=\"has-medium-font-size\">(D) COME\u00c7O, MEIO E INTRODU\u00c7\u00c3O.<\/p>\n\n\n\n<p class=\"has-medium-font-size\">(E) COME\u00c7O, CONCLUS\u00c3O E DESENVOLVIMENTO.<\/p>\n\n\n\n<p class=\"has-black-color has-text-color has-background has-medium-font-size\" style=\"background-color:#e8f1f6\"><strong>QUEST\u00c3O 4<\/strong><\/p>\n\n\n\n<p class=\"has-medium-font-size\">QUAL \u00c9 A PRINCIPAL CARACTER\u00cdSTICA DAS PERSONAGENS EM UMA F\u00c1BULA?<\/p>\n\n\n\n<p class=\"has-medium-font-size\">(A) POSSUEM CARACTER\u00cdSTICAS REAIS<\/p>\n\n\n\n<p class=\"has-medium-font-size\">(B) S\u00c3O SEMPRE ANIMAIS SELVAGENS<\/p>\n\n\n\n<p class=\"has-medium-font-size\">(C) POSSUEM CARACTER\u00cdSTICAS HUMANAS<\/p>\n\n\n\n<p class=\"has-medium-font-size\">(D) N\u00c3O POSSUEM CARACTER\u00cdSTICAS MARCANTES<\/p>\n\n\n\n<p class=\"has-medium-font-size\">(E) PESSOAS COM ESTILO DE VIDA COMUM.<\/p>\n\n\n\n<hr class=\"wp-block-separator has-alpha-channel-opacity\"\/>\n\n\n\n<figure class=\"wp-block-table is-style-stripes\"><table><tbody><tr><td><strong>Componente Curricular:<\/strong><\/td><td>L\u00cdNGUA PORTUGUESA<\/td><\/tr><tr><td><strong>Habilidade:<\/strong><\/td><td>(EF35LP26-A) Compreender, de forma l\u00fadica, que a escrita de uma narrativa ficcional consiste no relato de acontecimentos imagin\u00e1rios: contos, f\u00e1bulas, entre outros, inclusive do folclore goiano.<br>(GO-EF35LP39) Recontar textos narrativos ficcionais, ap\u00f3s a sua leitura e compreens\u00e3o.(EF15LP19-B) Resgatar, no momento do reconto, aspectos relevantes do texto original, eventualmente omitidos ou mal realizados.<\/td><\/tr><tr><td><strong>Refer\u00eancias<\/strong><\/td><td>GOI\u00c2NIA. Secretaria Municipal de Educa\u00e7\u00e3o. Aprender sempre. 3\u00b0. Ano &#8211; Ensino Fundamental; L\u00edngua Portuguesa e Matem\u00e1tica; 1\u00b0. Bimestre; Goi\u00e2nia, 2022.<br>Projeto Buriti. Portugu\u00eas. (Cole\u00e7\u00e3o do 2\u00ba ao 5\u00ba ano). S\u00e3o Paulo: Moderna, 2017.<\/td><\/tr><\/tbody><\/table><\/figure>\n\n\n\n<p><\/p>\n","protected":false},"author":23,"featured_media":137838,"template":"","ef_categoria":[],"ef_ano":[86],"ef_componente":[93],"class_list":["post-137837","ensino_fundamental","type-ensino_fundamental","status-publish","has-post-thumbnail","hentry","ef_ano-3o-ano","ef_componente-portugues","entry","has-media"],"acf":[],"_links":{"self":[{"href":"https:\/\/sme.goiania.go.gov.br\/conexaoescola\/wp-json\/wp\/v2\/ensino_fundamental\/137837","targetHints":{"allow":["GET"]}}],"collection":[{"href":"https:\/\/sme.goiania.go.gov.br\/conexaoescola\/wp-json\/wp\/v2\/ensino_fundamental"}],"about":[{"href":"https:\/\/sme.goiania.go.gov.br\/conexaoescola\/wp-json\/wp\/v2\/types\/ensino_fundamental"}],"author":[{"embeddable":true,"href":"https:\/\/sme.goiania.go.gov.br\/conexaoescola\/wp-json\/wp\/v2\/users\/23"}],"version-history":[{"count":6,"href":"https:\/\/sme.goiania.go.gov.br\/conexaoescola\/wp-json\/wp\/v2\/ensino_fundamental\/137837\/revisions"}],"predecessor-version":[{"id":162103,"href":"https:\/\/sme.goiania.go.gov.br\/conexaoescola\/wp-json\/wp\/v2\/ensino_fundamental\/137837\/revisions\/162103"}],"wp:featuredmedia":[{"embeddable":true,"href":"https:\/\/sme.goiania.go.gov.br\/conexaoescola\/wp-json\/wp\/v2\/media\/137838"}],"wp:attachment":[{"href":"https:\/\/sme.goiania.go.gov.br\/conexaoescola\/wp-json\/wp\/v2\/media?parent=137837"}],"wp:term":[{"taxonomy":"ef_categoria","embeddable":true,"href":"https:\/\/sme.goiania.go.gov.br\/conexaoescola\/wp-json\/wp\/v2\/ef_categoria?post=137837"},{"taxonomy":"ef_ano","embeddable":true,"href":"https:\/\/sme.goiania.go.gov.br\/conexaoescola\/wp-json\/wp\/v2\/ef_ano?post=137837"},{"taxonomy":"ef_componente","embeddable":true,"href":"https:\/\/sme.goiania.go.gov.br\/conexaoescola\/wp-json\/wp\/v2\/ef_componente?post=137837"}],"curies":[{"name":"wp","href":"https:\/\/api.w.org\/{rel}","templated":true}]}}