{"id":137808,"date":"2022-03-08T15:22:33","date_gmt":"2022-03-08T18:22:33","guid":{"rendered":"https:\/\/sme.goiania.go.gov.br\/conexaoescola\/?post_type=ensino_fundamental&#038;p=137808"},"modified":"2023-06-30T19:33:02","modified_gmt":"2023-06-30T22:33:02","slug":"matematica-explorando-e-descobrindo-calendario-e-graficos","status":"publish","type":"ensino_fundamental","link":"https:\/\/sme.goiania.go.gov.br\/conexaoescola\/ensino_fundamental\/matematica-explorando-e-descobrindo-calendario-e-graficos\/","title":{"rendered":"Matem\u00e1tica &#8211; Calend\u00e1rio e gr\u00e1fico"},"content":{"rendered":"\n<p class=\"has-text-align-center has-cyan-bluish-gray-background-color has-background has-medium-font-size\">Esta atividade tem como base as sequ\u00eancias did\u00e1ticas propostas pelo programa <strong>Aprender Sempre<\/strong>, da SME-Goi\u00e2nia, com base no DC-GO ampliado e est\u00e1 destinada a estudantes do <strong>2\u00ba ano do Ensino Fundamental<\/strong>.<\/p>\n\n\n\n<div class=\"wp-block-buttons is-content-justification-center is-layout-flex wp-container-core-buttons-is-layout-16018d1d wp-block-buttons-is-layout-flex\">\n<div class=\"wp-block-button has-custom-font-size\" style=\"font-size:12px\"><a class=\"wp-block-button__link wp-element-button\" href=\"https:\/\/docs.google.com\/document\/d\/1Vdxv5LnXPfQ5gW9u4NN7-K0rMacS4jwR\/copy\" target=\"_blank\" rel=\"noreferrer noopener\">BAIXE A ATIVIDADE<\/a><\/div>\n\n\n\n<div class=\"wp-block-button has-custom-font-size\" style=\"font-size:12px\"><a class=\"wp-block-button__link wp-element-button\" href=\"https:\/\/docs.google.com\/presentation\/d\/18qGgyC0UtTLKjgFkajk2zfqYWAdZArGK\/copy\" target=\"_blank\" rel=\"noreferrer noopener\">BAIXE O SLIDE<\/a><\/div>\n\n\n\n<div class=\"wp-block-button has-custom-font-size\" style=\"font-size:12px\"><a class=\"wp-block-button__link wp-element-button\" href=\"https:\/\/docs.google.com\/document\/d\/1zMYAP6gDiSXkqRXVTj_0NRybPfx9agsL\/copy\" target=\"_blank\" rel=\"noreferrer noopener\">BAIXE O TEXTO<\/a><\/div>\n<\/div>\n\n\n\n<hr class=\"wp-block-separator has-alpha-channel-opacity\"\/>\n\n\n\n<p class=\"has-text-align-center has-medium-font-size\"><strong>O CALEND\u00c1RIO AO LONGO DA HIST\u00d3RIA<\/strong><\/p>\n\n\n\n<p class=\"has-medium-font-size\">A HIST\u00d3RIA DO CALEND\u00c1RIO VEM DE MILHARES DE ANOS, COM AS PRIMEIRAS TENTATIVAS DE <em>REGISTRAR O TEMPO EM CICLOS REGULARES<\/em>. OS PRIMEIROS CALEND\u00c1RIOS CONHECIDOS FORAM DESENVOLVIDOS POR POVOS ANTIGOS, COMO OS EG\u00cdPCIOS, BABIL\u00d4NIOS E GREGOS, QUE CRIARAM CALEND\u00c1RIOS BASEADOS NO MOVIMENTO DO SOL E DA LUA.<\/p>\n\n\n\n<p class=\"has-medium-font-size\">O <strong>CALEND\u00c1RIO EG\u00cdPCIO<\/strong> TINHA 12 MESES LUNARES DE 30 DIAS CADA, COM CINCO DIAS ADICIONAIS PARA COMPLETAR O ANO.<\/p>\n\n\n\n<p class=\"has-medium-font-size\">O <strong>CALEND\u00c1RIO BABIL\u00d4NICO<\/strong> ERA BASEADO EM CICLOS DE 29 OU 30 DIAS, COM UM ANO DE 12 MESES LUNARES.<\/p>\n\n\n<div class=\"wp-block-image\">\n<figure class=\"aligncenter size-full\"><img decoding=\"async\" width=\"235\" height=\"181\" src=\"https:\/\/sme.goiania.go.gov.br\/conexaoescola\/wp-content\/uploads\/2023\/05\/image-6.png\" alt=\"\" class=\"wp-image-161928\"\/><figcaption class=\"wp-element-caption\">IMAGEM CRIADA NO CANVA<\/figcaption><\/figure><\/div>\n\n\n<p class=\"has-medium-font-size\">O <strong>CALEND\u00c1RIO GREGORIANO<\/strong> \u00c9 O CALEND\u00c1RIO OFICIAL EM USO NA MAIORIA DOS PA\u00cdSES DO MUNDO ATUALMENTE. ELE TEM 12 MESES, 1 ANO DE 365 DIAS, COM UM DIA EXTRA ADICIONADO A CADA 4 ANOS (CHAMADO DE ANO BISSEXTO).<\/p>\n\n\n\n<p class=\"has-text-align-center has-medium-font-size\"><strong>CALEND\u00c1RIO 2023&nbsp;<\/strong><\/p>\n\n\n<div class=\"wp-block-image\">\n<figure class=\"aligncenter size-large is-resized\"><img fetchpriority=\"high\" decoding=\"async\" src=\"https:\/\/sme.goiania.go.gov.br\/conexaoescola\/wp-content\/uploads\/2023\/05\/image-7-905x1024.png\" alt=\"\" class=\"wp-image-161929\" width=\"568\" height=\"642\" srcset=\"https:\/\/sme.goiania.go.gov.br\/conexaoescola\/wp-content\/uploads\/2023\/05\/image-7-905x1024.png 905w, https:\/\/sme.goiania.go.gov.br\/conexaoescola\/wp-content\/uploads\/2023\/05\/image-7-265x300.png 265w, https:\/\/sme.goiania.go.gov.br\/conexaoescola\/wp-content\/uploads\/2023\/05\/image-7-768x869.png 768w, https:\/\/sme.goiania.go.gov.br\/conexaoescola\/wp-content\/uploads\/2023\/05\/image-7.png 916w\" sizes=\"(max-width: 568px) 100vw, 568px\" \/><figcaption class=\"wp-element-caption\">CRIA\u00c7\u00c3O PR\u00d3PRIA<\/figcaption><\/figure><\/div>\n\n\n<hr class=\"wp-block-separator has-css-opacity\"\/>\n\n\n\n<p class=\"has-text-align-center has-cyan-bluish-gray-background-color has-background has-medium-font-size\"><strong>ASSISTA A VIDEOAULA A SEGUIR<\/strong>:<\/p>\n\n\n\n<figure class=\"wp-block-embed is-type-video is-provider-youtube wp-block-embed-youtube wp-embed-aspect-16-9 wp-has-aspect-ratio\"><div class=\"wp-block-embed__wrapper\">\n<p class=\"responsive-video-wrap clr\"><iframe title=\"Aprender Sempre - Matem\u00e1tica - 2\u00ba Ano - 1\u00ba Bim - Videoaula 3 - Calend\u00e1rio e Gr\u00e1ficos\" width=\"1200\" height=\"675\" src=\"https:\/\/www.youtube.com\/embed\/h8WUBMe5DiU?feature=oembed\" frameborder=\"0\" allow=\"accelerometer; autoplay; clipboard-write; encrypted-media; gyroscope; picture-in-picture; web-share\" allowfullscreen><\/iframe><\/p>\n<\/div><figcaption class=\"wp-element-caption\">Canal&nbsp;<a href=\"https:\/\/www.youtube.com\/channel\/UCtoYS7J0PS_iO3KMA1JsnCA\">Portal Conex\u00e3o Escola<\/a>&nbsp;\u201cAprender Sempre \u2013 Matem\u00e1tica \u2013 2\u00ba ano \u2013 Calend\u00e1rios e Gr\u00e1ficos. Dispon\u00edvel em: &lt;<a href=\"https:\/\/www.youtube.com\/watch?v=h8WUBMe5DiU\">https:\/\/youtu.be\/h8WUBMe5DiU<\/a>&gt; Acesso em 10 mar 2022.<\/figcaption><\/figure>\n\n\n\n<p class=\"has-background has-medium-font-size\" style=\"background-color:#f8b90c\"><strong>QUEST\u00c3O 1<\/strong><\/p>\n\n\n\n<p class=\"has-medium-font-size\">FA\u00c7A UM CALEND\u00c1RIO E COLOQUE NELE ACONTECIMENTOS IMPORTANTES PARA VOC\u00ca, COMO: A DATA DO SEU ANIVERS\u00c1RIO, O ANIVERS\u00c1RIO DE MEMBROS DA SUA FAM\u00cdLIA, ALGUM FERIADO QUE VOC\u00ca GOSTE E ASSIM POR DIANTE.<\/p>\n\n\n\n<p class=\"has-medium-font-size\"><strong>IMPORTANTE:<\/strong> VOC\u00ca PODE ESCOLHER UM M\u00caS QUE TENHA ALGUMAS DATAS OU MAIS DE UM M\u00caS PARA FAZER O CALEND\u00c1RIO.<\/p>\n\n\n\n<p class=\"has-luminous-vivid-amber-background-color has-background has-medium-font-size\"><strong>QUEST\u00c3O 2<\/strong><\/p>\n\n\n\n<p class=\"has-medium-font-size\">O GR\u00c1FICO A SEGUIR MOSTRA O N\u00daMERO DE PRESENTES QUE ALGUMAS CRIAN\u00c7AS RECEBERAM NO NATAL PASSADO. OBSERVE-O E RESPONDA \u00c0S SEGUINTES QUEST\u00d5ES:<\/p>\n\n\n<div class=\"wp-block-image\">\n<figure class=\"aligncenter size-large is-resized\"><img decoding=\"async\" src=\"https:\/\/sme.goiania.go.gov.br\/conexaoescola\/wp-content\/uploads\/2022\/03\/GRAFICO-e1646763398926-1024x633.png\" alt=\"\" class=\"wp-image-137811\" width=\"768\" height=\"475\" srcset=\"https:\/\/sme.goiania.go.gov.br\/conexaoescola\/wp-content\/uploads\/2022\/03\/GRAFICO-e1646763398926-1024x633.png 1024w, https:\/\/sme.goiania.go.gov.br\/conexaoescola\/wp-content\/uploads\/2022\/03\/GRAFICO-e1646763398926-300x186.png 300w, https:\/\/sme.goiania.go.gov.br\/conexaoescola\/wp-content\/uploads\/2022\/03\/GRAFICO-e1646763398926-768x475.png 768w, https:\/\/sme.goiania.go.gov.br\/conexaoescola\/wp-content\/uploads\/2022\/03\/GRAFICO-e1646763398926.png 1200w\" sizes=\"(max-width: 768px) 100vw, 768px\" \/><\/figure><\/div>\n\n\n<p class=\"has-medium-font-size\">A) QUAL CRIAN\u00c7A GANHOU MAIS PRESENTES?<br>B) QUAL CRIAN\u00c7A GANHOU MENOS PRESENTES?<br>C) QUANTOS PRESENTES PEDRO E BEATRIZ GANHARAM JUNTOS?<br>D) CARLOS E J\u00daLIA, GANHARAM QUANTOS PRESENTES JUNTOS?<\/p>\n\n\n\n<p class=\"has-luminous-vivid-amber-background-color has-background has-medium-font-size\"><strong>QUEST\u00c3O <\/strong>3<\/p>\n\n\n\n<p class=\"has-medium-font-size\">ASSINALE A ALTERNATIVA QUE CONT\u00c9M OS MESES DE 31 DIAS:<\/p>\n\n\n\n<p class=\"has-medium-font-size\"><br>A) FEVEREIRO, ABRIL, JUNHO, SETEMBRO E NOVEMBRO<br>B) JANEIRO, MAR\u00c7O, MAIO, JULHO, AGOSTO, OUTUBRO E DEZEMBRO<br>C) JANEIRO, FEVEREIRO, MAR\u00c7O, ABRIL E MAIO<br>D) TODOS OS MESES POSSUEM 31 DIAS.<\/p>\n\n\n\n<p class=\"has-luminous-vivid-amber-background-color has-background has-medium-font-size\"><strong>QUEST\u00c3O <\/strong>4<\/p>\n\n\n\n<p class=\"has-medium-font-size\">OBSERVANDO O GR\u00c1FICO DA QUEST\u00c3O 2:<\/p>\n\n\n<div class=\"wp-block-image\">\n<figure class=\"aligncenter size-large is-resized\"><img loading=\"lazy\" decoding=\"async\" src=\"https:\/\/sme.goiania.go.gov.br\/conexaoescola\/wp-content\/uploads\/2023\/05\/image-10-1024x633.png\" alt=\"\" class=\"wp-image-161958\" width=\"530\" height=\"327\" title=\"Points scored\" srcset=\"https:\/\/sme.goiania.go.gov.br\/conexaoescola\/wp-content\/uploads\/2023\/05\/image-10-1024x633.png 1024w, https:\/\/sme.goiania.go.gov.br\/conexaoescola\/wp-content\/uploads\/2023\/05\/image-10-300x186.png 300w, https:\/\/sme.goiania.go.gov.br\/conexaoescola\/wp-content\/uploads\/2023\/05\/image-10-768x475.png 768w, https:\/\/sme.goiania.go.gov.br\/conexaoescola\/wp-content\/uploads\/2023\/05\/image-10.png 1200w\" sizes=\"(max-width: 530px) 100vw, 530px\" \/><figcaption class=\"wp-element-caption\">ARQUIVO PESSOAL &#8211; PROFESSORA LUCYANA<\/figcaption><\/figure><\/div>\n\n\n<p class=\"has-medium-font-size\">PODEMOS AFIRMAR QUE:<\/p>\n\n\n\n<p class=\"has-medium-font-size\"><br>A) \u00c9 UM GR\u00c1FICO DE \u00c1REA QUE REPRESENTA A QUANTIDADE DE PRESENTES GANHADOS PELAS CRIAN\u00c7AS.<br>B) \u00c9 UM GR\u00c1FICO DE COLUNAS QUE REPRESENTA A IDADE DAS CRIAN\u00c7AS.<br>C) \u00c9 UM GR\u00c1FICO DE PIZZA QUE REPRESENTA OS PRESENTES QUE AS CRIAN\u00c7AS MAIS GOSTAM.<br>D) \u00c9 UM GR\u00c1FICO DE COLUNAS QUE REPRESENTA A QUANTIDADE DE PRESENTES GANHADOS PELAS CRIAN\u00c7AS.<\/p>\n\n\n\n<hr class=\"wp-block-separator has-css-opacity\"\/>\n\n\n\n<figure class=\"wp-block-table alignwide is-style-stripes\"><table><tbody><tr><td><strong>Autoria:<\/strong><\/td><td>Lucyana Oliveira Borba<\/td><\/tr><tr><td><strong>Forma\u00e7\u00e3o:<\/strong><\/td><td>Pedagogia<\/td><\/tr><tr><td><strong>Componente Curricular:<\/strong><\/td><td>Matem\u00e1tica<\/td><\/tr><tr><td><strong>Habilidades:<\/strong><\/td><td>(EF02MA22-A) Ler e interpretar informa\u00e7\u00f5es apresentadas em tabelas simples e gr\u00e1ficos de colunas ou barras em contextos diversos.<br>(EF02MA22-D) Comparar informa\u00e7\u00f5es de pesquisas apresentadas por meio de tabelas de dupla entrada e em gr\u00e1ficos de colunas simples ou barras, para melhor compreender aspectos da realidade pr\u00f3xima e seus desdobramentos.<br>(EF02MA18-B) Indicar a dura\u00e7\u00e3o de intervalos de tempo entre duas datas, como dias da semana e meses do ano, utilizando calend\u00e1rio, para planejamentos e organiza\u00e7\u00e3o de agenda em situa\u00e7\u00f5es diversas.<br>(EF02MA19-A) Explorar formas diversas de calend\u00e1rio, incluindo calend\u00e1rios ind\u00edgenas, meios hist\u00f3ricos de marca\u00e7\u00e3o de tempo, como ampulhetas, rel\u00f3gios de sol e de \u00e1gua, e a utiliza\u00e7\u00e3o cotidiana do rel\u00f3gio digital com \u00eanfase na ideia de hora e meia hora.<br>(EF02MA19-B) Reconhecer unidades distintas de medida de tempo, como dias, meses, anos, horas, minutos, e instrumentos diversos de medida e marca\u00e7\u00e3o temporal, rel\u00f3gios digitais e\/ou anal\u00f3gicos.<\/td><\/tr><tr><td><strong>Refer\u00eancias:<\/strong><\/td><td>BRASIL. Minist\u00e9rio da Educa\u00e7\u00e3o. Base Nacional Comum Curricular. Bras\u00edlia, 2018.<br>CADERNO APRENDER SEMPRE- 1\u00ba Bimestre 2022- 2\u00baAno\/ Ensino Fundamental\/ L\u00edngua Portuguesa e Matem\u00e1tica\/ Prefeitura de Goi\u00e2nia- Secretaria Municipal de Educa\u00e7\u00e3o.<br>Documento Curricular para Goi\u00e1s (DC-GO). Goi\u00e2nia\/GO: CONSED\/ UNDIME Goi\u00e1s, 2018.&nbsp;Dispon\u00edvel em: &lt;<a href=\"https:\/\/cutt.ly\/MOsX7AS\">https:\/\/cutt.ly\/MOsX7AS<\/a>&gt; acessado em 26, jan. 22.<br>PROGRAMA GEST\u00c3O DA APRENDIZAGEM ESCOLAR. Minist\u00e9rio da Educa\u00e7\u00e3o. Dispon\u00edvel em: &lt;<a href=\"https:\/\/cutt.ly\/hOsCu2n\">https:\/\/cutt.ly\/hOsCu2n<\/a>&gt; acessado em 26, jan. 22.<\/td><\/tr><\/tbody><\/table><\/figure>\n","protected":false},"author":46,"featured_media":137810,"template":"","ef_categoria":[19],"ef_ano":[85],"ef_componente":[94],"class_list":["post-137808","ensino_fundamental","type-ensino_fundamental","status-publish","has-post-thumbnail","hentry","ef_categoria-educacao-financeira-e-empreendedorismo","ef_ano-2o-ano","ef_componente-matematica","entry","has-media"],"acf":[],"_links":{"self":[{"href":"https:\/\/sme.goiania.go.gov.br\/conexaoescola\/wp-json\/wp\/v2\/ensino_fundamental\/137808","targetHints":{"allow":["GET"]}}],"collection":[{"href":"https:\/\/sme.goiania.go.gov.br\/conexaoescola\/wp-json\/wp\/v2\/ensino_fundamental"}],"about":[{"href":"https:\/\/sme.goiania.go.gov.br\/conexaoescola\/wp-json\/wp\/v2\/types\/ensino_fundamental"}],"author":[{"embeddable":true,"href":"https:\/\/sme.goiania.go.gov.br\/conexaoescola\/wp-json\/wp\/v2\/users\/46"}],"version-history":[{"count":5,"href":"https:\/\/sme.goiania.go.gov.br\/conexaoescola\/wp-json\/wp\/v2\/ensino_fundamental\/137808\/revisions"}],"predecessor-version":[{"id":166023,"href":"https:\/\/sme.goiania.go.gov.br\/conexaoescola\/wp-json\/wp\/v2\/ensino_fundamental\/137808\/revisions\/166023"}],"wp:featuredmedia":[{"embeddable":true,"href":"https:\/\/sme.goiania.go.gov.br\/conexaoescola\/wp-json\/wp\/v2\/media\/137810"}],"wp:attachment":[{"href":"https:\/\/sme.goiania.go.gov.br\/conexaoescola\/wp-json\/wp\/v2\/media?parent=137808"}],"wp:term":[{"taxonomy":"ef_categoria","embeddable":true,"href":"https:\/\/sme.goiania.go.gov.br\/conexaoescola\/wp-json\/wp\/v2\/ef_categoria?post=137808"},{"taxonomy":"ef_ano","embeddable":true,"href":"https:\/\/sme.goiania.go.gov.br\/conexaoescola\/wp-json\/wp\/v2\/ef_ano?post=137808"},{"taxonomy":"ef_componente","embeddable":true,"href":"https:\/\/sme.goiania.go.gov.br\/conexaoescola\/wp-json\/wp\/v2\/ef_componente?post=137808"}],"curies":[{"name":"wp","href":"https:\/\/api.w.org\/{rel}","templated":true}]}}