{"id":137510,"date":"2022-02-25T15:38:01","date_gmt":"2022-02-25T18:38:01","guid":{"rendered":"https:\/\/sme.goiania.go.gov.br\/conexaoescola\/?post_type=ensino_fundamental&#038;p=137510"},"modified":"2026-02-27T17:34:28","modified_gmt":"2026-02-27T20:34:28","slug":"geografia-grandes-deslocamentos-populacionais","status":"publish","type":"ensino_fundamental","link":"https:\/\/sme.goiania.go.gov.br\/conexaoescola\/ensino_fundamental\/geografia-grandes-deslocamentos-populacionais\/","title":{"rendered":"Geografia &#8211; Grandes deslocamentos populacionais"},"content":{"rendered":"\n<p class=\"has-black-color has-text-color has-background has-medium-font-size\" style=\"background-color:#e4e9ec\">Esta proposta de atividade de <strong>GEOGRAFIA<\/strong> \u00e9 destinada aos estudantes do <strong>8\u00b0 Ano<\/strong> do Ensino Fundamental Anos Finais. <\/p>\n\n\n\n<div class=\"wp-block-buttons is-content-justification-center is-layout-flex wp-container-core-buttons-is-layout-16018d1d wp-block-buttons-is-layout-flex\">\n<div class=\"wp-block-button\"><a class=\"wp-block-button__link has-black-background-color has-background has-medium-font-size has-custom-font-size wp-element-button\" href=\"https:\/\/docs.google.com\/document\/d\/16vVP0Gfa15Jqo7o5yFoiYkM40YtITSMzm3-UrshycP0\/copy\" target=\"_blank\" rel=\"noreferrer noopener\">Baixe a atividade<\/a><\/div>\n\n\n\n<div class=\"wp-block-button\"><a class=\"wp-block-button__link has-black-background-color has-background has-medium-font-size has-custom-font-size wp-element-button\" href=\"https:\/\/docs.google.com\/presentation\/d\/1G573AbuMHj0qhgKk09EpQmgjl6pKXHCx\/copy\" target=\"_blank\" rel=\"noreferrer noopener\">Baixe os slides<\/a><\/div>\n\n\n\n<div class=\"wp-block-button\"><a class=\"wp-block-button__link has-black-background-color has-background has-medium-font-size has-custom-font-size wp-element-button\" href=\"https:\/\/docs.google.com\/document\/d\/1cyEfVjKRSYYgAL7NozsR4pcUkdKWWrQFBtFS3SlzYoE\/copy\" target=\"_blank\" rel=\"noreferrer noopener\">Baixe o texto<\/a><\/div>\n<\/div>\n\n\n\n<p class=\"has-text-align-left has-black-color has-text-color has-medium-font-size\">A migra\u00e7\u00e3o faz parte da hist\u00f3ria da humanidade, sendo motivada por diversos fatores de ordem econ\u00f4mica, social, cultural, clim\u00e1tica, dentre outros. Observamos que ao longo do tempo alguns per\u00edodos destacam- se com maior fluxo migrat\u00f3rio ocasionados pela necessidade de ocupa\u00e7\u00e3o do territ\u00f3rio, pelas coloniza\u00e7\u00f5es, por consequ\u00eancia dos conflitos pol\u00edticos ou pelos avan\u00e7os nos meios de transporte.&nbsp;<\/p>\n\n\n<div class=\"wp-block-image is-style-rounded\">\n<figure class=\"aligncenter size-large\"><img fetchpriority=\"high\" decoding=\"async\" width=\"1024\" height=\"700\" src=\"https:\/\/sme.goiania.go.gov.br\/conexaoescola\/wp-content\/uploads\/2022\/02\/airport-g9a5a54b19_1920-e1645813771465-1024x700.jpg\" alt=\"\" class=\"wp-image-137514\" srcset=\"https:\/\/sme.goiania.go.gov.br\/conexaoescola\/wp-content\/uploads\/2022\/02\/airport-g9a5a54b19_1920-e1645813771465-1024x700.jpg 1024w, https:\/\/sme.goiania.go.gov.br\/conexaoescola\/wp-content\/uploads\/2022\/02\/airport-g9a5a54b19_1920-e1645813771465-300x205.jpg 300w, https:\/\/sme.goiania.go.gov.br\/conexaoescola\/wp-content\/uploads\/2022\/02\/airport-g9a5a54b19_1920-e1645813771465-768x525.jpg 768w, https:\/\/sme.goiania.go.gov.br\/conexaoescola\/wp-content\/uploads\/2022\/02\/airport-g9a5a54b19_1920-e1645813771465-1536x1050.jpg 1536w, https:\/\/sme.goiania.go.gov.br\/conexaoescola\/wp-content\/uploads\/2022\/02\/airport-g9a5a54b19_1920-e1645813771465.jpg 1920w\" sizes=\"(max-width: 1024px) 100vw, 1024px\" \/><figcaption class=\"wp-element-caption\">Viagem &#8211; Fonte: https:\/\/cdn.pixabay.com\/photo\/2015\/01\/23\/16\/57\/globe-609225_960_720.jpg<\/figcaption><\/figure><\/div>\n\n\n<hr class=\"wp-block-separator has-css-opacity\"\/>\n\n\n\n<p class=\"has-text-align-center has-white-color has-vivid-purple-background-color has-text-color has-background has-medium-font-size\"><strong>Grandes deslocamentos populacionais<\/strong><\/p>\n\n\n\n<p class=\"has-black-color has-text-color has-medium-font-size\">A migra\u00e7\u00e3o faz parte da hist\u00f3ria da humanidade, sendo motivada por diversos fatores de ordem econ\u00f4mica, social, cultural, clim\u00e1tica, dentre outros. Observamos que ao longo do tempo alguns per\u00edodos destacam- se com maior fluxo migrat\u00f3rio ocasionados pela necessidade de ocupa\u00e7\u00e3o do territ\u00f3rio causado pelas coloniza\u00e7\u00f5es, as consequ\u00eancias das Grandes Navega\u00e7\u00f5es ou pelos avan\u00e7os nos meios de transporte.&nbsp;<\/p>\n\n\n\n<p class=\"has-black-color has-text-color has-medium-font-size\">Durante o per\u00edodo das Grandes Navega\u00e7\u00f5es (S\u00e9c. XV &#8211; XVII) os europeus incorporaram aos seus mapas o territ\u00f3rio americano, al\u00e9m de novas \u00e1reas na \u00c1frica e \u00c1sia antes desconhecidas pela Europa. Ao passo que a coloniza\u00e7\u00e3o da Am\u00e9rica ocorria, muitos europeus migraram para o Novo Mundo e com avan\u00e7o da ocupa\u00e7\u00e3o desse continente a utiliza\u00e7\u00e3o de m\u00e3o de obra escrava trouxe povos africanos de diferentes regi\u00f5es para a Am\u00e9rica.&nbsp;<\/p>\n\n\n\n<p class=\"has-black-color has-text-color has-medium-font-size\">Historiadores apontam que aproximadamente 10 milh\u00f5es de pessoas foram for\u00e7adas a migrar da \u00c1frica para Am\u00e9rica, em decorr\u00eancia da explora\u00e7\u00e3o da m\u00e3o de obra escrava pelos europeus. Entre o s\u00e9culo XV e XVIII, al\u00e9m do grande fluxo migrat\u00f3rio de europeus e africanos para Am\u00e9rica, tamb\u00e9m houve a chegada dos europeus na Oceania.&nbsp;<\/p>\n\n\n\n<p class=\"has-black-color has-text-color has-medium-font-size\">J\u00e1 em meados do s\u00e9culo XIX, devido a descoberta de ouro e dado o potencial agropecu\u00e1ria da Austr\u00e1lia, muitos europeus migraram para Oceania e outros tantos foram em dire\u00e7\u00e3o a Europa em busca de melhores condi\u00e7\u00f5es de vida.&nbsp; No entanto, no s\u00e9culo XX, devido \u00e0s grandes guerras mundiais vivenciados um novo grande deslocamento de pessoas fugindo dos horrores do conflito, o Brasil recebeu japoneses, russos, italianos, ucranianos e alem\u00e3es.<\/p>\n\n\n\n<p class=\"has-black-color has-text-color has-medium-font-size\">Atualmente os avan\u00e7os tecnol\u00f3gicos, em especial no setor de transporte, facilitam os deslocamentos e impulsionam os processos migrat\u00f3rios. Os pa\u00edses desenvolvidos por serem mais industrializados e apresentar maior estabilidade econ\u00f4mica atraem muitos migrantes que buscam maior qualidade de vida fugindo da pobreza, fome extrema, intoler\u00e2ncia pol\u00edtica ou religiosa.<\/p>\n\n\n\n<p class=\"has-text-align-center has-black-color has-text-color has-background has-medium-font-size\" style=\"background-color:#9b51e085\"><strong>Responda as quest\u00f5es <\/strong><\/p>\n\n\n\n<hr class=\"wp-block-separator has-alpha-channel-opacity\"\/>\n\n\n\n<p class=\"has-black-color has-text-color has-background has-medium-font-size\" style=\"background-color:#9b51e085\"><strong>Quest\u00e3o 01 <\/strong><\/p>\n\n\n\n<p class=\"has-black-color has-text-color has-medium-font-size\"><strong>Leia:&nbsp;<\/strong><\/p>\n\n\n\n<p class=\"has-medium-font-size\"><em>O Brasil sempre contou com uma forte presen\u00e7a de imigrantes de diversas nacionalidades, e que contribu\u00edram para a constru\u00e7\u00e3o do pa\u00eds, tanto como m\u00e3o de obra, como tamb\u00e9m do ponto de vista cultural. Em um per\u00edodo mais recente da hist\u00f3ria do Brasil, conforme dados apresentados pelo Arquivo P\u00fablico do Estado de S\u00e3o Paulo, a Hospedaria dos Imigrantes do Br\u00e1s, importante centro de recep\u00e7\u00e3o de imigrantes, registra que cerca de 2 milh\u00f5es de imigrantes foram hospedados entre o per\u00edodo de 1887 a 1978.<\/em><\/p>\n\n\n\n<p class=\"has-text-align-right\" style=\"font-size:9px\">RODRIGUES, A. S. Imigrantes italianos, alem\u00e3es e japoneses no Brasil durante o per\u00edodo da segunda guerra mundial. Dispon\u00edvel em:&lt;museudaenergia.org.br\/media\/190097&gt;. Acesso em 07, fev. 2022.<\/p>\n\n\n\n<p class=\"has-text-align-right has-black-color has-text-color\" style=\"font-size:10px\">&nbsp;<\/p>\n\n\n\n<p class=\"has-black-color has-text-color has-medium-font-size\">a) O texto retrata um momento espec\u00edfico da hist\u00f3ria brasileira onde recebemos um expressivo n\u00famero de imigrantes europeus e asi\u00e1ticos. Quais fatores aconteciam na Europa que motivaram a migra\u00e7\u00e3o?<\/p>\n\n\n\n<p class=\"has-black-color has-text-color has-medium-font-size\">b) Dentre os diversos povos europeus e asi\u00e1ticos que imigraram para o Brasil no per\u00edodo citado no texto, podemos destacar principalmente os migrantes de quais nacionalidades?<\/p>\n\n\n\n<hr class=\"wp-block-separator has-css-opacity\"\/>\n\n\n\n<p class=\"has-black-color has-text-color has-background has-medium-font-size\" style=\"background-color:#9b51e085\"><strong>Quest\u00e3o 02<\/strong><\/p>\n\n\n\n<p class=\"has-text-align-center\"><em><img decoding=\"async\" width=\"302\" height=\"300\" src=\"https:\/\/lh4.googleusercontent.com\/CZ-0QguKbci0H1TPA0RXIH3O5-lYP162qzhef7jqwqbb6crTqT8Hw9Q74RdMMOFwSMqR34uQcOc16956FgKPyXX9ZviejyE7cT03pJvA5V_FT-zJD7qkIqshDujuQOGNLBLgG3qXiwcbCYHr-8YEhQ\"><\/em><\/p>\n\n\n\n<p class=\"has-text-align-center has-small-font-size\">Fonte: <em>Instagram @mpb_historia<\/em><\/p>\n\n\n\n<p class=\"has-black-color has-text-color has-medium-font-size\">A imagem faz refer\u00eancia a chegada de pessoas negras africanas no continente americano. Sobre o processo migr\u00e1torio referido na imagem, assinale a alternativa correta.&nbsp;<\/p>\n\n\n\n<p class=\"has-black-color has-text-color has-medium-font-size\">(A) Durante o per\u00edodo da coloniza\u00e7\u00e3o europ\u00e9ia na Am\u00e9rica, ocorreu a maior migra\u00e7\u00e3o for\u00e7ada da hist\u00f3ria da humanidade.&nbsp;<\/p>\n\n\n\n<p class=\"has-black-color has-text-color has-medium-font-size\">(B) Durante a Segunda Guerra Mundial com a chegada de diversos povos europeus para o Brasil, principalmente de pa\u00edses envolvidos no conflito.&nbsp;<\/p>\n\n\n\n<p class=\"has-black-color has-text-color has-medium-font-size\">(C) Em meados do s\u00e9culo XVIII com advento da Revolu\u00e7\u00e3o Industrial, diversos povos africanos migraram para o Brasil.&nbsp;<\/p>\n\n\n\n<p class=\"has-black-color has-text-color has-medium-font-size\">(D) Com a expans\u00e3o da globaliza\u00e7\u00e3o j\u00e1 no in\u00edcio do s\u00e9culo XXI, os povos asi\u00e1ticos migraram para o Brasil e vivenciamos o maior fluxo migrat\u00f3rio da hist\u00f3ria.<\/p>\n\n\n\n<p class=\"has-black-color has-text-color has-background has-medium-font-size\" style=\"background-color:#9b51e085\"><strong>Quest\u00e3o 03<\/strong><\/p>\n\n\n\n<p class=\"has-text-align-center\"><em><img decoding=\"async\" width=\"419\" height=\"236\" src=\"https:\/\/lh6.googleusercontent.com\/yqBqgWYlQpwNAHpfJA8VB95phK6kBQe2zLu_U-50WBVsJ2pK52v-P066-IV_XQMFVs8tvQ3oL4DuYQLIbJC8Fz9Qa7K70Bp9O0JNp5HgxnoGF_vPAfDP_elieRwonMh4iOQLgDt9\"><\/em><\/p>\n\n\n\n<p class=\"has-text-align-center has-black-color has-text-color has-small-font-size\">Dispon\u00edvel em: &lt;https:\/\/www.bbc.com\/portuguese\/brasil-51110626&gt;. Acesso em 15, fev. 2022.<\/p>\n\n\n\n<p class=\"has-black-color has-text-color has-medium-font-size\">A fuga de c\u00e9rebro \u00e9 um movimento migrat\u00f3rio caracterizado pela migra\u00e7\u00e3o de profissionais qualificados e especializados em suas \u00e1reas no mercado de trabalho, esses imigrantes contribuem com desenvolvimento e inova\u00e7\u00e3o tecnol\u00f3gica nos pa\u00edses de destino. S\u00e3o atra\u00eddos em decorr\u00eancia do reconhecimento profissional e melhores sal\u00e1rios oferecidos em pa\u00edses desenvolvidos, geralmente s\u00e3o emigrantes de pa\u00edses em desenvolvimento.<\/p>\n\n\n\n<p class=\"has-black-color has-text-color has-medium-font-size\">Em sua opini\u00e3o os pa\u00edses desenvolvidos recebem todos os imigrantes da mesma forma?<\/p>\n\n\n\n<p class=\"has-black-color has-text-color has-background has-medium-font-size\" style=\"background-color:#9b51e085\"><strong>Quest\u00e3o 04<\/strong><\/p>\n\n\n\n<p class=\"has-black-color has-text-color has-medium-font-size\">A primeira metade do s\u00e9culo XX \u00e9 marcada por um intenso fluxo populacional, as pessoas fugiam da Europa e buscavam abrigo em outras regi\u00f5es em decorr\u00eancia:<\/p>\n\n\n\n<p class=\"has-black-color has-text-color has-medium-font-size\">(A) das Grandes Navega\u00e7\u00f5es<\/p>\n\n\n\n<p class=\"has-black-color has-text-color has-medium-font-size\">(B) das Grandes Guerras Mundiais&nbsp;<\/p>\n\n\n\n<p class=\"has-black-color has-text-color has-medium-font-size\">(C) do Tratado de Madri&nbsp;<\/p>\n\n\n\n<p class=\"has-black-color has-text-color has-medium-font-size\">(D) dos avan\u00e7os tecnol\u00f3gicos<\/p>\n\n\n\n<p class=\"has-black-color has-text-color has-background has-medium-font-size\" style=\"background-color:#9b51e085\"><strong>SAIBA MAIS<\/strong><\/p>\n\n\n\n<p class=\"has-black-color has-text-color has-medium-font-size\">Aperte o play e vamos conhecer um pouco mais sobre os grandes deslocamentos populacionais.  <\/p>\n\n\n\n<figure class=\"wp-block-embed is-type-video is-provider-youtube wp-block-embed-youtube wp-embed-aspect-16-9 wp-has-aspect-ratio\"><div class=\"wp-block-embed__wrapper\">\n<p class=\"responsive-video-wrap clr\"><iframe title=\"Deslocamentos populacionais- 8\u00b0 Ano - Atividade 02\" width=\"1200\" height=\"675\" src=\"https:\/\/www.youtube.com\/embed\/0urYG_YQqvE?feature=oembed\" frameborder=\"0\" allow=\"accelerometer; autoplay; clipboard-write; encrypted-media; gyroscope; picture-in-picture; web-share\" referrerpolicy=\"strict-origin-when-cross-origin\" allowfullscreen><\/iframe><\/p>\n<\/div><figcaption class=\"wp-element-caption\">Canal Geo Power &#8220;Atividade 02 &#8211; Deslocamentos populacionais &#8211; 8\u00b0 Ano&#8221;. Dispon\u00edvel em: &lt;<a href=\"https:\/\/www.youtube.com\/watch?v=0urYG_YQqvE\">https:\/\/www.youtube.com\/watch?v=0urYG_YQqvE<\/a>&gt;. Acesso em 14, fev. 2022.<\/figcaption><\/figure>\n\n\n\n<hr class=\"wp-block-separator has-css-opacity\"\/>\n\n\n\n<figure class=\"wp-block-table is-style-stripes\"><table><tbody><tr><td><strong>Autoria:<\/strong><\/td><td>Ailton Silva<\/td><\/tr><tr><td><strong>Forma\u00e7\u00e3o:<\/strong><\/td><td>Geografia<\/td><\/tr><tr><td><strong>Componente curricular:<\/strong><\/td><td>Geografia<\/td><\/tr><tr><td><strong>Habilidade:<\/strong><\/td><td>(EF08GE01-A) Conhecer e descrever os principais fluxos migrat\u00f3rios da popula\u00e7\u00e3o humana.<br>(EF08GE01-B) Relacionar os fluxos migrat\u00f3rios mundiais com os condicionantes f\u00edsico-naturais, socioecon\u00f4micos com a atual distribui\u00e7\u00e3o da popula\u00e7\u00e3o mundial e em diferentes per\u00edodos hist\u00f3ricos.<\/td><\/tr><tr><td><strong>Referencial Te\u00f3rico:&nbsp;<\/strong><\/td><td>ACNUR &#8211; Alto Comissariado das Na\u00e7\u00f5es Unidas para Refugiados. <em>&#8220;Refugiados&#8221; e &#8220;Migrante&#8221;: Perguntas Frequentes<\/em>. Diposn\u00edvel em: &lt;<a href=\"https:\/\/www.acnur.org\/portugues\/2016\/03\/22\/refugiados-e-migrantes-perguntas-frequentes\/\">https:\/\/www.acnur.org\/portugues\/2016\/03\/22\/refugiados-e-migrantes-perguntas-frequentes\/<\/a>&gt;. Acesso em 07, fev. 2022.<br>ADAS, M; ADAS, S. Expedi\u00e7\u00f5es Geogr\u00e1ficas: 8\u00b0 ano. 3\u00b0 Edi\u00e7\u00e3o. S\u00e3o Paulo: Moderna, 2018.&nbsp;<br>_______________. Expedi\u00e7\u00f5es Geogr\u00e1ficas: 7\u00b0 ano. 3\u00b0 Edi\u00e7\u00e3o. S\u00e3o Paulo: Moderna, 2018.&nbsp;<br>DIAS, A. M. Vontade de saber Hist\u00f3ria: 6\u00b0 ano. 1\u00b0 Edi\u00e7\u00e3o. S\u00e3o Paulo: Quinteto Editorial, 2018.<br>DILFIM, R. B. <em>Migra\u00e7\u00f5es, Ref\u00fagio e Apatridia &#8211; Guia para Comunicadores.<\/em> Dispon\u00edvel em: &lt;<a href=\"https:\/\/www.acnur.org\/portugues\/wp-content\/uploads\/2019\/05\/Migracoes-FICAS-color_FINAL.pdf\">https:\/\/www.acnur.org\/portugues\/wp-content\/uploads\/2019\/05\/Migracoes-FICAS-color_FINAL.pdf<\/a>&gt;. Acesso em 31 de janeiro de 2022.JUNIOR, A. G. Os africanos no Brasil. Dispon\u00edvel em:&lt;www.faecpr.edu.br\/site\/portal_afro_brasileira\/3_II.php&gt;. Acesso em 07, fev. 22.ONU &#8211; Organiza\u00e7\u00e3o das Na\u00e7\u00f5es Unidas. <em>Declara\u00e7\u00e3o Universal dos Direitos Humanos da ONU<\/em>. Dispon\u00edvel em: &lt;https:\/\/www.unicef.org\/brazil\/declaracao-universal-dos-direitos-humanos&gt; . Acesso em 01, fev. 2022.<br>ERICONI, L. A hist\u00f3ria mundial \u00e9 uma hist\u00f3ria de migra\u00e7\u00f5es. Dispon\u00edvel em:&lt;<a href=\"https:\/\/www.politize.com.br\/migracoes-historia-mundial\/\">https:\/\/www.politize.com.br\/migracoes-historia-mundial\/<\/a>&gt;. Acesso em 03, fev. 2022.<br>REZENDE, P. C. C. <em>Xenofobia \u00e9 crime?<\/em>. Dispon\u00edvel em: &lt;<a href=\"https:\/\/paulacarrez.jusbrasil.com.br\/artigos\/823557813\/xenofobia-e-crime\">https:\/\/paulacarrez.jusbrasil.com.br\/artigos\/823557813\/xenofobia-e-crime<\/a>&gt;. Acesso em 07, fev. 2022.<br>RODRIGUES, A. S. Imigrantes italianos, alem\u00e3es e japoneses no Brasil durante o per\u00edodo da segunda guerra mundial. Dispon\u00edvel em:&lt;museudaenergia.org.br\/media\/190097&gt;. Acesso em 07, fev. 2022.<br><br><\/td><\/tr><\/tbody><\/table><\/figure>\n","protected":false},"author":26,"featured_media":137514,"template":"","ef_categoria":[],"ef_ano":[91],"ef_componente":[96],"class_list":["post-137510","ensino_fundamental","type-ensino_fundamental","status-publish","has-post-thumbnail","hentry","ef_ano-8o-ano","ef_componente-geografia","entry","has-media"],"acf":[],"_links":{"self":[{"href":"https:\/\/sme.goiania.go.gov.br\/conexaoescola\/wp-json\/wp\/v2\/ensino_fundamental\/137510","targetHints":{"allow":["GET"]}}],"collection":[{"href":"https:\/\/sme.goiania.go.gov.br\/conexaoescola\/wp-json\/wp\/v2\/ensino_fundamental"}],"about":[{"href":"https:\/\/sme.goiania.go.gov.br\/conexaoescola\/wp-json\/wp\/v2\/types\/ensino_fundamental"}],"author":[{"embeddable":true,"href":"https:\/\/sme.goiania.go.gov.br\/conexaoescola\/wp-json\/wp\/v2\/users\/26"}],"version-history":[{"count":2,"href":"https:\/\/sme.goiania.go.gov.br\/conexaoescola\/wp-json\/wp\/v2\/ensino_fundamental\/137510\/revisions"}],"predecessor-version":[{"id":202893,"href":"https:\/\/sme.goiania.go.gov.br\/conexaoescola\/wp-json\/wp\/v2\/ensino_fundamental\/137510\/revisions\/202893"}],"wp:featuredmedia":[{"embeddable":true,"href":"https:\/\/sme.goiania.go.gov.br\/conexaoescola\/wp-json\/wp\/v2\/media\/137514"}],"wp:attachment":[{"href":"https:\/\/sme.goiania.go.gov.br\/conexaoescola\/wp-json\/wp\/v2\/media?parent=137510"}],"wp:term":[{"taxonomy":"ef_categoria","embeddable":true,"href":"https:\/\/sme.goiania.go.gov.br\/conexaoescola\/wp-json\/wp\/v2\/ef_categoria?post=137510"},{"taxonomy":"ef_ano","embeddable":true,"href":"https:\/\/sme.goiania.go.gov.br\/conexaoescola\/wp-json\/wp\/v2\/ef_ano?post=137510"},{"taxonomy":"ef_componente","embeddable":true,"href":"https:\/\/sme.goiania.go.gov.br\/conexaoescola\/wp-json\/wp\/v2\/ef_componente?post=137510"}],"curies":[{"name":"wp","href":"https:\/\/api.w.org\/{rel}","templated":true}]}}