{"id":137176,"date":"2022-02-21T03:09:49","date_gmt":"2022-02-21T06:09:49","guid":{"rendered":"https:\/\/sme.goiania.go.gov.br\/conexaoescola\/?post_type=ensino_fundamental&#038;p=137176"},"modified":"2023-10-11T09:12:06","modified_gmt":"2023-10-11T12:12:06","slug":"arte-vamos-dancar","status":"publish","type":"ensino_fundamental","link":"https:\/\/sme.goiania.go.gov.br\/conexaoescola\/ensino_fundamental\/arte-vamos-dancar\/","title":{"rendered":"Arte &#8211; Vamos Dan\u00e7ar?"},"content":{"rendered":"\n<p class=\"has-black-color has-text-color has-background has-medium-font-size\" style=\"background-color:#f9bccb\">Esta aula pertence ao componente curricular de&nbsp;<strong>ARTE<\/strong>, indicada para&nbsp;<strong>4\u00ba ano do ensino fundamental<\/strong>. <\/p>\n\n\n\n<div class=\"wp-block-buttons is-content-justification-center is-layout-flex wp-container-core-buttons-is-layout-16018d1d wp-block-buttons-is-layout-flex\">\n<div class=\"wp-block-button has-custom-font-size has-medium-font-size\"><a class=\"wp-block-button__link has-text-align-center wp-element-button\" href=\"https:\/\/drive.google.com\/uc?export=download&amp;id=1q27JPRE-SHeGbj2NhZSdwwfQBVS5Q8q4\">BAIXE A ATIVIDADE<\/a><\/div>\n\n\n\n<div class=\"wp-block-button has-custom-font-size has-medium-font-size\"><a class=\"wp-block-button__link has-text-align-center wp-element-button\" href=\"https:\/\/drive.google.com\/uc?export=download&amp;id=1-NqPSTEn3jqfbtMdpXcQMdbV0NJ_kkeu\">BAIXE OS SLIDES<\/a><\/div>\n\n\n\n<div class=\"wp-block-button has-custom-font-size has-medium-font-size\"><a class=\"wp-block-button__link has-text-align-center wp-element-button\" href=\"https:\/\/drive.google.com\/uc?export=download&amp;id=1D3V0TGF5pp95Vo81iGVTW5bNg7Zr82fX\">BAIXE O TEXTO<\/a><\/div>\n<\/div>\n\n\n\n<figure class=\"wp-block-image size-large\"><img fetchpriority=\"high\" decoding=\"async\" width=\"1024\" height=\"470\" src=\"https:\/\/sme.goiania.go.gov.br\/conexaoescola\/wp-content\/uploads\/2023\/10\/danca51-1024x470.png\" alt=\"\" class=\"wp-image-171350\" srcset=\"https:\/\/sme.goiania.go.gov.br\/conexaoescola\/wp-content\/uploads\/2023\/10\/danca51-1024x470.png 1024w, https:\/\/sme.goiania.go.gov.br\/conexaoescola\/wp-content\/uploads\/2023\/10\/danca51-300x138.png 300w, https:\/\/sme.goiania.go.gov.br\/conexaoescola\/wp-content\/uploads\/2023\/10\/danca51-768x352.png 768w, https:\/\/sme.goiania.go.gov.br\/conexaoescola\/wp-content\/uploads\/2023\/10\/danca51-1536x705.png 1536w, https:\/\/sme.goiania.go.gov.br\/conexaoescola\/wp-content\/uploads\/2023\/10\/danca51-2048x940.png 2048w\" sizes=\"(max-width: 1024px) 100vw, 1024px\" \/><\/figure>\n\n\n\n<p class=\"has-medium-font-size\"><strong>A improvisa\u00e7\u00e3o na dan\u00e7a: uma forma de express\u00e3o livre<\/strong><\/p>\n\n\n\n<p class=\"has-medium-font-size\">A dan\u00e7a \u00e9 uma forma de express\u00e3o humana que existe h\u00e1 s\u00e9culos. \u00c9 uma forma de comunicar emo\u00e7\u00f5es, ideias e hist\u00f3rias. J\u00e1 a improvisa\u00e7\u00e3o na dan\u00e7a \u00e9 uma t\u00e9cnica que permite aos dan\u00e7arinos criar movimentos livremente, sem seguir uma coreografia pr\u00e9-determinada<\/p>\n\n\n\n<p class=\"has-medium-font-size\">Desde crian\u00e7a, a maior parte de n\u00f3s j\u00e1 brinca de dan\u00e7ar, livremente ou imitando os movimentos dos adultos e dos animais. A improvisa\u00e7\u00e3o \u00e9 uma forma de se conectar com a nossa criatividade e imagina\u00e7\u00e3o.<\/p>\n\n\n\n<p class=\"has-medium-font-size\">A improvisa\u00e7\u00e3o na dan\u00e7a pode ser usada em diferentes estilos de dan\u00e7a, incluindo bal\u00e9, jazz, dan\u00e7a moderna e dan\u00e7a contempor\u00e2nea. \u00c9 uma t\u00e9cnica que pode ser usada por dan\u00e7arinos de todos os n\u00edveis de experi\u00eancia.<\/p>\n\n\n\n<p class=\"has-medium-font-size\"><strong>Benef\u00edcios da improvisa\u00e7\u00e3o na dan\u00e7a<\/strong><\/p>\n\n\n\n<p class=\"has-medium-font-size\">A improvisa\u00e7\u00e3o na dan\u00e7a oferece diversos benef\u00edcios, incluindo:<\/p>\n\n\n\n<ul class=\"wp-block-list\">\n<li class=\"has-medium-font-size\">Desenvolvimento da criatividade: a improvisa\u00e7\u00e3o permite aos dan\u00e7arinos explorar sua criatividade e experimentar novos movimentos.<\/li>\n\n\n\n<li class=\"has-medium-font-size\">Melhoria da t\u00e9cnica: a improvisa\u00e7\u00e3o pode ajudar os dan\u00e7arinos a desenvolver sua consci\u00eancia corporal e coordena\u00e7\u00e3o motora.<\/li>\n\n\n\n<li class=\"has-medium-font-size\">Aumento da confian\u00e7a: a improvisa\u00e7\u00e3o pode ajudar os dan\u00e7arinos a se sentirem mais confort\u00e1veis em seu pr\u00f3prio corpo e em expressar sua personalidade atrav\u00e9s da dan\u00e7a.<\/li>\n<\/ul>\n\n\n\n<p class=\"has-medium-font-size\"><strong>Como improvisar na dan\u00e7a<\/strong><\/p>\n\n\n\n<p class=\"has-medium-font-size\">Para improvisar na dan\u00e7a, basta come\u00e7ar a se mover livremente, guiado pelo ritmo da m\u00fasica. N\u00e3o \u00e9 necess\u00e1rio ter nenhuma experi\u00eancia ou habilidade especial. Basta deixar o corpo se expressar da forma como ele quiser.<\/p>\n\n\n\n<p class=\"has-medium-font-size\">Aqui est\u00e3o algumas <strong>dicas para improvisar<\/strong> na dan\u00e7a:<\/p>\n\n\n\n<ul class=\"wp-block-list\">\n<li class=\"has-medium-font-size\">Concentre-se na m\u00fasica: a m\u00fasica \u00e9 a sua inspira\u00e7\u00e3o. Deixe-a guiar seus movimentos.<\/li>\n\n\n\n<li class=\"has-medium-font-size\">N\u00e3o tenha medo de errar: a improvisa\u00e7\u00e3o \u00e9 sobre experimentar. N\u00e3o se preocupe em fazer tudo perfeito.<\/li>\n\n\n\n<li class=\"has-medium-font-size\">Seja espont\u00e2neo: deixe seu corpo se mover de forma natural. N\u00e3o tente controlar demais os seus movimentos.<\/li>\n<\/ul>\n\n\n\n<p class=\"has-medium-font-size\">A improvisa\u00e7\u00e3o na dan\u00e7a \u00e9 uma forma de express\u00e3o livre que pode ser usada por todos. \u00c9 uma forma de nos conectarmos com nossa criatividade e nossa imagina\u00e7\u00e3o.<\/p>\n\n\n\n<div style=\"height:26px\" aria-hidden=\"true\" class=\"wp-block-spacer\"><\/div>\n\n\n\n<h2 class=\"wp-block-heading has-black-color has-text-color has-background\" style=\"background-color:#f9bccb\">Quest\u00e3o 1<\/h2>\n\n\n\n<p class=\"has-medium-font-size\">Veja o v\u00eddeo a baixo:<\/p>\n\n\n\n<figure class=\"wp-block-embed is-type-video is-provider-youtube wp-block-embed-youtube wp-embed-aspect-4-3 wp-has-aspect-ratio\"><div class=\"wp-block-embed__wrapper\">\n<p class=\"responsive-video-wrap clr\"><iframe title=\"Educando - Quem n\u00e3o dan\u00e7a, dan\u00e7a!\" width=\"1200\" height=\"900\" src=\"https:\/\/www.youtube.com\/embed\/Ldxv8K9eqKw?feature=oembed\" frameborder=\"0\" allow=\"accelerometer; autoplay; clipboard-write; encrypted-media; gyroscope; picture-in-picture; web-share\" allowfullscreen><\/iframe><\/p>\n<\/div><figcaption class=\"wp-element-caption\"> Canal: <a href=\"https:\/\/www.youtube.com\/channel\/UCFY4IeAtQRHp-HncY3hO35w\">Acervo Educa Play PR<\/a> &#8220;Educando &#8211; Quem n\u00e3o dan\u00e7a, dan\u00e7a!&#8221;. Dispon\u00edvel em: &lt;https:\/\/www.youtube.com\/watch?v=Ldxv8K9eqKw&gt;. Acesso em 24 fev 2022.<\/figcaption><\/figure>\n\n\n\n<p class=\"has-medium-font-size\"><em>Iai, Voc\u00ea concorda com o o v\u00eddeo?<\/em> <\/p>\n\n\n\n<p class=\"has-medium-font-size\">Discuta com os colegas seus pontos de vista.<\/p>\n\n\n\n<div style=\"height:26px\" aria-hidden=\"true\" class=\"wp-block-spacer\"><\/div>\n\n\n\n<h2 class=\"wp-block-heading has-black-color has-text-color has-background\" style=\"background-color:#f9bccb\">Quest\u00e3o 2<\/h2>\n\n\n\n<p class=\"has-text-align-right has-medium-font-size\"><strong>Aten\u00e7\u00e3o:&nbsp;<\/strong>para este momento precisaremos de uma fita adesiva ou giz de quadro, um bal\u00e3o ou uma vareta com fita para cada crian\u00e7a, por fim um aparelho de som com m\u00fasicas.<\/p>\n\n\n\n<div style=\"height:26px\" aria-hidden=\"true\" class=\"wp-block-spacer\"><\/div>\n\n\n\n<p class=\"has-medium-font-size\"><em>Voc\u00ea j\u00e1 dan\u00e7ou alguma m\u00fasica? Quando?<\/em><\/p>\n\n\n<div class=\"wp-block-image is-style-rounded\">\n<figure class=\"alignleft is-resized\"><img decoding=\"async\" src=\"https:\/\/sme.goiania.go.gov.br\/conexaoescola\/wp-content\/uploads\/2022\/02\/3-2-e1645419816101.png\" alt=\"\" class=\"wp-image-137204\" width=\"328\" height=\"328\" srcset=\"https:\/\/sme.goiania.go.gov.br\/conexaoescola\/wp-content\/uploads\/2022\/02\/3-2-e1645419816101.png 931w, https:\/\/sme.goiania.go.gov.br\/conexaoescola\/wp-content\/uploads\/2022\/02\/3-2-e1645419816101-300x300.png 300w, https:\/\/sme.goiania.go.gov.br\/conexaoescola\/wp-content\/uploads\/2022\/02\/3-2-e1645419816101-150x150.png 150w, https:\/\/sme.goiania.go.gov.br\/conexaoescola\/wp-content\/uploads\/2022\/02\/3-2-e1645419816101-768x771.png 768w\" sizes=\"(max-width: 328px) 100vw, 328px\" \/><figcaption class=\"wp-element-caption\">&nbsp;&nbsp;&nbsp;Imagem livre e autoral, constru\u00edda no Canva.<br>A m\u00fasica fica a escolha, ver sugest\u00f5es ao final.<\/figcaption><\/figure><\/div>\n\n\n<p class=\"has-medium-font-size\">Para dan\u00e7ar basta come\u00e7ar, uma vez que ela \u00e9 para todas as pessoas de todas as idades, n\u00e3o \u00e9 necess\u00e1rio saber uma coreografia, podemos improvisar e criar nosso pr\u00f3prios movimento e express\u00f5es corporais, guiados pelo ritmo.<\/p>\n\n\n\n<p class=\"has-medium-font-size\">Antes de iniciar nossa atividade, vamos alongar nosso corpo para aquec\u00ea-lo j\u00e1 com a m\u00fasica do exerc\u00edcio de fundo para conhecermos!<\/p>\n\n\n\n<p class=\"has-medium-font-size\"><em>Vamos improvisar ?<\/em><\/p>\n\n\n\n<p class=\"has-medium-font-size\">Em um espa\u00e7o amplo, vamos demarcar o ch\u00e3o, como no desenho ao lado&nbsp;<em>(um Jogo da Velha gigante)<\/em>. Para demarcar pode ser usado giz ou fita adesiva. Com a mesma m\u00fasica do alongamento o desenho ser\u00e1 usado como&nbsp; limitador de espa\u00e7o para cada estudante que deve dan\u00e7ar utilizando apenas os quadriculados.<\/p>\n\n\n\n<div style=\"height:26px\" aria-hidden=\"true\" class=\"wp-block-spacer\"><\/div>\n\n\n\n<h2 class=\"wp-block-heading has-black-color has-text-color has-background\" style=\"background-color:#f9bccb\">Quest\u00e3o 3<\/h2>\n\n\n<div class=\"wp-block-image is-style-rounded\">\n<figure class=\"alignright is-resized\"><img decoding=\"async\" src=\"https:\/\/sme.goiania.go.gov.br\/conexaoescola\/wp-content\/uploads\/2022\/02\/Design-sem-nome-1-1-e1645420651754.png\" alt=\"\" class=\"wp-image-137212\" width=\"176\" height=\"276\"\/><\/figure><\/div>\n\n\n<p class=\"has-medium-font-size\"><em>Como foi improvisar em um espa\u00e7o restrito?<\/em><\/p>\n\n\n\n<p class=\"has-medium-font-size\">Agora, vamos vivenciar a improvisa\u00e7\u00e3o de outro modo, com uma m\u00fasica animada, diferente e com um bal\u00e3o para cada estudante.<\/p>\n\n\n\n<p class=\"has-medium-font-size\">Iremos perceber o ritmo da m\u00fasica e improvisar movimentos totalmente livres sem esquecermos do bal\u00e3o, ele \u00e9 nosso parceiro neste momento!<\/p>\n\n\n\n<p class=\"has-medium-font-size\"><em>Solte o corpo e vamos l\u00e1!<\/em><\/p>\n\n\n\n<p class=\"has-text-align-right\"><strong>Obs.:<\/strong>&nbsp;O bal\u00e3o pode ser preso a um cord\u00e3o, possibilitando mais movimentos livres para as crian\u00e7as. Outra possibilidade \u00e9 usar varetas com fita para dar movimento, expressividade e cor.<\/p>\n\n\n\n<div style=\"height:26px\" aria-hidden=\"true\" class=\"wp-block-spacer\"><\/div>\n\n\n\n<p class=\"has-black-color has-text-color has-background has-medium-font-size\" style=\"background-color:#f9bccb\"><strong>Quest\u00e3o 4<\/strong><\/p>\n\n\n\n<p class=\"has-medium-font-size\">Vamos refletir sobre nossa atividade de hoje!<\/p>\n\n\n\n<ol class=\"has-medium-font-size wp-block-list\">\n<li class=\"has-medium-font-size\">Quais partes do corpo voc\u00ea movimentou mais?<\/li>\n\n\n\n<li class=\"has-medium-font-size\">Fez movimentos repetidos?<\/li>\n\n\n\n<li class=\"has-medium-font-size\">Voc\u00ea e os colegas dan\u00e7aram de modos diferentes ou iguais?<\/li>\n\n\n\n<li class=\"has-medium-font-size\">Ao dan\u00e7ar sentiu alguma emo\u00e7\u00e3o? Qual?<\/li>\n\n\n\n<li class=\"has-medium-font-size\">\u00c9 poss\u00edvel que voc\u00ea e todos os colegas dancem iguais?&nbsp;<\/li>\n\n\n\n<li class=\"has-medium-font-size\">Para dan\u00e7arem com a mesma coreografia, o que \u00e9 necess\u00e1rio?<\/li>\n<\/ol>\n\n\n\n<div style=\"height:16px\" aria-hidden=\"true\" class=\"wp-block-spacer\"><\/div>\n\n\n\n<p class=\"has-black-color has-text-color has-background has-medium-font-size\" style=\"background-color:#f9bccb\"><strong><strong>Quest\u00e3o<\/strong> 5<\/strong><\/p>\n\n\n\n<p class=\"has-medium-font-size\">Assinale a alternativa que define corretamente a improvisa\u00e7\u00e3o na dan\u00e7a:<\/p>\n\n\n\n<p class=\"has-medium-font-size\"><br>(A) \u00c9 uma t\u00e9cnica que permite aos dan\u00e7arinos criar movimentos livremente, sem seguir uma coreografia pr\u00e9-determinada.<br>(B) \u00c9 uma forma de dan\u00e7ar sem nenhuma experi\u00eancia ou habilidade especial.<br>(C) \u00c9 uma forma de dan\u00e7ar que s\u00f3 pode ser usada por dan\u00e7arinos profissionais.<br>(D) \u00c9 uma forma de dan\u00e7ar que s\u00f3 pode ser usada em estilos de dan\u00e7a modernos.<\/p>\n\n\n\n<div style=\"height:15px\" aria-hidden=\"true\" class=\"wp-block-spacer\"><\/div>\n\n\n\n<p class=\"has-black-color has-text-color has-background has-medium-font-size\" style=\"background-color:#f9bccb\"><strong><strong>Quest\u00e3o<\/strong> 6<\/strong><\/p>\n\n\n\n<p class=\"has-medium-font-size\">Assinale a alternativa que apresenta um benef\u00edcio da improvisa\u00e7\u00e3o na dan\u00e7a:<\/p>\n\n\n\n<p class=\"has-medium-font-size\"><br>(A) Desenvolvimento da criatividade.<br>(B) Melhoria da t\u00e9cnica.<br>(C) Aumento da confian\u00e7a.<br>(D) Todas as alternativas est\u00e3o corretas.<\/p>\n\n\n\n<div style=\"height:15px\" aria-hidden=\"true\" class=\"wp-block-spacer\"><\/div>\n\n\n\n<p class=\"has-black-color has-text-color has-background has-medium-font-size\" style=\"background-color:#f9bccb\"><strong><strong>Quest\u00e3o<\/strong> 7<\/strong><\/p>\n\n\n\n<p class=\"has-medium-font-size\">Assinale a alternativa que apresenta uma dica para improvisar na dan\u00e7a:<\/p>\n\n\n\n<p class=\"has-medium-font-size\"><br>(A) Concentre-se na m\u00fasica.<br>(B) N\u00e3o tenha medo de errar.<br>(C) Seja espont\u00e2neo.<br>(D) Todas as alternativas est\u00e3o corretas.<\/p>\n\n\n\n<div style=\"height:15px\" aria-hidden=\"true\" class=\"wp-block-spacer\"><\/div>\n\n\n\n<p class=\"has-black-color has-text-color has-background has-medium-font-size\" style=\"background-color:#f9bccb\"><strong>Desafio:<\/strong><\/p>\n\n\n\n<p class=\"has-medium-font-size\">Escolha uma das m\u00fasicas que dan\u00e7aram hoje, j\u00e1 que conhecemos o ritmo. De maneira coordenada entrem dan\u00e7ar imitando o professor ou um \u201crepresentante\u201d.<\/p>\n\n\n\n<p class=\"has-medium-font-size\"><em>Divirta-se!<\/em><\/p>\n\n\n\n<div style=\"height:27px\" aria-hidden=\"true\" class=\"wp-block-spacer\"><\/div>\n\n\n\n<p class=\"has-black-color has-text-color has-background has-medium-font-size\" style=\"background-color:#f9bccb\"><strong>M\u00fasicas para dan\u00e7ar<\/strong><\/p>\n\n\n\n<ul class=\"has-medium-font-size wp-block-list\">\n<li class=\"has-medium-font-size\"><a href=\"https:\/\/www.youtube.com\/watch?v=cG4RCUzl53U\">Palavra Cantada | Vem Dan\u00e7ar com a Gente<\/a> &#8211; Dispon\u00edvel em: &lt;<a href=\"http:\/\/www.youtube.com\/watch?v=cG4RCUzl53U\">www.youtube.com\/watch?v=cG4RCUzl53U<\/a>&gt;<\/li>\n\n\n\n<li class=\"has-medium-font-size\"><a href=\"http:\/\/www.youtube.com\/watch?v=vX8oDPw0j3I\">Palavra Cantada | Sai Pregui\u00e7a<\/a> &#8211; dispon\u00edvel em: &lt;<a href=\"http:\/\/www.youtube.com\/watch?v=vX8oDPw0j3I\">www.youtube.com\/watch?v=vX8oDPw0j3I<\/a>&gt;<\/li>\n\n\n\n<li class=\"has-medium-font-size\">Site como musicas para a improvisa\u00e7\u00e3o: &lt;<a href=\"http:\/\/www.epidemicsound.com\">www.epidemicsound.com<\/a>&lt;<\/li>\n\n\n\n<li class=\"has-medium-font-size\">Exemplo para a Proposta 1: <a href=\"https:\/\/www.youtube.com\/watch?v=kayZD9FI8sc\">Jogo de Improvisa\u00e7\u00e3o em Dan\u00e7a &#8211; Membros Inferiores<\/a>, dispon\u00edvel em: &lt;<a href=\"http:\/\/www.youtube.com\/watch?v=kayZD9FI8sc\">www.youtube.com\/watch?v=kayZD9FI8sc<\/a>&gt;<\/li>\n<\/ul>\n\n\n\n<p class=\"has-black-color has-text-color has-background has-medium-font-size\" style=\"background-color:#f9bccb\"><strong>Sugest\u00f5es <\/strong><\/p>\n\n\n\n<figure class=\"wp-block-embed is-type-video is-provider-youtube wp-block-embed-youtube wp-embed-aspect-16-9 wp-has-aspect-ratio\"><div class=\"wp-block-embed__wrapper\">\n<p class=\"responsive-video-wrap clr\"><iframe title=\"A Dan\u00e7a como Linguagem\" width=\"1200\" height=\"675\" src=\"https:\/\/www.youtube.com\/embed\/f-lmpTI5p-4?start=131&#038;feature=oembed\" frameborder=\"0\" allow=\"accelerometer; autoplay; clipboard-write; encrypted-media; gyroscope; picture-in-picture; web-share\" allowfullscreen><\/iframe><\/p>\n<\/div><figcaption class=\"wp-element-caption\">Canal <a href=\"https:\/\/www.youtube.com\/channel\/UC7YiYukLF8nB6QxBMR7Xc4g\">Ariadiny Candido<\/a> &#8220;A Dan\u00e7a como Linguagem&#8221;. Dispon\u00edvel em: &lt;https:\/\/www.youtube.com\/watch?v=f-lmpTI5p-4&gt;. Acesso em 22 fev 2022.<\/figcaption><\/figure>\n\n\n\n<ul class=\"wp-block-list\">\n<li class=\"has-medium-font-size\">Consulte o site do MEC e leia o conte\u00fado dos artigos dispon\u00edveis no Link a seguir. <a href=\"http:\/\/portal.mec.gov.br\/component\/tags\/tag\/danca\">portal.mec.gov.br\/component\/tags\/tag\/danca<\/a><\/li>\n<\/ul>\n\n\n\n<ul class=\"wp-block-list\">\n<li class=\"has-medium-font-size\"><a href=\"https:\/\/www.youtube.com\/watch?v=Z9-7DKbn7eI\">PsicoDicas | 5 benef\u00edcios da DAN\u00c7A<\/a> dispon\u00edvel em: <a href=\"http:\/\/www.youtube.com\/watch?v=Z9-7DKbn7eI\">www.youtube.com\/watch?v=Z9-7DKbn7eI<\/a> &#8211; <a href=\"https:\/\/www.youtube.com\/t\/creative_commons\">Licen\u00e7a de atribui\u00e7\u00e3o Creative Commons (reutiliza\u00e7\u00e3o permitida)<\/a><\/li>\n<\/ul>\n\n\n\n<div style=\"height:27px\" aria-hidden=\"true\" class=\"wp-block-spacer\"><\/div>\n\n\n\n<figure class=\"wp-block-table is-style-stripes\" style=\"font-size:15px\"><table class=\"has-fixed-layout\"><tbody><tr><td><strong>Autoria:&nbsp;<\/strong><\/td><td>Ariadiny C\u00e2ndido Morais<\/td><\/tr><tr><td><strong>Forma\u00e7\u00e3o:<\/strong><\/td><td>Pedagoga e Mestre em Educa\u00e7\u00e3o<\/td><\/tr><tr><td><strong>Componente Curricular:<\/strong><\/td><td>Arte \/ Dan\u00e7a<\/td><\/tr><tr><td><strong>Habilidade:<\/strong><br>Elementos da Linguagem: Espa\u00e7o, ritmos e tempo &#8211; A\u00e7\u00f5es corporais.<br><br>Processos de Cria\u00e7\u00e3o: Jogo e improvisa\u00e7\u00e3o em dan\u00e7a.<\/td><td>(GO-EF04AR10-A) Explorar as diversas a\u00e7\u00f5es corporais, como saltar, girar, rolar, correr, na rela\u00e7\u00e3o com as diferentes formas de orienta\u00e7\u00e3o no espa\u00e7o, como deslocamentos, planos, dire\u00e7\u00f5es, caminhos, bem como tempo\/ritmos de movimento, lento, moderado e r\u00e1pido, ampliando as percep\u00e7\u00f5es e sensa\u00e7\u00f5es sobre o pr\u00f3prio corpo e o corpo do outro, transformando-o em material de pesquisa e cria\u00e7\u00e3o para o movimento dan\u00e7ado.<br>(GO-EF04AR11-A) Criar, jogar e improvisar movimentos dan\u00e7ados de modo coletivo, colaborativo e autoral, propondo diferentes a\u00e7\u00f5es, virtuais e\/ou presenciais, que envolvam a comunidade escolar e ou local.<\/td><\/tr><tr><td><strong>Refer\u00eancias:<\/strong><\/td><td>BRASIL, Minist\u00e9rio da Educa\u00e7\u00e3o. Dan\u00e7a. Dispon\u00edvel em: &lt;<a href=\"http:\/\/portal.mec.gov.br\/component\/tags\/tag\/danca\">http:\/\/portal.mec.gov.br\/component\/tags\/tag\/danca<\/a>>. Acessado em 25, jan. 22.<br><br>LIMA, Ruth Regina Melo de. Dan\u00e7a: linguagem do corpo. Dispon\u00edvel em:\u00a0 &lt;<a href=\"http:\/\/portaldoprofessor.mec.gov.br\/fichaTecnicaAula.html?aula=28120#:~:text=O%20que%20o%20aluno%20poder%C3%A1%20aprender%20com%20esta%20aula&amp;text=Valorizar%20e%20aprender%20a%20se,movimentos%20e%20organizar%20em%20sequ%C3%AAncias\">http:\/\/portaldoprofessor.mec.gov.br\/fichaTecnicaAula.html?aula=28120#:~:text=O%20que%20o%20aluno%20poder%C3%A1%20aprender%20com%20esta%20aula&amp;text=Valorizar%20e%20aprender%20a%20se,movimentos%20e%20organizar%20em%20sequ%C3%AAncias<\/a>>. Acessado em 25, jan. 22.<br><br>OLIVEIRA, Andr\u00e9a. A import\u00e2ncia do movimento para as crian\u00e7as. Dispon\u00edvel em:\u00a0 &lt;<a href=\"https:\/\/www.cpt.com.br\/cursos-educacao-infantil\/artigos\/a-importancia-do-movimento-para-as-criancas#:~:text=O%20movimento%20%C3%A9%20muito%20importante%20para%20o%20pleno%20desenvolvimento%20da%20crian%C3%A7a.&amp;text=Enfim%2C%20a%20crian%C3%A7as%20utilizam%20o,se%20comunicar%20com%20as%20pessoas\">www.cpt.com.br\/cursos-educacao-infantil\/artigos\/a-importancia-do-movimento-para-as-criancas#:~:text=O%20movimento%20%C3%A9%20muito%20importante%20para%20o%20pleno%20desenvolvimento%20da%20crian%C3%A7a.&amp;text=Enfim%2C%20a%20crian%C3%A7as%20utilizam%20o,se%20comunicar%20com%20as%20pessoas<\/a>>. Acessado em 25,\u00a0 jan. 22.<\/td><\/tr><\/tbody><\/table><\/figure>\n","protected":false},"author":12,"featured_media":171350,"template":"","ef_categoria":[14,22],"ef_ano":[87],"ef_componente":[99],"class_list":["post-137176","ensino_fundamental","type-ensino_fundamental","status-publish","has-post-thumbnail","hentry","ef_categoria-ciclo-da-infancia-de","ef_categoria-corpo-e-movimento-ciclo-da-infancia-de","ef_ano-4o-ano","ef_componente-arte-ef","entry","has-media"],"acf":[],"_links":{"self":[{"href":"https:\/\/sme.goiania.go.gov.br\/conexaoescola\/wp-json\/wp\/v2\/ensino_fundamental\/137176","targetHints":{"allow":["GET"]}}],"collection":[{"href":"https:\/\/sme.goiania.go.gov.br\/conexaoescola\/wp-json\/wp\/v2\/ensino_fundamental"}],"about":[{"href":"https:\/\/sme.goiania.go.gov.br\/conexaoescola\/wp-json\/wp\/v2\/types\/ensino_fundamental"}],"author":[{"embeddable":true,"href":"https:\/\/sme.goiania.go.gov.br\/conexaoescola\/wp-json\/wp\/v2\/users\/12"}],"version-history":[{"count":7,"href":"https:\/\/sme.goiania.go.gov.br\/conexaoescola\/wp-json\/wp\/v2\/ensino_fundamental\/137176\/revisions"}],"predecessor-version":[{"id":171362,"href":"https:\/\/sme.goiania.go.gov.br\/conexaoescola\/wp-json\/wp\/v2\/ensino_fundamental\/137176\/revisions\/171362"}],"wp:featuredmedia":[{"embeddable":true,"href":"https:\/\/sme.goiania.go.gov.br\/conexaoescola\/wp-json\/wp\/v2\/media\/171350"}],"wp:attachment":[{"href":"https:\/\/sme.goiania.go.gov.br\/conexaoescola\/wp-json\/wp\/v2\/media?parent=137176"}],"wp:term":[{"taxonomy":"ef_categoria","embeddable":true,"href":"https:\/\/sme.goiania.go.gov.br\/conexaoescola\/wp-json\/wp\/v2\/ef_categoria?post=137176"},{"taxonomy":"ef_ano","embeddable":true,"href":"https:\/\/sme.goiania.go.gov.br\/conexaoescola\/wp-json\/wp\/v2\/ef_ano?post=137176"},{"taxonomy":"ef_componente","embeddable":true,"href":"https:\/\/sme.goiania.go.gov.br\/conexaoescola\/wp-json\/wp\/v2\/ef_componente?post=137176"}],"curies":[{"name":"wp","href":"https:\/\/api.w.org\/{rel}","templated":true}]}}