{"id":137142,"date":"2022-02-20T17:45:37","date_gmt":"2022-02-20T20:45:37","guid":{"rendered":"https:\/\/sme.goiania.go.gov.br\/conexaoescola\/?post_type=ensino_fundamental&#038;p=137142"},"modified":"2026-02-13T14:42:18","modified_gmt":"2026-02-13T17:42:18","slug":"ciencias-da-natureza-relacao-minerais-rochas","status":"publish","type":"ensino_fundamental","link":"https:\/\/sme.goiania.go.gov.br\/conexaoescola\/ensino_fundamental\/ciencias-da-natureza-relacao-minerais-rochas\/","title":{"rendered":"Ci\u00eancias da Natureza &#8211; Minerais, rochas e f\u00f3sseis"},"content":{"rendered":"\n<p class=\"has-text-align-center has-background has-medium-font-size\" style=\"background-color:#ddc9c9\">Esta proposta de atividade de&nbsp;<strong>Ci\u00eancias da Natureza<\/strong>&nbsp;\u00e9 destinada aos estudantes do<strong>&nbsp;6\u00ba ano&nbsp;<\/strong>dos anos finais do Ensino Fundamental<\/p>\n\n\n\n<div class=\"wp-block-buttons is-content-justification-center is-layout-flex wp-container-core-buttons-is-layout-16018d1d wp-block-buttons-is-layout-flex\">\n<div class=\"wp-block-button\"><a class=\"wp-block-button__link has-medium-font-size has-custom-font-size wp-element-button\" href=\"https:\/\/drive.google.com\/uc?export=download&amp;id=1wy3LFA7ZquCVVkinXdPgOXWBOkxACo4K\" target=\"_blank\" rel=\"noreferrer noopener\"><strong>BAIXE A ATIVIDADE<\/strong><\/a><\/div>\n\n\n\n<div class=\"wp-block-button\"><a class=\"wp-block-button__link has-medium-font-size has-custom-font-size wp-element-button\" href=\"https:\/\/drive.google.com\/uc?export=download&amp;id=1TLv8FxP8uz_NRF1KvsZrJiDmQVi8VK0-\" target=\"_blank\" rel=\"noreferrer noopener\"><strong>BAIXE OS SLIDES<\/strong><\/a><\/div>\n\n\n\n<div class=\"wp-block-button\"><a class=\"wp-block-button__link has-medium-font-size has-custom-font-size wp-element-button\" href=\"https:\/\/drive.google.com\/uc?export=download&amp;id=1nUnfi_tL7ejZsGusNDYqFXdhN2B5VHzW\" target=\"_blank\" rel=\"noreferrer noopener\"><strong>BAIXE O TEXTO<\/strong><\/a><\/div>\n<\/div>\n\n\n\n<hr class=\"wp-block-separator has-alpha-channel-opacity\"\/>\n\n\n<div class=\"wp-block-image is-style-default\">\n<figure class=\"aligncenter size-full\"><img fetchpriority=\"high\" decoding=\"async\" width=\"800\" height=\"533\" src=\"https:\/\/sme.goiania.go.gov.br\/conexaoescola\/wp-content\/uploads\/2022\/02\/Santuario_do_Endovelico_de_Rocha_da_Mina_-_Portugal_26827752021-e1645375403950.jpg\" alt=\"\" class=\"wp-image-137143\" srcset=\"https:\/\/sme.goiania.go.gov.br\/conexaoescola\/wp-content\/uploads\/2022\/02\/Santuario_do_Endovelico_de_Rocha_da_Mina_-_Portugal_26827752021-e1645375403950.jpg 800w, https:\/\/sme.goiania.go.gov.br\/conexaoescola\/wp-content\/uploads\/2022\/02\/Santuario_do_Endovelico_de_Rocha_da_Mina_-_Portugal_26827752021-e1645375403950-300x200.jpg 300w, https:\/\/sme.goiania.go.gov.br\/conexaoescola\/wp-content\/uploads\/2022\/02\/Santuario_do_Endovelico_de_Rocha_da_Mina_-_Portugal_26827752021-e1645375403950-768x512.jpg 768w\" sizes=\"(max-width: 800px) 100vw, 800px\" \/><figcaption class=\"wp-element-caption\"><strong>Imagem 1. <\/strong>OLIVEIRA, Vitor. Wikimedia Commons. Dispon\u00edvel em <a href=\"https:\/\/commons.wikimedia.org\/wiki\/File:Santu%C3%A1rio_do_Endov%C3%A9lico_de_Rocha_da_Mina_-_Portugal_(26827752021).jpg\">https:\/\/commons.wikimedia.org\/wiki\/File:Santu%C3%A1rio_do_Endov%C3%A9lico_de_Rocha_da_Mina_-_Portugal_(26827752021).jpg<\/a>. Acesso em 05\/05\/2023.<\/figcaption><\/figure><\/div>\n\n\n<h1 class=\"wp-block-heading has-text-align-center\"><strong>MINERAIS, ROCHAS E F\u00d3SSEIS<\/strong><\/h1>\n\n\n\n<p class=\"has-text-align-left has-medium-font-size\">Nosso planeta, Terra, n\u00e3o tem esse nome por um acaso: parte significativa dele apresenta regi\u00f5es continentais, de \u201cterra firme\u201d \u2013 embora na atualidade saibamos que a maioria de sua superf\u00edcie \u00e9 constitu\u00edda por \u00e1gua. Vivemos, portanto, sobre rochas que, por sua vez, s\u00e3o aglomerados naturais de minerais, do mesmo tipo ou n\u00e3o. Eles s\u00e3o compostos qu\u00edmicos naturais que apresentam estruturas cristalinas \u00fanicas e podem ser encontrados em diferentes formas e tamanhos. Alguns exemplos de minerais comuns incluem quartzo, feldspato, mica e calcita.<\/p>\n\n\n\n<p class=\"has-medium-font-size\">As rochas, por sua vez, s\u00e3o formadas pela uni\u00e3o de um ou mais minerais. Existem tr\u00eas tipos principais de rochas: \u00edgneas, sedimentares e metam\u00f3rficas. As rochas \u00edgneas se formam a partir do resfriamento e solidifica\u00e7\u00e3o do magma ou lava, as sedimentares se formam a partir da deposi\u00e7\u00e3o e compacta\u00e7\u00e3o de sedimentos, e as metam\u00f3rficas se formam a partir da transforma\u00e7\u00e3o de outras rochas devido a altas temperaturas e press\u00e3o.<\/p>\n\n\n\n<p class=\"has-medium-font-size\">Uma das coisas interessantes sobre as rochas \u00e9 que elas podem conter f\u00f3sseis &#8211; restos de seres vivos que viveram milh\u00f5es de anos. Os f\u00f3sseis s\u00e3o encontrados principalmente em rochas sedimentares, que se formam a partir da deposi\u00e7\u00e3o de sedimentos em lagos, rios e oceanos. Quando um organismo morre e \u00e9 rapidamente coberto por sedimentos, ele pode ser preservado em detalhes na rocha. Os f\u00f3sseis s\u00e3o ferramentas importantes para entender a evolu\u00e7\u00e3o da vida na Terra e como os seres vivos mudaram ao longo do tempo.<\/p>\n\n\n\n<p class=\"has-medium-font-size\">Al\u00e9m disso, a presen\u00e7a de certos minerais e rochas pode indicar a presen\u00e7a de recursos naturais valiosos, como petr\u00f3leo, g\u00e1s natural e metais preciosos. A minera\u00e7\u00e3o \u00e9 uma atividade importante em muitas partes do mundo, e a identifica\u00e7\u00e3o e esses recursos dependentes do conhecimento sobre os minerais e rochas que os cont\u00eam.<\/p>\n\n\n\n<p class=\"has-medium-font-size\">Em suma, a rela\u00e7\u00e3o entre minerais, rochas e f\u00f3sseis \u00e9 fundamental para entender a geologia da Terra e como ela mudou ao longo do tempo. Os minerais s\u00e3o a base das rochas, que por sua vez podem conter f\u00f3sseis que ajudam a entender a hist\u00f3ria da vida na Terra. Al\u00e9m disso, a presen\u00e7a de certos minerais e rochas pode indicar a presen\u00e7a de recursos naturais valiosos.<\/p>\n\n\n\n<p class=\"has-background has-medium-font-size\" style=\"background-color:#d8ffef\"><strong>QUEST\u00c3O 1<\/strong><\/p>\n\n\n\n<p class=\"has-medium-font-size\">&#8220;S\u00e3o materiais geralmente s\u00f3lidos, homog\u00eaneos e de ocorr\u00eancia natural&#8221;. Essa defini\u00e7\u00e3o \u00e9 das\/dos<br><br>(A) minerais.<br>(B) min\u00e9rios.<br>(C) solos.<br>(D) rochas.<\/p>\n\n\n\n<p class=\"has-background has-medium-font-size\" style=\"background-color:#d8ffef\"><strong>QUEST\u00c3O 2<\/strong><\/p>\n\n\n\n<p class=\"has-medium-font-size\">Minerais e rochas de import\u00e2ncia econ\u00f4mica s\u00e3o<br><br>(A) rochas.<br>(B) solos.<br>(C) min\u00e9rios.<br>(D) estalactites.<\/p>\n\n\n\n<p class=\"has-background has-medium-font-size\" style=\"background-color:#d8ffef\"><strong>QUEST\u00c3O 3<\/strong><\/p>\n\n\n\n<p class=\"has-medium-font-size\">As rochas de origem vulc\u00e2nica s\u00e3o denominadas<br><br>(A) metam\u00f3rficas.<br>(B) sedimentares.<br>(C) magm\u00e1ticas.<br>(D) humin\u00edferas.<\/p>\n\n\n\n<p class=\"has-background has-medium-font-size\" style=\"background-color:#d8ffef\"><strong>QUEST\u00c3O 4<\/strong><\/p>\n\n\n\n<p class=\"has-medium-font-size\">Rochas formadas por outras rochas, ou mesmo por partes duras de seres vivos, s\u00e3o denominadas<br><br>(A) metam\u00f3rficas.<br>(B) sedimentares.<br>(C) magm\u00e1ticas.<br>(D) humin\u00edferas.<\/p>\n\n\n\n<p class=\"has-background has-medium-font-size\" style=\"background-color:#d8ffef\"><strong>QUEST\u00c3O 5<\/strong><\/p>\n\n\n\n<p class=\"has-medium-font-size\">Rochas formadas em condi\u00e7\u00f5es intensas de press\u00e3o e temperatura s\u00e3o denominadas<br><br>(A) metam\u00f3rficas.<br>(B) sedimentares.<br>(C) magm\u00e1ticas.<br>(D) humin\u00edferas.<\/p>\n\n\n\n<hr class=\"wp-block-separator has-alpha-channel-opacity\"\/>\n\n\n\n<p class=\"has-text-align-center has-medium-font-size\"><em>Agora que voc\u00ea j\u00e1 fez a sua atividade, que tal realiz\u00e1-la na forma de jogo?<\/em><\/p>\n\n\n\n<p class=\"has-text-align-center has-medium-font-size\">Acesse:<em> <\/em><a href=\"http:\/\/gg.gg\/rochas-_-minerais\" target=\"_blank\" rel=\"noreferrer noopener\">http:\/\/gg.gg\/rochas-_-minerais<\/a><\/p>\n\n\n\n<hr class=\"wp-block-separator has-alpha-channel-opacity\"\/>\n\n\n\n<p class=\"has-background has-medium-font-size\" style=\"background-color:#d8ffef\"><strong>QUEST\u00c3O 6<\/strong><\/p>\n\n\n\n<p class=\"has-medium-font-size\">\u00c9 sabido que nosso pa\u00eds possui diversas reservas minerais, situadas em especial no Estado do Par\u00e1. Os min\u00e9rios s\u00e3o encontrados em diversos bens de consumo. No nosso pa\u00eds, os min\u00e9rios mais extra\u00eddos e comercializados s\u00e3o o alum\u00ednio, cobre, estanho, ferro, mangan\u00eas, ni\u00f3bio, n\u00edquel e ouro. A comercializa\u00e7\u00e3o de min\u00e9rios, portanto, contribui para a economia do pa\u00eds. Observe os elementos visuais abaixo:<\/p>\n\n\n<div class=\"wp-block-image\">\n<figure class=\"aligncenter size-full\"><img decoding=\"async\" width=\"549\" height=\"444\" src=\"https:\/\/sme.goiania.go.gov.br\/conexaoescola\/wp-content\/uploads\/2022\/02\/Sem-titulo-7-e1645375971463.png\" alt=\"\" class=\"wp-image-137144\" srcset=\"https:\/\/sme.goiania.go.gov.br\/conexaoescola\/wp-content\/uploads\/2022\/02\/Sem-titulo-7-e1645375971463.png 549w, https:\/\/sme.goiania.go.gov.br\/conexaoescola\/wp-content\/uploads\/2022\/02\/Sem-titulo-7-e1645375971463-300x243.png 300w\" sizes=\"(max-width: 549px) 100vw, 549px\" \/><figcaption class=\"wp-element-caption\"><strong>Imagem 2. <\/strong>MALAR, Jo\u00e3o Pedro. Faturamento do setor de minera\u00e7\u00e3o do Brasil sobe 62% em 2021, diz levantamento. CNN Brasil. Dispon\u00edvel em <a href=\"https:\/\/www.cnnbrasil.com.br\/economia\/faturamento-do-setor-de-mineracao-do-brasil-sobe-62-em-2021-diz-levantamento\/\">https:\/\/www.cnnbrasil.com.br\/economia\/faturamento-do-setor-de-mineracao-do-brasil-sobe-62-em-2021-diz-levantamento\/<\/a>. Acesso em 05\/05\/2023.<\/figcaption><\/figure><\/div>\n\n\n<p class=\"has-medium-font-size\">O processo de extra\u00e7\u00e3o de min\u00e9rios n\u00e3o \u00e9 t\u00e3o simples como pode parecer, e envolve diversos pontos a serem observados &#8211; desde a explora\u00e7\u00e3o da m\u00e3o-de-obra \u00e0s modifica\u00e7\u00f5es de paisagens, contamina\u00e7\u00f5es e tens\u00f5es envolvendo comunidades locais e\/ou tradicionais. Para aprofundar um pouco mais nesse tema, escolha um dos min\u00e9rios citados nessa quest\u00e3o. Discorra sobre esse tema.<\/p>\n\n\n\n<p class=\"has-background has-medium-font-size\" style=\"background-color:#d8ffef\"><strong>QUEST\u00c3O 7<\/strong><\/p>\n\n\n\n<p class=\"has-medium-font-size\">Analise a seguir o t\u00edtulo, lide e imagem da not\u00edcia do site G1:<\/p>\n\n\n\n<figure class=\"wp-block-image size-full is-resized\"><img decoding=\"async\" width=\"969\" height=\"801\" src=\"https:\/\/sme.goiania.go.gov.br\/conexaoescola\/wp-content\/uploads\/2023\/03\/g1-e1678299367866.png\" alt=\"\" class=\"wp-image-158415\" style=\"width:840px;height:694px\" srcset=\"https:\/\/sme.goiania.go.gov.br\/conexaoescola\/wp-content\/uploads\/2023\/03\/g1-e1678299367866.png 969w, https:\/\/sme.goiania.go.gov.br\/conexaoescola\/wp-content\/uploads\/2023\/03\/g1-e1678299367866-300x248.png 300w, https:\/\/sme.goiania.go.gov.br\/conexaoescola\/wp-content\/uploads\/2023\/03\/g1-e1678299367866-768x635.png 768w\" sizes=\"(max-width: 969px) 100vw, 969px\" \/><figcaption class=\"wp-element-caption\"><strong>Imagem 3. <\/strong>Not\u00edcia G1. Dispon\u00edvel em <a rel=\"noreferrer noopener\" href=\"https:\/\/g1.globo.com\/mg\/triangulo-mineiro\/noticia\/2023\/02\/14\/condominio-dos-dinossauros-quase-300-fosseis-sao-encontrados-em-obras-de-conjunto-habitacional-no-interior-de-mg.ghtml\" target=\"_blank\">https:\/\/g1.globo.com\/mg\/triangulo-mineiro\/noticia\/2023\/02\/14\/condominio-dos-dinossauros-quase-300-fosseis-sao-encontrados-em-obras-de-conjunto-habitacional-no-interior-de-mg.ghtml<\/a>. Acesso em 03\/03\/2023.<\/figcaption><\/figure>\n\n\n\n<p class=\"has-medium-font-size\">Por que \u00e9 vi\u00e1vel a possibilidade de f\u00f3sseis serem encontrados em rochas sedimentares, e invi\u00e1vel no caso das rochas magm\u00e1ticas e metam\u00f3rficas? Explique indicando como se d\u00e1 a forma\u00e7\u00e3o de cada um desses tipos de rochas.<\/p>\n\n\n\n<p class=\"has-background has-medium-font-size\" style=\"background-color:#ddc9c9\"><strong>SAIBA MAIS<\/strong><\/p>\n\n\n\n<p class=\"has-medium-font-size\">As rochas sedimentares s\u00e3o t\u00e3o interessantes! S\u00e3o nelas que encontramos os f\u00f3sseis e, al\u00e9m, disso, h\u00e1 rochas sedimentares formadas a partir de fragmentos de conchas, carapa\u00e7as ou mesmo corais &#8211; como o calc\u00e1rio. Que tal conhecer mais curiosidades sobre o calc\u00e1rio? Assista ao v\u00eddeo da professora Mariana para conhecer as estalactites e estalagmites!<\/p>\n\n\n\n<figure class=\"wp-block-embed is-type-video is-provider-youtube wp-block-embed-youtube wp-embed-aspect-16-9 wp-has-aspect-ratio\"><div class=\"wp-block-embed__wrapper\">\n<p class=\"responsive-video-wrap clr\"><iframe title=\"[Estalactites e estalagmites]\" width=\"1200\" height=\"675\" src=\"https:\/\/www.youtube.com\/embed\/v9Ntufjrpzw?feature=oembed\" frameborder=\"0\" allow=\"accelerometer; autoplay; clipboard-write; encrypted-media; gyroscope; picture-in-picture; web-share\" referrerpolicy=\"strict-origin-when-cross-origin\" allowfullscreen><\/iframe><\/p>\n<\/div><figcaption class=\"wp-element-caption\">Canal Mariana Araguaia \u201cEstalactites e estalagmites\u201d. Dispon\u00edvel em &lt;<a rel=\"noreferrer noopener\" href=\"https:\/\/youtu.be\/v9Ntufjrpzw\" target=\"_blank\">https:\/\/youtu.be\/v9Ntufjrpzw<\/a>&gt;. Acesso em fev. 2022.<\/figcaption><\/figure>\n\n\n\n<figure class=\"wp-block-table is-style-stripes\"><table><tbody><tr><td><strong>Autoria<\/strong>:<\/td><td>Mariana Araguaia<\/td><\/tr><tr><td><strong>Forma\u00e7\u00e3o:<\/strong><\/td><td>Ci\u00eancias Biol\u00f3gicas<\/td><\/tr><tr><td><strong>Componente curricular<\/strong>:<\/td><td>Ci\u00eancias da Natureza<\/td><\/tr><tr><td><strong>Habilidade<\/strong>:<\/td><td>(EF06CI12) Identificar diferentes tipos de rocha, relacionando a forma\u00e7\u00e3o de f\u00f3sseis \u00e0s rochas sedimentares em diferentes per\u00edodos geol\u00f3gicos.<\/td><\/tr><tr><td><strong>Refer\u00eancias:<\/strong><\/td><td>FIOCRUZ. Centenas de fam\u00edlias de comunidade tradicionais s\u00e3o atingidas pela minera\u00e7\u00e3o em Minas Gerais e no Esp\u00edrito Santo. Mapa de Conflitos. Dispon\u00edvel em &lt;https:\/\/mapadeconflitos.ensp.fiocruz.br\/conflito\/mg-centenas-de-familias-de-comunidade-tradicionais-sao-atingidas-pela-mineracao-em-minas-gerais-e-no-espirito-santo\/&gt;. Acesso em 10\/02\/2022.&nbsp;&nbsp;<br><br>BRASIL. Rochas sedimentares. Geoci\u00eancias USP. Dispon\u00edvel em &lt;https:\/\/tinyurl.com\/27yjakps&gt;. Acesso em fev. 2022.<br><br>______. O que s\u00e3o rochas? Museu Virtual de Solos, Rochas e Minerais &#8211; UFPEL. Dispon\u00edvel em &lt;https:\/\/wp.ufpel.edu.br\/museudesolosrochaseminerais\/rochas\/&gt;. Acesso em fev. 2022.<br><br>CARNEVALLE, M. R. Ararib\u00e1 mais Ci\u00eancias: 6\u00ba ano: ensino fundamental: anos finais. 1. ed. S\u00e3o Paulo: Moderna, 2018. 272 p.<br><br>GOI\u00c1S. Documento Curricular para Goi\u00e1s \u2013 Ampliado &#8211; Volume III Ensino Fundamental Anos Finais. Dispon\u00edvel em <a href=\"https:\/\/sme.goiania.go.gov.br\/site\/index.php\/institucional\/documentos-oficiais-2\/category\/27-documentos-gerais\">https:\/\/sme.goiania.go.gov.br\/site\/index.php\/institucional\/documentos-oficiais-2\/category\/27-documentos-gerais<\/a>. Acesso em 08\/04\/2024.<br><br><strong>______<\/strong>. Documento Curricular para Goi\u00e1s \u2013 Ampliado \u2013 Cortes Temporais. CONSED; UNDIME, 2019. p. 143. Dispon\u00edvel em: . Acesso em 08\/04\/2024.<br><br>HIRANAKA. R. A. B.; HORTENCIO, T. M. A. Inspire Ci\u00eancias: 6\u00ba ano: ensino fundamental: anos finais. 1. ed. S\u00e3o Paulo: FTD, 2018. 256 p.<br><br>NORONHA, Carina. Os principais min\u00e9rios do Brasil. Blog Jazida. Dispon\u00edvel em &lt;https:\/\/blog.jazida.com\/os-principais-minerios-do-brasil&gt;. Acesso em fev. 2022.<br><br>QUEIROZ, Layza; REIS, Lethicia; VIEIRA, Larissa. A luta dos povos ind\u00edgenas, quilombolas e de comunidades tradicionais frente \u00e0 minera\u00e7\u00e3o. Coletivo Margarida Alves. Dispon\u00edvel em &lt;https:\/\/tinyurl.com\/rbtvuuh9&gt;. Acesso em fev. 2022.<\/td><\/tr><\/tbody><\/table><\/figure>\n\n\n\n<p><\/p>\n","protected":false},"author":26,"featured_media":137143,"template":"","ef_categoria":[28],"ef_ano":[89],"ef_componente":[98],"class_list":["post-137142","ensino_fundamental","type-ensino_fundamental","status-publish","has-post-thumbnail","hentry","ef_categoria-educacao-ambiental-e-saude-ciclo-da-adolescencia-fg","ef_ano-6o-ano","ef_componente-ciencia-da-natureza-ef","entry","has-media"],"acf":[],"_links":{"self":[{"href":"https:\/\/sme.goiania.go.gov.br\/conexaoescola\/wp-json\/wp\/v2\/ensino_fundamental\/137142","targetHints":{"allow":["GET"]}}],"collection":[{"href":"https:\/\/sme.goiania.go.gov.br\/conexaoescola\/wp-json\/wp\/v2\/ensino_fundamental"}],"about":[{"href":"https:\/\/sme.goiania.go.gov.br\/conexaoescola\/wp-json\/wp\/v2\/types\/ensino_fundamental"}],"author":[{"embeddable":true,"href":"https:\/\/sme.goiania.go.gov.br\/conexaoescola\/wp-json\/wp\/v2\/users\/26"}],"version-history":[{"count":22,"href":"https:\/\/sme.goiania.go.gov.br\/conexaoescola\/wp-json\/wp\/v2\/ensino_fundamental\/137142\/revisions"}],"predecessor-version":[{"id":202649,"href":"https:\/\/sme.goiania.go.gov.br\/conexaoescola\/wp-json\/wp\/v2\/ensino_fundamental\/137142\/revisions\/202649"}],"wp:featuredmedia":[{"embeddable":true,"href":"https:\/\/sme.goiania.go.gov.br\/conexaoescola\/wp-json\/wp\/v2\/media\/137143"}],"wp:attachment":[{"href":"https:\/\/sme.goiania.go.gov.br\/conexaoescola\/wp-json\/wp\/v2\/media?parent=137142"}],"wp:term":[{"taxonomy":"ef_categoria","embeddable":true,"href":"https:\/\/sme.goiania.go.gov.br\/conexaoescola\/wp-json\/wp\/v2\/ef_categoria?post=137142"},{"taxonomy":"ef_ano","embeddable":true,"href":"https:\/\/sme.goiania.go.gov.br\/conexaoescola\/wp-json\/wp\/v2\/ef_ano?post=137142"},{"taxonomy":"ef_componente","embeddable":true,"href":"https:\/\/sme.goiania.go.gov.br\/conexaoescola\/wp-json\/wp\/v2\/ef_componente?post=137142"}],"curies":[{"name":"wp","href":"https:\/\/api.w.org\/{rel}","templated":true}]}}