{"id":137123,"date":"2022-02-19T13:11:32","date_gmt":"2022-02-19T15:11:32","guid":{"rendered":"https:\/\/sme.goiania.go.gov.br\/conexaoescola\/?post_type=ensino_fundamental&#038;p=137123"},"modified":"2023-03-27T18:55:51","modified_gmt":"2023-03-27T21:55:51","slug":"matematica-numeros-em-toda-parte","status":"publish","type":"ensino_fundamental","link":"https:\/\/sme.goiania.go.gov.br\/conexaoescola\/ensino_fundamental\/matematica-numeros-em-toda-parte\/","title":{"rendered":"Matem\u00e1tica &#8211; N\u00fameros em toda parte"},"content":{"rendered":"\n<p class=\"has-text-align-center has-background has-medium-font-size\" style=\"background-color:#cf2d2d80\"><strong>Esta atividade tem como base as Sequ\u00eancias Did\u00e1ticas propostas pelo Programa Aprender Sempre, da SME-Goi\u00e2nia, com base no DC-GO &#8211; Ampliado e est\u00e1 destinada a estudantes do 5\u00ba ano do Ensino Fundamental <\/strong><\/p>\n\n\n\n<div class=\"wp-block-buttons has-custom-font-size is-content-justification-center is-layout-flex wp-container-core-buttons-is-layout-16018d1d wp-block-buttons-is-layout-flex\" style=\"font-size:12px\">\n<div class=\"wp-block-button\"><a class=\"wp-block-button__link wp-element-button\" href=\"https:\/\/docs.google.com\/document\/d\/1sJKoPaoodxJX44CLuqR1CsEo-dMzYUkl\/copy\" target=\"_blank\" rel=\"noreferrer noopener\">Baixe atividade<\/a><\/div>\n\n\n\n<div class=\"wp-block-button\"><a class=\"wp-block-button__link wp-element-button\" href=\"https:\/\/docs.google.com\/presentation\/d\/1quJx3MvQbRNlI47AOMfK4b4fAoS5Qic2\/copy\" target=\"_blank\" rel=\"noreferrer noopener\">Baixe slide<\/a><\/div>\n\n\n\n<div class=\"wp-block-button\"><a class=\"wp-block-button__link wp-element-button\" href=\"https:\/\/docs.google.com\/document\/d\/1zuhvRk1K3FoxYbeVI1Ky495oTfHpvZkw\/copy\" target=\"_blank\" rel=\"noreferrer noopener\">Baixe texto <\/a><\/div>\n<\/div>\n\n\n\n<figure class=\"wp-block-image size-large is-resized is-style-rounded\"><img fetchpriority=\"high\" decoding=\"async\" src=\"https:\/\/sme.goiania.go.gov.br\/conexaoescola\/wp-content\/uploads\/2022\/02\/8313e4f7-b9f1-4975-9fad-a015bef6025d-e1645283203598-1024x763.jpg\" alt=\"\" class=\"wp-image-137132\" width=\"768\" height=\"572\" srcset=\"https:\/\/sme.goiania.go.gov.br\/conexaoescola\/wp-content\/uploads\/2022\/02\/8313e4f7-b9f1-4975-9fad-a015bef6025d-e1645283203598-1024x763.jpg 1024w, https:\/\/sme.goiania.go.gov.br\/conexaoescola\/wp-content\/uploads\/2022\/02\/8313e4f7-b9f1-4975-9fad-a015bef6025d-e1645283203598-300x224.jpg 300w, https:\/\/sme.goiania.go.gov.br\/conexaoescola\/wp-content\/uploads\/2022\/02\/8313e4f7-b9f1-4975-9fad-a015bef6025d-e1645283203598-768x572.jpg 768w, https:\/\/sme.goiania.go.gov.br\/conexaoescola\/wp-content\/uploads\/2022\/02\/8313e4f7-b9f1-4975-9fad-a015bef6025d-e1645283203598.jpg 1280w\" sizes=\"(max-width: 768px) 100vw, 768px\" \/><figcaption class=\"wp-element-caption\">Dispon\u00edvel em:<a href=\"https:\/\/cutt.ly\/EPQSim2\" target=\"_blank\" rel=\"noreferrer noopener\"> https:\/\/cutt.ly\/EPQSim2<\/a>, acesso em 19\/02\/2022<\/figcaption><\/figure>\n\n\n\n<p class=\"has-text-align-center has-medium-font-size\"><strong>A import\u00e2ncia dos n\u00fameros<\/strong><\/p>\n\n\n\n<p class=\"has-medium-font-size\">Os n\u00fameros s\u00e3o uma ferramenta fundamental em nossa vida e sua import\u00e2ncia est\u00e1 presente em diversas \u00e1reas do conhecimento, desde a matem\u00e1tica at\u00e9 as ci\u00eancias sociais e naturais. Os n\u00fameros servem para:<\/p>\n\n\n\n<p class=\"has-medium-font-size\"><strong>Medir<\/strong>: Os n\u00fameros s\u00e3o essenciais para medir quantidades, tais como tempo, comprimento, peso, temperatura, etc.&nbsp;<\/p>\n\n\n<div class=\"wp-block-image\">\n<figure class=\"aligncenter is-resized\"><img decoding=\"async\" src=\"https:\/\/lh6.googleusercontent.com\/q88KQpakaT9MJ8jL4NuctuevyRGYXrN9JXHJo-HrO0JLeStsu9GVNK4KAco--kTF6Km-nBp8uU0R8CuXfCs_mQt5G7L70ZouGt5bxnCsX80SLG78JvXcVqh1VW7itQAtXFDGn6BFrQU\" alt=\"\" width=\"302\" height=\"213\"\/><figcaption class=\"wp-element-caption\">Imagem criada no Canva<\/figcaption><\/figure><\/div>\n\n\n<p class=\"has-medium-font-size\"><strong>Quantificar<\/strong>: Os n\u00fameros s\u00e3o usados para realizar c\u00e1lculos, tanto simples como complexos. Isso permite que fa\u00e7amos coisas como calcular o pre\u00e7o de itens no supermercado, or\u00e7ar projetos e entender rela\u00e7\u00f5es matem\u00e1ticas em outras \u00e1reas do conhecimento.<\/p>\n\n\n<div class=\"wp-block-image\">\n<figure class=\"aligncenter is-resized\"><img decoding=\"async\" src=\"https:\/\/lh3.googleusercontent.com\/sLtVZTzcIQRfSpc0wqx4I4b30lUlP1jRZt5R66X70cmYJdb6lcNCUtsmK3QA3O3CMO1pLbp2K-qMzNeo3y-ZydN5OJ5CYS4L_485h4nsKaTvNYmMNkGcCg5NVCkgw0lUCWNV2h9tf4o\" alt=\"\" width=\"269\" height=\"269\"\/><figcaption class=\"wp-element-caption\">Imagem criada no Canva<\/figcaption><\/figure><\/div>\n\n\n<p class=\"has-medium-font-size\"><strong>Codificar<\/strong>: N\u00fameros de telefone, c\u00f3digos de barras em produtos s\u00e3o exemplos de c\u00f3digos que utilizam n\u00fameros.<\/p>\n\n\n<div class=\"wp-block-image\">\n<figure class=\"aligncenter is-resized\"><img loading=\"lazy\" decoding=\"async\" src=\"https:\/\/lh5.googleusercontent.com\/2_17bWsiJdifKPH49gar16ywDyq0F58whmzVSkPxIeAYPCR2NLiXrmbQZF4AM-VU34vlsTwu_jUD-h_-T8_U_8NF24Kt4yD6F61xn6SDyUzpZbMlk_UE2VDRNMO1ylSyIdEnNtfVUWs\" alt=\"\" width=\"238\" height=\"238\"\/><figcaption class=\"wp-element-caption\">Imagem criada no Canva<\/figcaption><\/figure><\/div>\n\n\n<p class=\"has-medium-font-size\">Algumas \u00e1reas em que os n\u00fameros s\u00e3o muito importantes:<\/p>\n\n\n\n<p class=\"has-medium-font-size\"><strong>Ci\u00eancia<\/strong>: Os n\u00fameros s\u00e3o utilizados para medir e descrever fen\u00f4menos naturais, como a velocidade da luz, a temperatura do sol e a massa de planetas.<\/p>\n\n\n<div class=\"wp-block-image\">\n<figure class=\"aligncenter is-resized\"><img loading=\"lazy\" decoding=\"async\" src=\"https:\/\/lh3.googleusercontent.com\/5ufiwlVJ9BviE6GLbYhuFrN1TJx7K8QsrvMLrlJ1mqtk-wVOFwuXy9OuA0xva9PTP6GlM2aqXDbphT6GDuuK8GIQfopIQJ6dz7KN6MQasrtPHBfLgoxKyNBA9bFtHg9Z6wJzDi4qhu8\" alt=\"\" width=\"237\" height=\"237\"\/><figcaption class=\"wp-element-caption\">Imagem criada no Canva<\/figcaption><\/figure><\/div>\n\n\n<p class=\"has-medium-font-size\"><strong>Tecnologia<\/strong>: A eletr\u00f4nica, a inform\u00e1tica e outras tecnologias avan\u00e7adas dependem de n\u00fameros e c\u00e1lculos precisos para funcionar corretamente.<\/p>\n\n\n<div class=\"wp-block-image\">\n<figure class=\"aligncenter is-resized\"><img loading=\"lazy\" decoding=\"async\" src=\"https:\/\/lh5.googleusercontent.com\/icZMuEacd4GuITV2tratLKZVkjJ95SjibG2REZRVp3uUD3hAXkFZoicX_MU3xmxzR4CPu9cLz-T4ANQlGW_4cMe6niCBwE_NuOt3VpzMH7PY33E343ARSfuFXYwDpbW0RRq0da5xT-U\" alt=\"\" width=\"210\" height=\"297\"\/><figcaption class=\"wp-element-caption\">Imagem criada no Canva<\/figcaption><\/figure><\/div>\n\n\n<p class=\"has-medium-font-size\"><strong>Economia<\/strong>: Atrav\u00e9s da an\u00e1lise de dados num\u00e9ricos, \u00e9 poss\u00edvel fazer previs\u00f5es e tomar decis\u00f5es informadas sobre investimentos, or\u00e7amentos e pol\u00edticas econ\u00f4micas.<\/p>\n\n\n<div class=\"wp-block-image\">\n<figure class=\"aligncenter is-resized\"><img loading=\"lazy\" decoding=\"async\" src=\"https:\/\/lh6.googleusercontent.com\/ZzZEv48m1Mbr_P_fRzAMiSi3yMng1_ovTSJ2OpdWLI3FVbUaHDhKVn_wwRMDxmLW3jtGzgAFeCuZoLXYP8tc4QKWp2t_01flTSmkB0D-TBjguugnb9-DJA1Uea2k-xdfPn64n7W152c\" alt=\"\" width=\"213\" height=\"213\"\/><figcaption class=\"wp-element-caption\">Imagem criada no Canva<\/figcaption><\/figure><\/div>\n\n\n<p class=\"has-medium-font-size\">Em resumo, os n\u00fameros s\u00e3o uma ferramenta essencial em nossa vida e em diversas \u00e1reas do conhecimento, sendo essencial para a compreens\u00e3o do mundo ao nosso redor e para o desenvolvimento de tecnologias e ci\u00eancias avan\u00e7adas.<\/p>\n\n\n\n<p class=\"has-text-align-center has-background has-medium-font-size\" style=\"background-color:#cf2d2d80\"><strong>Assista a videoaula a seguir:<\/strong><\/p>\n\n\n\n<figure class=\"wp-block-embed is-type-video is-provider-youtube wp-block-embed-youtube wp-embed-aspect-16-9 wp-has-aspect-ratio\"><div class=\"wp-block-embed__wrapper\">\n<p class=\"responsive-video-wrap clr\"><iframe title=\"Aprender Sempre - Matem\u00e1tica - 5\u00ba Ano - 1\u00ba Bim - Videoaula 1 - N\u00fameros em toda parte\" width=\"1200\" height=\"675\" src=\"https:\/\/www.youtube.com\/embed\/-aiNrMHlp5U?start=19&#038;feature=oembed\" frameborder=\"0\" allow=\"accelerometer; autoplay; clipboard-write; encrypted-media; gyroscope; picture-in-picture; web-share\" allowfullscreen><\/iframe><\/p>\n<\/div><figcaption class=\"wp-element-caption\">Canal Portal Conex\u00e3o Escola &#8220;Aprender Sempre &#8211; Matem\u00e1tica &#8211; 5\u00ba Ano &#8211; 1\u00baBi &#8211; Videoaula1 &#8211; N\u00daMEROS EM TODA PARTE&#8221;, dispon\u00edvel em &lt;<a rel=\"noreferrer noopener\" href=\"https:\/\/youtu.be\/-aiNrMHlp5U\" target=\"_blank\">https:\/\/youtu.be\/-aiNrMHlp5U<\/a>&gt;<\/figcaption><\/figure>\n\n\n\n<p class=\"has-background has-medium-font-size\" style=\"background-color:#fff8a8\"><strong>Quest\u00e3o 1 <\/strong><\/p>\n\n\n\n<p class=\"has-text-align-center has-vivid-red-color has-text-color has-medium-font-size\"><strong>DESAFIO:<\/strong><\/p>\n\n\n\n<p class=\"has-medium-font-size\">Pesquise os seguintes dados e registre, <strong>em n\u00fameros<\/strong>, o que voc\u00ea descobriu. Voc\u00ea pode pedir a ajuda de seus pais ou de algum adulto para fazer essas descobertas.<\/p>\n\n\n\n<p class=\"has-medium-font-size\">Qual o seu peso?<\/p>\n\n\n\n<p class=\"has-medium-font-size\">E sua altura? <\/p>\n\n\n\n<p class=\"has-medium-font-size\">Qual o n\u00famero da sua casa? <\/p>\n\n\n\n<p class=\"has-medium-font-size\">E do seu cal\u00e7ado? <\/p>\n\n\n\n<p class=\"has-medium-font-size\">A pessoa mais velha da sua casa tem qual idade? <\/p>\n\n\n\n<p class=\"has-medium-font-size\">E a mais nova? <\/p>\n\n\n\n<p class=\"has-background has-medium-font-size\" style=\"background-color:#fff8a8\"><strong>Quest\u00e3o 2 <\/strong><\/p>\n\n\n\n<p class=\"has-medium-font-size\">Leia um pouco sobre a hist\u00f3ria de Goi\u00e2nia no texto abaixo:<\/p>\n\n\n\n<p class=\"has-medium-font-size\"><em>Constru\u00edda inicialmente para 50 mil habitantes, Goi\u00e2nia experimentou um crescimento moderado at\u00e9 1955. Entretanto, devido a uma s\u00e9rie de fatores, como a chegada da estrada de ferro, em 1951, a retomada da pol\u00edtica de interioriza\u00e7\u00e3o de Get\u00falio Vargas, de 1951 a 1954, a inaugura\u00e7\u00e3o da Usina do Rochedo, em 1955, e constru\u00e7\u00e3o de Bras\u00edlia, de 1954 a 1960, cerca de 150 mil pessoas j\u00e1 habitavam a nova capital em 1965. Apenas na d\u00e9cada de 1960, Goi\u00e2nia ganhou cerca de 125 novos bairros e tudo isso exigia mais infraestrutura, energia, transporte e escolas.<\/em><\/p>\n\n\n<div class=\"wp-block-image is-style-rounded\">\n<figure class=\"aligncenter size-full\"><img loading=\"lazy\" decoding=\"async\" width=\"549\" height=\"352\" src=\"https:\/\/sme.goiania.go.gov.br\/conexaoescola\/wp-content\/uploads\/2022\/02\/Captura-de-tela-2022-02-19-115637-e1645282600120.jpg\" alt=\"\" class=\"wp-image-137125\" srcset=\"https:\/\/sme.goiania.go.gov.br\/conexaoescola\/wp-content\/uploads\/2022\/02\/Captura-de-tela-2022-02-19-115637-e1645282600120.jpg 549w, https:\/\/sme.goiania.go.gov.br\/conexaoescola\/wp-content\/uploads\/2022\/02\/Captura-de-tela-2022-02-19-115637-e1645282600120-300x192.jpg 300w\" sizes=\"(max-width: 549px) 100vw, 549px\" \/><figcaption class=\"wp-element-caption\">Dispon\u00edvel em: &lt;<a href=\"https:\/\/cutt.ly\/mOh6o5s\">https:\/\/cutt.ly\/mOh6o5s<\/a>&gt; acesso em 30, jan. 22.<https: cutt.ly=\"\" moh6o5s=\"\">.<\/https:><\/figcaption><\/figure><\/div>\n\n\n<p class=\"has-medium-font-size\">Escreva, <strong>por extenso<\/strong>, os n\u00fameros pedidos:<\/p>\n\n\n\n<p class=\"has-medium-font-size\">O <strong>maior<\/strong>: <\/p>\n\n\n\n<p class=\"has-medium-font-size\">O <strong>menor<\/strong>: <\/p>\n\n\n\n<p class=\"has-medium-font-size\">Um que indique o <strong>n\u00famero de habitantes<\/strong>:<\/p>\n\n\n\n<p class=\"has-medium-font-size\">Um que indique <strong>ano<\/strong>:&nbsp;<\/p>\n\n\n\n<p class=\"has-medium-font-size\">Um que indique a <strong>quantidade de bairros<\/strong>:<\/p>\n\n\n\n<p class=\"has-background has-medium-font-size\" style=\"background-color:#fff8a8\"><strong>Quest\u00e3o 3<\/strong><\/p>\n\n\n\n<p class=\"has-medium-font-size\">Faltam 31 dias para a formatura de J\u00e9ssica. Quantas semanas completas faltam para a formatura dela?<\/p>\n\n\n\n<p class=\"has-medium-font-size\">a) 6<\/p>\n\n\n\n<p class=\"has-medium-font-size\">b) 5<\/p>\n\n\n\n<p class=\"has-medium-font-size\">c) 4<\/p>\n\n\n\n<p class=\"has-medium-font-size\">d) 3<\/p>\n\n\n\n<p class=\"has-background has-medium-font-size\" style=\"background-color:#fff8a8\"><strong>Quest\u00e3o 4<\/strong><\/p>\n\n\n\n<p class=\"has-medium-font-size\">Observe a imagem:<\/p>\n\n\n\n<p class=\"has-medium-font-size\">Supondo que a lista come\u00e7a na coluna do lado esquerdo, qual o 10\u00ba item?<\/p>\n\n\n<div class=\"wp-block-image\">\n<figure class=\"aligncenter is-resized\"><img loading=\"lazy\" decoding=\"async\" src=\"https:\/\/lh5.googleusercontent.com\/SW-MlrsnuRYUmrUCPM_LrDVefmkPk6Rq8pjqP1UHWdf3gE7wICzlFbi19K53JIGqfSUXkYepyQ-BONX_QaSocxSIJbjKHFjJkId0Snv4FiPNbSyUJtPAmcjNMGrTIRRLY9kPd_Yfo2Q\" alt=\"\" width=\"333\" height=\"443\"\/><figcaption class=\"wp-element-caption\">Imagem criada no Canva<\/figcaption><\/figure><\/div>\n\n\n<p class=\"has-medium-font-size\">Supondo que a lista come\u00e7a na coluna do lado esquerdo, qual o 10\u00ba item?<\/p>\n\n\n\n<p class=\"has-medium-font-size\">a) Caderno de desenho <\/p>\n\n\n\n<p class=\"has-medium-font-size\">b) Tesoura <\/p>\n\n\n\n<p class=\"has-medium-font-size\">c) Cola <\/p>\n\n\n\n<p class=\"has-medium-font-size\">d) Caneta vermelha <\/p>\n\n\n\n<hr class=\"wp-block-separator has-css-opacity\"\/>\n\n\n\n<p class=\"has-medium-font-size\">Por Lucyana Oliveira Borba&nbsp;<\/p>\n\n\n\n<p class=\"has-medium-font-size\">Graduada em Pedagogia<\/p>\n\n\n\n<figure class=\"wp-block-table is-style-stripes\"><table><tbody><tr><td><strong>Componente Curricular<\/strong><\/td><td>Matem\u00e1tica<\/td><\/tr><tr><td><strong>Habilidades<\/strong><\/td><td>(EF05MA01-A) Ler, escrever, comparar e ordenar n\u00fameros naturais at\u00e9 a ordem das centenas de milhar com compreens\u00e3o das principais caracter\u00edsticas do sistema de numera\u00e7\u00e3o decimal, com e sem a utiliza\u00e7\u00e3o de material manipul\u00e1vel.<\/td><\/tr><\/tbody><\/table><\/figure>\n\n\n\n<figure class=\"wp-block-table is-style-stripes\"><table><tbody><tr><td><strong>Refer\u00eancias:<\/strong><\/td><td>BRASIL. Minist\u00e9rio da Educa\u00e7\u00e3o. Base Nacional Comum Curricular. Bras\u00edlia, 2018.<br>GOI\u00c2NIA. Secretaria Municipal de Educa\u00e7\u00e3o. Aprender sempre. 5\u00b0. Ano &#8211; Ensino Fundamental; L\u00edngua Portuguesa e Matem\u00e1tica; 1\u00b0. Bimestre; Goi\u00e2nia, 2022.<br>Documento Curricular para Goi\u00e1s (DC-GO). Goi\u00e2nia\/GO: CONSED\/ UNDIME Goi\u00e1s, 2018.&nbsp;Dispon\u00edvel em: &lt;<a href=\"https:\/\/cutt.ly\/MOsX7AS\">https:\/\/cutt.ly\/MOsX7AS<\/a>&gt; acessado em 29, jan. 22.<\/td><\/tr><\/tbody><\/table><\/figure>\n","protected":false},"author":46,"featured_media":137132,"template":"","ef_categoria":[13,19],"ef_ano":[88],"ef_componente":[94],"class_list":["post-137123","ensino_fundamental","type-ensino_fundamental","status-publish","has-post-thumbnail","hentry","ef_categoria-ciclo-da-infancia-abc","ef_categoria-educacao-financeira-e-empreendedorismo","ef_ano-5o-ano","ef_componente-matematica","entry","has-media"],"acf":[],"_links":{"self":[{"href":"https:\/\/sme.goiania.go.gov.br\/conexaoescola\/wp-json\/wp\/v2\/ensino_fundamental\/137123","targetHints":{"allow":["GET"]}}],"collection":[{"href":"https:\/\/sme.goiania.go.gov.br\/conexaoescola\/wp-json\/wp\/v2\/ensino_fundamental"}],"about":[{"href":"https:\/\/sme.goiania.go.gov.br\/conexaoescola\/wp-json\/wp\/v2\/types\/ensino_fundamental"}],"author":[{"embeddable":true,"href":"https:\/\/sme.goiania.go.gov.br\/conexaoescola\/wp-json\/wp\/v2\/users\/46"}],"version-history":[{"count":3,"href":"https:\/\/sme.goiania.go.gov.br\/conexaoescola\/wp-json\/wp\/v2\/ensino_fundamental\/137123\/revisions"}],"predecessor-version":[{"id":159873,"href":"https:\/\/sme.goiania.go.gov.br\/conexaoescola\/wp-json\/wp\/v2\/ensino_fundamental\/137123\/revisions\/159873"}],"wp:featuredmedia":[{"embeddable":true,"href":"https:\/\/sme.goiania.go.gov.br\/conexaoescola\/wp-json\/wp\/v2\/media\/137132"}],"wp:attachment":[{"href":"https:\/\/sme.goiania.go.gov.br\/conexaoescola\/wp-json\/wp\/v2\/media?parent=137123"}],"wp:term":[{"taxonomy":"ef_categoria","embeddable":true,"href":"https:\/\/sme.goiania.go.gov.br\/conexaoescola\/wp-json\/wp\/v2\/ef_categoria?post=137123"},{"taxonomy":"ef_ano","embeddable":true,"href":"https:\/\/sme.goiania.go.gov.br\/conexaoescola\/wp-json\/wp\/v2\/ef_ano?post=137123"},{"taxonomy":"ef_componente","embeddable":true,"href":"https:\/\/sme.goiania.go.gov.br\/conexaoescola\/wp-json\/wp\/v2\/ef_componente?post=137123"}],"curies":[{"name":"wp","href":"https:\/\/api.w.org\/{rel}","templated":true}]}}