{"id":136819,"date":"2022-02-15T17:19:58","date_gmt":"2022-02-15T19:19:58","guid":{"rendered":"https:\/\/sme.goiania.go.gov.br\/conexaoescola\/?post_type=ensino_fundamental&#038;p=136819"},"modified":"2022-09-12T07:12:16","modified_gmt":"2022-09-12T10:12:16","slug":"geografia-o-sujeito-e-o-seu-lugar-no-mundo-espaco-vivido-sujeito-e-cotidiano","status":"publish","type":"ensino_fundamental","link":"https:\/\/sme.goiania.go.gov.br\/conexaoescola\/ensino_fundamental\/geografia-o-sujeito-e-o-seu-lugar-no-mundo-espaco-vivido-sujeito-e-cotidiano\/","title":{"rendered":"Geografia &#8211; O sujeito e o seu lugar no mundo: espa\u00e7o vivido e cotidiano"},"content":{"rendered":"\n<p class=\"has-text-align-center has-background has-medium-font-size\" style=\"background-color:#e5f5e5\"> Esta proposta de atividade de <strong>Geografia<\/strong> \u00e9 destinada aos estudantes do <strong>1\u00b0 ano <\/strong>do Ensino Fundamental<\/p>\n\n\n\n<p class=\"has-text-align-center has-medium-font-size\">SOMOS DIFERENTES E VIVEMOS COM PESSOAS DIFERENTES. CADA FAM\u00cdLIA \u00c9 DE UM JEITO. H\u00c1 FAM\u00cdLIAS FORMADAS POR MUITA GENTE E OUTRAS POR APENAS DUAS PESSOAS. VOC\u00ca J\u00c1 VIU ALGUMA FAM\u00cdLIA IGUAL A SUA?<\/p>\n\n\n\n<p> <img decoding=\"async\" src=\"https:\/\/lh6.googleusercontent.com\/cENnlDJJoPQuJFRBHtr3Fl1Kuf5dOe8WJIcYVEE8TzATdGtI_Vby8WkLn_gC5_08ct_yV0H-wEnrwMIFMvvfbh2bfZhkVfRleFUIbDzeAl2Hc41qcBapUkPxKekPzZYsDg\" style=\"width: undefinedpx;\"> <\/p>\n\n\n\n<p class=\"has-text-align-center has-background has-medium-font-size\" style=\"background-color:#e5f5e5\">VIVEMOS NUM GRUPO SOCIAL E FAZEMOS MUITAS COISAS JUNTOS. ALGUMAS PESSOAS QUE CONVIVEMOS S\u00c3O T\u00c3O IMPORTANTES QUE PARECEM FAZER PARTE DA NOSSA FAM\u00cdLIA.<\/p>\n\n\n\n<p><img decoding=\"async\" src=\"https:\/\/lh4.googleusercontent.com\/yBeVWh6ExgHCknnFHORl4v6UnTRA7wksIRMwNY36iD0bGTIN8OWa2swSIVZe8diSkMkgO_EtRrf_CWEoUEL2GGY0s4gr-jaYT63PUZbT8GMI6hWRAq4MJ9kUi7z3FAKxWw\" style=\"width: undefinedpx;\"><\/p>\n\n\n\n<figure class=\"wp-block-embed is-type-video is-provider-youtube wp-block-embed-youtube wp-embed-aspect-4-3 wp-has-aspect-ratio\"><div class=\"wp-block-embed__wrapper\">\n<p class=\"responsive-video-wrap clr\"><iframe title=\"PEDRO E TINA: uma amizade muito especial - Hora do conto\" width=\"1200\" height=\"900\" src=\"https:\/\/www.youtube.com\/embed\/p-fS7KqaqSA?feature=oembed\" frameborder=\"0\" allow=\"accelerometer; autoplay; clipboard-write; encrypted-media; gyroscope; picture-in-picture\" allowfullscreen><\/iframe><\/p>\n<\/div><figcaption>Canal: <a href=\"https:\/\/www.youtube.com\/channel\/UCK7IS81gTx4QmfkkraM3GjQ\">HORA DO CONTO: Tati conta hist\u00f3rias<\/a> &#8220;PEDRO E TINA: uma amizade muito especial &#8211; Hora do conto&#8221;. Dispon\u00edvel em: &lt;https:\/\/www.youtube.com\/watch?v=p-fS7KqaqSA&gt; acesso em 18 fev 2022.<\/figcaption><\/figure>\n\n\n\n<p class=\"has-text-align-center has-medium-font-size\"><strong>E VOC\u00ca TEM UM<em> <\/em>AMIGO ESPECIAL?&nbsp;INSEPAR\u00c1VEL?<\/strong><\/p>\n\n\n\n<p class=\"has-medium-font-size\"><strong>VAMOS FAZER AS ATIVIDADES? <\/strong><\/p>\n\n\n\n<p class=\"has-background has-medium-font-size\" style=\"background-color:#e5f5e5\"><strong>QUEST\u00c3O 1<\/strong><\/p>\n\n\n\n<p class=\"has-black-color has-text-color has-medium-font-size\">COM NOSSOS AMIGOS PODEMOS BRINCAR DE V\u00c1RIAS COISAS. FA\u00c7A UM DESENHO BEM LEGAL QUE MOSTRE VOC\u00ca JUNTINHO COM SEUS AMIGOS.&nbsp;<br><\/p>\n\n\n\n<p class=\"has-background has-medium-font-size\" style=\"background-color:#e5f5e5\"><strong>QUEST\u00c3O 2<\/strong><\/p>\n\n\n\n<p class=\"has-medium-font-size\">AGORA, TENTE ESCREVER UMA LISTA DE BRINCADEIRAS QUE VOC\u00ca GOSTA:<\/p>\n\n\n\n<p class=\"has-text-align-center\"><img decoding=\"async\" src=\"https:\/\/lh3.googleusercontent.com\/yLQFyAqZOZ-Q5qu8eIHu5HIO3iB8Pm7cv5CLLh65Bvepqm3RRLXGm0kFc5dAyKjYQ6d59N0prT71zLwMOenuecwBZl_lN-Nl83iZQsx6rRR9qrA7kp6Yi2r0NWA-5ueSkyPjJq3z\" style=\"width: undefinedpx;\"><\/p>\n\n\n\n<hr class=\"wp-block-separator\"\/>\n\n\n\n<p class=\"has-background has-medium-font-size\" style=\"background-color:#e2edf2\"><strong>Acesse os materiais referentes a essa atividade clicando aqui:<\/strong> <a href=\"https:\/\/sme.goiania.go.gov.br\/conexaoescola\/propostas_didaticas\/propostas-didaticas-geografia-1o-ano\/\" target=\"_blank\" rel=\"noreferrer noopener\">https:\/\/sme.goiania.go.gov.br\/conexaoescola\/propostas_didaticas\/propostas-didaticas-geografia-1o-ano\/<\/a><\/p>\n\n\n\n<hr class=\"wp-block-separator\"\/>\n\n\n\n<figure class=\"wp-block-table is-style-stripes\"><table><tbody><tr><td> <strong>Componente Curricular:<\/strong> <\/td><td> Geografia<\/td><\/tr><tr><td> <strong>Habilidade:<\/strong> <\/td><td>(EF01GE01-A) identificar-se e reconhecer-se como um sujeito no seu cotidiano e integrante de um espa\u00e7o vivenciado. <\/td><\/tr><\/tbody><\/table><\/figure>\n\n\n\n<hr class=\"wp-block-separator\"\/>\n\n\n\n<figure class=\"wp-block-table is-style-stripes\"><table><tbody><tr><td>BASTOS, Ana Cl\u00e1udia. <strong>Fam\u00edlia de todo jeito.<\/strong> Rio de Janeiro: Zit Editora, 2016.<br>KING, Stephen Michael. <strong>Pedro e Tina:<\/strong> uma amizade muito especial. Brinque Book, S\u00e3o Paulo, 1999.<br>GOI\u00c2NIA. Secretaria Municipal de Educa\u00e7\u00e3o. <strong>Aprender sempre. <\/strong>1o. Ano &#8211; Ensino Fundamental; L\u00edngua Portuguesa e Matem\u00e1tica; 1o. Bimestre; Goi\u00e2nia, 2022.<br>GOVERNO DO ESTADO DE GOI\u00c1S. SECRET\u00c1RIA DE ESTADO DE EDUCA\u00c7\u00c3O \u2013 SEDUC\/CONSED. DOCUMENTO CURRICULAR PARA GOI\u00c1S \u2013 AMPLIADO: <strong>VOLUME II ENSINO FUNDAMENTAL ANOS INICIAIS<\/strong>.&nbsp;<br>IMAGENS RETIRADAS DO SITE:<\/td><\/tr><\/tbody><\/table><\/figure>\n\n\n\n<p class=\"has-text-align-center\"><\/p>\n","protected":false},"author":26,"featured_media":136825,"template":"","ef_categoria":[28],"ef_ano":[84],"ef_componente":[96],"class_list":["post-136819","ensino_fundamental","type-ensino_fundamental","status-publish","has-post-thumbnail","hentry","ef_categoria-educacao-ambiental-e-saude-ciclo-da-adolescencia-fg","ef_ano-1o-ano","ef_componente-geografia","entry","has-media"],"acf":[],"_links":{"self":[{"href":"https:\/\/sme.goiania.go.gov.br\/conexaoescola\/wp-json\/wp\/v2\/ensino_fundamental\/136819","targetHints":{"allow":["GET"]}}],"collection":[{"href":"https:\/\/sme.goiania.go.gov.br\/conexaoescola\/wp-json\/wp\/v2\/ensino_fundamental"}],"about":[{"href":"https:\/\/sme.goiania.go.gov.br\/conexaoescola\/wp-json\/wp\/v2\/types\/ensino_fundamental"}],"author":[{"embeddable":true,"href":"https:\/\/sme.goiania.go.gov.br\/conexaoescola\/wp-json\/wp\/v2\/users\/26"}],"version-history":[{"count":0,"href":"https:\/\/sme.goiania.go.gov.br\/conexaoescola\/wp-json\/wp\/v2\/ensino_fundamental\/136819\/revisions"}],"wp:featuredmedia":[{"embeddable":true,"href":"https:\/\/sme.goiania.go.gov.br\/conexaoescola\/wp-json\/wp\/v2\/media\/136825"}],"wp:attachment":[{"href":"https:\/\/sme.goiania.go.gov.br\/conexaoescola\/wp-json\/wp\/v2\/media?parent=136819"}],"wp:term":[{"taxonomy":"ef_categoria","embeddable":true,"href":"https:\/\/sme.goiania.go.gov.br\/conexaoescola\/wp-json\/wp\/v2\/ef_categoria?post=136819"},{"taxonomy":"ef_ano","embeddable":true,"href":"https:\/\/sme.goiania.go.gov.br\/conexaoescola\/wp-json\/wp\/v2\/ef_ano?post=136819"},{"taxonomy":"ef_componente","embeddable":true,"href":"https:\/\/sme.goiania.go.gov.br\/conexaoescola\/wp-json\/wp\/v2\/ef_componente?post=136819"}],"curies":[{"name":"wp","href":"https:\/\/api.w.org\/{rel}","templated":true}]}}