{"id":136763,"date":"2022-02-14T16:16:47","date_gmt":"2022-02-14T18:16:47","guid":{"rendered":"https:\/\/sme.goiania.go.gov.br\/conexaoescola\/?post_type=ensino_fundamental&#038;p=136763"},"modified":"2023-09-21T17:30:26","modified_gmt":"2023-09-21T20:30:26","slug":"lingua-inglesa-main-idea","status":"publish","type":"ensino_fundamental","link":"https:\/\/sme.goiania.go.gov.br\/conexaoescola\/ensino_fundamental\/lingua-inglesa-main-idea\/","title":{"rendered":"L\u00edngua Inglesa &#8211; Main Idea"},"content":{"rendered":"\n<p><\/p>\n\n\n\n<p class=\"has-pale-cyan-blue-background-color has-background has-medium-font-size\">Esta proposta de atividade de&nbsp;<strong>L\u00edngua Inglesa<\/strong>&nbsp;com base no DC\/GO \u2013 Ampliado e&nbsp;\u00e9 destinada aos estudantes do&nbsp;<strong>9\u00ba Ano do Ensino Fundamental<\/strong>&nbsp;<strong>Anos Finais<\/strong>.<\/p>\n\n\n\n<p><\/p>\n\n\n\n<div class=\"wp-block-buttons is-content-justification-center is-layout-flex wp-container-core-buttons-is-layout-16018d1d wp-block-buttons-is-layout-flex\">\n<div class=\"wp-block-button has-custom-font-size has-medium-font-size\"><a class=\"wp-block-button__link wp-element-button\" href=\"https:\/\/drive.google.com\/uc?export=download&amp;id=1iimj0WSVRyYEi8bQ5HwdxrkRo65qFhGg\" target=\"_blank\" rel=\"noreferrer noopener\">BAIXE A ATIVIDADE<\/a><\/div>\n\n\n\n<div class=\"wp-block-button has-custom-font-size has-medium-font-size\"><a class=\"wp-block-button__link wp-element-button\" href=\"https:\/\/docs.google.com\/presentation\/d\/1Y5OrrHx9Ry2zvjULZ4aagLWtysRH5Xjs\/edit?usp=sharing&amp;ouid=114918446525584291514&amp;rtpof=true&amp;sd=true\" target=\"_blank\" rel=\"noreferrer noopener\">BAIXE OS SLIDES<\/a><\/div>\n\n\n\n<div class=\"wp-block-button has-custom-font-size has-medium-font-size\"><a class=\"wp-block-button__link wp-element-button\" href=\"https:\/\/drive.google.com\/uc?export=download&amp;id=1GBNaE_G-ZRlE0XMUx_lQM7ooyD8nZqcr\" target=\"_blank\" rel=\"noreferrer noopener\">BAIXE O TEXTO<\/a><\/div>\n<\/div>\n\n\n\n<p><\/p>\n\n\n\n<p class=\"has-text-align-center has-medium-font-size\"><strong>A ideia principal (MAIN IDEA) de um par\u00e1grafo \u00e9 a mensagem do autor sobre o assunto. Muitas vezes \u00e9 expresso diretamente ou pode ser impl\u00edcito.<\/strong><\/p>\n\n\n<div class=\"wp-block-image\">\n<figure class=\"aligncenter size-full\"><img fetchpriority=\"high\" decoding=\"async\" width=\"419\" height=\"410\" src=\"https:\/\/sme.goiania.go.gov.br\/conexaoescola\/wp-content\/uploads\/2022\/02\/MAIN-e1644861839593.png\" alt=\"\" class=\"wp-image-136766\" srcset=\"https:\/\/sme.goiania.go.gov.br\/conexaoescola\/wp-content\/uploads\/2022\/02\/MAIN-e1644861839593.png 419w, https:\/\/sme.goiania.go.gov.br\/conexaoescola\/wp-content\/uploads\/2022\/02\/MAIN-e1644861839593-300x294.png 300w\" sizes=\"(max-width: 419px) 100vw, 419px\" \/><figcaption class=\"wp-element-caption\">&nbsp;Dispon\u00edvel em:<a href=\"https:\/\/encrypted-tbn0.gstatic.com\/images?q=tbn:ANd9GcRmzVPTdudvZY04BxkDWdvf8bf0AAKMZk8EcA&amp;usqp=CAU\">https:\/\/encrypted-tbn0.gstatic.com\/images?q=tbn:ANd9GcRmzVPTdudvZY04BxkDWdvf8bf0AAKMZk8EcA&amp;usqp=CAU<\/a> ,acesso em 10,Feb. 22<br><\/figcaption><\/figure><\/div>\n\n\n<p class=\"has-text-align-center has-pale-cyan-blue-background-color has-background has-medium-font-size\">Leia a estrofe a seguir e escolha a alternativa com a ideia central da mesma:<\/p>\n\n\n\n<p class=\"has-text-align-center has-medium-font-size\">In the global world, English is the key,<\/p>\n\n\n\n<p class=\"has-text-align-center has-medium-font-size\">Opening doors for those who learn it with glee,<\/p>\n\n\n\n<p class=\"has-text-align-center has-medium-font-size\">In sciences, in business, in culture, it shines,<\/p>\n\n\n\n<p class=\"has-text-align-center has-medium-font-size\">Connecting nations, making dreams intertwine.<\/p>\n\n\n\n<p class=\"has-pale-cyan-blue-background-color has-background has-medium-font-size\"><strong>QUESTION 1<\/strong><\/p>\n\n\n\n<p class=\"has-medium-font-size\">a) O ingl\u00eas \u00e9 uma l\u00edngua dif\u00edcil de aprender.<\/p>\n\n\n\n<p class=\"has-medium-font-size\">b) O ingl\u00eas \u00e9 uma l\u00edngua importante apenas para fins comerciais.<\/p>\n\n\n\n<p class=\"has-medium-font-size\">c) O ingl\u00eas desempenha um papel vital na comunica\u00e7\u00e3o global e na realiza\u00e7\u00e3o de sonhos.<\/p>\n\n\n\n<p class=\"has-medium-font-size\">d) O ingl\u00eas n\u00e3o \u00e9 relevante para a cultura ou para a conex\u00e3o entre na\u00e7\u00f5es<\/p>\n\n\n\n<p class=\"has-pale-cyan-blue-background-color has-background has-medium-font-size\"><strong>QUESTION 2<\/strong><\/p>\n\n\n\n<p class=\"has-text-align-center has-medium-font-size\">Circule a senten\u00e7a Louren que mostra a ideia central da imagem.<\/p>\n\n\n<div class=\"wp-block-image\">\n<figure class=\"aligncenter\"><img decoding=\"async\" src=\"https:\/\/lh3.googleusercontent.com\/tnbkSNgB-kNEJFpO5lB-JFT9hRGod-3msyJL4e5Uk5B_eO4BaQPOiSi5lkglu00t5f0vbg8w75XrS4Vfi5lFBWau6c6b5cQXeL1s5JoevKfrkhDGYUGXfj_wXGryKGr1u5JXaWp9bcEG\" alt=\"\"\/><\/figure><\/div>\n\n\n<p class=\"has-small-font-size\">Imagem dispon\u00edvel em: <a href=\"https:\/\/www.canva.com\/design\/DAFvGziN68E\/zp101MUzEoOJ1H9wObennQ\/edit\">https:\/\/www.canva.com\/design\/DAFvGziN68E\/zp101MUzEoOJ1H9wObennQ\/edit<\/a>&nbsp; , acesso em 09,Mai. 2022<\/p>\n\n\n\n<p class=\"has-medium-font-size\">a) The boy is washing his dog<\/p>\n\n\n\n<p class=\"has-medium-font-size\">b) The boy is playing with his dog&nbsp;&nbsp;&nbsp;<\/p>\n\n\n\n<p class=\"has-medium-font-size\">c) The boy is feeding his dog<\/p>\n\n\n\n<p class=\"has-medium-font-size\">d) The boy is walking his dog<\/p>\n\n\n\n<p><\/p>\n\n\n\n<p class=\"has-text-align-center has-pale-cyan-blue-background-color has-background has-medium-font-size\">Leia a estrofe abaixo e responda as quest\u00f5es sobre a mesma:<\/p>\n\n\n\n<p class=\"has-text-align-center has-medium-font-size\">In the heart of the text, a theme to shine,<\/p>\n\n\n\n<p class=\"has-text-align-center has-medium-font-size\">Central idea, to illuminate us fine,<\/p>\n\n\n\n<p class=\"has-text-align-center has-medium-font-size\">Words intertwine, with strength and rhyme,<\/p>\n\n\n\n<p class=\"has-text-align-center has-medium-font-size\">In the essence of the text, its inspiration prime.<\/p>\n\n\n\n<p class=\"has-pale-cyan-blue-background-color has-background has-medium-font-size\"><strong>QUESTION 3<\/strong><\/p>\n\n\n\n<p class=\"has-medium-font-size\">Qual \u00e9 o principal tema da estrofe acima?<\/p>\n\n\n\n<p class=\"has-medium-font-size\">a) A import\u00e2ncia da leitura.<\/p>\n\n\n\n<p class=\"has-medium-font-size\">b) O processo de escrita.<\/p>\n\n\n\n<p class=\"has-medium-font-size\">c) A conex\u00e3o entre palavras e significado.<\/p>\n\n\n\n<p class=\"has-medium-font-size\">d) A centralidade de um tema no texto.<\/p>\n\n\n\n<p class=\"has-pale-cyan-blue-background-color has-background has-medium-font-size\"><strong>QUESTION 4<\/strong><\/p>\n\n\n\n<p class=\"has-medium-font-size\">Analise a estrofe que descreve a ideia principal de um texto. Qual \u00e9 a import\u00e2ncia de identificar a ideia principal ao ler um texto? Como a ideia principal influencia a compreens\u00e3o global do conte\u00fado?<\/p>\n\n\n\n<p><\/p>\n\n\n\n<p class=\"has-pale-cyan-blue-background-color has-background has-medium-font-size\"><strong>QUESTION 5<\/strong><\/p>\n\n\n\n<p class=\"has-medium-font-size\">Discuta como a estrofe utiliza met\u00e1foras e imagens po\u00e9ticas para descrever a ideia principal de um texto. Como esses elementos contribuem para a compreens\u00e3o e a express\u00e3o da ideia central? Voc\u00ea acha que o uso de linguagem po\u00e9tica pode tornar a ideia principal mais impactante? Por qu\u00ea?<\/p>\n\n\n\n<p><\/p>\n\n\n\n<p class=\"has-pale-cyan-blue-background-color has-background has-medium-font-size\"><strong>Saiba Mais:<\/strong><\/p>\n\n\n\n<p class=\"has-medium-font-size\">Assista ao v\u00eddeo sobre como determinar a ideia principal de um texto e pratique as dicas do mesmo:<\/p>\n\n\n\n<figure class=\"wp-block-embed is-type-video is-provider-youtube wp-block-embed-youtube wp-embed-aspect-16-9 wp-has-aspect-ratio\"><div class=\"wp-block-embed__wrapper\">\n<p class=\"responsive-video-wrap clr\"><iframe title=\"Main Idea\/ Ideia Principal\" width=\"1200\" height=\"675\" src=\"https:\/\/www.youtube.com\/embed\/jO5_EI2v5_M?feature=oembed\" frameborder=\"0\" allow=\"accelerometer; autoplay; clipboard-write; encrypted-media; gyroscope; picture-in-picture; web-share\" allowfullscreen><\/iframe><\/p>\n<\/div><figcaption class=\"wp-element-caption\"><a href=\"https:\/\/www.youtube.com\/watch?v=jO5_EI2v5_M\">https:\/\/www.youtube.com\/watch?v=jO5_EI2v5_M<\/a> , acesso em 10, Mai. 2022<\/figcaption><\/figure>\n\n\n\n<hr class=\"wp-block-separator has-alpha-channel-opacity\"\/>\n\n\n\n<figure class=\"wp-block-table\"><table><tbody><tr><td><strong>Autoria:<\/strong><\/td><td>Prof\u00aa Dr\u00aa Sueidy Lourencio<\/td><\/tr><tr><td><strong>Forma\u00e7\u00e3o:<\/strong><\/td><td>Letras: Portugu\u00eas\/Ingl\u00eas &#8211; Doutorado em Educa\u00e7\u00e3o<\/td><\/tr><tr><td><strong>Componente Curricular:<\/strong><\/td><td>L\u00edngua Inglesa<\/td><\/tr><tr><td><strong>Habilidade:<\/strong><\/td><td>(EAJALI0507) Identificar a ideia principal de um texto, para reconhecer sua organiza\u00e7\u00e3o textual.(EAJALI0512) Compreender vocabul\u00e1rio atrav\u00e9s do contexto<\/td><\/tr><tr><td><strong>Referencial Te\u00f3rico:<\/strong><\/td><td>Dispon\u00edvel em: <a href=\"https:\/\/www.youtube.com\/watch?v=jO5_EI2v5_M\">https:\/\/www.youtube.com\/watch?v=jO5_EI2v5_M<\/a> , acesso em 10, Mai. 2022Dispon\u00edvel em: <a href=\"https:\/\/www.canva.com\/design\/DAFvGziN68E\/zp101MUzEoOJ1H9wObennQ\/edit\">https:\/\/www.canva.com\/design\/DAFvGziN68E\/zp101MUzEoOJ1H9wObennQ\/edit<\/a>&nbsp; , acesso em 09,Mai. 2022<br>MAKAR, Barbara W. Primary Phonics. 1. ed. Chicago: Modern Curriculum Press, 2018.<br>KOUSTAFF, Lesley. Oxford Discover. 2. ed. v. 1. Oxford: Oxford University Press, 2018.<br>KOUSTAFF, Lesley. Oxford Discover. 2. ed. v. 2. Oxford: Oxford University Press, 2018.<br><\/td><\/tr><\/tbody><\/table><\/figure>\n\n\n\n<hr class=\"wp-block-separator has-alpha-channel-opacity\"\/>\n","protected":false},"author":26,"featured_media":136766,"template":"","ef_categoria":[],"ef_ano":[92],"ef_componente":[101],"class_list":["post-136763","ensino_fundamental","type-ensino_fundamental","status-publish","has-post-thumbnail","hentry","ef_ano-9o-ano","ef_componente-lingua-inglesa","entry","has-media"],"acf":[],"_links":{"self":[{"href":"https:\/\/sme.goiania.go.gov.br\/conexaoescola\/wp-json\/wp\/v2\/ensino_fundamental\/136763","targetHints":{"allow":["GET"]}}],"collection":[{"href":"https:\/\/sme.goiania.go.gov.br\/conexaoescola\/wp-json\/wp\/v2\/ensino_fundamental"}],"about":[{"href":"https:\/\/sme.goiania.go.gov.br\/conexaoescola\/wp-json\/wp\/v2\/types\/ensino_fundamental"}],"author":[{"embeddable":true,"href":"https:\/\/sme.goiania.go.gov.br\/conexaoescola\/wp-json\/wp\/v2\/users\/26"}],"version-history":[{"count":4,"href":"https:\/\/sme.goiania.go.gov.br\/conexaoescola\/wp-json\/wp\/v2\/ensino_fundamental\/136763\/revisions"}],"predecessor-version":[{"id":170183,"href":"https:\/\/sme.goiania.go.gov.br\/conexaoescola\/wp-json\/wp\/v2\/ensino_fundamental\/136763\/revisions\/170183"}],"wp:featuredmedia":[{"embeddable":true,"href":"https:\/\/sme.goiania.go.gov.br\/conexaoescola\/wp-json\/wp\/v2\/media\/136766"}],"wp:attachment":[{"href":"https:\/\/sme.goiania.go.gov.br\/conexaoescola\/wp-json\/wp\/v2\/media?parent=136763"}],"wp:term":[{"taxonomy":"ef_categoria","embeddable":true,"href":"https:\/\/sme.goiania.go.gov.br\/conexaoescola\/wp-json\/wp\/v2\/ef_categoria?post=136763"},{"taxonomy":"ef_ano","embeddable":true,"href":"https:\/\/sme.goiania.go.gov.br\/conexaoescola\/wp-json\/wp\/v2\/ef_ano?post=136763"},{"taxonomy":"ef_componente","embeddable":true,"href":"https:\/\/sme.goiania.go.gov.br\/conexaoescola\/wp-json\/wp\/v2\/ef_componente?post=136763"}],"curies":[{"name":"wp","href":"https:\/\/api.w.org\/{rel}","templated":true}]}}