{"id":136670,"date":"2022-02-14T07:00:00","date_gmt":"2022-02-14T09:00:00","guid":{"rendered":"https:\/\/sme.goiania.go.gov.br\/conexaoescola\/?post_type=ensino_fundamental&#038;p=136670"},"modified":"2023-05-22T19:32:55","modified_gmt":"2023-05-22T22:32:55","slug":"historia-era-uma-vez-mudancas-e-permanencias-ao-longo-da-historia","status":"publish","type":"ensino_fundamental","link":"https:\/\/sme.goiania.go.gov.br\/conexaoescola\/ensino_fundamental\/historia-era-uma-vez-mudancas-e-permanencias-ao-longo-da-historia\/","title":{"rendered":"Hist\u00f3ria &#8211; Era uma vez&#8230; Mudan\u00e7as e perman\u00eancias ao longo da hist\u00f3ria"},"content":{"rendered":"\n<p class=\"has-text-align-center has-background has-medium-font-size\" style=\"background-color:#f1d6ac\">Esta proposta de atividade de<strong>&nbsp;Hist\u00f3ria&nbsp;<\/strong>\u00e9 destinada aos estudantes do <strong>4\u00ba <strong>ano&nbsp;do Ensino Fundamental<\/strong><\/strong> &#8211; Anos Iniciais.<\/p>\n\n\n\n<div class=\"wp-block-buttons is-content-justification-center is-layout-flex wp-container-core-buttons-is-layout-16018d1d wp-block-buttons-is-layout-flex\">\n<div class=\"wp-block-button\"><a class=\"wp-block-button__link wp-element-button\" href=\"https:\/\/docs.google.com\/document\/d\/1ShCkcv_RB2x9vAjEGWQCwpMVOZ5FGAzk\/copy\" target=\"_blank\" rel=\"noreferrer noopener\">BAIXE A ATIVIDADE<\/a><\/div>\n\n\n\n<div class=\"wp-block-button\"><a class=\"wp-block-button__link wp-element-button\" href=\"https:\/\/docs.google.com\/presentation\/d\/1kav8ipPMQvm8yZ0LM5uom4_eCMztlnaK\/copy\" target=\"_blank\" rel=\"noreferrer noopener\">BAIXE OS SLIDES<\/a><\/div>\n\n\n\n<div class=\"wp-block-button\"><a class=\"wp-block-button__link wp-element-button\" href=\"https:\/\/docs.google.com\/document\/d\/1XJ4lKIpuVCikE04ZJ9OHuPsCbf3P6WAW\/copy\" target=\"_blank\" rel=\"noreferrer noopener\">BAIXE O TEXTO<\/a><\/div>\n<\/div>\n\n\n\n<p><\/p>\n\n\n\n<p class=\"has-text-align-center has-medium-font-size\"><mark style=\"background-color:rgba(0, 0, 0, 0)\" class=\"has-inline-color has-black-color\"> O ser humano \u00e9 din\u00e2mico, ou seja, ele promove mudan\u00e7as ao longo da hist\u00f3ria, buscando criar meios para facilitar a vida. A agricultura e a pecu\u00e1ria s\u00e3o atividades criadas pelos humanos que representaram profundas modifica\u00e7\u00f5es no estilo de alimenta\u00e7\u00e3o e moradia. Enfim, o desenvolvimento da agropecu\u00e1ria representou revolu\u00e7\u00f5es na hist\u00f3ria humana.<\/mark><\/p>\n\n\n\n<p class=\"has-text-align-center has-medium-font-size\"><strong>ERA UMA VEZ&#8230; MUDAN\u00c7AS E PERMAN\u00caNCIAS AO LONGO DA HIST\u00d3RIA<\/strong><\/p>\n\n\n<div class=\"wp-block-image is-style-rounded\">\n<figure class=\"aligncenter size-large is-resized\"><img fetchpriority=\"high\" decoding=\"async\" src=\"https:\/\/sme.goiania.go.gov.br\/conexaoescola\/wp-content\/uploads\/2022\/02\/historia-4-1024x640.jpg\" alt=\"\" class=\"wp-image-136673\" width=\"732\" height=\"458\"\/><figcaption class=\"wp-element-caption\">Fonte: pixabay.com<\/figcaption><\/figure><\/div>\n\n\n<p class=\"has-medium-font-size\"><\/p>\n\n\n\n<p class=\"has-medium-font-size\">Os primeiros agrupamentos humanos conservavam o estilo de vida n\u00f4made, ou seja, n\u00e3o se fixavam em um local determinado. Assim, realizavam constantes migra\u00e7\u00f5es visando, principalmente, coletar alimentos da natureza e ca\u00e7ar animais.&nbsp;<\/p>\n\n\n\n<p class=\"has-medium-font-size\">Os n\u00f4mades vivem em grupos n\u00e3o muito grandes j\u00e1 que os deslocamentos ocorridos com bastante frequ\u00eancia s\u00e3o uma dificuldade para que um n\u00famero maior de pessoas acompanhe o agrupamento.<\/p>\n\n\n\n<p class=\"has-text-align-center has-background has-medium-font-size\" style=\"background-color:#f1d6ac\"><strong>A REVOLU\u00c7\u00c3O PELO DOM\u00cdNIO DA AGRICULTURA<\/strong><\/p>\n\n\n\n<p class=\"has-medium-font-size\">Em um determinado momento da pr\u00e9-hist\u00f3ria, por volta de doze mil anos a.C., indiv\u00edduos ao observarem a natureza perceberam que as sementes que caiam ao solo, germinavam e davam origem a novas plantas. Assim, com o cultivo das esp\u00e9cies vegetais n\u00e3o haveria mais a necessidade de depend\u00eancia da coleta de alimentos.<\/p>\n\n\n\n<p class=\"has-medium-font-size\">O dom\u00ednio do cultivo e colheita de alimentos representou uma revolu\u00e7\u00e3o radical no modo de vida humano, j\u00e1 que possibilitou aos agrupamentos fixarem-se em locais, constituindo vilarejos que, ao crescerem, deram origem \u00e0s primeiras cidades. Tal acontecimento fez com que o nomadismo entrasse em decl\u00ednio, dando origem \u00e0 sedentariza\u00e7\u00e3o.&nbsp;<\/p>\n\n\n\n<p class=\"has-medium-font-size\">Os agrupamentos sedentarizados procuraram se estabelecer em localidades pr\u00f3ximas a rios e com solo mais f\u00e9rtil para facilitar a pr\u00e1tica da atividade agr\u00edcola. Com a sedentariza\u00e7\u00e3o outras atividades tamb\u00e9m se desenvolveram como, por exemplo, o com\u00e9rcio e a pecu\u00e1ria.<\/p>\n\n\n\n<p class=\"has-text-align-center has-medium-font-size\"><strong>Agora \u00e9 com voc\u00eas, vamos responder algumas quest\u00f5es?<\/strong><\/p>\n\n\n\n<p class=\"has-background has-medium-font-size\" style=\"background-color:#f1d6ac\"><strong>Q<strong><strong>uest\u00e3o<\/strong><\/strong> 1<\/strong><\/p>\n\n\n\n<p class=\"has-black-color has-text-color has-medium-font-size\">Observe a seguir imagens que representam a atividade agr\u00edcola desenvolvida em dois per\u00edodos distintos:<\/p>\n\n\n\n<p class=\"has-text-align-center\"><img decoding=\"async\" src=\"blob:https:\/\/sme.goiania.go.gov.br\/5da42d18-73ad-46b8-92a3-78e3c5d85227\" width=\"475.0934714078903\" height=\"312\"><\/p>\n\n\n\n<p class=\"has-text-align-center has-small-font-size\">Dispon\u00edvel em: https:\/\/commons.wikimedia.org\/wiki\/File:Arando_-el_saucejo-.jpg. Acesso em 25 jan. 2022<\/p>\n\n\n\n<p class=\"has-text-align-center\"><img decoding=\"async\" src=\"blob:https:\/\/sme.goiania.go.gov.br\/94068378-2e9b-4eec-ab86-0d9b6f733008\" width=\"470\" height=\"353.39922547340393\"><\/p>\n\n\n\n<p class=\"has-text-align-center has-small-font-size\">Dispon\u00edvel em: https:\/\/commons.wikimedia.org\/wiki\/File:Ueberladewagen.jpg Acesso em 25 jan. 2022<\/p>\n\n\n\n<p class=\"has-black-color has-text-color has-medium-font-size\">Quais as principais diferen\u00e7as que voc\u00ea pode perceber quanto ao modo de desenvolvimento da atividade agr\u00e1ria na compara\u00e7\u00e3o entre as duas imagens?&nbsp;<\/p>\n\n\n\n<p class=\"has-background has-medium-font-size\" style=\"background-color:#f1d6ac\"><strong>Q<strong><strong>uest\u00e3o<\/strong><\/strong> 2<\/strong><\/p>\n\n\n\n<p class=\"has-medium-font-size\">O desenvolvimento das atividades agr\u00e1rias depende da explora\u00e7\u00e3o dos recursos naturais, como a terra, as \u00e1guas e o solo. A partir do momento que o ser humano dominou a agricultura, tamb\u00e9m outras atividades, como a pecu\u00e1ria, desenvolveram-se:<\/p>\n\n\n\n<p class=\"has-medium-font-size\">A atividade pecu\u00e1ria que se destina \u00e0 cria\u00e7\u00e3o de cavalos e \u00e9guas \u00e9 a:<\/p>\n\n\n\n<p class=\"has-medium-font-size\">a) pecu\u00e1ria su\u00edna.<\/p>\n\n\n\n<p class=\"has-medium-font-size\">b) pecu\u00e1ria bovina.<\/p>\n\n\n\n<p class=\"has-medium-font-size\">c) pecu\u00e1ria bubalina.<\/p>\n\n\n\n<p class=\"has-medium-font-size\">d) pecu\u00e1ria equina.<\/p>\n\n\n\n<p class=\"has-background has-medium-font-size\" style=\"background-color:#f1d6ac\"><strong>Q<strong><strong>uest\u00e3o<\/strong><\/strong> 3<\/strong><\/p>\n\n\n\n<p class=\"has-black-color has-text-color has-medium-font-size\">O desenvolvimento das atividades agr\u00e1rias depende da explora\u00e7\u00e3o dos recursos naturais, como a terra, as \u00e1guas e o solo. Observe a imagem a seguir que demonstra uma \u00e1rea que est\u00e1 sendo preparada para a realiza\u00e7\u00e3o de atividade agropecu\u00e1ria.<\/p>\n\n\n\n<p class=\"has-text-align-center\"><img decoding=\"async\" src=\"blob:https:\/\/sme.goiania.go.gov.br\/b40a7d47-d898-4910-b5ec-0f2ce7b9b919\" width=\"472\" height=\"312\"><\/p>\n\n\n\n<p class=\"has-text-align-center has-small-font-size\">Dispon\u00edvel em: https:\/\/commons.wikimedia.org\/wiki\/File:QueimadaSaoFelix.jpg. Acesso em 25 jan. 2022<\/p>\n\n\n\n<p class=\"has-medium-font-size\">O m\u00e9todo utilizado para a explora\u00e7\u00e3o dos recursos naturais apresentado na imagem pode trazer quais impactos para o meio ambiente, animais e seres humanos? Comente.<\/p>\n\n\n\n<p class=\"has-background has-medium-font-size\" style=\"background-color:#f1d6ac\"><strong>Q<strong><strong>uest\u00e3o<\/strong><\/strong> 4<\/strong><\/p>\n\n\n\n<p class=\"has-black-color has-text-color has-medium-font-size\">Veja a tirinha a seguir:<\/p>\n\n\n\n<p class=\"has-text-align-center\"><img decoding=\"async\" src=\"blob:https:\/\/sme.goiania.go.gov.br\/d8651d05-af0d-4078-bf95-ae625dc66a69\" width=\"621\" height=\"205.3473756313324\"><\/p>\n\n\n\n<p class=\"has-text-align-center has-small-font-size\">Dispon\u00edvel em: CHARLIER, Anna Maria; SIMIELLI, Maria Elena. \u00c1pis &#8211; Hist\u00f3ria 4\u00ba Ano. S\u00e3o Paulo: \u00c1tica, 2021.<\/p>\n\n\n\n<p class=\"has-black-color has-text-color has-medium-font-size\">As mudan\u00e7as e perman\u00eancias s\u00e3o caracter\u00edsticas importantes ao olhar para a hist\u00f3ria. Durante os anos houveram in\u00fameras transforma\u00e7\u00f5es, inclusive nos tipos de moradia. E isso n\u00e3o quer dizer que as mudan\u00e7as se encerraram, a todo momento pode ocorrer modifica\u00e7\u00f5es. Na tirinha, o personagem promove uma altera\u00e7\u00e3o na constru\u00e7\u00e3o, que mudan\u00e7a \u00e9 essa? Com qual objetivo?<\/p>\n\n\n\n<p class=\"has-background has-medium-font-size\" style=\"background-color:#f1d6ac\"><strong>Q<strong><strong>uest\u00e3o<\/strong><\/strong> 5<\/strong><\/p>\n\n\n\n<p class=\"has-medium-font-size\">O dom\u00ednio da agricultura e a consequente sedentariza\u00e7\u00e3o possibilitou que muitos povos desenvolvessem t\u00e9cnicas voltadas ao aperfei\u00e7oamento do plantio, irriga\u00e7\u00e3o e colheita.<\/p>\n\n\n\n<p class=\"has-medium-font-size\">Na Antiguidade, as constru\u00e7\u00f5es desenvolvidas para conter a \u00e1gua e evitar transbordamento de \u00e1reas agr\u00edcolas s\u00e3o chamadas de:<\/p>\n\n\n\n<p class=\"has-medium-font-size\">a) diques.<\/p>\n\n\n\n<p class=\"has-medium-font-size\">b) currais.<\/p>\n\n\n\n<p class=\"has-medium-font-size\">c) aquedutos.<\/p>\n\n\n\n<p class=\"has-medium-font-size\">d) comportas.<\/p>\n\n\n\n<p class=\"has-background has-medium-font-size\" style=\"background-color:#f1d6ac\"><strong>Saiba mais<\/strong><\/p>\n\n\n\n<p class=\"has-medium-font-size\">Que tal conhecer um pouco mais sobre a agricultura? A agricultura foi e \u00e9 um marco na hist\u00f3ria.<\/p>\n\n\n\n<figure class=\"wp-block-embed is-type-video is-provider-youtube wp-block-embed-youtube wp-embed-aspect-16-9 wp-has-aspect-ratio\"><div class=\"wp-block-embed__wrapper\">\n<p class=\"responsive-video-wrap clr\"><iframe title=\"Agricultura\" width=\"1200\" height=\"675\" src=\"https:\/\/www.youtube.com\/embed\/fU51nk6GOxY?start=9&#038;feature=oembed\" frameborder=\"0\" allow=\"accelerometer; autoplay; clipboard-write; encrypted-media; gyroscope; picture-in-picture; web-share\" allowfullscreen><\/iframe><\/p>\n<\/div><figcaption class=\"wp-element-caption\">Canal: Lorena Guimar\u00e3es de Oliveira &#8220;Agricultura&#8221;. Dispon\u00edvel em https:\/\/https:\/\/www.youtube.com\/watch?v=fU51nk6GOxY&amp;t=9s. Acesso em 05\/02\/2022.<\/figcaption><\/figure>\n\n\n\n<hr class=\"wp-block-separator has-css-opacity\"\/>\n\n\n\n<figure class=\"wp-block-table is-style-stripes\"><table><tbody><tr><td><strong>Autoria:<\/strong><\/td><td>Lorena Guimar\u00e3es<\/td><\/tr><tr><td><strong>Forma\u00e7\u00e3o:<\/strong><\/td><td>Formada em Pedagogia e Letras<\/td><\/tr><tr><td><strong>Componente<\/strong>:<\/td><td>Hist\u00f3ria<\/td><\/tr><tr><td><strong>Habilidade<\/strong>:<\/td><td>(EF04HI02) Identificar mudan\u00e7as e perman\u00eancias ao longo do tempo, discutindo os sentidos dos grandes marcos da hist\u00f3ria da humanidade (nomadismo, desenvolvimento da agricultura e do pastoreio, cria\u00e7\u00e3o da ind\u00fastria, etc.).<\/td><\/tr><tr><td><strong>Refer\u00eancias:<\/strong><\/td><td><br>BRITANNICA ESCOLA. Diques. Dispon\u00edvel em: <a href=\"https:\/\/escola.britannica.com.br\/artigo\/dique\/481730\">https:\/\/escola.britannica.com.br\/artigo\/dique\/481730<\/a>. Acesso em 27 jan. 2022.<br><br>CLICK ESCOLAR.&nbsp;Origens da agricultura<strong>.<\/strong>&nbsp;Dispon\u00edvel em:&nbsp;<a href=\"http:\/\/www.clickescolar.com.br\/origens-da-agricultura.htm\">http:\/\/www.clickescolar.com.br\/origens-da-agricultura.htm<\/a>. Acesso em 27 jan. 2022.<br><br>&nbsp;CULTURA MIX. Origem da Agricultura<strong>.<\/strong>&nbsp;Dispon\u00edvel em:&nbsp;<a href=\"http:\/\/meioambiente.culturamix.com\/agricultura\/origem-da-agricultura\">http:\/\/meioambiente.culturamix.com\/agricultura\/origem-da-agricultura<\/a>. Acesso em 27 jan. 2022.<br><br>GOI\u00c1S. Documento Curricular para Goi\u00e1s \u2013 Ampliado. Volume II. Ensino Fundamental Anos Finais. CONSED; UNDIME, 2018. 433 p. Dispon\u00edvel em &lt;<a href=\"https:\/\/sme.goiania.go.gov.br\/site\/index.php\/institucional\/documentos-oficiais-2\/category\/27-documentos-gerais&amp;gt&amp;gt\">sme.goiania.go.gov.br\/site\/index.php\/institucional\/documentos-oficiais-2\/category\/27-documentos-gerais&amp;gt&amp;gt<\/a>;. Acesso em 23\/03\/2023.<br><br>GOI\u00c1S. Documento Curricular para Goi\u00e1s \u2013 Ampliado. Cortes Temporais. CONSED; UNDIME, 2019. p. 143. Dispon\u00edvel em: &lt;<a href=\"https:\/\/sme.goiania.go.gov.br\/site\/index.php\/institucional\/documentos-oficiais-2\">sme.goiania.go.gov.br\/site\/index.php\/institucional\/documentos-oficiais-2 &gt;&nbsp;<\/a>. Acesso em 23\/03\/2023.<br><br>M\u00daSICAS TOP BRASIL SHOW.Cio da Terra Michel Tel\u00f3, Paula Fernandes e Gusttavo Lima no Viol\u00e3o, 12\/05\/2019. Dispon\u00edvel em: &lt;<a href=\"https:\/\/www.youtube.com\/watch?v=vqkrF0IYkeE\">https:\/\/www.youtube.com\/watch?v=vqkrF0IYkeE<\/a>&gt;. Acesso em 06 fev. 2022.<\/td><\/tr><\/tbody><\/table><\/figure>\n","protected":false},"author":59,"featured_media":136673,"template":"","ef_categoria":[13,20],"ef_ano":[87],"ef_componente":[95],"class_list":["post-136670","ensino_fundamental","type-ensino_fundamental","status-publish","has-post-thumbnail","hentry","ef_categoria-ciclo-da-infancia-abc","ef_categoria-etica-e-cidadania","ef_ano-4o-ano","ef_componente-historia","entry","has-media"],"acf":[],"_links":{"self":[{"href":"https:\/\/sme.goiania.go.gov.br\/conexaoescola\/wp-json\/wp\/v2\/ensino_fundamental\/136670","targetHints":{"allow":["GET"]}}],"collection":[{"href":"https:\/\/sme.goiania.go.gov.br\/conexaoescola\/wp-json\/wp\/v2\/ensino_fundamental"}],"about":[{"href":"https:\/\/sme.goiania.go.gov.br\/conexaoescola\/wp-json\/wp\/v2\/types\/ensino_fundamental"}],"author":[{"embeddable":true,"href":"https:\/\/sme.goiania.go.gov.br\/conexaoescola\/wp-json\/wp\/v2\/users\/59"}],"version-history":[{"count":9,"href":"https:\/\/sme.goiania.go.gov.br\/conexaoescola\/wp-json\/wp\/v2\/ensino_fundamental\/136670\/revisions"}],"predecessor-version":[{"id":163384,"href":"https:\/\/sme.goiania.go.gov.br\/conexaoescola\/wp-json\/wp\/v2\/ensino_fundamental\/136670\/revisions\/163384"}],"wp:featuredmedia":[{"embeddable":true,"href":"https:\/\/sme.goiania.go.gov.br\/conexaoescola\/wp-json\/wp\/v2\/media\/136673"}],"wp:attachment":[{"href":"https:\/\/sme.goiania.go.gov.br\/conexaoescola\/wp-json\/wp\/v2\/media?parent=136670"}],"wp:term":[{"taxonomy":"ef_categoria","embeddable":true,"href":"https:\/\/sme.goiania.go.gov.br\/conexaoescola\/wp-json\/wp\/v2\/ef_categoria?post=136670"},{"taxonomy":"ef_ano","embeddable":true,"href":"https:\/\/sme.goiania.go.gov.br\/conexaoescola\/wp-json\/wp\/v2\/ef_ano?post=136670"},{"taxonomy":"ef_componente","embeddable":true,"href":"https:\/\/sme.goiania.go.gov.br\/conexaoescola\/wp-json\/wp\/v2\/ef_componente?post=136670"}],"curies":[{"name":"wp","href":"https:\/\/api.w.org\/{rel}","templated":true}]}}