{"id":136655,"date":"2022-02-13T02:04:30","date_gmt":"2022-02-13T04:04:30","guid":{"rendered":"https:\/\/sme.goiania.go.gov.br\/conexaoescola\/?post_type=ensino_fundamental&#038;p=136655"},"modified":"2022-06-28T21:17:16","modified_gmt":"2022-06-29T00:17:16","slug":"ciencias-da-natureza-nutricao-do-organismo","status":"publish","type":"ensino_fundamental","link":"https:\/\/sme.goiania.go.gov.br\/conexaoescola\/ensino_fundamental\/ciencias-da-natureza-nutricao-do-organismo\/","title":{"rendered":"Ci\u00eancias da Natureza &#8211; Nutri\u00e7\u00e3o do organismo"},"content":{"rendered":"\n<p class=\"has-text-align-center has-black-color has-text-color has-background has-medium-font-size\" style=\"background-color:#ffd4b6\"><span class=\"has-inline-color has-black-color\"><span class=\"has-inline-color has-black-color\">Esta proposta de atividade de<\/span><\/span><strong><span class=\"has-inline-color has-black-color\"><strong><strong><span class=\"has-inline-color has-black-color\"><strong> CI\u00caNCIAS DA NATUREZA <\/strong><\/span><\/strong><\/strong><\/span><\/strong><span class=\"has-inline-color has-black-color\"><span class=\"has-inline-color has-black-color\">\u00e9 destinada aos estudantes do<\/span><\/span><strong><span class=\"has-inline-color has-black-color\"><strong><strong><span class=\"has-inline-color has-black-color\"><strong> 5\u00ba ano <\/strong><\/span><\/strong><\/strong><\/span><\/strong><span class=\"has-inline-color has-black-color\"><span class=\"has-inline-color has-black-color\">dos Anos Iniciais do Ensino Fundamental.<\/span>  <\/span><\/p>\n\n\n\n<p class=\"has-text-align-center has-medium-font-size\"><strong>A a\u00e7\u00e3o de respirar o g\u00e1s oxig\u00eanio e de se alimentar, \u00e9 o que permite ao nosso corpo mat\u00e9ria-prima para executar suas fun\u00e7\u00f5es e fabricar energia. Assim, a energia \u00e9 fundamental para o funcionamento do nosso corpo. Os alimentos fornecem nutrientes ao corpo humano (carboidratos, prote\u00ednas, lip\u00eddios, sais minerais e vitaminas), o que est\u00e1 relacionado com as fun\u00e7\u00f5es pl\u00e1stica, energ\u00e9tica e reguladora desses no organismo. A \u00e1gua constitui-se essencial para o processo de hidrata\u00e7\u00e3o do nosso corpo, leva nutrientes e expulsa as subst\u00e2ncias t\u00f3xicas do corpo atrav\u00e9s do suor e da urina.<\/strong><\/p>\n\n\n\n<p class=\"has-text-align-center has-medium-font-size\"><strong>Vamos responder algumas quest\u00f5es?<\/strong><\/p>\n\n\n\n<div class=\"wp-block-image\"><figure class=\"aligncenter size-full is-resized\"><img fetchpriority=\"high\" decoding=\"async\" src=\"https:\/\/sme.goiania.go.gov.br\/conexaoescola\/wp-content\/uploads\/2022\/02\/Salada-e1644705075661.jpg\" alt=\"\" class=\"wp-image-136656\" width=\"509\" height=\"364\" srcset=\"https:\/\/sme.goiania.go.gov.br\/conexaoescola\/wp-content\/uploads\/2022\/02\/Salada-e1644705075661.jpg 679w, https:\/\/sme.goiania.go.gov.br\/conexaoescola\/wp-content\/uploads\/2022\/02\/Salada-e1644705075661-300x214.jpg 300w\" sizes=\"(max-width: 509px) 100vw, 509px\" \/><figcaption>Dispon\u00edvel em: &lt;https:\/\/pixabay.com\/pt\/photos\/ab%c3%b3bora-vegetais-outono-cesta-1768857\/&gt;. acesso em 11, fev. 2022.<\/figcaption><\/figure><\/div>\n\n\n\n<p class=\"has-black-color has-text-color has-background has-medium-font-size\" style=\"background-color:#ffd4b6\"><strong>Quest\u00e3o 1<\/strong><\/p>\n\n\n\n<p class=\"has-medium-font-size\">Cotidianamente realizamos ao longo do dia uma s\u00e9rie de refei\u00e7\u00f5es, assim consequentemente ingerimos alimentos diversos. Pensando nesse movimento registre a sua pr\u00e1tica alimentar no decorrer de dois dias. Para facilitar o registro voc\u00ea pode construir a tabela abaixo:<\/p>\n\n\n\n<figure class=\"wp-block-table is-style-regular\"><table><tbody><tr><td>Per\u00edodo do dia<\/td><td>1\u00ba Dia<\/td><td>2\u00ba Dia<\/td><\/tr><tr><td>Manh\u00e3<\/td><td>Exemplo: leite, caf\u00e9, p\u00e3o franc\u00eas, ovos, ma\u00e7a.<\/td><td>Exemplo: iogurte, bolachas maizena, salada de frutas.<\/td><\/tr><tr><td>Tarde<\/td><td><\/td><td><\/td><\/tr><tr><td>Noite<\/td><td><\/td><td><\/td><\/tr><\/tbody><\/table><\/figure>\n\n\n\n<p class=\"has-medium-font-size\">Agora, mediante o registro da sua pr\u00e1tica alimentar no per\u00edodo de dois dias, pare e pense:<\/p>\n\n\n\n<ul class=\"has-medium-font-size wp-block-list\"><li>A pr\u00e1tica alimentar que tem realizado conta com a ingest\u00e3o de alimentos diversos?<\/li><li>Qual a import\u00e2ncia de uma alimenta\u00e7\u00e3o saud\u00e1vel para o nosso corpo?<\/li><li>Qual a rela\u00e7\u00e3o entre alimenta\u00e7\u00e3o, nutrientes e obten\u00e7\u00e3o de energia para o nosso corpo?<\/li><li>Voc\u00ea tem ingerido a quantidade de \u00e1gua recomendada pelos especialistas para o per\u00edodo de um dia (O ideal seria a ingest\u00e3o de 2,5 litros por dia!)? Caso a resposta seja negativa, quais medidas voc\u00ea pode estabelecer para conseguir aumentar o seu consumo de \u00e1gua.<\/li><\/ul>\n\n\n\n<p class=\"has-black-color has-text-color has-background has-medium-font-size\" style=\"background-color:#ffd4b6\"><strong>Quest\u00e3o 2<\/strong><\/p>\n\n\n\n<p class=\"has-medium-font-size\">\u00c9 hora de pesquisar! Realize uma pesquisa acerca da alimenta\u00e7\u00e3o do homem ao longo de sua hist\u00f3ria e construa um texto dissertativo a partir dessas informa\u00e7\u00f5es. Perceba que ao longo da hist\u00f3ria da humanidade as pr\u00e1ticas alimentares se constitu\u00edram muito diversas, o que est\u00e1 relacionado, por exemplo, com aspectos culturais de um povo e a escassez ou abund\u00e2ncia de determinado alimento em uma localidade, o que tamb\u00e9m implicou na imagem corporal constru\u00edda ao longo dos tempos.<\/p>\n\n\n\n<hr class=\"wp-block-separator\"\/>\n\n\n\n<p class=\"has-text-align-center has-background has-medium-font-size\" style=\"background-color:#ffd4b6\"> <strong>Acesse os materiais referentes a essa atividade clicando aqui:  <\/strong>   <a href=\"https:\/\/drive.google.com\/drive\/folders\/1617V8O1Fl3vzpJlfsaYrt-uf9sWvhPCK?usp=sharing\" target=\"_blank\" rel=\"noreferrer noopener\">https:\/\/drive.google.com\/drive\/folders\/1617V8O1Fl3vzpJlfsaYrt-uf9sWvhPCK?usp=sharing  <\/a><\/p>\n\n\n\n<hr class=\"wp-block-separator\"\/>\n\n\n\n<p class=\"has-black-color has-text-color has-background has-medium-font-size\" style=\"background-color:#ffd4b6\"><strong>Saiba Mais<\/strong><\/p>\n\n\n\n<figure class=\"wp-block-embed is-type-video is-provider-youtube wp-block-embed-youtube wp-embed-aspect-16-9 wp-has-aspect-ratio\"><div class=\"wp-block-embed__wrapper\">\n<p class=\"responsive-video-wrap clr\"><iframe title=\"A import\u00e2ncia da \u00e1gua para o ser humano\" width=\"1200\" height=\"675\" src=\"https:\/\/www.youtube.com\/embed\/oXWiNEgb7lA?feature=oembed\" frameborder=\"0\" allow=\"accelerometer; autoplay; clipboard-write; encrypted-media; gyroscope; picture-in-picture\" allowfullscreen><\/iframe><\/p>\n<\/div><figcaption> Canal Jos\u00e9 Firmino de Oliveira Neto &#8220;<a rel=\"noreferrer noopener\" href=\"https:\/\/www.youtube.com\/watch?v=oXWiNEgb7lA\" target=\"_blank\">A import\u00e2ncia da \u00e1gua para o ser humano<\/a>&#8220;. Dispon\u00edvel em: &lt;<a href=\"https:\/\/www.youtube.com\/watch?v=oXWiNEgb7lA\">https:\/\/www.youtube.com\/watch?v=oXWiNEgb7lA<\/a>&gt;. acesso 13, fev. 2022. <\/figcaption><\/figure>\n\n\n\n<hr class=\"wp-block-separator\"\/>\n\n\n\n<figure class=\"wp-block-table\"><table><tbody><tr><td><strong>Componente Curricular<\/strong><\/td><td>Ci\u00eancias da Natureza<\/td><\/tr><tr><td><strong>Habilidade<\/strong><\/td><td>(EF05CIO6-A) Identificar a import\u00e2ncia do oxig\u00eanio e dos alimentos na obten\u00e7\u00e3o de energia para o corpo, relacionando as fun\u00e7\u00f5es pl\u00e1stica, energ\u00e9tica e reguladora dos alimentos no organismo.<\/td><\/tr><tr><td><strong>Refer\u00eancias<\/strong><\/td><td>CUKIER, C.; CUKIER, V. <em>Macro e micronutrientes em nutri\u00e7\u00e3o cl\u00ednica<\/em>. Editora Manole: S\u00e3o Paulo, 2020.<br>MANOEL, J.; SHECHTMANN, E.; FERRER, L. C.; VELLOSO, H. M. <em>Companhia das Ci\u00eancias, 6\u00ba ano<\/em>: ensino fundamental, anos finais. 5\u00ba ed. S\u00e3o Paulo: Saraiva, 2018.<\/td><\/tr><\/tbody><\/table><\/figure>\n","protected":false},"author":26,"featured_media":136656,"template":"","ef_categoria":[14,23],"ef_ano":[88],"ef_componente":[98],"class_list":["post-136655","ensino_fundamental","type-ensino_fundamental","status-publish","has-post-thumbnail","hentry","ef_categoria-ciclo-da-infancia-de","ef_categoria-educacao-ambiental-e-saude-ciclo-da-infancia-de","ef_ano-5o-ano","ef_componente-ciencia-da-natureza-ef","entry","has-media"],"acf":[],"_links":{"self":[{"href":"https:\/\/sme.goiania.go.gov.br\/conexaoescola\/wp-json\/wp\/v2\/ensino_fundamental\/136655","targetHints":{"allow":["GET"]}}],"collection":[{"href":"https:\/\/sme.goiania.go.gov.br\/conexaoescola\/wp-json\/wp\/v2\/ensino_fundamental"}],"about":[{"href":"https:\/\/sme.goiania.go.gov.br\/conexaoescola\/wp-json\/wp\/v2\/types\/ensino_fundamental"}],"author":[{"embeddable":true,"href":"https:\/\/sme.goiania.go.gov.br\/conexaoescola\/wp-json\/wp\/v2\/users\/26"}],"version-history":[{"count":0,"href":"https:\/\/sme.goiania.go.gov.br\/conexaoescola\/wp-json\/wp\/v2\/ensino_fundamental\/136655\/revisions"}],"wp:featuredmedia":[{"embeddable":true,"href":"https:\/\/sme.goiania.go.gov.br\/conexaoescola\/wp-json\/wp\/v2\/media\/136656"}],"wp:attachment":[{"href":"https:\/\/sme.goiania.go.gov.br\/conexaoescola\/wp-json\/wp\/v2\/media?parent=136655"}],"wp:term":[{"taxonomy":"ef_categoria","embeddable":true,"href":"https:\/\/sme.goiania.go.gov.br\/conexaoescola\/wp-json\/wp\/v2\/ef_categoria?post=136655"},{"taxonomy":"ef_ano","embeddable":true,"href":"https:\/\/sme.goiania.go.gov.br\/conexaoescola\/wp-json\/wp\/v2\/ef_ano?post=136655"},{"taxonomy":"ef_componente","embeddable":true,"href":"https:\/\/sme.goiania.go.gov.br\/conexaoescola\/wp-json\/wp\/v2\/ef_componente?post=136655"}],"curies":[{"name":"wp","href":"https:\/\/api.w.org\/{rel}","templated":true}]}}