{"id":136605,"date":"2022-02-13T08:24:00","date_gmt":"2022-02-13T10:24:00","guid":{"rendered":"https:\/\/sme.goiania.go.gov.br\/conexaoescola\/?post_type=ensino_fundamental&#038;p=136605"},"modified":"2023-03-10T14:03:04","modified_gmt":"2023-03-10T17:03:04","slug":"historia-as-luzes-o-liberalismo-e-a-emergencia-do-capitalismo","status":"publish","type":"ensino_fundamental","link":"https:\/\/sme.goiania.go.gov.br\/conexaoescola\/ensino_fundamental\/historia-as-luzes-o-liberalismo-e-a-emergencia-do-capitalismo\/","title":{"rendered":"Hist\u00f3ria &#8211; As luzes, o liberalismo e a emerg\u00eancia do Capitalismo"},"content":{"rendered":"\n<p class=\"has-black-color has-text-color has-background has-medium-font-size\" style=\"background-color:#fff6a6\">Esta proposta de atividade de <strong>HIST\u00d3RIA<\/strong> \u00e9 destinada aos estudantes do<strong> 8\u00b0 Ano do Ensino Fundamental Anos Finais<\/strong>.   <\/p>\n\n\n\n<p class=\"has-text-align-center has-black-color has-text-color has-medium-font-size\">Analisar e compreender as altera\u00e7\u00f5es humanas ao longo do tempo e identificar as continuidades e rupturas dos processos hist\u00f3ricos \u00e9 um dos objetivos da hist\u00f3ria. Para apreender e problematizar essas quest\u00f5es analisamos o iluminismo, o liberalismo e seus desdobramentos, culminando na emerg\u00eancia do capitalismo.<\/p>\n\n\n\n<div class=\"wp-block-buttons is-content-justification-center is-layout-flex wp-container-core-buttons-is-layout-16018d1d wp-block-buttons-is-layout-flex\">\n<div class=\"wp-block-button\"><a class=\"wp-block-button__link wp-element-button\" href=\"https:\/\/docs.google.com\/document\/d\/1rbe4RwRA3Y4z_ZVdOYoz2Rvob2-uvlAQkVb8AvaVb_8\/copy\" target=\"_blank\" rel=\"noreferrer noopener\">Baixe atividade<\/a><\/div>\n\n\n\n<div class=\"wp-block-button\"><a class=\"wp-block-button__link wp-element-button\" href=\"https:\/\/docs.google.com\/presentation\/d\/1VPPYZlrdaPLW_Qf1mOwPw6hmXo3bv37x\/copy\" target=\"_blank\" rel=\"noreferrer noopener\">Baixar conte\u00fado em Slides<\/a><\/div>\n\n\n\n<div class=\"wp-block-button\"><a class=\"wp-block-button__link wp-element-button\" href=\"https:\/\/docs.google.com\/document\/d\/1JElm2ngd6-68B9U-nFicZhul-ezzb3UxWdeors2LZLM\/copy\" target=\"_blank\" rel=\"noreferrer noopener\">Baixar texto estudante<\/a><\/div>\n<\/div>\n\n\n\n<figure class=\"wp-block-image size-large\"><img fetchpriority=\"high\" decoding=\"async\" width=\"1024\" height=\"576\" src=\"https:\/\/sme.goiania.go.gov.br\/conexaoescola\/wp-content\/uploads\/2022\/02\/lightbulb-gdbed2f5c9_1280-e1675792369345-1024x576.jpg\" alt=\"\" class=\"wp-image-156944\" srcset=\"https:\/\/sme.goiania.go.gov.br\/conexaoescola\/wp-content\/uploads\/2022\/02\/lightbulb-gdbed2f5c9_1280-e1675792369345-1024x576.jpg 1024w, https:\/\/sme.goiania.go.gov.br\/conexaoescola\/wp-content\/uploads\/2022\/02\/lightbulb-gdbed2f5c9_1280-e1675792369345-300x169.jpg 300w, https:\/\/sme.goiania.go.gov.br\/conexaoescola\/wp-content\/uploads\/2022\/02\/lightbulb-gdbed2f5c9_1280-e1675792369345-768x432.jpg 768w, https:\/\/sme.goiania.go.gov.br\/conexaoescola\/wp-content\/uploads\/2022\/02\/lightbulb-gdbed2f5c9_1280-e1675792369345.jpg 1280w\" sizes=\"(max-width: 1024px) 100vw, 1024px\" \/><\/figure>\n\n\n\n<p class=\"has-black-color has-text-color\">Dispon\u00edvel em:&lt;<a href=\"https:\/\/pixabay.com\/pt\/photos\/l%c3%a2mpada-el%c3%a9trica-id%c3%a9ia-criatividade-3104355\/\" data-type=\"URL\" data-id=\"https:\/\/pixabay.com\/pt\/photos\/l%c3%a2mpada-el%c3%a9trica-id%c3%a9ia-criatividade-3104355\/\">https:\/\/pixabay.com\/pt\/photos\/l%c3%a2mpada-el%c3%a9trica-id%c3%a9ia-criatividade-3104355\/<\/a>&gt;. Acesso em: 7 fev. 2023<\/p>\n\n\n\n<p class=\"has-black-color has-text-color has-background has-medium-font-size\" style=\"background-color:#fff6a6\"><strong>QUEST\u00c3O 1<\/strong><\/p>\n\n\n\n<p class=\"has-black-color has-text-color has-medium-font-size\">Leia o texto extra\u00eddo da Constitui\u00e7\u00e3o Brasileira de 1988, identifique e transcreva&nbsp; 4 princ\u00edpios da Constitui\u00e7\u00e3o Brasileira que s\u00e3o inspirados no iluminismo e no liberalismo.&nbsp;<\/p>\n\n\n\n<p class=\"has-black-color has-text-color has-medium-font-size\">Art. 1\u00ba A Rep\u00fablica Federativa do Brasil, formada pela uni\u00e3o indissol\u00favel dos Estados e Munic\u00edpios e do Distrito Federal, constitui-se em Estado Democr\u00e1tico de Direito e tem como fundamentos:<\/p>\n\n\n\n<p class=\"has-black-color has-text-color has-medium-font-size\">I &#8211; a soberania;<\/p>\n\n\n\n<p class=\"has-black-color has-text-color has-medium-font-size\">II &#8211; a cidadania;<\/p>\n\n\n\n<p class=\"has-black-color has-text-color has-medium-font-size\">III &#8211; a dignidade da pessoa humana;<\/p>\n\n\n\n<p class=\"has-black-color has-text-color has-medium-font-size\">IV &#8211; os valores sociais do trabalho e da livre iniciativa;<\/p>\n\n\n\n<p class=\"has-black-color has-text-color has-medium-font-size\">V &#8211; o pluralismo pol\u00edtico.<\/p>\n\n\n\n<p class=\"has-black-color has-text-color has-medium-font-size\">Par\u00e1grafo \u00fanico. Todo o poder emana do povo, que o exerce por meio de representantes eleitos ou diretamente, nos termos desta Constitui\u00e7\u00e3o.<\/p>\n\n\n\n<p class=\"has-black-color has-text-color has-medium-font-size\">Art. 2\u00ba S\u00e3o Poderes da Uni\u00e3o, independentes e harm\u00f4nicos entre si, o Legislativo, o Executivo e o Judici\u00e1rio.<\/p>\n\n\n\n<p class=\"has-black-color has-text-color has-medium-font-size\">Art. 5\u00ba Todos s\u00e3o iguais perante a lei, sem distin\u00e7\u00e3o de qualquer natureza, garantindo-se aos brasileiros e aos estrangeiros residentes no Pa\u00eds a inviolabilidade do direito \u00e0 vida, \u00e0 liberdade, \u00e0 igualdade, \u00e0 seguran\u00e7a e \u00e0 propriedade (\u2026).<\/p>\n\n\n\n<p class=\"has-black-color has-text-color has-background has-medium-font-size\" style=\"background-color:#fff6a6\"> <strong>QUEST\u00c3O 2<\/strong><\/p>\n\n\n\n<p class=\"has-black-color has-text-color has-medium-font-size\">Releia o par\u00e1grafo \u00fanico e explique quais s\u00e3o as responsabilidades do povo elencados nele.<\/p>\n\n\n\n<p class=\"has-black-color has-text-color has-background has-medium-font-size\" style=\"background-color:#fff6a6\"><strong>QUEST\u00c3O 3 <\/strong><\/p>\n\n\n\n<p class=\"has-black-color has-text-color has-medium-font-size\">De acordo com o Art. 2\u00b0 S\u00e3o Poderes da Uni\u00e3o, \u201c<strong>independentes e harm\u00f4nicos<\/strong>\u201d entre si, o Legislativo, o Executivo e o Judici\u00e1rio. Essa divis\u00e3o de poderes, sendo independentes entre si, revela a influ\u00eancia de qual pensador iluminista:<\/p>\n\n\n\n<p class=\"has-black-color has-text-color has-medium-font-size\">a) Ali Kamel<\/p>\n\n\n\n<p class=\"has-black-color has-text-color has-medium-font-size\">b) Montesquieu<\/p>\n\n\n\n<p class=\"has-black-color has-text-color has-medium-font-size\">c) Zyza Gleyby<\/p>\n\n\n\n<p class=\"has-black-color has-text-color has-medium-font-size\">d) Carla Bruni<\/p>\n\n\n\n<p class=\"has-background has-medium-font-size\" style=\"background-color:#fff6a6\"><strong> QUEST\u00c3O 4  <\/strong><\/p>\n\n\n\n<p class=\"has-black-color has-text-color has-medium-font-size\">De acordo com o Art. 5\u00b0 todos somos iguais perante a lei, sem distin\u00e7\u00e3o de qualquer natureza, ou seja, igualdade jur\u00eddica. O fil\u00f3sofo iluminista que prop\u00f4s estas ideias foi:<\/p>\n\n\n\n<p class=\"has-black-color has-text-color has-medium-font-size\">a) Diderot<\/p>\n\n\n\n<p class=\"has-black-color has-text-color has-medium-font-size\">b) Klaus Bergman<\/p>\n\n\n\n<p class=\"has-black-color has-text-color has-medium-font-size\">c) Voltaire<\/p>\n\n\n\n<p class=\"has-black-color has-text-color has-medium-font-size\">d) Elizabeth da Baviera<\/p>\n\n\n\n<p class=\"has-text-align-left has-black-color has-text-color has-background has-medium-font-size\" style=\"background-color:#fff6a6\"><strong> SAIBA MAIS <\/strong><\/p>\n\n\n\n<p>O v\u00eddeo abaixo apresenta coment\u00e1rios sobre a Democracia em Rousseau, Democracia representativa e nossa responsabildiades como cidad\u00e3os<\/p>\n\n\n\n<figure class=\"wp-block-embed is-type-video is-provider-youtube wp-block-embed-youtube wp-embed-aspect-16-9 wp-has-aspect-ratio\"><div class=\"wp-block-embed__wrapper\">\n<p class=\"responsive-video-wrap clr\"><iframe title=\"Rousseau e a Democracia 8\u00b0 Ano Atividade 1\" width=\"1200\" height=\"675\" src=\"https:\/\/www.youtube.com\/embed\/vhC5D_q3wic?feature=oembed\" frameborder=\"0\" allow=\"accelerometer; autoplay; clipboard-write; encrypted-media; gyroscope; picture-in-picture; web-share\" allowfullscreen><\/iframe><\/p>\n<\/div><figcaption class=\"wp-element-caption\">Canal Uilson Duarte &#8220;Rousseau e a Democracia 8\u00b0 Ano Atividade 1&#8221; Dispon\u00edvel em &lt;https:\/\/www.youtube.com\/watch?v=vhC5D_q3wic&gt; acesso em 14 fev 2022.<\/figcaption><\/figure>\n\n\n\n<p class=\"has-black-color has-pale-cyan-blue-background-color has-text-color has-background has-medium-font-size\"><strong>Acesse os materiais referenstes a essa atividade clicando aqui:<\/strong> <a href=\"https:\/\/drive.google.com\/drive\/folders\/1Y0q1N_l2BLfHQR1PJQJwnimiEaxvd26y?usp=sharing\" data-type=\"URL\" data-id=\"https:\/\/drive.google.com\/drive\/folders\/1Y0q1N_l2BLfHQR1PJQJwnimiEaxvd26y?usp=sharing\" target=\"_blank\" rel=\"noreferrer noopener\">https:\/\/drive.google.com\/drive\/folders\/1Y0q1N_l2BLfHQR1PJQJwnimiEaxvd26y?usp=sharing<\/a><\/p>\n\n\n\n<figure class=\"wp-block-table is-style-stripes\"><table><tbody><tr><td><strong>Habilidade:<\/strong><\/td><td><strong>(EF08HI01)<\/strong> Identificar os principais aspectos conceituais do iluminismo e do liberalismo e discutir a rela\u00e7\u00e3o entre eles e a organiza\u00e7\u00e3o do mundo contempor\u00e2neo. <strong>Integra\u00e7\u00e3o com L\u00edngua Portuguesa (EF69LP05-A) <\/strong>Entender a cr\u00edtica ou o humor de uma charge ou um meme, partindo do conhecimento pr\u00e9vio do fato ou assunto criticado ou humorizado.<\/td><\/tr><\/tbody><\/table><\/figure>\n\n\n\n<figure class=\"wp-block-table\"><table><tbody><tr><td><strong>Referencial te\u00f3rico<\/strong><\/td><td><strong>ANDERSON<\/strong>, Perry. Linhagens do Estado Absolutista: tradu\u00e7\u00e3o Jo\u00e3o Roberto Filho. S\u00e3o Paulo.&nbsp; Brasiliense,2004.<br><strong>HOBSBAWM<\/strong>, Eric J. A Era das revolu\u00e7\u00f5es: Europa 1789-1848, tradu\u00e7\u00e3o de Maria Tereza Lopes Teixeira e Marcos Penchel. Rio de Janeiro, Paz e Temi, 1977.<br><strong>MICELI<\/strong>, Paulo. Hist\u00f3ria moderna. &#8211; 1\u00b0 Ed., 2\u00aa Reimpress\u00e3o. &#8211; S\u00e3o Paulo: Contexto, 2018.<br><strong>MORAES<\/strong>, Lu\u00eds Edmundo. Hist\u00f3ria Contempor\u00e2nea: da Revolu\u00e7\u00e3o Francesa \u00e0 Primeira Guerra Mundial. &#8211; S\u00e3o Paulo: Contexto, 2017.<br><strong>ROUSSEAU<\/strong>, J. J. Do Contrato Social ou Princ\u00edpios do Direito Pol\u00edtico. S\u00e3o Paulo. Hemus-livraria Editora Ltda, 1981<\/td><\/tr><\/tbody><\/table><\/figure>\n\n\n\n<p class=\"has-black-color has-text-color has-medium-font-size\"><strong>Criado por Uilson Silva Duarte Especialista em Culturas Negras no Atl\u00e2ntico: Hist\u00f3ria da \u00c1frica e Afrobrasileira,<\/strong><\/p>\n","protected":false},"author":26,"featured_media":156944,"template":"","ef_categoria":[],"ef_ano":[91],"ef_componente":[95],"class_list":["post-136605","ensino_fundamental","type-ensino_fundamental","status-publish","has-post-thumbnail","hentry","ef_ano-8o-ano","ef_componente-historia","entry","has-media"],"acf":[],"_links":{"self":[{"href":"https:\/\/sme.goiania.go.gov.br\/conexaoescola\/wp-json\/wp\/v2\/ensino_fundamental\/136605","targetHints":{"allow":["GET"]}}],"collection":[{"href":"https:\/\/sme.goiania.go.gov.br\/conexaoescola\/wp-json\/wp\/v2\/ensino_fundamental"}],"about":[{"href":"https:\/\/sme.goiania.go.gov.br\/conexaoescola\/wp-json\/wp\/v2\/types\/ensino_fundamental"}],"author":[{"embeddable":true,"href":"https:\/\/sme.goiania.go.gov.br\/conexaoescola\/wp-json\/wp\/v2\/users\/26"}],"version-history":[{"count":2,"href":"https:\/\/sme.goiania.go.gov.br\/conexaoescola\/wp-json\/wp\/v2\/ensino_fundamental\/136605\/revisions"}],"predecessor-version":[{"id":158571,"href":"https:\/\/sme.goiania.go.gov.br\/conexaoescola\/wp-json\/wp\/v2\/ensino_fundamental\/136605\/revisions\/158571"}],"wp:featuredmedia":[{"embeddable":true,"href":"https:\/\/sme.goiania.go.gov.br\/conexaoescola\/wp-json\/wp\/v2\/media\/156944"}],"wp:attachment":[{"href":"https:\/\/sme.goiania.go.gov.br\/conexaoescola\/wp-json\/wp\/v2\/media?parent=136605"}],"wp:term":[{"taxonomy":"ef_categoria","embeddable":true,"href":"https:\/\/sme.goiania.go.gov.br\/conexaoescola\/wp-json\/wp\/v2\/ef_categoria?post=136605"},{"taxonomy":"ef_ano","embeddable":true,"href":"https:\/\/sme.goiania.go.gov.br\/conexaoescola\/wp-json\/wp\/v2\/ef_ano?post=136605"},{"taxonomy":"ef_componente","embeddable":true,"href":"https:\/\/sme.goiania.go.gov.br\/conexaoescola\/wp-json\/wp\/v2\/ef_componente?post=136605"}],"curies":[{"name":"wp","href":"https:\/\/api.w.org\/{rel}","templated":true}]}}