{"id":135019,"date":"2021-12-05T23:19:02","date_gmt":"2021-12-06T01:19:02","guid":{"rendered":"https:\/\/sme.goiania.go.gov.br\/conexaoescola\/?post_type=ensino_fundamental&#038;p=135019"},"modified":"2022-03-15T11:56:26","modified_gmt":"2022-03-15T14:56:26","slug":"ciencias-da-natureza-programa-nacional-de-imunizacoes-e-prevencao-de-doencas","status":"publish","type":"ensino_fundamental","link":"https:\/\/sme.goiania.go.gov.br\/conexaoescola\/ensino_fundamental\/ciencias-da-natureza-programa-nacional-de-imunizacoes-e-prevencao-de-doencas\/","title":{"rendered":"Ci\u00eancias da Natureza: PROGRAMA NACIONAL DE IMUNIZA\u00c7\u00d5ES E PREVEN\u00c7\u00c3O DE DOEN\u00c7AS"},"content":{"rendered":"\n<p class=\"has-cyan-bluish-gray-background-color has-background has-medium-font-size\"><em><strong>Ol\u00e1, estudante! Esta videoaula de&nbsp;<span class=\"has-inline-color has-vivid-cyan-blue-color\">Ci\u00eancias&nbsp;da Natureza, &nbsp;para&nbsp;7\u00ba Ano<\/span>,&nbsp;foi veiculada na TV no dia&nbsp;07\/12\/2021&nbsp;(Ter\u00e7a-feira). Aqui no Portal Conex\u00e3o Escola, ela est\u00e1 dispon\u00edvel juntamente com a proposta de atividade.<\/strong><\/em><\/p>\n\n\n\n<p class=\"has-medium-font-size\"><strong>Na videoaula que voc\u00ea assistir\u00e1 hoje, ser\u00e1 poss\u00edvel conhecer um pouco da hist\u00f3ria da sa\u00fade p\u00fablica brasileira, sendo apresentado a voc\u00ea o Programa Nacional de Imuniza\u00e7\u00f5es (PNI), o Sistema \u00danico de Sa\u00fade (SUS) assim como a import\u00e2ncia hist\u00f3rica de dois importantes centros de pesquisa brasileiros \u2013 que, inclusive, temos ouvido falar bastante no contexto da pandemia da Covid-19. A professora Mariana apresentar\u00e1 a voc\u00ea as doen\u00e7as que podem ser prevenidas por meio de vacinas, disponibilizadas \u00e0 popula\u00e7\u00e3o via PNI, e a listagem de soros produzidos nacionalmente, pelo Instituto Butantan. Assista com aten\u00e7\u00e3o: esse tema \u00e9 instigante!<\/strong><\/p>\n\n\n\n<div class=\"wp-block-image\"><figure class=\"aligncenter size-full is-resized\"><img fetchpriority=\"high\" decoding=\"async\" src=\"https:\/\/sme.goiania.go.gov.br\/conexaoescola\/wp-content\/uploads\/2021\/12\/sus-e1638787355297.jpg\" alt=\"\" class=\"wp-image-135026\" width=\"192\" height=\"401\"\/><figcaption>Fonte: <a href=\"https:\/\/commons.wikimedia.org\/wiki\/File:Z%C3%A9_Gotinha_no_Lan%C3%A7amento_do_Plano_Nacional_de_Operacionaliza%C3%A7%C3%A3o_da_Vacina%C3%A7%C3%A3o_Contra_a_Covid-19.jpg\">commons.wikimedia.org<\/a><\/figcaption><\/figure><\/div>\n\n\n\n<p class=\"has-text-align-center has-black-background-color has-background has-medium-font-size\"><strong><span class=\"has-inline-color has-white-color\">Assista a videoaula abaixo com a tem\u00e1tica<\/span><\/strong>&nbsp;<strong><span class=\"has-inline-color has-vivid-cyan-blue-color\">PROGRAMA NACIONAL DE IMUNIZA\u00c7\u00d5ES E PREVEN\u00c7\u00c3O DE DOEN\u00c7AS<\/span><\/strong><\/p>\n\n\n\n<figure class=\"wp-block-embed aligncenter is-type-video is-provider-youtube wp-block-embed-youtube wp-embed-aspect-16-9 wp-has-aspect-ratio\"><div class=\"wp-block-embed__wrapper\">\n<p class=\"responsive-video-wrap clr\"><iframe title=\"7 Ano - Ci\u00eancias da Natureza - Programa Nacional de Imuniza\u00e7\u00f5es e Preven\u00e7\u00e3o de Doen\u00e7as\" width=\"1200\" height=\"675\" src=\"https:\/\/www.youtube.com\/embed\/758DGXwiLKA?feature=oembed\" frameborder=\"0\" allow=\"accelerometer; autoplay; clipboard-write; encrypted-media; gyroscope; picture-in-picture\" allowfullscreen><\/iframe><\/p>\n<\/div><figcaption>7\u00ba ano &#8211; Ensino Fundamental &#8211; Ci\u00eancias da Natureza &#8211; Professora Mariana Araguaia<\/figcaption><\/figure>\n\n\n\n<p class=\"has-medium-font-size\">Na videoaula da professora Mariana, voc\u00ea conheceu o conceito de doen\u00e7as imunopreven\u00edveis, que s\u00e3o aquelas que podem ser evitadas com a vacina\u00e7\u00e3o. Tamb\u00e9m foi poss\u00edvel reconhecer que o Brasil possui uma das maiores iniciativas mundiais voltadas \u00e0 vacina\u00e7\u00e3o: o Programa Nacional de Imuniza\u00e7\u00f5es, que confere acesso universal \u00e0s vacinas, gratuitamente. Sobre isso, tamb\u00e9m foi aprendido que nosso pa\u00eds consegue produzir a maioria das vacinas dispon\u00edveis, principalmente por meio do Instituto Butantan e Funda\u00e7\u00e3o Oswaldo Cruz. No decorrer da aula, voc\u00ea foi apresentado \u00e0s diversas doen\u00e7as que s\u00e3o evitadas gra\u00e7as ao Calend\u00e1rio Vacinal, cujas formas de transmiss\u00e3o podem ser pelas vias a\u00e9reas, ingest\u00e3o de \u00e1gua ou alimentos contaminados, por vetores, rela\u00e7\u00f5es sexuais ou les\u00f5es profundas na pele. Ao final, voc\u00ea conheceu os tipos de soro desenvolvidos pelo Instituto Butantan: antiof\u00eddicos, antiescorpi\u00f4nico, antiaracn\u00eddeo, antilon\u00f4mico (para tratamento de acidentes provocados por lagartas do G\u00eanero Lonomia:  taturana, oruga e tapuru), antidift\u00e9rico, antitet\u00e2nico, antibotul\u00ednico e antirr\u00e1bico.<\/p>\n\n\n\n<p class=\"has-vivid-cyan-blue-background-color has-background has-medium-font-size\"><strong>ATIVIDADE 1<\/strong><\/p>\n\n\n\n<p class=\"has-medium-font-size\">Na videoaula que voc\u00ea assistiu, a professora Mariana apresentou a voc\u00ea aspectos importantes sobre a sa\u00fade p\u00fablica brasileira. Nesse sentido, preencha cada lacuna abaixo com a palavra correta.<\/p>\n\n\n\n<p class=\"has-medium-font-size\"><strong><em>Chamamos de doen\u00e7as ___________________ aquelas que podem ser prevenidas com vacina\u00e7\u00e3o.<\/em> <em>No Brasil, temos o ___________________________________ (PNI), que confere acesso universal e gratuito \u00e0s vacinas, com vistas \u00e0 erradica\u00e7\u00e3o de doen\u00e7as. Ele foi criado em 1973, no momento em que se vacinava a popula\u00e7\u00e3o contra a var\u00edola.&nbsp;Alguns anos depois, em 1988, foi criado o ___________________________________ (SUS). Relacionado a ele, temos o ___________________ vacinal, apresentando as vacinas disponibilizadas a determinados grupos, no ano corrente.<\/em> <em>Nesse contexto, temos o Instituto ___________________, em S\u00e3o Paulo e a Funda\u00e7\u00e3o ___________________________________, no Rio de Janeiro, respons\u00e1veis por importantes pesquisas, assim como a fabrica\u00e7\u00e3o de imunizantes.<\/em><\/strong><\/p>\n\n\n\n<p class=\"has-vivid-cyan-blue-background-color has-background has-medium-font-size\"><strong>ATIVIDADE 2<\/strong><\/p>\n\n\n\n<p class=\"has-medium-font-size\">Hoje voc\u00ea identificou e estudou sobre doen\u00e7as cuja preven\u00e7\u00e3o pode se dar atrav\u00e9s das vacinas disponibilizadas no calend\u00e1rio vacinal. Nesse sentido, responda \u00e0s quest\u00f5es abaixo, citando o nome das doen\u00e7as que s\u00e3o transmitidas:<\/p>\n\n\n\n<ul class=\"has-medium-font-size wp-block-list\"><li>Pelas vias respirat\u00f3rias<\/li><li>Pela ingest\u00e3o de \u00e1gua e\/ou alimentos contaminados<\/li><li>Por vetores<\/li><li>Por rela\u00e7\u00f5es sexuais<\/li><li>Por les\u00f5es profundas na pele<\/li><\/ul>\n\n\n\n<p class=\"has-vivid-cyan-blue-background-color has-background has-medium-font-size\"><strong>ATIVIDADE 3<\/strong><\/p>\n\n\n\n<p class=\"has-medium-font-size\">Voc\u00ea conheceu, na aula de hoje, os tipos de soros que s\u00e3o fabricados pelo Instituto Butantan \u2013 inclusive aqueles voltados para tratamento de pessoas v\u00edtimas de acidentes of\u00eddicos. Sobre esse tema, leia com muita aten\u00e7\u00e3o a not\u00edcia abaixo, desenvolvida por Isabella Melo e Vin\u00edcius Cassela, e tamb\u00e9m o trecho retirado do texto site eCycle:<\/p>\n\n\n\n<p class=\"has-medium-font-size\"><strong>Link not\u00edcia<\/strong>:<\/p>\n\n\n\n<p class=\"has-text-align-center has-medium-font-size\"> <a href=\"https:\/\/g1.globo.com\/df\/distrito-federal\/noticia\/2020\/07\/08\/estudante-de-veterinaria-e-picado-por-cobra-naja-e-internado-em-estado-grave-no-df.ghtml\">https:\/\/g1.20globo.com\/df\/distrito-federal\/noticia\/2020\/07\/08\/estudante-de-veterinaria-e-picado-por-cobra-naja-e-internado-em-estado-grave-no-df.ghtml<\/a><\/p>\n\n\n\n<p class=\"has-medium-font-size\"><strong>Trecho texto: <\/strong><\/p>\n\n\n\n<div class=\"wp-block-image\"><figure class=\"aligncenter size-full is-resized\"><img decoding=\"async\" src=\"https:\/\/sme.goiania.go.gov.br\/conexaoescola\/wp-content\/uploads\/2021\/12\/trafico-e1638788349756.jpg\" alt=\"\" class=\"wp-image-135028\" width=\"795\" height=\"192\" srcset=\"https:\/\/sme.goiania.go.gov.br\/conexaoescola\/wp-content\/uploads\/2021\/12\/trafico-e1638788349756.jpg 720w, https:\/\/sme.goiania.go.gov.br\/conexaoescola\/wp-content\/uploads\/2021\/12\/trafico-e1638788349756-300x73.jpg 300w\" sizes=\"(max-width: 795px) 100vw, 795px\" \/><figcaption>Fonte: ECycle. Tr\u00e1fico de animais: o que \u00e9 e como denunciar. Dispon\u00edvel em &lt;https:\/\/www.ecycle.com.br\/trafico-de-animais\/&gt;. Acesso em nov. 21.<\/figcaption><\/figure><\/div>\n\n\n\n<p class=\"has-vivid-cyan-blue-background-color has-background has-medium-font-size\"><strong>ATIVIDADE 4<\/strong><\/p>\n\n\n\n<p class=\"has-medium-font-size\">De acordo com o que voc\u00ea estudou at\u00e9 aqui, responda, em seu caderno, \u00e0s quest\u00f5es a seguir:<\/p>\n\n\n\n<ul class=\"has-medium-font-size wp-block-list\"><li>Por que, no caso do estudante citado na reportagem, foi utilizado soro, e n\u00e3o vacina, para o seu tratamento?<\/li><li>Na sua opini\u00e3o, quais s\u00e3o as principais e mais graves consequ\u00eancias do tr\u00e1fico de animais silvestres? Voc\u00ea acha que o tr\u00e1fico de animais ex\u00f3ticos (ou seja, de outras regi\u00f5es que n\u00e3o a nossa) \u00e9 igualmente grave, menos ou mais grave? Justifique sua resposta, apontando o que pode ser feito para coibir esse problema.<\/li><\/ul>\n\n\n\n<hr class=\"wp-block-separator\"\/>\n\n\n\n<p class=\"has-text-align-center has-medium-font-size\"><strong>Bons estudos! Fique bem!<\/strong><\/p>\n\n\n\n<hr class=\"wp-block-separator\"\/>\n\n\n\n<figure class=\"wp-block-table is-style-regular\"><table><tbody><tr><td>Referencial Bibliogr\u00e1fico<\/td><td>ARAGUAIA, Mariana. Brasil Escola. Aids, catapora e caxumba. Dispon\u00edvel em &lt;https:\/\/brasilescola.uol.com.br\/biologia\/aids-catapora-caxumba.htm&gt;. Acesso em nov. 2021.<br>______. Brasil Escola. C\u00f3lera, coqueluche, difteria e disenteria bacilar. Dispon\u00edvel em &lt;https:\/\/brasilescola.uol.com.br\/biologia\/colera-coqueluche-difteria-disenteria-bacilar.htm&gt;. Acesso em nov. 2021.<br>______.. Brasil Escola. Febre Amarela. Dispon\u00edvel em &lt;https:\/\/brasilescola.uol.com.br\/doencas\/febre-amarela.htm&gt;. Acesso em nov. 2021.<br>______. Brasil Escola. Impetigo, leptospirose, meningite e t\u00e9tano. Dispon\u00edvel em &lt;https:\/\/brasilescola.uol.com.br\/biologia\/impetigo-leptospirose-meningite-tetano.htm&gt;. Acesso em nov. 2021.<br>______. Brasil Escola. Leptospirose, meningite e t\u00e9tano. Dispon\u00edvel em &lt;https:\/\/brasilescola.uol.com.br\/biologia\/impetigo-leptospirose-meningite-tetano.htm&gt;. Acesso em nov. 2021.<br>______. Brasil Escola. Gastrenterite rotaviral, gripe e hepatites. Dispon\u00edvel em &lt;https:\/\/brasilescola.uol.com.br\/biologia\/gastrenterite-rotaviral-gripe-hepatites.htm&gt;. Acesso em nov. 2021.<br>______. Brasil Escola. Herpes, mononucleose e poliomielite. Dispon\u00edvel em &lt;https:\/\/brasilescola.uol.com.br\/biologia\/herpes-mononucleose-poliomielite.htm&gt;. Acesso em nov. 2021.<br>______. Mundo Educa\u00e7\u00e3o. Resfriado, rub\u00e9ola, sarampo e var\u00edola. Dispon\u00edvel em &lt;https:\/\/mundoeducacao.uol.com.br\/biologia\/resfriado-rubeola-sarampo-variola-doencas-virais.htm&gt;. Acesso em nov. 2021.<br>______. Mundo Educa\u00e7\u00e3o. Tifo, tracoma e tuberculose. Dispon\u00edvel em &lt;https:\/\/mundoeducacao.uol.com.br\/biologia\/resfriado-rubeola-sarampo-variola-doencas-virais.htm&gt;. Acesso em nov. 2021.<br>BRASIL. Ag\u00eancia Fiocruz de Not\u00edcias. Programa Nacional de Imuniza\u00e7\u00f5es (PNI): reconhecimento nacional e internacional. Dispon\u00edvel em &lt;https:\/\/agencia.fiocruz.br\/programa-nacional-de-imuniza%C3%A7%C3%B5es-pni-reconhecimento-nacional-e-internacional&gt;. Acesso em nov. 2021.<br>______. Anexo III &#8211; Calend\u00e1rio do Adulto e do Idoso. Minist\u00e9rio da Sa\u00fade. Dispon\u00edvel em &lt;https:\/\/www.gov.br\/saude\/pt-br\/media\/pdf\/2021\/junho\/09\/calendario-de-vacinacao-2020_adulto-e-idoso.pdf&gt;. Acesso em nov. 2021.<br>______. Anexo IV &#8211; Calend\u00e1rio da Gestante. Minist\u00e9rio da Sa\u00fade. Dispon\u00edvel em &lt;https:\/\/www.gov.br\/saude\/pt-br\/media\/pdf\/2021\/junho\/09\/calendario-de-vacinacao-2020_gestantes.pdf&gt;. Acesso em nov. 2021.<br>______. Calend\u00e1rio de Vacina\u00e7\u00e3o 2020_Crian\u00e7a.pdf. Minist\u00e9rio da Sa\u00fade. Dispon\u00edvel em &lt;https:\/\/www.gov.br\/saude\/pt-br\/media\/pdf\/2021\/junho\/09\/calendario-de-vacinacao-2020_crianca.pdf\/view&gt;. Acesso em nov. 2021.<br>______. Cartilha de Vacinas. Minist\u00e9rio da Sa\u00fade. Dispon\u00edvel em &lt;https:\/\/bvsms.saude.gov.br\/bvs\/publicacoes\/cart_vac.pdf&gt;. Acesso em out. 2021.<br>______. Como \u00e9 produzido o soro contra o veneno das cobras? Instituto Butantan. Dispon\u00edvel em &lt;https:\/\/butantan.gov.br\/noticias\/como-e-produzido-o-soro-contra-o-veneno-das-cobras&gt;. Acesso em out 2021.<br>______. Covid-19: especialistas discutem possibilidade de endemia. Ag\u00eancia Fiocruz de Not\u00edcias. Dispon\u00edvel em &lt;https:\/\/agencia.fiocruz.br\/covid-19-especialistas-discutem-possibilidade-de-endemia&gt;. Acesso em out. 2021.<br>______. Instituto Butantan. Soros. Dispon\u00edvel em &lt;https:\/\/butantan.gov.br\/soros-e-vacinas\/soros&gt;. Acesso em nov. 2021.<br>CARNEVALLE, Ma\u00edra Rosa. Ararib\u00e1 mais Ci\u00eancias. 1\u00aa edi\u00e7\u00e3o. S\u00e3o Paulo: Moderna, 2018.<br>HIRANAKA, Roberta Aparecida Bueno; HORTENCIO, Thiago Macedo de Abreu. Inspire Ci\u00eancias. 1\u00aa edi\u00e7\u00e3o. S\u00e3o Paulo: FTD, 2018<br>PFIZER. Doen\u00e7as Pneumoc\u00f3cicas. Dispon\u00edvel em &lt;https:\/\/www.pfizer.com.br\/sua-saude\/vacinacao\/doencas-pneumococicas&gt;. Acesso em nov. 2021.<\/td><\/tr><\/tbody><\/table><\/figure>\n\n\n\n<hr class=\"wp-block-separator\"\/>\n\n\n\n<figure class=\"wp-block-table is-style-regular\"><table><tbody><tr><td>Componente Curricular<\/td><td>Habilidade<\/td><\/tr><tr><td>Ci\u00eancias da Natureza<\/td><td><em>Estruturante:<\/em>(EF07CI10-C) Argumentar sobre a import\u00e2ncia da vacina\u00e7\u00e3o para a sa\u00fade p\u00fablica, com base em informa\u00e7\u00f5es sobre a maneira como a vacina atua no organismo, ressaltando seu papel hist\u00f3rico na manuten\u00e7\u00e3o da sa\u00fade individual e coletiva e na erradica\u00e7\u00e3o de doen\u00e7as.<\/td><\/tr><\/tbody><\/table><\/figure>\n","protected":false},"author":44,"featured_media":135026,"template":"","ef_categoria":[15,28],"ef_ano":[90],"ef_componente":[98],"class_list":["post-135019","ensino_fundamental","type-ensino_fundamental","status-publish","has-post-thumbnail","hentry","ef_categoria-ciclo-da-adolescencia-fg","ef_categoria-educacao-ambiental-e-saude-ciclo-da-adolescencia-fg","ef_ano-7o-ano","ef_componente-ciencia-da-natureza-ef","entry","has-media"],"acf":[],"_links":{"self":[{"href":"https:\/\/sme.goiania.go.gov.br\/conexaoescola\/wp-json\/wp\/v2\/ensino_fundamental\/135019","targetHints":{"allow":["GET"]}}],"collection":[{"href":"https:\/\/sme.goiania.go.gov.br\/conexaoescola\/wp-json\/wp\/v2\/ensino_fundamental"}],"about":[{"href":"https:\/\/sme.goiania.go.gov.br\/conexaoescola\/wp-json\/wp\/v2\/types\/ensino_fundamental"}],"author":[{"embeddable":true,"href":"https:\/\/sme.goiania.go.gov.br\/conexaoescola\/wp-json\/wp\/v2\/users\/44"}],"version-history":[{"count":0,"href":"https:\/\/sme.goiania.go.gov.br\/conexaoescola\/wp-json\/wp\/v2\/ensino_fundamental\/135019\/revisions"}],"wp:featuredmedia":[{"embeddable":true,"href":"https:\/\/sme.goiania.go.gov.br\/conexaoescola\/wp-json\/wp\/v2\/media\/135026"}],"wp:attachment":[{"href":"https:\/\/sme.goiania.go.gov.br\/conexaoescola\/wp-json\/wp\/v2\/media?parent=135019"}],"wp:term":[{"taxonomy":"ef_categoria","embeddable":true,"href":"https:\/\/sme.goiania.go.gov.br\/conexaoescola\/wp-json\/wp\/v2\/ef_categoria?post=135019"},{"taxonomy":"ef_ano","embeddable":true,"href":"https:\/\/sme.goiania.go.gov.br\/conexaoescola\/wp-json\/wp\/v2\/ef_ano?post=135019"},{"taxonomy":"ef_componente","embeddable":true,"href":"https:\/\/sme.goiania.go.gov.br\/conexaoescola\/wp-json\/wp\/v2\/ef_componente?post=135019"}],"curies":[{"name":"wp","href":"https:\/\/api.w.org\/{rel}","templated":true}]}}