{"id":134752,"date":"2021-11-29T16:26:57","date_gmt":"2021-11-29T18:26:57","guid":{"rendered":"https:\/\/sme.goiania.go.gov.br\/conexaoescola\/?post_type=ensino_fundamental&#038;p=134752"},"modified":"2021-11-30T16:43:45","modified_gmt":"2021-11-30T18:43:45","slug":"geografia-escalas-cartograficas-2","status":"publish","type":"ensino_fundamental","link":"https:\/\/sme.goiania.go.gov.br\/conexaoescola\/ensino_fundamental\/geografia-escalas-cartograficas-2\/","title":{"rendered":"Geografia &#8211; Como calcular dist\u00e2ncias pelas escalas"},"content":{"rendered":"\n<p class=\"has-black-color has-cyan-bluish-gray-background-color has-text-color has-background\" style=\"font-size:25px\"><em>Ol\u00e1, estudante. Esta videoaula de <\/em><strong><em>Geografia<\/em><\/strong><em> <strong>do 6\u00ba ano<\/strong> foi veiculada na TV no dia <\/em><strong><em>29\/11\/2021 (Segunda-feira)<\/em><\/strong><em>. Aqui no Portal Conex\u00e3o Escola, ela est\u00e1 dispon\u00edvel juntamente com a proposta de atividade.<\/em><\/p>\n\n\n\n<p class=\"has-black-color has-pale-cyan-blue-background-color has-text-color has-background\" style=\"font-size:25px\">Na aula de hoje vamos compreender como podemos utilizar as escalas cartogr\u00e1ficas.<\/p>\n\n\n\n<figure class=\"wp-block-image size-full\"><img fetchpriority=\"high\" decoding=\"async\" width=\"960\" height=\"634\" src=\"https:\/\/sme.goiania.go.gov.br\/conexaoescola\/wp-content\/uploads\/2021\/11\/map-455769_960_720-e1638209818646.jpg\" alt=\"\" class=\"wp-image-134753\" srcset=\"https:\/\/sme.goiania.go.gov.br\/conexaoescola\/wp-content\/uploads\/2021\/11\/map-455769_960_720-e1638209818646.jpg 960w, https:\/\/sme.goiania.go.gov.br\/conexaoescola\/wp-content\/uploads\/2021\/11\/map-455769_960_720-e1638209818646-300x198.jpg 300w, https:\/\/sme.goiania.go.gov.br\/conexaoescola\/wp-content\/uploads\/2021\/11\/map-455769_960_720-e1638209818646-768x507.jpg 768w\" sizes=\"(max-width: 960px) 100vw, 960px\" \/><figcaption>Tem\u00e1tica &#8211; Geografia &#8211; Escalas cartogr\u00e1ficas. Dispon\u00edvel em: &lt;pixabay.com\/photo&gt;. Acesso em: 03 de Novembro de 2021.<\/figcaption><\/figure>\n\n\n\n<hr class=\"wp-block-separator\"\/>\n\n\n\n<p class=\"has-text-align-center has-black-color has-pale-cyan-blue-background-color has-text-color has-background\" style=\"font-size:30px\"><strong>Assista a videoaula abaixo, com a tem\u00e1tica \u2013\u00a0Geografia &#8211;  <strong>Como calcular dist\u00e2ncias pelas escalas<\/strong> <\/strong><\/p>\n\n\n\n<figure class=\"wp-block-embed is-type-video is-provider-youtube wp-block-embed-youtube wp-embed-aspect-16-9 wp-has-aspect-ratio\"><div class=\"wp-block-embed__wrapper\">\n<p class=\"responsive-video-wrap clr\"><iframe title=\"6 ano - Geografia\" width=\"1200\" height=\"675\" src=\"https:\/\/www.youtube.com\/embed\/3gZwCLhPQao?feature=oembed\" frameborder=\"0\" allow=\"accelerometer; autoplay; clipboard-write; encrypted-media; gyroscope; picture-in-picture\" allowfullscreen><\/iframe><\/p>\n<\/div><figcaption>GEOGRAFIA | 6\u00ba ANO | ENSINO FUNDAMENTAL | PROF.: AILTON<\/figcaption><\/figure>\n\n\n\n<hr class=\"wp-block-separator\"\/>\n\n\n\n<p class=\"has-text-align-center has-black-color has-pale-cyan-blue-background-color has-text-color has-background\" style=\"font-size:30px\"><strong>Como calcular dist\u00e2ncias pelas escalas<\/strong><\/p>\n\n\n\n<p class=\"has-black-color has-text-color\" style=\"font-size:25px\">Os mapas representam a realidade em tamanho reduzido, as escalas apontam a propor\u00e7\u00e3o que a realidade foi reduzida para ser representada no mapa e n\u00e3o est\u00e3o l\u00e1 apenas para decora\u00e7\u00e3o, precisamos compreender como utiliz\u00e1-las para calcular a dist\u00e2ncia percorrida no mapa e na realidade. Veja:<\/p>\n\n\n\n<p class=\"has-text-align-center\"><img decoding=\"async\" src=\"https:\/\/lh5.googleusercontent.com\/NqBNqQWvG7TYAtW_RCk5-aw37eMsowTy2y33vkM78sAu2pJnaYRMAmjCPBol7ooY01sogPPE_N_7K0JwNSYE5GXI9_axaSEUbTxLvD2NDFVRLIcuZ69423uuXuBdZRv5zfcKCCI\" style=\"width: 1000px;\"><\/p>\n\n\n\n<p class=\"has-text-align-center has-black-color has-text-color\" style=\"font-size:12px\"><strong>Figura I. <\/strong>Brasil: Grandes regi\u00f5es. <strong>Fonte: <\/strong>ADAS, M; ADAS, S.<em> Expedi\u00e7\u00f5es Geogr\u00e1ficas: 6\u00b0 ano<\/em>. 3\u00b0 Edi\u00e7\u00e3o. S\u00e3o Paulo: Moderna, 2018. p. 65.<\/p>\n\n\n\n<p class=\"has-black-color has-text-color\" style=\"font-size:25px\">Considerando a escala gr\u00e1fica do mapa, presente na Figura II, e sabendo que a dist\u00e2ncia percorrida no mapa entre os pontos A e B (extens\u00e3o da linha amarela) foi de quatro cent\u00edmetros, ficou muito f\u00e1cil responder. S\u00f3 foi preciso multiplicar a dist\u00e2ncia percorrida no mapa com a escala e o resultado foi a dist\u00e2ncia percorrida na realidade. Ent\u00e3o, se voc\u00ea sair exatamente do local onde est\u00e1 o ponto A e ir em dire\u00e7\u00e3o ao ponto B em linha reta ter\u00e1 percorrido 2. 200 km.<\/p>\n\n\n\n<p class=\"has-black-color has-text-color\" style=\"font-size:25px\">No exemplo anterior utilizamos a escala gr\u00e1fica, mas voc\u00ea j\u00e1 pensou como resolver um exerc\u00edcio que envolve escala num\u00e9rica. Por exemplo, suponhamos que Maria mediu a dist\u00e2ncia de sete cent\u00edmetros entre o ponto A e B em um mapa com escala de 1:50 000 000cm, qual \u00e9 a dist\u00e2ncia na realidade?<\/p>\n\n\n\n<p class=\"has-black-color has-text-color\" style=\"font-size:25px\">Para resolver \u00e9 bem simples, a escala nos aponta que um cent\u00edmetro percorrido no mapa corresponde a cinquenta milh\u00f5es de cent\u00edmetros na realidade, primeiro precisamos converter a nossa escala de cent\u00edmetros para quil\u00f4metros e para tanto basta cortar cinco zeros logo 50 000 000cm \u00e9 igual a 500km. Em seguida vamos multiplicar a escala (500 km) pela dist\u00e2ncia aferida no mapa (7cm) e o resultado (3 500km) \u00e9 a dist\u00e2ncia percorrida na realidade. Veja:<\/p>\n\n\n\n<p class=\"has-text-align-center\"><img decoding=\"async\" src=\"https:\/\/lh5.googleusercontent.com\/6T8tynh4ffayStJj64bvZorAKSfuk-KMVcmfM7-rhr4POYRWL1PnlwruLCLscVma-L_ZK0H5AsHzkYtKunwyDgpnJZF6Y1fI-i5vVCdiYbvbCYVWzqHWeDRZdBzeHA\" style=\"width: 1000px;\"><\/p>\n\n\n\n<p class=\"has-text-align-center has-black-color has-text-color\" style=\"font-size:12px\"><strong>Figura II. <\/strong>C\u00e1lculo escala. <strong>Fonte: <\/strong>Autor<\/p>\n\n\n\n<p class=\"has-black-color has-text-color\" style=\"font-size:25px\">E se o seu mapa apresentar uma escala gr\u00e1fica diferente da Figura I, voc\u00ea sabe como resolver? Veja:<\/p>\n\n\n\n<p class=\"has-text-align-center\"><img decoding=\"async\" src=\"https:\/\/lh5.googleusercontent.com\/zP4ynVdDp9Q0-MgvJmnCHkbU9Tr_MuJCPXewk2qlQ7WRjzy4Jlq7PezWci0iKA72oUOZuE3fyi1TTwdQutMvcksq7it3WgLZY2usQ5iyFgzeuVvVu6AK96M9a3A4cA\" style=\"width: 1000px;\"><\/p>\n\n\n\n<p class=\"has-text-align-center has-black-color has-text-color\" style=\"font-size:12px\"><strong>Figura III. <\/strong>C\u00e1lculo escala. <strong>Fonte: <\/strong>Autor<\/p>\n\n\n\n<p class=\"has-black-color has-text-color\" style=\"font-size:25px\">Na Figura III, observamos a escala gr\u00e1fica nos apontando que a cada dois cent\u00edmetros percorridos no mapa equivale a duzentos quil\u00f4metros na realidade, lembrando que cada espa\u00e7o na escala gr\u00e1fica mede um cent\u00edmetro. Neste caso, foi necess\u00e1rio descobrir quantos quil\u00f4metros na realidade equivalia cada cent\u00edmetro do mapa e logo em seguida multiplicar pela dist\u00e2ncia aferida no mapa entre o ponto A e B.&nbsp;<\/p>\n\n\n\n<p class=\"has-text-align-center has-black-color has-pale-cyan-blue-background-color has-text-color has-background\" style=\"font-size:30px\"><strong>Atividades<\/strong><\/p>\n\n\n\n<p class=\"has-black-color has-text-color\" style=\"font-size:25px\">Responda as quest\u00f5es abaixo e registre as respostas em seu caderno. Se poss\u00edvel, compartilhe com os colegas e professores.&nbsp;<\/p>\n\n\n\n<p class=\"has-black-color has-text-color\" style=\"font-size:25px\"><strong>Quest\u00e3o 1<\/strong> &#8211;&nbsp; Daniela percorreu 5 cm em um mapa com escala de 1: 10 00 000 cm. Sabendo disso, calcule qual foi a dist\u00e2ncia percorrida na realidade.<\/p>\n\n\n\n<hr class=\"wp-block-separator\"\/>\n\n\n\n<figure class=\"wp-block-table\"><table><tbody><tr><td class=\"has-text-align-center\" data-align=\"center\"><strong>Habilidade estruturante:<\/strong>&nbsp;<\/td><td>(EF06GE08-C) Compreender, interpretar e medir as dist\u00e2ncias na superf\u00edcie pelas escalas gr\u00e1ficas e num\u00e9ricas dos mapas.&nbsp;<\/td><\/tr><tr><td class=\"has-text-align-center\" data-align=\"center\"><strong>Refer\u00eancias:<\/strong><\/td><td>ADAS, M; ADAS, S.<em> Expedi\u00e7\u00f5es Geogr\u00e1ficas: 6\u00b0 ano<\/em>. 3\u00b0 Edi\u00e7\u00e3o. S\u00e3o Paulo: Moderna, 2018.&nbsp;&nbsp;<br>ALMEIDA, R. D.; PASSINI, E. Y. <em>O Espa\u00e7o Geogr\u00e1fico: ensino e representa\u00e7\u00e3o<\/em>. S\u00e3o Paulo: Contexto, 1989.<br>FARIAS, P. S. C.&nbsp; <em>A cartografia escolar e o Ensino Fundamental I: limites e possibilidades<\/em>. Revista Ensino de Geografia, v. 1, p. 17-34, 2018. Dispon\u00edvel em:&lt;<a href=\"https:\/\/periodicos.ufpe.br\/revistas\/ensinodegeografia\/article\/view\/240411\/31699\">https:\/\/periodicos.ufpe.br\/revistas\/ensinodegeografia\/article\/view\/240411\/31699<\/a>&gt;. Acesso em: 02 de agosto de 2021.<\/td><\/tr><\/tbody><\/table><\/figure>\n","protected":false},"author":20,"featured_media":134753,"template":"","ef_categoria":[15,28],"ef_ano":[89],"ef_componente":[96],"class_list":["post-134752","ensino_fundamental","type-ensino_fundamental","status-publish","has-post-thumbnail","hentry","ef_categoria-ciclo-da-adolescencia-fg","ef_categoria-educacao-ambiental-e-saude-ciclo-da-adolescencia-fg","ef_ano-6o-ano","ef_componente-geografia","entry","has-media"],"acf":[],"_links":{"self":[{"href":"https:\/\/sme.goiania.go.gov.br\/conexaoescola\/wp-json\/wp\/v2\/ensino_fundamental\/134752","targetHints":{"allow":["GET"]}}],"collection":[{"href":"https:\/\/sme.goiania.go.gov.br\/conexaoescola\/wp-json\/wp\/v2\/ensino_fundamental"}],"about":[{"href":"https:\/\/sme.goiania.go.gov.br\/conexaoescola\/wp-json\/wp\/v2\/types\/ensino_fundamental"}],"author":[{"embeddable":true,"href":"https:\/\/sme.goiania.go.gov.br\/conexaoescola\/wp-json\/wp\/v2\/users\/20"}],"version-history":[{"count":0,"href":"https:\/\/sme.goiania.go.gov.br\/conexaoescola\/wp-json\/wp\/v2\/ensino_fundamental\/134752\/revisions"}],"wp:featuredmedia":[{"embeddable":true,"href":"https:\/\/sme.goiania.go.gov.br\/conexaoescola\/wp-json\/wp\/v2\/media\/134753"}],"wp:attachment":[{"href":"https:\/\/sme.goiania.go.gov.br\/conexaoescola\/wp-json\/wp\/v2\/media?parent=134752"}],"wp:term":[{"taxonomy":"ef_categoria","embeddable":true,"href":"https:\/\/sme.goiania.go.gov.br\/conexaoescola\/wp-json\/wp\/v2\/ef_categoria?post=134752"},{"taxonomy":"ef_ano","embeddable":true,"href":"https:\/\/sme.goiania.go.gov.br\/conexaoescola\/wp-json\/wp\/v2\/ef_ano?post=134752"},{"taxonomy":"ef_componente","embeddable":true,"href":"https:\/\/sme.goiania.go.gov.br\/conexaoescola\/wp-json\/wp\/v2\/ef_componente?post=134752"}],"curies":[{"name":"wp","href":"https:\/\/api.w.org\/{rel}","templated":true}]}}