{"id":134558,"date":"2021-11-23T09:45:36","date_gmt":"2021-11-23T11:45:36","guid":{"rendered":"https:\/\/sme.goiania.go.gov.br\/conexaoescola\/?post_type=ensino_fundamental&#038;p=134558"},"modified":"2022-02-25T10:21:21","modified_gmt":"2022-02-25T13:21:21","slug":"matematica-grandezas-e-medidas-grandezas-e-unidades-de-medidas","status":"publish","type":"ensino_fundamental","link":"https:\/\/sme.goiania.go.gov.br\/conexaoescola\/ensino_fundamental\/matematica-grandezas-e-medidas-grandezas-e-unidades-de-medidas\/","title":{"rendered":"Matem\u00e1tica &#8211; Grandezas e medidas: Grandezas e unidades de medidas"},"content":{"rendered":"\n<p class=\"has-text-align-center has-background has-medium-font-size\" style=\"background-color:#dbf0ee\"><em>OL\u00c1, EDUCANDO (A)!ESTA VIDEOAULA DE <\/em><strong><em>MATEM\u00c1TICA<\/em><\/strong><em> FOI VEICULADA NA TV NO DIA <\/em><strong><em>22\/11\/2021 (SEGUNDA-FEIRA)<\/em><\/strong><em>. AQUI NO PORTAL CONEX\u00c3O ESCOLA, ELA EST\u00c1 DISPON\u00cdVEL JUNTAMENTE COM A PROPOSTA DE ATIVIDADE.<\/em><\/p>\n\n\n\n<div class=\"wp-block-image\"><figure class=\"aligncenter\"><img decoding=\"async\" src=\"https:\/\/lh3.googleusercontent.com\/SyN-IQCZ3jDy_v2CiS_KHCCgUZrgPeWdFr3L14HdLqjptHuQcDpATdWq9vKqduy4YL1T86ZD6xDP26IqZO4ZPtTzRmuoUMVT3hcKWnqNe9Geo2BDvp6ZbSCiH8FJ5M5yAQoQJtI\" alt=\"\"\/><\/figure><\/div>\n\n\n\n<div class=\"wp-block-image\"><figure class=\"aligncenter\"><img decoding=\"async\" src=\"https:\/\/lh3.googleusercontent.com\/1rOEpO3Kx3CEqxdNKAVPU_FXC_nr-C2Nzj5TRAeogKP-skTrEUi259sK7QicuGtpreYE2W0g2IIB080piJ2TiXtMsNJYILa5hld24LL-ncOAT4m7g2MH8wtjICueOFJlk0dBotU\" alt=\"\"\/><\/figure><\/div>\n\n\n\n<hr class=\"wp-block-separator\"\/>\n\n\n\n<p class=\"has-text-align-center has-background has-medium-font-size\" style=\"background-color:#f7f3d0\">A TEM\u00c1TICA DA AULA DE HOJE SER\u00c1 SOBRE GRANDEZAS E MEDIDAS, QUE CONTRIBUEM PARA A CONSOLIDA\u00c7\u00c3O E AMPLIA\u00c7\u00c3O DA NO\u00c7\u00c3O DE N\u00daMERO, A APLICA\u00c7\u00c3O DE NO\u00c7\u00d5ES GEOM\u00c9TRICAS E A CONSTRU\u00c7\u00c3O DO PENSAMENTO ALG\u00c9BRICO. VAMOS EMBARCAR NESSA AVENTURA DE CONHECIMENTOS COMIGO?<\/p>\n\n\n\n<figure class=\"wp-block-embed aligncenter is-type-video is-provider-youtube wp-block-embed-youtube wp-embed-aspect-16-9 wp-has-aspect-ratio\"><div class=\"wp-block-embed__wrapper\">\n<p class=\"responsive-video-wrap clr\"><iframe title=\"1 Ano - Matem\u00e1tica - Grandezas e Unidades de Medidas\" width=\"1200\" height=\"675\" src=\"https:\/\/www.youtube.com\/embed\/bNA54rpgE7Q?feature=oembed\" frameborder=\"0\" allow=\"accelerometer; autoplay; clipboard-write; encrypted-media; gyroscope; picture-in-picture\" allowfullscreen><\/iframe><\/p>\n<\/div><figcaption>MATEM\u00c1TICA \/ 1 ANO\/ ENSINO FUNDAMENTAL <\/figcaption><\/figure>\n\n\n\n<hr class=\"wp-block-separator\"\/>\n\n\n\n<p class=\"has-text-align-center has-background has-medium-font-size\" style=\"background-color:#e0d1e6\">OL\u00c1, ESPERO QUE ESTEJA TUDO BEM COM VOC\u00ca E SUA FAM\u00cdLIA! HOJE SER\u00c1 BEM DIVERTIDO, POIS VOC\u00ca APRENDER\u00c1 SOBRE <strong>GRANDEZAS E MEDIDAS<\/strong>. A TODO MOMENTO ESTAMOS BUSCANDO FORMAS DE MENSURAR COISAS, QUANTIDADES DE ALIMENTOS QUE COMPRAMOS, DIST\u00c2NCIAS ENTRE LUGARES&#8230; TUDO ISSO \u00c9 IMPORTANTE PARA TERMOS REFER\u00caNCIAS NO COTIDIANO E NESTAS SITUA\u00c7\u00d5ES ESTAMOS LIDANDO COM GRANDEZAS E MEDIDAS<\/p>\n\n\n\n<p class=\"has-text-align-center has-background has-medium-font-size\" style=\"background-color:#fae6ed\">VAMOS ENTENDER MELHOR SOBRE ESSE ASSUNTO? ASSISTA A V\u00cdDEOAULA QUE EST\u00c1 MUITO DIVERTIDA E INTERESSANTE.&nbsp;ENT\u00c3O, EST\u00c3O PREPARADOS? PEGUE SEU MATERIAL E VAMOS AS ATIVIDADES!<\/p>\n\n\n\n<p class=\"has-background\" style=\"background-color:#ddedff;font-size:25px\"><strong>ATIVIDADE 1&nbsp;<\/strong><\/p>\n\n\n\n<p class=\"has-medium-font-size\">PE\u00c7A AJUDA DE UM ADULTO &#8230; VEJA ALGUNS OBJETOS USADOS PARA MEDIR:<\/p>\n\n\n\n<div class=\"wp-block-image\"><figure class=\"aligncenter is-resized\"><img decoding=\"async\" src=\"https:\/\/lh6.googleusercontent.com\/2RbNryuOD4okcEY2kKDyPDSoNUWIb8AleqMnYLwU2k85FB_wPsJdSq9wELHjMNCbo_riDKHU4HA9zys0eVFQkZFmbuL-8U6MPph1qwCcQkydS6pa7PHdqq2UkqzAWSF5sq2XcnM\" alt=\"\" width=\"162\" height=\"95\"\/><\/figure><\/div>\n\n\n\n<div class=\"wp-block-image\"><figure class=\"aligncenter is-resized\"><img decoding=\"async\" src=\"https:\/\/lh6.googleusercontent.com\/S3le3RQzuhYYCnMsMbnfzQQudbLtEgSceIVZ-UkdAkjFhW4gD28PFaDKnymbKzuoIsS3CXq5cI2bLGCUSyHuSW6oipEJzEWsPFSu_kHO9m-GEeTHLJeopakML22koBN9boS3NZw\" alt=\"Escala \u00cdcone gr\u00e1tis\" width=\"143\" height=\"143\"\/><\/figure><\/div>\n\n\n\n<div class=\"wp-block-image\"><figure class=\"aligncenter is-resized\"><img decoding=\"async\" src=\"https:\/\/lh4.googleusercontent.com\/zbs78vbeBcATeWbyhcwwnjP0Hu6Ni36TCiotPlyu6eg9N8MeaU4MJeq5vWuqDl9d0uDMiXqGA6OWCHjc3quYRXyg8LmcB342Gxwj7PVbyx6RhmiRN_GcO8lw5pdLzKRigcWXsf4\" alt=\"\" width=\"171\" height=\"98\"\/><\/figure><\/div>\n\n\n\n<div class=\"wp-block-image\"><figure class=\"aligncenter is-resized\"><img loading=\"lazy\" decoding=\"async\" src=\"https:\/\/lh6.googleusercontent.com\/OAwJe0UHWuMzymlA51AlnPXvth3xEorPjEZio20hNYQ56ojZbg4Sn0vWxnbTacvQeRwpYdT240-OZmXUpcQOjKWGCibC3g2HIkS6kxfvdzfeahif0QFCKyRtc5yOHGg1AikO04A\" alt=\"Fita m\u00e9trica \u00cdcone gr\u00e1tis\" width=\"159\" height=\"159\"\/><\/figure><\/div>\n\n\n\n<p><strong>&nbsp;&nbsp;&nbsp;&nbsp;&nbsp;&nbsp;&nbsp;&nbsp;&nbsp;&nbsp;&nbsp;&nbsp;FITA M\u00c9TRICA &nbsp; &nbsp; &nbsp; &nbsp; &nbsp; &nbsp; &nbsp; &nbsp; &nbsp; &nbsp; &nbsp; &nbsp; &nbsp; &nbsp; &nbsp; BALAN\u00c7A &nbsp; &nbsp; &nbsp; &nbsp; &nbsp; &nbsp; &nbsp; &nbsp; &nbsp; &nbsp; &nbsp; R\u00c9GUA &nbsp; &nbsp; &nbsp; &nbsp; &nbsp; &nbsp; TRENA<\/strong><\/p>\n\n\n\n<p class=\"has-medium-font-size\">COMPLETE AS FRASES USANDO OS NOMES DOS INSTRUMENTOS ACIMA.&nbsp;<\/p>\n\n\n\n<p class=\"has-medium-font-size\">A) A COSTUREIRA USA A _______________________ PARA TIRAR AS MEDIDAS DA FREGUESA.<\/p>\n\n\n\n<p class=\"has-medium-font-size\">B) O ALUNO USA A ____________________ NA ATIVIDADE.<\/p>\n\n\n\n<p class=\"has-medium-font-size\">C) O VENDEDOR USA O ______________ PARA MEDIR O TECIDO.&nbsp;<\/p>\n\n\n\n<p class=\"has-medium-font-size\">D) A________________\u00c9 O INSTRUMENTO UTILIZADO PARA MEDIR A MASSA.<\/p>\n\n\n\n<p class=\"has-text-align-center\" style=\"font-size:10px\">IMAGENS FREEPIK<\/p>\n\n\n\n<hr class=\"wp-block-separator\"\/>\n\n\n\n<p class=\"has-background\" style=\"background-color:#ddedf3;font-size:25px\"><strong>ATIVIDADE 2<\/strong><\/p>\n\n\n\n<p class=\"has-medium-font-size\">A MEDIDA NO DIA-A-DIA! \u00c9 COMUM ENFRENTARMOS SITUA\u00c7\u00d5ES EM QUE PRECISAMOS MEDIR ALGUMA COISA.<\/p>\n\n\n\n<p class=\"has-medium-font-size\">ESCREVA ABAIXO O QUE VOC\u00ca PODE MEDIR USANDO:&nbsp;<\/p>\n\n\n\n<p class=\"has-medium-font-size\">A-) FITA M\u00c9TRICA:_______________________________________________&nbsp;<\/p>\n\n\n\n<p class=\"has-medium-font-size\">B-) A BALAN\u00c7A:__________________________________________________&nbsp;<\/p>\n\n\n\n<p class=\"has-medium-font-size\">C-) QUANTIDADE EM LITROS:______________________________________&nbsp;<\/p>\n\n\n\n<hr class=\"wp-block-separator\"\/>\n\n\n\n<p class=\"has-background\" style=\"background-color:#ddedf3;font-size:25px\"><strong>ATIVIDADE 3<\/strong><\/p>\n\n\n\n<p class=\"has-medium-font-size\">A R\u00c9GUA SERVE PARA QU\u00ca? VOC\u00ca SABE, ESCREVA. R:_____________________________________________________________<\/p>\n\n\n\n<div class=\"wp-block-image\"><figure class=\"aligncenter is-resized\"><img decoding=\"async\" src=\"https:\/\/lh4.googleusercontent.com\/KFnlhq14jPLi_aTsSXa5TxcEjdHc0oGY3kfXRLgh0OBvOIgGIhl211A1C3TlonRUqXKTyYKGi9kY6SL_zOmbqwPakT089PzcWE95ZndxN-XR2iHr3LZdJow5Nq2WdwT3e9ROpoA\" alt=\"\" width=\"-335\" height=\"-333\"\/><\/figure><\/div>\n\n\n\n<hr class=\"wp-block-separator\"\/>\n\n\n\n<p class=\"has-text-align-center has-background\" style=\"background-color:#ebe0e0;font-size:25px\"><strong>RELEMBRANDO! O QUE APRENDEMOS HOJE?<\/strong><\/p>\n\n\n\n<ul class=\"has-background has-medium-font-size wp-block-list\" style=\"background-color:#ebdff0\"><li>CONCEITO DE MEDIDAS E GRANDEZAS;<\/li><li>MEDIDAS DE COMPRIMENTO;<\/li><li>MEDIDAS DE MASSA;<\/li><li>MEDIDAS DE CAPACIDADE;<\/li><li>RELEMBRAMOS MEDIDAS DE TEMPO;&nbsp;<\/li><li>V\u00cdDEO;<\/li><li>ATIVIDADES DE FIXA\u00c7\u00c3O.<\/li><\/ul>\n\n\n\n<p class=\"has-text-align-center\" style=\"font-size:10px\">DISPON\u00cdVEL EM <a href=\"https:\/\/pixabay.com\/pt\/illustrations\/crian%c3%a7a-estudo-menino-prova-1529218\/\">HTTPS:\/\/PIXABAY.COM\/PT\/ILLUSTRATIONS\/CRIAN%C3%A7A-ESTUDO-MENINO-PROVA-1529218\/<\/a> ACESSO DIA 23 DE OUTUBRO DE 2021.<\/p>\n\n\n\n<hr class=\"wp-block-separator\"\/>\n\n\n\n<p class=\"has-text-align-center has-background\" style=\"background-color:#dbd5e9;font-size:15px\"> Professor, essa aula segue a Matriz Curricular das Habilidades Estruturantes 2021-2021. Foi elaborada no ano de 2020, com a suspens\u00e3o das aulas presenciais devido \u00e0 pandemia da Covid-19 e segue as orienta\u00e7\u00f5es de flexibiliza\u00e7\u00e3o curricular para o bi\u00eanio 2020\/2021 (Of\u00edcio Circular 147\/2020 Dirped). <\/p>\n\n\n\n<figure class=\"wp-block-table is-style-regular\"><table class=\"has-background\" style=\"background-color:#ebeaf8\"><tbody><tr><td>HABILIDADES ESTRUTURANTES<\/td><td>(EF01MA15 &#8211; A). IDENTIFICAR O QUE PODE SER MEDIDO, COMPRIMENTO, CAPACIDADE, MASSA, ASSOCIADOS E ADEQUADOS A CADA COMPARA\u00c7\u00c3O: MAIS LEVE, MAIS PESADO, MAIS CURTO, MAIS COMPRIDO, MAIS LARGO, MAIS ESTREITO, MAIS CHEIO, MAIS VAZIO.<br>(EF01MA15-B). COMPARAR COMPRIMENTOS, CAPACIDADES OU MASSAS, UTILIZANDO TERMOS COMO MAIS ALTO, MAIS BAIXO, MAIS COMPRIDO, MAIS CURTO, MAIS GROSSO, MAIS FINO, MAIS LARGO, MAIS PESADO, MAIS LEVE, CABE MAIS, CABE MENOS, ENTRE OUTROS, PARA ORDENAR OBJETOS DE USO COTIDIANO, APLICANDO EM SITUA\u00c7\u00d5ES DIVERSAS.<\/td><\/tr><\/tbody><\/table><\/figure>\n\n\n\n<hr class=\"wp-block-separator\"\/>\n\n\n\n<figure class=\"wp-block-table is-style-regular\"><table class=\"has-background\" style=\"background-color:#e7e1dc\"><tbody><tr><td><strong>REFER\u00caNCIAS:<\/strong><\/td><td>GOVERNO DO ESTADO DE GOI\u00c1S. SECRET\u00c1RIA DE ESTADO DE EDUCA\u00c7\u00c3O \u2013 SEDUC\/CONSED. DOCUMENTO CURRICULAR PARA GOI\u00c1S \u2013 AMPLIADO: <strong>VOLUME II ENSINO FUNDAMENTAL ANOS INICIAIS<\/strong>.&nbsp;RIBEIRO, JACKSON; PESSOA, KARINA. <strong>NOVO PITANGU\u00c1<\/strong>: MATEM\u00c1TICA: MANUAL DO PROFESSOR. 1.ED. &#8211; S\u00c3O PAULO: MODERNA, 2017.FONTE: <strong>CANAL MATEM\u00c1TICATUBE COM PROF. SAMUEL MESSIAS. <\/strong>POESIA NA MEDIDA CERTA &#8211; GRANDEZAS E MEDIDAS. DISPON\u00cdVEL EM <a href=\"https:\/\/www.youtube.com\/watch?v=kJsS4n8BPNA\">HTTPS:\/\/WWW.YOUTUBE.COM\/WATCH?V=KJSS4N8BPNA<\/a> ACESSO EM 23 DE OUTUBRO DE 2021.IMAGENS RETIRADAS DOS SITES:<a href=\"https:\/\/br.freepik.com\/\">HTTPS:\/\/BR.FREEPIK.COM\/<\/a><a href=\"https:\/\/pixabay.com\/pt\/\">HTTPS:\/\/PIXABAY.COM\/PT\/<\/a><\/td><\/tr><\/tbody><\/table><\/figure>\n\n\n\n<hr class=\"wp-block-separator\"\/>\n","protected":false},"author":26,"featured_media":134425,"template":"","ef_categoria":[13,19],"ef_ano":[84],"ef_componente":[94],"class_list":["post-134558","ensino_fundamental","type-ensino_fundamental","status-publish","has-post-thumbnail","hentry","ef_categoria-ciclo-da-infancia-abc","ef_categoria-educacao-financeira-e-empreendedorismo","ef_ano-1o-ano","ef_componente-matematica","entry","has-media"],"acf":[],"_links":{"self":[{"href":"https:\/\/sme.goiania.go.gov.br\/conexaoescola\/wp-json\/wp\/v2\/ensino_fundamental\/134558","targetHints":{"allow":["GET"]}}],"collection":[{"href":"https:\/\/sme.goiania.go.gov.br\/conexaoescola\/wp-json\/wp\/v2\/ensino_fundamental"}],"about":[{"href":"https:\/\/sme.goiania.go.gov.br\/conexaoescola\/wp-json\/wp\/v2\/types\/ensino_fundamental"}],"author":[{"embeddable":true,"href":"https:\/\/sme.goiania.go.gov.br\/conexaoescola\/wp-json\/wp\/v2\/users\/26"}],"version-history":[{"count":0,"href":"https:\/\/sme.goiania.go.gov.br\/conexaoescola\/wp-json\/wp\/v2\/ensino_fundamental\/134558\/revisions"}],"wp:featuredmedia":[{"embeddable":true,"href":"https:\/\/sme.goiania.go.gov.br\/conexaoescola\/wp-json\/wp\/v2\/media\/134425"}],"wp:attachment":[{"href":"https:\/\/sme.goiania.go.gov.br\/conexaoescola\/wp-json\/wp\/v2\/media?parent=134558"}],"wp:term":[{"taxonomy":"ef_categoria","embeddable":true,"href":"https:\/\/sme.goiania.go.gov.br\/conexaoescola\/wp-json\/wp\/v2\/ef_categoria?post=134558"},{"taxonomy":"ef_ano","embeddable":true,"href":"https:\/\/sme.goiania.go.gov.br\/conexaoescola\/wp-json\/wp\/v2\/ef_ano?post=134558"},{"taxonomy":"ef_componente","embeddable":true,"href":"https:\/\/sme.goiania.go.gov.br\/conexaoescola\/wp-json\/wp\/v2\/ef_componente?post=134558"}],"curies":[{"name":"wp","href":"https:\/\/api.w.org\/{rel}","templated":true}]}}