{"id":133673,"date":"2021-11-08T10:28:07","date_gmt":"2021-11-08T12:28:07","guid":{"rendered":"https:\/\/sme.goiania.go.gov.br\/conexaoescola\/?post_type=ensino_fundamental&#038;p=133673"},"modified":"2022-03-31T17:27:26","modified_gmt":"2022-03-31T20:27:26","slug":"geografia-localizacao-orientacao-e-representacao-espacial-as-vias-por-onde-circulamos","status":"publish","type":"ensino_fundamental","link":"https:\/\/sme.goiania.go.gov.br\/conexaoescola\/ensino_fundamental\/geografia-localizacao-orientacao-e-representacao-espacial-as-vias-por-onde-circulamos\/","title":{"rendered":"GEOGRAFIA &#8211; LOCALIZA\u00c7\u00c3O, ORIENTA\u00c7\u00c3O E REPRESENTA\u00c7\u00c3O ESPACIAL: AS VIAS POR ONDE CIRCULAMOS."},"content":{"rendered":"\n<p class=\"has-text-align-center has-background has-medium-font-size\" style=\"background-color:#d9f1f0\">NA VIDEOAULA DE HOJE APRENDEREMOS QUE AS VIAS DE CIRCULA\u00c7\u00c3O NOS MUNIC\u00cdPIOS PERTENCEM A TODOS. IR E VIR \u00c9 UM DIREITO DO CIDAD\u00c3O E \u00c9 DEVER DE CADA UM RESPEITAR ESSE ESPA\u00c7O. AS RUAS S\u00c3O VIAS P\u00daBLICAS E T\u00caM NOMES QUE AS IDENTIFICAM, FACILITANDO SUA LOCALIZA\u00c7\u00c3O. POR MEIO DAS ATIVIDADES PROPOSTAS, O ALUNO PODER\u00c1 IDENTIFICAR ASPECTOS DAS VIAS DE CIRCULA\u00c7\u00c3O E ELABORAR FORMAS DE REPRESENTAR ESSES ESPA\u00c7OS. VAMOS L\u00c1?<\/p>\n\n\n\n<figure class=\"wp-block-embed is-type-video is-provider-youtube wp-block-embed-youtube wp-embed-aspect-16-9 wp-has-aspect-ratio\"><div class=\"wp-block-embed__wrapper\">\n<p class=\"responsive-video-wrap clr\"><iframe title=\"Geografia  | 2\u00ba Ano |  Ens  Fundamental  | Aula 8\" width=\"1200\" height=\"675\" src=\"https:\/\/www.youtube.com\/embed\/80bK5m_Bcb0?feature=oembed\" frameborder=\"0\" allow=\"accelerometer; autoplay; clipboard-write; encrypted-media; gyroscope; picture-in-picture\" allowfullscreen><\/iframe><\/p>\n<\/div><figcaption>GEOGRAFIA \/2 ANO \/ ENSINO FUNDAMENTAL<\/figcaption><\/figure>\n\n\n\n<hr class=\"wp-block-separator\"\/>\n\n\n\n<p class=\"has-text-align-center has-background has-medium-font-size\" style=\"background-color:#e4e3f5\">NESSA ATIVIDADE VAMOS FALAR SOBRE AS VIAS POR ONDE CIRCULAMOS. VOC\u00ca J\u00c1 REPAROU NAS RUAS POR ONDE VOC\u00ca PASSA AO IR PARA A ESCOLA? COMO S\u00c3O ESSAS RUAS? TODAS S\u00c3O IGUAIS? VOC\u00ca ACHA QUE ELAS S\u00c3O BEM CUIDADAS? PARA QUE SERVEM ESSAS VIAS DE CIRCULA\u00c7\u00c3O?<\/p>\n\n\n\n<p class=\"has-medium-font-size\">AS RUAS PODEM RECEBER NOMES DE:<\/p>\n\n\n\n<ul class=\"has-luminous-vivid-orange-color has-text-color has-medium-font-size wp-block-list\"><li>PEDRAS;<\/li><li>PESSOAS;<\/li><li>\u00c1RVORES;<\/li><li>PA\u00cdSES;<\/li><li>ESTADOS;<\/li><li>DATAS, ENTRE OUTROS.<\/li><\/ul>\n\n\n\n<p class=\"has-medium-font-size\">UMA RUA PODE SER DENOMINADA DE&nbsp;<strong>AVENIDA<\/strong>, QUANDO \u00c9&nbsp;<strong>MAIS LARGA&nbsp;<\/strong>E POSSUI UM MAIOR N\u00daMERO DE PESSOAS E VE\u00cdCULOS CIRCULANDO.<\/p>\n\n\n\n<p class=\"has-background\" style=\"background-color:#ddedf3;font-size:25px\"><strong>ATIVIDADE 1<\/strong><\/p>\n\n\n\n<ul class=\"has-medium-font-size wp-block-list\"><li>CONVERSE COM ALGU\u00c9M DA SUA FAM\u00cdLIA SOBRE O CAMINHO DA SUA CASA PARA ESCOLA. ESCREVA NO SEU CADERNO OS LUGARES POR ONDE VOC\u00ca PASSA.&nbsp;<\/li><\/ul>\n\n\n\n<p class=\"has-background\" style=\"background-color:#ddedf3;font-size:25px\"><strong>ATIVIDADE 2<\/strong><\/p>\n\n\n\n<ul class=\"has-medium-font-size wp-block-list\"><li>VOC\u00ca OUVIU A M\u00daSICA SE ESTA RUA FOSSE MINHA. IMAGINE COMO VOC\u00ca GOSTARIA QUE SUA RUA FOSSE E FA\u00c7A UM LINDO DESENHO DELA.<\/li><\/ul>\n\n\n\n<p class=\"has-background\" style=\"background-color:#ddedf3;font-size:25px\"><strong>ATIVIDADE 2<\/strong><\/p>\n\n\n\n<ul class=\"has-medium-font-size wp-block-list\"><li>ASSINALE AS OP\u00c7\u00d5ES QUE APRESENTAM ELEMENTOS QUE VOC\u00ca OBSERVA NA SUA RUA:<\/li><\/ul>\n\n\n\n<p class=\"has-medium-font-size\">A. ( &nbsp; ) CAL\u00c7ADA&nbsp;<\/p>\n\n\n\n<p class=\"has-medium-font-size\">B. ( &nbsp; ) \u00c1RVORES&nbsp;<\/p>\n\n\n\n<p class=\"has-medium-font-size\">C. ( &nbsp; ) MORADIAS&nbsp;<\/p>\n\n\n\n<p class=\"has-medium-font-size\">D. ( &nbsp; ) CARROS&nbsp;<\/p>\n\n\n\n<p class=\"has-medium-font-size\">E. ( &nbsp; ) PR\u00c9DIOS ALTOS&nbsp;<\/p>\n\n\n\n<p class=\"has-medium-font-size\">F. ( &nbsp; ) COM\u00c9RCIO&nbsp;<\/p>\n\n\n\n<p class=\"has-medium-font-size\">G. ( &nbsp; ) ESCOLAS&nbsp;<\/p>\n\n\n\n<p class=\"has-medium-font-size\">H. ( &nbsp; ) FAIXA DE PEDESTRES&nbsp;<\/p>\n\n\n\n<p class=\"has-medium-font-size\">I. ( &nbsp; ) SEM\u00c1FORO&nbsp;<\/p>\n\n\n\n<p class=\"has-medium-font-size\">J. ( &nbsp; ) LOMBADA<\/p>\n\n\n\n<p class=\"has-text-align-center has-background\" style=\"background-color:#e4f1e1;font-size:25px\"><strong>AGORA, VAMOS RELEMBRAR O QUE APRENDEMOS HOJE?<\/strong><\/p>\n\n\n\n<ul class=\"has-medium-font-size wp-block-list\"><li>LOCALIZA\u00c7\u00c3O, ORIENTA\u00c7\u00c3O E REPRESENTA\u00c7\u00c3O ESPACIAL.<\/li><li>AS RUAS S\u00c3O VIAS P\u00daBLICAS E T\u00caM NOMES QUE AS IDENTIFICAM, FACILITANDO SUA LOCALIZA\u00c7\u00c3O.&nbsp;<\/li><li>ALGUNS ELEMENTOS FAZEM PARTE DO ESPA\u00c7O DAS VIAS DE CIRCULA\u00c7\u00c3O, COMO CAL\u00c7ADAS, SEM\u00c1FOROS, FAIXAS DE PEDESTRES, CONSTRU\u00c7\u00d5ES E OUTROS.<\/li><li>&nbsp;QUANDO A DIST\u00c2NCIA \u00c9 CURTA, N\u00d3S PODEMOS IR A P\u00c9; CONTUDO, SE A DIST\u00c2NCIA \u00c9 GRANDE, DEVEMOS USAR UM&nbsp;<a href=\"https:\/\/escolakids.uol.com.br\/geografia\/meios-de-transporte.htm\">MEIO DE TRANSPORTE<\/a>, QUE PODE SER UMA BICICLETA, \u00d4NIBUS, CARRO, ETC.<\/li><li>EXISTEM PROFISS\u00d5ES COMO ENTREGADORES DE ALIMENTOS E PANFLETOS, GARIS, COLETORES DE LIXO, PIPOQUEIROS, JORNALEIROS, POLICIAIS, QUE TRABALHAM NAS RUAS.<\/li><\/ul>\n\n\n\n<hr class=\"wp-block-separator\"\/>\n\n\n\n<figure class=\"wp-block-table aligncenter is-style-regular\"><table class=\"has-background\" style=\"background-color:#e6f2df\"><tbody><tr><td>HABILIDADES ESTRUTURANTES<\/td><td><strong>(EF02GE08)<\/strong> IDENTIFICAR E ELABORAR DIFERENTES FORMAS DE REPRESENTA\u00c7\u00c3O (DESENHOS, MAPAS MENTAIS, MAQUETES) PARA REPRESENTAR COMPONENTES DA PAISAGEM DOS LUGARES DE VIV\u00caNCIA.<strong>&nbsp;<\/strong><\/td><\/tr><\/tbody><\/table><\/figure>\n\n\n\n<hr class=\"wp-block-separator\"\/>\n\n\n\n<figure class=\"wp-block-table is-style-regular\"><table class=\"has-background\" style=\"background-color:#f6fcea\"><tbody><tr><td><strong>REFER\u00caNCIAS:<\/strong><\/td><td>GOVERNO DO ESTADO DE GOI\u00c1S. SECRET\u00c1RIA DE ESTADO DE EDUCA\u00c7\u00c3O \u2013 SEDUC\/CONSED. DOCUMENTO CURRICULAR PARA GOI\u00c1S \u2013 AMPLIADO: <strong>VOLUME II ENSINO FUNDAMENTAL ANOS INICIAIS<\/strong>.&nbsp;<\/td><\/tr><\/tbody><\/table><\/figure>\n\n\n\n<hr class=\"wp-block-separator\"\/>\n","protected":false},"author":20,"featured_media":133584,"template":"","ef_categoria":[28],"ef_ano":[85],"ef_componente":[96],"class_list":["post-133673","ensino_fundamental","type-ensino_fundamental","status-publish","has-post-thumbnail","hentry","ef_categoria-educacao-ambiental-e-saude-ciclo-da-adolescencia-fg","ef_ano-2o-ano","ef_componente-geografia","entry","has-media"],"acf":[],"_links":{"self":[{"href":"https:\/\/sme.goiania.go.gov.br\/conexaoescola\/wp-json\/wp\/v2\/ensino_fundamental\/133673","targetHints":{"allow":["GET"]}}],"collection":[{"href":"https:\/\/sme.goiania.go.gov.br\/conexaoescola\/wp-json\/wp\/v2\/ensino_fundamental"}],"about":[{"href":"https:\/\/sme.goiania.go.gov.br\/conexaoescola\/wp-json\/wp\/v2\/types\/ensino_fundamental"}],"author":[{"embeddable":true,"href":"https:\/\/sme.goiania.go.gov.br\/conexaoescola\/wp-json\/wp\/v2\/users\/20"}],"version-history":[{"count":0,"href":"https:\/\/sme.goiania.go.gov.br\/conexaoescola\/wp-json\/wp\/v2\/ensino_fundamental\/133673\/revisions"}],"wp:featuredmedia":[{"embeddable":true,"href":"https:\/\/sme.goiania.go.gov.br\/conexaoescola\/wp-json\/wp\/v2\/media\/133584"}],"wp:attachment":[{"href":"https:\/\/sme.goiania.go.gov.br\/conexaoescola\/wp-json\/wp\/v2\/media?parent=133673"}],"wp:term":[{"taxonomy":"ef_categoria","embeddable":true,"href":"https:\/\/sme.goiania.go.gov.br\/conexaoescola\/wp-json\/wp\/v2\/ef_categoria?post=133673"},{"taxonomy":"ef_ano","embeddable":true,"href":"https:\/\/sme.goiania.go.gov.br\/conexaoescola\/wp-json\/wp\/v2\/ef_ano?post=133673"},{"taxonomy":"ef_componente","embeddable":true,"href":"https:\/\/sme.goiania.go.gov.br\/conexaoescola\/wp-json\/wp\/v2\/ef_componente?post=133673"}],"curies":[{"name":"wp","href":"https:\/\/api.w.org\/{rel}","templated":true}]}}