{"id":133662,"date":"2021-11-08T09:53:53","date_gmt":"2021-11-08T11:53:53","guid":{"rendered":"https:\/\/sme.goiania.go.gov.br\/conexaoescola\/?post_type=ensino_fundamental&#038;p=133662"},"modified":"2021-11-09T09:38:50","modified_gmt":"2021-11-09T11:38:50","slug":"historia-mundo-pessoal-eu-meu-grupo-social-e-meu-tempo-conhecendo-escolas-de-diferentes-tempos-e-lugares","status":"publish","type":"ensino_fundamental","link":"https:\/\/sme.goiania.go.gov.br\/conexaoescola\/ensino_fundamental\/historia-mundo-pessoal-eu-meu-grupo-social-e-meu-tempo-conhecendo-escolas-de-diferentes-tempos-e-lugares\/","title":{"rendered":"HIST\u00d3RIA &#8211; MUNDO PESSOAL: EU, MEU GRUPO SOCIAL E MEU TEMPO (CONHECENDO ESCOLAS DE DIFERENTES TEMPOS E LUGARES)"},"content":{"rendered":"\n<p class=\"has-text-align-center has-background has-medium-font-size\" style=\"background-color:#f1f1e6\"><em>OL\u00c1, EDUCANDO (A)!ESTA VIDEOAULA DE <\/em><strong><em>HIST\u00d3RIA<\/em><\/strong><em> FOI VEICULADA NA TV NO DIA <\/em><strong><em>01\/11\/2021 (SEGUNDA-FEIRA)<\/em><\/strong><em>. AQUI NO PORTAL CONEX\u00c3O ESCOLA, ELA EST\u00c1 DISPON\u00cdVEL JUNTAMENTE COM A PROPOSTA DE ATIVIDADE.<\/em><\/p>\n\n\n\n<p class=\"has-text-align-center\"><img fetchpriority=\"high\" decoding=\"async\" alt=\"Alunos com elementos de sala de aula em fundo branco Vetor gr\u00e1tis\" src=\"https:\/\/lh4.googleusercontent.com\/8VKT4paYf8U9zRrz9QJX--Kz3jNrAulLmo1QXnhq6cUEvF3MdDJMsF3pKe0jBzx50JSHygYQdM6pfV5QepYbLiTQ0Fc0RgcbsChmQUO8oar2Q0mo46qp30kS6g7x7frb4Z5E7zc\" width=\"346\" height=\"360\"><\/p>\n\n\n\n<p class=\"has-text-align-center has-background has-medium-font-size\" style=\"background-color:#d8f0d4\"><strong>NESTA VIDEOAULA, VOC\u00ca IR\u00c1 APRENDER SOBRE OS DIFERENTES TIPOS DE ESCOLAS EXISTENTES E AS EVOLU\u00c7\u00d5ES NO ENSINO COM O PASSAR DO TEMPO. VEM COMIGO!<\/strong><\/p>\n\n\n\n<figure class=\"wp-block-embed is-type-video is-provider-youtube wp-block-embed-youtube wp-embed-aspect-16-9 wp-has-aspect-ratio\"><div class=\"wp-block-embed__wrapper\">\n<p class=\"responsive-video-wrap clr\"><iframe title=\"Hist\u00f3ria | 1\u00ba Ano | Ens. Fundamental - aula8\" width=\"1200\" height=\"675\" src=\"https:\/\/www.youtube.com\/embed\/FkvLIiYWhps?feature=oembed\" frameborder=\"0\" allow=\"accelerometer; autoplay; clipboard-write; encrypted-media; gyroscope; picture-in-picture\" allowfullscreen><\/iframe><\/p>\n<\/div><figcaption>HIST\u00d3RIA\/ 1 ANO\/ ENSINO FUNDAMENTAL<\/figcaption><\/figure>\n\n\n\n<hr class=\"wp-block-separator\"\/>\n\n\n\n<p class=\"has-text-align-center has-background has-medium-font-size\" style=\"background-color:#f1ddef\">HOJE, VIMOS AS ESCOLAS DE DIFERENTES TEMPOS E LUGARES. APRENDEMOS QUE COM O PASSAR DO TEMPO, <strong>V\u00c1RIAS COISAS MUDARAM NO ENSINO<\/strong> E NA ESTRUTURA F\u00cdSICAS DAS ESCOLAS, IREMOS VER AS DIFEREN\u00c7AS DE ESCOLAS RURAIS E URBANAS TAMB\u00c9M<strong>,<\/strong> LEGAL N\u00c9!!!<\/p>\n\n\n\n<p class=\"has-text-align-center has-background has-medium-font-size\" style=\"background-color:#deeee2\">COMPREENDEMOS COMO ESSAS MUDAN\u00c7AS FORAM POSITIVAS TANTO PARA OS ALUNOS, QUANTO OS PAIS E PROFESSORES, ESTREITAREM SUAS RELA\u00c7\u00d5ES E AUXILIOU NO APRENDIZADO DOS ALUNOS TAMB\u00c9M.<\/p>\n\n\n\n<hr class=\"wp-block-separator\"\/>\n\n\n\n<p class=\"has-text-align-center has-background has-medium-font-size\" style=\"background-color:#ebdada\">AGORA CHEGOU A SUA VEZ DE PENSAR&#8230; VAMOS L\u00c1 CRIAN\u00c7AS PE\u00c7A AJUDA DE UM ADULTO!!!<\/p>\n\n\n\n<hr class=\"wp-block-separator\"\/>\n\n\n\n<p class=\"has-background\" style=\"background-color:#ddedf3;font-size:25px\"><strong>ATIVIDADE 1 &#8211; <\/strong><\/p>\n\n\n\n<p class=\"has-vivid-cyan-blue-color has-text-color\" style=\"font-size:30px\"><strong>POEMA: A ESCOLA \u00c9 (PAULO FREIRE)&nbsp;<\/strong><\/p>\n\n\n\n<p class=\"has-medium-font-size\"><strong>ESCOLA \u00c9 &#8230;&nbsp;<\/strong><\/p>\n\n\n\n<p class=\"has-medium-font-size\"><strong>O LUGAR QUE SE FAZ AMIGOS.&nbsp;<\/strong><\/p>\n\n\n\n<p class=\"has-medium-font-size\"><strong>N\u00c3O SE TRATA S\u00d3 DE PR\u00c9DIOS, SALAS, QUADROS, PROGRAMAS, HOR\u00c1RIOS, CONCEITOS&#8230;<\/strong><\/p>\n\n\n\n<p class=\"has-medium-font-size\"><strong>ESCOLA \u00c9 SOBRETUDO, GENTE QUE TRABALHA, QUE ESTUDA QUE ALEGRA, SE CONHECE, SE ESTIMA.<\/strong><\/p>\n\n\n\n<p class=\"has-medium-font-size\"><strong>&nbsp;O DIRETOR \u00c9 GENTE, O COORDENADOR \u00c9 GENTE, O PROFESSOR \u00c9 GENTE, O ALUNO \u00c9 GENTE, CADA FUNCION\u00c1RIO \u00c9 GENTE.<\/strong><\/p>\n\n\n\n<p class=\"has-medium-font-size\"><strong>&nbsp;E A ESCOLA SER\u00c1 CADA VEZ MELHOR NA MEDIDA EM QUE CADA UM SE COMPORTE COMO COLEGA, AMIGO, IRM\u00c3O.<\/strong><\/p>\n\n\n\n<p class=\"has-medium-font-size\"><strong>NADA DE \u201cILHA CERCADA DE GENTE POR TODOS OS LADOS\u201d NADA DE CONVIVER COM AS PESSOAS E DEPOIS, DESCOBRIR QUE N\u00c3O TEM AMIZADE A NINGU\u00c9M. NADA DE SER COMO TIJOLO QUE FORMA A PAREDE, INDIFERENTE, FRIO, S\u00d3.<\/strong><\/p>\n\n\n\n<p class=\"has-medium-font-size\"><strong>IMPORTANTE NA ESCOLA N\u00c3O \u00c9 S\u00d3 ESTUDAR, N\u00c3O \u00c9 S\u00d3 TRABALHAR, \u00c9 TAMB\u00c9M CRIAR LA\u00c7OS DE AMIZADE, \u00c9 CRIAR AMBIENTE DE CAMARADAGEM, \u00c9 CONVIVER, \u00c9 SE \u201cAMARRAR NELA\u201d!<\/strong><\/p>\n\n\n\n<p class=\"has-medium-font-size\"><strong>&nbsp;ORA \u00c9 L\u00d3GICO&#8230; NUMA ESCOLA ASSIM VAI SER F\u00c1CIL! ESTUDAR, TRABALHAR, CRESCER,&nbsp;<\/strong><\/p>\n\n\n\n<p class=\"has-medium-font-size\"><strong>FAZER AMIGOS, EDUCAR-SE, SER FELIZ. \u00c9 POR AQUI QUE PODEMOS COME\u00c7AR A MELHORAR O MUNDO.&nbsp;<\/strong><\/p>\n\n\n\n<hr class=\"wp-block-separator\"\/>\n\n\n\n<p class=\"has-medium-font-size\"><strong>&nbsp;&nbsp;&nbsp;&nbsp;&nbsp;&nbsp;&nbsp;&nbsp;&nbsp;&nbsp;&nbsp;&nbsp;&nbsp;&nbsp;&nbsp;&nbsp;&nbsp;&nbsp;&nbsp;&nbsp;&nbsp;&nbsp;&nbsp;&nbsp;&nbsp;&nbsp;&nbsp;&nbsp;&nbsp;&nbsp;&nbsp;&nbsp;&nbsp;&nbsp;&nbsp;&nbsp;&nbsp;&nbsp;&nbsp;&nbsp;&nbsp;&nbsp;&nbsp;&nbsp;&nbsp;&nbsp;&nbsp;&nbsp;&nbsp;&nbsp;&nbsp;&nbsp;&nbsp;&nbsp;&nbsp;&nbsp;&nbsp;&nbsp;&nbsp;&nbsp;&nbsp;&nbsp;&nbsp;&nbsp;&nbsp;&nbsp;&nbsp;&nbsp;&nbsp;&nbsp;&nbsp;&nbsp;&nbsp;&nbsp;&nbsp;&nbsp;&nbsp;&nbsp;&nbsp;&nbsp;&nbsp;&nbsp;&nbsp;&nbsp;&nbsp;&nbsp;&nbsp;&nbsp;&nbsp;&nbsp;&nbsp;&nbsp;&nbsp;&nbsp;&nbsp;&nbsp;&nbsp;&nbsp;&nbsp;&nbsp;&nbsp;&nbsp;&nbsp;&nbsp;<\/strong><\/p>\n\n\n\n<p class=\"has-medium-font-size\">DE ACORDO COM O POEMA \u201cESCOLA\u201d DE PAULO FREIRE RESPONDA AS PERGUNTAS ABAIXO:<\/p>\n\n\n\n<ol class=\"has-medium-font-size wp-block-list\"><li><strong>O QUE \u00c9 NECESS\u00c1RIO PARA TER UMA ESCOLA CADA VEZ MELHOR? ________________________________________<\/strong><\/li><li><strong>PAULO FREIRE FEZ UMA DESCRI\u00c7\u00c3O SOBRE A ESCOLA, E VOC\u00ca COMO DESCREVERIA A SUA ESCOLA? ________________________________<\/strong><\/li><\/ol>\n\n\n\n<hr class=\"wp-block-separator\"\/>\n\n\n\n<p class=\"has-background\" style=\"background-color:#ddedf3;font-size:25px\"><strong>ATIVIDADE 2 \u2013<\/strong><\/p>\n\n\n\n<p class=\"has-medium-font-size\">PE\u00c7A A AJUDA DE UM ADULTO!!! VAMOS L\u00c1&#8230; FA\u00c7A UMA ILUSTRA\u00c7\u00c3O BEM CAPRICHADA DE SUA ESCOLA&#8230;<\/p>\n\n\n\n<div class=\"wp-block-image\"><figure class=\"aligncenter\"><img decoding=\"async\" src=\"https:\/\/lh5.googleusercontent.com\/KkFN7sFWrn_lKyC0rpdIBefI-zlBO5oqp_Bf_loNIiOby3cvnInkvpMubQ41udgK3sn5EUsmj7jKx9Hbc2O-s1OLLWYtvCyZ8i-UwKsfJxSDUUIk-SM2F72RSmfa-gq0JcIO6c8\" alt=\"Menina de sorriso com livros prontos Foto gratuita\"\/><\/figure><\/div>\n\n\n\n<p class=\"has-text-align-center\" style=\"font-size:9px\">DISPON\u00cdVEL EM PIXABAY. <a href=\"https:\/\/br.freepik.com\/vetores-gratis\/conjunto-de-foto-de-familia-feliz-na-moldura-de-madeira_13753841.htm#page=2&amp;query=FAMILIA+DESENHO&amp;position=0\">HTTPS:\/\/BR.FREEPIK.COM<\/a> ACESSO EM 03 DE OUTUBRO DE 2021.<\/p>\n\n\n\n<p class=\"has-text-align-center has-background has-medium-font-size\" style=\"background-color:#dfd3e7\"><strong>RELEMBRANDO! O QUE APRENDEMOS HOJE?<\/strong><\/p>\n\n\n\n<ul class=\"has-medium-font-size wp-block-list\"><li>RELEMBRAMOS O CONCEITO DE ESCOLA;<\/li><li>APRENDEMOS QUE EXISTEM V\u00c1RIOS TIPOS DE ESCOLA, DE TAMANHOS VARIADOS E ESTRUTURAS TAMB\u00c9M;<\/li><li>DIFEREN\u00c7AS DE ESCOLAS RURAIS E URBANAS;<\/li><li>DIFEREN\u00c7AS DAS ESCOLAS DE ONTEM COM AS ESCOLAS DE HOJE&#8230;<\/li><li>ATIVIDADES.<\/li><\/ul>\n\n\n\n<hr class=\"wp-block-separator\"\/>\n\n\n\n<figure class=\"wp-block-table is-style-regular\"><table class=\"has-background\" style=\"background-color:#f7f5e8\"><tbody><tr><td>HABILIDADES ESTRUTURANTES<\/td><td>(GO-EF01HI08-B). CONHECER A HIST\u00d3RIA DA INSTITUI\u00c7\u00c3O ESCOLAR A QUAL FAZ PARTE. COMPARAR O COTIDIANO DE INSTITUI\u00c7\u00d5ES EM OUTRAS \u00c9POCAS COM O COTIDIANO DE INSTITUI\u00c7\u00d5ES ESCOLARES NA ATUALIDADE, UTILIZANDO DIFERENTES FONTES E DOCUMENTOS. <br>(GO-EF01HI08-C). DIFERENCIAR OS TIPOS INSTITUI\u00c7\u00d5ES ESCOLARES: P\u00daBLICAS, PRIVADAS, RURAIS, URBANAS, TRABALHANDO AS NO\u00c7\u00d5ES DE TRANSFORMA\u00c7\u00d5ES E SIMULTANEIDADES, MUDAN\u00c7AS E PERMAN\u00caNCIAS.<br>&nbsp;<\/td><\/tr><\/tbody><\/table><\/figure>\n\n\n\n<hr class=\"wp-block-separator\"\/>\n\n\n\n<figure class=\"wp-block-table is-style-regular\"><table class=\"has-background\" style=\"background-color:#e6f8f2\"><tbody><tr><td><strong>REFER\u00caNCIAS:<\/strong><\/td><td>GOVERNO DO ESTADO DE GOI\u00c1S. SECRET\u00c1RIA DE ESTADO DE EDUCA\u00c7\u00c3O \u2013 SEDUC\/CONSED. DOCUMENTO CURRICULAR PARA GOI\u00c1S \u2013 AMPLIADO: <strong>VOLUME II ENSINO FUNDAMENTAL ANOS INICIAIS.<\/strong>DIAS, ADRIANA MACHADO; BELLUSCI, MARIA EUGENIA. <strong>NOVO PITANGU\u00c1<\/strong>: HIST\u00d3RIA. 1 \u00aa ED. MODERNA: S\u00c3O PAULO.2017.FREIRE, PAULO. <strong>A ESCOLA<\/strong>. DISPON\u00cdVEL EM <a href=\"http:\/\/www.cascavel.pr.gov.br\/arquivos\/07082015_poema__a_escola.pdf\">HTTP:\/\/WWW.CASCAVEL.PR.GOV.BR\/ARQUIVOS\/07082015_POEMA__A_ESCOLA.PDF<\/a> ACESSO EM 03 DE OUTUBRO DE 2021.IMAGENS RETIRADAS DO SITE:<a href=\"https:\/\/br.freepik.com\/\">HTTPS:\/\/BR.FREEPIK.COM\/<\/a><\/td><\/tr><\/tbody><\/table><\/figure>\n\n\n\n<hr class=\"wp-block-separator\"\/>\n","protected":false},"author":20,"featured_media":133648,"template":"","ef_categoria":[13,20],"ef_ano":[84],"ef_componente":[95],"class_list":["post-133662","ensino_fundamental","type-ensino_fundamental","status-publish","has-post-thumbnail","hentry","ef_categoria-ciclo-da-infancia-abc","ef_categoria-etica-e-cidadania","ef_ano-1o-ano","ef_componente-historia","entry","has-media"],"acf":[],"_links":{"self":[{"href":"https:\/\/sme.goiania.go.gov.br\/conexaoescola\/wp-json\/wp\/v2\/ensino_fundamental\/133662","targetHints":{"allow":["GET"]}}],"collection":[{"href":"https:\/\/sme.goiania.go.gov.br\/conexaoescola\/wp-json\/wp\/v2\/ensino_fundamental"}],"about":[{"href":"https:\/\/sme.goiania.go.gov.br\/conexaoescola\/wp-json\/wp\/v2\/types\/ensino_fundamental"}],"author":[{"embeddable":true,"href":"https:\/\/sme.goiania.go.gov.br\/conexaoescola\/wp-json\/wp\/v2\/users\/20"}],"version-history":[{"count":0,"href":"https:\/\/sme.goiania.go.gov.br\/conexaoescola\/wp-json\/wp\/v2\/ensino_fundamental\/133662\/revisions"}],"wp:featuredmedia":[{"embeddable":true,"href":"https:\/\/sme.goiania.go.gov.br\/conexaoescola\/wp-json\/wp\/v2\/media\/133648"}],"wp:attachment":[{"href":"https:\/\/sme.goiania.go.gov.br\/conexaoescola\/wp-json\/wp\/v2\/media?parent=133662"}],"wp:term":[{"taxonomy":"ef_categoria","embeddable":true,"href":"https:\/\/sme.goiania.go.gov.br\/conexaoescola\/wp-json\/wp\/v2\/ef_categoria?post=133662"},{"taxonomy":"ef_ano","embeddable":true,"href":"https:\/\/sme.goiania.go.gov.br\/conexaoescola\/wp-json\/wp\/v2\/ef_ano?post=133662"},{"taxonomy":"ef_componente","embeddable":true,"href":"https:\/\/sme.goiania.go.gov.br\/conexaoescola\/wp-json\/wp\/v2\/ef_componente?post=133662"}],"curies":[{"name":"wp","href":"https:\/\/api.w.org\/{rel}","templated":true}]}}