{"id":133282,"date":"2021-10-29T08:49:13","date_gmt":"2021-10-29T11:49:13","guid":{"rendered":"https:\/\/sme.goiania.go.gov.br\/conexaoescola\/?post_type=ensino_fundamental&#038;p=133282"},"modified":"2021-11-03T13:57:48","modified_gmt":"2021-11-03T16:57:48","slug":"lingua-portuguesa-genero-textual-viagem-pelo-mundo-das-fabulas","status":"publish","type":"ensino_fundamental","link":"https:\/\/sme.goiania.go.gov.br\/conexaoescola\/ensino_fundamental\/lingua-portuguesa-genero-textual-viagem-pelo-mundo-das-fabulas\/","title":{"rendered":"L\u00cdNGUA PORTUGUESA &#8211; G\u00caNERO TEXTUAL: VIAGEM PELO MUNDO DAS F\u00c1BULAS"},"content":{"rendered":"\n<p class=\"has-text-align-center has-background has-medium-font-size\" style=\"background-color:#eddaee\"><em><strong>OL\u00c1, EDUCANDO (A)!ESTA VIDEOAULA DE L\u00cdNGUA PORTUGUESA FOI VEICULADA NA TV NO DIA 25\/10\/2021 (SEGUNDA-FEIRA). AQUI NO PORTAL CONEX\u00c3O ESCOLA, ELA EST\u00c1 DISPON\u00cdVEL JUNTAMENTE COM A PROPOSTA DE ATIVIDADE.<\/strong><\/em><\/p>\n\n\n\n<p class=\"has-text-align-center\"><img fetchpriority=\"high\" decoding=\"async\" width=\"550\" height=\"332\" src=\"https:\/\/lh4.googleusercontent.com\/M4P2DhQ7y4eD1siv5qWpi4-ofxUhRBSSa2IJa9ZD1eGbGbAq5EouzQQfC_VGwh5F589Ieihl6bA61iFmnY2vEGNdQNLifmQbwoS5C5aVnD7cGEexCXaD9GftwhATmP7e9M3hb-o\"><\/p>\n\n\n\n<p class=\"has-text-align-center\" style=\"font-size:9px\"><a href=\"https:\/\/br.freepik.com\/\">FREEPIK.COM<\/a><\/p>\n\n\n\n<p class=\"has-text-align-center has-background has-medium-font-size\" style=\"background-color:#d8f0e5\"><strong>NESTA V\u00cdDEOAULA, VOC\u00ca VAI APRENDER UM POUCO SOBRE OS F\u00c1BULAS, SE ENCANTAR E VIAJAR COM A SUA IMAGINA\u00c7\u00c3O. VAMOS L\u00c1?<\/strong><\/p>\n\n\n\n<figure class=\"wp-block-embed is-type-video is-provider-youtube wp-block-embed-youtube wp-embed-aspect-16-9 wp-has-aspect-ratio\"><div class=\"wp-block-embed__wrapper\">\n<p class=\"responsive-video-wrap clr\"><iframe title=\"L\u00edngua Portuguesa | 1\u00ba Ano | Ens. Fundamental - Aula 8\" width=\"1200\" height=\"675\" src=\"https:\/\/www.youtube.com\/embed\/x-geCIXuuHE?feature=oembed\" frameborder=\"0\" allow=\"accelerometer; autoplay; clipboard-write; encrypted-media; gyroscope; picture-in-picture\" allowfullscreen><\/iframe><\/p>\n<\/div><figcaption>L\u00cdNGUA PORTUGUESA\/ 1 ANO\/ ENSINO FUNDAMENTAL<\/figcaption><\/figure>\n\n\n\n<hr class=\"wp-block-separator\"\/>\n\n\n\n<p class=\"has-text-align-center has-background has-medium-font-size\" style=\"background-color:#e0dff8\">NA ATIVIDADE DE HOJE IREMOS CONHECER UM POUCO SOBRE AS F\u00c1BULAS. A&nbsp;<strong>F\u00c1BULA<\/strong> \u00c9 UM&nbsp;TEXTO&nbsp;BASICAMENTE FICCIONAL&nbsp;CUJOS PERSONAGENS, NA MAIORIA DAS VEZES, <strong>S\u00c3O ANIMAIS<\/strong>; ESCRITAS EM&nbsp;PROSA&nbsp;OU&nbsp;VERSOS&nbsp;EM QUE OS PERSONAGENS APRESENTAM&nbsp;CARACTER\u00cdSTICAS HUMANAS, COMO <strong>A FALA<\/strong>, MUITO PRESENTE NA&nbsp;LITERATURA INFANTIL.<\/p>\n\n\n\n<p class=\"has-text-align-center has-background has-medium-font-size\" style=\"background-color:#f6e0ee\">PE\u00c7A AJUDA DE UM ADULTO PARA REALIZAR AS ATIVIDADES COM VOC\u00ca.<\/p>\n\n\n\n<p class=\"has-background\" style=\"background-color:#ddedf3;font-size:25px\"><strong>ATIVIDADE 1 \u2013 <\/strong><\/p>\n\n\n\n<p class=\"has-medium-font-size\"><strong>CRIAN\u00c7AS<\/strong>, PE\u00c7AM AJUDA DE ADULTO E LEIA F\u00c1BULA DA <strong>CIGARRA E DA FORMIGA<\/strong>, RESPONDENDO AS PERGUNTAS ABAIXO:<\/p>\n\n\n\n<div class=\"wp-block-image\"><figure class=\"aligncenter is-resized\"><img decoding=\"async\" src=\"https:\/\/lh6.googleusercontent.com\/C5r_LrIM5UaN6jR1jXvmjjnVvi8KCLxTZ-O6p3yHFczDuXNsRrnfWjfhGnOyLWqj-WtAdsyuE9nl-Omzy-QkV_e-dYbaqoRnadaXqYrLdO15jnh5j44g0-o52EH4zyRV4qS70u8\" alt=\"\" width=\"482\" height=\"294\"\/><\/figure><\/div>\n\n\n\n<ul class=\"has-medium-font-size wp-block-list\"><li>O QUE A FORMIGA EST\u00c1 FAZENDO?<\/li><li>O QUE A CIGARRA FEZ DURANTE TODO O VER\u00c3O?&nbsp;<\/li><li>VOC\u00ca CONHECE O FINAL DESSA HIST\u00d3RIA, QUE TAL FAZER UM BELO DESENHO PARA ILUSTRAR ESSE FINAL?<\/li><\/ul>\n\n\n\n<hr class=\"wp-block-separator\"\/>\n\n\n\n<p class=\"has-background\" style=\"background-color:#ddedf3;font-size:25px\"><strong>ATIVIDADE 2 \u2013<\/strong> <\/p>\n\n\n\n<p class=\"has-medium-font-size\">AINDA SOBRE A F\u00c1BULA&#8230; FA\u00c7A O QUE SE PEDE: <\/p>\n\n\n\n<p class=\"has-medium-font-size\">1- O QUE A FORMIGA JUNTAVA DURANTE O INVERNO?<\/p>\n\n\n\n<p class=\"has-medium-font-size\">(   &nbsp; ) COMIDA.<\/p>\n\n\n\n<p class=\"has-medium-font-size\">( &nbsp;   ) OURO.<\/p>\n\n\n\n<p class=\"has-medium-font-size\">( &nbsp;  ) BRINQUEDOS.<\/p>\n\n\n\n<p class=\"has-medium-font-size\">( &nbsp;  ) LIXO.<\/p>\n\n\n\n<p class=\"has-medium-font-size\">2 &#8211; QUAL A LETRA QUE COMPLETA A PALAVRA __ORMIGA:<\/p>\n\n\n\n<p class=\"has-medium-font-size\">( &nbsp;  ) P.<\/p>\n\n\n\n<p class=\"has-medium-font-size\">( &nbsp;  ) V.<\/p>\n\n\n\n<p class=\"has-medium-font-size\">( &nbsp;  ) F.<\/p>\n\n\n\n<p class=\"has-medium-font-size\">( &nbsp;  ) S.<\/p>\n\n\n\n<p class=\"has-medium-font-size\">3 &#8211; A CIGARRA TRABALHOU O INVERNO INTEIRO:<\/p>\n\n\n\n<p class=\"has-medium-font-size\">( &nbsp;  ) VERDADEIRO<\/p>\n\n\n\n<p class=\"has-medium-font-size\">(  &nbsp; ) FALSO<\/p>\n\n\n\n<p class=\"has-medium-font-size\">4 &#8211; A FORMIGA FICOU SEM COMIDA NO INVERNO:<\/p>\n\n\n\n<p class=\"has-medium-font-size\">( &nbsp;  ) VERDADEIRO.<\/p>\n\n\n\n<p class=\"has-medium-font-size\">( &nbsp;  ) FALSO.<\/p>\n\n\n\n<div class=\"wp-block-image\"><figure class=\"aligncenter\"><img decoding=\"async\" src=\"https:\/\/lh4.googleusercontent.com\/Vyma13uQfJilflTZG1TB1Ntl7FBE8ETh25pUiOYjYtRIfDqILggxda8Gvg8I8grnvLMSGcuJnaVx3KvRkYtfhSC9UOSOroAg67xcRJOLLz2YjRIWvRUAi_VHmKpU3H7oyGFRDvI\" alt=\"Ilustra\u00e7\u00e3o de floresta e animais Vetor gr\u00e1tis\"\/><\/figure><\/div>\n\n\n\n<p class=\"has-text-align-center\" style=\"font-size:10px\">DISPON\u00cdVEL EM <a href=\"https:\/\/br.freepik.com\/\">HTTPS:\/\/BR.FREEPIK.COM\/<\/a> ACESSO EM 28 DE SETEMBRO DE 2021.<\/p>\n\n\n\n<hr class=\"wp-block-separator\"\/>\n\n\n\n<p class=\"has-background\" style=\"background-color:#d9eecf;font-size:25px\">AGORA, VAMOS RELEMBRAR O QUE APRENDEMOS HOJE?<\/p>\n\n\n\n<ul class=\"has-medium-font-size wp-block-list\"><li>&nbsp;ORIGEM DAS F\u00c1BULAS;<\/li><li>COMO S\u00c3O AS F\u00c1BULAS;<\/li><li>ESTRUTURA E ELEMENTOS DAS F\u00c1BULAS;<\/li><li>V\u00cdDEO DA F\u00c1BULA \u201cO RATINHO E O LE\u00c3O\u201d DE ESOPO;<\/li><li>INTERPRETANDO A F\u00c1BULA;<\/li><li>RELEMBRANDO E EXEMPLOS DE F\u00c1BULAS;<\/li><li>ATIVIDADE &nbsp;<\/li><\/ul>\n\n\n\n<hr class=\"wp-block-separator\"\/>\n\n\n\n<figure class=\"wp-block-table is-style-regular\"><table class=\"has-pale-ocean-gradient-background has-background\"><tbody><tr><td><strong>HABILIDADES ESTRUTURANTES<\/strong><\/td><td>(GO-EF01LP40) RECONHECER, A PARTIR DE TEXTOS COMO QUADRINHAS, CANTIGAS, PARLENDAS, ENTRE OUTROS G\u00caNEROS AS CARACTER\u00cdSTICAS DO SISTEMA DE ESCRITA: LETRAS E PALAVRAS; RELA\u00c7\u00c3O ENTRE FALA E ESCRITA.<br>(EF15LP15-A\/B\/C) RECONHECER QUE OS TEXTOS LITER\u00c1RIOS FAZEM PARTE DO MUNDO DO IMAGIN\u00c1RIO E APRESENTAM UMA DIMENS\u00c3O L\u00daDICA, DE ENCANTAMENTO, VALORIZANDO-OS, EM SUA DIVERSIDADE CULTURAL, COMO PATRIM\u00d4NIO ART\u00cdSTICO DA HUMANIDADE, INCLUINDO A LITERATURA GOIANA.<br>(EF01LP26) IDENTIFICAR ELEMENTOS DE UMA NARRATIVA LIDA OU ESCUTADA, INCLUINDO PERSONAGENS, ENREDO, TEMPO E ESPA\u00c7O.<br>(GO-EF12LP20) IDENTIFICAR IN\u00cdCIO, MEIO E FIM EM NARRATIVA LIDA OU ESCUTADA.<\/td><\/tr><\/tbody><\/table><\/figure>\n\n\n\n<hr class=\"wp-block-separator\"\/>\n\n\n\n<figure class=\"wp-block-table is-style-regular\"><table class=\"has-blush-light-purple-gradient-background has-background\"><tbody><tr><td><strong>REFER\u00caNCIAS:<\/strong><\/td><td>GOVERNO DO ESTADO DE GOI\u00c1S. SECRET\u00c1RIA DE ESTADO DE EDUCA\u00c7\u00c3O \u2013 SEDUC\/CONSED. DOCUMENTO CURRICULAR PARA GOI\u00c1S \u2013 AMPLIADO: <strong>VOLUME II ENSINO FUNDAMENTAL ANOS INICIAIS<\/strong>.&nbsp;FONTE: <strong>JESSICA SANTOS HIST\u00d3RIAS. <\/strong>F\u00c1BULA O RATINHO E O LE\u00c3O. DISPON\u00cdVEL EM <a href=\"https:\/\/www.youtube.com\/watch?v=oDfbbmNX2PE\">HTTPS:\/\/WWW.YOUTUBE.COM\/WATCH?V=ODFBBMNX2PE<\/a> ACESSO EM 28 DE SETEMBRO DE 2021.<br>IMAGENS RETIRADAS DO SITE:<a href=\"https:\/\/br.freepik.com\/\">HTTPS:\/\/BR.FREEPIK.COM\/<\/a><a href=\"https:\/\/pixabay.com\/pt\/\">HTTPS:\/\/PIXABAY.COM\/PT\/<\/a><br><\/td><\/tr><\/tbody><\/table><\/figure>\n\n\n\n<hr class=\"wp-block-separator\"\/>\n","protected":false},"author":14,"featured_media":133407,"template":"","ef_categoria":[],"ef_ano":[84],"ef_componente":[93],"class_list":["post-133282","ensino_fundamental","type-ensino_fundamental","status-publish","has-post-thumbnail","hentry","ef_ano-1o-ano","ef_componente-portugues","entry","has-media"],"acf":[],"_links":{"self":[{"href":"https:\/\/sme.goiania.go.gov.br\/conexaoescola\/wp-json\/wp\/v2\/ensino_fundamental\/133282","targetHints":{"allow":["GET"]}}],"collection":[{"href":"https:\/\/sme.goiania.go.gov.br\/conexaoescola\/wp-json\/wp\/v2\/ensino_fundamental"}],"about":[{"href":"https:\/\/sme.goiania.go.gov.br\/conexaoescola\/wp-json\/wp\/v2\/types\/ensino_fundamental"}],"author":[{"embeddable":true,"href":"https:\/\/sme.goiania.go.gov.br\/conexaoescola\/wp-json\/wp\/v2\/users\/14"}],"version-history":[{"count":0,"href":"https:\/\/sme.goiania.go.gov.br\/conexaoescola\/wp-json\/wp\/v2\/ensino_fundamental\/133282\/revisions"}],"wp:featuredmedia":[{"embeddable":true,"href":"https:\/\/sme.goiania.go.gov.br\/conexaoescola\/wp-json\/wp\/v2\/media\/133407"}],"wp:attachment":[{"href":"https:\/\/sme.goiania.go.gov.br\/conexaoescola\/wp-json\/wp\/v2\/media?parent=133282"}],"wp:term":[{"taxonomy":"ef_categoria","embeddable":true,"href":"https:\/\/sme.goiania.go.gov.br\/conexaoescola\/wp-json\/wp\/v2\/ef_categoria?post=133282"},{"taxonomy":"ef_ano","embeddable":true,"href":"https:\/\/sme.goiania.go.gov.br\/conexaoescola\/wp-json\/wp\/v2\/ef_ano?post=133282"},{"taxonomy":"ef_componente","embeddable":true,"href":"https:\/\/sme.goiania.go.gov.br\/conexaoescola\/wp-json\/wp\/v2\/ef_componente?post=133282"}],"curies":[{"name":"wp","href":"https:\/\/api.w.org\/{rel}","templated":true}]}}