{"id":133091,"date":"2021-10-25T08:59:24","date_gmt":"2021-10-25T11:59:24","guid":{"rendered":"https:\/\/sme.goiania.go.gov.br\/conexaoescola\/?post_type=ensino_fundamental&#038;p=133091"},"modified":"2021-12-22T11:45:15","modified_gmt":"2021-12-22T13:45:15","slug":"lingua-portuguesa-a-biblioteca-e-sua-diversidade-cultural-atraves-da-literatura","status":"publish","type":"ensino_fundamental","link":"https:\/\/sme.goiania.go.gov.br\/conexaoescola\/ensino_fundamental\/lingua-portuguesa-a-biblioteca-e-sua-diversidade-cultural-atraves-da-literatura\/","title":{"rendered":"L\u00edngua Portuguesa &#8211; A biblioteca e sua diversidade cultural atrav\u00e9s da literatura"},"content":{"rendered":"\n<p class=\"has-black-color has-text-color has-background\" style=\"background-color:#b38181;font-size:25px\">Ol\u00e1, estudante! Esta videoaula de L\u00edngua Portuguesa para o <strong>6\u00ba ano do Ensino Fundamental<\/strong>&nbsp;foi veiculada na TV no dia&nbsp;<strong>25\/10\/2021 (segunda-feira)<\/strong>. Aqui no Portal Conex\u00e3o Escola, ela est\u00e1 dispon\u00edvel juntamente com a proposta de atividade.<\/p>\n\n\n\n<figure class=\"wp-block-image size-full\"><img fetchpriority=\"high\" decoding=\"async\" width=\"960\" height=\"364\" src=\"https:\/\/sme.goiania.go.gov.br\/conexaoescola\/wp-content\/uploads\/2021\/10\/aaaa-e1635162358120.jpg\" alt=\"\" class=\"wp-image-133097\" srcset=\"https:\/\/sme.goiania.go.gov.br\/conexaoescola\/wp-content\/uploads\/2021\/10\/aaaa-e1635162358120.jpg 960w, https:\/\/sme.goiania.go.gov.br\/conexaoescola\/wp-content\/uploads\/2021\/10\/aaaa-e1635162358120-300x114.jpg 300w, https:\/\/sme.goiania.go.gov.br\/conexaoescola\/wp-content\/uploads\/2021\/10\/aaaa-e1635162358120-768x291.jpg 768w\" sizes=\"(max-width: 960px) 100vw, 960px\" \/><figcaption>Dispon\u00edvel em: https:\/\/pixabay.com\/images\/id-1281581\/ <\/figcaption><\/figure>\n\n\n\n<p class=\"has-black-color has-cyan-bluish-gray-background-color has-text-color has-background\" style=\"font-size:25px\">Voc\u00ea tem o h\u00e1bito de frequentar bibliotecas? Neste estudo, reflita um pouco sobre a biblioteca e a diversidade cultural que h\u00e1 nela atrav\u00e9s de livros liter\u00e1rios. Conhe\u00e7a, ainda, algumas hist\u00f3rias bem legais que exemplificam a dimens\u00e3o l\u00fadica da literatura. Bons estudos!  <\/p>\n\n\n\n<p class=\"has-black-color has-pale-cyan-blue-background-color has-text-color has-background\" style=\"font-size:25px\">Assista \u00e0 videoaula do professor Marlon Santos com essa tem\u00e1tica.<\/p>\n\n\n\n<figure class=\"wp-block-embed aligncenter is-type-video is-provider-youtube wp-block-embed-youtube wp-embed-aspect-16-9 wp-has-aspect-ratio\"><div class=\"wp-block-embed__wrapper\">\n<p class=\"responsive-video-wrap clr\"><iframe title=\"L\u00edngua Portuguesa - 6 ano\" width=\"1200\" height=\"675\" src=\"https:\/\/www.youtube.com\/embed\/HEtBLr4pS8o?feature=oembed\" frameborder=\"0\" allow=\"accelerometer; autoplay; clipboard-write; encrypted-media; gyroscope; picture-in-picture\" allowfullscreen><\/iframe><\/p>\n<\/div><figcaption>https:\/\/www.youtube.com\/watch?v=HEtBLr4pS8o <\/figcaption><\/figure>\n\n\n\n<hr class=\"wp-block-separator\"\/>\n\n\n\n<p class=\"has-text-align-center has-black-color has-vivid-green-cyan-background-color has-text-color has-background\" style=\"font-size:25px\"><strong>O que \u00e9 uma biblioteca?<\/strong><\/p>\n\n\n\n<p class=\"has-black-color has-text-color\" style=\"font-size:25px\">Trata-se de um lugar f\u00edsico que comporta livros para serem consultados pelos leitores. Desse modo, um de seus objetivos \u00e9 organizar a informa\u00e7\u00e3o de maneira f\u00e1cil e r\u00e1pida. Contudo, a biblioteca, al\u00e9m de ser um ambiente que nos apresenta uma cole\u00e7\u00e3o de acervos\/documentos, \u00e9 um ambiente de informa\u00e7\u00e3o, que demonstra a possibilidade de produ\u00e7\u00e3o, acesso e uso da informa\u00e7\u00e3o em qualquer tempo, espa\u00e7o e suporte.<\/p>\n\n\n\n<p class=\"has-black-color has-text-color\" style=\"font-size:25px\">H\u00e1 bibliotecas que s\u00f3 autorizam a leitura de seus materiais dispon\u00edveis dentro de suas instala\u00e7\u00f5es. H\u00e1 outras em que as pessoas podem levar livros para casa e devolverem depois de um tempo pr\u00e9-definido.&nbsp;<\/p>\n\n\n\n<p class=\"has-black-color has-text-color\" style=\"font-size:25px\">Com o advento da tecnologia, a biblioteca est\u00e1 se expandido. Al\u00e9m de bibliotecas 100% virtuais, existem bibliotecas com acervo digital, de \u00e1udio, e com acessibilidade para pessoas cegas com acervo em braille.<\/p>\n\n\n\n<p class=\"has-black-color has-text-color\" style=\"font-size:25px\">Voc\u00ea sabia que temos v\u00e1rias bibliotecas em Goi\u00e2nia? Conhece alguma? Veja, a seguir, uma lista de bibliotecas em nossa cidade.&nbsp; <\/p>\n\n\n\n<p class=\"has-black-color has-light-green-cyan-background-color has-text-color has-background\" style=\"font-size:25px\"><strong>Bibliotecas<\/strong> <\/p>\n\n\n\n<p class=\"has-black-color has-text-color\" style=\"font-size:25px\"><strong>Biblioteca Municipal Cora Coralina<br><\/strong>Endere\u00e7o: Avenida 24 de Outubro, n\u00ba 120, Setor Campinas<br>Telefone: 3524-1975<\/p>\n\n\n\n<p class=\"has-black-color has-text-color\" style=\"font-size:25px\"><strong>Biblioteca da Ag\u00eancia Municipal de Meio Ambiente (Amma)&nbsp;<\/strong><br>Endere\u00e7o: Rua 75, n\u00ba 137, Setor Central<br>Tel: 3524-1412<\/p>\n\n\n\n<p class=\"has-black-color has-text-color\" style=\"font-size:25px\"><strong>Biblioteca Central da Universidade Federal de Goi\u00e1s (UFG)<\/strong><br>Endere\u00e7o: Campus Samambaia<br>Telefone: 3521-1151<\/p>\n\n\n\n<p class=\"has-black-color has-text-color\" style=\"font-size:25px\"><strong>Biblioteca Setorial da Universidade Federal de Goi\u00e1s (UFG)<\/strong><br>Endere\u00e7o: Pra\u00e7a Universit\u00e1ria, Setor Universit\u00e1rio (no pr\u00e9dio da Faculdade de Direito da UFG)<br>Telefone: 3209-6015<\/p>\n\n\n\n<p class=\"has-black-color has-text-color\" style=\"font-size:25px\"><strong>Biblioteca da PUC Goi\u00e1s<\/strong><br>Endere\u00e7o: Rua 226 esquina com Rua 235, \u00c1rea I, Setor Leste Universit\u00e1rio<br>Telefone: 3946-1169 &nbsp; &nbsp;&nbsp;<\/p>\n\n\n\n<p class=\"has-black-color has-text-color\" style=\"font-size:25px\"><strong>Biblioteca Estadual Escritor Pio Vargas<\/strong><br>Endere\u00e7o: Pra\u00e7a C\u00edvica, Centro<br>Telefone: 3201-4653<\/p>\n\n\n\n<p class=\"has-black-color has-text-color\" style=\"font-size:25px\"><strong>Biblioteca Braille Jos\u00e9 Alvarez de Azevedo<\/strong><br>Endere\u00e7o: Pra\u00e7a C\u00edvica, s\/n\u00ba (pr\u00e9dio da Funda\u00e7\u00e3o Cultural Pedro Ludovico Teixeira)<br>Telefone: 3201-4649<\/p>\n\n\n\n<p class=\"has-black-color has-text-color\" style=\"font-size:25px\"><strong>Biblioteca Centro Atividade Sesc Fai\u00e7alville<\/strong><br>Endere\u00e7o: Avenida Ipanema, qd. 234\/235, Setor Fai\u00e7alville<br>Telefone: 3522-6300<\/p>\n\n\n\n<p class=\"has-black-color has-text-color\" style=\"font-size:25px\"><strong>Biblioteca Jo\u00e3o Popini Mascarenhas<\/strong><br>A Biblioteca Jo\u00e3o Popini Mascarenhas funciona dentro da Faculdade de Tecnologia Senai \u00cdtalo Bolofna<br>Endere\u00e7o: Rua Amogaste J. Silveira, n\u00ba 612, Setor Centro Oeste<br>Telefone: 3226-4526<\/p>\n\n\n\n<p class=\"has-black-color has-text-color\" style=\"font-size:25px\"><strong>Biblioteca Prof. Ribas Botelho de Campus (Esefego\/UEG)<\/strong><br>Endere\u00e7o: Avenida Anhanguera, n\u00ba 1420, Setor Leste Vila Nova<br>Telefone: 3522-3503<\/p>\n\n\n\n<p class=\"has-black-color has-text-color\" style=\"font-size:25px\"><strong>Biblioteca Sesc Campinas<\/strong><br>Endere\u00e7o: Avenida Rio Grande do Sul, n\u00ba 123, Campinas<br>Telefone: 3522-6450<\/p>\n\n\n\n<p class=\"has-black-color has-text-color\" style=\"font-size:25px\"><strong>Biblioteca Sesc Centro<\/strong><br>Endere\u00e7o: Rua 15 esquina com Rua 19, n\u00ba 260, Centro<br>Telefone: 3933-1731 \/ 3933-1735<\/p>\n\n\n\n<p class=\"has-black-color has-text-color\" style=\"font-size:25px\"><strong>Biblioteca Sesc Universit\u00e1rio<\/strong><br>Endere\u00e7o: Avenida Universit\u00e1ria, n\u00b0 1749, Setor Universit\u00e1rio<br>Telefone: 3522-6100<\/p>\n\n\n\n<p class=\"has-black-color has-text-color\" style=\"font-size:25px\"><strong>Faculdade Padr\u00e3o<\/strong><br>Endere\u00e7o: Avenida Anhanguera, esquina com Rua do Algod\u00e3o, Setor Rodovi\u00e1rio<br>Telefone: 3576-2262<\/p>\n\n\n\n<p class=\"has-black-color has-text-color\" style=\"font-size:25px\"><strong>Biblioteca Faculdades Alfa<\/strong><br>Endere\u00e7o: Avenida Perimetral Norte, n\u00ba 4129, Setor Vila Jo\u00e3o Vaz<br>Telefone: 3272-5023<\/p>\n\n\n\n<p class=\"has-black-color has-text-color\" style=\"font-size:25px\"><strong>Irm\u00e3os Oriente<\/strong>,&nbsp;<strong>do Instituto Hist\u00f3rico e Geogr\u00e1fico de Goi\u00e1s<\/strong><br>Endere\u00e7o: Avenida 82 c\/ Avenida 85, n\u00ba 455, Setor Sul<br>Telefone: 3224-4622<\/p>\n\n\n\n<p class=\"has-black-color has-text-color\" style=\"font-size:25px\">Nas escolas da Rede Municipal de Educa\u00e7\u00e3o de Goi\u00e2nia temos as salas de leitura, que s\u00e3o ambientes organizados para os estudantes lerem e interagirem sobre esse universo.&nbsp;<\/p>\n\n\n\n<p class=\"has-black-color has-text-color\" style=\"font-size:25px\">A biblioteca pode ser transformada em um ambiente m\u00e1gico se voc\u00ea, leitora\/leitor, der asas \u00e0 imagina\u00e7\u00e3o por meio da leitura do texto liter\u00e1rio. J\u00e1 imaginou ler hist\u00f3rias que te apresentam outras realidades que voc\u00ea jamais imaginou, como um mundo encantado, cheio de aventuras e mist\u00e9rios? Ou refletir sobre realidades t\u00e3o pr\u00f3ximas a voc\u00ea, te levando a pensar e questionar situa\u00e7\u00f5es dentro da nossa sociedade, como o preconceito, culturas diferentes e tecnologia, por exemplo? A literatura pode ampliar nossos olhares, sejam eles a respeito dos contextos sociais e hist\u00f3ricos de nossa sociedade ou, inclusive, sobre n\u00f3s mesmos. Como \u00e9 bacana poder conhecermos a n\u00f3s mesmos a partir de uma hist\u00f3ria, n\u00e3o \u00e9 verdade?<\/p>\n\n\n\n<p class=\"has-black-color has-text-color\" style=\"font-size:25px\">Conhe\u00e7a, a seguir, um pouco sobre algumas hist\u00f3rias e autores da literatura brasileira e universal.<\/p>\n\n\n\n<p class=\"has-text-align-center has-black-color has-pale-cyan-blue-background-color has-text-color has-background\" style=\"font-size:25px\"><strong>\u201cA ilha perdida\u201d, de Maria Jos\u00e9 Dupr\u00e9<\/strong><\/p>\n\n\n\n<p class=\"has-black-color has-text-color\" style=\"font-size:25px\">Maria Jos\u00e9 Dupr\u00e9 foi uma escritora brasileira, nascida no Paran\u00e1, em 1898. Ela faleceu em 1984. Consagrou-se como escritora com a publica\u00e7\u00e3o do livro \u201c\u00c9ramos seis\u201d, que se tornou, inclusive, telenovela.&nbsp;<\/p>\n\n\n\n<p class=\"has-black-color has-text-color\" style=\"font-size:25px\">O livro \u201cA Ilha Perdida\u201d conta a hist\u00f3ria de Henrique e Eduardo, dois irm\u00e3os que est\u00e3o passando as f\u00e9rias na fazenda do padrinho, l\u00e1 em Taubat\u00e9, no interior de S\u00e3o Paulo. Eles descobrem que ali perto h\u00e1 uma ilha que ningu\u00e9m visita, \u00e9 chamada de Ilha Perdida. Eles encontram uma canoa, preparam tudo escondido, e partem ao encontro da ilha. Ao chegarem l\u00e1, s\u00e3o surpreendidos por uma enchente, que acaba levando a canoa embora. Presos na ilha, os irm\u00e3os vivem uma s\u00e9rie de aventuras e perigos.<\/p>\n\n\n\n<p class=\"has-text-align-center has-black-color has-pale-cyan-blue-background-color has-text-color has-background\" style=\"font-size:25px\"><strong>\u201cBisa Bia, Bisa Bel\u201d, de Ana Maria Machado\u201d<\/strong><\/p>\n\n\n\n<p class=\"has-black-color has-text-color\" style=\"font-size:25px\">Ana Maria Machado \u00e9 uma jornalista, pintora e escritora brasileira que h\u00e1 mais de 40 anos escreve e traduz lindas hist\u00f3rias, principalmente, para crian\u00e7as e jovens. Uma delas \u00e9 esta.<\/p>\n\n\n\n<p class=\"has-black-color has-text-color\" style=\"font-size:25px\">Este livro de Ana Maria Machado conta a hist\u00f3ria de uma menina que aprende a conviver consigo mesma. Certo dia, Bel encontra uma foto de sua bisav\u00f3 nas coisas de sua m\u00e3e. A partir daquele momento, ela come\u00e7a a imaginar como seria sua bisav\u00f3, a rela\u00e7\u00e3o entre ambas e, por meio da imagina\u00e7\u00e3o, passam a conversar, refletir como era a vida no tempo de sua bisav\u00f3 e no tempo de Bel. Com essa leitura, podemos refletir sobre as mudan\u00e7as no papel da mulher na sociedade, as mudan\u00e7as internas pelas quais todos n\u00f3s passamos e a import\u00e2ncia da mem\u00f3ria em nossa forma\u00e7\u00e3o, por exemplo.&nbsp;&nbsp;<\/p>\n\n\n\n<p class=\"has-black-color has-pale-cyan-blue-background-color has-text-color has-background\" style=\"font-size:25px\">Leia o trecho dessa narrativa logo a seguir.<\/p>\n\n\n\n<p class=\"has-black-color has-text-color\" style=\"font-size:25px\">Sabe?&nbsp;<\/p>\n\n\n\n<p class=\"has-black-color has-text-color\" style=\"font-size:25px\">Vou lhe contar uma coisa que \u00e9 segredo. Ningu\u00e9m desconfia. \u00c9 que Bisa Bia mora comigo. Ningu\u00e9m sabe mesmo. Ningu\u00e9m consegue ver.&nbsp;<\/p>\n\n\n\n<p class=\"has-black-color has-text-color\" style=\"font-size:25px\">Pode procurar pela casa inteira, duvido que ache. Mesmo se algu\u00e9m for bisbilhotar num cantinho da gaveta, n\u00e3o vai encontrar. Nem se fu\u00e7ar debaixo do tapete. Nem atr\u00e1s da porta. Se quiser, pode at\u00e9 esperar uma hora em que eu esteja bem distra\u00edda e pode espiar pelo buraco da fechadura do meu quarto. Pensa que vai conseguir ver Bisa Bia?&nbsp;<\/p>\n\n\n\n<p class=\"has-black-color has-text-color\" style=\"font-size:25px\">Vai nada&#8230;&nbsp;<\/p>\n\n\n\n<p class=\"has-black-color has-text-color\" style=\"font-size:25px\">Sabe por qu\u00ea? \u00c9 que Bisa Bia mora comigo, mas n\u00e3o \u00e9 do meu lado de fora. Bisa Bia mora muito comigo mesmo. Ela mora dentro de mim. E at\u00e9 pouco tempo atr\u00e1s, nem eu mesma sabia disso. Para falar a verdade, eu nem sabia que Bisa Bia existia.<\/p>\n\n\n\n<p class=\"has-black-color has-text-color\" style=\"font-size:25px\">A primeira vez, bem que Bisa Bia estava escondida. S\u00f3 apareceu por causa das arruma\u00e7\u00f5es da minha m\u00e3e.&nbsp;<\/p>\n\n\n\n<p class=\"has-black-color has-text-color\" style=\"font-size:25px\">Minha m\u00e3e \u00e9 gozada. N\u00e3o tem essas manias de arruma\u00e7\u00e3o que muita m\u00e3e dos outros tem, ela at\u00e9 que vai deixando as coisas meio espalhadas na casa, um bocado fora do lugar, e na hora em que precisa de alguma coisa quase deixa todo mundo maluco, revirando pra l\u00e1 e pra c\u00e1. Mas de vez em quando ela cisma. D\u00e1 uma geral, como ela diz. Arruma, arruma, arruma, dois, tr\u00eas dias seguidos&#8230; Tira tudo do lugar, rasga papel, separa roupa velha que n\u00e3o usa mais, acha uma por\u00e7\u00e3o de coisas que estavam sumidas, joga revista fora, manda um monte de bagulho para a gente usar na aula de arte na escola. E sempre tem umas surpresas para mim \u2014 como um colar todo colorido e brilhante que um dia ela achou e me deu para brincar.&nbsp;<\/p>\n\n\n\n<p class=\"has-black-color has-text-color\" style=\"font-size:25px\">Pois foi numa dessas arruma\u00e7\u00f5es, quando minha m\u00e3e estava dando uma geral, que eu fiquei conhecendo Bisa Bia. Parecia at\u00e9 a hist\u00f3ria da vida do gigante, que minha tia conta. Sabe? Aquela hist\u00f3ria que diz assim: dentro do mar tinha uma pedra, dentro da pedra tinha um ovo, dentro do ovo tinha uma vela e quem soprasse a vela matava o gigante. Claro que n\u00e3o tinha gigante nenhum na arruma\u00e7\u00e3o geral da minha m\u00e3e. Nem ovo. Mas at\u00e9 que tinha uma vela cor-de-rosa, do bolo de quando eu fiz um ano e que ela guardava de recorda\u00e7\u00e3o, dentro de um sapatinho velho de nen\u00e9m, de quando eu era pequeninha. Mas eu lembrei da hist\u00f3ria do gigante porque a gente podia contar a hist\u00f3ria de Bisa Bia assim: dentro do quarto da minha m\u00e3e tinha um arm\u00e1rio, dentro do arm\u00e1rio tinha uma gaveta, dentro da gaveta tinha uma caixa, dentro da caixa tinha um envelope, dentro do envelope tinha um monte de retratos, dentro de um retrato tinha Bisa Bia.&nbsp;<\/p>\n\n\n\n<p class=\"has-black-color has-text-color\" style=\"font-size:25px\">Mas no come\u00e7o eu n\u00e3o sabia. Cheguei da escola e vi a porta do quarto aberta, a porta do arm\u00e1rio aberta, a gaveta aberta, e minha m\u00e3e sentada no ch\u00e3o, descal\u00e7a, toda despenteada, com uma caixa fechada na m\u00e3o. Dei um beijo nela e olhei para a caixa. Era a coisa mais linda do mundo, toda de madeira, mas madeira de cores diferentes, umas mais claras, outras mais escuras, formando um desenho, uma paisagem, onde tinha um morro, uma casinha, um pinheiro, umas nuvens no c\u00e9u. A\u00ed minha m\u00e3e abriu a caixa e tirou de dentro, bem l\u00e1 do fundo, um envelope de papel pardo, velho e meio amassado.&nbsp;<\/p>\n\n\n\n<p class=\"has-black-color has-text-color\" style=\"font-size:25px\">\u2014 Que \u00e9 que tem a\u00ed dentro, m\u00e3e?&nbsp;<\/p>\n\n\n\n<p class=\"has-black-color has-text-color\" style=\"font-size:25px\">\u2014 Nem lembro mais, minha filha. Vamos ver.&nbsp;<\/p>\n\n\n\n<p class=\"has-black-color has-text-color\" style=\"font-size:25px\">\u2014 Deve ser muita coisa, que o envelope est\u00e1 bem gordinho.&nbsp;<\/p>\n\n\n\n<p class=\"has-black-color has-text-color\" style=\"font-size:25px\">E era mesmo. Um monte de retratos. Tinha um com umas pessoas s\u00e9rias numa pra\u00e7a. Tinha outro com uma fam\u00edlia toda, cheia de crian\u00e7as e at\u00e9 um cachorro, bem debaixo da est\u00e1tua do Cristo Redentor. Tinha mais um, de uma menina com dois la\u00e7arotes de fita na cabe\u00e7a, no meio de uma planta esquisita, uma esp\u00e9cie de moita em forma de camelo, imagine s\u00f3. Fiquei espantada:&nbsp;<\/p>\n\n\n\n<p class=\"has-black-color has-text-color\" style=\"font-size:25px\">\u2014 Como \u00e9 que pode, m\u00e3e, planta que parece bicho?&nbsp;<\/p>\n\n\n\n<p class=\"has-black-color has-text-color\" style=\"font-size:25px\">\u2014 \u00c9 que eles cortavam a moita assim, era moda, umas redondinhas, outras em feitio de poltrona, outras com formato de bicho. Era na Pra\u00e7a Paris, um lugar com laguinho e repuxo, chafariz que acendia colorido de noite. Parecia um bal\u00e3o d&#8217;\u00e1gua bem aceso no ch\u00e3o.<\/p>\n\n\n\n<p class=\"has-black-color has-text-color\" style=\"font-size:25px\">&nbsp;\u2014 Como \u00e9 que voc\u00ea sabia disso tudo?&nbsp;<\/p>\n\n\n\n<p class=\"has-black-color has-text-color\" style=\"font-size:25px\">\u2014 Eu lembro, minha filha. Essa menina a\u00ed sou eu.&nbsp;<\/p>\n\n\n\n<p class=\"has-black-color has-text-color\" style=\"font-size:25px\">\u2014 N\u00e3o \u00e9 poss\u00edvel. Voc\u00ea est\u00e1 brincando&#8230;&nbsp;<\/p>\n\n\n\n<p class=\"has-black-color has-text-color\" style=\"font-size:25px\">Eu olhava para minha m\u00e3e e para o retrato da menina, achava meio gozado aquilo, minha m\u00e3e crian\u00e7a, brincando no galho de um camelo, pensando em bal\u00e3o d&#8217;\u00e1gua. E era meio esquisito, ela grande ali na minha frente, sentada no ch\u00e3o, explicando coisas, toda animada:&nbsp;<\/p>\n\n\n\n<p class=\"has-black-color has-text-color\" style=\"font-size:25px\">\u2014 A gente ia de bonde, era \u00f3timo, fresquinho, todo aberto. \u00c0s vezes tinha reboque. Quando a gente pagava a passagem, o motorneiro puxava uma cordinha e tocava uma campainha, a\u00ed mudava um n\u00famero numa esp\u00e9cie de rel\u00f3gio que ficava l\u00e1 no alto e marcava quantas pessoas viajavam no bonde.<\/p>\n\n\n\n<p class=\"has-black-color has-text-color\" style=\"font-size:25px\">[&#8230;]<\/p>\n\n\n\n<p class=\"has-text-align-right has-black-color has-pale-cyan-blue-background-color has-text-color has-background has-medium-font-size\">MACHADO, Ana Maria. <em>Bisa Bia, Bisa Bel<\/em>. 3 ed. S\u00e3o Paulo: Moderna, 2007, p.5-9.<\/p>\n\n\n\n<p class=\"has-text-align-center has-black-color has-cyan-bluish-gray-background-color has-text-color has-background\" style=\"font-size:25px\"><strong>Atividade<\/strong><\/p>\n\n\n\n<ol class=\"has-black-color has-text-color wp-block-list\" style=\"font-size:25px\"><li>Nesta atividade, voc\u00ea conheceu um pouco sobre o universo da literatura e sobre a biblioteca. Visite a biblioteca de sua escola e, com a ajuda da pessoa respons\u00e1vel por esse ambiente, procure um livro para realizar a leitura. Lembre-se de se informar se o livro pode ser emprestado para levar para sua casa. Se puder, fa\u00e7a a leitura dele com seus familiares e conversem sobre suas impress\u00f5es a respeito da leitura.<\/li><\/ol>\n\n\n\n<hr class=\"wp-block-separator\"\/>\n\n\n\n<figure class=\"wp-block-table\"><table><tbody><tr><td><strong>Habilidade estruturante:<\/strong><\/td><td>(EF15LP15) Reconhecer que os textos liter\u00e1rios fazem parte do mundo do&nbsp; imagin\u00e1rio&nbsp; e&nbsp; apresentam&nbsp; uma&nbsp; dimens\u00e3o&nbsp; l\u00fadica, de encantamento, valorizando-os, em sua diversidade cultural, como patrim\u00f4nio art\u00edstico da humanidade.<br>(EF69LP44-A) Inferir a presen\u00e7a de valores sociais, culturais e humanos e de diferentes vis\u00f5es de mundo, em textos liter\u00e1rios.<br>(EF69LP44-B) Reconhecer, em textos liter\u00e1rios, formas de estabelecer m\u00faltiplos olhares sobre as identidades, sociedades e culturas, considerando a autoria e o contexto social e hist\u00f3rico de sua produ\u00e7\u00e3o.<\/td><\/tr><tr><td><strong>Refer\u00eancias:<\/strong><\/td><td>DUPR\u00c9, Maria Jos\u00e9. <em>A ilha perdida.<\/em>41 ed. S\u00e3o Paulo: \u00c1tica, 2015. <br>MACHADO, Ana Maria. <em>Bisa Bia, Bisa Bel<\/em>. 3 ed. S\u00e3o Paulo: Moderna, 2007.<br><a href=\"https:\/\/diaonline.ig.com.br\/aproveite\/cidades\/goiania\/bibliotecas-em-goiania-uma-lista-de-locais-para-estudar-gratuitamente-2\/?utm_source=Aproveite+a+cidade&amp;utm_campaign=diaonline-author\">https:\/\/diaonline.ig.com.br\/aproveite\/cidades\/goiania\/bibliotecas-em-goiania-uma-lista-de-locais-para-estudar-gratuitamente-2\/?utm_source=Aproveite+a+cidade&amp;utm_campaign=diaonline-author<\/a>&nbsp;<br>&nbsp;<a href=\"https:\/\/www.goiasturismo.go.gov.br\/index.php\/acesso-a-informacao\/2-institucional\/1658-sobre-o-centro-cultural-oscar-niemeyer\">https:\/\/www.goiasturismo.go.gov.br\/index.php\/acesso-a-informacao\/2-institucional\/1658-sobre-o-centro-cultural-oscar-niemeyer<\/a>&nbsp;&nbsp;<br><a href=\"https:\/\/conceitos.com\/biblioteca\/\">https:\/\/conceitos.com\/biblioteca\/<\/a><br>&nbsp;<a href=\"https:\/\/biblioo.info\/afinal-o-que-e-uma-biblioteca\/\">https:\/\/biblioo.info\/afinal-o-que-e-uma-biblioteca\/<\/a>&nbsp;<br><a href=\"https:\/\/www.goiania.go.gov.br\/sobre-goiania\/bibliotecas\/\">https:\/\/www.goiania.go.gov.br\/sobre-goiania\/bibliotecas\/<\/a>&nbsp;<\/td><\/tr><\/tbody><\/table><\/figure>\n\n\n\n<p class=\"has-cyan-bluish-gray-background-color has-background\" style=\"font-size:25px\">Professor, essa aula segue a Matriz Curricular das Habilidades Estruturantes 2021-2021. Foi elaborada no ano de 2020, com a suspens\u00e3o das aulas presenciais devido \u00e0 pandemia da Covid-19 e segue as orienta\u00e7\u00f5es de flexibiliza\u00e7\u00e3o curricular para o bi\u00eanio 2020\/2021 (Of\u00edcio Circular 147\/2020 Dirped).<\/p>\n","protected":false},"author":42,"featured_media":133097,"template":"","ef_categoria":[15,30],"ef_ano":[89],"ef_componente":[93],"class_list":["post-133091","ensino_fundamental","type-ensino_fundamental","status-publish","has-post-thumbnail","hentry","ef_categoria-ciclo-da-adolescencia-fg","ef_categoria-etica-e-cidadania-ciclo-da-adolescencia-fg","ef_ano-6o-ano","ef_componente-portugues","entry","has-media"],"acf":[],"_links":{"self":[{"href":"https:\/\/sme.goiania.go.gov.br\/conexaoescola\/wp-json\/wp\/v2\/ensino_fundamental\/133091","targetHints":{"allow":["GET"]}}],"collection":[{"href":"https:\/\/sme.goiania.go.gov.br\/conexaoescola\/wp-json\/wp\/v2\/ensino_fundamental"}],"about":[{"href":"https:\/\/sme.goiania.go.gov.br\/conexaoescola\/wp-json\/wp\/v2\/types\/ensino_fundamental"}],"author":[{"embeddable":true,"href":"https:\/\/sme.goiania.go.gov.br\/conexaoescola\/wp-json\/wp\/v2\/users\/42"}],"version-history":[{"count":0,"href":"https:\/\/sme.goiania.go.gov.br\/conexaoescola\/wp-json\/wp\/v2\/ensino_fundamental\/133091\/revisions"}],"wp:featuredmedia":[{"embeddable":true,"href":"https:\/\/sme.goiania.go.gov.br\/conexaoescola\/wp-json\/wp\/v2\/media\/133097"}],"wp:attachment":[{"href":"https:\/\/sme.goiania.go.gov.br\/conexaoescola\/wp-json\/wp\/v2\/media?parent=133091"}],"wp:term":[{"taxonomy":"ef_categoria","embeddable":true,"href":"https:\/\/sme.goiania.go.gov.br\/conexaoescola\/wp-json\/wp\/v2\/ef_categoria?post=133091"},{"taxonomy":"ef_ano","embeddable":true,"href":"https:\/\/sme.goiania.go.gov.br\/conexaoescola\/wp-json\/wp\/v2\/ef_ano?post=133091"},{"taxonomy":"ef_componente","embeddable":true,"href":"https:\/\/sme.goiania.go.gov.br\/conexaoescola\/wp-json\/wp\/v2\/ef_componente?post=133091"}],"curies":[{"name":"wp","href":"https:\/\/api.w.org\/{rel}","templated":true}]}}