{"id":132872,"date":"2021-10-20T11:14:33","date_gmt":"2021-10-20T14:14:33","guid":{"rendered":"https:\/\/sme.goiania.go.gov.br\/conexaoescola\/?post_type=ensino_fundamental&#038;p=132872"},"modified":"2021-11-11T12:26:21","modified_gmt":"2021-11-11T14:26:21","slug":"arte-artes-visuais-materiais-reciclaveis-a-arte-de-reutilizar","status":"publish","type":"ensino_fundamental","link":"https:\/\/sme.goiania.go.gov.br\/conexaoescola\/ensino_fundamental\/arte-artes-visuais-materiais-reciclaveis-a-arte-de-reutilizar\/","title":{"rendered":"ARTE &#8211; ARTES VISUAIS &#8211; MATERIAIS RECICL\u00c1VEIS: A ARTE DE REUTILIZAR"},"content":{"rendered":"\n<p class=\"has-text-align-center has-black-color has-pale-cyan-blue-background-color has-text-color has-background\"><em>Ol\u00e1, estudante!<\/em>&nbsp;<em>Esta videoaula de ARTE foi veiculada na TV no dia 11\/10\/2021 (Segunda-feira). Aqui no Portal Conex\u00e3o Escola, ela est\u00e1 dispon\u00edvel juntamente com a proposta de atividade.<\/em><\/p>\n\n\n\n<p class=\"has-text-align-center has-black-color has-text-color has-background\" style=\"background-color:#fff700\">NESTA VIDEOAULA, VOC\u00ca IR\u00c1 VER COMO O TRABALHO COM A ARTE PODE SER DIVERTIDO E AO MESMO TEMPO AUXILIAR NA SUSTENTABILIDADE DO MEIO AMBIENTE, POR MEIO DA CRIATIVIDADE E IMAGINA\u00c7\u00c3O, REUTILIZANDO MATERIAIS RECICL\u00c1VEIS. VENHA COMIGO!!!<\/p>\n\n\n\n<p class=\"has-text-align-center\"><img fetchpriority=\"high\" decoding=\"async\" alt=\"Diy e criatividade infantil. reutilize ecologicamente recicl\u00e1vel do tubo do rolo de papel higi\u00eanico. borboleta de artesanato de papel infantil, polvo e ouri\u00e7o. Foto Premium\" src=\"https:\/\/lh4.googleusercontent.com\/8Z4ZiwK7cxIFLtvPoOdXrIVPCvzBIzAVeExOhNgovELZjgM0YDTJnKn2890fFeS70JZ70H5aFOCIp_jrZN--5r2FjAxvpv0NCZr9bqJs6v8pk5_WFBpCW-XK2F7oDzZoGpnZwkM=s1600\" width=\"467\" height=\"262\"><\/p>\n\n\n\n<p class=\"has-text-align-center\">DISPON\u00cdVEL EM <a href=\"https:\/\/br.freepik.com\/\">https:\/\/br.freepik.com\/<\/a> ACESSO EM 12 DE SETEMBRO DE 2021.<\/p>\n\n\n\n<p class=\"has-text-align-center has-black-color has-luminous-vivid-amber-background-color has-text-color has-background\">ASSISTA A VIDEOAULA ABAIXO COM O TEMA:&nbsp;ARTES VISUAIS &#8211; MATERIAIS RECICL\u00c1VEIS: A ARTE DE REUTILIZAR<\/p>\n\n\n\n<figure class=\"wp-block-embed aligncenter is-type-video is-provider-youtube wp-block-embed-youtube wp-embed-aspect-16-9 wp-has-aspect-ratio\"><div class=\"wp-block-embed__wrapper\">\n<p class=\"responsive-video-wrap clr\"><iframe title=\"Arte  | 1\u00ba Ano | Ens. Fundamental - aula7\" width=\"1200\" height=\"675\" src=\"https:\/\/www.youtube.com\/embed\/E0G5Vu7i14o?feature=oembed\" frameborder=\"0\" allow=\"accelerometer; autoplay; clipboard-write; encrypted-media; gyroscope; picture-in-picture\" allowfullscreen><\/iframe><\/p>\n<\/div><figcaption>Arte | 1\u00ba Ano | Ens. Fundamental &#8211; aula7<\/figcaption><\/figure>\n\n\n\n<p class=\"has-text-align-center has-black-color has-text-color has-background\" style=\"background-color:#fceaea\">OL\u00c1, CRIAN\u00c7AS!&nbsp; TUDO BEM POR A\u00cd? QUE BOM ESTAR AQUI COM VOC\u00caS!&nbsp;HOJE VOC\u00caS N\u00c3O PODEM FICAR FORA DESSA AULA, SABEM POR QU\u00ca? VOC\u00caS V\u00c3O CONHECER UM POUCO A IMPORT\u00c2NCIA DE TRABALHAR A ARTE COM MATERIAIS RECICL\u00c1VEIS E CONTRIBUIR PARA UM PLANETA MELHOR E MAIS SUSTENT\u00c1VEL. EST\u00c3O CURIOSOS? ENT\u00c3O VAMOS EMBARCAR NESSA AVENTURA COMIGO.<\/p>\n\n\n\n<p class=\"has-text-align-center has-black-color has-text-color has-background\" style=\"background-color:#fceaea\"> PREPARE O MATERIAL ESCOLAR E VAMOS L\u00c1! <\/p>\n\n\n\n<p class=\"has-black-color has-luminous-vivid-amber-background-color has-text-color has-background\" style=\"font-size:22px\"><strong>ATIVIDADE -1<\/strong><\/p>\n\n\n\n<p class=\"has-text-align-center has-black-color has-text-color has-background\" style=\"background-color:#caf3e2\">DE ACORDO COM O QUE APRENDEMOS SOBRE COMO DESENVOLVER ARTE COM MATERIAL RECICL\u00c1VEL, USE SUA CRIATIVIDADE E VAMOS FAZER UM <strong>CHOCALHO COM SUCATAS <\/strong>QUE VOC\u00ca TEM EM CASA. PE\u00c7A AJUDA DE UM ADULTO E VAMOS NESSA.<\/p>\n\n\n\n<p class=\"has-text-align-center has-black-color has-text-color has-background\" style=\"background-color:#caf3e2\">MATERIAIS:<\/p>\n\n\n\n<p class=\"has-text-align-center has-black-color has-text-color has-background\" style=\"background-color:#caf3e2\">\u2022 GARRAFA PET PEQUENA, TIPO CA\u00c7ULINHA, OU 2 POTINHOS DE YAKULT. \u2022 GR\u00c3OS: ARROZ, MILHO, FEIJ\u00c3O DENTRE OUTROS. \u2022 COLA INSTANT\u00c2NEA. \u2022 FITA ADESIVA COLORIDA.<\/p>\n\n\n\n<p class=\"has-text-align-center has-black-color has-text-color has-background\" style=\"background-color:#caf3e2\"><strong>DESENVOLVIMENTO E BENEF\u00cdCIOS<\/strong>:<\/p>\n\n\n\n<p class=\"has-text-align-center has-black-color has-text-color has-background\" style=\"background-color:#caf3e2\">OS CHOCALHOS S\u00c3O \u00d3TIMOS OBJETOS PARA OS BEB\u00caS ENTENDEREM O CONCEITO DE CAUSA E EFEITO. ELE PODE DURAR BASTANTE TEMPO. O INTERESSANTE \u00c9 QUE A CRIAN\u00c7A VAI MODIFICANDO SEU USO CONFORME A FASE DE DESENVOLVIMENTO, POR EXEMPLO, TOCANDO E CANTANDO M\u00daSICAS QUANDO MAIORES.<\/p>\n\n\n\n<p class=\"has-text-align-center\"><img decoding=\"async\" src=\"https:\/\/lh6.googleusercontent.com\/VSEw6LQKVF-xFw7nwjKRqbAqIe9lrqmCNrT6IgONNVVHijneljkrM6ZVJRHofKgvHk2Y5qsreGDWbKyJQ1UXSe8_KG6XK_kkVPZJn3qClcfkJ0ZQPjeP0KLK5pzeEYXgUpVN50Q=s1600\" width=\"250\" height=\"348\"><\/p>\n\n\n\n<p class=\"has-text-align-center\">ACERVO DA PROFESSORA<\/p>\n\n\n\n<p class=\"has-black-color has-luminous-vivid-amber-background-color has-text-color has-background\" style=\"font-size:22px\"><strong>ATIVIDADE &#8211;<\/strong>2<\/p>\n\n\n\n<p class=\"has-text-align-center has-black-color has-text-color has-background\" style=\"background-color:#caf3e2\">VAMOS CONTINUAR USANDO A IMAGINA\u00c7\u00c3O E FA\u00c7A UMA <strong>ARTE BEM BONITA!!!<\/strong> A PROFESSORA TROUXE ALGUNS EXEMPLOS DE BRINQUEDOS QUE PODEM SER FEITOS COM PAPEL\u00c3O E PL\u00c1STICO USE SUA IMAGINA\u00c7\u00c3O E M\u00c3O NA MASSA. AH! N\u00c3O SE ESQUE\u00c7A DE PEDIR AJUDA DE UM ADULTO.<\/p>\n\n\n\n<p class=\"has-text-align-center\">&nbsp;<strong>BICHINHOS COM CAIXA DE OVO<\/strong><\/p>\n\n\n\n<p class=\"has-text-align-center\"><img decoding=\"async\" src=\"https:\/\/lh6.googleusercontent.com\/P4OSGqVAil39TCOUX4nbiV1WkdraRJZI3FEpEnuFaMMqgcH9ZnJclFla0ZsSc1wiKmhYeFELyT5eHgxiROlEknOkiQwzdrCRQm7iU11FIdBRkZ1CVNDQmAEI0UBC93XpfM808jE=s1600\" width=\"267\" height=\"153\"><\/p>\n\n\n\n<p class=\"has-text-align-center\"><strong>&nbsp;&nbsp;CARRINHO DE PREGADOR RECICLADO<\/strong><\/p>\n\n\n\n<p class=\"has-text-align-center\"><img loading=\"lazy\" decoding=\"async\" alt=\"http:\/\/pve.institutovotorantim.org.br\/wp-content\/uploads\/carrinho-de-pregador-reciclado.jpg\" src=\"https:\/\/lh4.googleusercontent.com\/MRm-t_cR1edKMX3QFSj_TDSpB6Z_psWimkj6690YgaTssookk1m1dSmP0796Nf7p6T5Oluqwzd700VAMyxwAx_I6-NajjVql3q94fYPvFsURwBeA0fT32KswuUJvq_TQmPo4004=s1600\" width=\"229\" height=\"148\"><\/p>\n\n\n\n<p class=\"has-text-align-center\"><strong>&nbsp;&nbsp;&nbsp;JOANINHA DE TAMPINHA DE GARRAFA<\/strong><\/p>\n\n\n\n<p class=\"has-text-align-center\"><img loading=\"lazy\" decoding=\"async\" alt=\"https:\/\/www.artesanato.com\/blog\/wp-content\/uploads\/2017\/10\/joaninha-de-tampinha-reciclada.jpg\" src=\"https:\/\/lh4.googleusercontent.com\/8jqLJK0ddrclmPgskR2_pnDeis8fo3BR99QPoFhb8cBmw9H90B5vegmCj6ll8PYCHdqvoNAEYPwVqDen-ujSGxGg9ZNOGMPbGW-VnWY5XcoPPjcWClVtML0JpsMrEt-bVSocKEA=s1600\" width=\"292\" height=\"219\"><\/p>\n\n\n\n<p class=\"has-text-align-center\">ACERVOS DA PROFESSORA<\/p>\n\n\n\n<p class=\"has-text-align-center has-black-color has-text-color has-background\" style=\"background-color:#fff700\"><strong>AGORA, VAMOS RELEMBRAR O QUE APRENDEMOS?<\/strong><\/p>\n\n\n\n<ul class=\"wp-block-list\"><li>APRENDEMOS DE ONDE VEM O LIXO;<\/li><li>CONCEITOS DE REDUZIR, REUTILIZAR E RECICLAR;<\/li><li>O PROCESSO DE RECICLAGEM E A IMPORT\u00c2NCIA DE RECICLAR;<\/li><li>RECICLAGEM E ARTE;<\/li><li>A IMAGINA\u00c7\u00c3O NAS ARTES VISUAIS, ARTISTAS QUE UTILIZAM MATERIAIS RECICL\u00c1VEIS EM SUAS OBRAS DE ARTE;<\/li><li>TRANSFORMANDO LIXO EM BRINQUEDOS.<\/li><\/ul>\n\n\n\n<hr class=\"wp-block-separator\"\/>\n\n\n\n<figure class=\"wp-block-table\"><table class=\"has-background\" style=\"background-color:#eef5f8\"><tbody><tr><td class=\"has-text-align-left\" data-align=\"left\"><strong>Habilidade estruturante:<\/strong><\/td><td class=\"has-text-align-left\" data-align=\"left\">(GO-EF01AR04-A). DISTINGUIR, EXPERIMENTAR, VIVENCIAR E EXPLORAR DIFERENTES FORMAS DE EXPRESS\u00c3O ART\u00cdSTICA, COMO DESENHOS, CROQUIS, PINTURAS, GRAVURAS, COLAGENS, HQS, DOBRADURAS, ESCULTURAS, MODELAGENS, INSTALA\u00c7\u00d5ES, V\u00cdDEOS, FOTOGRAFIAS, PERFORMANCES, USANDO SUSTENTAVELMENTE MATERIAIS, INSTRUMENTOS, RECURSOS, T\u00c9CNICAS CONVENCIONAIS E N\u00c3O CONVENCIONAIS, BEM COMO DESENVOLVER O SENSO CR\u00cdTICO, A INVESTIGA\u00c7\u00c3O E A COLABORA\u00c7\u00c3O.<\/td><\/tr><\/tbody><\/table><\/figure>\n\n\n\n<figure class=\"wp-block-table\"><table class=\"has-background\" style=\"background-color:#eef5f8\"><tbody><tr><td class=\"has-text-align-center\" data-align=\"center\"><strong>Refer\u00eancias:<\/strong><\/td><td class=\"has-text-align-left\" data-align=\"left\">GOVERNO DO ESTADO DE GOI\u00c1S. SECRET\u00c1RIA DE ESTADO DE EDUCA\u00c7\u00c3O \u2013 SEDUC\/CONSED. DOCUMENTO CURRICULAR PARA GOI\u00c1S \u2013 AMPLIADO: <strong>VOLUME II ENSINO FUNDAMENTAL ANOS INICIAIS<\/strong>.\u00a0<br>IMAGENS RETIRADAS DOS SITES: LOPES, Camargo Andr\u00e9 (org.). <strong>Novo Pitangu\u00e1<\/strong>: Artes. 1 \u00aa ed. Moderna: S\u00e3o Paulo.2017\u00a0<a href=\"https:\/\/br.freepik.com\/\">https:\/\/br.freepik.com\/<\/a><a href=\"https:\/\/pixabay.com\/pt\/\">    https:\/\/pixabay.com\/pt\/<\/a>.<\/td><\/tr><\/tbody><\/table><\/figure>\n\n\n\n<p><\/p>\n","protected":false},"author":33,"featured_media":132875,"template":"","ef_categoria":[13,17],"ef_ano":[84],"ef_componente":[99],"class_list":["post-132872","ensino_fundamental","type-ensino_fundamental","status-publish","has-post-thumbnail","hentry","ef_categoria-ciclo-da-infancia-abc","ef_categoria-corpo-e-movimento","ef_ano-1o-ano","ef_componente-arte-ef","entry","has-media"],"acf":[],"_links":{"self":[{"href":"https:\/\/sme.goiania.go.gov.br\/conexaoescola\/wp-json\/wp\/v2\/ensino_fundamental\/132872","targetHints":{"allow":["GET"]}}],"collection":[{"href":"https:\/\/sme.goiania.go.gov.br\/conexaoescola\/wp-json\/wp\/v2\/ensino_fundamental"}],"about":[{"href":"https:\/\/sme.goiania.go.gov.br\/conexaoescola\/wp-json\/wp\/v2\/types\/ensino_fundamental"}],"author":[{"embeddable":true,"href":"https:\/\/sme.goiania.go.gov.br\/conexaoescola\/wp-json\/wp\/v2\/users\/33"}],"version-history":[{"count":0,"href":"https:\/\/sme.goiania.go.gov.br\/conexaoescola\/wp-json\/wp\/v2\/ensino_fundamental\/132872\/revisions"}],"wp:featuredmedia":[{"embeddable":true,"href":"https:\/\/sme.goiania.go.gov.br\/conexaoescola\/wp-json\/wp\/v2\/media\/132875"}],"wp:attachment":[{"href":"https:\/\/sme.goiania.go.gov.br\/conexaoescola\/wp-json\/wp\/v2\/media?parent=132872"}],"wp:term":[{"taxonomy":"ef_categoria","embeddable":true,"href":"https:\/\/sme.goiania.go.gov.br\/conexaoescola\/wp-json\/wp\/v2\/ef_categoria?post=132872"},{"taxonomy":"ef_ano","embeddable":true,"href":"https:\/\/sme.goiania.go.gov.br\/conexaoescola\/wp-json\/wp\/v2\/ef_ano?post=132872"},{"taxonomy":"ef_componente","embeddable":true,"href":"https:\/\/sme.goiania.go.gov.br\/conexaoescola\/wp-json\/wp\/v2\/ef_componente?post=132872"}],"curies":[{"name":"wp","href":"https:\/\/api.w.org\/{rel}","templated":true}]}}