{"id":132671,"date":"2021-10-13T10:49:03","date_gmt":"2021-10-13T13:49:03","guid":{"rendered":"https:\/\/sme.goiania.go.gov.br\/conexaoescola\/?post_type=ensino_fundamental&#038;p=132671"},"modified":"2021-11-03T14:22:14","modified_gmt":"2021-11-03T17:22:14","slug":"ciencias-materia-e-energia-diversidade-de-materiais-e-objetos","status":"publish","type":"ensino_fundamental","link":"https:\/\/sme.goiania.go.gov.br\/conexaoescola\/ensino_fundamental\/ciencias-materia-e-energia-diversidade-de-materiais-e-objetos\/","title":{"rendered":"CI\u00caNCIAS &#8211; MAT\u00c9RIA E ENERGIA: DIVERSIDADE DE MATERIAIS E OBJETOS"},"content":{"rendered":"\n<p class=\"has-text-align-center has-background has-medium-font-size\" style=\"background-color:#deebd1\">NESTA V\u00cdDEOAULA, VOC\u00ca IR\u00c1 APRENDER SOBRE A DIVERSIDADE DE MATERIAIS UTILIZADOS NA PRODU\u00c7\u00c3O DE OBJETOS USADOS NO COTIDIANO. UM MESMO MATERIAL PODE FAZER DIFERENTES OBJETOS, COMO POR EXEMPLO, O PL\u00c1STICO PODE SER USADO PARA FAZER BRINQUEDOS, SACOLAS, CADEIRAS E V\u00c1RIOS OUTROS OBJETOS.&nbsp;<\/p>\n\n\n\n<p class=\"has-text-align-center\"><img fetchpriority=\"high\" decoding=\"async\" width=\"396\" height=\"396\" alt=\"Coleta de elementos da escola Vetor gr\u00e1tis\" src=\"https:\/\/lh5.googleusercontent.com\/-_mElTexxcSfpCZsp6Riwpj0zrV7iO-SE1NHTFufO4VMd4UuekosM--0qOjL0HCSgVqyu7r08H1MM27Zo6NHR9MkSIAeWLvWk6CVrvfmG2CoRwNflHHcAKWbGbk1D64_wi25NPE=s0\"><\/p>\n\n\n\n<hr class=\"wp-block-separator\"\/>\n\n\n\n<p class=\"has-text-align-center has-background has-medium-font-size\" style=\"background-color:#c6c8e6\"><strong>OL\u00c1! TUDO BEM? QUE BOM ESTAR AQUI COM VOC\u00caS! HOJE IREMOS NOS DIVERTIR MUITO COM NOSSA AULA!!! VAMOS INVESTIGAR E DESCOBRIR JUNTOS ALGUNS MATERIAIS E SUAS PROPRIEDADES DE USO NA CONFEC\u00c7\u00c3O DOS OBJETOS.&nbsp;<\/strong><\/p>\n\n\n\n<p class=\"has-text-align-center has-background has-medium-font-size\" style=\"background-color:#f1dae8\">ENT\u00c3O, EST\u00c3O PREPARADOS? PEGUE O SEU MATERIAL, TENHA BASTANTE ATEN\u00c7\u00c3O E N\u00c3O FIQUE FORA DESTA AULA!!! APRENDA MAIS SOBRE ESSE ASSUNTO ASSISTINDO A VIDEOAULA QUE EST\u00c1 MUITO INTERESSANTE.<\/p>\n\n\n\n<figure class=\"wp-block-embed aligncenter is-type-video is-provider-youtube wp-block-embed-youtube wp-embed-aspect-16-9 wp-has-aspect-ratio\"><div class=\"wp-block-embed__wrapper\">\n<p class=\"responsive-video-wrap clr\"><iframe title=\"Ci\u00eancias  | 1\u00ba Ano | Ens. Fundamental - aula7\" width=\"1200\" height=\"675\" src=\"https:\/\/www.youtube.com\/embed\/GMeumiN-LQI?feature=oembed\" frameborder=\"0\" allow=\"accelerometer; autoplay; clipboard-write; encrypted-media; gyroscope; picture-in-picture\" allowfullscreen><\/iframe><\/p>\n<\/div><figcaption>CI\u00caNCIAS\/1 ANO\/ ENSINO FUNDAMENTAL<\/figcaption><\/figure>\n\n\n\n<hr class=\"wp-block-separator\"\/>\n\n\n\n<p class=\"has-text-align-center has-background has-medium-font-size\" style=\"background-color:#ded3eb\"><strong>AGORA CHEGOU A SUA VEZ DE PENSAR&#8230;VAMOS L\u00c1 CRIAN\u00c7AS PE\u00c7A AJUDA DE UM ADULTO!!!<\/strong><\/p>\n\n\n\n<p class=\"has-background\" style=\"background-color:#ddedf3;font-size:25px\"><strong>ATIVIDADE 1 \u2013&nbsp;<\/strong><\/p>\n\n\n\n<p class=\"has-medium-font-size\">PENSE NO SEU DIA A DIA, DESDE O MOMENTO EM QUE VOC\u00ca ACORDA, AT\u00c9 A HORA QUE VAI DORMIR, LEMBRE-SE DE TODOS OS OBJETOS QUE USA DURANTE ESSE TEMPO E DE QUE ELES S\u00c3O FEITOS (METAL, PAPEL, VIDRO, PL\u00c1STICO, TECIDO, ETC).<\/p>\n\n\n\n<p class=\"has-medium-font-size\">AGORA LISTE EM SEU CADERNO E DESENHE OBJETOS \/ MATERIAIS QUE VOC\u00ca UTILIZA NO COTIDIANO, PARTINDO DE DIFERENTES CONTEXTOS DO DIA-A-DIA.<\/p>\n\n\n\n<ul class=\"has-medium-font-size wp-block-list\"><li>QUANDO EST\u00c1 NO QUARTO;<\/li><li>QUANDO EST\u00c1 NO BANHEIRO;<\/li><li>QUANDO EST\u00c1 REALIZANDO A SUA REFEI\u00c7\u00c3O;<\/li><li>QUANDO EST\u00c1 ESTUDANDO NA ESCOLA;<\/li><li>QUANDO EST\u00c1 BRINCANDO NO P\u00c1TIO.<\/li><\/ul>\n\n\n\n<p class=\"has-text-align-center has-vivid-red-color has-text-color has-medium-font-size\"><strong>PODE PEDIR AJUDA PARA ESCREVER, SE AINDA N\u00c3O CONSEGUIR SOZINHO (A).<\/strong><\/p>\n\n\n\n<div class=\"wp-block-image\"><figure class=\"aligncenter\"><img decoding=\"async\" src=\"https:\/\/lh3.googleusercontent.com\/bxVYHd9SZNoBQ6xyu3Rhfye5QsDwPwDXfdW6Fmt8AqdFnvQfp6YhtGRanPipdzbFh47TVAVkCi4RA5RdgZpoYolDnliKRpEMcFWLz-Tg8Qw0HWrwYh4nT4r_rPNFjgEOEfu6Es8=s0\" alt=\"Uma garota feliz, escrevendo no papel Vetor gr\u00e1tis\"\/><\/figure><\/div>\n\n\n\n<p class=\"has-text-align-center\" style=\"font-size:10px\"><strong>DISPON\u00cdVEL EM <\/strong><a href=\"https:\/\/pixabay.com\/pt\/illustrations\/livro-infantil-lua-e-sol-3219382\/\">HTTPS:\/\/BR.FREEPIK.COM\/\/<\/a><strong>.&nbsp; ACESSO EM 09 DE SETEMBRO 2021<\/strong><\/p>\n\n\n\n<hr class=\"wp-block-separator\"\/>\n\n\n\n<p class=\"has-text-align-center has-background\" style=\"background-color:#cfecda;font-size:25px\"><strong>RELEMBRANDO! O QUE APRENDEMOS HOJE?<\/strong><\/p>\n\n\n\n<ul class=\"has-medium-font-size wp-block-list\"><li>DIFERENCIAR OBJETOS E MATERIAIS;<\/li><li>IDENTIFICAR OS DIFERENTES MATERIAIS QUE COMP\u00d5EM OS OBJETOS DO NOSSO COTIDIANO;<\/li><li>IDENTIFICAR O MESMO OBJETO FEITO POR DIFERENTES MATERIAIS;&nbsp;<\/li><li>ATIVIDADES.<\/li><\/ul>\n\n\n\n<hr class=\"wp-block-separator\"\/>\n\n\n\n<figure class=\"wp-block-table is-style-regular\"><table class=\"has-background\" style=\"background-color:#eef8e0\"><tbody><tr><td>HABILIDADES ESTRUTURANTES<\/td><td><strong>(EF01CI01). <\/strong>COMPARAR CARACTER\u00cdSTICAS DE DIFERENTES MATERIAIS PRESENTES EM OBJETOS DE USO COTIDIANO, DISCUTINDO SUA ORIGEM, OS MODOS COMO S\u00c3O DESCARTADOS E COMO PODEM SER USADOS DE FORMA MAIS CONSCIENTE. <br><strong>(GO-EF01CI11). <\/strong>IDENTIFICAR AS PR\u00c1TICAS COTIDIANAS DE DESCARTE DOS MATERIAIS NA ESCOLA, EM CASA, NO BAIRRO E EM SEU MUNIC\u00cdPIO, RELACIONANDO-AS A CONSERVA\u00c7\u00c3O DO AMBIENTE E PROFILAXIA DE DOEN\u00c7AS.<\/td><\/tr><\/tbody><\/table><\/figure>\n\n\n\n<hr class=\"wp-block-separator\"\/>\n\n\n\n<figure class=\"wp-block-table is-style-regular\"><table class=\"has-background\" style=\"background-color:#d0ebeb\"><tbody><tr><td><strong>REFER\u00caNCIAS:<\/strong><\/td><td>GOVERNO DO ESTADO DE GOI\u00c1S. SECRET\u00c1RIA DE ESTADO DE EDUCA\u00c7\u00c3O \u2013 SEDUC\/CONSED. DOCUMENTO CURRICULAR PARA GOI\u00c1S \u2013 AMPLIADO: <strong>VOLUME II ENSINO FUNDAMENTAL ANOS INICIAIS<\/strong>.&nbsp;IMAGENS RETIRADAS DOS SITES:<a href=\"https:\/\/br.freepik.com\/\">HTTPS:\/\/BR.FREEPIK.COM\/<\/a><a href=\"https:\/\/pixabay.com\/pt\/\">HTTPS:\/\/PIXABAY.COM\/PT\/<\/a><\/td><\/tr><\/tbody><\/table><\/figure>\n\n\n\n<hr class=\"wp-block-separator\"\/>\n","protected":false},"author":14,"featured_media":132818,"template":"","ef_categoria":[],"ef_ano":[84],"ef_componente":[98],"class_list":["post-132671","ensino_fundamental","type-ensino_fundamental","status-publish","has-post-thumbnail","hentry","ef_ano-1o-ano","ef_componente-ciencia-da-natureza-ef","entry","has-media"],"acf":[],"_links":{"self":[{"href":"https:\/\/sme.goiania.go.gov.br\/conexaoescola\/wp-json\/wp\/v2\/ensino_fundamental\/132671","targetHints":{"allow":["GET"]}}],"collection":[{"href":"https:\/\/sme.goiania.go.gov.br\/conexaoescola\/wp-json\/wp\/v2\/ensino_fundamental"}],"about":[{"href":"https:\/\/sme.goiania.go.gov.br\/conexaoescola\/wp-json\/wp\/v2\/types\/ensino_fundamental"}],"author":[{"embeddable":true,"href":"https:\/\/sme.goiania.go.gov.br\/conexaoescola\/wp-json\/wp\/v2\/users\/14"}],"version-history":[{"count":0,"href":"https:\/\/sme.goiania.go.gov.br\/conexaoescola\/wp-json\/wp\/v2\/ensino_fundamental\/132671\/revisions"}],"wp:featuredmedia":[{"embeddable":true,"href":"https:\/\/sme.goiania.go.gov.br\/conexaoescola\/wp-json\/wp\/v2\/media\/132818"}],"wp:attachment":[{"href":"https:\/\/sme.goiania.go.gov.br\/conexaoescola\/wp-json\/wp\/v2\/media?parent=132671"}],"wp:term":[{"taxonomy":"ef_categoria","embeddable":true,"href":"https:\/\/sme.goiania.go.gov.br\/conexaoescola\/wp-json\/wp\/v2\/ef_categoria?post=132671"},{"taxonomy":"ef_ano","embeddable":true,"href":"https:\/\/sme.goiania.go.gov.br\/conexaoescola\/wp-json\/wp\/v2\/ef_ano?post=132671"},{"taxonomy":"ef_componente","embeddable":true,"href":"https:\/\/sme.goiania.go.gov.br\/conexaoescola\/wp-json\/wp\/v2\/ef_componente?post=132671"}],"curies":[{"name":"wp","href":"https:\/\/api.w.org\/{rel}","templated":true}]}}