{"id":132668,"date":"2021-10-13T10:30:54","date_gmt":"2021-10-13T13:30:54","guid":{"rendered":"https:\/\/sme.goiania.go.gov.br\/conexaoescola\/?post_type=ensino_fundamental&#038;p=132668"},"modified":"2021-12-07T11:55:46","modified_gmt":"2021-12-07T13:55:46","slug":"matematica-numeros-a-presenca-dos-numeros-em-nossa-vida","status":"publish","type":"ensino_fundamental","link":"https:\/\/sme.goiania.go.gov.br\/conexaoescola\/ensino_fundamental\/matematica-numeros-a-presenca-dos-numeros-em-nossa-vida\/","title":{"rendered":"MATEM\u00c1TICA &#8211; N\u00daMEROS: A PRESEN\u00c7A DOS N\u00daMEROS EM NOSSA VIDA"},"content":{"rendered":"\n<p class=\"has-text-align-center has-background has-medium-font-size\" style=\"background-color:#d0ebea\"><strong>OL\u00c1, PESSOAL! HOJE VAMOS AMPLIAR NOSSOS CONHECIMENTOS ACERCA DOS N\u00daMEROS.&nbsp;<\/strong><\/p>\n\n\n\n<p class=\"has-text-align-center\"><img fetchpriority=\"high\" decoding=\"async\" src=\"https:\/\/lh6.googleusercontent.com\/MAMJlf6afmQYqqpRkdZm5Z3KWMYZAYn64chCgsi-GfTSQPXB4PfiLhBSPHHWwDLgaWJztrumkuZtgA7Wki48GrvTUTHSDCkhtNokrkt1U_hw2-ifIWtEZil4L1Dh2uJvCbyS3Us=s0\" width=\"577\" height=\"401\"><\/p>\n\n\n\n<hr class=\"wp-block-separator\"\/>\n\n\n\n<p class=\"has-text-align-center has-background has-medium-font-size\" style=\"background-color:#eadcf8\">COM OS N\u00daMEROS PODEMOS FAZER MUITAS COISAS, SABER QUEM VEM ANTES E QUEM VEM DEPOIS, CONTAR, IDENTIFICAR, UTILIZ\u00c1-LOS AT\u00c9 MESMO EM BRINCADEIRAS, JOGOS E MUITO MAIS.&nbsp;VOC\u00ca APRENDER\u00c1 UM POUCO SOBRE COMO O HOMEM PRIMITIVO FAZIA PARA REALIZAR SUAS CONTAGENS, COMO ACONTECEU A INVEN\u00c7\u00c3O DOS N\u00daMEROS E TAMB\u00c9M O QUANTO USAMOS OS N\u00daMEROS EM NOSSA VIDA.&nbsp;<\/p>\n\n\n\n<p class=\"has-text-align-center has-background\" style=\"background-color:#caebcd;font-size:25px\">CHAME TODOS DE CASA PARA APRENDER E SE DIVERTIR! E ASSISTA A V\u00cdDEO AULA.<\/p>\n\n\n\n<figure class=\"wp-block-embed is-type-video is-provider-youtube wp-block-embed-youtube wp-embed-aspect-16-9 wp-has-aspect-ratio\"><div class=\"wp-block-embed__wrapper\">\n<p class=\"responsive-video-wrap clr\"><iframe title=\"Matem\u00e1tica  | 1\u00ba Ano  | Ens  Fundamental  | Aula 7\" width=\"1200\" height=\"675\" src=\"https:\/\/www.youtube.com\/embed\/ob9yO2AtZr4?feature=oembed\" frameborder=\"0\" allow=\"accelerometer; autoplay; clipboard-write; encrypted-media; gyroscope; picture-in-picture\" allowfullscreen><\/iframe><\/p>\n<\/div><figcaption>MATEM\u00c1TICA\/ 1 ANO\/ENSINO FUNDAMENTAL<\/figcaption><\/figure>\n\n\n\n<hr class=\"wp-block-separator\"\/>\n\n\n\n<p class=\"has-text-align-center has-background has-medium-font-size\" style=\"background-color:#f5dcee\"><strong>VAMOS PENSAR UM POUQUINHO?<\/strong> HORA DAS ATIVIDADES!<\/p>\n\n\n\n<p class=\"has-background\" style=\"background-color:#ddedf3;font-size:25px\"><strong>ATIVIDADE 1&nbsp;<\/strong><\/p>\n\n\n\n<p class=\"has-medium-font-size\">ESCREVA EM SEU CADERNO 3 SITUA\u00c7\u00d5ES EM QUE VOC\u00ca UTILIZA OS N\u00daMEROS. SE PREFERIR PODE DESENHAR.&nbsp;<\/p>\n\n\n\n<hr class=\"wp-block-separator\"\/>\n\n\n\n<p class=\"has-background\" style=\"background-color:#ddedf3;font-size:25px\"><strong>ATIVIDADE 2<\/strong><\/p>\n\n\n\n<p class=\"has-medium-font-size\">EM SEU CADERNO DESENHE UMA RETA NUM\u00c9RICA E REPRESENTE A SEQU\u00caNCIA DE 0 A 10. LEMBRE-SE, INICIE DO ZERO E MANTENHA A DIST\u00c2NCIA DE UM CENT\u00cdMETRO ENTRE OS N\u00daMEROS. VEJA O EXEMPLO.<\/p>\n\n\n\n<div class=\"wp-block-image\"><figure class=\"aligncenter\"><img decoding=\"async\" src=\"https:\/\/lh5.googleusercontent.com\/Oyq3Bcv4PTrwRmOJJmIcSlbjV6NKOV5udiLPF-EkzC8aAX_HTtfIKnM2GYUGamTkNWCna8-TVQvyxdaR00BJkJ0QJrzdwwCQcXR-GamWp6cSgWhlGCqGpmFa0ZE7H1IHtvl3EoM=s0\" alt=\"\"\/><\/figure><\/div>\n\n\n\n<p class=\"has-text-align-center has-background has-medium-font-size\" style=\"background-color:#e9d8d6\"><strong>AGORA RESPONDA O DESAFIO:<\/strong><\/p>\n\n\n\n<p class=\"has-medium-font-size\">MARIA QUERIA CAMINHAR PELA RETA NUM\u00c9RICA, ELA SAIU DO N\u00daMERO 0 E ANDOU AT\u00c9 O N\u00daMERO 5. A PARTIR DA\u00cd ELA ANDOU MAIS 3 UNIDADES. DESENHE NA RETA NUM\u00c9RICA ONDE MARIA CHEGOU.&nbsp;<\/p>\n\n\n\n<hr class=\"wp-block-separator\"\/>\n\n\n\n<p class=\"has-text-align-center has-background\" style=\"background-color:#e1d3eb;font-size:25px\"><strong>RELEMBRANDO! O QUE APRENDEMOS HOJE?<\/strong><\/p>\n\n\n\n<ul class=\"has-medium-font-size wp-block-list\"><li>COMO SURGIRAM OS N\u00daMEROS;<\/li><li>\u00c9 UM SISTEMA FORMADO POR DEZ ALGARISMOS; QUE A PARTIR DELES FORMAM TODOS OS N\u00daMEROS;<\/li><li>ORDEM CRESCENTE E DECRESCENTE;&nbsp;<\/li><li>ANTECESSOR E SUCESSOR;<\/li><li>RETA NUM\u00c9RICA \u2013 ADI\u00c7\u00c3O E SUBTRA\u00c7\u00c3O;<\/li><li>V\u00cdDEO;<\/li><li>N\u00daMEROS NO NOSSO DIA A DIA;<\/li><li>ATIVIDADES DE FIXA\u00c7\u00c3O.&nbsp;<\/li><\/ul>\n\n\n\n<hr class=\"wp-block-separator\"\/>\n\n\n\n<figure class=\"wp-block-table is-style-regular\"><table class=\"has-background\" style=\"background-color:#8d9ca2\"><tbody><tr><td>HABILIDADES ESTRUTURANTES<\/td><td>(EF01MA05-C). COMPARAR N\u00daMEROS NATURAIS AT\u00c9 100 UNIDADES EM SITUA\u00c7\u00d5ES COTIDIANAS, COM E SEM SUPORTE DA RETA NUM\u00c9RICA: ORDEM CRESCENTE E DECRESCENTE. (EF01MA08-A). IDENTIFICAR E RECONHECER PROBLEMAS DE ADI\u00c7\u00c3O E DE SUBTRA\u00c7\u00c3O, ENVOLVENDO N\u00daMEROS DE AT\u00c9 DOIS ALGARISMOS, COM OS SIGNIFICADOS DE JUNTAR, ACRESCENTAR, SEPARAR E RETIRAR, COM O SUPORTE DE IMAGENS E\/OU MATERIAL MANIPUL\u00c1VEL, UTILIZANDO ESTRAT\u00c9GIAS E FORMAS DE REGISTRO PESSOAIS. (EF01MA08-B). RESOLVER PROBLEMAS, COLETIVAMENTE, DE ADI\u00c7\u00c3O E DE SUBTRA\u00c7\u00c3O, ENVOLVENDO N\u00daMEROS DE AT\u00c9 DOIS ALGARISMOS, COM OS SIGNIFICADOS DE JUNTAR, ACRESCENTAR, SEPARAR E RETIRAR, COM O SUPORTE DE IMAGENS E\/OU MATERIAL MANIPUL\u00c1VEL, UTILIZANDO ESTRAT\u00c9GIAS E FORMAS DE REGISTRO PESSOAIS: PR\u00d3PRIAS PALAVRAS E COM S\u00cdMBOLOS PESSOAIS, COMO MATERIAIS, CORPO, DESENHO.<\/td><\/tr><\/tbody><\/table><\/figure>\n\n\n\n<hr class=\"wp-block-separator\"\/>\n\n\n\n<figure class=\"wp-block-table is-style-regular\"><table class=\"has-background\" style=\"background-color:#dfedd1\"><tbody><tr><td><strong>REFER\u00caNCIAS:<\/strong><\/td><td>GOVERNO DO ESTADO DE GOI\u00c1S. SECRET\u00c1RIA DE ESTADO DE EDUCA\u00c7\u00c3O \u2013 SEDUC\/CONSED. DOCUMENTO CURRICULAR PARA GOI\u00c1S \u2013 AMPLIADO: <strong>VOLUME II ENSINO FUNDAMENTAL ANOS INICIAIS<\/strong>.&nbsp;<a href=\"https:\/\/static.todamateria.com.br\/upload\/pr\/eh\/prehistoriaserradacapivara-0-cke.jpg\"><strong>HTTPS:\/\/STATIC.TODAMATERIA.COM.BR\/UPLOAD\/PR\/EH\/PREHISTORIASERRADACAPIVARA-0-CKE.JPG<\/strong><\/a>RETA NUM\u00c9RICA\u201d CANAL:<a href=\"https:\/\/www.youtube.com\/channel\/UCEC75TdXpYwnf_0xoAOl8jA\">PROFESSORA CARLA BORGES<\/a>&nbsp;\u2013 <a href=\"https:\/\/www.youtube.com\/watch?v=SZR0A9lM54w\">HTTPS:\/\/WWW.YOUTUBE.COM\/WATCH?V=SZR0A9LM54W<\/a>IMAGENS RETIRADAS DOS SITES:<a href=\"https:\/\/br.freepik.com\/\">HTTPS:\/\/BR.FREEPIK.COM\/<\/a><a href=\"https:\/\/pixabay.com\/pt\/\">HTTPS:\/\/PIXABAY.COM\/PT\/<\/a><\/td><\/tr><\/tbody><\/table><\/figure>\n\n\n\n<hr class=\"wp-block-separator\"\/>\n","protected":false},"author":14,"featured_media":132819,"template":"","ef_categoria":[13,19],"ef_ano":[84],"ef_componente":[94],"class_list":["post-132668","ensino_fundamental","type-ensino_fundamental","status-publish","has-post-thumbnail","hentry","ef_categoria-ciclo-da-infancia-abc","ef_categoria-educacao-financeira-e-empreendedorismo","ef_ano-1o-ano","ef_componente-matematica","entry","has-media"],"acf":[],"_links":{"self":[{"href":"https:\/\/sme.goiania.go.gov.br\/conexaoescola\/wp-json\/wp\/v2\/ensino_fundamental\/132668","targetHints":{"allow":["GET"]}}],"collection":[{"href":"https:\/\/sme.goiania.go.gov.br\/conexaoescola\/wp-json\/wp\/v2\/ensino_fundamental"}],"about":[{"href":"https:\/\/sme.goiania.go.gov.br\/conexaoescola\/wp-json\/wp\/v2\/types\/ensino_fundamental"}],"author":[{"embeddable":true,"href":"https:\/\/sme.goiania.go.gov.br\/conexaoescola\/wp-json\/wp\/v2\/users\/14"}],"version-history":[{"count":0,"href":"https:\/\/sme.goiania.go.gov.br\/conexaoescola\/wp-json\/wp\/v2\/ensino_fundamental\/132668\/revisions"}],"wp:featuredmedia":[{"embeddable":true,"href":"https:\/\/sme.goiania.go.gov.br\/conexaoescola\/wp-json\/wp\/v2\/media\/132819"}],"wp:attachment":[{"href":"https:\/\/sme.goiania.go.gov.br\/conexaoescola\/wp-json\/wp\/v2\/media?parent=132668"}],"wp:term":[{"taxonomy":"ef_categoria","embeddable":true,"href":"https:\/\/sme.goiania.go.gov.br\/conexaoescola\/wp-json\/wp\/v2\/ef_categoria?post=132668"},{"taxonomy":"ef_ano","embeddable":true,"href":"https:\/\/sme.goiania.go.gov.br\/conexaoescola\/wp-json\/wp\/v2\/ef_ano?post=132668"},{"taxonomy":"ef_componente","embeddable":true,"href":"https:\/\/sme.goiania.go.gov.br\/conexaoescola\/wp-json\/wp\/v2\/ef_componente?post=132668"}],"curies":[{"name":"wp","href":"https:\/\/api.w.org\/{rel}","templated":true}]}}