{"id":132664,"date":"2021-10-13T08:32:19","date_gmt":"2021-10-13T11:32:19","guid":{"rendered":"https:\/\/sme.goiania.go.gov.br\/conexaoescola\/?post_type=ensino_fundamental&#038;p=132664"},"modified":"2021-11-09T09:39:38","modified_gmt":"2021-11-09T11:39:38","slug":"geografia-natureza-ambiente-e-qualidade-de-vida-ciclos-naturais-e-a-vida-cotidiana","status":"publish","type":"ensino_fundamental","link":"https:\/\/sme.goiania.go.gov.br\/conexaoescola\/ensino_fundamental\/geografia-natureza-ambiente-e-qualidade-de-vida-ciclos-naturais-e-a-vida-cotidiana\/","title":{"rendered":"GEOGRAFIA &#8211; NATUREZA, AMBIENTE E QUALIDADE DE VIDA: CICLOS NATURAIS E A VIDA COTIDIANA"},"content":{"rendered":"\n<p class=\"has-text-align-center has-background has-medium-font-size\" style=\"background-color:#e8eed3\"><strong><em>OL\u00c1, EDUCANDO (A)!ESTA VIDEOAULA DE GEOGRAFIA FOI VEICULADA NA TV NO DIA 04\/10\/2021 (SEGUNDA-FEIRA). AQUI NO PORTAL CONEX\u00c3O ESCOL<\/em>A.<\/strong><\/p>\n\n\n\n<p class=\"has-text-align-center has-background has-medium-font-size\" style=\"background-color:#f3ebd4\"><strong>ESTA V\u00cdDEOAULA, ABORDAR\u00c1 SOBRE COMO OCORREM ALGUNS FEN\u00d4MENOS DA NATUREZA E COMO ELES AFETAM O NOSSO COTIDIANO. VEM COMIGO!<\/strong><\/p>\n\n\n\n<p class=\"has-text-align-center\"><img fetchpriority=\"high\" decoding=\"async\" alt=\"C:\\Users\\Deise&amp;Branco\\Desktop\\FENOMENOS.jpg\" src=\"https:\/\/lh6.googleusercontent.com\/XT-xoVufSJdF32ucwcYqVLccBkD7YUDaC5Dh7jaxiCiwm9XgpP8yOB18oI5N0OAQn1l2R4BgaTU16w-Oyt2a6NNNX5CV9nHb6TqBmVRLwkozu9uv1DkG57Wm4tqcLSJ2GL-KTEw=s0\" width=\"626\" height=\"309\"><\/p>\n\n\n\n<p class=\"has-text-align-center\" style=\"font-size:10px\"><strong>DISPON\u00cdVEL EM HTTPS:\/\/BR.FREEPIK.COM\/ACESSO EM 09 DE SETEMBRO DE 202<\/strong><\/p>\n\n\n\n<hr class=\"wp-block-separator\"\/>\n\n\n\n<p class=\"has-text-align-center has-background has-medium-font-size\" style=\"background-color:#f2e2f5\"><strong>NA AULA DE HOJE VOC\u00ca IR\u00c1 APRENDER SOBRE ALGUNS FEN\u00d4MENOS NATURAIS QUE OCORREM NO NOSSO DIA A DIA.&nbsp;<\/strong><\/p>\n\n\n\n<p class=\"has-text-align-center has-background has-medium-font-size\" style=\"background-color:#c9e7e4\"><strong>OS FEN\u00d4MENOS NATURAIS SE REFEREM A TODA A\u00c7\u00c3O DA NATUREZA QUE N\u00c3O OCORRE A PARTIR DE INTERVEN\u00c7\u00c3O HUMANA. VALE RESSALTAR QUE OS FEN\u00d4MENOS NATURAIS PODEM SER UMA SIMPLES CHUVA DE VER\u00c3O OU AT\u00c9 MESMO UMA GRANDE TEMPESTADE, A GRANDEZA DO FEN\u00d4MENO DEPENDE DAS CONDI\u00c7\u00d5ES NATURAIS EM QUEST\u00c3O.<\/strong><\/p>\n\n\n\n<p class=\"has-text-align-center has-vivid-red-color has-text-color has-medium-font-size\">ASSISTA A V\u00cdDEOAULA E ENTENDA MELHOR SOBRE ESSE ASSUNTO.<strong>&nbsp;<\/strong><\/p>\n\n\n\n<figure class=\"wp-block-embed is-type-video is-provider-youtube wp-block-embed-youtube wp-embed-aspect-16-9 wp-has-aspect-ratio\"><div class=\"wp-block-embed__wrapper\">\n<p class=\"responsive-video-wrap clr\"><iframe title=\"Geografia  | 1\u00ba Ano | Ens. Fundamental - aula7\" width=\"1200\" height=\"675\" src=\"https:\/\/www.youtube.com\/embed\/ePX2dK2JGUM?feature=oembed\" frameborder=\"0\" allow=\"accelerometer; autoplay; clipboard-write; encrypted-media; gyroscope; picture-in-picture\" allowfullscreen><\/iframe><\/p>\n<\/div><figcaption>GEOGRAFIA\/ 1 ANO\/ ENSINO FUNDAMENTAL<\/figcaption><\/figure>\n\n\n\n<hr class=\"wp-block-separator\"\/>\n\n\n\n<div class=\"wp-block-image\"><figure class=\"aligncenter\"><img decoding=\"async\" src=\"https:\/\/lh5.googleusercontent.com\/_1acbmMMVoh9oyrF15gxFO1sQsfELLYGc4E02nroxnK70WDy21R3I67dw9T7uOz6hsUtJHGvu7TYKIjB31COhqPRyu8ccX3DfVjQg2FWOvc5AR0ygSdVvQKyk5plUm3w14eB60w=s0\" alt=\"C:\\Users\\Deise&amp;Branco\\Desktop\\NATURAIS.jpg\"\/><\/figure><\/div>\n\n\n\n<p class=\"has-text-align-center\" style=\"font-size:10px\"><strong>DISPON\u00cdVEL EM HTTPS:\/\/BR.FREEPIK.COM\/ACESSO EM 09 DE SETEMBRO DE 2021.<\/strong><\/p>\n\n\n\n<hr class=\"wp-block-separator\"\/>\n\n\n\n<p class=\"has-text-align-center has-background has-medium-font-size\" style=\"background-color:#e4e6cd\"><strong>AGORA CHEGOU A SUA VEZ DE PENSAR&#8230; VAMOS AS ATIVIDADES!<\/strong><\/p>\n\n\n\n<p class=\"has-background\" style=\"background-color:#ddedf3;font-size:25px\"><strong>ATIVIDADE 1 &#8211;<\/strong><\/p>\n\n\n\n<p class=\"has-medium-font-size\"><strong>ESCRITA ESPONT\u00c2NEA &#8211; DESENHE E ESCREVA EM SEU CADERNO OS FEN\u00d4MENOS NATURAIS QUE VOC\u00ca J\u00c1 OBSERVOU NO SEU DIA A DIA.&nbsp;<\/strong><\/p>\n\n\n\n<p class=\"has-background\" style=\"background-color:#ddedf3;font-size:25px\"><strong>ATIVIDADE 2 \u2013&nbsp;<\/strong><\/p>\n\n\n\n<p class=\"has-medium-font-size\"><strong>AGORA, ESCREVA NO SEU CADERNO E DESENHE, QUAL \u00c9 A SUA ESTA\u00c7\u00c3O DO ANO PREFERIDA.&nbsp;<\/strong><\/p>\n\n\n\n<p class=\"has-background\" style=\"background-color:#ddedf3;font-size:25px\"><strong>ATIVIDADE 3 \u2013<\/strong><\/p>\n\n\n\n<p class=\"has-medium-font-size\"><strong>FA\u00c7A UMA EXPERI\u00caNCIA EM CASA. PARA A ATIVIDADE VOC\u00ca VAI PRECISAR DE UMA ESPONJA, UMA BACIA CHEIA DE \u00c1GUA E OUTRA BACIA VAZIA. MERGULHE A ESPONJA SECA NA \u00c1GUA. A ESPONJA FICAR\u00c1 CHEIA DE \u00c1GUA. DEPOIS QUE A ESPONJA EST\u00c1 CHEIA, LEVE A ESPONJA AT\u00c9 A BACIA VAZIA E APERTE-A PARA QUE TODA \u00c1GUA SAIA DA ESPONJA. ASSIM ACONTECE COM AS NUVENS QUANDO EST\u00c3O CHEIAS DE \u00c1GUA, PARA ESVAZIAREM-SE: CHOVE.<\/strong><\/p>\n\n\n\n<hr class=\"wp-block-separator\"\/>\n\n\n\n<p class=\"has-text-align-center has-background\" style=\"background-color:#e5d3ec;font-size:25px\"><strong>RELEMBRANDO!<\/strong><strong> <\/strong><strong>O QUE APRENDEMOS HOJE?<\/strong><\/p>\n\n\n\n<ul class=\"has-medium-font-size wp-block-list\"><li>CICLOS NATURAIS REFEREM-SE A FEN\u00d4MENOS NATURAIS;<\/li><li>ALGUNS EXEMPLOS DE FEN\u00d4MENOS NATURAIS;<\/li><li>ATIVIDADES.<\/li><\/ul>\n\n\n\n<hr class=\"wp-block-separator\"\/>\n\n\n\n<figure class=\"wp-block-table is-style-regular\"><table class=\"has-background\" style=\"background-color:#e1ddf2\"><tbody><tr><td>HABILIDADES ESTRUTURANTES<\/td><td>(EF01GE05-A). OBSERVAR E CONHECER OS FEN\u00d4MENOS NATURAIS.<br>(EF01GE05-C). COMPARAR E DESCREVER AS DIN\u00c2MICAS DOS FEN\u00d4MENOS NATURAIS, COMO DIA E NOITE, VARIA\u00c7\u00c3O DE TEMPERATURA E UMIDADE, EM DIFERENTES ESCALAS ESPACIAIS E TEMPORAIS, COMPARANDO A SUA REALIDADE COM OUTRAS.<br>(EF01GE10-B). OBSERVAR E DESCREVER CARACTER\u00cdSTICAS DE SEUS LUGARES DE VIV\u00caNCIA RELACIONADAS AOS FEN\u00d4MENOS DA NATUREZA, COMO CHUVA, VENTO, CALOR, TEMPERATURA E UMIDADE.<\/td><\/tr><\/tbody><\/table><\/figure>\n\n\n\n<hr class=\"wp-block-separator\"\/>\n\n\n\n<figure class=\"wp-block-table is-style-regular\"><table class=\"has-background\" style=\"background-color:#cfe3eb\"><tbody><tr><td><strong>REFER\u00caNCIAS:<\/strong><\/td><td>GOVERNO DO ESTADO DE GOI\u00c1S. SECRET\u00c1RIA DE ESTADO DE EDUCA\u00c7\u00c3O \u2013 SEDUC\/CONSED. DOCUMENTO CURRICULAR PARA GOI\u00c1S \u2013 AMPLIADO: <strong>VOLUME II ENSINO FUNDAMENTAL ANOS INICIAIS<\/strong>.&nbsp;IMAGENS RETIRADAS DOS SITES:<a href=\"https:\/\/br.freepik.com\/\">HTTPS:\/\/BR.FREEPIK.COM\/<\/a><a href=\"https:\/\/pixabay.com\/pt\/\">HTTPS:\/\/PIXABAY.COM\/PT\/<\/a><\/td><\/tr><\/tbody><\/table><\/figure>\n\n\n\n<hr class=\"wp-block-separator\"\/>\n","protected":false},"author":20,"featured_media":132822,"template":"","ef_categoria":[13,18],"ef_ano":[84],"ef_componente":[96],"class_list":["post-132664","ensino_fundamental","type-ensino_fundamental","status-publish","has-post-thumbnail","hentry","ef_categoria-ciclo-da-infancia-abc","ef_categoria-educacao-ambiental-e-saude","ef_ano-1o-ano","ef_componente-geografia","entry","has-media"],"acf":[],"_links":{"self":[{"href":"https:\/\/sme.goiania.go.gov.br\/conexaoescola\/wp-json\/wp\/v2\/ensino_fundamental\/132664","targetHints":{"allow":["GET"]}}],"collection":[{"href":"https:\/\/sme.goiania.go.gov.br\/conexaoescola\/wp-json\/wp\/v2\/ensino_fundamental"}],"about":[{"href":"https:\/\/sme.goiania.go.gov.br\/conexaoescola\/wp-json\/wp\/v2\/types\/ensino_fundamental"}],"author":[{"embeddable":true,"href":"https:\/\/sme.goiania.go.gov.br\/conexaoescola\/wp-json\/wp\/v2\/users\/20"}],"version-history":[{"count":0,"href":"https:\/\/sme.goiania.go.gov.br\/conexaoescola\/wp-json\/wp\/v2\/ensino_fundamental\/132664\/revisions"}],"wp:featuredmedia":[{"embeddable":true,"href":"https:\/\/sme.goiania.go.gov.br\/conexaoescola\/wp-json\/wp\/v2\/media\/132822"}],"wp:attachment":[{"href":"https:\/\/sme.goiania.go.gov.br\/conexaoescola\/wp-json\/wp\/v2\/media?parent=132664"}],"wp:term":[{"taxonomy":"ef_categoria","embeddable":true,"href":"https:\/\/sme.goiania.go.gov.br\/conexaoescola\/wp-json\/wp\/v2\/ef_categoria?post=132664"},{"taxonomy":"ef_ano","embeddable":true,"href":"https:\/\/sme.goiania.go.gov.br\/conexaoescola\/wp-json\/wp\/v2\/ef_ano?post=132664"},{"taxonomy":"ef_componente","embeddable":true,"href":"https:\/\/sme.goiania.go.gov.br\/conexaoescola\/wp-json\/wp\/v2\/ef_componente?post=132664"}],"curies":[{"name":"wp","href":"https:\/\/api.w.org\/{rel}","templated":true}]}}