{"id":132587,"date":"2021-10-09T11:10:55","date_gmt":"2021-10-09T14:10:55","guid":{"rendered":"https:\/\/sme.goiania.go.gov.br\/conexaoescola\/?post_type=ensino_fundamental&#038;p=132587"},"modified":"2021-12-22T16:29:24","modified_gmt":"2021-12-22T18:29:24","slug":"ciencias-da-natureza-fases-da-lua-e-eclipses","status":"publish","type":"ensino_fundamental","link":"https:\/\/sme.goiania.go.gov.br\/conexaoescola\/ensino_fundamental\/ciencias-da-natureza-fases-da-lua-e-eclipses\/","title":{"rendered":"Ci\u00eancias da Natureza: FASES DA LUA E ECLIPSES"},"content":{"rendered":"\n<p class=\"has-cyan-bluish-gray-background-color has-background has-medium-font-size\"><em>Esta videoaula de&nbsp;<strong><span class=\"has-inline-color has-vivid-cyan-blue-color\">Ci\u00eancias<\/span><\/strong><\/em><strong><em><span class=\"has-inline-color has-vivid-cyan-blue-color\">&nbsp;da Natureza<\/span><\/em><\/strong><em>&nbsp;\u00e9 destinada aos estudantes do&nbsp;<\/em><strong><em><span class=\"has-inline-color has-vivid-cyan-blue-color\">9\u00ba ano&nbsp;<\/span><\/em><\/strong><em>do Ensino Fundamental. Foi veiculada na TV no dia&nbsp;14\/10\/2021<\/em>&nbsp;e&nbsp;<em>aqui no Portal Conex\u00e3o Escola, ela est\u00e1 dispon\u00edvel juntamente com a proposta de atividade.&nbsp;<\/em><\/p>\n\n\n\n<p class=\"has-medium-font-size\"><strong>Na videoaula de hoje, estudaremos sobre o Sistema Solar, mais especificamente a rela\u00e7\u00e3o entre tr\u00eas astros presentes ali: Sol, Terra e Lua. Voc\u00ea conhecer\u00e1 os movimentos realizados pela <\/strong>T<strong>erra e Lua, resultando em fen\u00f4menos que observamos daqui, na crosta terrestre. Entenderemos como o formato esferoide, a rota el\u00edptica e o eixo inclinado da Terra influenciam nesses fen\u00f4menos.<\/strong><\/p>\n\n\n\n<div class=\"wp-block-image\"><figure class=\"aligncenter size-full is-resized\"><img fetchpriority=\"high\" decoding=\"async\" src=\"https:\/\/sme.goiania.go.gov.br\/conexaoescola\/wp-content\/uploads\/2021\/10\/lua-e1633813704561.jpg\" alt=\"\" class=\"wp-image-132592\" width=\"502\" height=\"282\" srcset=\"https:\/\/sme.goiania.go.gov.br\/conexaoescola\/wp-content\/uploads\/2021\/10\/lua-e1633813704561.jpg 960w, https:\/\/sme.goiania.go.gov.br\/conexaoescola\/wp-content\/uploads\/2021\/10\/lua-e1633813704561-300x169.jpg 300w, https:\/\/sme.goiania.go.gov.br\/conexaoescola\/wp-content\/uploads\/2021\/10\/lua-e1633813704561-768x432.jpg 768w\" sizes=\"(max-width: 502px) 100vw, 502px\" \/><figcaption>Fonte: pixabay.com<\/figcaption><\/figure><\/div>\n\n\n\n<p class=\"has-text-align-center has-black-background-color has-background has-medium-font-size\"><span class=\"has-inline-color has-white-color\"><strong>ASSISTA \u00c0 VIDEOAULA ABAIXO COM A TEM\u00c1TICA<\/strong>&nbsp;<\/span><span class=\"has-inline-color has-vivid-cyan-blue-color\"><strong>FASES DA LUA E ECLIPSES<\/strong><\/span><\/p>\n\n\n\n<figure class=\"wp-block-embed aligncenter is-type-video is-provider-youtube wp-block-embed-youtube wp-embed-aspect-16-9 wp-has-aspect-ratio\"><div class=\"wp-block-embed__wrapper\">\n<p class=\"responsive-video-wrap clr\"><iframe title=\"Ci\u00eancias - 9\u00ba Ano - Ens. Fundamental - Aula 7\" width=\"1200\" height=\"675\" src=\"https:\/\/www.youtube.com\/embed\/TdSTafiD23A?feature=oembed\" frameborder=\"0\" allow=\"accelerometer; autoplay; clipboard-write; encrypted-media; gyroscope; picture-in-picture\" allowfullscreen><\/iframe><\/p>\n<\/div><figcaption>Ci\u00eancias da Natureza &#8211; 9\u00ba Ano &#8211; Ensino Fundamental &#8211; Professora Mariana Araguaia<\/figcaption><\/figure>\n\n\n\n<p class=\"has-medium-font-size\">Na videoaula acima, aprendemos que o Sol \u00e9 uma estrela, j\u00e1 que possui luz e calor pr\u00f3prios. Sua massa, muito grande, faz com que planetas e sat\u00e9lites naturais orbitem em torno dele. Em rela\u00e7\u00e3o \u00e0 Terra, ela realiza movimentos anti-hor\u00e1rios em torno de si mesma, denominados rota\u00e7\u00e3o; e tamb\u00e9m a transla\u00e7\u00e3o, executada em torno do Sol. A rota\u00e7\u00e3o ocorre no per\u00edodo de aproximadamente um dia e a transla\u00e7\u00e3o, em um ano. A transla\u00e7\u00e3o, assim como o eixo inclinado da Terra, permitem que em determinados meses do ano ocorram uma das quatro esta\u00e7\u00f5es. Enquanto no hemisf\u00e9rio Norte h\u00e1 a primavera, no hemisf\u00e9rio Sul temos o outono. Da mesma forma, enquanto em um desses dois hemisf\u00e9rios h\u00e1 ver\u00e3o, no outro h\u00e1 o inverno (e vice-versa). <\/p>\n\n\n\n<p class=\"has-medium-font-size\">Entendemos que a Lua executa um movimento em torno de si mesma (rota\u00e7\u00e3o) e ao redor da Terra (revolu\u00e7\u00e3o). Nesse sentido, de acordo com a incid\u00eancia solar que iluminar\u00e1 ou n\u00e3o determinada \u00e1rea da Lua, podemos ver daqui da Terra cada uma das suas quatro fases. <\/p>\n\n\n\n<p class=\"has-medium-font-size\">Compreendemos que eclipses ocorrem quando astros se alinham e um deles se interp\u00f5e a outro frente \u00e0 fonte de luz. Quando a Lua n\u00e3o recebe a luz do Sol por ser sombreada pela Terra, nomeamos esse fen\u00f4meno de eclipse lunar. Quando \u00e9 a Lua que bloqueia a vis\u00e3o do Sol, temos o eclipse solar.<\/p>\n\n\n\n<p class=\"has-vivid-cyan-blue-background-color has-background has-medium-font-size\"><strong>ATIVIDADE 1<\/strong><\/p>\n\n\n\n<p class=\"has-medium-font-size\">Na videoaula, estudamos alguns aspectos sobre o Sistema Solar, assim como a intera\u00e7\u00e3o entre a Terra, seu sat\u00e9lite natural (Lua) e a estrela do nosso sistema (Sol), certo?! Agora, voc\u00ea far\u00e1 a rela\u00e7\u00e3o entre alguns conceitos no jogo online, disponibilizado no link abaixo. Para seu professor de Ci\u00eancias acompanhar o seu aprendizado, voc\u00ea dever\u00e1 clicar em \u201cshow answers\u201d e tirar um <em>print<\/em> ou uma fotografia das suas respostas, ou ainda, voc\u00ea pode copiar no seu caderno de Ci\u00eancias cada uma das perguntas, com suas respectivas respostas. <\/p>\n\n\n\n<p class=\"has-text-align-center has-medium-font-size\"><a href=\"https:\/\/wordwall.net\/resource\/22870875\/fases-da-lua-e-eclipses\">Fases da Lua e Eclipses &#8211; Find the match (wordwall.net)<\/a><\/p>\n\n\n\n<p class=\"has-vivid-cyan-blue-background-color has-background has-medium-font-size\"><strong>ATIVIDADE 2<\/strong><\/p>\n\n\n\n<p class=\"has-medium-font-size\">Para aprender mais sobre as esta\u00e7\u00f5es do ano e as fases da Lua, assista ao v\u00eddeo e leia o texto que est\u00e3o disponibilizados abaixo:<\/p>\n\n\n\n<p class=\"has-medium-font-size\"><strong>V\u00cdDEO SOBRE AS ESTA\u00c7\u00d5ES DO ANO <\/strong><\/p>\n\n\n\n<figure class=\"wp-block-embed is-type-video is-provider-youtube wp-block-embed-youtube wp-embed-aspect-16-9 wp-has-aspect-ratio\"><div class=\"wp-block-embed__wrapper\">\n<p class=\"responsive-video-wrap clr\"><iframe title=\"O eixo da terra e as esta\u00e7\u00f5es do ano \u2013 Ci\u00eancias \u2013 8\u00ba ano \u2013 Ensino Fundamental\" width=\"1200\" height=\"675\" src=\"https:\/\/www.youtube.com\/embed\/gX_DfJzqG7g?feature=oembed\" frameborder=\"0\" allow=\"accelerometer; autoplay; clipboard-write; encrypted-media; gyroscope; picture-in-picture\" allowfullscreen><\/iframe><\/p>\n<\/div><\/figure>\n\n\n\n<p class=\"has-medium-font-size\"><strong>TEXTO SOBRE AS FASES DA LUA <\/strong><\/p>\n\n\n\n<p class=\"has-text-align-center has-medium-font-size\"><a href=\"https:\/\/ppgenfis.if.ufrgs.br\/mef008\/mef008_02\/Lucia\/astronomia\/fasesdalua.html\">Escala Musical (ufrgs.br)<\/a><\/p>\n\n\n\n<p class=\"has-vivid-cyan-blue-background-color has-background has-medium-font-size\"><strong>ATIVIDADE 3<\/strong><\/p>\n\n\n\n<p class=\"has-medium-font-size\">Baseado em tudo que aprendeu na atividade anterior, responda em seu caderno:<\/p>\n\n\n\n<ul class=\"has-medium-font-size wp-block-list\"><li>Identifique em que esta\u00e7\u00e3o do ano estamos no dia de hoje e suas principais caracter\u00edsticas;<\/li><li>Fa\u00e7a um desenho esquem\u00e1tico representando a rela\u00e7\u00e3o entre o Sol e a Terra, no nosso hemisf\u00e9rio, nessa esta\u00e7\u00e3o do ano na qual estamos;<\/li><li>Aponte a fase da Lua estamos no dia de hoje e fa\u00e7a um desenho esquem\u00e1tico, representando a disposi\u00e7\u00e3o do Sol, da Terra e da Lua nessa fase.<\/li><\/ul>\n\n\n\n<p class=\"has-vivid-cyan-blue-background-color has-background has-medium-font-size\"><strong>ATIVIDADE 4<\/strong><\/p>\n\n\n\n<p class=\"has-medium-font-size\">De acordo com os conceitos desenvolvidos at\u00e9 aqui, fa\u00e7a um folheto informativo com um dos temas:<\/p>\n\n\n\n<ul class=\"has-medium-font-size wp-block-list\"><li>Tema 1 \u2013 As esta\u00e7\u00f5es do ano: como ocorrem e suas caracter\u00edsticas;&nbsp;<\/li><li>Tema 2 \u2013 As fases da Lua: quais s\u00e3o e como ocorrem;<\/li><li>Tema 3 \u2013 Eclipses: suas caracter\u00edsticas e diferen\u00e7as;<\/li><\/ul>\n\n\n\n<p class=\"has-medium-font-size\">Esse material pode ser feito no seu caderno, em uma folha branca ou em formato digital. Veja um exemplo de folheto informativo digital, postado no Instagram da Secretaria Municipal de Educa\u00e7\u00e3o de Goi\u00e2nia:<\/p>\n\n\n\n<div class=\"wp-block-image\"><figure class=\"aligncenter size-full is-resized\"><img decoding=\"async\" src=\"https:\/\/sme.goiania.go.gov.br\/conexaoescola\/wp-content\/uploads\/2021\/10\/folheto-e1633779013222.jpg\" alt=\"\" class=\"wp-image-132571\" width=\"450\" height=\"450\" srcset=\"https:\/\/sme.goiania.go.gov.br\/conexaoescola\/wp-content\/uploads\/2021\/10\/folheto-e1633779013222.jpg 720w, https:\/\/sme.goiania.go.gov.br\/conexaoescola\/wp-content\/uploads\/2021\/10\/folheto-e1633779013222-300x300.jpg 300w, https:\/\/sme.goiania.go.gov.br\/conexaoescola\/wp-content\/uploads\/2021\/10\/folheto-e1633779013222-150x150.jpg 150w\" sizes=\"(max-width: 450px) 100vw, 450px\" \/><figcaption>Fonte: <a href=\"https:\/\/www.instagram.com\/p\/CRjQw4gNk-R\/?utm_medium=copy_link\">https:\/\/www.instagram.com\/p\/CRjQw4gNk-R\/?utm_medium=copy_link<\/a><\/figcaption><\/figure><\/div>\n\n\n\n<p class=\"has-medium-font-size\">Use sua criatividade e, se poss\u00edvel, divulgue o seu folheto nas suas redes sociais, marcando o perfil da @smegoiania!&nbsp;<\/p>\n\n\n\n<p class=\"has-vivid-cyan-blue-background-color has-background has-medium-font-size\"><strong>ATIVIDADE 5<\/strong><\/p>\n\n\n\n<p class=\"has-medium-font-size\">Estudar aspectos referentes aos astros, al\u00e9m de muito instigante, tamb\u00e9m nos ajuda a compreender muito do que ocorre aqui, na crosta terrestre. Voc\u00ea sabia, por exemplo, que a Lua exerce atra\u00e7\u00e3o sobre as \u00e1guas oce\u00e2nicas, em especial quando estamos na Lua Cheia? N\u00e3o \u00e9 incr\u00edvel?! Conhe\u00e7a mais sobre o tema lendo o texto indicado escrito por Lorraine Fiuza, que est\u00e1 disponibilizado no link abaixo:<\/p>\n\n\n\n<p class=\"has-text-align-center has-medium-font-size\"><a href=\"https:\/\/www3.unicentro.br\/petfisica\/2020\/10\/29\/efeito-mare\/\">Efeito Mar\u00e9: A Lua influencia os mares? | GPET F\u00edsica (unicentro.br)<\/a><\/p>\n\n\n\n<p class=\"has-medium-font-size\">Mediante a leitura do texto, responda em seu caderno como a Lua influencia os mares. Bom trabalho!<\/p>\n\n\n\n<p class=\"has-medium-font-size\"><strong>At\u00e9 a pr\u00f3xima aula!<\/strong><\/p>\n\n\n\n<hr class=\"wp-block-separator\"\/>\n\n\n\n<p class=\"has-cyan-bluish-gray-background-color has-background has-medium-font-size\"><strong>Professor, essa aula segue a Matriz Curricular das Habilidades Estruturantes 2021-2021. Foi elaborada no ano de 2020, com a suspens\u00e3o das aulas presenciais devido \u00e0 pandemia da Covid-19 e segue as orienta\u00e7\u00f5es de flexibiliza\u00e7\u00e3o curricular para o bi\u00eanio 2020\/2021 (Of\u00edcio Circular 147\/2020 Dirped).<\/strong> <\/p>\n\n\n\n<figure class=\"wp-block-table\"><table><tbody><tr><td>Referencial Bibliogr\u00e1fico<\/td><td>CARNEVALLE, Ma\u00edra Rosa. Ararib\u00e1 mais Ci\u00eancias. 1\u00aa edi\u00e7\u00e3o. S\u00e3o Paulo: Moderna, 2018.<br>HIRANAKA, Roberta Aparecida Bueno; HORTENCIO, Thiago Macedo de Abreu. Inspire Ci\u00eancias. 1\u00aa edi\u00e7\u00e3o. S\u00e3o Paulo: FTD, 2018.<\/td><\/tr><\/tbody><\/table><\/figure>\n\n\n\n<hr class=\"wp-block-separator\"\/>\n\n\n\n<figure class=\"wp-block-table\"><table><tbody><tr><td>Componente Curricular<\/td><td>Habilidades<\/td><\/tr><tr><td>Ci\u00eancias da Natureza<\/td><td>Estruturante<em>:&nbsp;<\/em><br>(EF08CI12) Justificar, por meio da constru\u00e7\u00e3o de modelos e da observa\u00e7\u00e3o da Lua no c\u00e9u, a ocorr\u00eancia das fases da Lua e dos eclipses, com base nas posi\u00e7\u00f5es relativas entre Sol, Terra e Lua.<br>Complementar<em>:&nbsp;<\/em><br>(EF08CI13) Representar os movimentos de rota\u00e7\u00e3o e transla\u00e7\u00e3o da Terra e analisar o papel da inclina\u00e7\u00e3o do eixo de rota\u00e7\u00e3o da Terra em rela\u00e7\u00e3o \u00e0 sua \u00f3rbita na ocorr\u00eancia das esta\u00e7\u00f5es do<br>ano, com a utiliza\u00e7\u00e3o de modelos tridimensionais.<br>(EF08CI14) Relacionar climas regionais aos padr\u00f5es de circula\u00e7\u00e3o atmosf\u00e9rica e oce\u00e2nica e ao aquecimento desigual causado pela forma e pelos movimentos da Terra.<\/td><\/tr><\/tbody><\/table><\/figure>\n","protected":false},"author":17,"featured_media":132592,"template":"","ef_categoria":[16,33],"ef_ano":[92],"ef_componente":[98],"class_list":["post-132587","ensino_fundamental","type-ensino_fundamental","status-publish","has-post-thumbnail","hentry","ef_categoria-ciclo-da-adolescencia-hi","ef_categoria-educacao-ambiental-e-saude-ciclo-da-adolescencia-hi","ef_ano-9o-ano","ef_componente-ciencia-da-natureza-ef","entry","has-media"],"acf":[],"_links":{"self":[{"href":"https:\/\/sme.goiania.go.gov.br\/conexaoescola\/wp-json\/wp\/v2\/ensino_fundamental\/132587","targetHints":{"allow":["GET"]}}],"collection":[{"href":"https:\/\/sme.goiania.go.gov.br\/conexaoescola\/wp-json\/wp\/v2\/ensino_fundamental"}],"about":[{"href":"https:\/\/sme.goiania.go.gov.br\/conexaoescola\/wp-json\/wp\/v2\/types\/ensino_fundamental"}],"author":[{"embeddable":true,"href":"https:\/\/sme.goiania.go.gov.br\/conexaoescola\/wp-json\/wp\/v2\/users\/17"}],"version-history":[{"count":0,"href":"https:\/\/sme.goiania.go.gov.br\/conexaoescola\/wp-json\/wp\/v2\/ensino_fundamental\/132587\/revisions"}],"wp:featuredmedia":[{"embeddable":true,"href":"https:\/\/sme.goiania.go.gov.br\/conexaoescola\/wp-json\/wp\/v2\/media\/132592"}],"wp:attachment":[{"href":"https:\/\/sme.goiania.go.gov.br\/conexaoescola\/wp-json\/wp\/v2\/media?parent=132587"}],"wp:term":[{"taxonomy":"ef_categoria","embeddable":true,"href":"https:\/\/sme.goiania.go.gov.br\/conexaoescola\/wp-json\/wp\/v2\/ef_categoria?post=132587"},{"taxonomy":"ef_ano","embeddable":true,"href":"https:\/\/sme.goiania.go.gov.br\/conexaoescola\/wp-json\/wp\/v2\/ef_ano?post=132587"},{"taxonomy":"ef_componente","embeddable":true,"href":"https:\/\/sme.goiania.go.gov.br\/conexaoescola\/wp-json\/wp\/v2\/ef_componente?post=132587"}],"curies":[{"name":"wp","href":"https:\/\/api.w.org\/{rel}","templated":true}]}}