{"id":132572,"date":"2021-10-09T08:49:22","date_gmt":"2021-10-09T11:49:22","guid":{"rendered":"https:\/\/sme.goiania.go.gov.br\/conexaoescola\/?post_type=ensino_fundamental&#038;p=132572"},"modified":"2021-10-09T11:07:34","modified_gmt":"2021-10-09T14:07:34","slug":"ciencias-da-natureza-sistema-nervoso-humano","status":"publish","type":"ensino_fundamental","link":"https:\/\/sme.goiania.go.gov.br\/conexaoescola\/ensino_fundamental\/ciencias-da-natureza-sistema-nervoso-humano\/","title":{"rendered":"Ci\u00eancias da Natureza: SISTEMA NERVOSO HUMANO"},"content":{"rendered":"\n<p class=\"has-cyan-bluish-gray-background-color has-background has-medium-font-size\"><em>Esta videoaula de&nbsp;<span class=\"has-inline-color has-vivid-cyan-blue-color\"><strong>Ci\u00eancias<\/strong><\/span><\/em><strong><span class=\"has-inline-color has-vivid-cyan-blue-color\"><em> da Natureza<\/em><\/span><\/strong><em><span class=\"has-inline-color has-vivid-cyan-blue-color\">&nbsp;<\/span>\u00e9 destinada aos estudantes do <\/em><strong><em><span class=\"has-inline-color has-vivid-cyan-blue-color\">7\u00ba ano<\/span> <\/em><\/strong><em>do Ensino Fundamental. Foi veiculada na TV no dia&nbsp;12\/10\/2021<\/em> e <em>aqui no Portal Conex\u00e3o Escola, est\u00e1 dispon\u00edvel juntamente com a proposta de atividade.&nbsp;<\/em><\/p>\n\n\n\n<p class=\"has-medium-font-size\"><strong>Na videoaula de hoje, voc\u00ea conhecer\u00e1 a unidade funcional e estrutural do sistema nervoso, os neur\u00f4nios; assim como os \u00f3rg\u00e3os que o comp\u00f5e, relacionando-os \u00e0s fun\u00e7\u00f5es desempenhadas por esse sistema. E ainda compreender\u00e1 o que s\u00e3o drogas e como elas afetam o sistema nervoso e o organismo humano como um todo.<\/strong><\/p>\n\n\n\n<div class=\"wp-block-image\"><figure class=\"aligncenter size-full is-resized\"><img fetchpriority=\"high\" decoding=\"async\" src=\"https:\/\/sme.goiania.go.gov.br\/conexaoescola\/wp-content\/uploads\/2021\/10\/neuronio-e1633780129526.png\" alt=\"\" class=\"wp-image-132573\" width=\"419\" height=\"394\" srcset=\"https:\/\/sme.goiania.go.gov.br\/conexaoescola\/wp-content\/uploads\/2021\/10\/neuronio-e1633780129526.png 482w, https:\/\/sme.goiania.go.gov.br\/conexaoescola\/wp-content\/uploads\/2021\/10\/neuronio-e1633780129526-300x282.png 300w\" sizes=\"(max-width: 419px) 100vw, 419px\" \/><figcaption>Fonte: pixabay.com<\/figcaption><\/figure><\/div>\n\n\n\n<p class=\"has-text-align-center has-black-background-color has-background has-medium-font-size\"><strong><span class=\"has-inline-color has-white-color\">ASSISTA \u00c0 VIDEOAULA ABAIXO COM A TEM\u00c1TICA<\/span><\/strong> <strong><span class=\"has-inline-color has-vivid-cyan-blue-color\">SISTEMA NERVOSO HUMANO<\/span><\/strong><\/p>\n\n\n\n<figure class=\"wp-block-embed aligncenter is-type-video is-provider-youtube wp-block-embed-youtube wp-embed-aspect-16-9 wp-has-aspect-ratio\"><div class=\"wp-block-embed__wrapper\">\n<p class=\"responsive-video-wrap clr\"><iframe title=\"Ci\u00eancias - 7\u00ba Ano - Ens.  Fundamental - Aula 7\" width=\"1200\" height=\"675\" src=\"https:\/\/www.youtube.com\/embed\/3wYhL2ijElw?feature=oembed\" frameborder=\"0\" allow=\"accelerometer; autoplay; clipboard-write; encrypted-media; gyroscope; picture-in-picture\" allowfullscreen><\/iframe><\/p>\n<\/div><figcaption>Ci\u00eancias da Natureza &#8211; 7\u00ba Ano &#8211; Ensino Fundamental &#8211; Professora Mariana Araguaia<\/figcaption><\/figure>\n\n\n\n<p class=\"has-medium-font-size\">Na videoaula acima, aprendemos que o sistema nervoso \u00e9 respons\u00e1vel pela percep\u00e7\u00e3o do ambiente interno e externo; interpreta\u00e7\u00e3o desses est\u00edmulos e, finalmente, a produ\u00e7\u00e3o de respostas a eles. Para tal, c\u00e9lulas especializadas denominadas neur\u00f4nios transmitem tais informa\u00e7\u00f5es ao longo de todo o corpo, pelos impulsos nervosos. Identificamos que o sistema nervoso constitui-se pelo enc\u00e9falo, medula espinal e g\u00e2nglios nervosos, sendo os dois primeiros protegidos pela caixa craniana e coluna vertebral, respectivamente. Refletimos acerca dos problemas acarretados pelas drogas, sejam elas l\u00edcitas ou il\u00edcitas, tais como a depend\u00eancia (f\u00edsica e qu\u00edmica), e os sintomas t\u00edpicos da abstin\u00eancia, que \u00e9 a falta da subst\u00e2ncia em quest\u00e3o no organismo. Tamb\u00e9m foi sabido como elas interferem no funcionamento do sistema nervoso: retardando, acelerando ou distorcendo a percep\u00e7\u00e3o do ambiente.<\/p>\n\n\n\n<p class=\"has-vivid-cyan-blue-background-color has-background has-medium-font-size\"><strong>ATIVIDADE 1<\/strong><\/p>\n\n\n\n<p class=\"has-medium-font-size\">Agora que voc\u00ea assistiu \u00e0 videoaula e conheceu as caracter\u00edsticas, fun\u00e7\u00f5es e estruturas que comp\u00f5em o sistema nervoso humano, realize a atividade em forma de jogo disponibilizada no link abaixo. Aten\u00e7\u00e3o! para que seu professor possa acompanhar o seu aprendizado e fazer as devidas corre\u00e7\u00f5es, ao final da atividade voc\u00ea dever\u00e1 clicar em \u201cshow answers\u201d e tirar um print ou uma fotografia das suas respostas. Outra op\u00e7\u00e3o \u00e9 copiar no seu caderno de Ci\u00eancias cada uma das perguntas, com suas respectivas respostas, apresentadas no \u201cshow answers\u201d. Ok?!<\/p>\n\n\n\n<p class=\"has-text-align-center has-medium-font-size\"><a href=\"https:\/\/wordwall.net\/resource\/22791671\/biologia\/sistema-nervoso-humano\">Sistema Nervoso Humano &#8211; Find the match (wordwall.net)<\/a><\/p>\n\n\n\n<p class=\"has-vivid-cyan-blue-background-color has-background has-medium-font-size\"><strong>ATIVIDADE 2<\/strong><\/p>\n\n\n\n<p class=\"has-medium-font-size\">Compreender o funcionamento do sistema nervoso \u00e9 importante para nos compreendermos melhor, tendo consci\u00eancia daquilo que pode favorecer ou prejudicar o nosso organismo e, portanto, a nossa qualidade de vida. Nesse sentido, responda em seu caderno:<\/p>\n\n\n\n<ul class=\"has-medium-font-size wp-block-list\"><li>Por que as drogas podem prejudicar a nossa integridade?<\/li><li>Qual \u00e9 a diferen\u00e7a entre droga l\u00edcita e il\u00edcita? D\u00ea um exemplo de cada.<\/li><li>Na sua opini\u00e3o, os danos que as drogas l\u00edcitas causam s\u00e3o maiores, menores ou iguais aos provocados pelas drogas il\u00edcitas? Explique a sua resposta.<\/li><\/ul>\n\n\n\n<p class=\"has-vivid-cyan-blue-background-color has-background has-medium-font-size\"><strong>ATIVIDADE 3<\/strong><\/p>\n\n\n\n<p class=\"has-medium-font-size\">\u00c9 sabido que o uso do cinto de seguran\u00e7a pode reduzir as chances de uma pessoa ir a \u00f3bito ou sofrer les\u00f5es graves em acidentes automobil\u00edsticos. A Lei 9.503, de setembro de 1997, que institui o C\u00f3digo de Tr\u00e2nsito Brasileiro, tornou obrigat\u00f3rio, para todos os passageiros, o uso do cinto de seguran\u00e7a e o uso de encostos de cabe\u00e7a em todos os assentos dos ve\u00edculos. Tanto uma medida quanto outra possibilitaram a redu\u00e7\u00e3o de les\u00f5es medulares em acidentes de tr\u00e2nsito. Sobre esse assunto, analise o infogr\u00e1fico, leia o texto adaptado e estude a reportagem da revista Super Interessante, de autoria de Julia Moi\u00f3li, que est\u00e3o disponibilizados abaixo:<\/p>\n\n\n\n<p class=\"has-medium-font-size\"><strong>INFOGR\u00c1FICO<\/strong><\/p>\n\n\n\n<div class=\"wp-block-image\"><figure class=\"aligncenter size-full is-resized\"><img decoding=\"async\" src=\"https:\/\/sme.goiania.go.gov.br\/conexaoescola\/wp-content\/uploads\/2021\/10\/infografico-e1633782048419.jpg\" alt=\"\" class=\"wp-image-132578\" width=\"926\" height=\"627\" srcset=\"https:\/\/sme.goiania.go.gov.br\/conexaoescola\/wp-content\/uploads\/2021\/10\/infografico-e1633782048419.jpg 1000w, https:\/\/sme.goiania.go.gov.br\/conexaoescola\/wp-content\/uploads\/2021\/10\/infografico-e1633782048419-300x203.jpg 300w, https:\/\/sme.goiania.go.gov.br\/conexaoescola\/wp-content\/uploads\/2021\/10\/infografico-e1633782048419-768x521.jpg 768w\" sizes=\"(max-width: 926px) 100vw, 926px\" \/><figcaption>Fonte: <a href=\"http:\/\/www.tuningparts.com.br\/blog\/wp-content\/uploads\/2015\/06\/cinto_de_seguran%C3%A7a_para_passageiros.jpg\">http:\/\/www.tuningparts.com.br\/blog\/wp-content\/uploads\/2015\/06\/cinto_de_seguran%C3%A7a_para_passageiros.jpg<\/a><\/figcaption><\/figure><\/div>\n\n\n\n<p class=\"has-medium-font-size\"><strong>TEXTO ADAPTADO<\/strong><\/p>\n\n\n\n<figure class=\"wp-block-image size-full is-resized\"><img decoding=\"async\" src=\"https:\/\/sme.goiania.go.gov.br\/conexaoescola\/wp-content\/uploads\/2021\/10\/FDSDS-e1633782506930.jpg\" alt=\"\" class=\"wp-image-132580\" width=\"931\" height=\"375\" srcset=\"https:\/\/sme.goiania.go.gov.br\/conexaoescola\/wp-content\/uploads\/2021\/10\/FDSDS-e1633782506930.jpg 944w, https:\/\/sme.goiania.go.gov.br\/conexaoescola\/wp-content\/uploads\/2021\/10\/FDSDS-e1633782506930-300x120.jpg 300w, https:\/\/sme.goiania.go.gov.br\/conexaoescola\/wp-content\/uploads\/2021\/10\/FDSDS-e1633782506930-768x308.jpg 768w\" sizes=\"(max-width: 931px) 100vw, 931px\" \/><\/figure>\n\n\n\n<p class=\"has-medium-font-size\"><strong>REPORTAGEM<\/strong><\/p>\n\n\n\n<p class=\"has-text-align-center has-medium-font-size\"><a href=\"https:\/\/super.abril.com.br\/mundo-estranho\/por-que-uma-lesao-na-coluna-deixa-alguem-paraplegico\/\">https:\/\/super.abril.com.br\/mundo-estranho\/por-que-uma-lesao-na-coluna-deixa-alguem-paraplegico\/<\/a><\/p>\n\n\n\n<p class=\"has-vivid-cyan-blue-background-color has-background has-medium-font-size\"><strong>ATIVIDADE 4<\/strong><\/p>\n\n\n\n<p class=\"has-medium-font-size\">Agora, em conson\u00e2ncia com o que foi estudado at\u00e9 aqui, fa\u00e7a um folheto informativo de acordo com um dos temas:&nbsp;<\/p>\n\n\n\n<p class=\"has-medium-font-size\">Tema 1 \u2013 As causas e tipos de paralisia causados por les\u00f5es s\u00e9rias na coluna;<\/p>\n\n\n\n<p class=\"has-medium-font-size\">Tema 2 &#8211; Medidas eficazes e devem ser garantidas para que pessoas com defici\u00eancia f\u00edsica possam ter assegurado seu direito de ir e vir;<\/p>\n\n\n\n<p class=\"has-medium-font-size\">Tema 3 &#8211; Les\u00f5es medulares causadas por acidentes automobil\u00edsticos e medidas de preven\u00e7\u00e3o; <\/p>\n\n\n\n<p class=\"has-medium-font-size\">Esse material pode ser feito no seu caderno, em uma folha branca ou digitalmente. Veja um exemplo de folheto informativo digital, postado no Instagram da Secretaria Municipal de Educa\u00e7\u00e3o de Goi\u00e2nia:<\/p>\n\n\n\n<div class=\"wp-block-image\"><figure class=\"aligncenter size-full is-resized\"><img loading=\"lazy\" decoding=\"async\" src=\"https:\/\/sme.goiania.go.gov.br\/conexaoescola\/wp-content\/uploads\/2021\/10\/folheto-e1633779013222.jpg\" alt=\"\" class=\"wp-image-132571\" width=\"476\" height=\"476\" srcset=\"https:\/\/sme.goiania.go.gov.br\/conexaoescola\/wp-content\/uploads\/2021\/10\/folheto-e1633779013222.jpg 720w, https:\/\/sme.goiania.go.gov.br\/conexaoescola\/wp-content\/uploads\/2021\/10\/folheto-e1633779013222-300x300.jpg 300w, https:\/\/sme.goiania.go.gov.br\/conexaoescola\/wp-content\/uploads\/2021\/10\/folheto-e1633779013222-150x150.jpg 150w\" sizes=\"(max-width: 476px) 100vw, 476px\" \/><figcaption>Fonte: <a href=\"https:\/\/www.instagram.com\/p\/CRjQw4gNk-R\/?utm_medium=copy_link\">https:\/\/www.instagram.com\/p\/CRjQw4gNk-R\/?utm_medium=copy_link<\/a><\/figcaption><\/figure><\/div>\n\n\n\n<p class=\"has-medium-font-size\">Use sua criatividade e, se poss\u00edvel, divulgue o seu folheto nas suas redes sociais, marcando o perfil da @smegoiania! <em>Informa\u00e7\u00e3o<\/em>&nbsp;segura&nbsp;<em>pode salvar vidas<\/em>. Fa\u00e7a a sua parte. Bom trabalho!<\/p>\n\n\n\n<p class=\"has-vivid-cyan-blue-background-color has-background has-medium-font-size\"><strong>ATIVIDADE 5<\/strong><\/p>\n\n\n\n<p class=\"has-medium-font-size\">Como voc\u00ea p\u00f4de perceber na quest\u00e3o 02, nossa medula espinal est\u00e1 situada no interior das nossas v\u00e9rtebras que, por sua vez, comp\u00f5em a nossa coluna vertebral. Nesse sentido, que tal saber mais sobre a coluna vertebral, os tipos de desvios posturais e formas de cuidar dessa estrutura corporal? Leia com muita aten\u00e7\u00e3o o texto de Vanessa Sardinha:<\/p>\n\n\n\n<p class=\"has-text-align-center has-medium-font-size\"><a href=\"https:\/\/escolakids.uol.com.br\/ciencias\/coluna-vertebral.htm\">Coluna vertebral &#8211; Escola Kids (uol.com.br)<\/a><\/p>\n\n\n\n<p class=\"has-medium-font-size\">Quais cuidados com a coluna citados no texto voc\u00ea realiza? Converse com seus familiares sobre esse assunto e tentem adotar essas medidas de autocuidado. Lembre-se, caso haja dores e desconfortos persistentes, procure orienta\u00e7\u00e3o m\u00e9dica.<\/p>\n\n\n\n<p class=\"has-medium-font-size\"><strong>At\u00e9 a pr\u00f3xima aula!<\/strong><\/p>\n\n\n\n<hr class=\"wp-block-separator\"\/>\n\n\n\n<figure class=\"wp-block-table\"><table><tbody><tr><td>Referencial Bibliogr\u00e1fico <\/td><td>CARNEVALLE, Ma\u00edra Rosa. Ararib\u00e1 mais Ci\u00eancias. 1\u00aa edi\u00e7\u00e3o. S\u00e3o Paulo: Moderna, 2018.<br>&nbsp;HIRANAKA, Roberta Aparecida Bueno; HORTENCIO, Thiago Macedo de Abreu. Inspire Ci\u00eancias. 1\u00aa edi\u00e7\u00e3o. S\u00e3o Paulo: FTD, 2018.<\/td><\/tr><\/tbody><\/table><\/figure>\n\n\n\n<hr class=\"wp-block-separator\"\/>\n\n\n\n<figure class=\"wp-block-table\"><table><tbody><tr><td>Componente Curricular<\/td><td>Habilidades<\/td><\/tr><tr><td>Ci\u00eancias da Natureza<\/td><td><em>Estruturante:<\/em><br>(EF06CI07-C) Relacionar e justificar o papel do sistema nervoso \u00e0 coordena\u00e7\u00e3o das a\u00e7\u00f5es motoras e sensoriais do corpo, com base na an\u00e1lise das estruturas b\u00e1sicas e das respectivas fun\u00e7\u00f5es.<br><em>Complementar:<\/em><br>(EF06CI09-B) Reconhecer diferentes necessidades especiais de acessibilidade, sensoriais, visual e auditiva, e intelectuais, promovendo a inclus\u00e3o social.<br>(EF06CI10) Explicar como o funcionamento do sistema nervoso pode ser afetado por subst\u00e2ncias psicoativas.<\/td><\/tr><\/tbody><\/table><\/figure>\n","protected":false},"author":17,"featured_media":132573,"template":"","ef_categoria":[15,28],"ef_ano":[90],"ef_componente":[98],"class_list":["post-132572","ensino_fundamental","type-ensino_fundamental","status-publish","has-post-thumbnail","hentry","ef_categoria-ciclo-da-adolescencia-fg","ef_categoria-educacao-ambiental-e-saude-ciclo-da-adolescencia-fg","ef_ano-7o-ano","ef_componente-ciencia-da-natureza-ef","entry","has-media"],"acf":[],"_links":{"self":[{"href":"https:\/\/sme.goiania.go.gov.br\/conexaoescola\/wp-json\/wp\/v2\/ensino_fundamental\/132572","targetHints":{"allow":["GET"]}}],"collection":[{"href":"https:\/\/sme.goiania.go.gov.br\/conexaoescola\/wp-json\/wp\/v2\/ensino_fundamental"}],"about":[{"href":"https:\/\/sme.goiania.go.gov.br\/conexaoescola\/wp-json\/wp\/v2\/types\/ensino_fundamental"}],"author":[{"embeddable":true,"href":"https:\/\/sme.goiania.go.gov.br\/conexaoescola\/wp-json\/wp\/v2\/users\/17"}],"version-history":[{"count":0,"href":"https:\/\/sme.goiania.go.gov.br\/conexaoescola\/wp-json\/wp\/v2\/ensino_fundamental\/132572\/revisions"}],"wp:featuredmedia":[{"embeddable":true,"href":"https:\/\/sme.goiania.go.gov.br\/conexaoescola\/wp-json\/wp\/v2\/media\/132573"}],"wp:attachment":[{"href":"https:\/\/sme.goiania.go.gov.br\/conexaoescola\/wp-json\/wp\/v2\/media?parent=132572"}],"wp:term":[{"taxonomy":"ef_categoria","embeddable":true,"href":"https:\/\/sme.goiania.go.gov.br\/conexaoescola\/wp-json\/wp\/v2\/ef_categoria?post=132572"},{"taxonomy":"ef_ano","embeddable":true,"href":"https:\/\/sme.goiania.go.gov.br\/conexaoescola\/wp-json\/wp\/v2\/ef_ano?post=132572"},{"taxonomy":"ef_componente","embeddable":true,"href":"https:\/\/sme.goiania.go.gov.br\/conexaoescola\/wp-json\/wp\/v2\/ef_componente?post=132572"}],"curies":[{"name":"wp","href":"https:\/\/api.w.org\/{rel}","templated":true}]}}