{"id":132395,"date":"2021-10-05T21:23:50","date_gmt":"2021-10-06T00:23:50","guid":{"rendered":"https:\/\/sme.goiania.go.gov.br\/conexaoescola\/?post_type=ensino_fundamental&#038;p=132395"},"modified":"2021-12-22T11:47:38","modified_gmt":"2021-12-22T13:47:38","slug":"geografia-a-riqueza-das-regioes-brasileiras","status":"publish","type":"ensino_fundamental","link":"https:\/\/sme.goiania.go.gov.br\/conexaoescola\/ensino_fundamental\/geografia-a-riqueza-das-regioes-brasileiras\/","title":{"rendered":"Geografia &#8211; A riqueza das regi\u00f5es brasileiras"},"content":{"rendered":"\n<p class=\"has-black-color has-vivid-green-cyan-background-color has-text-color has-background\" style=\"font-size:25px\">Ol\u00e1, educando(a)! Esta videoaula de Geografia para o&nbsp;<strong>Agrupamento E (5\u00ba ano), do Ciclo da Inf\u00e2ncia<\/strong>,&nbsp;foi veiculada na TV no dia&nbsp;<strong>10\/09\/2021 (sexta-feira)<\/strong>. Aqui no Portal Conex\u00e3o Escola, ela est\u00e1 dispon\u00edvel juntamente com a proposta de atividade. <\/p>\n\n\n\n<div class=\"wp-block-image\"><figure class=\"aligncenter size-full\"><img fetchpriority=\"high\" decoding=\"async\" width=\"725\" height=\"720\" src=\"https:\/\/sme.goiania.go.gov.br\/conexaoescola\/wp-content\/uploads\/2021\/10\/pasted-image-0-5-e1633475661461.png\" alt=\"\" class=\"wp-image-132396\" srcset=\"https:\/\/sme.goiania.go.gov.br\/conexaoescola\/wp-content\/uploads\/2021\/10\/pasted-image-0-5-e1633475661461.png 725w, https:\/\/sme.goiania.go.gov.br\/conexaoescola\/wp-content\/uploads\/2021\/10\/pasted-image-0-5-e1633475661461-300x298.png 300w, https:\/\/sme.goiania.go.gov.br\/conexaoescola\/wp-content\/uploads\/2021\/10\/pasted-image-0-5-e1633475661461-150x150.png 150w\" sizes=\"(max-width: 725px) 100vw, 725px\" \/><figcaption>Dispon\u00edvel em: https:\/\/pixabay.com\/pt\/vectors\/brasil-geografia-mapa-regi%c3%a3o-153889\/<\/figcaption><\/figure><\/div>\n\n\n\n<p class=\"has-black-color has-cyan-bluish-gray-background-color has-text-color has-background\" style=\"font-size:25px\">Nosso pa\u00eds \u00e9 um ber\u00e7o de riquezas diversas e n\u00f3s mal conhecemos a cidade em que moramos. S\u00e3o in\u00fameros limites e fronteiras a serem desbravados e conhecidos junto a sua gente. Estude sobre as regi\u00f5es brasileiras nesta aula.<\/p>\n\n\n\n<p class=\"has-black-color has-pale-cyan-blue-background-color has-text-color has-background\" style=\"font-size:25px\"> Assista \u00e0 videoaula da professora Jussarinha sobre esta tem\u00e1tica.<\/p>\n\n\n\n<figure class=\"wp-block-embed aligncenter is-type-video is-provider-youtube wp-block-embed-youtube wp-embed-aspect-16-9 wp-has-aspect-ratio\"><div class=\"wp-block-embed__wrapper\">\n<p class=\"responsive-video-wrap clr\"><iframe title=\"Geografia |  Turma E |  5\u00ba Ano |  Ciclo da Inf\u00e2ncia\" width=\"1200\" height=\"675\" src=\"https:\/\/www.youtube.com\/embed\/q2zqbhWVFL8?feature=oembed\" frameborder=\"0\" allow=\"accelerometer; autoplay; clipboard-write; encrypted-media; gyroscope; picture-in-picture\" allowfullscreen><\/iframe><\/p>\n<\/div><figcaption>Geografia | Turma E | 5\u00ba Ano | Ciclo da Inf\u00e2ncia<\/figcaption><\/figure>\n\n\n\n<hr class=\"wp-block-separator\"\/>\n\n\n\n<p class=\"has-black-color has-text-color\" style=\"font-size:25px\">O Brasil \u00e9 dividido em cinco regi\u00f5es e cada uma delas \u00e9 composta por alguns estados. Esta divis\u00e3o se d\u00e1 para definir os estados, a popula\u00e7\u00e3o e o povoamento de cada parte. Vamos conhecer algumas riquezas de cada cantinho do Brasil, seus limites e fronteiras. Como nosso pa\u00eds \u00e9 grande e rico em belezas e recursos naturais! A extens\u00e3o territorial, que \u00e9 imensa, guarda segredos que podem trazer benef\u00edcios e descobertas nos mais diversos campos das ci\u00eancias. O solo nacional tem mist\u00e9rios em forma de min\u00e9rios e minerais de incont\u00e1veis valores e usos. <\/p>\n\n\n\n<p class=\"has-black-color has-text-color\" style=\"font-size:25px\">Voc\u00ea sabe a diferen\u00e7a entre limite e fronteira? <\/p>\n\n\n\n<p class=\"has-black-color has-light-green-cyan-background-color has-text-color has-background\" style=\"font-size:25px\">Os limites referem-se a uma determina\u00e7\u00e3o legalmente determinada, que foi estabelecida por um acordo formal ou uma conven\u00e7\u00e3o. <\/p>\n\n\n\n<p class=\"has-black-color has-light-green-cyan-background-color has-text-color has-background\" style=\"font-size:25px\">J\u00e1 as fronteiras constituem algo din\u00e2mico, que refere-se \u00e0s trocas e rela\u00e7\u00f5es, sejam elas culturais, econ\u00f4micas, militares, afetivas e outras. <\/p>\n\n\n\n<p class=\"has-black-color has-text-color\" style=\"font-size:25px\">Por exemplo: O \u201climite entre Brasil e Paraguai\u201d \u00e9 diferente de dizer \u201ca fronteira entre Brasil e Paraguai\u201d, sendo entendemos por fronteira as \u00e1reas de intera\u00e7\u00e3o populacional, econ\u00f4mica e cultural entre os povos. Enquanto o limite define um t\u00e9rmino, a ideia de fronteira consiste em um come\u00e7o ou uma expans\u00e3o.<\/p>\n\n\n\n<p class=\"has-black-color has-text-color\" style=\"font-size:25px\">Agora que voc\u00ea j\u00e1 compreendeu sobre limite e fronteiras, conhe\u00e7a algumas riquezas de cada cantinho brasileiro. Embarque nesta aventura! <\/p>\n\n\n\n<p class=\"has-black-color has-text-color\" style=\"font-size:25px\">Voc\u00ea sabia que o Brasil \u00e9 o quinto maior pa\u00eds do mundo em extens\u00e3o territorial? E que o territ\u00f3rio brasileiro ocupa uma \u00e1rea de 8.547.403 km\u00b2 no planeta Terra? Toda esta extens\u00e3o territorial faz do nosso pa\u00eds um ber\u00e7o de diversidade cultural, humana e econ\u00f4mica.  <\/p>\n\n\n\n<p class=\"has-text-align-center has-black-color has-pale-cyan-blue-background-color has-text-color has-background\" style=\"font-size:25px\"><strong>Regi\u00e3o Norte<\/strong><\/p>\n\n\n\n<div class=\"wp-block-image\"><figure class=\"aligncenter\"><img decoding=\"async\" src=\"https:\/\/lh6.googleusercontent.com\/A2kqItWhJxYtfcDZySwj8AwQtl67idLzqPL0dcdMOLJtEInUx58EqiPFhi1-vpJJkSDN9dUnRN7nOOi-OW0nizlwGy7HEQydY9RdskY6AjHXWACynVMjZV3OickQyA=s0\" alt=\"\"\/><figcaption>Fonte:<a href=\"https:\/\/escola.britannica.com.br\/pesquisa\/imagens\/brasil%20regiao%20norte\/recursos\/145945\">https:\/\/escola.britannica.com.br\/pesquisa\/imagens\/brasil%20regiao%20norte\/recursos\/145945<\/a><\/figcaption><\/figure><\/div>\n\n\n\n<p class=\"has-black-color has-text-color\" style=\"font-size:25px\">Veja a imagem do mapa acima. \u00c9 a regi\u00e3o Norte, formada pelos estados do Acre, Amap\u00e1, Amazonas, Rond\u00f4nia, Roraima, Par\u00e1 e Tocantins. \u00c9 uma regi\u00e3o que faz muitas fronteiras com outros pa\u00edses como: Bol\u00edvia, Peru, Col\u00f4mbia, Guiana, Suriname e Guiana Francesa. \u00c9 a maior das cinco regi\u00f5es brasileiras, a segunda menos populosa e a menos povoada do pa\u00eds. <\/p>\n\n\n\n<p class=\"has-black-color has-light-green-cyan-background-color has-text-color has-background\" style=\"font-size:25px\">Qual \u00e9 a diferen\u00e7a entre regi\u00e3o populosa e regi\u00e3o povoada? <\/p>\n\n\n\n<p class=\"has-black-color has-text-color\" style=\"font-size:25px\">Preste aten\u00e7\u00e3o: Populosa, referimos a um determinado lugar que possui um n\u00famero total de habitantes. Refere-se a um n\u00famero elevado de habitantes; Por sua vez, a palavra povoada ou povoado se refere ao n\u00famero de habitantes por km quadrado, ou seja, a densidade demogr\u00e1fica daquela regi\u00e3o no caso. Faz rela\u00e7\u00e3o entre popula\u00e7\u00e3o e \u00e1rea ocupada. <\/p>\n\n\n\n<p class=\"has-black-color has-text-color\" style=\"font-size:25px\">A regi\u00e3o norte, possui uma grande \u00e1rea coberta pela selva, e isso dificulta a ocupa\u00e7\u00e3o humana. A popula\u00e7\u00e3o se concentra mais nas capitais de seus estados e \u00e9 formada de mesti\u00e7os descendentes de \u00edndios e portugueses. Por\u00e9m, esta regi\u00e3o recebeu muitas pessoas do Sul, Sudeste brasileiro e muitos nordestinos que foram atr\u00e1s de trabalho nos seringais para extrair a borracha. De acordo com o censo de 2010, esta regi\u00e3o tem mais de 15 milh\u00f5es de habitantes. <\/p>\n\n\n\n<p class=\"has-black-color has-text-color\" style=\"font-size:25px\">O clima equatorial &#8211; que \u00e9 quente e \u00famido &#8211; predomina na regi\u00e3o, exceto no Par\u00e1, no sul do Amazonas e no sul de Rond\u00f4nia, onde o clima \u00e9 tropical &#8211; que apresenta temperaturas elevadas durante o ano todo. <\/p>\n\n\n\n<p class=\"has-black-color has-text-color\" style=\"font-size:25px\">A economia \u00e9 baseada nas atividades industriais, sobretudo em Manaus, e ainda no extrativismo vegetal e mineral &#8211; que \u00e9&nbsp; a retirada da natureza, algo que pode ser industrializado e comercializado, como madeira, \u00f3leos vegetais e min\u00e9rios. \u00c9 aqui que se concentra a maior bacia hidrogr\u00e1fica do mundo, formada pelo rio Amazonas e seus afluentes, onde temos alguns portos e usinas hidrel\u00e9tricas. A floresta amaz\u00f4nica cobre quase toda regi\u00e3o, havendo uma pequena faixa de mangue no litoral e algumas \u00e1reas de cerrado em sua por\u00e7\u00e3o sul.&nbsp;<\/p>\n\n\n\n<p class=\"has-text-align-center has-black-color has-pale-cyan-blue-background-color has-text-color has-background\" style=\"font-size:25px\"><strong>Regi\u00e3o Nordeste<\/strong><\/p>\n\n\n\n<div class=\"wp-block-image\"><figure class=\"aligncenter\"><img decoding=\"async\" src=\"https:\/\/lh4.googleusercontent.com\/XnZH3ujn738lQvexY3AZoF-x9YGYaaKr_JUnlNr0PXkG6ahni3x4XtewQ7u-DvwqOoTdcttEFyXVO7sgp2p8-rCTMQrQF6rP23Lyujj4dCqnxw53fkmKmucoaYEKEA=s0\" alt=\"\"\/><figcaption>Fonte: <a href=\"https:\/\/escola.britannica.com.br\/pesquisa\/imagens\/povo%20da%20%20regiao%20norte%20brasileria\/recursos\/145944\">https:\/\/escola.britannica.com.br\/pesquisa\/imagens\/povo%20da%20%20regiao%20norte%20brasileria\/recursos\/145944<\/a><\/figcaption><\/figure><\/div>\n\n\n\n<p class=\"has-text-align-left has-black-color has-text-color\" style=\"font-size:25px\">A regi\u00e3o Nordeste \u00e9 composta pelos estados de&nbsp; Alagoas, Bahia, Cear\u00e1, Maranh\u00e3o, Para\u00edba, Piau\u00ed, Pernambuco, Rio Grande do Norte e Sergipe. \u00c9 uma regi\u00e3o totalmente banhada pelo oceano Atl\u00e2ntico. As praias mais lindas e diversificadas do pa\u00eds est\u00e3o nesta regi\u00e3o, que conta atualmente com quase 60 milh\u00f5es de pessoas e ocupa 18% da \u00e1rea brasileira. Aqui n\u00f3s temos uma subdivis\u00e3o devido \u00e0s caracter\u00edsticas dessa regi\u00e3o: Temos a Zona da mata, o Agreste, o MEIO NORTE&nbsp; que \u00e9 uma por\u00e7\u00e3o semi\u00e1rida com o clima \u00famido e seco, predominando com vegeta\u00e7\u00e3o a mata dos cocais. Al\u00e9m do SERT\u00c3O com o solo raso, pedregoso, regi\u00e3o de pouca chuva, que predomina a caatinga e se estende at\u00e9 o litoral do Rio Grande do Norte e do Cear\u00e1.  <\/p>\n\n\n\n<p class=\"has-text-align-left has-black-color has-text-color\" style=\"font-size:25px\">A popula\u00e7\u00e3o \u00e9 formada a partir da mistura dos \u00edndios, europeus e africanos. Assim, originam os caboclos (\u00edndio e branco), mulatos (negros e brancos) e cafuzos (\u00edndios e negros). A popula\u00e7\u00e3o se concentra mais na faixa litor\u00e2nea e nas capitais, pois no SERT\u00c3O o clima desfavorece a povoa\u00e7\u00e3o. Nas d\u00e9cadas de 60 e&nbsp; 80, muitos nordestinos migraram, foram para outras regi\u00f5es por causa da seca. \u00c9 considerada a regi\u00e3o mais pobre do pa\u00eds. <\/p>\n\n\n\n<p class=\"has-text-align-left has-black-color has-text-color\" style=\"font-size:25px\">Esta regi\u00e3o tem como principal produto agr\u00edcola a cana-de-a\u00e7\u00facar, algod\u00e3o, tabaco, caju e frutas para consumo interno e exporta\u00e7\u00e3o. Cria-se gado bovino, ovino, su\u00edno e aves. A explora\u00e7\u00e3o de petr\u00f3leo \u00e9 destaque e o turismo atrai pessoas de todo o mundo para conhecer as praias e chapadas. <\/p>\n\n\n\n<p class=\"has-text-align-center has-black-color has-pale-cyan-blue-background-color has-text-color has-background\" style=\"font-size:25px\"><strong>Regi\u00e3o Centro-Oeste<\/strong><\/p>\n\n\n\n<div class=\"wp-block-image\"><figure class=\"aligncenter is-resized\"><img decoding=\"async\" src=\"https:\/\/lh3.googleusercontent.com\/cFLO5T_qN7oRiPTIwXcLhfpSEV-Ye33WqZWl9A7E8Cg0Z_6eP0j4OPLjD-BsUuqqVQ9n0uHT7rtMpar6rBltHGejt_nGXtSEI37JXONnXH4s5tIaKvxgdkjNQzyZpw=s0\" alt=\"\" width=\"750\" height=\"909\"\/><figcaption>Fonte: <a href=\"https:\/\/escola.britannica.com.br\/pesquisa\/imagens\/povo%20da%20%20regiao%20norte%20brasileria\/recursos\/145943\">https:\/\/escola.britannica.com.br\/pesquisa\/imagens\/povo%20da%20%20regiao%20norte%20brasileria\/recursos\/145943<\/a><\/figcaption><\/figure><\/div>\n\n\n\n<p class=\"has-text-align-left has-black-color has-text-color\" style=\"font-size:25px\"> Formada pelos estados de Mato Grosso, Mato Grosso do Sul, Goi\u00e1s e o Distrito Federal, faz fronteira com Bol\u00edvia e Paraguai, t\u00eam mais de 14 milh\u00f5es de habitantes, \u00e9 uma regi\u00e3o com algumas concentra\u00e7\u00f5es urbanas e grandes \u00e1reas vazias. Seu relevo \u00e9 composto pelo planalto Central, a plan\u00edcie do Pantanal, o planalto Meridional, com climas e vegeta\u00e7\u00f5es distintas. No planalto Central, temos os chapad\u00f5es cobertos pelo cerrado e com clima tropical. A plan\u00edcie do pantanal mistura as caracter\u00edsticas das vegeta\u00e7\u00f5es das 5 regi\u00f5es brasileiras. O planalto Meridional estende-se desde a regi\u00e3o Sul do pa\u00eds at\u00e9 os estados do Mato Grosso do Sul e de GOi\u00e1s e tem solos mais f\u00e9rteis, banhada por muitos rios. \u00c9 uma regi\u00e3o com bacias hidrogr\u00e1ficas importantes: Amaz\u00f4nica, Tocantins\/Araguaia e Platina. <\/p>\n\n\n\n<p class=\"has-text-align-left has-black-color has-text-color\" style=\"font-size:25px\">Os primeiros habitantes da regi\u00e3o foram os ind\u00edgenas, depois vieram os bandeirantes que fundaram as primeiras vilas \u00e0 procura de min\u00e9rios. Mais tarde vieram fazendeiros de Minas Gerais, S\u00e3o Paulo e da regi\u00e3o Sul, que estabeleceram aqui grandes fazendas de cria\u00e7\u00e3o de gado. A chegada das estradas de ferro, constru\u00e7\u00e3o das hidrovias, rodovias e da capital Bras\u00edlia contribu\u00edram para o crescimento regional. Ainda hoje, temos \u00edndios que habitam o centro-oeste, o que faz com que tenhamos muitas reservas e parques ind\u00edgenas. A cria\u00e7\u00e3o de gado bovino, predomina na pecu\u00e1ria extensiva e a Agricultura vem crescendo dia a dia. O setor industrial \u00e9 o menos desenvolvido.  <\/p>\n\n\n\n<p class=\"has-text-align-center has-black-color has-pale-cyan-blue-background-color has-text-color has-background\" style=\"font-size:25px\"><strong>Regi\u00e3o Sudeste<\/strong><\/p>\n\n\n\n<div class=\"wp-block-image\"><figure class=\"aligncenter\"><img decoding=\"async\" src=\"https:\/\/lh5.googleusercontent.com\/k7-M1UTwHSepkev8JUQeM5QjN0ZWfNUw-WVPH0Ninn6HOj5IrveoiIUECouRppRVh4besebpGxg-ERR2z1ZV8yDwAUQP2Lv5NS-kmrxE_TIzPPilwV8BaOCOYlFxeQ=s0\" alt=\"\"\/><figcaption>Fonte:<a href=\"https:\/\/escola.britannica.com.br\/pesquisa\/imagens\/povo%20da%20%20regiao%20norte%20brasileria\/recursos\/145946\">https:\/\/escola.britannica.com.br\/pesquisa\/imagens\/povo%20da%20%20regiao%20norte%20brasileria\/recursos\/145946<\/a><\/figcaption><\/figure><\/div>\n\n\n\n<p class=\"has-text-align-left has-black-color has-text-color\" style=\"font-size:25px\">Quatro estados urbanizados, a regi\u00e3o mais populosa e rica do pa\u00eds, formada por S\u00e3o Paulo, Minas Gerais, Rio de Janeiro e Esp\u00edrito Santo, com mais de 80 milh\u00f5es de habitantes. Abriga 3 metr\u00f3poles importantes para o pa\u00eds: Belo Horizonte, S\u00e3o Paulo e Rio de Janeiro. <\/p>\n\n\n\n<p class=\"has-text-align-left has-black-color has-text-color\" style=\"font-size:25px\">A regi\u00e3o Sudeste fica na parte mais elevada do Planalto Atl\u00e2ntico, que abriga as Serras da Mantiqueira, do Mar e do Espinha\u00e7o. Seu relevo tem planaltos, baixadas, morros arredondados e em formato de p\u00e3o de a\u00e7\u00facar. A mata nativa do litoral, come\u00e7ou a ser devastada para o povoamento da regi\u00e3o e o cultivo do caf\u00e9. Em Minas Gerais, a vegeta\u00e7\u00e3o predominante \u00e9 o cerrado e no norte do estado encontra-se a caatinga. O clima tropical atl\u00e2ntico \u00e9 presente no litoral, nos planaltos j\u00e1 temos o tropical de atitude e o subtropical no sul de S\u00e3o Paulo. Temos usinas hidrel\u00e9tricas, pois contamos com as bacias hidrogr\u00e1ficas dos rios Paran\u00e1 e S\u00e3o Francisco. <\/p>\n\n\n\n<p class=\"has-text-align-left has-black-color has-text-color\" style=\"font-size:25px\">A popula\u00e7\u00e3o \u00e9 composta por brancos, negros, pardos, amarelos e ind\u00edgenas. \u00c9 concentrada nas zonas urbanas. O povoamento do Sudeste, se deve \u00e0s expedi\u00e7\u00f5es desbravadoras entre os s\u00e9culos XVII e XVIII, que tinham como objetivo aprisionar \u00edndios e buscar riquezas como ouro, prata e pedras preciosas. Os bandeirantes abriram trilhas e caminhos em dire\u00e7\u00e3o ao interior do Pa\u00eds. A mudan\u00e7a da capital brasileira de Salvador, na Bahia, para o Rio de Janeiro e a expans\u00e3o do caf\u00e9 para o interior contribu\u00edram para a ocupa\u00e7\u00e3o do Sudeste. Muitos nordestinos migraram para a regi\u00e3o sudeste buscando trabalho em S\u00e3o Paulo e Rio de Janeiro. Imigrantes estrangeiros su\u00ed\u00e7os, alem\u00e3es foram para o Rio de Janeiro; alem\u00e3es para o Esp\u00edrito Santo; italianos, japoneses, espanh\u00f3is, libaneses e s\u00edrios se fixaram, principalmente, em S\u00e3o Paulo. Na regi\u00e3o como um todo, a imigra\u00e7\u00e3o Portuguesa predominou. <\/p>\n\n\n\n<p class=\"has-text-align-left has-black-color has-text-color\" style=\"font-size:25px\">A economia mais desenvolvida, diversificada e industrializada do Brasil se concentra nesta regi\u00e3o. Na agricultura, destacamos cana-de-a\u00e7\u00facar, caf\u00e9, algod\u00e3o, milho e frutas. A pecu\u00e1ria tem grande presen\u00e7a nos 4 estados. H\u00e1 tamb\u00e9m destaque na explora\u00e7\u00e3o de min\u00e9rios e petr\u00f3leo. J\u00e1 no que diz respeito \u00e0s Ci\u00eancias, aqui temos os maiores polos de pesquisa brasileira. O sudeste ainda conta com um grande turismo.  <\/p>\n\n\n\n<p class=\"has-text-align-center has-black-color has-pale-cyan-blue-background-color has-text-color has-background\" style=\"font-size:25px\"><strong>Regi\u00e3o Sul<\/strong><\/p>\n\n\n\n<div class=\"wp-block-image\"><figure class=\"aligncenter\"><img decoding=\"async\" src=\"https:\/\/lh5.googleusercontent.com\/H-FPCkQOO5gSrOYKcd7juq4cHOMp1fJwlqK8owD0JKxYBhUmHsbj18XXFAFwGmNk9brSIcUCG9g40ATOsizbhxDoeFTb02MW38Lzx_pDm9bJZCt5FdL-_QNiuY7a6Q=s0\" alt=\"\"\/><figcaption>Fonte:<a href=\"https:\/\/escola.britannica.com.br\/pesquisa\/imagens\/povo%20da%20%20regiao%20norte%20brasileria\/recursos\/145947\">https:\/\/escola.britannica.com.br\/pesquisa\/imagens\/povo%20da%20%20regiao%20norte%20brasileria\/recursos\/145947<\/a><\/figcaption><\/figure><\/div>\n\n\n\n<p class=\"has-text-align-left has-black-color has-text-color\" style=\"font-size:25px\">Paran\u00e1, Santa Catarina e Rio Grande do Sul comp\u00f5em a Regi\u00e3o Sul, que faz fronteira com Paraguai, Argentina e Uruguai, conta com mais de 27 milh\u00f5es de habitantes. Mesmo sendo a menor das regi\u00f5es brasileiras, \u00e9 de uma organiza\u00e7\u00e3o impec\u00e1vel, de povo hospitaleiro, mesclado por \u00edndios, negros, portugueses, alem\u00e3es, italianos, russos e poloneses. A economia \u00e9 baseada na pecu\u00e1ria extensiva &#8211; cria\u00e7\u00e3o de gado em grandes \u00e1reas de pastagem-, na agricultura destacamos arroz, trigo, milho, batata, hortali\u00e7as, frutas e soja. O cultivo de uva \u00e9 muito importante para a produ\u00e7\u00e3o de vinho. A extra\u00e7\u00e3o de celulose tamb\u00e9m tem destaque. O turismo se destaca no litoral catarinense. <\/p>\n\n\n\n<p class=\"has-text-align-left has-black-color has-text-color\" style=\"font-size:25px\">O relevo mostra vastos planaltos e plan\u00edcies estreitas. A vegeta\u00e7\u00e3o varia entre florestas &#8211; mata dos pinhais ou arauc\u00e1rias, mata atl\u00e2ntica e campos, a campanha ga\u00facha ou pampas. O clima subtropical registra as temperaturas mais baixas do pa\u00eds. As bacias dos rios Paran\u00e1 e Uruguai, tem volumoso potencial hidrel\u00e9trico como o Paran\u00e1, com a represa de Itaip\u00fa. <\/p>\n\n\n\n<p class=\"has-text-align-center has-black-color has-light-green-cyan-background-color has-text-color has-background\" style=\"font-size:25px\"><strong>Relembrando a aula<\/strong><\/p>\n\n\n\n<p class=\"has-text-align-left has-black-color has-text-color\" style=\"font-size:25px\"><strong> <\/strong>Nesta aula, voc\u00ea aprendeu sobre as 5 regi\u00f5es brasileiras: Norte, Nordeste, Centro-Oeste, Sudeste e Sul, e o que diferencia uma regi\u00e3o da outra. Aprendeu, tamb\u00e9m, sobre os limites e as fronteiras, e ainda sobre as caracter\u00edsticas quanto ao clima, relevo, hidrografia, mistura populacional, economia, riquezas naturais e recursos hidrogr\u00e1ficos. <\/p>\n\n\n\n<p class=\"has-text-align-center has-black-color has-pale-cyan-blue-background-color has-text-color has-background\" style=\"font-size:25px\"><strong>Atividade<\/strong><\/p>\n\n\n\n<p class=\"has-text-align-left has-black-color has-text-color\" style=\"font-size:25px\"> Agora um desafio para voc\u00ea: Escolha uma das regi\u00f5es brasileiras e prepare-se para apresentar, oralmente, essa regi\u00e3o para um(a) de seus colegas ou de sua fam\u00edlia. basta seguir os passos:<\/p>\n\n\n\n<p class=\"has-text-align-left has-black-color has-text-color\" style=\"font-size:25px\">1- Leia novamente as informa\u00e7\u00f5es sobre as regi\u00f5es brasileiras contidas na aula e escolha uma delas; <\/p>\n\n\n\n<p class=\"has-text-align-left has-black-color has-text-color\" style=\"font-size:25px\">2- Busque mais informa\u00e7\u00f5es, caso ache necess\u00e1rio. Voc\u00ea pode pesquisar ou at\u00e9 mesmo entrevistar algu\u00e9m de sua fam\u00edlia, caso ela seja da regi\u00e3o que voc\u00ea escolheu. Que tal descobrir uma curiosidade sobre a regi\u00e3o escolhida? Assim sua apresenta\u00e7\u00e3o ficar\u00e1 mais interessante. <\/p>\n\n\n\n<p class=\"has-text-align-left has-black-color has-text-color\" style=\"font-size:25px\">3- Agora, anote em seu caderno o resultado de sua pesquisa, o que mais lhe chamou a aten\u00e7\u00e3o nessa regi\u00e3o e crie uma apresenta\u00e7\u00e3o oral para compartilhar com seus amigos ou familiares. Voc\u00ea pode compartilhar sua atividade pelas redes sociais com seus amigos.<\/p>\n\n\n\n<hr class=\"wp-block-separator\"\/>\n\n\n\n<figure class=\"wp-block-table\"><table><tbody><tr><td><strong>Habilidade estruturante:&nbsp;<\/strong><\/td><td>(EF05GE09-A) Localizar os estados e as regi\u00f5es brasileiras, bem como conhecer seus limites e fronteiras<\/td><\/tr><tr><td><strong>Refer\u00eancias:<\/strong><\/td><td>Buriti mais Geografia\/ Organizadora Editora Moderna; Obra coletiva concebida, desenvolvida e produzida pela Editora Moderna; Lina Youssef Jomaa&nbsp; -1ed.- S\u00e3o Paulo: Moderna, 2017.<br><a href=\"https:\/\/escola.britannica.com.br\/artigo\/regi%C3%A3o-Norte\/483411\">https:\/\/escola.britannica.com.br\/artigo\/regi%C3%A3o-Norte\/483411<\/a> <a href=\"https:\/\/escola.britannica.com.br\/pesquisa\/imagens\/brasil%20regiao%20norte\/recursos\/145945\">https:\/\/escola.britannica.com.br\/pesquisa\/imagens\/brasil%20regiao%20norte\/recursos\/145945<\/a> <a href=\"https:\/\/escola.britannica.com.br\/artigo\/regi%C3%A3o-Nordeste\/483410\">https:\/\/escola.britannica.com.br\/artigo\/regi%C3%A3o-Nordeste\/483410<\/a>  <a href=\"https:\/\/escola.britannica.com.br\/artigo\/regi%C3%A3o-Centro-Oeste\/483168\">https:\/\/escola.britannica.com.br\/artigo\/regi%C3%A3o-Centro-Oeste\/483168<\/a>  <a href=\"https:\/\/escola.britannica.com.br\/artigo\/regi%C3%A3o-Sudeste\/483573\">https:\/\/escola.britannica.com.br\/artigo\/regi%C3%A3o-Sudeste\/483573<\/a>  <a href=\"https:\/\/escola.britannica.com.br\/artigo\/regi%C3%A3o-Sul\/483574\">https:\/\/escola.britannica.com.br\/artigo\/regi%C3%A3o-Sul\/483574<\/a> <a href=\"https:\/\/cnae.ibge.gov.br\/en\/component\/content\/article\/97-7a12\/7a12-voce-sabia\/curiosidades\/1629-o-tamanho-do-brasil.html\">https:\/\/cnae.ibge.gov.br\/en\/component\/content\/article\/97-7a12\/7a12-voce-sabia\/curiosidades\/1629-o-tamanho-do-brasil.html<\/a> <\/td><\/tr><\/tbody><\/table><\/figure>\n\n\n\n<p class=\"has-cyan-bluish-gray-background-color has-background\" style=\"font-size:25px\">Professor, essa aula segue a Matriz Curricular das Habilidades Estruturantes 2021-2021. Foi elaborada no ano de 2020, com a suspens\u00e3o das aulas presenciais devido \u00e0 pandemia da Covid-19 e segue as orienta\u00e7\u00f5es de flexibiliza\u00e7\u00e3o curricular para o bi\u00eanio 2020\/2021 (Of\u00edcio Circular 147\/2020 Dirped).<\/p>\n","protected":false},"author":42,"featured_media":132396,"template":"","ef_categoria":[14,23],"ef_ano":[88],"ef_componente":[96],"class_list":["post-132395","ensino_fundamental","type-ensino_fundamental","status-publish","has-post-thumbnail","hentry","ef_categoria-ciclo-da-infancia-de","ef_categoria-educacao-ambiental-e-saude-ciclo-da-infancia-de","ef_ano-5o-ano","ef_componente-geografia","entry","has-media"],"acf":[],"_links":{"self":[{"href":"https:\/\/sme.goiania.go.gov.br\/conexaoescola\/wp-json\/wp\/v2\/ensino_fundamental\/132395","targetHints":{"allow":["GET"]}}],"collection":[{"href":"https:\/\/sme.goiania.go.gov.br\/conexaoescola\/wp-json\/wp\/v2\/ensino_fundamental"}],"about":[{"href":"https:\/\/sme.goiania.go.gov.br\/conexaoescola\/wp-json\/wp\/v2\/types\/ensino_fundamental"}],"author":[{"embeddable":true,"href":"https:\/\/sme.goiania.go.gov.br\/conexaoescola\/wp-json\/wp\/v2\/users\/42"}],"version-history":[{"count":0,"href":"https:\/\/sme.goiania.go.gov.br\/conexaoescola\/wp-json\/wp\/v2\/ensino_fundamental\/132395\/revisions"}],"wp:featuredmedia":[{"embeddable":true,"href":"https:\/\/sme.goiania.go.gov.br\/conexaoescola\/wp-json\/wp\/v2\/media\/132396"}],"wp:attachment":[{"href":"https:\/\/sme.goiania.go.gov.br\/conexaoescola\/wp-json\/wp\/v2\/media?parent=132395"}],"wp:term":[{"taxonomy":"ef_categoria","embeddable":true,"href":"https:\/\/sme.goiania.go.gov.br\/conexaoescola\/wp-json\/wp\/v2\/ef_categoria?post=132395"},{"taxonomy":"ef_ano","embeddable":true,"href":"https:\/\/sme.goiania.go.gov.br\/conexaoescola\/wp-json\/wp\/v2\/ef_ano?post=132395"},{"taxonomy":"ef_componente","embeddable":true,"href":"https:\/\/sme.goiania.go.gov.br\/conexaoescola\/wp-json\/wp\/v2\/ef_componente?post=132395"}],"curies":[{"name":"wp","href":"https:\/\/api.w.org\/{rel}","templated":true}]}}