{"id":132371,"date":"2021-10-11T07:00:00","date_gmt":"2021-10-11T10:00:00","guid":{"rendered":"https:\/\/sme.goiania.go.gov.br\/conexaoescola\/?post_type=ensino_fundamental&#038;p=132371"},"modified":"2021-12-22T16:56:14","modified_gmt":"2021-12-22T18:56:14","slug":"arte-museu-memorial-do-cerrado-conhecendo-o-cerrado-aula-2","status":"publish","type":"ensino_fundamental","link":"https:\/\/sme.goiania.go.gov.br\/conexaoescola\/ensino_fundamental\/arte-museu-memorial-do-cerrado-conhecendo-o-cerrado-aula-2\/","title":{"rendered":"ARTE &#8211; Museu Memorial do Cerrado: Conhecendo o Cerrado (aula 2)"},"content":{"rendered":"\n<p class=\"has-pale-cyan-blue-background-color has-background has-medium-font-size\"><em>Ol\u00e1, estudante!<\/em><br><em>Esta videoaula de Artes foi veiculada na TV no dia <\/em><strong><em>11\/10\/2021 (Segunda-feira)<\/em><\/strong><em>. Aqui no Portal Conex\u00e3o Escola, ela est\u00e1 dispon\u00edvel juntamente com a proposta de atividade.<\/em><\/p>\n\n\n\n<hr class=\"wp-block-separator\"\/>\n\n\n\n<p class=\"has-text-align-center has-medium-font-size\"><strong>O Cerrado \u00e9 um bioma de grande import\u00e2ncia e beleza! Vamos conhecer um pouco mais sobre esse bioma atrav\u00e9s do Museu Memorial do Cerrado? Vamos juntos nessa aventura?&nbsp;<\/strong><\/p>\n\n\n\n<hr class=\"wp-block-separator has-text-color has-background has-vivid-red-background-color has-vivid-red-color\"\/>\n\n\n\n<p class=\"has-text-align-center has-white-color has-luminous-vivid-orange-background-color has-text-color has-background has-medium-font-size\"><strong>Assista a videoaula abaixo, com a tem\u00e1tica <\/strong>&#8211;<strong>&nbsp;Museu Memorial do Cerrado: Vamos falar de Arte e Educa\u00e7\u00e3o Ambiental?<\/strong><\/p>\n\n\n\n<hr class=\"wp-block-separator has-text-color has-background has-vivid-red-background-color has-vivid-red-color\"\/>\n\n\n\n<figure class=\"wp-block-embed is-type-video is-provider-youtube wp-block-embed-youtube wp-embed-aspect-16-9 wp-has-aspect-ratio\"><div class=\"wp-block-embed__wrapper\">\n<p class=\"responsive-video-wrap clr\"><iframe title=\"Aula 2 - Arte - Memorial do Cerrado - 6 ano\" width=\"1200\" height=\"675\" src=\"https:\/\/www.youtube.com\/embed\/Lfpg0HS17do?feature=oembed\" frameborder=\"0\" allow=\"accelerometer; autoplay; clipboard-write; encrypted-media; gyroscope; picture-in-picture\" allowfullscreen><\/iframe><\/p>\n<\/div><figcaption>ARTE | 6\u00ba ANO | ENSINO FUNDAMENTAL | PROF.: POLLYANNA BRITO<\/figcaption><\/figure>\n\n\n\n<hr class=\"wp-block-separator has-text-color has-background has-vivid-red-background-color has-vivid-red-color\"\/>\n\n\n\n<p class=\"has-medium-font-size\"><strong>Nosso querido Cerrado&nbsp;<\/strong><\/p>\n\n\n\n<p class=\"has-medium-font-size\">A arte \u00e9 poderosa! Ela pode nos ajudar a ver as coisas por um novo \u00e2ngulo, nos possibilita novas formas de ver e pensar nossas rela\u00e7\u00f5es.&nbsp; Pois s\u00f3 reconhecemos e protegemos aquilo que aceitamos.&nbsp;<\/p>\n\n\n\n<p class=\"has-medium-font-size\">Geralmente, quando pedimos a uma crian\u00e7a, ou at\u00e9 mesmo a um adulto, que desenhe uma \u00e1rvore, teremos uma enorme variedade de desenhos, cada um com suas caracter\u00edsticas e singularidades. No entanto, a ideia original, a \u00e1rvore imaginada, provavelmente n\u00e3o ser\u00e1 muito diferente: tronco alto, retinho, folhas densas e abundantes \u2013 de um verde intenso, frutos vi\u00e7osos \u2013 um estere\u00f3tipo, a t\u00edpica \u00e1rvore que nos ensinaram a desenhar desde o jardim de inf\u00e2ncia.&nbsp;<\/p>\n\n\n\n<p class=\"has-medium-font-size\">Ser\u00e1 uma exce\u00e7\u00e3o se algu\u00e9m, de forma espont\u00e2nea, chegar a desenhar uma \u00e1rvore retorcida, pequena, com espinhos ou ainda um tronco assim\u00e9trico, que possua casca \u00e1spera e cheia de rachaduras, ou seja, uma t\u00edpica \u00e1rvore do cerrado. Entretanto, vivemos no bioma Cerrado! Estes elementos est\u00e3o presentes na maioria das \u00e1rvores que vemos todos os dias. Precisamos aprender a apreciar as v\u00e1rias belezas do Cerrado. Afinal, se o Cerrado s\u00f3 tem arbustos e gram\u00edneas feias e sem import\u00e2ncia por que preserv\u00e1-lo? Muito pelo contr\u00e1rio! Nosso Cerrado \u00e9 lindo!! Voc\u00ea conhece o nosso Cerrado?&nbsp;<\/p>\n\n\n\n<hr class=\"wp-block-separator has-text-color has-background has-vivid-red-background-color has-vivid-red-color\"\/>\n\n\n\n<figure class=\"wp-block-table aligncenter\"><table><tbody><tr><td class=\"has-text-align-center\" data-align=\"center\"><img fetchpriority=\"high\" decoding=\"async\" width=\"495\" height=\"328\" alt=\"Paisagem, Lua, Noite, \u00c1rvore, Cerrado, Noite Enluarada\" src=\"https:\/\/lh3.googleusercontent.com\/yeNFWRZdshVNLqJjVdM2q74zyuSM61sHWfD8TeDA0kaIN4HbuLR8XPUeVmnl7fvv84s3CE-41bMS-pAp-chkw37YK39vOLYYgcB2YSG3lvRWXfLAV6HXbZLEWzLNpCAr2e8xp3I\"><br>Dispon\u00edvel em: https:\/\/pixabay.com\/pt\/photos\/paisagem-lua-noite-%c3%a1rvore-cerrado-1629977\/<br><\/td><td class=\"has-text-align-center\" data-align=\"center\"><img decoding=\"async\" width=\"234\" height=\"315\" alt=\"red cluster flower in close up photography\" src=\"https:\/\/lh5.googleusercontent.com\/sjwnmlulXo7I3bxvTGYaXVV0n4ZmXC03N8zbf4UpMfW4nb9vR7zrVNpVqxaxSlo6w4IRUb0ToZ0OhNgr6X7NFF2XI-XUu7-r8VPVYIVHMI3s8CBocIt429HWcUzYsb4bFiL16Yo\"><br>\u00c1rvores do Cerrado. <br>Dispon\u00edvel em: https:\/\/unsplash.com\/photos\/U13Fx45-sFM<\/td><\/tr><\/tbody><\/table><\/figure>\n\n\n\n<hr class=\"wp-block-separator has-text-color has-background has-vivid-red-background-color has-vivid-red-color\"\/>\n\n\n\n<p class=\"has-medium-font-size\">Vamos entender, pelo menos um pouquinho, porque preservar o bioma Cerrado \u00e9 t\u00e3o importante? O Cerrado \u00e9 considerado a maior savana do mundo em&nbsp;biodiversidade&nbsp;e compreende grande parte do territ\u00f3rio brasileiro, uma \u00e1rea de&nbsp;2 milh\u00f5es de km\u00b2.<\/p>\n\n\n\n<p class=\"has-medium-font-size\">Por isso, o cerrado e os ecossistemas que o comp\u00f5em possuem uma rica fauna e flora, sendo o habitat de muitas esp\u00e9cies de animais. Este \u00e9 tamb\u00e9m um dos motivos deste bioma ser um dos mais afetados pelo&nbsp;tr\u00e1fico de animais.<\/p>\n\n\n\n<p class=\"has-medium-font-size\">A despeito de apresentar uma rica e grande biodiversidade esse bioma vem sofrendo muito com o&nbsp;desmatamento, principalmente ocasionados pela agricultura.<\/p>\n\n\n\n<p class=\"has-medium-font-size\">Hoje, o bioma conserva apenas 20% de sua \u00e1rea total, passando por um grande processo de descaracteriza\u00e7\u00e3o, ou seja, ocupado por grandes pastagens de gado e extensas planta\u00e7\u00f5es de soja, algod\u00e3o, cana, eucalipto.<\/p>\n\n\n\n<p class=\"has-medium-font-size\">Al\u00e9m disso, grande parte do cerrado j\u00e1 foi destru\u00edda pelo desenfreado processo de urbaniza\u00e7\u00e3o.<\/p>\n\n\n\n<p class=\"has-medium-font-size\">O desmatamento e a ca\u00e7a ilegal, o contrabando de esp\u00e9cies e as&nbsp;queimadas, amea\u00e7am o habitat de muitas esp\u00e9cies, levando, dessa maneira, a sua&nbsp;extin\u00e7\u00e3o.<\/p>\n\n\n\n<p class=\"has-medium-font-size\">Na \u00e1rea coberta por esse bioma, a gente encontra muitas nascentes de rios. Por isso, o bioma Cerrado pode ser considerado como o ber\u00e7o das \u00e1guas do Brasil, pois suas nascentes alimentam oito das 12 regi\u00f5es hidrogr\u00e1ficas do Pa\u00eds, com destaque para tr\u00eas: as bacias dos rios Araguaia\/Tocantins, do Rio S\u00e3o Francisco e do Rio Paran\u00e1. Isso porque \u00e9 em seu territ\u00f3rio que a gente encontra as fontes de uma boa quantidade de \u00e1gua que banha essas bacias hidrogr\u00e1ficas.<\/p>\n\n\n\n<hr class=\"wp-block-separator has-text-color has-background has-vivid-red-background-color has-vivid-red-color\"\/>\n\n\n\n<p class=\"has-medium-font-size\"><strong>Atividade<\/strong><\/p>\n\n\n\n<p class=\"has-medium-font-size\"><strong>Vamos desenhar um ip\u00ea? T\u00e9cnica de pintura com cotonete<\/strong><\/p>\n\n\n\n<p class=\"has-medium-font-size\">Conhecer, valorizar e preservar o bioma Cerrado \u00e9 muito importante!! Ent\u00e3o, que tal aprendermos a desenhar um Ip\u00ea? Uma das lindas \u00e1rvores do nosso bioma Cerrado!&nbsp;<\/p>\n\n\n\n<hr class=\"wp-block-separator has-text-color has-background has-vivid-red-background-color has-vivid-red-color\"\/>\n\n\n\n<figure class=\"wp-block-embed is-type-video is-provider-youtube wp-block-embed-youtube wp-embed-aspect-16-9 wp-has-aspect-ratio\"><div class=\"wp-block-embed__wrapper\">\n<p class=\"responsive-video-wrap clr\"><iframe title=\"como desenhar \u00e1rvore de flores ype t\u00e9cnica de pintura com cotonete\" width=\"1200\" height=\"675\" src=\"https:\/\/www.youtube.com\/embed\/ldm6ko8SkrU?feature=oembed\" frameborder=\"0\" allow=\"accelerometer; autoplay; clipboard-write; encrypted-media; gyroscope; picture-in-picture\" allowfullscreen><\/iframe><\/p>\n<\/div><figcaption><strong>como desenhar \u00e1rvore de flores ype t\u00e9cnica de pintura com cotonete<\/strong><br> https:\/\/www.youtube.com\/watch?v=ldm6ko8SkrU<\/figcaption><\/figure>\n\n\n\n<hr class=\"wp-block-separator has-text-color has-background has-vivid-red-background-color has-vivid-red-color\"\/>\n\n\n\n<ol class=\"has-medium-font-size wp-block-list\"><li>Usando materiais simples como: papel, cotonetes, um pouco de tinta voc\u00ea poder\u00e1 realizar essa atividade!&nbsp;<\/li><li>Desenhe um tronco retorcido, junte dois, tr\u00eas ou mais cotonetes e use-os como pinc\u00e9is para essa atividade. Usando um pouco de tinta branca para clarear o tom da tinta tente fazer um degrad\u00ea de cores.&nbsp;<\/li><li>Use sua criatividade sem limites!! &nbsp;<\/li><\/ol>\n\n\n\n<hr class=\"wp-block-separator has-text-color has-background has-vivid-red-background-color has-vivid-red-color\"\/>\n\n\n\n<p class=\"has-text-align-center has-medium-font-size\"><strong>At\u00e9 a nossa pr\u00f3xima aula!!&nbsp;<\/strong><\/p>\n\n\n\n<hr class=\"wp-block-separator has-text-color has-background has-vivid-red-background-color has-vivid-red-color\"\/>\n\n\n\n<p class=\"has-luminous-vivid-amber-background-color has-background has-medium-font-size\"><em>Professor, essa aula segue a Matriz Curricular das Habilidades Estruturantes 2021-2021. Foi elaborada no ano de 2020, com a suspens\u00e3o das aulas presenciais devido \u00e0 pandemia da Covid-19 e segue as orienta\u00e7\u00f5es de flexibiliza\u00e7\u00e3o curricular para o bi\u00eanio 2020\/2021 (Of\u00edcio Circular 147\/2020 Dirped).<\/em><\/p>\n\n\n\n<p><strong>Habilidades estruturantes&nbsp;<\/strong><\/p>\n\n\n\n<p>(GO-EF69AR02) Pesquisar e analisar diferentes estilos visuais, contextualizando-os no tempo e no espa\u00e7o.<\/p>\n\n\n\n<p>&nbsp;(GO-EF69AR34) Analisar e valorizar o patrim\u00f4nio cultural, material e imaterial, de culturas diversas, em especial a brasileira, incluindo suas matrizes ind\u00edgenas, africanas e europeias, de diferentes \u00e9pocas, e favorecendo a constru\u00e7\u00e3o de vocabul\u00e1rio e repert\u00f3rio relativos \u00e0s diferentes linguagens art\u00edsticas.<\/p>\n\n\n\n<hr class=\"wp-block-separator has-text-color has-background has-vivid-red-background-color has-vivid-red-color\"\/>\n\n\n\n<p><strong>Refer\u00eancias:<\/strong> https:\/\/museucerrado.com.br\/eco-historia\/memorial-do-cerrado\/<\/p>\n","protected":false},"author":6,"featured_media":132372,"template":"","ef_categoria":[],"ef_ano":[89],"ef_componente":[99],"class_list":["post-132371","ensino_fundamental","type-ensino_fundamental","status-publish","has-post-thumbnail","hentry","ef_ano-6o-ano","ef_componente-arte-ef","entry","has-media"],"acf":[],"_links":{"self":[{"href":"https:\/\/sme.goiania.go.gov.br\/conexaoescola\/wp-json\/wp\/v2\/ensino_fundamental\/132371","targetHints":{"allow":["GET"]}}],"collection":[{"href":"https:\/\/sme.goiania.go.gov.br\/conexaoescola\/wp-json\/wp\/v2\/ensino_fundamental"}],"about":[{"href":"https:\/\/sme.goiania.go.gov.br\/conexaoescola\/wp-json\/wp\/v2\/types\/ensino_fundamental"}],"author":[{"embeddable":true,"href":"https:\/\/sme.goiania.go.gov.br\/conexaoescola\/wp-json\/wp\/v2\/users\/6"}],"version-history":[{"count":0,"href":"https:\/\/sme.goiania.go.gov.br\/conexaoescola\/wp-json\/wp\/v2\/ensino_fundamental\/132371\/revisions"}],"wp:featuredmedia":[{"embeddable":true,"href":"https:\/\/sme.goiania.go.gov.br\/conexaoescola\/wp-json\/wp\/v2\/media\/132372"}],"wp:attachment":[{"href":"https:\/\/sme.goiania.go.gov.br\/conexaoescola\/wp-json\/wp\/v2\/media?parent=132371"}],"wp:term":[{"taxonomy":"ef_categoria","embeddable":true,"href":"https:\/\/sme.goiania.go.gov.br\/conexaoescola\/wp-json\/wp\/v2\/ef_categoria?post=132371"},{"taxonomy":"ef_ano","embeddable":true,"href":"https:\/\/sme.goiania.go.gov.br\/conexaoescola\/wp-json\/wp\/v2\/ef_ano?post=132371"},{"taxonomy":"ef_componente","embeddable":true,"href":"https:\/\/sme.goiania.go.gov.br\/conexaoescola\/wp-json\/wp\/v2\/ef_componente?post=132371"}],"curies":[{"name":"wp","href":"https:\/\/api.w.org\/{rel}","templated":true}]}}