{"id":131867,"date":"2021-09-20T07:00:00","date_gmt":"2021-09-20T10:00:00","guid":{"rendered":"https:\/\/sme.goiania.go.gov.br\/conexaoescola\/?post_type=ensino_fundamental&#038;p=131867"},"modified":"2022-03-31T22:37:26","modified_gmt":"2022-04-01T01:37:26","slug":"brincadeira-de-crianca-2","status":"publish","type":"ensino_fundamental","link":"https:\/\/sme.goiania.go.gov.br\/conexaoescola\/ensino_fundamental\/brincadeira-de-crianca-2\/","title":{"rendered":"Educa\u00e7\u00e3o F\u00edsica &#8211; Brincadeira de Crian\u00e7a"},"content":{"rendered":"\n<p class=\"has-medium-font-size\">Ol\u00e1 Crian\u00e7as! Hoje voc\u00eas ir\u00e3o aprender um pouquinho sobre as brincadeiras da nossa cultura popular. Sabiam que muitas delas voc\u00eas j\u00e1 brincam?&nbsp;<br>Veja quais brincadeiras s\u00e3o e quais v\u00e3o gostar mais, espero que todos gostem.<\/p>\n\n\n\n<hr class=\"wp-block-separator\"\/>\n\n\n\n<h2 class=\"has-luminous-vivid-orange-background-color has-background wp-block-heading\">Atividade 1<\/h2>\n\n\n\n<p class=\"has-medium-font-size\">Vamos assistir a um v\u00eddeo sobre como fazemos e como pulamos a amarelinha, que \u00e9 uma brincadeira da nossa cultura popular.<\/p>\n\n\n\n<figure class=\"wp-block-embed is-type-video is-provider-youtube wp-block-embed-youtube wp-embed-aspect-16-9 wp-has-aspect-ratio\"><div class=\"wp-block-embed__wrapper\">\n<p class=\"responsive-video-wrap clr\"><iframe title=\"Brincando de Amarelinha - Desenho Infantil Educativo Animazoo!\" width=\"1200\" height=\"675\" src=\"https:\/\/www.youtube.com\/embed\/XyKyYlmVRT0?feature=oembed\" frameborder=\"0\" allow=\"accelerometer; autoplay; clipboard-write; encrypted-media; gyroscope; picture-in-picture\" allowfullscreen><\/iframe><\/p>\n<\/div><figcaption>&#8220;Brincando de Amarelinha &#8211; Desenho Infantil Educativo Animazoo!&#8221; &#8211; Canal: <a href=\"https:\/\/www.youtube.com\/channel\/UCXZ7CRDAB8goT93tVAIU52Q\">Animazoo_Brasil<\/a> &#8211; <br>Link: https:\/\/www.youtube.com\/watch?v=XyKyYlmVRT0<\/figcaption><\/figure>\n\n\n\n<hr class=\"wp-block-separator\"\/>\n\n\n\n<h2 class=\"has-vivid-cyan-blue-background-color has-background wp-block-heading\">Atividade 2<\/h2>\n\n\n\n<p class=\"has-medium-font-size\">Agora vamos assistir a um v\u00eddeo de como jogamos escravos de J\u00f4, sozinho e com a fam\u00edlia.<\/p>\n\n\n\n<figure class=\"wp-block-embed is-type-video is-provider-youtube wp-block-embed-youtube wp-embed-aspect-16-9 wp-has-aspect-ratio\"><div class=\"wp-block-embed__wrapper\">\n<p class=\"responsive-video-wrap clr\"><iframe title=\"Escravos de J\u00f3 - Galinha Pintadinha 1 - OFICIAL\" width=\"1200\" height=\"675\" src=\"https:\/\/www.youtube.com\/embed\/AJCVHKEohAg?feature=oembed\" frameborder=\"0\" allow=\"accelerometer; autoplay; clipboard-write; encrypted-media; gyroscope; picture-in-picture\" allowfullscreen><\/iframe><\/p>\n<\/div><figcaption>&#8220;Escravos de J\u00f3 &#8211; Galinha Pintadinha 1 &#8211; OFICIAL&#8221; &#8211; Canal: <a href=\"https:\/\/www.youtube.com\/channel\/UCBAb_DK4GYZqZR9MFA7y2Xg\">Galinha Pintadinha<\/a> &#8211; Link: https:\/\/www.youtube.com\/watch?v=AJCVHKEohAg<\/figcaption><\/figure>\n\n\n\n<hr class=\"wp-block-separator\"\/>\n\n\n\n<h2 class=\"has-pale-cyan-blue-background-color has-background wp-block-heading\">Atividade 3<\/h2>\n\n\n\n<p class=\"has-medium-font-size\">Para finalizar vamos assistir a um v\u00eddeo de uma brincadeira com uma bola.<\/p>\n\n\n\n<figure class=\"wp-block-embed is-type-video is-provider-youtube wp-block-embed-youtube wp-embed-aspect-16-9 wp-has-aspect-ratio\"><div class=\"wp-block-embed__wrapper\">\n<p class=\"responsive-video-wrap clr\"><iframe title=\"Como brincar de Ordem com a bola? - Educar para Crescer\" width=\"1200\" height=\"675\" src=\"https:\/\/www.youtube.com\/embed\/JFDHaWnaDMg?feature=oembed\" frameborder=\"0\" allow=\"accelerometer; autoplay; clipboard-write; encrypted-media; gyroscope; picture-in-picture\" allowfullscreen><\/iframe><\/p>\n<\/div><figcaption>&#8220;Como brincar de Ordem com a bola? &#8211; Educar para Crescer&#8221; &#8211; Canal: <a href=\"https:\/\/www.youtube.com\/channel\/UCi_ngNvti0V1j3VQlgFrfig\">Educar para Crescer<\/a> &#8211; <br>Link: https:\/\/www.youtube.com\/watch?v=JFDHaWnaDMg<\/figcaption><\/figure>\n\n\n\n<hr class=\"wp-block-separator\"\/>\n\n\n\n<h2 class=\"has-white-color has-vivid-purple-background-color has-text-color has-background wp-block-heading\">Atividade 4<\/h2>\n\n\n\n<p class=\"has-medium-font-size\">Agora \u00e9 hora da produ\u00e7\u00e3o!&nbsp;Escolha uma brincadeira da cultura popular e escreva o que achou dela e fa\u00e7a um desenho de voc\u00ea brincando.<\/p>\n\n\n\n<hr class=\"wp-block-separator\"\/>\n\n\n\n<figure class=\"wp-block-table alignfull\"><table><tbody><tr><td>Saiba Mais \/ Refer\u00eancias:<\/td><td>Para saberem mais sobre brincadeiras da cultura popular visitem o link abaixo do qual ter\u00e3o v\u00e1rios v\u00eddeos explicando as brincadeiras: <a href=\"about:blank\">https:\/\/www.youtube.com\/results?sp=mAEB&amp;search_query=brincadeiras+popular+<\/a><\/td><\/tr><tr><td>Objeto de Conhecimento<\/td><td>Conhecer as brincadeiras da cultura popular que est\u00e3o no dia a dia das crian\u00e7as.<\/td><\/tr><tr><td>Componente Curricular<\/td><td>Educa\u00e7\u00e3o F\u00edsica<\/td><\/tr><tr><td>Habilidades<\/td><td>(EF12EF01-A) &#8211; Conhecer, vivenciar, respeitar e compreender os diferentes jogos, brinquedos e brincadeiras do contexto goiano contemplando os de matrizes ind\u00edgenas e africanas.(EF12EF03-A) Experimentar, criar e desenvolver brincadeiras que envolvam situa\u00e7\u00f5es imagin\u00e1rias criando espa\u00e7os e contextos que oportunizem o contato com o simb\u00f3lico e o l\u00fadico.&nbsp;&nbsp;&nbsp;(EF12EF04-A) Experimentar atividades l\u00fadicas que reconhe\u00e7am o corpo humano, suas possibilidades e limita\u00e7\u00f5es, considerando os aspectos naturais e culturais. (EF12EF04) Colaborar na proposi\u00e7\u00e3o e na produ\u00e7\u00e3o de alternativas para a pr\u00e1tica, em outros momentos e espa\u00e7os, de brincadeiras e jogos e demais pr\u00e1ticas corporais tematizadas na escola, produzindo textos (orais, escritos, audiovisuais) para divulg\u00e1-las na escola e na comunidade.<\/td><\/tr><tr><td>Proponentes\/ Professores:<\/td><td>Maria Aparecida Ribeiro Malheiros&nbsp;<br>Tony Afonso&nbsp;&nbsp;&nbsp;&nbsp;&nbsp;&nbsp;&nbsp;&nbsp;&nbsp;&nbsp;&nbsp;<br>Rosilene Soares da Silva<\/td><\/tr><tr><td>Institui\u00e7\u00e3o Educacional:<\/td><td>Escola Municipal Jardim Nova Esperan\u00e7a&nbsp;<\/td><\/tr><tr><td>CRE:<\/td><td>Brasil Di Ramos Caiado<\/td><\/tr><\/tbody><\/table><\/figure>\n","protected":false},"author":30,"featured_media":131868,"template":"","ef_categoria":[13,17],"ef_ano":[84],"ef_componente":[97],"class_list":["post-131867","ensino_fundamental","type-ensino_fundamental","status-publish","has-post-thumbnail","hentry","ef_categoria-ciclo-da-infancia-abc","ef_categoria-corpo-e-movimento","ef_ano-1o-ano","ef_componente-educacao-fisica","entry","has-media"],"acf":[],"_links":{"self":[{"href":"https:\/\/sme.goiania.go.gov.br\/conexaoescola\/wp-json\/wp\/v2\/ensino_fundamental\/131867","targetHints":{"allow":["GET"]}}],"collection":[{"href":"https:\/\/sme.goiania.go.gov.br\/conexaoescola\/wp-json\/wp\/v2\/ensino_fundamental"}],"about":[{"href":"https:\/\/sme.goiania.go.gov.br\/conexaoescola\/wp-json\/wp\/v2\/types\/ensino_fundamental"}],"author":[{"embeddable":true,"href":"https:\/\/sme.goiania.go.gov.br\/conexaoescola\/wp-json\/wp\/v2\/users\/30"}],"version-history":[{"count":0,"href":"https:\/\/sme.goiania.go.gov.br\/conexaoescola\/wp-json\/wp\/v2\/ensino_fundamental\/131867\/revisions"}],"wp:featuredmedia":[{"embeddable":true,"href":"https:\/\/sme.goiania.go.gov.br\/conexaoescola\/wp-json\/wp\/v2\/media\/131868"}],"wp:attachment":[{"href":"https:\/\/sme.goiania.go.gov.br\/conexaoescola\/wp-json\/wp\/v2\/media?parent=131867"}],"wp:term":[{"taxonomy":"ef_categoria","embeddable":true,"href":"https:\/\/sme.goiania.go.gov.br\/conexaoescola\/wp-json\/wp\/v2\/ef_categoria?post=131867"},{"taxonomy":"ef_ano","embeddable":true,"href":"https:\/\/sme.goiania.go.gov.br\/conexaoescola\/wp-json\/wp\/v2\/ef_ano?post=131867"},{"taxonomy":"ef_componente","embeddable":true,"href":"https:\/\/sme.goiania.go.gov.br\/conexaoescola\/wp-json\/wp\/v2\/ef_componente?post=131867"}],"curies":[{"name":"wp","href":"https:\/\/api.w.org\/{rel}","templated":true}]}}