{"id":131596,"date":"2021-09-22T09:09:05","date_gmt":"2021-09-22T12:09:05","guid":{"rendered":"https:\/\/sme.goiania.go.gov.br\/conexaoescola\/?post_type=ensino_fundamental&#038;p=131596"},"modified":"2021-11-16T16:09:28","modified_gmt":"2021-11-16T18:09:28","slug":"matematica-probabilidade-e-estatistica-aprendendo-a-interpretar-graficos-e-tabelas","status":"publish","type":"ensino_fundamental","link":"https:\/\/sme.goiania.go.gov.br\/conexaoescola\/ensino_fundamental\/matematica-probabilidade-e-estatistica-aprendendo-a-interpretar-graficos-e-tabelas\/","title":{"rendered":"MATEM\u00c1TICA &#8211; PROBABILIDADE E ESTAT\u00cdSTICA: APRENDENDO A INTERPRETAR GR\u00c1FICOS E TABELAS"},"content":{"rendered":"\n<p class=\"has-text-align-center\"><img decoding=\"async\" width=\"307px;\" height=\"319px;\" src=\"https:\/\/lh5.googleusercontent.com\/lDSmbkBTvBka8Y9Q5cpt0xYMM0x8JU8hlGeTGLa4eNSvq82ynfYlyTep16f0eypZ2uJGlsSBA6FrvfUUPRG2ipzzPCRVZJe3SKjH5gDfMBFWVM0UGlUfMJwyNPVcygdz7mQynlc=s0\" alt=\"Dois, crian\u00e7as, calculando, em, sala aula Vetor gr\u00e1tis\"><\/p>\n\n\n\n<p class=\"has-text-align-center\" style=\"font-size:10px\">DISPON\u00cdVEL EM FREEPIK.&nbsp;<\/p>\n\n\n\n<p class=\"has-text-align-center has-background has-medium-font-size\" style=\"background-color:#e2e7f7\"><strong>OL\u00c1, ESPERO QUE ESTEJA TUDO BEM COM VOC\u00ca E SUA FAM\u00cdLIA! HOJE SER\u00c1 BEM DIVERTIDO, POIS VOC\u00ca APRENDER\u00c1 COMO ELABORAR E INTERPRETAR GR\u00c1FICOS E TABELAS. VAMOS ENTENDER MELHOR SOBRE ESSE ASSUNTO? <\/strong><\/p>\n\n\n\n<hr class=\"wp-block-separator\"\/>\n\n\n\n<p class=\"has-text-align-center has-background has-medium-font-size\" style=\"background-color:#eeedd2\"><strong>NESTA VIDEOAULA, VOC\u00ca IR\u00c1 APRENDER A INTERPRETAR GR\u00c1FICOS E TABELAS. EST\u00c3O CURIOSOS??? VAMOS EMBARCAR NESSA AVENTURA DE CONHECIMENTOS COMIGO?<\/strong><\/p>\n\n\n\n<figure class=\"wp-block-embed aligncenter is-type-video is-provider-youtube wp-block-embed-youtube wp-embed-aspect-16-9 wp-has-aspect-ratio\"><div class=\"wp-block-embed__wrapper\">\n<p class=\"responsive-video-wrap clr\"><iframe title=\"Matem\u00e1tica |  Turma A  | 1\u00ba Ano | Ciclo da Inf\u00e2ncia\" width=\"1200\" height=\"675\" src=\"https:\/\/www.youtube.com\/embed\/n9js-6mpQvQ?feature=oembed\" frameborder=\"0\" allow=\"accelerometer; autoplay; clipboard-write; encrypted-media; gyroscope; picture-in-picture\" allowfullscreen><\/iframe><\/p>\n<\/div><figcaption>MATEM\u00c1TICA\/ TURMA A\/ 1 ANO\/ CICLO DA INF\u00c2NCIA<\/figcaption><\/figure>\n\n\n\n<hr class=\"wp-block-separator\"\/>\n\n\n\n<p class=\"has-text-align-center has-background\" style=\"background-color:#f8dfe8;font-size:25px\"><strong>E AGORA? ENT\u00c3O, EST\u00c3O PREPARADOS? PEGUE SEU MATERIAL E VAMOS AS ATIVIDADES!<\/strong><\/p>\n\n\n\n<p class=\"has-background\" style=\"background-color:#ddedf3;font-size:25px\"><strong>ATIVIDADE 1&nbsp;<\/strong><\/p>\n\n\n\n<p class=\"has-medium-font-size\"><strong>PE\u00c7A AJUDA DE UM ADULTO E ANALISE O GR\u00c1FICO ABAIXO, E RESPONDA QUAL O ANIMAL PREFERIDO DOS ALUNOS DO 1\u00ba ANO?<\/strong><\/p>\n\n\n\n<ul class=\"has-medium-font-size wp-block-list\"><li><strong>BORBOLETA;<\/strong><\/li><li><strong>CACHORRO;<\/strong><\/li><li><strong>VACA;<\/strong><\/li><li><strong>JOANINHA;<\/strong><\/li><li><strong>ABELHA<\/strong><\/li><li><strong>CAVALO<\/strong><\/li><\/ul>\n\n\n\n<div class=\"wp-block-image\"><figure class=\"aligncenter is-resized\"><img fetchpriority=\"high\" decoding=\"async\" src=\"https:\/\/lh6.googleusercontent.com\/uJZql1tBXV1CSXPyjqJRwBWxcRnlbGecgobHXVC3FOJRc_AhIe75z0VMrQGrvSdIhLG8iy9i6Yzt2qE8OaGLrACyTIQyeAc9BS6cLXQpp5Ny20h47IxEfIaARN1A7ipCuTU62mU=s0\" alt=\"\" width=\"453\" height=\"386\"\/><\/figure><\/div>\n\n\n\n<hr class=\"wp-block-separator\"\/>\n\n\n\n<p class=\"has-background\" style=\"background-color:#ddedf3;font-size:25px\"><strong>ATIVIDADE 2<\/strong><\/p>\n\n\n\n<p class=\"has-medium-font-size\"><strong>AINDA DE ACORDO COM O GR\u00c1FICO COMPLETE A TABELA ABAIXO, ESCREVENDO O NOME DOS ANIMAIS E SUAS RESPECTIVAS QUANTIDADE:<\/strong><\/p>\n\n\n\n<div class=\"wp-block-image\"><figure class=\"aligncenter is-resized\"><img decoding=\"async\" src=\"https:\/\/lh4.googleusercontent.com\/8reOJujK8udA7NIJNKv1loLL9X_g6Z5lSHJ0wditdVMPe4GIctXfC_ImRkwJwxGEfZ45np814ZxIwrdQJ_pCKr03NhuAUn9q5CveAdzHs4EnBZ7cwUll232caSDV2d9aSMXiZOw=s0\" alt=\"\" width=\"619\" height=\"548\"\/><\/figure><\/div>\n\n\n\n<hr class=\"wp-block-separator\"\/>\n\n\n\n<p class=\"has-text-align-center has-background\" style=\"background-color:#f2ede8;font-size:25px\"><strong>RELEMBRANDO! O QUE APRENDEMOS HOJE?<\/strong><\/p>\n\n\n\n<ul class=\"has-medium-font-size wp-block-list\"><li>APRENDEMOS O QUE S\u00c3O GR\u00c1FICOS E TABELAS;<\/li><li>A IMPORT\u00c2NCIA DE SABER INTERPRET\u00c1 -LOS;<\/li><li>APRENDEMOS A CONSTRUIR AMBOS, COM EXEMPLOS DO NOSSO COTIDIANO;<\/li><li>HORA DA HIST\u00d3RIA: LIVRO DOS N\u00daMEROS, BICHOS E FLORES, DE CL\u00c9O BUSATTO;<\/li><li>ATIVIDADES.<\/li><\/ul>\n\n\n\n<hr class=\"wp-block-separator\"\/>\n\n\n\n<figure class=\"wp-block-table is-style-regular\"><table class=\"has-background\" style=\"background-color:#e7f5fe\"><tbody><tr><td>HABILIDADES ESTRUTURANTES<\/td><td>(EF01MA21-A) DESCREVER, ORALMENTE, SITUA\u00c7\u00d5ES APRESENTADAS POR MEIO DE GR\u00c1FICOS DE COLUNAS SIMPLES. <br>(EF01MA21-B) IDENTIFICAR DADOS EM TABELAS OU GR\u00c1FICOS DA PREFER\u00caNCIA DOS PESQUISADOS, UTILIZANDO OS TERMOS MENOS PREFERIDO, MAIS PREFERIDO E A DIFEREN\u00c7A DE PREFER\u00caNCIA ENTRE ELES, COMO AS QUEST\u00d5ES: QUANTAS PESSOAS PREFEREM GATO? QUANTAS PESSOAS A MAIS OU A MENOS PREFEREM GATO A COELHO? <br>(EF01MA21-C) COMPARAR, A PARTIR DE GR\u00c1FICOS E TABELAS, QUANTIDADES, SOMAS E DIFEREN\u00c7AS DOS DADOS NUM\u00c9RICOS PRESENTES EM M\u00cdDIAS SOCIAIS. <br>(EF01MA21-D) LER E INTERPRETAR DADOS EXPRESSOS EM TABELAS E EM GR\u00c1FICOS DE COLUNAS SIMPLES PRESENTES NAS M\u00cdDIAS.<\/td><\/tr><\/tbody><\/table><\/figure>\n\n\n\n<hr class=\"wp-block-separator\"\/>\n\n\n\n<figure class=\"wp-block-table is-style-regular\"><table class=\"has-background\" style=\"background-color:#fcf0ef\"><tbody><tr><td><strong>Refer\u00eancias:<\/strong><\/td><td>GOVERNO DO ESTADO DE GOI\u00c1S. SECRET\u00c1RIA DE ESTADO DE EDUCA\u00c7\u00c3O \u2013 SEDUC\/CONSED. DOCUMENTO CURRICULAR PARA GOI\u00c1S \u2013 AMPLIADO: <strong>VOLUME II ENSINO FUNDAMENTAL ANOS INICIAIS<\/strong>.&nbsp;BUSSATO, CL\u00c9O. LIVRO DOS N\u00daMEROS, BICHOS E FLORES. ILUSTRA\u00c7\u00c3O DE FL\u00c1VIO FARGAS. S\u00c3O PAULO: EDITORA MAITARA, 2012;IMAGENS RETIRADAS DOS SITES:<a href=\"https:\/\/br.freepik.com\/\">https:\/\/br.freepik.com\/<\/a><a href=\"https:\/\/pixabay.com\/pt\/\">https:\/\/pixabay.com\/pt\/<\/a><\/td><\/tr><\/tbody><\/table><\/figure>\n\n\n\n<hr class=\"wp-block-separator\"\/>\n","protected":false},"author":27,"featured_media":132832,"template":"","ef_categoria":[29],"ef_ano":[86],"ef_componente":[94],"class_list":["post-131596","ensino_fundamental","type-ensino_fundamental","status-publish","has-post-thumbnail","hentry","ef_categoria-educacao-financeira-e-empreendedorismo-ciclo-da-adolescencia-fg","ef_ano-3o-ano","ef_componente-matematica","entry","has-media"],"acf":[],"_links":{"self":[{"href":"https:\/\/sme.goiania.go.gov.br\/conexaoescola\/wp-json\/wp\/v2\/ensino_fundamental\/131596","targetHints":{"allow":["GET"]}}],"collection":[{"href":"https:\/\/sme.goiania.go.gov.br\/conexaoescola\/wp-json\/wp\/v2\/ensino_fundamental"}],"about":[{"href":"https:\/\/sme.goiania.go.gov.br\/conexaoescola\/wp-json\/wp\/v2\/types\/ensino_fundamental"}],"author":[{"embeddable":true,"href":"https:\/\/sme.goiania.go.gov.br\/conexaoescola\/wp-json\/wp\/v2\/users\/27"}],"version-history":[{"count":0,"href":"https:\/\/sme.goiania.go.gov.br\/conexaoescola\/wp-json\/wp\/v2\/ensino_fundamental\/131596\/revisions"}],"wp:featuredmedia":[{"embeddable":true,"href":"https:\/\/sme.goiania.go.gov.br\/conexaoescola\/wp-json\/wp\/v2\/media\/132832"}],"wp:attachment":[{"href":"https:\/\/sme.goiania.go.gov.br\/conexaoescola\/wp-json\/wp\/v2\/media?parent=131596"}],"wp:term":[{"taxonomy":"ef_categoria","embeddable":true,"href":"https:\/\/sme.goiania.go.gov.br\/conexaoescola\/wp-json\/wp\/v2\/ef_categoria?post=131596"},{"taxonomy":"ef_ano","embeddable":true,"href":"https:\/\/sme.goiania.go.gov.br\/conexaoescola\/wp-json\/wp\/v2\/ef_ano?post=131596"},{"taxonomy":"ef_componente","embeddable":true,"href":"https:\/\/sme.goiania.go.gov.br\/conexaoescola\/wp-json\/wp\/v2\/ef_componente?post=131596"}],"curies":[{"name":"wp","href":"https:\/\/api.w.org\/{rel}","templated":true}]}}