{"id":131556,"date":"2021-09-08T20:40:49","date_gmt":"2021-09-08T23:40:49","guid":{"rendered":"https:\/\/sme.goiania.go.gov.br\/conexaoescola\/?post_type=ensino_fundamental&#038;p=131556"},"modified":"2022-04-12T19:50:35","modified_gmt":"2022-04-12T22:50:35","slug":"historia-bau-de-memorias","status":"publish","type":"ensino_fundamental","link":"https:\/\/sme.goiania.go.gov.br\/conexaoescola\/ensino_fundamental\/historia-bau-de-memorias\/","title":{"rendered":"Hist\u00f3ria &#8211; Ba\u00fa de mem\u00f3rias"},"content":{"rendered":"\n<p class=\"has-black-color has-text-color has-background has-medium-font-size\" style=\"background-color:#e7e7e7\"><em>Ol\u00e1, educando (a)! Esta videoaula de <\/em><strong><em>Hist\u00f3ria <\/em><\/strong><em>foi veiculada na TV no dia <\/em><strong><em>(Quarta-feira)<\/em><\/strong><em>, 08\/09\/2021. Aqui no Portal Conex\u00e3o Escola, ela est\u00e1 dispon\u00edvel juntamente com a proposta de atividade.<\/em><\/p>\n\n\n\n<figure class=\"wp-block-image size-large is-style-rounded\"><img decoding=\"async\" src=\"https:\/\/sme.goiania.go.gov.br\/conexaoescola\/wp-content\/uploads\/2021\/09\/crafts-279580_1920-e1631143804211-1024x619.jpg\" alt=\"\" class=\"wp-image-131557\"\/><\/figure>\n\n\n\n<p class=\"has-text-align-center has-black-color has-text-color has-background has-medium-font-size\" style=\"background-color:#ecfff7\">OL\u00c1 CRIAN\u00c7AS. ESPERO QUE ESTEJA TUDO BEM. <br>HOJE VAMOS DESCOBRIR O QUE \u00c9 MEM\u00d3RIA, UMA MANEIRA DE ATIVAR AS SUAS MEM\u00d3RIAS E O QUANTO ELAS S\u00c3O IMPORTANTES PARA NOSSA HIST\u00d3RIA. &nbsp; <br>VOC\u00ca N\u00c3O PODE PERDER, VAMOS L\u00c1?<\/p>\n\n\n\n<figure class=\"wp-block-embed aligncenter is-type-video is-provider-youtube wp-block-embed-youtube wp-embed-aspect-16-9 wp-has-aspect-ratio\"><div class=\"wp-block-embed__wrapper\">\n<p class=\"responsive-video-wrap clr\"><iframe title=\"Hist\u00f3ria   | Turma C  | 3\u00ba Ano  | Ciclo da Inf\u00e2ncia\" width=\"1200\" height=\"675\" src=\"https:\/\/www.youtube.com\/embed\/qQeMY3NrK_o?feature=oembed\" frameborder=\"0\" allow=\"accelerometer; autoplay; clipboard-write; encrypted-media; gyroscope; picture-in-picture\" allowfullscreen><\/iframe><\/p>\n<\/div><\/figure>\n\n\n\n<p class=\"has-black-color has-light-green-cyan-background-color has-text-color has-background has-medium-font-size\"><strong>ATIVIDADE 1<\/strong><\/p>\n\n\n\n<ul class=\"has-black-color has-text-color has-medium-font-size wp-block-list\"><li>A MEM\u00d3RIA AFETIVA &nbsp;<strong>\u00c9 AQUELA LEMBRAN\u00c7A QUE SURGE POR MEIO DE ELEMENTOS SENSORIAIS E EMOCIONAIS.<\/strong><\/li><li>NESSE MOMENTO VAMOS BUSCAR ATRAV\u00c9S DOS ELEMENTOS BOAS MEM\u00d3RIAS AFETIVAS? VOC\u00caS PODEM USAR FOTOGRAFIAS, CARTAS, DOCUMENTOS, PERFUMES, CHEIROS, TEXTURAS, OUVIR HIST\u00d3RIAS DE PESSOAS MAIS VELHAS\u2026 <br>ENFIM USEM A IMAGINA\u00c7\u00c3O; \u00c9 IMPORTANTE QUE CONVIDE ALGU\u00c9M QUE GOSTE MUITO PARA COMPARTILHAR EXPERI\u00caNCIAS E MEM\u00d3RIAS. SER\u00c1 MUITO DIVERTIDO E PRAZEROSO ESSE MOMENTO, ENT\u00c3O APROVEITE E REGISTRE ATRAV\u00c9S DE DESENHOS, FOTOGRAFIAS OU ESCRITA&nbsp; &#8230;<\/li><\/ul>\n\n\n\n<p class=\"has-black-color has-light-green-cyan-background-color has-text-color has-background has-medium-font-size\"><strong>ATIVIDADE 2<\/strong><\/p>\n\n\n\n<ul class=\"has-black-color has-text-color has-medium-font-size wp-block-list\"><li>NA VIDEOAULA, VOC\u00ca P\u00d4DE OBSERVAR ALGUMAS IMAGENS DE LUGARES QUE PODEM TER FEITO OU FAZEM PARTES DE GRANDES HIST\u00d3RIAS EM SUA MEM\u00d3RIA. CONVIDE UM AMIGO, OU MESMO UM FAMILIAR E CONVERSEM SOBRE AS IMAGENS ABAIXO. O QUE ESSES LUGARES REPRESENTAM PARA VOC\u00caS? TEM HIST\u00d3RIAS? ELES MUDARAM? <\/li><\/ul>\n\n\n\n<div class=\"wp-block-image\"><figure class=\"aligncenter\"><img decoding=\"async\" src=\"https:\/\/lh5.googleusercontent.com\/DEqxAlz0dLxEh8KSJjvyIWHtZUBXwBucVaOSpeQBzG95oU5VKW84-fqnjA18R6m9PCezpWaQSIF8l-1EGO7REiGXXyz-NBRRoLzDKE9DyBnZZEd5laZM0b3dSRwbKw=s0\" alt=\"\"\/><\/figure><\/div>\n\n\n\n<p class=\"has-black-color has-light-green-cyan-background-color has-text-color has-background has-medium-font-size\"><strong>ATIVIDADE 3<\/strong><\/p>\n\n\n\n<p class=\"has-black-color has-text-color has-medium-font-size\">PARA FINALIZAR, QUE TAL FAZER UMA ENTREVISTA? USE UMA FOLHA DE PAPEL SULFITE A4, OBSERVANDO O EXEMPLO ABAIXO CRIE A SUA. VAMOS EM BUSCA DE MEM\u00d3RIAS?<\/p>\n\n\n\n<div class=\"wp-block-image\"><figure class=\"aligncenter\"><img decoding=\"async\" src=\"https:\/\/lh3.googleusercontent.com\/fdf7p-LOdWBrse95ieXHisUvALXbVXOz9LTFjY-uV7TeDckq1dM_fzSBEyAuI3DyxRAMQxULDMzE0l5GQP829RgDrEcOzuAK7SPatlEuH_ya_XcM17YaS-AaR-iL9A=s0\" alt=\"\"\/><\/figure><\/div>\n\n\n\n<figure class=\"wp-block-table\"><table><tbody><tr><td><strong>Habilidade estruturante&nbsp;<\/strong><\/td><td>(EF03HI05) Identificar os marcos hist\u00f3ricos do lugar em que vive e compreender seus significados.<br>(EF03HI06) Identificar os registros de mem\u00f3ria na cidade (nomes de ruas, monumentos, edif\u00edcios etc.), discutindo os crit\u00e9rios que explicam a escolha desses nomes.<\/td><\/tr><\/tbody><\/table><\/figure>\n\n\n\n<p><\/p>\n","protected":false},"author":20,"featured_media":131557,"template":"","ef_categoria":[13,20],"ef_ano":[86],"ef_componente":[95],"class_list":["post-131556","ensino_fundamental","type-ensino_fundamental","status-publish","has-post-thumbnail","hentry","ef_categoria-ciclo-da-infancia-abc","ef_categoria-etica-e-cidadania","ef_ano-3o-ano","ef_componente-historia","entry","has-media"],"acf":[],"_links":{"self":[{"href":"https:\/\/sme.goiania.go.gov.br\/conexaoescola\/wp-json\/wp\/v2\/ensino_fundamental\/131556","targetHints":{"allow":["GET"]}}],"collection":[{"href":"https:\/\/sme.goiania.go.gov.br\/conexaoescola\/wp-json\/wp\/v2\/ensino_fundamental"}],"about":[{"href":"https:\/\/sme.goiania.go.gov.br\/conexaoescola\/wp-json\/wp\/v2\/types\/ensino_fundamental"}],"author":[{"embeddable":true,"href":"https:\/\/sme.goiania.go.gov.br\/conexaoescola\/wp-json\/wp\/v2\/users\/20"}],"version-history":[{"count":0,"href":"https:\/\/sme.goiania.go.gov.br\/conexaoescola\/wp-json\/wp\/v2\/ensino_fundamental\/131556\/revisions"}],"wp:featuredmedia":[{"embeddable":true,"href":"https:\/\/sme.goiania.go.gov.br\/conexaoescola\/wp-json\/wp\/v2\/media\/131557"}],"wp:attachment":[{"href":"https:\/\/sme.goiania.go.gov.br\/conexaoescola\/wp-json\/wp\/v2\/media?parent=131556"}],"wp:term":[{"taxonomy":"ef_categoria","embeddable":true,"href":"https:\/\/sme.goiania.go.gov.br\/conexaoescola\/wp-json\/wp\/v2\/ef_categoria?post=131556"},{"taxonomy":"ef_ano","embeddable":true,"href":"https:\/\/sme.goiania.go.gov.br\/conexaoescola\/wp-json\/wp\/v2\/ef_ano?post=131556"},{"taxonomy":"ef_componente","embeddable":true,"href":"https:\/\/sme.goiania.go.gov.br\/conexaoescola\/wp-json\/wp\/v2\/ef_componente?post=131556"}],"curies":[{"name":"wp","href":"https:\/\/api.w.org\/{rel}","templated":true}]}}