{"id":131543,"date":"2021-09-21T07:00:00","date_gmt":"2021-09-21T10:00:00","guid":{"rendered":"https:\/\/sme.goiania.go.gov.br\/conexaoescola\/?post_type=ensino_fundamental&#038;p=131543"},"modified":"2021-12-22T17:14:00","modified_gmt":"2021-12-22T19:14:00","slug":"lingua-inglesa-o-verbo-can-poder","status":"publish","type":"ensino_fundamental","link":"https:\/\/sme.goiania.go.gov.br\/conexaoescola\/ensino_fundamental\/lingua-inglesa-o-verbo-can-poder\/","title":{"rendered":"L\u00cdNGUA INGLESA &#8211; O verbo CAN (Poder)"},"content":{"rendered":"\n<p class=\"has-pale-cyan-blue-background-color has-background has-medium-font-size\"><em>Ol\u00e1, estudante!<\/em><br><em>Esta videoaula de <\/em><strong><em>L\u00edngua Inglesa<\/em><\/strong><em> foi veiculada na TV no dia <\/em><strong><em>21\/09\/\/2021 (Ter\u00e7a-feira)<\/em><\/strong><em>. Aqui no Portal Conex\u00e3o Escola, ela est\u00e1 dispon\u00edvel juntamente com a proposta de atividade.<\/em><\/p>\n\n\n\n<hr class=\"wp-block-separator\"\/>\n\n\n\n<p class=\"has-text-align-center has-medium-font-size\"><strong>Na aula de hoje, estudaremos sobre o verbo CAN (Poder). Esse verbo aborda possibilidades que, n\u00f3s seres humanos, somos capazes de realizar.<\/strong><\/p>\n\n\n\n<hr class=\"wp-block-separator has-text-color has-background has-vivid-red-background-color has-vivid-red-color\"\/>\n\n\n\n<p class=\"has-text-align-center has-white-color has-vivid-red-background-color has-text-color has-background has-medium-font-size\"><strong>Assista a videoaula abaixo, com a tem\u00e1tica &#8211; Descri\u00e7\u00e3o de habilidades no presente e no passado.<\/strong><\/p>\n\n\n\n<hr class=\"wp-block-separator has-text-color has-background has-vivid-red-background-color has-vivid-red-color\"\/>\n\n\n\n<figure class=\"wp-block-embed is-type-video is-provider-youtube wp-block-embed-youtube wp-embed-aspect-16-9 wp-has-aspect-ratio\"><div class=\"wp-block-embed__wrapper\">\n<p class=\"responsive-video-wrap clr\"><iframe title=\"7 ano   Ingl\u00eas   21 09 2021   Bloco 01\" width=\"1200\" height=\"675\" src=\"https:\/\/www.youtube.com\/embed\/ribb0gGjlYE?feature=oembed\" frameborder=\"0\" allow=\"accelerometer; autoplay; clipboard-write; encrypted-media; gyroscope; picture-in-picture\" allowfullscreen><\/iframe><\/p>\n<\/div><figcaption> L\u00cdNGUA INGLESA | 7\u00ba ANO | ENSINO FUNDAMENTAL | PROF.: THIAGO MORAIS<\/figcaption><\/figure>\n\n\n\n<hr class=\"wp-block-separator has-text-color has-background has-vivid-red-background-color has-vivid-red-color\"\/>\n\n\n\n<p class=\"has-medium-font-size\">Hello students, how are you? Tudo bem com voc\u00eas? Espero que sim! Por aqui tudo certo! Eu sou o professor Thiago Morais e estou aqui com mais uma aula de L\u00edngua Inglesa para o 7o ano. Let\u00b4s start?!<\/p>\n\n\n\n<p class=\"has-medium-font-size\">Hoje, vamos falar sobre possibilidades? Enquanto seres humanos, acredito que somos inteiramente capazes de fazer v\u00e1rias coisas! Al\u00e9m de raciocinar, pensar, sentir, sonhar, somos capazes de realizar! O ser humano, no decorrer da hist\u00f3ria da humanidade, foi capaz de inventar objetos, rob\u00f4s, avi\u00f5es, computadores, recursos tecnol\u00f3gicos, recursos de diferentes vertentes para facilitar e, at\u00e9 mesmo, prejudicar o ser humano. Tudo isso, porque o ser humano acreditou que ele podia, isto \u00e9, ele pode fazer todas essas coisas!<\/p>\n\n\n\n<p class=\"has-medium-font-size\">E como se diz \u201cpoder\u201d em Ingl\u00eas? Como se diz: \u201cEu posso\u201d em Ingl\u00eas? Vamos estudar um pouco sobre isso?!<\/p>\n\n\n\n<p class=\"has-medium-font-size\">O verbo can geralmente significa poder e\/ou conseguir e \u00e9 usado para indicar v\u00e1rias situa\u00e7\u00f5es:<\/p>\n\n\n\n<p class=\"has-text-align-center has-white-color has-vivid-green-cyan-background-color has-text-color has-background has-medium-font-size\"><strong>Possibilidade<\/strong><\/p>\n\n\n\n<p class=\"has-text-align-center has-white-color has-vivid-red-background-color has-text-color has-background has-medium-font-size\"><strong>Capacidade\/habilidade<\/strong><\/p>\n\n\n\n<p class=\"has-text-align-center has-white-color has-vivid-cyan-blue-background-color has-text-color has-background has-medium-font-size\"><strong>Permiss\u00e3o<\/strong><\/p>\n\n\n\n<p class=\"has-text-align-center has-white-color has-pale-pink-background-color has-text-color has-background has-medium-font-size\"><strong>Pedido<\/strong><\/p>\n\n\n\n<hr class=\"wp-block-separator has-text-color has-background has-vivid-red-background-color has-vivid-red-color\"\/>\n\n\n\n<p class=\"has-medium-font-size\">Quando usar o verbo can?<\/p>\n\n\n\n<p class=\"has-medium-font-size\">Can \u00e9 usado quando queremos expressar ideia de capacidade\/habilidade, possibilidade, permiss\u00e3o e pedido.<\/p>\n\n\n\n<p class=\"has-medium-font-size\">Ele \u00e9 um dos principais modal verbs (verbos modais) da l\u00edngua inglesa. O verbo modal can tem a fun\u00e7\u00e3o de auxiliar o verbo principal na frase.<\/p>\n\n\n\n<figure class=\"wp-block-table aligncenter\"><table><tbody><tr><td class=\"has-text-align-center\" data-align=\"center\"><img decoding=\"async\" src=\"https:\/\/lh6.googleusercontent.com\/emGxFZg3wHfmUxSas0HzdXNf7l8OlzDIEt4_lGM_7mA_py8XADYOXRkcBb_Q3kAfFwLy2uNmibMYOqca2PD_H1MFemL7OASwvG5CCxeYoVQAioGGfGQ5B7t-RrUONlUIxqg0QHPy\" style=\"width: px;\"><\/td><\/tr><\/tbody><\/table><figcaption>https:\/\/pixabay.com\/pt\/photos\/escovar-livro-papel-textura-velho-4362195\/<\/figcaption><\/figure>\n\n\n\n<p class=\"has-text-align-center has-medium-font-size\">She can speak Chinese. (Ela sabe falar chin\u00eas.)<\/p>\n\n\n\n<p class=\"has-text-align-center has-medium-font-size\"><strong>CAPACIDADE<\/strong><\/p>\n\n\n\n<hr class=\"wp-block-separator has-text-color has-background has-vivid-red-background-color has-vivid-red-color\"\/>\n\n\n\n<figure class=\"wp-block-table aligncenter\"><table><tbody><tr><td class=\"has-text-align-center\" data-align=\"center\"><img decoding=\"async\" src=\"https:\/\/lh4.googleusercontent.com\/efEF2G7ehG3T7djqxOf2j7-9BHJzTe8s9pc9XsOem9nVakt72fpym3rAmghYYU2faR2Nu7GMIq-66BcDx0WTv7Wo50wkx2kEV1bKbFmoiVvKCL2MtxdWTKUzKTpjqtoIphWVHKmX\" style=\"width: undefinedpx;\"><\/td><\/tr><\/tbody><\/table><figcaption>https:\/\/pixabay.com\/pt\/photos\/aeroporto-mulher-voar-embarque-2373727\/<\/figcaption><\/figure>\n\n\n\n<p class=\"has-text-align-center has-medium-font-size\">&nbsp;You can travel. (Voc\u00ea pode viajar.)&nbsp;<\/p>\n\n\n\n<p class=\"has-text-align-center has-medium-font-size\"><strong>POSSIBILIDADE<\/strong><\/p>\n\n\n\n<hr class=\"wp-block-separator has-text-color has-background has-vivid-red-background-color has-vivid-red-color\"\/>\n\n\n\n<figure class=\"wp-block-table aligncenter\"><table><tbody><tr><td class=\"has-text-align-center\" data-align=\"center\"><img decoding=\"async\" src=\"https:\/\/lh4.googleusercontent.com\/vxD-GSXd2s8mUcu7oK_fzLKT51wShzhWF5anDrTvVqre23hUNpmMWZeGGT_l6tSwgE4iJVYBfNik_sDUmDBP3ncsNL3fCV0hllMRM98P6LghysJNSKhlsU1AwihHQUi4WGIKZcrO\" style=\"width: undefinedpx;\"><\/td><\/tr><\/tbody><\/table><figcaption>https:\/\/pixabay.com\/pt\/photos\/divertido-com-o-seu-c%c3%a3o-c%c3%a3o-de-guarda-5145125\/<\/figcaption><\/figure>\n\n\n\n<p class=\"has-text-align-center has-medium-font-size\">You can play outside. (Voc\u00ea pode brincar l\u00e1 fora.)<\/p>\n\n\n\n<p class=\"has-text-align-center has-medium-font-size\"><strong>PEDIDO<\/strong><\/p>\n\n\n\n<hr class=\"wp-block-separator has-text-color has-background has-vivid-red-background-color has-vivid-red-color\"\/>\n\n\n\n<figure class=\"wp-block-table aligncenter\"><table><tbody><tr><td class=\"has-text-align-center\" data-align=\"center\"><img decoding=\"async\" src=\"https:\/\/lh3.googleusercontent.com\/ZbfHiLZBlurzPaXwxZBK85ZoOJnIn_OOa7JTpOrJcuFfSHY-AgDdqHNfb1JjEg9XoTU3prSGksyELL8KOJ95l7N2ezS7Kzk5ji_NPBiczKc3hnN22h1lXAJV2r3JQ75cW9LUBF-s\" style=\"width: undefinedpx;\"><\/td><\/tr><\/tbody><\/table><figcaption>https:\/\/pixabay.com\/pt\/photos\/homem-celular-falando-ao-celular-3469587\/<\/figcaption><\/figure>\n\n\n\n<p class=\"has-text-align-center has-medium-font-size\">Can I talk to you? \u2013 (Posso falar com voc\u00ea?)<\/p>\n\n\n\n<p class=\"has-text-align-center has-medium-font-size\"><strong>PERMISS\u00c3O<\/strong><\/p>\n\n\n\n<hr class=\"wp-block-separator has-text-color has-background has-vivid-red-background-color has-vivid-red-color\"\/>\n\n\n\n<p class=\"has-medium-font-size\">Como usar o verbo can?<\/p>\n\n\n\n<p class=\"has-medium-font-size\">O verbo can \u00e9 sempre acompanhado do verbo principal no infinitivo sem o to.<\/p>\n\n\n\n<p class=\"has-medium-font-size\">Ele pode ser usado para construir frases afirmativas, negativas e interrogativas.<\/p>\n\n\n\n<p class=\"has-medium-font-size\">Verbo can no presente<\/p>\n\n\n\n<p class=\"has-medium-font-size\">Observe a tabela abaixo e veja como usar o verbo can nas formas afirmativa, negativa e interrogativa. O verbo principal utilizado como exemplo \u00e9 o verbo to dance (dan\u00e7ar).<\/p>\n\n\n\n<figure class=\"wp-block-table aligncenter\"><table class=\"has-background\" style=\"background-color:#e7f5fe\"><tbody><tr><td class=\"has-text-align-center\" data-align=\"center\"><strong>AFFIRMATIVE<\/strong><\/td><td class=\"has-text-align-center\" data-align=\"center\"><strong>NEGATIVE<\/strong><\/td><td class=\"has-text-align-center\" data-align=\"center\"><strong>INTERROGATIVE<\/strong><\/td><\/tr><tr><td class=\"has-text-align-center\" data-align=\"center\">I CAN DANCE<br>YOU CAN DANCE<br>HE CAN DANCE<br>SHE CAN DANCE<br>IT CAN DANCE<br>WE CAN DANCE<br>YOU CAN DANCE<br>THEY CAN DANCE<\/td><td class=\"has-text-align-center\" data-align=\"center\">I CAN NOT (CAN\u00b4T) DANCE<br>YOU CAN NOT (CAN\u00b4T) DANCE<br>HE CAN NOT (CAN\u00b4T) DANCE<br>SHE CAN NOT (CAN\u00b4T) DANCE<br>IT CAN NOT (CAN\u00b4T) DANCE<br>WE CAN NOT (CAN\u00b4T) DANCE<br>YOU CAN NOT (CAN\u00b4T) DANCE<br>THEY CAN NOT (CAN\u00b4T) DANCE<\/td><td class=\"has-text-align-center\" data-align=\"center\">CAN I DANCE?&nbsp;<br>CAN YOU DANCE?&nbsp;<br>CAN HE DANCE?&nbsp;<br>CAN SHE DANCE?<br>&nbsp;CAN IT DANCE?&nbsp;<br>CAN WE DANCE?<br>&nbsp;CAN YOU DANCE?<br>&nbsp;CAN THEY DANCE?&nbsp;<\/td><\/tr><\/tbody><\/table><\/figure>\n\n\n\n<hr class=\"wp-block-separator has-text-color has-background has-vivid-red-background-color has-vivid-red-color\"\/>\n\n\n\n<p class=\"has-text-align-center has-medium-font-size\">AGORA \u00c9 A SUA VEZ DE PRATICAR!!<\/p>\n\n\n\n<p class=\"has-text-align-center has-medium-font-size\"><strong>ATIVIDADE&nbsp;<\/strong><\/p>\n\n\n\n<ol class=\"has-medium-font-size wp-block-list\"><li>Passe a frase abaixo para a <strong>NEGATIVA<\/strong>:<\/li><\/ol>\n\n\n\n<p class=\"has-medium-font-size\">I can speak French and English. (Eu posso falar Franc\u00eas e Ingl\u00eas).<\/p>\n\n\n\n<p>______________________________________________________________________________________________________________________________<\/p>\n\n\n\n<hr class=\"wp-block-separator has-text-color has-background has-vivid-red-background-color has-vivid-red-color\"\/>\n\n\n\n<p class=\"has-medium-font-size\">2) Passe a frase abaixo para a <strong>INTERROGATIVA<\/strong>:<\/p>\n\n\n\n<p class=\"has-medium-font-size\">She can\u00b4t do the Science exercises. (Eu n\u00e3o posso fazer os exerc\u00edcios de Ci\u00eancias).&nbsp;<\/p>\n\n\n\n<p>______________________________________________________________________________________________________________________________<\/p>\n\n\n\n<hr class=\"wp-block-separator has-text-color has-background has-vivid-red-background-color has-vivid-red-color\"\/>\n\n\n\n<p class=\"has-medium-font-size\">3) Passe a frase abaixo para a <strong>AFIRMATIVA<\/strong>:<\/p>\n\n\n\n<p class=\"has-medium-font-size\">They can\u00b4t travel to Spain after coronavirus pandemic. (Eles n\u00e3o podem viajar para Espanha depois da pandemia do Coronav\u00edrus).&nbsp;&nbsp;<\/p>\n\n\n\n<p>______________________________________________________________________________________________________________________________<\/p>\n\n\n\n<hr class=\"wp-block-separator has-text-color has-background has-vivid-red-background-color has-vivid-red-color\"\/>\n\n\n\n<p class=\"has-medium-font-size\">4) Leia a frase abaixo e tente traduzir com suas pr\u00f3prias palavras! Observe as palavras que s\u00e3o cognatas e as que voc\u00ea conhece!&nbsp;<\/p>\n\n\n\n<div class=\"wp-block-group has-pale-cyan-blue-background-color has-background\"><div class=\"wp-block-group__inner-container is-layout-flow wp-block-group-is-layout-flow\">\n<p class=\"has-medium-font-size\"><strong>\u201cEveryone can do anything they want and this is the reason you can never give up. Sometimes, we need to be patient and go on for hard days. But, if you persist, you can win and reach your dreams.\u201d<\/strong><\/p>\n\n\n\n<p class=\"has-text-align-right has-medium-font-size\"><strong>(Thiago Morais de Ara\u00fajo)<\/strong><\/p>\n<\/div><\/div>\n\n\n\n<hr class=\"wp-block-separator has-text-color has-background has-vivid-red-background-color has-vivid-red-color\"\/>\n\n\n\n<p class=\"has-medium-font-size\">5) Escreva frases em Ingl\u00eas, usando o verbo CAN. Escreva quantas frases voc\u00ea quiser. No m\u00ednimo 10 frases. Seja criativo!!!!!<\/p>\n\n\n\n<figure class=\"wp-block-table aligncenter\"><table><tbody><tr><td class=\"has-text-align-center\" data-align=\"center\"><strong><img decoding=\"async\" src=\"https:\/\/lh6.googleusercontent.com\/B2rVG5Zk4yE9hMNR3tB5_LfQ6HstqMBMGMxTgbgv6SvDmJPYs7Mrje4w5gg-UD_V1_2O-4CR1qWlsiQ6H9L6BY_dflmI-wbmPSL0OpKEnJKw5HFEghHuGRETTaKqj-F2EkvBsN5Y\" style=\"width: undefinedpx;\"><\/strong><\/td><\/tr><\/tbody><\/table><figcaption>https:\/\/pixabay.com\/pt\/photos\/migra%c3%a7%c3%a3o-integra%c3%a7%c3%a3o-migrantes-3129340\/<\/figcaption><\/figure>\n\n\n\n<hr class=\"wp-block-separator has-text-color has-background has-vivid-red-background-color has-vivid-red-color\"\/>\n\n\n\n<p class=\"has-text-align-center has-white-color has-luminous-vivid-orange-background-color has-text-color has-background has-medium-font-size\"><strong>That\u00b4s all for today, students! See you next class! Bye bye! \ud83d\ude42<\/strong><\/p>\n\n\n\n<hr class=\"wp-block-separator has-text-color has-background has-vivid-red-background-color has-vivid-red-color\"\/>\n\n\n\n<p class=\"has-luminous-vivid-amber-background-color has-background has-medium-font-size\"><em>Professor, essa aula segue a Matriz Curricular das Habilidades Estruturantes 2021-2021. Foi elaborada no ano de 2020, com a suspens\u00e3o das aulas presenciais devido \u00e0 pandemia da Covid-19 e segue as orienta\u00e7\u00f5es de flexibiliza\u00e7\u00e3o curricular para o bi\u00eanio 2020\/2021 (Of\u00edcio Circular 147\/2020 Dirped).<\/em><\/p>\n\n\n\n<p><strong>Habilidade estruturante<\/strong><\/p>\n\n\n\n<p>(EF07LI20-A) Conhecer, identificar e empregar o verbo modal can para descrever habilidades no presente e no passado.<\/p>\n","protected":false},"author":6,"featured_media":131545,"template":"","ef_categoria":[],"ef_ano":[90],"ef_componente":[101],"class_list":["post-131543","ensino_fundamental","type-ensino_fundamental","status-publish","has-post-thumbnail","hentry","ef_ano-7o-ano","ef_componente-lingua-inglesa","entry","has-media"],"acf":[],"_links":{"self":[{"href":"https:\/\/sme.goiania.go.gov.br\/conexaoescola\/wp-json\/wp\/v2\/ensino_fundamental\/131543","targetHints":{"allow":["GET"]}}],"collection":[{"href":"https:\/\/sme.goiania.go.gov.br\/conexaoescola\/wp-json\/wp\/v2\/ensino_fundamental"}],"about":[{"href":"https:\/\/sme.goiania.go.gov.br\/conexaoescola\/wp-json\/wp\/v2\/types\/ensino_fundamental"}],"author":[{"embeddable":true,"href":"https:\/\/sme.goiania.go.gov.br\/conexaoescola\/wp-json\/wp\/v2\/users\/6"}],"version-history":[{"count":0,"href":"https:\/\/sme.goiania.go.gov.br\/conexaoescola\/wp-json\/wp\/v2\/ensino_fundamental\/131543\/revisions"}],"wp:featuredmedia":[{"embeddable":true,"href":"https:\/\/sme.goiania.go.gov.br\/conexaoescola\/wp-json\/wp\/v2\/media\/131545"}],"wp:attachment":[{"href":"https:\/\/sme.goiania.go.gov.br\/conexaoescola\/wp-json\/wp\/v2\/media?parent=131543"}],"wp:term":[{"taxonomy":"ef_categoria","embeddable":true,"href":"https:\/\/sme.goiania.go.gov.br\/conexaoescola\/wp-json\/wp\/v2\/ef_categoria?post=131543"},{"taxonomy":"ef_ano","embeddable":true,"href":"https:\/\/sme.goiania.go.gov.br\/conexaoescola\/wp-json\/wp\/v2\/ef_ano?post=131543"},{"taxonomy":"ef_componente","embeddable":true,"href":"https:\/\/sme.goiania.go.gov.br\/conexaoescola\/wp-json\/wp\/v2\/ef_componente?post=131543"}],"curies":[{"name":"wp","href":"https:\/\/api.w.org\/{rel}","templated":true}]}}