{"id":131512,"date":"2021-09-13T07:00:00","date_gmt":"2021-09-13T10:00:00","guid":{"rendered":"https:\/\/sme.goiania.go.gov.br\/conexaoescola\/?post_type=ensino_fundamental&#038;p=131512"},"modified":"2022-03-31T22:41:49","modified_gmt":"2022-04-01T01:41:49","slug":"um-bichinho-diferente","status":"publish","type":"ensino_fundamental","link":"https:\/\/sme.goiania.go.gov.br\/conexaoescola\/ensino_fundamental\/um-bichinho-diferente\/","title":{"rendered":"L\u00edngua Portuguesa &#8211; Um bichinho diferente"},"content":{"rendered":"\n<p class=\"has-medium-font-size\">Ol\u00e1 Pessoal!<\/p>\n\n\n\n<p class=\"has-medium-font-size\">Voc\u00eas j\u00e1 sabem que ler sempre \u00e9 uma aventura!<\/p>\n\n\n\n<p class=\"has-medium-font-size\">E durante uma dessas minhas aventuras encontrei um bichinho diferente que gostaria muito de apresentar a voc\u00eas!<\/p>\n\n\n\n<p class=\"has-medium-font-size\">Curtam o v\u00eddeo e depois brinquem de montar palavrinhas.<\/p>\n\n\n\n<p class=\"has-medium-font-size\">Voc\u00eas sabem que ler \u00e9 essencial para que sua aventura seja completa.<\/p>\n\n\n\n<p class=\"has-medium-font-size\">Mas sabemos que \u00e9 atrav\u00e9s da leitura e escrita que conseguimos nos tornar um cidad\u00e3o consciente.<\/p>\n\n\n\n<p class=\"has-medium-font-size\">Curtam o v\u00eddeo e depois brinquem de montar o alfabeto.<\/p>\n\n\n\n<figure class=\"wp-block-embed is-type-video is-provider-youtube wp-block-embed-youtube wp-embed-aspect-16-9 wp-has-aspect-ratio\"><div class=\"wp-block-embed__wrapper\">\n<p class=\"responsive-video-wrap clr\"><iframe title=\"Poesia: \u201cUm bichinho diferente\u201d\" width=\"1200\" height=\"675\" src=\"https:\/\/www.youtube.com\/embed\/4GDfaKQFR7A?feature=oembed\" frameborder=\"0\" allow=\"accelerometer; autoplay; clipboard-write; encrypted-media; gyroscope; picture-in-picture\" allowfullscreen><\/iframe><\/p>\n<\/div><figcaption>&#8220;Poesia: \u201cUm bichinho diferente\u201d&#8221; &#8211; Canal:  <a href=\"https:\/\/www.youtube.com\/channel\/UCHWmtI_s0BBOHlwYCZP1kwA\">Silvana Morales Borges<\/a> &#8211; Link: https:\/\/www.youtube.com\/watch?v=4GDfaKQFR7A<\/figcaption><\/figure>\n\n\n\n<p class=\"has-medium-font-size\">Atividade: Ap\u00f3s assistir o v\u00eddeo escreva as letras do alfabeto em um papel e monte o alfabeto.<\/p>\n\n\n\n<figure class=\"wp-block-table alignfull\"><table><tbody><tr><td>Saiba Mais \/ Refer\u00eancias:<\/td><td><a href=\"about:blank\">https:\/\/www.youtube.com\/watch?v=5r7HzTnZc2Y<\/a> acesso em : 27\/07\/2020<\/td><\/tr><tr><td>Objeto de Conhecimento<\/td><td>Conhecimento do alfabeto do portugu\u00eas do Brasil: Letras do alfabeto.<\/td><\/tr><tr><td>Componente Curricular<\/td><td>&nbsp; L\u00edngua Portuguesa<\/td><\/tr><tr><td>Habilidades<\/td><td>(EF01LP04) Distinguir as letras do alfabeto de outros sinais gr\u00e1ficos.&nbsp;(EF01LP10) Nomear as letras do alfabeto e recit\u00e1-lo na ordem das letras.&nbsp;(GO-EF01LP28) Conhecer e identificar, a partir da leitura e escrita de textos, diferentes tipos de fontes e caracteres usados para escrever.(EF15LP02) Estabelecer expectativas em rela\u00e7\u00e3o ao texto que vai ler.(EF01LP02) Escrever espontaneamente.<\/td><\/tr><tr><td>Proponentes\/ Professores:<\/td><td>Cyntia Fernandes Santos Meireles<br>Luzia Antunes dos Santos Sousa.<\/td><\/tr><tr><td>Institui\u00e7\u00e3o Educacional:<\/td><td>Escola Municipal Professor Nadal Sfredo<\/td><\/tr><tr><td>CRE:<\/td><td>Brasil di Ramos Caiado<\/td><\/tr><\/tbody><\/table><\/figure>\n","protected":false},"author":42,"featured_media":131513,"template":"","ef_categoria":[13,21],"ef_ano":[84],"ef_componente":[93],"class_list":["post-131512","ensino_fundamental","type-ensino_fundamental","status-publish","has-post-thumbnail","hentry","ef_categoria-ciclo-da-infancia-abc","ef_categoria-experiencias-e-curiosidades","ef_ano-1o-ano","ef_componente-portugues","entry","has-media"],"acf":[],"_links":{"self":[{"href":"https:\/\/sme.goiania.go.gov.br\/conexaoescola\/wp-json\/wp\/v2\/ensino_fundamental\/131512","targetHints":{"allow":["GET"]}}],"collection":[{"href":"https:\/\/sme.goiania.go.gov.br\/conexaoescola\/wp-json\/wp\/v2\/ensino_fundamental"}],"about":[{"href":"https:\/\/sme.goiania.go.gov.br\/conexaoescola\/wp-json\/wp\/v2\/types\/ensino_fundamental"}],"author":[{"embeddable":true,"href":"https:\/\/sme.goiania.go.gov.br\/conexaoescola\/wp-json\/wp\/v2\/users\/42"}],"version-history":[{"count":0,"href":"https:\/\/sme.goiania.go.gov.br\/conexaoescola\/wp-json\/wp\/v2\/ensino_fundamental\/131512\/revisions"}],"wp:featuredmedia":[{"embeddable":true,"href":"https:\/\/sme.goiania.go.gov.br\/conexaoescola\/wp-json\/wp\/v2\/media\/131513"}],"wp:attachment":[{"href":"https:\/\/sme.goiania.go.gov.br\/conexaoescola\/wp-json\/wp\/v2\/media?parent=131512"}],"wp:term":[{"taxonomy":"ef_categoria","embeddable":true,"href":"https:\/\/sme.goiania.go.gov.br\/conexaoescola\/wp-json\/wp\/v2\/ef_categoria?post=131512"},{"taxonomy":"ef_ano","embeddable":true,"href":"https:\/\/sme.goiania.go.gov.br\/conexaoescola\/wp-json\/wp\/v2\/ef_ano?post=131512"},{"taxonomy":"ef_componente","embeddable":true,"href":"https:\/\/sme.goiania.go.gov.br\/conexaoescola\/wp-json\/wp\/v2\/ef_componente?post=131512"}],"curies":[{"name":"wp","href":"https:\/\/api.w.org\/{rel}","templated":true}]}}