{"id":131413,"date":"2021-09-16T07:00:00","date_gmt":"2021-09-16T10:00:00","guid":{"rendered":"https:\/\/sme.goiania.go.gov.br\/conexaoescola\/?post_type=ensino_fundamental&#038;p=131413"},"modified":"2021-12-22T17:20:10","modified_gmt":"2021-12-22T19:20:10","slug":"arte-museu-memorial-do-cerrado-vamos-falar-de-arte-e-educacao-ambiental-aula-1-4","status":"publish","type":"ensino_fundamental","link":"https:\/\/sme.goiania.go.gov.br\/conexaoescola\/ensino_fundamental\/arte-museu-memorial-do-cerrado-vamos-falar-de-arte-e-educacao-ambiental-aula-1-4\/","title":{"rendered":"ARTE &#8211; Museu Memorial do Cerrado: Vamos falar de Arte e Educa\u00e7\u00e3o Ambiental (aula 1)"},"content":{"rendered":"\n<p class=\"has-pale-cyan-blue-background-color has-background has-medium-font-size\"><em>Ol\u00e1, estudante!<\/em><br><em>Esta videoaula de Artes foi veiculada na TV no dia <\/em><strong><em>16\/09\/2021 (Quinta-feira)<\/em><\/strong><em>. Aqui no Portal Conex\u00e3o Escola, ela est\u00e1 dispon\u00edvel juntamente com a proposta de atividade.<\/em><\/p>\n\n\n\n<hr class=\"wp-block-separator\"\/>\n\n\n\n<p class=\"has-text-align-center has-medium-font-size\"><strong>Voc\u00ea sabe o que \u00e9 Educa\u00e7\u00e3o Ambiental? Sabe como a arte pode nos auxiliar a sermos sujeitos mais conscientes dos conflitos ambientais e buscarmos solu\u00e7\u00f5es para esses mesmos conflitos? Vamos juntos atrav\u00e9s dessa visita ao Museu Memorial do Cerrado descobrir a import\u00e2ncia de valorizarmos esse bioma t\u00e3o rico!!<\/strong><\/p>\n\n\n\n<hr class=\"wp-block-separator has-text-color has-background has-vivid-red-background-color has-vivid-red-color\"\/>\n\n\n\n<p class=\"has-text-align-center has-white-color has-luminous-vivid-orange-background-color has-text-color has-background has-medium-font-size\"><strong>Assista a videoaula abaixo, com a tem\u00e1tica &#8211; Vamos ao Museu?<\/strong><\/p>\n\n\n\n<hr class=\"wp-block-separator has-text-color has-background has-vivid-red-background-color has-vivid-red-color\"\/>\n\n\n\n<figure class=\"wp-block-embed is-type-video is-provider-youtube wp-block-embed-youtube wp-embed-aspect-16-9 wp-has-aspect-ratio\"><div class=\"wp-block-embed__wrapper\">\n<p class=\"responsive-video-wrap clr\"><iframe title=\"Aula 1   Arte   Memorial do Cerrado   Ed  Ambiental 9 ano\" width=\"1200\" height=\"675\" src=\"https:\/\/www.youtube.com\/embed\/C3Ib59rGG3c?feature=oembed\" frameborder=\"0\" allow=\"accelerometer; autoplay; clipboard-write; encrypted-media; gyroscope; picture-in-picture\" allowfullscreen><\/iframe><\/p>\n<\/div><figcaption> ARTE | 9\u00ba ANO | ENSINO FUNDAMENTAL | PROF.: POLLYANNA BRITO<\/figcaption><\/figure>\n\n\n\n<hr class=\"wp-block-separator has-text-color has-background has-vivid-red-background-color has-vivid-red-color\"\/>\n\n\n\n<figure class=\"wp-block-table aligncenter\"><table><tbody><tr><td class=\"has-text-align-center\" data-align=\"center\"><img decoding=\"async\" width=\"259\" height=\"188\" src=\"https:\/\/lh5.googleusercontent.com\/jXd3ye_dRTJwqC7fqnd243LEMopMCC7UMVGpnVm6Wmza20xxLHXDCqxkgPI3ymguiDPNI1KtwhhbDvyUbIXmeG2vaGkqtC1PxOQq3XR9h5YPM2MhbHg_UInKTb9T16xaBm2b0TUX\"><\/td><td class=\"has-text-align-center\" data-align=\"center\"><img fetchpriority=\"high\" decoding=\"async\" width=\"305\" height=\"182\" src=\"https:\/\/lh6.googleusercontent.com\/HD7Curj_bl8bnjdpODun_lQaHILBXwSEUO4W0SToeiphgvyFowadaEj6y_jkySR6zNsnVbh7t7KQsPsdl82CLdQXh_LsAt346r11ZFxMZSZJ_GsbLJ0l0ao7Ap-sGVTEPhxEz-kD\"><\/td><\/tr><\/tbody><\/table><figcaption>Dispon\u00edvel em: &lt;https:\/\/museucerrado.com.br\/eco-historia\/memorial-do-cerrado\/&gt;.<\/figcaption><\/figure>\n\n\n\n<hr class=\"wp-block-separator has-text-color has-background has-vivid-red-background-color has-vivid-red-color\"\/>\n\n\n\n<div class=\"wp-block-group has-background\" style=\"background-color:#8df1fc\"><div class=\"wp-block-group__inner-container is-layout-flow wp-block-group-is-layout-flow\">\n<p class=\"has-text-align-center has-medium-font-size\"><strong>Museu Memorial do Cerrado:&nbsp;<\/strong><\/p>\n\n\n\n<p class=\"has-text-align-center has-medium-font-size\">Arte e Educa\u00e7\u00e3o Ambiental&nbsp;<\/p>\n\n\n\n<p class=\"has-medium-font-size\"><strong>Voc\u00ea sabe o que \u00e9 Educa\u00e7\u00e3o Ambiental? Educa\u00e7\u00e3o Ambiental \u00e9 a vontade de sensibilizar e a a\u00e7\u00e3o de informar os sujeitos acerca dos conflitos ambientais que atravessamos. Podemos ainda dizer que a Educa\u00e7\u00e3o Ambiental[1] se prop\u00f5e a construir valores sociais voltados para a conserva\u00e7\u00e3o do meio ambiente, visando qualidade de vida e sustentabilidade. Intenta \u201cprovocar mudan\u00e7as no interior das pessoas atrav\u00e9s da sutileza da sensibiliza\u00e7\u00e3o e mostrar que somos seres humanos dotados de valores imprescind\u00edveis ao servi\u00e7o da vida\u201d (Silva, 2007, p.1).<\/strong><\/p>\n<\/div><\/div>\n\n\n\n<p><\/p>\n\n\n\n<p class=\"has-medium-font-size\"><strong>O fato \u00e9 que fazer Educa\u00e7\u00e3o Ambiental \u00e9 muito dif\u00edcil! Porque exige mudan\u00e7as de comportamento, novos h\u00e1bitos, como por exemplo: n\u00e3o jogar mais lixo no ch\u00e3o, fazer a coleta seletiva do lixo, ser menos consumista, ou seja, consumir menos roupas, brinquedos, celulares, tablets e etc&#8230;<\/strong><\/p>\n\n\n\n<p class=\"has-medium-font-size\"><strong>Significa tomar banhos mais r\u00e1pidos, fechar a torneira enquanto se escova os dentes, preocupar-se com a preserva\u00e7\u00e3o de rios, animais e biomas, como o nosso bioma Cerrado, que se encontra t\u00e3o devastado!<\/strong><\/p>\n\n\n\n<p class=\"has-medium-font-size\"><strong>Como encontrar caminhos para uma problem\u00e1tica t\u00e3o grande? A arte pode ser um, dos v\u00e1rios caminhos, para repensarmos a nossa rela\u00e7\u00e3o com o meio ambiente. Porque a arte se preocupa com a vida! A arte n\u00e3o est\u00e1 s\u00f3 nas quatro paredes de um museu, mas ela abarca todo o nosso cotidiano.<\/strong><\/p>\n\n\n\n<p class=\"has-background has-medium-font-size\" style=\"background-color:#c3dc7a\">&nbsp;<strong>E que \u00f3timo lugar para conversarmos sobre tudo isso: \u201cO Memorial do Cerrado\u201deleito em 2008 como o local mais bonito de Goi\u00e2nia. O Memorial do Cerrado, complexo cient\u00edfico que funciona no Campus II da PUC Goi\u00e1s, \u00e9 um dos projetos do Instituto do Tr\u00f3pico Sub\u00famido que representa as diversas formas de ocupa\u00e7\u00e3o do bioma e os modelos de relacionamento com a natureza e a sociedade. \u00c9 um museu que retrata desde a origem do planeta Terra \u00e0 chegada dos portugueses ao Brasil.<\/strong><\/p>\n\n\n\n<p class=\"has-medium-font-size\">&nbsp;<strong>&nbsp;O Memorial re\u00fane espa\u00e7os que representam as diversas formas de ocupa\u00e7\u00e3o do Cerrado e os modelos de relacionamento com a natureza e a sociedade. Entre eles, o Espa\u00e7o de Educa\u00e7\u00e3o Ambiental Dalila Coelho Barbosa, um audit\u00f3rio ao ar livre que conta com 150 lugares. Sendo ainda um local que conta com oficinas educativas, piqueniques e recrea\u00e7\u00e3o. (Dispon\u00edvel em: https:\/\/museucerrado.com.br\/eco-historia\/memorial-do-cerrado\/).<\/strong><\/p>\n\n\n\n<p class=\"has-white-color has-text-color has-background has-medium-font-size\" style=\"background-color:#ff6200\">&nbsp;<strong>Assim que os visitantes entram no complexo \u201cMemorial do Cerrado\u201d eles podem observar uma grande quantidade de esp\u00e9cies animais t\u00edpicas do Bioma Cerrado, como tartarugas (Trachemys dorbignyi), c\u00e1gados (Mauremys leprosa), ouri\u00e7o cacheiro (Coendou prehensilis), gar\u00e7a branca (Casmerodius albus), mico estrela (Callithrix penicillata), entre outros. E assim os visitantes se sensibilizam com essa rica fauna existente no local e passam a ter uma nova concep\u00e7\u00e3o sobre preserva\u00e7\u00e3o do Meio Ambiente.&nbsp;(Dispon\u00edvel em: http:\/\/www.ibeas.org.br\/congresso\/Trabalhos2012\/VII-018. pdf.).<\/strong><\/p>\n\n\n\n<hr class=\"wp-block-separator has-text-color has-background has-vivid-red-background-color has-vivid-red-color\"\/>\n\n\n\n<figure class=\"wp-block-table aligncenter\"><table><tbody><tr><td class=\"has-text-align-center\" data-align=\"center\"><img decoding=\"async\" src=\"https:\/\/lh3.googleusercontent.com\/E-GdBZhYv7fxPORwKqOwIMXUXelysPbpCRkHOR22Fj4ymM2JpuhbkUITP1s3qYeFhilQY0ugppBbf1Zu9QejmUMEK9p6SUkmnr_wPyd5Z3g6y5vDWdR6cZ6BIDkxE0_4SPXe78iP\" style=\"width: undefinedpx;\"><\/td><\/tr><\/tbody><\/table><figcaption>Dispon\u00edvel em: &lt;https:\/\/museucerrado.com.br\/eco-historia\/memorial-do-cerrado\/&gt;.&nbsp;<br><\/figcaption><\/figure>\n\n\n\n<hr class=\"wp-block-separator has-text-color has-background has-vivid-red-background-color has-vivid-red-color\"\/>\n\n\n\n<p class=\"has-medium-font-size\">[1] A express\u00e3o <em>Enviromental Education <\/em>(Educa\u00e7\u00e3o Ambiental) foi utilizada pela primeira vez na Confer\u00eancia de Educa\u00e7\u00e3o da Universidade de Keele Gr\u00e3-Bretanha em 1965. Brito Melo, P. de O. (2008). <em>A import\u00e2ncia das Artes Visuais como sensibilizadora da pr\u00e1tica da Educa\u00e7\u00e3o Ambiental. <\/em>Trabalho de Conclus\u00e3o de Curso, Centro Federal de Educa\u00e7\u00e3o Tecnol\u00f3gica de Goi\u00e1s, Goi\u00e2nia, GO, Brasil.<\/p>\n\n\n\n<hr class=\"wp-block-separator has-text-color has-background has-vivid-red-background-color has-vivid-red-color\"\/>\n\n\n\n<p class=\"has-text-align-center has-medium-font-size\">&nbsp;<strong>Atividade<\/strong><\/p>\n\n\n\n<p class=\"has-text-align-center has-medium-font-size\"><strong>&nbsp;&nbsp;&nbsp;&nbsp;&nbsp;&nbsp;Vamos criar p\u00e1ssaros com materiais reutiliz\u00e1veis?<\/strong><\/p>\n\n\n\n<figure class=\"wp-block-table aligncenter\"><table><tbody><tr><td class=\"has-text-align-center\" data-align=\"center\"><img decoding=\"async\" width=\"226\" height=\"243\" src=\"https:\/\/lh4.googleusercontent.com\/vFzx26G5qRY1zorP-z6qy2ObgJ0zDWhWp1H5JwBdXPa90n1TXTi-TVPbxL3uf28wSUT0f9sOce2LU6LdjhvJQ-8Rxyl_nB-utM4nme7uSzq0y0bds1bMh2iDZqoBzb-TF4VxVOJE\"><\/td><td class=\"has-text-align-center\" data-align=\"center\"><img loading=\"lazy\" decoding=\"async\" width=\"218\" height=\"244\" src=\"https:\/\/lh5.googleusercontent.com\/pss-rpj53DKm-IZ2JhavcsPRDaBC3QEL_Nl-MpyhcJrrBUCffpt8yljtUKkLAqGj63fMdJ6lZfMRzgIsaYye8ZuvF8q9JqlVtX3rIZlMUcsUNI_BqLbDOGCtM4q-ijwMaq4bfcQi\"><\/td><td class=\"has-text-align-center\" data-align=\"center\"><img loading=\"lazy\" decoding=\"async\" width=\"199\" height=\"241\" src=\"https:\/\/lh3.googleusercontent.com\/IUw3LGtQkUsfam7UeIQoCWi8PSgAhtBHOsCnywNAf6eztA3MH3HNZUpoVL6jYxAL90RYSSohNfD0xHS0mlQoDJy8MXiHIdgGglZx1PomnmS-1mp8scY9w4o9agtgfdMrMUXVW-NB\"><\/td><\/tr><\/tbody><\/table><figcaption>Disponivel em: &lt;https:\/\/www.instagram.com\/blog.estefi.machado\/&gt;.<\/figcaption><\/figure>\n\n\n\n<hr class=\"wp-block-separator has-text-color has-background has-vivid-red-background-color has-vivid-red-color\"\/>\n\n\n\n<ol class=\"has-medium-font-size wp-block-list\"><li>Conhecer nosso bioma nos possibilita valoriz\u00e1-lo e ter a\u00e7\u00f5es para cuidar bem dele. Cite tr\u00eas frutos do cerrado que voc\u00ea ama!&nbsp;<\/li><li>Cite duas \u00e1rvores do Cerrado que voc\u00ea acha que s\u00e3o lindas!!<\/li><li>Vamos criar p\u00e1ssaros a partir de materiais reutiliz\u00e1veis? Separe embalagens de papel que voc\u00ea iria descartar: embalagens de rem\u00e9dio, de l\u00e1pis de cor, de caixas de presente&#8230; folhas secas, cola, tesoura, canetinhas&#8230;&nbsp; Voc\u00ea pode se inspirar no trabalho da artista pl\u00e1stica Estefi Machado.&nbsp;<\/li><li>Use sua criatividade sem modera\u00e7\u00e3o!!<\/li><\/ol>\n\n\n\n<hr class=\"wp-block-separator has-text-color has-background has-vivid-red-background-color has-vivid-red-color\"\/>\n\n\n\n<p class=\"has-luminous-vivid-amber-background-color has-background has-medium-font-size\"><em>Professor, essa aula segue a Matriz Curricular das Habilidades Estruturantes 2021-2021. Foi elaborada no ano de 2020, com a suspens\u00e3o das aulas presenciais devido \u00e0 pandemia da Covid-19 e segue as orienta\u00e7\u00f5es de flexibiliza\u00e7\u00e3o curricular para o bi\u00eanio 2020\/2021 (Of\u00edcio Circular 147\/2020 Dirped).<\/em><\/p>\n\n\n\n<p><strong>Habilidades estruturantes<\/strong><\/p>\n\n\n\n<p>(GO-EF69AR02) Pesquisar e analisar diferentes estilos visuais, contextualizando-os no tempo e no espa\u00e7o.&nbsp;<\/p>\n\n\n\n<p>(GO-EF69AR34) Analisar e valorizar o patrim\u00f4nio cultural, material e imaterial, de culturas diversas, em especial a brasileira, incluindo suas matrizes ind\u00edgenas, africanas e europeias, de diferentes \u00e9pocas, e favorecendo a constru\u00e7\u00e3o de vocabul\u00e1rio e repert\u00f3rio relativos \u00e0s diferentes linguagens art\u00edsticas.<\/p>\n\n\n\n<hr class=\"wp-block-separator has-text-color has-background has-vivid-red-background-color has-vivid-red-color\"\/>\n\n\n\n<p><strong>Refer\u00eancias:<\/strong> https:\/\/museucerrado.com.br\/eco-historia\/memorial-do-cerrado e https:\/\/especiais.opopular.com.br\/museu-e-seu\/memorial-do-cerrado<\/p>\n","protected":false},"author":6,"featured_media":131417,"template":"","ef_categoria":[],"ef_ano":[92],"ef_componente":[99],"class_list":["post-131413","ensino_fundamental","type-ensino_fundamental","status-publish","has-post-thumbnail","hentry","ef_ano-9o-ano","ef_componente-arte-ef","entry","has-media"],"acf":[],"_links":{"self":[{"href":"https:\/\/sme.goiania.go.gov.br\/conexaoescola\/wp-json\/wp\/v2\/ensino_fundamental\/131413","targetHints":{"allow":["GET"]}}],"collection":[{"href":"https:\/\/sme.goiania.go.gov.br\/conexaoescola\/wp-json\/wp\/v2\/ensino_fundamental"}],"about":[{"href":"https:\/\/sme.goiania.go.gov.br\/conexaoescola\/wp-json\/wp\/v2\/types\/ensino_fundamental"}],"author":[{"embeddable":true,"href":"https:\/\/sme.goiania.go.gov.br\/conexaoescola\/wp-json\/wp\/v2\/users\/6"}],"version-history":[{"count":0,"href":"https:\/\/sme.goiania.go.gov.br\/conexaoescola\/wp-json\/wp\/v2\/ensino_fundamental\/131413\/revisions"}],"wp:featuredmedia":[{"embeddable":true,"href":"https:\/\/sme.goiania.go.gov.br\/conexaoescola\/wp-json\/wp\/v2\/media\/131417"}],"wp:attachment":[{"href":"https:\/\/sme.goiania.go.gov.br\/conexaoescola\/wp-json\/wp\/v2\/media?parent=131413"}],"wp:term":[{"taxonomy":"ef_categoria","embeddable":true,"href":"https:\/\/sme.goiania.go.gov.br\/conexaoescola\/wp-json\/wp\/v2\/ef_categoria?post=131413"},{"taxonomy":"ef_ano","embeddable":true,"href":"https:\/\/sme.goiania.go.gov.br\/conexaoescola\/wp-json\/wp\/v2\/ef_ano?post=131413"},{"taxonomy":"ef_componente","embeddable":true,"href":"https:\/\/sme.goiania.go.gov.br\/conexaoescola\/wp-json\/wp\/v2\/ef_componente?post=131413"}],"curies":[{"name":"wp","href":"https:\/\/api.w.org\/{rel}","templated":true}]}}